{"id":47140,"date":"2025-03-17T18:50:30","date_gmt":"2025-03-17T17:50:30","guid":{"rendered":"https:\/\/tara.rs\/sr\/?post_type=property&#038;p=47140"},"modified":"2025-03-31T09:35:18","modified_gmt":"2025-03-31T07:35:18","slug":"hills-apartmani-tara","status":"publish","type":"property","link":"https:\/\/tara.rs\/en\/property\/hills-apartments-tara\/","title":{"rendered":"HILLS Apartments Tara"},"content":{"rendered":"<p>Hills Apartments are located in the very center of Tara, in the settlement of Kalu\u0111erske Bare. <a href=\"https:\/\/goo.gl\/maps\/yDwv9dFjhZcMo6J77\" target=\"_blank\" rel=\"noopener\">Please check the location on Google Maps.<\/a><\/p>\n<p>We offer 4 luxuriously equipped apartments with a view of Zlatibor. Apartment 1 and 2 have an area of 40m2 and are designed for a maximum of 4 people. Apartment 3 has an area of 58m2 and is designed for a maximum of 6 people. Apartment 4 has an area of 30m2 and is designed for a maximum of 4 people. All apartments have a fully equipped kitchen. Heating is electrically operated. Wi-Fi internet is provided free of charge. The television comes with EON Box channels.<\/p>\n<p>Only 20 meters from the apartments, there is a restaurant and a caf\u00e9 bar. There is also a convenience store nearby, as well as walking, sledding, and skiing trails.<\/p>","protected":false},"excerpt":{"rendered":"<p>Hills Apartments are located in the very center of Tara, in the settlement of Kalu\u0111erske Bare. Please check the location on Google Maps. We offer 4 luxuriously equipped apartments with a view of Zlatibor. Apartment 1 and 2 have an area of 40m2 and are designed for a maximum of 4 people. Apartment 3 has&#8230;<\/p>\n","protected":false},"author":1,"featured_media":66802,"parent":0,"menu_order":0,"comment_status":"closed","ping_status":"closed","template":"","objekat-osobina":[2,140,32,9,270,3,37],"Objekat - top":[46,179],"osobina - lokacija":[49],"objekat - status":[330,202],"class_list":["post-47140","property","type-property","status-publish","has-post-thumbnail","hentry","property-feature-internet","property-feature-kucni-ljubimci-nisu-dozvoljeni","property-feature-nenatkriveni","property-feature-tv-satelitska-televizija","property-feature-krevetac","property-feature-centralno-grejanje","property-feature-sanke","property-type-apartmani","property-type-izdvojeni","property-city-tara-kaluderske-bare","property-status-tara","property-status-kaludjerske-bare"],"yoast_head":"<!-- This site is optimized with the Yoast SEO plugin v25.3 - https:\/\/yoast.com\/wordpress\/plugins\/seo\/ -->\n<title>HILLS Apartments Tara - SME\u0160TAJ NA TARI - Vikendice, apartmani, brvnare, planinske ku\u0107e, hoteli...<\/title>\n<meta name=\"robots\" content=\"index, follow, max-snippet:-1, max-image-preview:large, max-video-preview:-1\" \/>\n<link rel=\"canonical\" href=\"https:\/\/tara.rs\/sr\/objekat\/hills-apartmani-tara\/\" \/>\n<meta property=\"og:locale\" content=\"en_US\" \/>\n<meta property=\"og:type\" content=\"article\" \/>\n<meta property=\"og:title\" content=\"HILLS Apartments Tara - SME\u0160TAJ NA TARI - Vikendice, apartmani, brvnare, planinske ku\u0107e, hoteli...\" \/>\n<meta property=\"og:description\" content=\"Hills Apartments are located in the very center of Tara, in the settlement of Kalu\u0111erske Bare. Please check the location on Google Maps. We offer 4 luxuriously equipped apartments with a view of Zlatibor. Apartment 1 and 2 have an area of 40m2 and are designed for a maximum of 4 people. Apartment 3 has...\" \/>\n<meta property=\"og:url\" content=\"https:\/\/tara.rs\/sr\/objekat\/hills-apartmani-tara\/\" \/>\n<meta property=\"og:site_name\" content=\"SME\u0160TAJ NA TARI - Vikendice, apartmani, brvnare, planinske ku\u0107e, hoteli...\" \/>\n<meta property=\"article:modified_time\" content=\"2025-03-31T07:35:18+00:00\" \/>\n<meta property=\"og:image\" content=\"https:\/\/tara.rs\/wp-content\/uploads\/2023\/06\/HILLS-Apartmani-Tara.jpg\" \/>\n\t<meta property=\"og:image:width\" content=\"950\" \/>\n\t<meta property=\"og:image:height\" content=\"523\" \/>\n\t<meta property=\"og:image:type\" content=\"image\/jpeg\" \/>\n<meta name=\"twitter:card\" content=\"summary_large_image\" \/>\n<meta name=\"twitter:label1\" content=\"Est. reading time\" \/>\n\t<meta name=\"twitter:data1\" content=\"2 minutes\" \/>\n<script type=\"application\/ld+json\" class=\"yoast-schema-graph\">{\"@context\":\"https:\/\/schema.org\",\"@graph\":[{\"@type\":\"WebPage\",\"@id\":\"https:\/\/tara.rs\/sr\/objekat\/hills-apartmani-tara\/\",\"url\":\"https:\/\/tara.rs\/sr\/objekat\/hills-apartmani-tara\/\",\"name\":\"HILLS Apartments Tara - SME\u0160TAJ NA TARI - Vikendice, apartmani, brvnare, planinske ku\u0107e, hoteli...\",\"isPartOf\":{\"@id\":\"https:\/\/tara.rs\/sr\/#website\"},\"primaryImageOfPage\":{\"@id\":\"https:\/\/tara.rs\/sr\/objekat\/hills-apartmani-tara\/#primaryimage\"},\"image\":{\"@id\":\"https:\/\/tara.rs\/sr\/objekat\/hills-apartmani-tara\/#primaryimage\"},\"thumbnailUrl\":\"https:\/\/tara.rs\/wp-content\/uploads\/2023\/06\/hills-apartmani-planina-tara-smestaj-2023.jpg\",\"datePublished\":\"2025-03-17T17:50:30+00:00\",\"dateModified\":\"2025-03-31T07:35:18+00:00\",\"breadcrumb\":{\"@id\":\"https:\/\/tara.rs\/sr\/objekat\/hills-apartmani-tara\/#breadcrumb\"},\"inLanguage\":\"en-US\",\"potentialAction\":[{\"@type\":\"ReadAction\",\"target\":[\"https:\/\/tara.rs\/sr\/objekat\/hills-apartmani-tara\/\"]}]},{\"@type\":\"ImageObject\",\"inLanguage\":\"en-US\",\"@id\":\"https:\/\/tara.rs\/sr\/objekat\/hills-apartmani-tara\/#primaryimage\",\"url\":\"https:\/\/tara.rs\/wp-content\/uploads\/2023\/06\/hills-apartmani-planina-tara-smestaj-2023.jpg\",\"contentUrl\":\"https:\/\/tara.rs\/wp-content\/uploads\/2023\/06\/hills-apartmani-planina-tara-smestaj-2023.jpg\",\"width\":900,\"height\":617},{\"@type\":\"BreadcrumbList\",\"@id\":\"https:\/\/tara.rs\/sr\/objekat\/hills-apartmani-tara\/#breadcrumb\",\"itemListElement\":[{\"@type\":\"ListItem\",\"position\":1,\"name\":\"Properties\",\"item\":\"https:\/\/tara.rs\/sr\/objekat\/\"},{\"@type\":\"ListItem\",\"position\":2,\"name\":\"HILLS Apartmani Tara\"}]},{\"@type\":\"WebSite\",\"@id\":\"https:\/\/tara.rs\/sr\/#website\",\"url\":\"https:\/\/tara.rs\/sr\/\",\"name\":\"SME\u0160TAJ NA TARI - Vikendice, apartmani, brvnare, planinske ku\u0107e, hoteli...\",\"description\":\"350 + OBJEKATA ZA SME\u0160TAJ NA TARI\",\"publisher\":{\"@id\":\"https:\/\/tara.rs\/sr\/#organization\"},\"alternateName\":\"TARA.RS - 450 + Objekata za sme\u0161aj\",\"potentialAction\":[{\"@type\":\"SearchAction\",\"target\":{\"@type\":\"EntryPoint\",\"urlTemplate\":\"https:\/\/tara.rs\/sr\/?s={search_term_string}\"},\"query-input\":{\"@type\":\"PropertyValueSpecification\",\"valueRequired\":true,\"valueName\":\"search_term_string\"}}],\"inLanguage\":\"en-US\"},{\"@type\":\"Organization\",\"@id\":\"https:\/\/tara.rs\/sr\/#organization\",\"name\":\"SME\u0160TAJ NA TARI - Vikendice, apartmani, brvnare, planinske ku\u0107e, hoteli...\",\"url\":\"https:\/\/tara.rs\/sr\/\",\"logo\":{\"@type\":\"ImageObject\",\"inLanguage\":\"en-US\",\"@id\":\"https:\/\/tara.rs\/sr\/#\/schema\/logo\/image\/\",\"url\":\"https:\/\/tara.rs\/wp-content\/uploads\/2026\/01\/tara-rs-logo-sajt-2.png\",\"contentUrl\":\"https:\/\/tara.rs\/wp-content\/uploads\/2026\/01\/tara-rs-logo-sajt-2.png\",\"width\":280,\"height\":100,\"caption\":\"SME\u0160TAJ NA TARI - Vikendice, apartmani, brvnare, planinske ku\u0107e, hoteli...\"},\"image\":{\"@id\":\"https:\/\/tara.rs\/sr\/#\/schema\/logo\/image\/\"}}]}<\/script>\n<!-- \/ Yoast SEO plugin. -->","yoast_head_json":{"title":"HILLS Apartments Tara - SME\u0160TAJ NA TARI - Vikendice, apartmani, brvnare, planinske ku\u0107e, hoteli...","robots":{"index":"index","follow":"follow","max-snippet":"max-snippet:-1","max-image-preview":"max-image-preview:large","max-video-preview":"max-video-preview:-1"},"canonical":"https:\/\/tara.rs\/sr\/objekat\/hills-apartmani-tara\/","og_locale":"en_US","og_type":"article","og_title":"HILLS Apartments Tara - SME\u0160TAJ NA TARI - Vikendice, apartmani, brvnare, planinske ku\u0107e, hoteli...","og_description":"Hills Apartments are located in the very center of Tara, in the settlement of Kalu\u0111erske Bare. Please check the location on Google Maps. We offer 4 luxuriously equipped apartments with a view of Zlatibor. Apartment 1 and 2 have an area of 40m2 and are designed for a maximum of 4 people. Apartment 3 has...","og_url":"https:\/\/tara.rs\/sr\/objekat\/hills-apartmani-tara\/","og_site_name":"SME\u0160TAJ NA TARI - Vikendice, apartmani, brvnare, planinske ku\u0107e, hoteli...","article_modified_time":"2025-03-31T07:35:18+00:00","og_image":[{"width":950,"height":523,"url":"https:\/\/tara.rs\/wp-content\/uploads\/2023\/06\/HILLS-Apartmani-Tara.jpg","type":"image\/jpeg"}],"twitter_card":"summary_large_image","twitter_misc":{"Est. reading time":"2 minutes"},"schema":{"@context":"https:\/\/schema.org","@graph":[{"@type":"WebPage","@id":"https:\/\/tara.rs\/sr\/objekat\/hills-apartmani-tara\/","url":"https:\/\/tara.rs\/sr\/objekat\/hills-apartmani-tara\/","name":"HILLS Apartments Tara - SME\u0160TAJ NA TARI - Vikendice, apartmani, brvnare, planinske ku\u0107e, hoteli...","isPartOf":{"@id":"https:\/\/tara.rs\/sr\/#website"},"primaryImageOfPage":{"@id":"https:\/\/tara.rs\/sr\/objekat\/hills-apartmani-tara\/#primaryimage"},"image":{"@id":"https:\/\/tara.rs\/sr\/objekat\/hills-apartmani-tara\/#primaryimage"},"thumbnailUrl":"https:\/\/tara.rs\/wp-content\/uploads\/2023\/06\/hills-apartmani-planina-tara-smestaj-2023.jpg","datePublished":"2025-03-17T17:50:30+00:00","dateModified":"2025-03-31T07:35:18+00:00","breadcrumb":{"@id":"https:\/\/tara.rs\/sr\/objekat\/hills-apartmani-tara\/#breadcrumb"},"inLanguage":"en-US","potentialAction":[{"@type":"ReadAction","target":["https:\/\/tara.rs\/sr\/objekat\/hills-apartmani-tara\/"]}]},{"@type":"ImageObject","inLanguage":"en-US","@id":"https:\/\/tara.rs\/sr\/objekat\/hills-apartmani-tara\/#primaryimage","url":"https:\/\/tara.rs\/wp-content\/uploads\/2023\/06\/hills-apartmani-planina-tara-smestaj-2023.jpg","contentUrl":"https:\/\/tara.rs\/wp-content\/uploads\/2023\/06\/hills-apartmani-planina-tara-smestaj-2023.jpg","width":900,"height":617},{"@type":"BreadcrumbList","@id":"https:\/\/tara.rs\/sr\/objekat\/hills-apartmani-tara\/#breadcrumb","itemListElement":[{"@type":"ListItem","position":1,"name":"Properties","item":"https:\/\/tara.rs\/sr\/objekat\/"},{"@type":"ListItem","position":2,"name":"HILLS Apartmani Tara"}]},{"@type":"WebSite","@id":"https:\/\/tara.rs\/sr\/#website","url":"https:\/\/tara.rs\/sr\/","name":"SME\u0160TAJ NA TARI - Vikendice, apartmani, brvnare, planinske ku\u0107e, hoteli...","description":"350 + OBJEKATA ZA SME\u0160TAJ NA TARI","publisher":{"@id":"https:\/\/tara.rs\/sr\/#organization"},"alternateName":"TARA.RS - 450 + Objekata za sme\u0161aj","potentialAction":[{"@type":"SearchAction","target":{"@type":"EntryPoint","urlTemplate":"https:\/\/tara.rs\/sr\/?s={search_term_string}"},"query-input":{"@type":"PropertyValueSpecification","valueRequired":true,"valueName":"search_term_string"}}],"inLanguage":"en-US"},{"@type":"Organization","@id":"https:\/\/tara.rs\/sr\/#organization","name":"SME\u0160TAJ NA TARI - Vikendice, apartmani, brvnare, planinske ku\u0107e, hoteli...","url":"https:\/\/tara.rs\/sr\/","logo":{"@type":"ImageObject","inLanguage":"en-US","@id":"https:\/\/tara.rs\/sr\/#\/schema\/logo\/image\/","url":"https:\/\/tara.rs\/wp-content\/uploads\/2026\/01\/tara-rs-logo-sajt-2.png","contentUrl":"https:\/\/tara.rs\/wp-content\/uploads\/2026\/01\/tara-rs-logo-sajt-2.png","width":280,"height":100,"caption":"SME\u0160TAJ NA TARI - Vikendice, apartmani, brvnare, planinske ku\u0107e, hoteli..."},"image":{"@id":"https:\/\/tara.rs\/sr\/#\/schema\/logo\/image\/"}}]}},"property_meta":{"REAL_HOMES_property_price":"45","REAL_HOMES_property_old_price":"","REAL_HOMES_property_price_prefix":"OD","REAL_HOMES_property_price_postfix":"APARTMAN \/ DAN","REAL_HOMES_property_size":"","REAL_HOMES_property_size_postfix":"","REAL_HOMES_property_lot_size":"","REAL_HOMES_property_lot_size_postfix":"","REAL_HOMES_property_bedrooms":"","REAL_HOMES_property_bathrooms":"","REAL_HOMES_property_garage":"","REAL_HOMES_property_id":"","REAL_HOMES_property_year_built":"","REAL_HOMES_featured":"1","REAL_HOMES_additional_details_list":[],"REAL_HOMES_property_location":{"latitude":"43.891679464942","longitude":"19.563238620758","zoom":"18"},"REAL_HOMES_property_address":"Planina Tara, Srbija","REAL_HOMES_property_map":"0","REAL_HOMES_property_images":[{"width":150,"height":150,"file":"2022\/01\/tara-hills-apartmani-smestaj-3.jpg","filesize":148716,"sizes":{"medium":{"file":"tara-hills-apartmani-smestaj-3-300x225.jpg","width":300,"height":225,"mime-type":"image\/jpeg","filesize":22733,"url":"https:\/\/tara.rs\/wp-content\/uploads\/2022\/01\/tara-hills-apartmani-smestaj-3-300x225.jpg"},"thumbnail":{"file":"tara-hills-apartmani-smestaj-3-150x150.jpg","width":150,"height":150,"mime-type":"image\/jpeg","filesize":8834,"url":"https:\/\/tara.rs\/wp-content\/uploads\/2022\/01\/tara-hills-apartmani-smestaj-3-150x150.jpg"},"medium_large":{"file":"tara-hills-apartmani-smestaj-3-768x576.jpg","width":768,"height":576,"mime-type":"image\/jpeg","filesize":110173,"url":"https:\/\/tara.rs\/wp-content\/uploads\/2022\/01\/tara-hills-apartmani-smestaj-3-768x576.jpg"},"post-thumbnail":{"file":"tara-hills-apartmani-smestaj-3-150x113.jpg","width":150,"height":113,"mime-type":"image\/jpeg","filesize":7260,"url":"https:\/\/tara.rs\/wp-content\/uploads\/2022\/01\/tara-hills-apartmani-smestaj-3-150x113.jpg"},"modern-property-child-slider":{"file":"tara-hills-apartmani-smestaj-3-680x510.jpg","width":680,"height":510,"mime-type":"image\/jpeg","filesize":90906,"url":"https:\/\/tara.rs\/wp-content\/uploads\/2022\/01\/tara-hills-apartmani-smestaj-3-680x510.jpg"},"property-thumb-image":{"file":"tara-hills-apartmani-smestaj-3-488x326.jpg","width":488,"height":326,"mime-type":"image\/jpeg","filesize":47947,"url":"https:\/\/tara.rs\/wp-content\/uploads\/2022\/01\/tara-hills-apartmani-smestaj-3-488x326.jpg"},"property-detail-video-image":{"file":"tara-hills-apartmani-smestaj-3-800x417.jpg","width":800,"height":417,"mime-type":"image\/jpeg","filesize":105531,"url":"https:\/\/tara.rs\/wp-content\/uploads\/2022\/01\/tara-hills-apartmani-smestaj-3-800x417.jpg"},"agent-image":{"file":"tara-hills-apartmani-smestaj-3-210x210.jpg","width":210,"height":210,"mime-type":"image\/jpeg","filesize":15208,"url":"https:\/\/tara.rs\/wp-content\/uploads\/2022\/01\/tara-hills-apartmani-smestaj-3-210x210.jpg"},"partners-logo":{"file":"tara-hills-apartmani-smestaj-3-600x600.jpg","width":600,"height":600,"mime-type":"image\/jpeg","filesize":97348,"url":"https:\/\/tara.rs\/wp-content\/uploads\/2022\/01\/tara-hills-apartmani-smestaj-3-600x600.jpg"}},"image_meta":{"aperture":"0","credit":"","camera":"","caption":"","created_timestamp":"0","copyright":"","focal_length":"0","iso":"0","shutter_speed":"0","title":"","orientation":"0","keywords":[]},"ID":"66788","name":"tara-hills-apartmani-smestaj-3.jpg","path":"\/home\/tarars\/public_html\/wp-content\/uploads\/2022\/01\/tara-hills-apartmani-smestaj-3.jpg","url":"https:\/\/tara.rs\/wp-content\/uploads\/2022\/01\/tara-hills-apartmani-smestaj-3-150x150.jpg","full_url":"https:\/\/tara.rs\/wp-content\/uploads\/2022\/01\/tara-hills-apartmani-smestaj-3.jpg","title":"tara-hills-apartmani-smestaj (3)","caption":"","description":"","alt":"","srcset":"https:\/\/tara.rs\/wp-content\/uploads\/2022\/01\/tara-hills-apartmani-smestaj-3-150x150.jpg 150w, https:\/\/tara.rs\/wp-content\/uploads\/2022\/01\/tara-hills-apartmani-smestaj-3-210x210.jpg 210w, https:\/\/tara.rs\/wp-content\/uploads\/2022\/01\/tara-hills-apartmani-smestaj-3-600x600.jpg 600w"},{"width":150,"height":150,"file":"2022\/01\/hills-apartmani-tara-smestaj-2023-2-1.jpg","filesize":127398,"sizes":{"medium":{"file":"hills-apartmani-tara-smestaj-2023-2-1-225x300.jpg","width":225,"height":300,"mime-type":"image\/jpeg","filesize":21013,"url":"https:\/\/tara.rs\/wp-content\/uploads\/2022\/01\/hills-apartmani-tara-smestaj-2023-2-1-225x300.jpg"},"thumbnail":{"file":"hills-apartmani-tara-smestaj-2023-2-1-150x150.jpg","width":150,"height":150,"mime-type":"image\/jpeg","filesize":8950,"url":"https:\/\/tara.rs\/wp-content\/uploads\/2022\/01\/hills-apartmani-tara-smestaj-2023-2-1-150x150.jpg"},"post-thumbnail":{"file":"hills-apartmani-tara-smestaj-2023-2-1-113x150.jpg","width":113,"height":150,"mime-type":"image\/jpeg","filesize":6926,"url":"https:\/\/tara.rs\/wp-content\/uploads\/2022\/01\/hills-apartmani-tara-smestaj-2023-2-1-113x150.jpg"},"modern-property-child-slider":{"file":"hills-apartmani-tara-smestaj-2023-2-1-600x510.jpg","width":600,"height":510,"mime-type":"image\/jpeg","filesize":90583,"url":"https:\/\/tara.rs\/wp-content\/uploads\/2022\/01\/hills-apartmani-tara-smestaj-2023-2-1-600x510.jpg"},"property-thumb-image":{"file":"hills-apartmani-tara-smestaj-2023-2-1-488x326.jpg","width":488,"height":326,"mime-type":"image\/jpeg","filesize":46933,"url":"https:\/\/tara.rs\/wp-content\/uploads\/2022\/01\/hills-apartmani-tara-smestaj-2023-2-1-488x326.jpg"},"property-detail-video-image":{"file":"hills-apartmani-tara-smestaj-2023-2-1-600x417.jpg","width":600,"height":417,"mime-type":"image\/jpeg","filesize":78828,"url":"https:\/\/tara.rs\/wp-content\/uploads\/2022\/01\/hills-apartmani-tara-smestaj-2023-2-1-600x417.jpg"},"agent-image":{"file":"hills-apartmani-tara-smestaj-2023-2-1-210x210.jpg","width":210,"height":210,"mime-type":"image\/jpeg","filesize":15530,"url":"https:\/\/tara.rs\/wp-content\/uploads\/2022\/01\/hills-apartmani-tara-smestaj-2023-2-1-210x210.jpg"},"post-featured-image":{"file":"hills-apartmani-tara-smestaj-2023-2-1-600x720.jpg","width":600,"height":720,"mime-type":"image\/jpeg","filesize":115837,"url":"https:\/\/tara.rs\/wp-content\/uploads\/2022\/01\/hills-apartmani-tara-smestaj-2023-2-1-600x720.jpg"}},"image_meta":{"aperture":"0","credit":"","camera":"","caption":"","created_timestamp":"0","copyright":"","focal_length":"0","iso":"0","shutter_speed":"0","title":"","orientation":"0","keywords":[]},"ID":"66791","name":"hills-apartmani-tara-smestaj-2023-2-1.jpg","path":"\/home\/tarars\/public_html\/wp-content\/uploads\/2022\/01\/hills-apartmani-tara-smestaj-2023-2-1.jpg","url":"https:\/\/tara.rs\/wp-content\/uploads\/2022\/01\/hills-apartmani-tara-smestaj-2023-2-1-150x150.jpg","full_url":"https:\/\/tara.rs\/wp-content\/uploads\/2022\/01\/hills-apartmani-tara-smestaj-2023-2-1.jpg","title":"hills-apartmani-tara-smestaj-2023-2","caption":"","description":"","alt":"","srcset":"https:\/\/tara.rs\/wp-content\/uploads\/2022\/01\/hills-apartmani-tara-smestaj-2023-2-1-150x150.jpg 150w, https:\/\/tara.rs\/wp-content\/uploads\/2022\/01\/hills-apartmani-tara-smestaj-2023-2-1-210x210.jpg 210w"},{"width":150,"height":150,"file":"2022\/01\/hills-apartmani-tara-smestaj-2023-1-1.jpg","filesize":90655,"sizes":{"medium":{"file":"hills-apartmani-tara-smestaj-2023-1-1-225x300.jpg","width":225,"height":300,"mime-type":"image\/jpeg","filesize":16424,"url":"https:\/\/tara.rs\/wp-content\/uploads\/2022\/01\/hills-apartmani-tara-smestaj-2023-1-1-225x300.jpg"},"thumbnail":{"file":"hills-apartmani-tara-smestaj-2023-1-1-150x150.jpg","width":150,"height":150,"mime-type":"image\/jpeg","filesize":6900,"url":"https:\/\/tara.rs\/wp-content\/uploads\/2022\/01\/hills-apartmani-tara-smestaj-2023-1-1-150x150.jpg"},"post-thumbnail":{"file":"hills-apartmani-tara-smestaj-2023-1-1-113x150.jpg","width":113,"height":150,"mime-type":"image\/jpeg","filesize":5782,"url":"https:\/\/tara.rs\/wp-content\/uploads\/2022\/01\/hills-apartmani-tara-smestaj-2023-1-1-113x150.jpg"},"modern-property-child-slider":{"file":"hills-apartmani-tara-smestaj-2023-1-1-600x510.jpg","width":600,"height":510,"mime-type":"image\/jpeg","filesize":57793,"url":"https:\/\/tara.rs\/wp-content\/uploads\/2022\/01\/hills-apartmani-tara-smestaj-2023-1-1-600x510.jpg"},"property-thumb-image":{"file":"hills-apartmani-tara-smestaj-2023-1-1-488x326.jpg","width":488,"height":326,"mime-type":"image\/jpeg","filesize":29273,"url":"https:\/\/tara.rs\/wp-content\/uploads\/2022\/01\/hills-apartmani-tara-smestaj-2023-1-1-488x326.jpg"},"property-detail-video-image":{"file":"hills-apartmani-tara-smestaj-2023-1-1-600x417.jpg","width":600,"height":417,"mime-type":"image\/jpeg","filesize":47653,"url":"https:\/\/tara.rs\/wp-content\/uploads\/2022\/01\/hills-apartmani-tara-smestaj-2023-1-1-600x417.jpg"},"agent-image":{"file":"hills-apartmani-tara-smestaj-2023-1-1-210x210.jpg","width":210,"height":210,"mime-type":"image\/jpeg","filesize":11725,"url":"https:\/\/tara.rs\/wp-content\/uploads\/2022\/01\/hills-apartmani-tara-smestaj-2023-1-1-210x210.jpg"},"post-featured-image":{"file":"hills-apartmani-tara-smestaj-2023-1-1-600x720.jpg","width":600,"height":720,"mime-type":"image\/jpeg","filesize":82059,"url":"https:\/\/tara.rs\/wp-content\/uploads\/2022\/01\/hills-apartmani-tara-smestaj-2023-1-1-600x720.jpg"}},"image_meta":{"aperture":"0","credit":"","camera":"","caption":"","created_timestamp":"0","copyright":"","focal_length":"0","iso":"0","shutter_speed":"0","title":"","orientation":"0","keywords":[]},"ID":"66790","name":"hills-apartmani-tara-smestaj-2023-1-1.jpg","path":"\/home\/tarars\/public_html\/wp-content\/uploads\/2022\/01\/hills-apartmani-tara-smestaj-2023-1-1.jpg","url":"https:\/\/tara.rs\/wp-content\/uploads\/2022\/01\/hills-apartmani-tara-smestaj-2023-1-1-150x150.jpg","full_url":"https:\/\/tara.rs\/wp-content\/uploads\/2022\/01\/hills-apartmani-tara-smestaj-2023-1-1.jpg","title":"hills-apartmani-tara-smestaj-2023-1","caption":"","description":"","alt":"","srcset":"https:\/\/tara.rs\/wp-content\/uploads\/2022\/01\/hills-apartmani-tara-smestaj-2023-1-1-150x150.jpg 150w, https:\/\/tara.rs\/wp-content\/uploads\/2022\/01\/hills-apartmani-tara-smestaj-2023-1-1-210x210.jpg 210w"},{"width":150,"height":150,"file":"2022\/01\/tara-hills-apartmani-smestaj-1.jpg","filesize":116464,"sizes":{"medium":{"file":"tara-hills-apartmani-smestaj-1-265x300.jpg","width":265,"height":300,"mime-type":"image\/jpeg","filesize":24450,"url":"https:\/\/tara.rs\/wp-content\/uploads\/2022\/01\/tara-hills-apartmani-smestaj-1-265x300.jpg"},"thumbnail":{"file":"tara-hills-apartmani-smestaj-1-150x150.jpg","width":150,"height":150,"mime-type":"image\/jpeg","filesize":8437,"url":"https:\/\/tara.rs\/wp-content\/uploads\/2022\/01\/tara-hills-apartmani-smestaj-1-150x150.jpg"},"post-thumbnail":{"file":"tara-hills-apartmani-smestaj-1-133x150.jpg","width":133,"height":150,"mime-type":"image\/jpeg","filesize":7755,"url":"https:\/\/tara.rs\/wp-content\/uploads\/2022\/01\/tara-hills-apartmani-smestaj-1-133x150.jpg"},"modern-property-child-slider":{"file":"tara-hills-apartmani-smestaj-1-600x510.jpg","width":600,"height":510,"mime-type":"image\/jpeg","filesize":80823,"url":"https:\/\/tara.rs\/wp-content\/uploads\/2022\/01\/tara-hills-apartmani-smestaj-1-600x510.jpg"},"property-thumb-image":{"file":"tara-hills-apartmani-smestaj-1-488x326.jpg","width":488,"height":326,"mime-type":"image\/jpeg","filesize":41214,"url":"https:\/\/tara.rs\/wp-content\/uploads\/2022\/01\/tara-hills-apartmani-smestaj-1-488x326.jpg"},"property-detail-video-image":{"file":"tara-hills-apartmani-smestaj-1-600x417.jpg","width":600,"height":417,"mime-type":"image\/jpeg","filesize":68026,"url":"https:\/\/tara.rs\/wp-content\/uploads\/2022\/01\/tara-hills-apartmani-smestaj-1-600x417.jpg"},"agent-image":{"file":"tara-hills-apartmani-smestaj-1-210x210.jpg","width":210,"height":210,"mime-type":"image\/jpeg","filesize":14892,"url":"https:\/\/tara.rs\/wp-content\/uploads\/2022\/01\/tara-hills-apartmani-smestaj-1-210x210.jpg"}},"image_meta":{"aperture":"0","credit":"","camera":"","caption":"","created_timestamp":"0","copyright":"","focal_length":"0","iso":"0","shutter_speed":"0","title":"","orientation":"0","keywords":[]},"ID":"66786","name":"tara-hills-apartmani-smestaj-1.jpg","path":"\/home\/tarars\/public_html\/wp-content\/uploads\/2022\/01\/tara-hills-apartmani-smestaj-1.jpg","url":"https:\/\/tara.rs\/wp-content\/uploads\/2022\/01\/tara-hills-apartmani-smestaj-1-150x150.jpg","full_url":"https:\/\/tara.rs\/wp-content\/uploads\/2022\/01\/tara-hills-apartmani-smestaj-1.jpg","title":"tara-hills-apartmani-smestaj (1)","caption":"","description":"","alt":"","srcset":"https:\/\/tara.rs\/wp-content\/uploads\/2022\/01\/tara-hills-apartmani-smestaj-1-150x150.jpg 150w, https:\/\/tara.rs\/wp-content\/uploads\/2022\/01\/tara-hills-apartmani-smestaj-1-210x210.jpg 210w"},{"width":150,"height":150,"file":"2023\/10\/planina-tara-zimovanje-2024-smestaj-19.jpg","filesize":126519,"sizes":{"medium":{"file":"planina-tara-zimovanje-2024-smestaj-19-206x300.jpg","width":206,"height":300,"mime-type":"image\/jpeg","filesize":16526,"url":"https:\/\/tara.rs\/wp-content\/uploads\/2023\/10\/planina-tara-zimovanje-2024-smestaj-19-206x300.jpg"},"thumbnail":{"file":"planina-tara-zimovanje-2024-smestaj-19-150x150.jpg","width":150,"height":150,"mime-type":"image\/jpeg","filesize":7851,"url":"https:\/\/tara.rs\/wp-content\/uploads\/2023\/10\/planina-tara-zimovanje-2024-smestaj-19-150x150.jpg"},"post-thumbnail":{"file":"planina-tara-zimovanje-2024-smestaj-19-103x150.jpg","width":103,"height":150,"mime-type":"image\/jpeg","filesize":5249,"url":"https:\/\/tara.rs\/wp-content\/uploads\/2023\/10\/planina-tara-zimovanje-2024-smestaj-19-103x150.jpg"},"modern-property-child-slider":{"file":"planina-tara-zimovanje-2024-smestaj-19-600x510.jpg","width":600,"height":510,"mime-type":"image\/jpeg","filesize":83435,"url":"https:\/\/tara.rs\/wp-content\/uploads\/2023\/10\/planina-tara-zimovanje-2024-smestaj-19-600x510.jpg"},"property-thumb-image":{"file":"planina-tara-zimovanje-2024-smestaj-19-488x326.jpg","width":488,"height":326,"mime-type":"image\/jpeg","filesize":46029,"url":"https:\/\/tara.rs\/wp-content\/uploads\/2023\/10\/planina-tara-zimovanje-2024-smestaj-19-488x326.jpg"},"property-detail-video-image":{"file":"planina-tara-zimovanje-2024-smestaj-19-600x417.jpg","width":600,"height":417,"mime-type":"image\/jpeg","filesize":75666,"url":"https:\/\/tara.rs\/wp-content\/uploads\/2023\/10\/planina-tara-zimovanje-2024-smestaj-19-600x417.jpg"},"agent-image":{"file":"planina-tara-zimovanje-2024-smestaj-19-210x210.jpg","width":210,"height":210,"mime-type":"image\/jpeg","filesize":13859,"url":"https:\/\/tara.rs\/wp-content\/uploads\/2023\/10\/planina-tara-zimovanje-2024-smestaj-19-210x210.jpg"},"post-featured-image":{"file":"planina-tara-zimovanje-2024-smestaj-19-600x720.jpg","width":600,"height":720,"mime-type":"image\/jpeg","filesize":100937,"url":"https:\/\/tara.rs\/wp-content\/uploads\/2023\/10\/planina-tara-zimovanje-2024-smestaj-19-600x720.jpg"}},"image_meta":{"aperture":"0","credit":"","camera":"","caption":"","created_timestamp":"0","copyright":"","focal_length":"0","iso":"0","shutter_speed":"0","title":"","orientation":"0","keywords":[]},"ID":"71719","name":"planina-tara-zimovanje-2024-smestaj-19.jpg","path":"\/home\/tarars\/public_html\/wp-content\/uploads\/2023\/10\/planina-tara-zimovanje-2024-smestaj-19.jpg","url":"https:\/\/tara.rs\/wp-content\/uploads\/2023\/10\/planina-tara-zimovanje-2024-smestaj-19-150x150.jpg","full_url":"https:\/\/tara.rs\/wp-content\/uploads\/2023\/10\/planina-tara-zimovanje-2024-smestaj-19.jpg","title":"planina-tara-zimovanje-2024-smestaj (19)","caption":"","description":"","alt":"","srcset":"https:\/\/tara.rs\/wp-content\/uploads\/2023\/10\/planina-tara-zimovanje-2024-smestaj-19-150x150.jpg 150w, https:\/\/tara.rs\/wp-content\/uploads\/2023\/10\/planina-tara-zimovanje-2024-smestaj-19-210x210.jpg 210w"},{"width":150,"height":150,"file":"2023\/10\/planina-tara-zimovanje-2024-smestaj-14.jpg","filesize":136007,"sizes":{"medium":{"file":"planina-tara-zimovanje-2024-smestaj-14-300x225.jpg","width":300,"height":225,"mime-type":"image\/jpeg","filesize":21836,"url":"https:\/\/tara.rs\/wp-content\/uploads\/2023\/10\/planina-tara-zimovanje-2024-smestaj-14-300x225.jpg"},"thumbnail":{"file":"planina-tara-zimovanje-2024-smestaj-14-150x150.jpg","width":150,"height":150,"mime-type":"image\/jpeg","filesize":8564,"url":"https:\/\/tara.rs\/wp-content\/uploads\/2023\/10\/planina-tara-zimovanje-2024-smestaj-14-150x150.jpg"},"medium_large":{"file":"planina-tara-zimovanje-2024-smestaj-14-768x576.jpg","width":768,"height":576,"mime-type":"image\/jpeg","filesize":103219,"url":"https:\/\/tara.rs\/wp-content\/uploads\/2023\/10\/planina-tara-zimovanje-2024-smestaj-14-768x576.jpg"},"post-thumbnail":{"file":"planina-tara-zimovanje-2024-smestaj-14-150x113.jpg","width":150,"height":113,"mime-type":"image\/jpeg","filesize":6967,"url":"https:\/\/tara.rs\/wp-content\/uploads\/2023\/10\/planina-tara-zimovanje-2024-smestaj-14-150x113.jpg"},"modern-property-child-slider":{"file":"planina-tara-zimovanje-2024-smestaj-14-680x510.jpg","width":680,"height":510,"mime-type":"image\/jpeg","filesize":85134,"url":"https:\/\/tara.rs\/wp-content\/uploads\/2023\/10\/planina-tara-zimovanje-2024-smestaj-14-680x510.jpg"},"property-thumb-image":{"file":"planina-tara-zimovanje-2024-smestaj-14-488x326.jpg","width":488,"height":326,"mime-type":"image\/jpeg","filesize":43223,"url":"https:\/\/tara.rs\/wp-content\/uploads\/2023\/10\/planina-tara-zimovanje-2024-smestaj-14-488x326.jpg"},"property-detail-video-image":{"file":"planina-tara-zimovanje-2024-smestaj-14-800x417.jpg","width":800,"height":417,"mime-type":"image\/jpeg","filesize":85732,"url":"https:\/\/tara.rs\/wp-content\/uploads\/2023\/10\/planina-tara-zimovanje-2024-smestaj-14-800x417.jpg"},"agent-image":{"file":"planina-tara-zimovanje-2024-smestaj-14-210x210.jpg","width":210,"height":210,"mime-type":"image\/jpeg","filesize":15020,"url":"https:\/\/tara.rs\/wp-content\/uploads\/2023\/10\/planina-tara-zimovanje-2024-smestaj-14-210x210.jpg"},"partners-logo":{"file":"planina-tara-zimovanje-2024-smestaj-14-600x600.jpg","width":600,"height":600,"mime-type":"image\/jpeg","filesize":94801,"url":"https:\/\/tara.rs\/wp-content\/uploads\/2023\/10\/planina-tara-zimovanje-2024-smestaj-14-600x600.jpg"}},"image_meta":{"aperture":"0","credit":"","camera":"","caption":"","created_timestamp":"0","copyright":"","focal_length":"0","iso":"0","shutter_speed":"0","title":"","orientation":"0","keywords":[]},"ID":"71718","name":"planina-tara-zimovanje-2024-smestaj-14.jpg","path":"\/home\/tarars\/public_html\/wp-content\/uploads\/2023\/10\/planina-tara-zimovanje-2024-smestaj-14.jpg","url":"https:\/\/tara.rs\/wp-content\/uploads\/2023\/10\/planina-tara-zimovanje-2024-smestaj-14-150x150.jpg","full_url":"https:\/\/tara.rs\/wp-content\/uploads\/2023\/10\/planina-tara-zimovanje-2024-smestaj-14.jpg","title":"planina-tara-zimovanje-2024-smestaj (14)","caption":"","description":"","alt":"","srcset":"https:\/\/tara.rs\/wp-content\/uploads\/2023\/10\/planina-tara-zimovanje-2024-smestaj-14-150x150.jpg 150w, https:\/\/tara.rs\/wp-content\/uploads\/2023\/10\/planina-tara-zimovanje-2024-smestaj-14-210x210.jpg 210w, https:\/\/tara.rs\/wp-content\/uploads\/2023\/10\/planina-tara-zimovanje-2024-smestaj-14-600x600.jpg 600w"},{"width":150,"height":150,"file":"2022\/01\/hills-apartmani-tara-smestaj-2023-5-1.jpg","filesize":97949,"sizes":{"medium":{"file":"hills-apartmani-tara-smestaj-2023-5-1-225x300.jpg","width":225,"height":300,"mime-type":"image\/jpeg","filesize":16433,"url":"https:\/\/tara.rs\/wp-content\/uploads\/2022\/01\/hills-apartmani-tara-smestaj-2023-5-1-225x300.jpg"},"thumbnail":{"file":"hills-apartmani-tara-smestaj-2023-5-1-150x150.jpg","width":150,"height":150,"mime-type":"image\/jpeg","filesize":6961,"url":"https:\/\/tara.rs\/wp-content\/uploads\/2022\/01\/hills-apartmani-tara-smestaj-2023-5-1-150x150.jpg"},"post-thumbnail":{"file":"hills-apartmani-tara-smestaj-2023-5-1-113x150.jpg","width":113,"height":150,"mime-type":"image\/jpeg","filesize":5772,"url":"https:\/\/tara.rs\/wp-content\/uploads\/2022\/01\/hills-apartmani-tara-smestaj-2023-5-1-113x150.jpg"},"modern-property-child-slider":{"file":"hills-apartmani-tara-smestaj-2023-5-1-600x510.jpg","width":600,"height":510,"mime-type":"image\/jpeg","filesize":63363,"url":"https:\/\/tara.rs\/wp-content\/uploads\/2022\/01\/hills-apartmani-tara-smestaj-2023-5-1-600x510.jpg"},"property-thumb-image":{"file":"hills-apartmani-tara-smestaj-2023-5-1-488x326.jpg","width":488,"height":326,"mime-type":"image\/jpeg","filesize":31676,"url":"https:\/\/tara.rs\/wp-content\/uploads\/2022\/01\/hills-apartmani-tara-smestaj-2023-5-1-488x326.jpg"},"property-detail-video-image":{"file":"hills-apartmani-tara-smestaj-2023-5-1-600x417.jpg","width":600,"height":417,"mime-type":"image\/jpeg","filesize":52929,"url":"https:\/\/tara.rs\/wp-content\/uploads\/2022\/01\/hills-apartmani-tara-smestaj-2023-5-1-600x417.jpg"},"agent-image":{"file":"hills-apartmani-tara-smestaj-2023-5-1-210x210.jpg","width":210,"height":210,"mime-type":"image\/jpeg","filesize":11716,"url":"https:\/\/tara.rs\/wp-content\/uploads\/2022\/01\/hills-apartmani-tara-smestaj-2023-5-1-210x210.jpg"},"post-featured-image":{"file":"hills-apartmani-tara-smestaj-2023-5-1-600x720.jpg","width":600,"height":720,"mime-type":"image\/jpeg","filesize":88933,"url":"https:\/\/tara.rs\/wp-content\/uploads\/2022\/01\/hills-apartmani-tara-smestaj-2023-5-1-600x720.jpg"}},"image_meta":{"aperture":"0","credit":"","camera":"","caption":"","created_timestamp":"0","copyright":"","focal_length":"0","iso":"0","shutter_speed":"0","title":"","orientation":"0","keywords":[]},"ID":"66789","name":"hills-apartmani-tara-smestaj-2023-5-1.jpg","path":"\/home\/tarars\/public_html\/wp-content\/uploads\/2022\/01\/hills-apartmani-tara-smestaj-2023-5-1.jpg","url":"https:\/\/tara.rs\/wp-content\/uploads\/2022\/01\/hills-apartmani-tara-smestaj-2023-5-1-150x150.jpg","full_url":"https:\/\/tara.rs\/wp-content\/uploads\/2022\/01\/hills-apartmani-tara-smestaj-2023-5-1.jpg","title":"hills-apartmani-tara-smestaj-2023-5","caption":"","description":"","alt":"","srcset":"https:\/\/tara.rs\/wp-content\/uploads\/2022\/01\/hills-apartmani-tara-smestaj-2023-5-1-150x150.jpg 150w, https:\/\/tara.rs\/wp-content\/uploads\/2022\/01\/hills-apartmani-tara-smestaj-2023-5-1-210x210.jpg 210w"},{"width":150,"height":150,"file":"2021\/12\/apartmani-smestaj-tara-kaludjerskre-bare-2.jpg","sizes":{"medium":{"file":"apartmani-smestaj-tara-kaludjerskre-bare-2-300x200.jpg","width":300,"height":200,"mime-type":"image\/jpeg","url":"https:\/\/tara.rs\/wp-content\/uploads\/2021\/12\/apartmani-smestaj-tara-kaludjerskre-bare-2-300x200.jpg"},"thumbnail":{"file":"apartmani-smestaj-tara-kaludjerskre-bare-2-150x150.jpg","width":150,"height":150,"mime-type":"image\/jpeg","url":"https:\/\/tara.rs\/wp-content\/uploads\/2021\/12\/apartmani-smestaj-tara-kaludjerskre-bare-2-150x150.jpg"},"medium_large":{"file":"apartmani-smestaj-tara-kaludjerskre-bare-2-768x512.jpg","width":768,"height":512,"mime-type":"image\/jpeg","url":"https:\/\/tara.rs\/wp-content\/uploads\/2021\/12\/apartmani-smestaj-tara-kaludjerskre-bare-2-768x512.jpg"},"post-thumbnail":{"file":"apartmani-smestaj-tara-kaludjerskre-bare-2-150x100.jpg","width":150,"height":100,"mime-type":"image\/jpeg","url":"https:\/\/tara.rs\/wp-content\/uploads\/2021\/12\/apartmani-smestaj-tara-kaludjerskre-bare-2-150x100.jpg"},"modern-property-child-slider":{"file":"apartmani-smestaj-tara-kaludjerskre-bare-2-680x510.jpg","width":680,"height":510,"mime-type":"image\/jpeg","url":"https:\/\/tara.rs\/wp-content\/uploads\/2021\/12\/apartmani-smestaj-tara-kaludjerskre-bare-2-680x510.jpg"},"property-thumb-image":{"file":"apartmani-smestaj-tara-kaludjerskre-bare-2-488x326.jpg","width":488,"height":326,"mime-type":"image\/jpeg","url":"https:\/\/tara.rs\/wp-content\/uploads\/2021\/12\/apartmani-smestaj-tara-kaludjerskre-bare-2-488x326.jpg"},"property-detail-video-image":{"file":"apartmani-smestaj-tara-kaludjerskre-bare-2-818x417.jpg","width":818,"height":417,"mime-type":"image\/jpeg","url":"https:\/\/tara.rs\/wp-content\/uploads\/2021\/12\/apartmani-smestaj-tara-kaludjerskre-bare-2-818x417.jpg"},"agent-image":{"file":"apartmani-smestaj-tara-kaludjerskre-bare-2-210x210.jpg","width":210,"height":210,"mime-type":"image\/jpeg","url":"https:\/\/tara.rs\/wp-content\/uploads\/2021\/12\/apartmani-smestaj-tara-kaludjerskre-bare-2-210x210.jpg"},"partners-logo":{"file":"apartmani-smestaj-tara-kaludjerskre-bare-2-600x553.jpg","width":600,"height":553,"mime-type":"image\/jpeg","url":"https:\/\/tara.rs\/wp-content\/uploads\/2021\/12\/apartmani-smestaj-tara-kaludjerskre-bare-2-600x553.jpg"},"gallery-two-column-image":{"file":"apartmani-smestaj-tara-kaludjerskre-bare-2-536x269.jpg","width":536,"height":269,"mime-type":"image\/jpeg","url":"https:\/\/tara.rs\/wp-content\/uploads\/2021\/12\/apartmani-smestaj-tara-kaludjerskre-bare-2-536x269.jpg"},"property-detail-slider-thumb":{"file":"apartmani-smestaj-tara-kaludjerskre-bare-2-82x60.jpg","width":82,"height":60,"mime-type":"image\/jpeg","url":"https:\/\/tara.rs\/wp-content\/uploads\/2021\/12\/apartmani-smestaj-tara-kaludjerskre-bare-2-82x60.jpg"}},"image_meta":{"aperture":"0","credit":"","camera":"","caption":"","created_timestamp":"0","copyright":"","focal_length":"0","iso":"0","shutter_speed":"0","title":"","orientation":"0","keywords":[]},"ID":"45633","name":"apartmani-smestaj-tara-kaludjerskre-bare-2.jpg","path":"\/home\/tarars\/public_html\/wp-content\/uploads\/2021\/12\/apartmani-smestaj-tara-kaludjerskre-bare-2.jpg","url":"https:\/\/tara.rs\/wp-content\/uploads\/2021\/12\/apartmani-smestaj-tara-kaludjerskre-bare-2-150x150.jpg","full_url":"https:\/\/tara.rs\/wp-content\/uploads\/2021\/12\/apartmani-smestaj-tara-kaludjerskre-bare-2.jpg","title":"apartmani-smestaj-tara-kaludjerskre-bare-2","caption":"","description":"","alt":"","srcset":"https:\/\/tara.rs\/wp-content\/uploads\/2021\/12\/apartmani-smestaj-tara-kaludjerskre-bare-2-150x150.jpg 150w, https:\/\/tara.rs\/wp-content\/uploads\/2021\/12\/apartmani-smestaj-tara-kaludjerskre-bare-2-210x210.jpg 210w"},{"width":150,"height":150,"file":"2021\/12\/tara-zimovanje-kaludjerske-bare-2022-107.jpg","sizes":{"medium":{"file":"tara-zimovanje-kaludjerske-bare-2022-107-300x200.jpg","width":300,"height":200,"mime-type":"image\/jpeg","url":"https:\/\/tara.rs\/wp-content\/uploads\/2021\/12\/tara-zimovanje-kaludjerske-bare-2022-107-300x200.jpg"},"thumbnail":{"file":"tara-zimovanje-kaludjerske-bare-2022-107-150x150.jpg","width":150,"height":150,"mime-type":"image\/jpeg","url":"https:\/\/tara.rs\/wp-content\/uploads\/2021\/12\/tara-zimovanje-kaludjerske-bare-2022-107-150x150.jpg"},"medium_large":{"file":"tara-zimovanje-kaludjerske-bare-2022-107-768x512.jpg","width":768,"height":512,"mime-type":"image\/jpeg","url":"https:\/\/tara.rs\/wp-content\/uploads\/2021\/12\/tara-zimovanje-kaludjerske-bare-2022-107-768x512.jpg"},"post-thumbnail":{"file":"tara-zimovanje-kaludjerske-bare-2022-107-150x100.jpg","width":150,"height":100,"mime-type":"image\/jpeg","url":"https:\/\/tara.rs\/wp-content\/uploads\/2021\/12\/tara-zimovanje-kaludjerske-bare-2022-107-150x100.jpg"},"modern-property-child-slider":{"file":"tara-zimovanje-kaludjerske-bare-2022-107-680x510.jpg","width":680,"height":510,"mime-type":"image\/jpeg","url":"https:\/\/tara.rs\/wp-content\/uploads\/2021\/12\/tara-zimovanje-kaludjerske-bare-2022-107-680x510.jpg"},"property-thumb-image":{"file":"tara-zimovanje-kaludjerske-bare-2022-107-488x326.jpg","width":488,"height":326,"mime-type":"image\/jpeg","url":"https:\/\/tara.rs\/wp-content\/uploads\/2021\/12\/tara-zimovanje-kaludjerske-bare-2022-107-488x326.jpg"},"property-detail-video-image":{"file":"tara-zimovanje-kaludjerske-bare-2022-107-818x417.jpg","width":818,"height":417,"mime-type":"image\/jpeg","url":"https:\/\/tara.rs\/wp-content\/uploads\/2021\/12\/tara-zimovanje-kaludjerske-bare-2022-107-818x417.jpg"},"agent-image":{"file":"tara-zimovanje-kaludjerske-bare-2022-107-210x210.jpg","width":210,"height":210,"mime-type":"image\/jpeg","url":"https:\/\/tara.rs\/wp-content\/uploads\/2021\/12\/tara-zimovanje-kaludjerske-bare-2022-107-210x210.jpg"},"partners-logo":{"file":"tara-zimovanje-kaludjerske-bare-2022-107-600x553.jpg","width":600,"height":553,"mime-type":"image\/jpeg","url":"https:\/\/tara.rs\/wp-content\/uploads\/2021\/12\/tara-zimovanje-kaludjerske-bare-2022-107-600x553.jpg"},"gallery-two-column-image":{"file":"tara-zimovanje-kaludjerske-bare-2022-107-536x269.jpg","width":536,"height":269,"mime-type":"image\/jpeg","url":"https:\/\/tara.rs\/wp-content\/uploads\/2021\/12\/tara-zimovanje-kaludjerske-bare-2022-107-536x269.jpg"},"property-detail-slider-thumb":{"file":"tara-zimovanje-kaludjerske-bare-2022-107-82x60.jpg","width":82,"height":60,"mime-type":"image\/jpeg","url":"https:\/\/tara.rs\/wp-content\/uploads\/2021\/12\/tara-zimovanje-kaludjerske-bare-2022-107-82x60.jpg"}},"image_meta":{"aperture":"0","credit":"","camera":"","caption":"","created_timestamp":"0","copyright":"","focal_length":"0","iso":"0","shutter_speed":"0","title":"","orientation":"0","keywords":[]},"ID":"45641","name":"tara-zimovanje-kaludjerske-bare-2022-107.jpg","path":"\/home\/tarars\/public_html\/wp-content\/uploads\/2021\/12\/tara-zimovanje-kaludjerske-bare-2022-107.jpg","url":"https:\/\/tara.rs\/wp-content\/uploads\/2021\/12\/tara-zimovanje-kaludjerske-bare-2022-107-150x150.jpg","full_url":"https:\/\/tara.rs\/wp-content\/uploads\/2021\/12\/tara-zimovanje-kaludjerske-bare-2022-107.jpg","title":"tara-zimovanje-kaludjerske-bare-2022 (107)","caption":"","description":"","alt":"","srcset":"https:\/\/tara.rs\/wp-content\/uploads\/2021\/12\/tara-zimovanje-kaludjerske-bare-2022-107-150x150.jpg 150w, https:\/\/tara.rs\/wp-content\/uploads\/2021\/12\/tara-zimovanje-kaludjerske-bare-2022-107-210x210.jpg 210w"},{"width":150,"height":150,"file":"2021\/12\/apartmani-smestaj-tara-kaludjerskre-bare-1.jpg","sizes":{"medium":{"file":"apartmani-smestaj-tara-kaludjerskre-bare-1-300x200.jpg","width":300,"height":200,"mime-type":"image\/jpeg","url":"https:\/\/tara.rs\/wp-content\/uploads\/2021\/12\/apartmani-smestaj-tara-kaludjerskre-bare-1-300x200.jpg"},"thumbnail":{"file":"apartmani-smestaj-tara-kaludjerskre-bare-1-150x150.jpg","width":150,"height":150,"mime-type":"image\/jpeg","url":"https:\/\/tara.rs\/wp-content\/uploads\/2021\/12\/apartmani-smestaj-tara-kaludjerskre-bare-1-150x150.jpg"},"medium_large":{"file":"apartmani-smestaj-tara-kaludjerskre-bare-1-768x512.jpg","width":768,"height":512,"mime-type":"image\/jpeg","url":"https:\/\/tara.rs\/wp-content\/uploads\/2021\/12\/apartmani-smestaj-tara-kaludjerskre-bare-1-768x512.jpg"},"post-thumbnail":{"file":"apartmani-smestaj-tara-kaludjerskre-bare-1-150x100.jpg","width":150,"height":100,"mime-type":"image\/jpeg","url":"https:\/\/tara.rs\/wp-content\/uploads\/2021\/12\/apartmani-smestaj-tara-kaludjerskre-bare-1-150x100.jpg"},"modern-property-child-slider":{"file":"apartmani-smestaj-tara-kaludjerskre-bare-1-680x510.jpg","width":680,"height":510,"mime-type":"image\/jpeg","url":"https:\/\/tara.rs\/wp-content\/uploads\/2021\/12\/apartmani-smestaj-tara-kaludjerskre-bare-1-680x510.jpg"},"property-thumb-image":{"file":"apartmani-smestaj-tara-kaludjerskre-bare-1-488x326.jpg","width":488,"height":326,"mime-type":"image\/jpeg","url":"https:\/\/tara.rs\/wp-content\/uploads\/2021\/12\/apartmani-smestaj-tara-kaludjerskre-bare-1-488x326.jpg"},"property-detail-video-image":{"file":"apartmani-smestaj-tara-kaludjerskre-bare-1-818x417.jpg","width":818,"height":417,"mime-type":"image\/jpeg","url":"https:\/\/tara.rs\/wp-content\/uploads\/2021\/12\/apartmani-smestaj-tara-kaludjerskre-bare-1-818x417.jpg"},"agent-image":{"file":"apartmani-smestaj-tara-kaludjerskre-bare-1-210x210.jpg","width":210,"height":210,"mime-type":"image\/jpeg","url":"https:\/\/tara.rs\/wp-content\/uploads\/2021\/12\/apartmani-smestaj-tara-kaludjerskre-bare-1-210x210.jpg"},"partners-logo":{"file":"apartmani-smestaj-tara-kaludjerskre-bare-1-600x553.jpg","width":600,"height":553,"mime-type":"image\/jpeg","url":"https:\/\/tara.rs\/wp-content\/uploads\/2021\/12\/apartmani-smestaj-tara-kaludjerskre-bare-1-600x553.jpg"},"gallery-two-column-image":{"file":"apartmani-smestaj-tara-kaludjerskre-bare-1-536x269.jpg","width":536,"height":269,"mime-type":"image\/jpeg","url":"https:\/\/tara.rs\/wp-content\/uploads\/2021\/12\/apartmani-smestaj-tara-kaludjerskre-bare-1-536x269.jpg"},"property-detail-slider-thumb":{"file":"apartmani-smestaj-tara-kaludjerskre-bare-1-82x60.jpg","width":82,"height":60,"mime-type":"image\/jpeg","url":"https:\/\/tara.rs\/wp-content\/uploads\/2021\/12\/apartmani-smestaj-tara-kaludjerskre-bare-1-82x60.jpg"}},"image_meta":{"aperture":"0","credit":"","camera":"","caption":"","created_timestamp":"0","copyright":"","focal_length":"0","iso":"0","shutter_speed":"0","title":"","orientation":"0","keywords":[]},"ID":"45632","name":"apartmani-smestaj-tara-kaludjerskre-bare-1.jpg","path":"\/home\/tarars\/public_html\/wp-content\/uploads\/2021\/12\/apartmani-smestaj-tara-kaludjerskre-bare-1.jpg","url":"https:\/\/tara.rs\/wp-content\/uploads\/2021\/12\/apartmani-smestaj-tara-kaludjerskre-bare-1-150x150.jpg","full_url":"https:\/\/tara.rs\/wp-content\/uploads\/2021\/12\/apartmani-smestaj-tara-kaludjerskre-bare-1.jpg","title":"apartmani-smestaj-tara-kaludjerskre-bare-1","caption":"","description":"","alt":"","srcset":"https:\/\/tara.rs\/wp-content\/uploads\/2021\/12\/apartmani-smestaj-tara-kaludjerskre-bare-1-150x150.jpg 150w, https:\/\/tara.rs\/wp-content\/uploads\/2021\/12\/apartmani-smestaj-tara-kaludjerskre-bare-1-210x210.jpg 210w"},{"width":150,"height":150,"file":"2021\/12\/apartmani-smestaj-tara-kaludjerskre-bare-7.jpg","sizes":{"medium":{"file":"apartmani-smestaj-tara-kaludjerskre-bare-7-300x200.jpg","width":300,"height":200,"mime-type":"image\/jpeg","url":"https:\/\/tara.rs\/wp-content\/uploads\/2021\/12\/apartmani-smestaj-tara-kaludjerskre-bare-7-300x200.jpg"},"thumbnail":{"file":"apartmani-smestaj-tara-kaludjerskre-bare-7-150x150.jpg","width":150,"height":150,"mime-type":"image\/jpeg","url":"https:\/\/tara.rs\/wp-content\/uploads\/2021\/12\/apartmani-smestaj-tara-kaludjerskre-bare-7-150x150.jpg"},"medium_large":{"file":"apartmani-smestaj-tara-kaludjerskre-bare-7-768x512.jpg","width":768,"height":512,"mime-type":"image\/jpeg","url":"https:\/\/tara.rs\/wp-content\/uploads\/2021\/12\/apartmani-smestaj-tara-kaludjerskre-bare-7-768x512.jpg"},"post-thumbnail":{"file":"apartmani-smestaj-tara-kaludjerskre-bare-7-150x100.jpg","width":150,"height":100,"mime-type":"image\/jpeg","url":"https:\/\/tara.rs\/wp-content\/uploads\/2021\/12\/apartmani-smestaj-tara-kaludjerskre-bare-7-150x100.jpg"},"modern-property-child-slider":{"file":"apartmani-smestaj-tara-kaludjerskre-bare-7-680x510.jpg","width":680,"height":510,"mime-type":"image\/jpeg","url":"https:\/\/tara.rs\/wp-content\/uploads\/2021\/12\/apartmani-smestaj-tara-kaludjerskre-bare-7-680x510.jpg"},"property-thumb-image":{"file":"apartmani-smestaj-tara-kaludjerskre-bare-7-488x326.jpg","width":488,"height":326,"mime-type":"image\/jpeg","url":"https:\/\/tara.rs\/wp-content\/uploads\/2021\/12\/apartmani-smestaj-tara-kaludjerskre-bare-7-488x326.jpg"},"property-detail-video-image":{"file":"apartmani-smestaj-tara-kaludjerskre-bare-7-818x417.jpg","width":818,"height":417,"mime-type":"image\/jpeg","url":"https:\/\/tara.rs\/wp-content\/uploads\/2021\/12\/apartmani-smestaj-tara-kaludjerskre-bare-7-818x417.jpg"},"agent-image":{"file":"apartmani-smestaj-tara-kaludjerskre-bare-7-210x210.jpg","width":210,"height":210,"mime-type":"image\/jpeg","url":"https:\/\/tara.rs\/wp-content\/uploads\/2021\/12\/apartmani-smestaj-tara-kaludjerskre-bare-7-210x210.jpg"},"partners-logo":{"file":"apartmani-smestaj-tara-kaludjerskre-bare-7-600x553.jpg","width":600,"height":553,"mime-type":"image\/jpeg","url":"https:\/\/tara.rs\/wp-content\/uploads\/2021\/12\/apartmani-smestaj-tara-kaludjerskre-bare-7-600x553.jpg"},"gallery-two-column-image":{"file":"apartmani-smestaj-tara-kaludjerskre-bare-7-536x269.jpg","width":536,"height":269,"mime-type":"image\/jpeg","url":"https:\/\/tara.rs\/wp-content\/uploads\/2021\/12\/apartmani-smestaj-tara-kaludjerskre-bare-7-536x269.jpg"},"property-detail-slider-thumb":{"file":"apartmani-smestaj-tara-kaludjerskre-bare-7-82x60.jpg","width":82,"height":60,"mime-type":"image\/jpeg","url":"https:\/\/tara.rs\/wp-content\/uploads\/2021\/12\/apartmani-smestaj-tara-kaludjerskre-bare-7-82x60.jpg"}},"image_meta":{"aperture":"0","credit":"","camera":"","caption":"","created_timestamp":"0","copyright":"","focal_length":"0","iso":"0","shutter_speed":"0","title":"","orientation":"0","keywords":[]},"ID":"45638","name":"apartmani-smestaj-tara-kaludjerskre-bare-7.jpg","path":"\/home\/tarars\/public_html\/wp-content\/uploads\/2021\/12\/apartmani-smestaj-tara-kaludjerskre-bare-7.jpg","url":"https:\/\/tara.rs\/wp-content\/uploads\/2021\/12\/apartmani-smestaj-tara-kaludjerskre-bare-7-150x150.jpg","full_url":"https:\/\/tara.rs\/wp-content\/uploads\/2021\/12\/apartmani-smestaj-tara-kaludjerskre-bare-7.jpg","title":"apartmani-smestaj-tara-kaludjerskre-bare-7","caption":"","description":"","alt":"","srcset":"https:\/\/tara.rs\/wp-content\/uploads\/2021\/12\/apartmani-smestaj-tara-kaludjerskre-bare-7-150x150.jpg 150w, https:\/\/tara.rs\/wp-content\/uploads\/2021\/12\/apartmani-smestaj-tara-kaludjerskre-bare-7-210x210.jpg 210w"},{"width":150,"height":150,"file":"2021\/12\/apartmani-smestaj-tara-kaludjerskre-bare-4.jpg","sizes":{"medium":{"file":"apartmani-smestaj-tara-kaludjerskre-bare-4-300x200.jpg","width":300,"height":200,"mime-type":"image\/jpeg","url":"https:\/\/tara.rs\/wp-content\/uploads\/2021\/12\/apartmani-smestaj-tara-kaludjerskre-bare-4-300x200.jpg"},"thumbnail":{"file":"apartmani-smestaj-tara-kaludjerskre-bare-4-150x150.jpg","width":150,"height":150,"mime-type":"image\/jpeg","url":"https:\/\/tara.rs\/wp-content\/uploads\/2021\/12\/apartmani-smestaj-tara-kaludjerskre-bare-4-150x150.jpg"},"medium_large":{"file":"apartmani-smestaj-tara-kaludjerskre-bare-4-768x512.jpg","width":768,"height":512,"mime-type":"image\/jpeg","url":"https:\/\/tara.rs\/wp-content\/uploads\/2021\/12\/apartmani-smestaj-tara-kaludjerskre-bare-4-768x512.jpg"},"post-thumbnail":{"file":"apartmani-smestaj-tara-kaludjerskre-bare-4-150x100.jpg","width":150,"height":100,"mime-type":"image\/jpeg","url":"https:\/\/tara.rs\/wp-content\/uploads\/2021\/12\/apartmani-smestaj-tara-kaludjerskre-bare-4-150x100.jpg"},"modern-property-child-slider":{"file":"apartmani-smestaj-tara-kaludjerskre-bare-4-680x510.jpg","width":680,"height":510,"mime-type":"image\/jpeg","url":"https:\/\/tara.rs\/wp-content\/uploads\/2021\/12\/apartmani-smestaj-tara-kaludjerskre-bare-4-680x510.jpg"},"property-thumb-image":{"file":"apartmani-smestaj-tara-kaludjerskre-bare-4-488x326.jpg","width":488,"height":326,"mime-type":"image\/jpeg","url":"https:\/\/tara.rs\/wp-content\/uploads\/2021\/12\/apartmani-smestaj-tara-kaludjerskre-bare-4-488x326.jpg"},"property-detail-video-image":{"file":"apartmani-smestaj-tara-kaludjerskre-bare-4-818x417.jpg","width":818,"height":417,"mime-type":"image\/jpeg","url":"https:\/\/tara.rs\/wp-content\/uploads\/2021\/12\/apartmani-smestaj-tara-kaludjerskre-bare-4-818x417.jpg"},"agent-image":{"file":"apartmani-smestaj-tara-kaludjerskre-bare-4-210x210.jpg","width":210,"height":210,"mime-type":"image\/jpeg","url":"https:\/\/tara.rs\/wp-content\/uploads\/2021\/12\/apartmani-smestaj-tara-kaludjerskre-bare-4-210x210.jpg"},"partners-logo":{"file":"apartmani-smestaj-tara-kaludjerskre-bare-4-600x553.jpg","width":600,"height":553,"mime-type":"image\/jpeg","url":"https:\/\/tara.rs\/wp-content\/uploads\/2021\/12\/apartmani-smestaj-tara-kaludjerskre-bare-4-600x553.jpg"},"gallery-two-column-image":{"file":"apartmani-smestaj-tara-kaludjerskre-bare-4-536x269.jpg","width":536,"height":269,"mime-type":"image\/jpeg","url":"https:\/\/tara.rs\/wp-content\/uploads\/2021\/12\/apartmani-smestaj-tara-kaludjerskre-bare-4-536x269.jpg"},"property-detail-slider-thumb":{"file":"apartmani-smestaj-tara-kaludjerskre-bare-4-82x60.jpg","width":82,"height":60,"mime-type":"image\/jpeg","url":"https:\/\/tara.rs\/wp-content\/uploads\/2021\/12\/apartmani-smestaj-tara-kaludjerskre-bare-4-82x60.jpg"}},"image_meta":{"aperture":"0","credit":"","camera":"","caption":"","created_timestamp":"0","copyright":"","focal_length":"0","iso":"0","shutter_speed":"0","title":"","orientation":"0","keywords":[]},"ID":"45635","name":"apartmani-smestaj-tara-kaludjerskre-bare-4.jpg","path":"\/home\/tarars\/public_html\/wp-content\/uploads\/2021\/12\/apartmani-smestaj-tara-kaludjerskre-bare-4.jpg","url":"https:\/\/tara.rs\/wp-content\/uploads\/2021\/12\/apartmani-smestaj-tara-kaludjerskre-bare-4-150x150.jpg","full_url":"https:\/\/tara.rs\/wp-content\/uploads\/2021\/12\/apartmani-smestaj-tara-kaludjerskre-bare-4.jpg","title":"apartmani-smestaj-tara-kaludjerskre-bare-4","caption":"","description":"","alt":"","srcset":"https:\/\/tara.rs\/wp-content\/uploads\/2021\/12\/apartmani-smestaj-tara-kaludjerskre-bare-4-150x150.jpg 150w, https:\/\/tara.rs\/wp-content\/uploads\/2021\/12\/apartmani-smestaj-tara-kaludjerskre-bare-4-210x210.jpg 210w"},{"width":150,"height":150,"file":"2021\/12\/apartmani-smestaj-tara-kaludjerskre-bare-8.jpg","sizes":{"medium":{"file":"apartmani-smestaj-tara-kaludjerskre-bare-8-300x200.jpg","width":300,"height":200,"mime-type":"image\/jpeg","url":"https:\/\/tara.rs\/wp-content\/uploads\/2021\/12\/apartmani-smestaj-tara-kaludjerskre-bare-8-300x200.jpg"},"thumbnail":{"file":"apartmani-smestaj-tara-kaludjerskre-bare-8-150x150.jpg","width":150,"height":150,"mime-type":"image\/jpeg","url":"https:\/\/tara.rs\/wp-content\/uploads\/2021\/12\/apartmani-smestaj-tara-kaludjerskre-bare-8-150x150.jpg"},"medium_large":{"file":"apartmani-smestaj-tara-kaludjerskre-bare-8-768x512.jpg","width":768,"height":512,"mime-type":"image\/jpeg","url":"https:\/\/tara.rs\/wp-content\/uploads\/2021\/12\/apartmani-smestaj-tara-kaludjerskre-bare-8-768x512.jpg"},"post-thumbnail":{"file":"apartmani-smestaj-tara-kaludjerskre-bare-8-150x100.jpg","width":150,"height":100,"mime-type":"image\/jpeg","url":"https:\/\/tara.rs\/wp-content\/uploads\/2021\/12\/apartmani-smestaj-tara-kaludjerskre-bare-8-150x100.jpg"},"modern-property-child-slider":{"file":"apartmani-smestaj-tara-kaludjerskre-bare-8-680x510.jpg","width":680,"height":510,"mime-type":"image\/jpeg","url":"https:\/\/tara.rs\/wp-content\/uploads\/2021\/12\/apartmani-smestaj-tara-kaludjerskre-bare-8-680x510.jpg"},"property-thumb-image":{"file":"apartmani-smestaj-tara-kaludjerskre-bare-8-488x326.jpg","width":488,"height":326,"mime-type":"image\/jpeg","url":"https:\/\/tara.rs\/wp-content\/uploads\/2021\/12\/apartmani-smestaj-tara-kaludjerskre-bare-8-488x326.jpg"},"property-detail-video-image":{"file":"apartmani-smestaj-tara-kaludjerskre-bare-8-818x417.jpg","width":818,"height":417,"mime-type":"image\/jpeg","url":"https:\/\/tara.rs\/wp-content\/uploads\/2021\/12\/apartmani-smestaj-tara-kaludjerskre-bare-8-818x417.jpg"},"agent-image":{"file":"apartmani-smestaj-tara-kaludjerskre-bare-8-210x210.jpg","width":210,"height":210,"mime-type":"image\/jpeg","url":"https:\/\/tara.rs\/wp-content\/uploads\/2021\/12\/apartmani-smestaj-tara-kaludjerskre-bare-8-210x210.jpg"},"partners-logo":{"file":"apartmani-smestaj-tara-kaludjerskre-bare-8-600x553.jpg","width":600,"height":553,"mime-type":"image\/jpeg","url":"https:\/\/tara.rs\/wp-content\/uploads\/2021\/12\/apartmani-smestaj-tara-kaludjerskre-bare-8-600x553.jpg"},"gallery-two-column-image":{"file":"apartmani-smestaj-tara-kaludjerskre-bare-8-536x269.jpg","width":536,"height":269,"mime-type":"image\/jpeg","url":"https:\/\/tara.rs\/wp-content\/uploads\/2021\/12\/apartmani-smestaj-tara-kaludjerskre-bare-8-536x269.jpg"},"property-detail-slider-thumb":{"file":"apartmani-smestaj-tara-kaludjerskre-bare-8-82x60.jpg","width":82,"height":60,"mime-type":"image\/jpeg","url":"https:\/\/tara.rs\/wp-content\/uploads\/2021\/12\/apartmani-smestaj-tara-kaludjerskre-bare-8-82x60.jpg"}},"image_meta":{"aperture":"0","credit":"","camera":"","caption":"","created_timestamp":"0","copyright":"","focal_length":"0","iso":"0","shutter_speed":"0","title":"","orientation":"0","keywords":[]},"ID":"45639","name":"apartmani-smestaj-tara-kaludjerskre-bare-8.jpg","path":"\/home\/tarars\/public_html\/wp-content\/uploads\/2021\/12\/apartmani-smestaj-tara-kaludjerskre-bare-8.jpg","url":"https:\/\/tara.rs\/wp-content\/uploads\/2021\/12\/apartmani-smestaj-tara-kaludjerskre-bare-8-150x150.jpg","full_url":"https:\/\/tara.rs\/wp-content\/uploads\/2021\/12\/apartmani-smestaj-tara-kaludjerskre-bare-8.jpg","title":"apartmani-smestaj-tara-kaludjerskre-bare-8","caption":"","description":"","alt":"","srcset":"https:\/\/tara.rs\/wp-content\/uploads\/2021\/12\/apartmani-smestaj-tara-kaludjerskre-bare-8-150x150.jpg 150w, https:\/\/tara.rs\/wp-content\/uploads\/2021\/12\/apartmani-smestaj-tara-kaludjerskre-bare-8-210x210.jpg 210w"},{"width":150,"height":150,"file":"2021\/12\/apartmani-smestaj-tara-kaludjerskre-bare-6.jpg","sizes":{"medium":{"file":"apartmani-smestaj-tara-kaludjerskre-bare-6-300x200.jpg","width":300,"height":200,"mime-type":"image\/jpeg","url":"https:\/\/tara.rs\/wp-content\/uploads\/2021\/12\/apartmani-smestaj-tara-kaludjerskre-bare-6-300x200.jpg"},"thumbnail":{"file":"apartmani-smestaj-tara-kaludjerskre-bare-6-150x150.jpg","width":150,"height":150,"mime-type":"image\/jpeg","url":"https:\/\/tara.rs\/wp-content\/uploads\/2021\/12\/apartmani-smestaj-tara-kaludjerskre-bare-6-150x150.jpg"},"medium_large":{"file":"apartmani-smestaj-tara-kaludjerskre-bare-6-768x512.jpg","width":768,"height":512,"mime-type":"image\/jpeg","url":"https:\/\/tara.rs\/wp-content\/uploads\/2021\/12\/apartmani-smestaj-tara-kaludjerskre-bare-6-768x512.jpg"},"post-thumbnail":{"file":"apartmani-smestaj-tara-kaludjerskre-bare-6-150x100.jpg","width":150,"height":100,"mime-type":"image\/jpeg","url":"https:\/\/tara.rs\/wp-content\/uploads\/2021\/12\/apartmani-smestaj-tara-kaludjerskre-bare-6-150x100.jpg"},"modern-property-child-slider":{"file":"apartmani-smestaj-tara-kaludjerskre-bare-6-680x510.jpg","width":680,"height":510,"mime-type":"image\/jpeg","url":"https:\/\/tara.rs\/wp-content\/uploads\/2021\/12\/apartmani-smestaj-tara-kaludjerskre-bare-6-680x510.jpg"},"property-thumb-image":{"file":"apartmani-smestaj-tara-kaludjerskre-bare-6-488x326.jpg","width":488,"height":326,"mime-type":"image\/jpeg","url":"https:\/\/tara.rs\/wp-content\/uploads\/2021\/12\/apartmani-smestaj-tara-kaludjerskre-bare-6-488x326.jpg"},"property-detail-video-image":{"file":"apartmani-smestaj-tara-kaludjerskre-bare-6-818x417.jpg","width":818,"height":417,"mime-type":"image\/jpeg","url":"https:\/\/tara.rs\/wp-content\/uploads\/2021\/12\/apartmani-smestaj-tara-kaludjerskre-bare-6-818x417.jpg"},"agent-image":{"file":"apartmani-smestaj-tara-kaludjerskre-bare-6-210x210.jpg","width":210,"height":210,"mime-type":"image\/jpeg","url":"https:\/\/tara.rs\/wp-content\/uploads\/2021\/12\/apartmani-smestaj-tara-kaludjerskre-bare-6-210x210.jpg"},"partners-logo":{"file":"apartmani-smestaj-tara-kaludjerskre-bare-6-600x553.jpg","width":600,"height":553,"mime-type":"image\/jpeg","url":"https:\/\/tara.rs\/wp-content\/uploads\/2021\/12\/apartmani-smestaj-tara-kaludjerskre-bare-6-600x553.jpg"},"gallery-two-column-image":{"file":"apartmani-smestaj-tara-kaludjerskre-bare-6-536x269.jpg","width":536,"height":269,"mime-type":"image\/jpeg","url":"https:\/\/tara.rs\/wp-content\/uploads\/2021\/12\/apartmani-smestaj-tara-kaludjerskre-bare-6-536x269.jpg"},"property-detail-slider-thumb":{"file":"apartmani-smestaj-tara-kaludjerskre-bare-6-82x60.jpg","width":82,"height":60,"mime-type":"image\/jpeg","url":"https:\/\/tara.rs\/wp-content\/uploads\/2021\/12\/apartmani-smestaj-tara-kaludjerskre-bare-6-82x60.jpg"}},"image_meta":{"aperture":"0","credit":"","camera":"","caption":"","created_timestamp":"0","copyright":"","focal_length":"0","iso":"0","shutter_speed":"0","title":"","orientation":"0","keywords":[]},"ID":"45637","name":"apartmani-smestaj-tara-kaludjerskre-bare-6.jpg","path":"\/home\/tarars\/public_html\/wp-content\/uploads\/2021\/12\/apartmani-smestaj-tara-kaludjerskre-bare-6.jpg","url":"https:\/\/tara.rs\/wp-content\/uploads\/2021\/12\/apartmani-smestaj-tara-kaludjerskre-bare-6-150x150.jpg","full_url":"https:\/\/tara.rs\/wp-content\/uploads\/2021\/12\/apartmani-smestaj-tara-kaludjerskre-bare-6.jpg","title":"apartmani-smestaj-tara-kaludjerskre-bare-6","caption":"","description":"","alt":"","srcset":"https:\/\/tara.rs\/wp-content\/uploads\/2021\/12\/apartmani-smestaj-tara-kaludjerskre-bare-6-150x150.jpg 150w, https:\/\/tara.rs\/wp-content\/uploads\/2021\/12\/apartmani-smestaj-tara-kaludjerskre-bare-6-210x210.jpg 210w"},{"width":150,"height":150,"file":"2022\/01\/tara-hills-apartmani-smestaj-2.jpg","filesize":131060,"sizes":{"medium":{"file":"tara-hills-apartmani-smestaj-2-300x225.jpg","width":300,"height":225,"mime-type":"image\/jpeg","filesize":21695,"url":"https:\/\/tara.rs\/wp-content\/uploads\/2022\/01\/tara-hills-apartmani-smestaj-2-300x225.jpg"},"thumbnail":{"file":"tara-hills-apartmani-smestaj-2-150x150.jpg","width":150,"height":150,"mime-type":"image\/jpeg","filesize":8746,"url":"https:\/\/tara.rs\/wp-content\/uploads\/2022\/01\/tara-hills-apartmani-smestaj-2-150x150.jpg"},"medium_large":{"file":"tara-hills-apartmani-smestaj-2-768x576.jpg","width":768,"height":576,"mime-type":"image\/jpeg","filesize":100115,"url":"https:\/\/tara.rs\/wp-content\/uploads\/2022\/01\/tara-hills-apartmani-smestaj-2-768x576.jpg"},"post-thumbnail":{"file":"tara-hills-apartmani-smestaj-2-150x113.jpg","width":150,"height":113,"mime-type":"image\/jpeg","filesize":6988,"url":"https:\/\/tara.rs\/wp-content\/uploads\/2022\/01\/tara-hills-apartmani-smestaj-2-150x113.jpg"},"modern-property-child-slider":{"file":"tara-hills-apartmani-smestaj-2-680x510.jpg","width":680,"height":510,"mime-type":"image\/jpeg","filesize":82613,"url":"https:\/\/tara.rs\/wp-content\/uploads\/2022\/01\/tara-hills-apartmani-smestaj-2-680x510.jpg"},"property-thumb-image":{"file":"tara-hills-apartmani-smestaj-2-488x326.jpg","width":488,"height":326,"mime-type":"image\/jpeg","filesize":44731,"url":"https:\/\/tara.rs\/wp-content\/uploads\/2022\/01\/tara-hills-apartmani-smestaj-2-488x326.jpg"},"property-detail-video-image":{"file":"tara-hills-apartmani-smestaj-2-800x417.jpg","width":800,"height":417,"mime-type":"image\/jpeg","filesize":94396,"url":"https:\/\/tara.rs\/wp-content\/uploads\/2022\/01\/tara-hills-apartmani-smestaj-2-800x417.jpg"},"agent-image":{"file":"tara-hills-apartmani-smestaj-2-210x210.jpg","width":210,"height":210,"mime-type":"image\/jpeg","filesize":15092,"url":"https:\/\/tara.rs\/wp-content\/uploads\/2022\/01\/tara-hills-apartmani-smestaj-2-210x210.jpg"},"partners-logo":{"file":"tara-hills-apartmani-smestaj-2-600x600.jpg","width":600,"height":600,"mime-type":"image\/jpeg","filesize":92343,"url":"https:\/\/tara.rs\/wp-content\/uploads\/2022\/01\/tara-hills-apartmani-smestaj-2-600x600.jpg"}},"image_meta":{"aperture":"0","credit":"","camera":"","caption":"","created_timestamp":"0","copyright":"","focal_length":"0","iso":"0","shutter_speed":"0","title":"","orientation":"0","keywords":[]},"ID":"66787","name":"tara-hills-apartmani-smestaj-2.jpg","path":"\/home\/tarars\/public_html\/wp-content\/uploads\/2022\/01\/tara-hills-apartmani-smestaj-2.jpg","url":"https:\/\/tara.rs\/wp-content\/uploads\/2022\/01\/tara-hills-apartmani-smestaj-2-150x150.jpg","full_url":"https:\/\/tara.rs\/wp-content\/uploads\/2022\/01\/tara-hills-apartmani-smestaj-2.jpg","title":"tara-hills-apartmani-smestaj (2)","caption":"","description":"","alt":"","srcset":"https:\/\/tara.rs\/wp-content\/uploads\/2022\/01\/tara-hills-apartmani-smestaj-2-150x150.jpg 150w, https:\/\/tara.rs\/wp-content\/uploads\/2022\/01\/tara-hills-apartmani-smestaj-2-210x210.jpg 210w, https:\/\/tara.rs\/wp-content\/uploads\/2022\/01\/tara-hills-apartmani-smestaj-2-600x600.jpg 600w"},{"width":150,"height":150,"file":"2021\/12\/apartmani-smestaj-tara-kaludjerskre-bare-5.jpg","sizes":{"medium":{"file":"apartmani-smestaj-tara-kaludjerskre-bare-5-300x200.jpg","width":300,"height":200,"mime-type":"image\/jpeg","url":"https:\/\/tara.rs\/wp-content\/uploads\/2021\/12\/apartmani-smestaj-tara-kaludjerskre-bare-5-300x200.jpg"},"thumbnail":{"file":"apartmani-smestaj-tara-kaludjerskre-bare-5-150x150.jpg","width":150,"height":150,"mime-type":"image\/jpeg","url":"https:\/\/tara.rs\/wp-content\/uploads\/2021\/12\/apartmani-smestaj-tara-kaludjerskre-bare-5-150x150.jpg"},"medium_large":{"file":"apartmani-smestaj-tara-kaludjerskre-bare-5-768x512.jpg","width":768,"height":512,"mime-type":"image\/jpeg","url":"https:\/\/tara.rs\/wp-content\/uploads\/2021\/12\/apartmani-smestaj-tara-kaludjerskre-bare-5-768x512.jpg"},"post-thumbnail":{"file":"apartmani-smestaj-tara-kaludjerskre-bare-5-150x100.jpg","width":150,"height":100,"mime-type":"image\/jpeg","url":"https:\/\/tara.rs\/wp-content\/uploads\/2021\/12\/apartmani-smestaj-tara-kaludjerskre-bare-5-150x100.jpg"},"modern-property-child-slider":{"file":"apartmani-smestaj-tara-kaludjerskre-bare-5-680x510.jpg","width":680,"height":510,"mime-type":"image\/jpeg","url":"https:\/\/tara.rs\/wp-content\/uploads\/2021\/12\/apartmani-smestaj-tara-kaludjerskre-bare-5-680x510.jpg"},"property-thumb-image":{"file":"apartmani-smestaj-tara-kaludjerskre-bare-5-488x326.jpg","width":488,"height":326,"mime-type":"image\/jpeg","url":"https:\/\/tara.rs\/wp-content\/uploads\/2021\/12\/apartmani-smestaj-tara-kaludjerskre-bare-5-488x326.jpg"},"property-detail-video-image":{"file":"apartmani-smestaj-tara-kaludjerskre-bare-5-818x417.jpg","width":818,"height":417,"mime-type":"image\/jpeg","url":"https:\/\/tara.rs\/wp-content\/uploads\/2021\/12\/apartmani-smestaj-tara-kaludjerskre-bare-5-818x417.jpg"},"agent-image":{"file":"apartmani-smestaj-tara-kaludjerskre-bare-5-210x210.jpg","width":210,"height":210,"mime-type":"image\/jpeg","url":"https:\/\/tara.rs\/wp-content\/uploads\/2021\/12\/apartmani-smestaj-tara-kaludjerskre-bare-5-210x210.jpg"},"partners-logo":{"file":"apartmani-smestaj-tara-kaludjerskre-bare-5-600x553.jpg","width":600,"height":553,"mime-type":"image\/jpeg","url":"https:\/\/tara.rs\/wp-content\/uploads\/2021\/12\/apartmani-smestaj-tara-kaludjerskre-bare-5-600x553.jpg"},"gallery-two-column-image":{"file":"apartmani-smestaj-tara-kaludjerskre-bare-5-536x269.jpg","width":536,"height":269,"mime-type":"image\/jpeg","url":"https:\/\/tara.rs\/wp-content\/uploads\/2021\/12\/apartmani-smestaj-tara-kaludjerskre-bare-5-536x269.jpg"},"property-detail-slider-thumb":{"file":"apartmani-smestaj-tara-kaludjerskre-bare-5-82x60.jpg","width":82,"height":60,"mime-type":"image\/jpeg","url":"https:\/\/tara.rs\/wp-content\/uploads\/2021\/12\/apartmani-smestaj-tara-kaludjerskre-bare-5-82x60.jpg"}},"image_meta":{"aperture":"0","credit":"","camera":"","caption":"","created_timestamp":"0","copyright":"","focal_length":"0","iso":"0","shutter_speed":"0","title":"","orientation":"0","keywords":[]},"ID":"45636","name":"apartmani-smestaj-tara-kaludjerskre-bare-5.jpg","path":"\/home\/tarars\/public_html\/wp-content\/uploads\/2021\/12\/apartmani-smestaj-tara-kaludjerskre-bare-5.jpg","url":"https:\/\/tara.rs\/wp-content\/uploads\/2021\/12\/apartmani-smestaj-tara-kaludjerskre-bare-5-150x150.jpg","full_url":"https:\/\/tara.rs\/wp-content\/uploads\/2021\/12\/apartmani-smestaj-tara-kaludjerskre-bare-5.jpg","title":"apartmani-smestaj-tara-kaludjerskre-bare-5","caption":"","description":"","alt":"","srcset":"https:\/\/tara.rs\/wp-content\/uploads\/2021\/12\/apartmani-smestaj-tara-kaludjerskre-bare-5-150x150.jpg 150w, https:\/\/tara.rs\/wp-content\/uploads\/2021\/12\/apartmani-smestaj-tara-kaludjerskre-bare-5-210x210.jpg 210w"},{"width":150,"height":150,"file":"2021\/12\/apartmani-smestaj-tara-kaludjerskre-bare-3.jpg","sizes":{"medium":{"file":"apartmani-smestaj-tara-kaludjerskre-bare-3-300x200.jpg","width":300,"height":200,"mime-type":"image\/jpeg","url":"https:\/\/tara.rs\/wp-content\/uploads\/2021\/12\/apartmani-smestaj-tara-kaludjerskre-bare-3-300x200.jpg"},"thumbnail":{"file":"apartmani-smestaj-tara-kaludjerskre-bare-3-150x150.jpg","width":150,"height":150,"mime-type":"image\/jpeg","url":"https:\/\/tara.rs\/wp-content\/uploads\/2021\/12\/apartmani-smestaj-tara-kaludjerskre-bare-3-150x150.jpg"},"medium_large":{"file":"apartmani-smestaj-tara-kaludjerskre-bare-3-768x512.jpg","width":768,"height":512,"mime-type":"image\/jpeg","url":"https:\/\/tara.rs\/wp-content\/uploads\/2021\/12\/apartmani-smestaj-tara-kaludjerskre-bare-3-768x512.jpg"},"post-thumbnail":{"file":"apartmani-smestaj-tara-kaludjerskre-bare-3-150x100.jpg","width":150,"height":100,"mime-type":"image\/jpeg","url":"https:\/\/tara.rs\/wp-content\/uploads\/2021\/12\/apartmani-smestaj-tara-kaludjerskre-bare-3-150x100.jpg"},"modern-property-child-slider":{"file":"apartmani-smestaj-tara-kaludjerskre-bare-3-680x510.jpg","width":680,"height":510,"mime-type":"image\/jpeg","url":"https:\/\/tara.rs\/wp-content\/uploads\/2021\/12\/apartmani-smestaj-tara-kaludjerskre-bare-3-680x510.jpg"},"property-thumb-image":{"file":"apartmani-smestaj-tara-kaludjerskre-bare-3-488x326.jpg","width":488,"height":326,"mime-type":"image\/jpeg","url":"https:\/\/tara.rs\/wp-content\/uploads\/2021\/12\/apartmani-smestaj-tara-kaludjerskre-bare-3-488x326.jpg"},"property-detail-video-image":{"file":"apartmani-smestaj-tara-kaludjerskre-bare-3-818x417.jpg","width":818,"height":417,"mime-type":"image\/jpeg","url":"https:\/\/tara.rs\/wp-content\/uploads\/2021\/12\/apartmani-smestaj-tara-kaludjerskre-bare-3-818x417.jpg"},"agent-image":{"file":"apartmani-smestaj-tara-kaludjerskre-bare-3-210x210.jpg","width":210,"height":210,"mime-type":"image\/jpeg","url":"https:\/\/tara.rs\/wp-content\/uploads\/2021\/12\/apartmani-smestaj-tara-kaludjerskre-bare-3-210x210.jpg"},"partners-logo":{"file":"apartmani-smestaj-tara-kaludjerskre-bare-3-600x553.jpg","width":600,"height":553,"mime-type":"image\/jpeg","url":"https:\/\/tara.rs\/wp-content\/uploads\/2021\/12\/apartmani-smestaj-tara-kaludjerskre-bare-3-600x553.jpg"},"gallery-two-column-image":{"file":"apartmani-smestaj-tara-kaludjerskre-bare-3-536x269.jpg","width":536,"height":269,"mime-type":"image\/jpeg","url":"https:\/\/tara.rs\/wp-content\/uploads\/2021\/12\/apartmani-smestaj-tara-kaludjerskre-bare-3-536x269.jpg"},"property-detail-slider-thumb":{"file":"apartmani-smestaj-tara-kaludjerskre-bare-3-82x60.jpg","width":82,"height":60,"mime-type":"image\/jpeg","url":"https:\/\/tara.rs\/wp-content\/uploads\/2021\/12\/apartmani-smestaj-tara-kaludjerskre-bare-3-82x60.jpg"}},"image_meta":{"aperture":"0","credit":"","camera":"","caption":"","created_timestamp":"0","copyright":"","focal_length":"0","iso":"0","shutter_speed":"0","title":"","orientation":"0","keywords":[]},"ID":"45634","name":"apartmani-smestaj-tara-kaludjerskre-bare-3.jpg","path":"\/home\/tarars\/public_html\/wp-content\/uploads\/2021\/12\/apartmani-smestaj-tara-kaludjerskre-bare-3.jpg","url":"https:\/\/tara.rs\/wp-content\/uploads\/2021\/12\/apartmani-smestaj-tara-kaludjerskre-bare-3-150x150.jpg","full_url":"https:\/\/tara.rs\/wp-content\/uploads\/2021\/12\/apartmani-smestaj-tara-kaludjerskre-bare-3.jpg","title":"apartmani-smestaj-tara-kaludjerskre-bare-3","caption":"","description":"","alt":"","srcset":"https:\/\/tara.rs\/wp-content\/uploads\/2021\/12\/apartmani-smestaj-tara-kaludjerskre-bare-3-150x150.jpg 150w, https:\/\/tara.rs\/wp-content\/uploads\/2021\/12\/apartmani-smestaj-tara-kaludjerskre-bare-3-210x210.jpg 210w"}],"REAL_HOMES_change_gallery_slider_type":"0","REAL_HOMES_gallery_slider_type":"thumb-on-right","inspiry_floor_plans":[],"inspiry_video_group":[],"REAL_HOMES_360_virtual_tour":"","REAL_HOMES_agent_display_option":"agent_info","REAL_HOMES_agents":["47142"],"REAL_HOMES_energy_class":"none","REAL_HOMES_energy_performance":"","REAL_HOMES_epc_current_rating":"","REAL_HOMES_epc_potential_rating":"","ere_property_schedule_tour":"global","ere_property_schedule_time_slots":"","ere_property_schedule_description":"","REAL_HOMES_sticky":"0","inspiry_property_label":"NOVI APARTMANI","inspiry_property_label_color":"#dd3333","inspiry_property_tax":"0","inspiry_additional_fee":"0","REAL_HOMES_attachments":[],"inspiry_property_owner_name":"","inspiry_property_owner_contact":"","inspiry_property_owner_address":"","REAL_HOMES_property_private_note":"","inspiry_message_to_reviewer":"","inspiry_global_property_template_override":"0","REAL_HOMES_add_in_slider":"no","REAL_HOMES_slider_image":[],"REAL_HOMES_page_banner_image":[],"REAL_HOMES_hide_property_advance_search":"0","inspiry_kapacitet":"4 Apartmana","inspiry_cenovnik":"Cena zavisi od broja osoba i du\u017eine boravka.","inspiry_vau\u010ceri":"","REAL_HOMES_custom_header_display":"default","REAL_HOMES_custom_header_position":"relative","REAL_HOMES_custom_footer_display":"default","REAL_HOMES_hide_advance_search":"0","REAL_HOMES_custom_search_form":"default","REAL_HOMES_search_form_margin_top":"","REAL_HOMES_search_form_margin_bottom":""},"_links":{"self":[{"href":"https:\/\/tara.rs\/en\/wp-json\/wp\/v2\/objekat\/47140"}],"collection":[{"href":"https:\/\/tara.rs\/en\/wp-json\/wp\/v2\/objekat"}],"about":[{"href":"https:\/\/tara.rs\/en\/wp-json\/wp\/v2\/types\/property"}],"author":[{"embeddable":true,"href":"https:\/\/tara.rs\/en\/wp-json\/wp\/v2\/users\/1"}],"replies":[{"embeddable":true,"href":"https:\/\/tara.rs\/en\/wp-json\/wp\/v2\/comments?post=47140"}],"version-history":[{"count":6,"href":"https:\/\/tara.rs\/en\/wp-json\/wp\/v2\/objekat\/47140\/revisions"}],"predecessor-version":[{"id":79993,"href":"https:\/\/tara.rs\/en\/wp-json\/wp\/v2\/objekat\/47140\/revisions\/79993"}],"wp:featuredmedia":[{"embeddable":true,"href":"https:\/\/tara.rs\/en\/wp-json\/wp\/v2\/media\/66802"}],"wp:attachment":[{"href":"https:\/\/tara.rs\/en\/wp-json\/wp\/v2\/media?parent=47140"}],"wp:term":[{"taxonomy":"property-feature","embeddable":true,"href":"https:\/\/tara.rs\/en\/wp-json\/wp\/v2\/objekat-osobina?post=47140"},{"taxonomy":"property-type","embeddable":true,"href":"https:\/\/tara.rs\/en\/wp-json\/wp\/v2\/Objekat - top?post=47140"},{"taxonomy":"property-city","embeddable":true,"href":"https:\/\/tara.rs\/en\/wp-json\/wp\/v2\/osobina - lokacija?post=47140"},{"taxonomy":"property-status","embeddable":true,"href":"https:\/\/tara.rs\/en\/wp-json\/wp\/v2\/objekat - status?post=47140"}],"curies":[{"name":"wp","href":"https:\/\/api.w.org\/{rel}","templated":true}]}}