{"id":6194,"date":"2025-02-06T18:34:06","date_gmt":"2025-02-06T17:34:06","guid":{"rendered":"http:\/\/tara.rs\/sr\/?post_type=property&#038;p=6194"},"modified":"2025-03-31T09:53:03","modified_gmt":"2025-03-31T07:53:03","slug":"apartman-malesevic","status":"publish","type":"property","link":"https:\/\/tara.rs\/en\/property\/apartments-malesevic\/","title":{"rendered":"Apartments &#8220;Male\u0161evi\u0107&#8221;"},"content":{"rendered":"<p><strong>Apartments &#8220;Male\u0161evi\u0107&#8221; are located in the most beautiful part of Kaludjerske Bare, at the crossroads for the hotel Omoriku and Mitrovac, surrounded by a pine forest. <a href=\"https:\/\/goo.gl\/maps\/kkwp9GGuk5VNwGUK6\" target=\"_blank\" rel=\"noopener\">See location on Google Maps<\/a><\/strong><\/p>\n<p><strong>Newly built, modernly equipped and comfortable mountain-style apartments will make you spend an unforgettable vacation on this mountain Tara.<\/strong><\/p>\n<p><strong>The apartments have free WIFI internet.<\/strong><\/p>\n<p><strong>In the large yard of 5 acres there is a summer house equipped with barbecue, honeycomb, kettle and el. skewer, as well as parking space.<\/strong><\/p>\n<p><strong>Near the apartment there are sports fields, toboggan runs and a ski lift near the hotel &#8220;Omorika&#8221; and the restaurant &#8220;Kurta&#8221;. The ski lift near the hotel &#8220;Beli Bor&#8221; is located at a distance of about 1.5 km<\/strong><\/p>\n<p><strong>The apartments have free Wi-Fi.<\/strong><\/p>\n<p style=\"text-align: center;\"><strong>Apartment 1 Male\u0161evi\u0107 of 40 m2 has a living room (with sofa bed) with kitchen, one double bedroom, bathroom and terrace. Everything is brand new and fully equipped.<\/strong><\/p>\n\n\t\t<style type=\"text\/css\">\n\t\t\t#gallery-5 {\n\t\t\t\tmargin: auto;\n\t\t\t}\n\t\t\t#gallery-5 .gallery-item {\n\t\t\t\tfloat: left;\n\t\t\t\tmargin-top: 10px;\n\t\t\t\ttext-align: center;\n\t\t\t\twidth: 20%;\n\t\t\t}\n\t\t\t#gallery-5 img {\n\t\t\t\tborder: 2px solid #cfcfcf;\n\t\t\t}\n\t\t\t#gallery-5 .gallery-caption {\n\t\t\t\tmargin-left: 0;\n\t\t\t}\n\t\t\t\/* see gallery_shortcode() in wp-includes\/media.php *\/\n\t\t<\/style>\n\t\t<div id='gallery-5' class='gallery galleryid-6194 gallery-columns-5 gallery-size-thumbnail'><dl class='gallery-item'>\n\t\t\t<dt class='gallery-icon landscape'>\n\t\t\t\t<a href='https:\/\/tara.rs\/wp-content\/uploads\/2017\/11\/tara-apartmani-malesevic-2022-1.jpg' title=\"\" data-rl_title=\"\" class=\"rl-gallery-link\" data-rl_caption=\"\" data-rel=\"lightbox-gallery-5\"><img decoding=\"async\" width=\"150\" height=\"150\" src=\"https:\/\/tara.rs\/wp-content\/uploads\/2017\/11\/tara-apartmani-malesevic-2022-1-150x150.jpg\" class=\"attachment-thumbnail size-thumbnail\" alt=\"\" srcset=\"https:\/\/tara.rs\/wp-content\/uploads\/2017\/11\/tara-apartmani-malesevic-2022-1-150x150.jpg 150w, https:\/\/tara.rs\/wp-content\/uploads\/2017\/11\/tara-apartmani-malesevic-2022-1-210x210.jpg 210w\" sizes=\"(max-width: 150px) 100vw, 150px\" \/><\/a>\n\t\t\t<\/dt><\/dl><dl class='gallery-item'>\n\t\t\t<dt class='gallery-icon landscape'>\n\t\t\t\t<a href='https:\/\/tara.rs\/wp-content\/uploads\/2017\/11\/tara-apartmani-malesevic-2022-2.jpg' title=\"\" data-rl_title=\"\" class=\"rl-gallery-link\" data-rl_caption=\"\" data-rel=\"lightbox-gallery-5\"><img decoding=\"async\" width=\"150\" height=\"150\" src=\"https:\/\/tara.rs\/wp-content\/uploads\/2017\/11\/tara-apartmani-malesevic-2022-2-150x150.jpg\" class=\"attachment-thumbnail size-thumbnail\" alt=\"\" srcset=\"https:\/\/tara.rs\/wp-content\/uploads\/2017\/11\/tara-apartmani-malesevic-2022-2-150x150.jpg 150w, https:\/\/tara.rs\/wp-content\/uploads\/2017\/11\/tara-apartmani-malesevic-2022-2-210x210.jpg 210w\" sizes=\"(max-width: 150px) 100vw, 150px\" \/><\/a>\n\t\t\t<\/dt><\/dl><dl class='gallery-item'>\n\t\t\t<dt class='gallery-icon landscape'>\n\t\t\t\t<a href='https:\/\/tara.rs\/wp-content\/uploads\/2017\/11\/tara-apartmani-malesevic-2022-3.jpg' title=\"\" data-rl_title=\"\" class=\"rl-gallery-link\" data-rl_caption=\"\" data-rel=\"lightbox-gallery-5\"><img decoding=\"async\" width=\"150\" height=\"150\" src=\"https:\/\/tara.rs\/wp-content\/uploads\/2017\/11\/tara-apartmani-malesevic-2022-3-150x150.jpg\" class=\"attachment-thumbnail size-thumbnail\" alt=\"\" srcset=\"https:\/\/tara.rs\/wp-content\/uploads\/2017\/11\/tara-apartmani-malesevic-2022-3-150x150.jpg 150w, https:\/\/tara.rs\/wp-content\/uploads\/2017\/11\/tara-apartmani-malesevic-2022-3-300x300.jpg 300w, https:\/\/tara.rs\/wp-content\/uploads\/2017\/11\/tara-apartmani-malesevic-2022-3-210x210.jpg 210w, https:\/\/tara.rs\/wp-content\/uploads\/2017\/11\/tara-apartmani-malesevic-2022-3.jpg 560w\" sizes=\"(max-width: 150px) 100vw, 150px\" \/><\/a>\n\t\t\t<\/dt><\/dl><dl class='gallery-item'>\n\t\t\t<dt class='gallery-icon landscape'>\n\t\t\t\t<a href='https:\/\/tara.rs\/wp-content\/uploads\/2017\/11\/tara-apartmani-malesevic-2022-4.jpg' title=\"\" data-rl_title=\"\" class=\"rl-gallery-link\" data-rl_caption=\"\" data-rel=\"lightbox-gallery-5\"><img loading=\"lazy\" decoding=\"async\" width=\"150\" height=\"150\" src=\"https:\/\/tara.rs\/wp-content\/uploads\/2017\/11\/tara-apartmani-malesevic-2022-4-150x150.jpg\" class=\"attachment-thumbnail size-thumbnail\" alt=\"\" srcset=\"https:\/\/tara.rs\/wp-content\/uploads\/2017\/11\/tara-apartmani-malesevic-2022-4-150x150.jpg 150w, https:\/\/tara.rs\/wp-content\/uploads\/2017\/11\/tara-apartmani-malesevic-2022-4-300x300.jpg 300w, https:\/\/tara.rs\/wp-content\/uploads\/2017\/11\/tara-apartmani-malesevic-2022-4-210x210.jpg 210w, https:\/\/tara.rs\/wp-content\/uploads\/2017\/11\/tara-apartmani-malesevic-2022-4.jpg 560w\" sizes=\"(max-width: 150px) 100vw, 150px\" \/><\/a>\n\t\t\t<\/dt><\/dl><dl class='gallery-item'>\n\t\t\t<dt class='gallery-icon landscape'>\n\t\t\t\t<a href='https:\/\/tara.rs\/wp-content\/uploads\/2017\/11\/tara-apartmani-malesevic-2022-5.jpg' title=\"\" data-rl_title=\"\" class=\"rl-gallery-link\" data-rl_caption=\"\" data-rel=\"lightbox-gallery-5\"><img loading=\"lazy\" decoding=\"async\" width=\"150\" height=\"150\" src=\"https:\/\/tara.rs\/wp-content\/uploads\/2017\/11\/tara-apartmani-malesevic-2022-5-150x150.jpg\" class=\"attachment-thumbnail size-thumbnail\" alt=\"\" srcset=\"https:\/\/tara.rs\/wp-content\/uploads\/2017\/11\/tara-apartmani-malesevic-2022-5-150x150.jpg 150w, https:\/\/tara.rs\/wp-content\/uploads\/2017\/11\/tara-apartmani-malesevic-2022-5-210x210.jpg 210w\" sizes=\"(max-width: 150px) 100vw, 150px\" \/><\/a>\n\t\t\t<\/dt><\/dl><br style=\"clear: both\" \/><dl class='gallery-item'>\n\t\t\t<dt class='gallery-icon landscape'>\n\t\t\t\t<a href='https:\/\/tara.rs\/wp-content\/uploads\/2017\/11\/tara-apartmani-malesevic-2022-6.jpg' title=\"\" data-rl_title=\"\" class=\"rl-gallery-link\" data-rl_caption=\"\" data-rel=\"lightbox-gallery-5\"><img loading=\"lazy\" decoding=\"async\" width=\"150\" height=\"150\" src=\"https:\/\/tara.rs\/wp-content\/uploads\/2017\/11\/tara-apartmani-malesevic-2022-6-150x150.jpg\" class=\"attachment-thumbnail size-thumbnail\" alt=\"\" srcset=\"https:\/\/tara.rs\/wp-content\/uploads\/2017\/11\/tara-apartmani-malesevic-2022-6-150x150.jpg 150w, https:\/\/tara.rs\/wp-content\/uploads\/2017\/11\/tara-apartmani-malesevic-2022-6-300x300.jpg 300w, https:\/\/tara.rs\/wp-content\/uploads\/2017\/11\/tara-apartmani-malesevic-2022-6-210x210.jpg 210w, https:\/\/tara.rs\/wp-content\/uploads\/2017\/11\/tara-apartmani-malesevic-2022-6.jpg 560w\" sizes=\"(max-width: 150px) 100vw, 150px\" \/><\/a>\n\t\t\t<\/dt><\/dl><dl class='gallery-item'>\n\t\t\t<dt class='gallery-icon landscape'>\n\t\t\t\t<a href='https:\/\/tara.rs\/wp-content\/uploads\/2017\/11\/tara-apartmani-malesevic-2022-7.jpg' title=\"\" data-rl_title=\"\" class=\"rl-gallery-link\" data-rl_caption=\"\" data-rel=\"lightbox-gallery-5\"><img loading=\"lazy\" decoding=\"async\" width=\"150\" height=\"150\" src=\"https:\/\/tara.rs\/wp-content\/uploads\/2017\/11\/tara-apartmani-malesevic-2022-7-150x150.jpg\" class=\"attachment-thumbnail size-thumbnail\" alt=\"\" srcset=\"https:\/\/tara.rs\/wp-content\/uploads\/2017\/11\/tara-apartmani-malesevic-2022-7-150x150.jpg 150w, https:\/\/tara.rs\/wp-content\/uploads\/2017\/11\/tara-apartmani-malesevic-2022-7-300x300.jpg 300w, https:\/\/tara.rs\/wp-content\/uploads\/2017\/11\/tara-apartmani-malesevic-2022-7-210x210.jpg 210w, https:\/\/tara.rs\/wp-content\/uploads\/2017\/11\/tara-apartmani-malesevic-2022-7.jpg 560w\" sizes=\"(max-width: 150px) 100vw, 150px\" \/><\/a>\n\t\t\t<\/dt><\/dl><dl class='gallery-item'>\n\t\t\t<dt class='gallery-icon portrait'>\n\t\t\t\t<a href='https:\/\/tara.rs\/wp-content\/uploads\/2017\/11\/tara-apartmani-malesevic-2022-8.jpg' title=\"\" data-rl_title=\"\" class=\"rl-gallery-link\" data-rl_caption=\"\" data-rel=\"lightbox-gallery-5\"><img loading=\"lazy\" decoding=\"async\" width=\"150\" height=\"150\" src=\"https:\/\/tara.rs\/wp-content\/uploads\/2017\/11\/tara-apartmani-malesevic-2022-8-150x150.jpg\" class=\"attachment-thumbnail size-thumbnail\" alt=\"\" srcset=\"https:\/\/tara.rs\/wp-content\/uploads\/2017\/11\/tara-apartmani-malesevic-2022-8-150x150.jpg 150w, https:\/\/tara.rs\/wp-content\/uploads\/2017\/11\/tara-apartmani-malesevic-2022-8-210x210.jpg 210w\" sizes=\"(max-width: 150px) 100vw, 150px\" \/><\/a>\n\t\t\t<\/dt><\/dl><dl class='gallery-item'>\n\t\t\t<dt class='gallery-icon portrait'>\n\t\t\t\t<a href='https:\/\/tara.rs\/wp-content\/uploads\/2017\/11\/tara-apartmani-malesevic-2022-9.jpg' title=\"\" data-rl_title=\"\" class=\"rl-gallery-link\" data-rl_caption=\"\" data-rel=\"lightbox-gallery-5\"><img loading=\"lazy\" decoding=\"async\" width=\"150\" height=\"150\" src=\"https:\/\/tara.rs\/wp-content\/uploads\/2017\/11\/tara-apartmani-malesevic-2022-9-150x150.jpg\" class=\"attachment-thumbnail size-thumbnail\" alt=\"\" srcset=\"https:\/\/tara.rs\/wp-content\/uploads\/2017\/11\/tara-apartmani-malesevic-2022-9-150x150.jpg 150w, https:\/\/tara.rs\/wp-content\/uploads\/2017\/11\/tara-apartmani-malesevic-2022-9-210x210.jpg 210w\" sizes=\"(max-width: 150px) 100vw, 150px\" \/><\/a>\n\t\t\t<\/dt><\/dl><dl class='gallery-item'>\n\t\t\t<dt class='gallery-icon landscape'>\n\t\t\t\t<a href='https:\/\/tara.rs\/wp-content\/uploads\/2017\/11\/tara-apartmani-malesevic-2022-10.jpg' title=\"\" data-rl_title=\"\" class=\"rl-gallery-link\" data-rl_caption=\"\" data-rel=\"lightbox-gallery-5\"><img loading=\"lazy\" decoding=\"async\" width=\"150\" height=\"150\" src=\"https:\/\/tara.rs\/wp-content\/uploads\/2017\/11\/tara-apartmani-malesevic-2022-10-150x150.jpg\" class=\"attachment-thumbnail size-thumbnail\" alt=\"\" srcset=\"https:\/\/tara.rs\/wp-content\/uploads\/2017\/11\/tara-apartmani-malesevic-2022-10-150x150.jpg 150w, https:\/\/tara.rs\/wp-content\/uploads\/2017\/11\/tara-apartmani-malesevic-2022-10-210x210.jpg 210w\" sizes=\"(max-width: 150px) 100vw, 150px\" \/><\/a>\n\t\t\t<\/dt><\/dl><br style=\"clear: both\" \/><dl class='gallery-item'>\n\t\t\t<dt class='gallery-icon portrait'>\n\t\t\t\t<a href='https:\/\/tara.rs\/wp-content\/uploads\/2017\/11\/tara-apartmani-malesevic-2022-11.jpg' title=\"\" data-rl_title=\"\" class=\"rl-gallery-link\" data-rl_caption=\"\" data-rel=\"lightbox-gallery-5\"><img loading=\"lazy\" decoding=\"async\" width=\"150\" height=\"150\" src=\"https:\/\/tara.rs\/wp-content\/uploads\/2017\/11\/tara-apartmani-malesevic-2022-11-150x150.jpg\" class=\"attachment-thumbnail size-thumbnail\" alt=\"\" srcset=\"https:\/\/tara.rs\/wp-content\/uploads\/2017\/11\/tara-apartmani-malesevic-2022-11-150x150.jpg 150w, https:\/\/tara.rs\/wp-content\/uploads\/2017\/11\/tara-apartmani-malesevic-2022-11-210x210.jpg 210w\" sizes=\"(max-width: 150px) 100vw, 150px\" \/><\/a>\n\t\t\t<\/dt><\/dl><dl class='gallery-item'>\n\t\t\t<dt class='gallery-icon landscape'>\n\t\t\t\t<a href='https:\/\/tara.rs\/wp-content\/uploads\/2017\/11\/tara-apartmani-malesevic-2022-12.jpg' title=\"\" data-rl_title=\"\" class=\"rl-gallery-link\" data-rl_caption=\"\" data-rel=\"lightbox-gallery-5\"><img loading=\"lazy\" decoding=\"async\" width=\"150\" height=\"150\" src=\"https:\/\/tara.rs\/wp-content\/uploads\/2017\/11\/tara-apartmani-malesevic-2022-12-150x150.jpg\" class=\"attachment-thumbnail size-thumbnail\" alt=\"\" srcset=\"https:\/\/tara.rs\/wp-content\/uploads\/2017\/11\/tara-apartmani-malesevic-2022-12-150x150.jpg 150w, https:\/\/tara.rs\/wp-content\/uploads\/2017\/11\/tara-apartmani-malesevic-2022-12-300x300.jpg 300w, https:\/\/tara.rs\/wp-content\/uploads\/2017\/11\/tara-apartmani-malesevic-2022-12-210x210.jpg 210w, https:\/\/tara.rs\/wp-content\/uploads\/2017\/11\/tara-apartmani-malesevic-2022-12.jpg 560w\" sizes=\"(max-width: 150px) 100vw, 150px\" \/><\/a>\n\t\t\t<\/dt><\/dl><dl class='gallery-item'>\n\t\t\t<dt class='gallery-icon portrait'>\n\t\t\t\t<a href='https:\/\/tara.rs\/wp-content\/uploads\/2017\/11\/tara-apartmani-malesevic-2022-13.jpg' title=\"\" data-rl_title=\"\" class=\"rl-gallery-link\" data-rl_caption=\"\" data-rel=\"lightbox-gallery-5\"><img loading=\"lazy\" decoding=\"async\" width=\"150\" height=\"150\" src=\"https:\/\/tara.rs\/wp-content\/uploads\/2017\/11\/tara-apartmani-malesevic-2022-13-150x150.jpg\" class=\"attachment-thumbnail size-thumbnail\" alt=\"\" srcset=\"https:\/\/tara.rs\/wp-content\/uploads\/2017\/11\/tara-apartmani-malesevic-2022-13-150x150.jpg 150w, https:\/\/tara.rs\/wp-content\/uploads\/2017\/11\/tara-apartmani-malesevic-2022-13-210x210.jpg 210w\" sizes=\"(max-width: 150px) 100vw, 150px\" \/><\/a>\n\t\t\t<\/dt><\/dl><dl class='gallery-item'>\n\t\t\t<dt class='gallery-icon portrait'>\n\t\t\t\t<a href='https:\/\/tara.rs\/wp-content\/uploads\/2017\/11\/tara-apartmani-malesevic-2022-14.jpg' title=\"\" data-rl_title=\"\" class=\"rl-gallery-link\" data-rl_caption=\"\" data-rel=\"lightbox-gallery-5\"><img loading=\"lazy\" decoding=\"async\" width=\"150\" height=\"150\" src=\"https:\/\/tara.rs\/wp-content\/uploads\/2017\/11\/tara-apartmani-malesevic-2022-14-150x150.jpg\" class=\"attachment-thumbnail size-thumbnail\" alt=\"\" srcset=\"https:\/\/tara.rs\/wp-content\/uploads\/2017\/11\/tara-apartmani-malesevic-2022-14-150x150.jpg 150w, https:\/\/tara.rs\/wp-content\/uploads\/2017\/11\/tara-apartmani-malesevic-2022-14-210x210.jpg 210w\" sizes=\"(max-width: 150px) 100vw, 150px\" \/><\/a>\n\t\t\t<\/dt><\/dl>\n\t\t\t<br style='clear: both' \/>\n\t\t<\/div>\n\n<p style=\"text-align: center;\"><strong>Apartment 2 is a studio apartment, brand new, exclusively arranged. It has a built-in fireplace, three-seater and two-seater sofa bed, it has an area of \u200b\u200b40 m2 and has a terrace with a beautiful view.<\/strong><\/p>\n\n\t\t<style type=\"text\/css\">\n\t\t\t#gallery-6 {\n\t\t\t\tmargin: auto;\n\t\t\t}\n\t\t\t#gallery-6 .gallery-item {\n\t\t\t\tfloat: left;\n\t\t\t\tmargin-top: 10px;\n\t\t\t\ttext-align: center;\n\t\t\t\twidth: 20%;\n\t\t\t}\n\t\t\t#gallery-6 img {\n\t\t\t\tborder: 2px solid #cfcfcf;\n\t\t\t}\n\t\t\t#gallery-6 .gallery-caption {\n\t\t\t\tmargin-left: 0;\n\t\t\t}\n\t\t\t\/* see gallery_shortcode() in wp-includes\/media.php *\/\n\t\t<\/style>\n\t\t<div id='gallery-6' class='gallery galleryid-6194 gallery-columns-5 gallery-size-thumbnail'><dl class='gallery-item'>\n\t\t\t<dt class='gallery-icon landscape'>\n\t\t\t\t<a href='https:\/\/tara.rs\/wp-content\/uploads\/2017\/11\/apartmani-malesevic-tara-kaludjerske-bare-1-1.jpg' title=\"\" data-rl_title=\"\" class=\"rl-gallery-link\" data-rl_caption=\"\" data-rel=\"lightbox-gallery-6\"><img loading=\"lazy\" decoding=\"async\" width=\"150\" height=\"150\" src=\"https:\/\/tara.rs\/wp-content\/uploads\/2017\/11\/apartmani-malesevic-tara-kaludjerske-bare-1-1-150x150.jpg\" class=\"attachment-thumbnail size-thumbnail\" alt=\"\" srcset=\"https:\/\/tara.rs\/wp-content\/uploads\/2017\/11\/apartmani-malesevic-tara-kaludjerske-bare-1-1-150x150.jpg 150w, https:\/\/tara.rs\/wp-content\/uploads\/2017\/11\/apartmani-malesevic-tara-kaludjerske-bare-1-1-210x210.jpg 210w\" sizes=\"(max-width: 150px) 100vw, 150px\" \/><\/a>\n\t\t\t<\/dt><\/dl><dl class='gallery-item'>\n\t\t\t<dt class='gallery-icon portrait'>\n\t\t\t\t<a href='https:\/\/tara.rs\/wp-content\/uploads\/2017\/11\/apartmani-malesevic-tara-kaludjerske-bare-2-1.jpg' title=\"\" data-rl_title=\"\" class=\"rl-gallery-link\" data-rl_caption=\"\" data-rel=\"lightbox-gallery-6\"><img loading=\"lazy\" decoding=\"async\" width=\"150\" height=\"150\" src=\"https:\/\/tara.rs\/wp-content\/uploads\/2017\/11\/apartmani-malesevic-tara-kaludjerske-bare-2-1-150x150.jpg\" class=\"attachment-thumbnail size-thumbnail\" alt=\"\" srcset=\"https:\/\/tara.rs\/wp-content\/uploads\/2017\/11\/apartmani-malesevic-tara-kaludjerske-bare-2-1-150x150.jpg 150w, https:\/\/tara.rs\/wp-content\/uploads\/2017\/11\/apartmani-malesevic-tara-kaludjerske-bare-2-1-210x210.jpg 210w\" sizes=\"(max-width: 150px) 100vw, 150px\" \/><\/a>\n\t\t\t<\/dt><\/dl><dl class='gallery-item'>\n\t\t\t<dt class='gallery-icon portrait'>\n\t\t\t\t<a href='https:\/\/tara.rs\/wp-content\/uploads\/2017\/11\/apartmani-malesevic-tara-kaludjerske-bare-3-1.jpg' title=\"\" data-rl_title=\"\" class=\"rl-gallery-link\" data-rl_caption=\"\" data-rel=\"lightbox-gallery-6\"><img loading=\"lazy\" decoding=\"async\" width=\"150\" height=\"150\" src=\"https:\/\/tara.rs\/wp-content\/uploads\/2017\/11\/apartmani-malesevic-tara-kaludjerske-bare-3-1-150x150.jpg\" class=\"attachment-thumbnail size-thumbnail\" alt=\"\" srcset=\"https:\/\/tara.rs\/wp-content\/uploads\/2017\/11\/apartmani-malesevic-tara-kaludjerske-bare-3-1-150x150.jpg 150w, https:\/\/tara.rs\/wp-content\/uploads\/2017\/11\/apartmani-malesevic-tara-kaludjerske-bare-3-1-210x210.jpg 210w\" sizes=\"(max-width: 150px) 100vw, 150px\" \/><\/a>\n\t\t\t<\/dt><\/dl><dl class='gallery-item'>\n\t\t\t<dt class='gallery-icon portrait'>\n\t\t\t\t<a href='https:\/\/tara.rs\/wp-content\/uploads\/2017\/11\/apartmani-malesevic-tara-kaludjerske-bare-4-1.jpg' title=\"\" data-rl_title=\"\" class=\"rl-gallery-link\" data-rl_caption=\"\" data-rel=\"lightbox-gallery-6\"><img loading=\"lazy\" decoding=\"async\" width=\"150\" height=\"150\" src=\"https:\/\/tara.rs\/wp-content\/uploads\/2017\/11\/apartmani-malesevic-tara-kaludjerske-bare-4-1-150x150.jpg\" class=\"attachment-thumbnail size-thumbnail\" alt=\"\" srcset=\"https:\/\/tara.rs\/wp-content\/uploads\/2017\/11\/apartmani-malesevic-tara-kaludjerske-bare-4-1-150x150.jpg 150w, https:\/\/tara.rs\/wp-content\/uploads\/2017\/11\/apartmani-malesevic-tara-kaludjerske-bare-4-1-210x210.jpg 210w\" sizes=\"(max-width: 150px) 100vw, 150px\" \/><\/a>\n\t\t\t<\/dt><\/dl><dl class='gallery-item'>\n\t\t\t<dt class='gallery-icon portrait'>\n\t\t\t\t<a href='https:\/\/tara.rs\/wp-content\/uploads\/2017\/11\/apartmani-malesevic-tara-kaludjerske-bare-5-1.jpg' title=\"\" data-rl_title=\"\" class=\"rl-gallery-link\" data-rl_caption=\"\" data-rel=\"lightbox-gallery-6\"><img loading=\"lazy\" decoding=\"async\" width=\"150\" height=\"150\" src=\"https:\/\/tara.rs\/wp-content\/uploads\/2017\/11\/apartmani-malesevic-tara-kaludjerske-bare-5-1-150x150.jpg\" class=\"attachment-thumbnail size-thumbnail\" alt=\"\" srcset=\"https:\/\/tara.rs\/wp-content\/uploads\/2017\/11\/apartmani-malesevic-tara-kaludjerske-bare-5-1-150x150.jpg 150w, https:\/\/tara.rs\/wp-content\/uploads\/2017\/11\/apartmani-malesevic-tara-kaludjerske-bare-5-1-210x210.jpg 210w\" sizes=\"(max-width: 150px) 100vw, 150px\" \/><\/a>\n\t\t\t<\/dt><\/dl><br style=\"clear: both\" \/><dl class='gallery-item'>\n\t\t\t<dt class='gallery-icon landscape'>\n\t\t\t\t<a href='https:\/\/tara.rs\/wp-content\/uploads\/2017\/11\/apartmani-malesevic-tara-kaludjerske-bare-6-1.jpg' title=\"\" data-rl_title=\"\" class=\"rl-gallery-link\" data-rl_caption=\"\" data-rel=\"lightbox-gallery-6\"><img loading=\"lazy\" decoding=\"async\" width=\"150\" height=\"150\" src=\"https:\/\/tara.rs\/wp-content\/uploads\/2017\/11\/apartmani-malesevic-tara-kaludjerske-bare-6-1-150x150.jpg\" class=\"attachment-thumbnail size-thumbnail\" alt=\"\" srcset=\"https:\/\/tara.rs\/wp-content\/uploads\/2017\/11\/apartmani-malesevic-tara-kaludjerske-bare-6-1-150x150.jpg 150w, https:\/\/tara.rs\/wp-content\/uploads\/2017\/11\/apartmani-malesevic-tara-kaludjerske-bare-6-1-210x210.jpg 210w\" sizes=\"(max-width: 150px) 100vw, 150px\" \/><\/a>\n\t\t\t<\/dt><\/dl><dl class='gallery-item'>\n\t\t\t<dt class='gallery-icon landscape'>\n\t\t\t\t<a href='https:\/\/tara.rs\/wp-content\/uploads\/2017\/11\/apartmani-malesevic-tara-kaludjerske-bare-7-1.jpg' title=\"\" data-rl_title=\"\" class=\"rl-gallery-link\" data-rl_caption=\"\" data-rel=\"lightbox-gallery-6\"><img loading=\"lazy\" decoding=\"async\" width=\"150\" height=\"150\" src=\"https:\/\/tara.rs\/wp-content\/uploads\/2017\/11\/apartmani-malesevic-tara-kaludjerske-bare-7-1-150x150.jpg\" class=\"attachment-thumbnail size-thumbnail\" alt=\"\" srcset=\"https:\/\/tara.rs\/wp-content\/uploads\/2017\/11\/apartmani-malesevic-tara-kaludjerske-bare-7-1-150x150.jpg 150w, https:\/\/tara.rs\/wp-content\/uploads\/2017\/11\/apartmani-malesevic-tara-kaludjerske-bare-7-1-210x210.jpg 210w\" sizes=\"(max-width: 150px) 100vw, 150px\" \/><\/a>\n\t\t\t<\/dt><\/dl><dl class='gallery-item'>\n\t\t\t<dt class='gallery-icon portrait'>\n\t\t\t\t<a href='https:\/\/tara.rs\/wp-content\/uploads\/2017\/11\/apartmani-malesevic-tara-kaludjerske-bare-8-1.jpg' title=\"\" data-rl_title=\"\" class=\"rl-gallery-link\" data-rl_caption=\"\" data-rel=\"lightbox-gallery-6\"><img loading=\"lazy\" decoding=\"async\" width=\"150\" height=\"150\" src=\"https:\/\/tara.rs\/wp-content\/uploads\/2017\/11\/apartmani-malesevic-tara-kaludjerske-bare-8-1-150x150.jpg\" class=\"attachment-thumbnail size-thumbnail\" alt=\"\" srcset=\"https:\/\/tara.rs\/wp-content\/uploads\/2017\/11\/apartmani-malesevic-tara-kaludjerske-bare-8-1-150x150.jpg 150w, https:\/\/tara.rs\/wp-content\/uploads\/2017\/11\/apartmani-malesevic-tara-kaludjerske-bare-8-1-210x210.jpg 210w\" sizes=\"(max-width: 150px) 100vw, 150px\" \/><\/a>\n\t\t\t<\/dt><\/dl><dl class='gallery-item'>\n\t\t\t<dt class='gallery-icon landscape'>\n\t\t\t\t<a href='https:\/\/tara.rs\/wp-content\/uploads\/2017\/11\/apartmani-malesevic-tara-kaludjerske-bare-9-1.jpg' title=\"\" data-rl_title=\"\" class=\"rl-gallery-link\" data-rl_caption=\"\" data-rel=\"lightbox-gallery-6\"><img loading=\"lazy\" decoding=\"async\" width=\"150\" height=\"150\" src=\"https:\/\/tara.rs\/wp-content\/uploads\/2017\/11\/apartmani-malesevic-tara-kaludjerske-bare-9-1-150x150.jpg\" class=\"attachment-thumbnail size-thumbnail\" alt=\"\" srcset=\"https:\/\/tara.rs\/wp-content\/uploads\/2017\/11\/apartmani-malesevic-tara-kaludjerske-bare-9-1-150x150.jpg 150w, https:\/\/tara.rs\/wp-content\/uploads\/2017\/11\/apartmani-malesevic-tara-kaludjerske-bare-9-1-210x210.jpg 210w\" sizes=\"(max-width: 150px) 100vw, 150px\" \/><\/a>\n\t\t\t<\/dt><\/dl><dl class='gallery-item'>\n\t\t\t<dt class='gallery-icon landscape'>\n\t\t\t\t<a href='https:\/\/tara.rs\/wp-content\/uploads\/2017\/11\/apartmani-malesevic-tara-kaludjerske-bare-10.jpg' title=\"\" data-rl_title=\"\" class=\"rl-gallery-link\" data-rl_caption=\"\" data-rel=\"lightbox-gallery-6\"><img loading=\"lazy\" decoding=\"async\" width=\"150\" height=\"150\" src=\"https:\/\/tara.rs\/wp-content\/uploads\/2017\/11\/apartmani-malesevic-tara-kaludjerske-bare-10-150x150.jpg\" class=\"attachment-thumbnail size-thumbnail\" alt=\"\" srcset=\"https:\/\/tara.rs\/wp-content\/uploads\/2017\/11\/apartmani-malesevic-tara-kaludjerske-bare-10-150x150.jpg 150w, https:\/\/tara.rs\/wp-content\/uploads\/2017\/11\/apartmani-malesevic-tara-kaludjerske-bare-10-210x210.jpg 210w\" sizes=\"(max-width: 150px) 100vw, 150px\" \/><\/a>\n\t\t\t<\/dt><\/dl><br style=\"clear: both\" \/><dl class='gallery-item'>\n\t\t\t<dt class='gallery-icon landscape'>\n\t\t\t\t<a href='https:\/\/tara.rs\/wp-content\/uploads\/2017\/11\/apartmani-malesevic-tara-kaludjerske-bare-11.jpg' title=\"\" data-rl_title=\"\" class=\"rl-gallery-link\" data-rl_caption=\"\" data-rel=\"lightbox-gallery-6\"><img loading=\"lazy\" decoding=\"async\" width=\"150\" height=\"150\" src=\"https:\/\/tara.rs\/wp-content\/uploads\/2017\/11\/apartmani-malesevic-tara-kaludjerske-bare-11-150x150.jpg\" class=\"attachment-thumbnail size-thumbnail\" alt=\"\" srcset=\"https:\/\/tara.rs\/wp-content\/uploads\/2017\/11\/apartmani-malesevic-tara-kaludjerske-bare-11-150x150.jpg 150w, https:\/\/tara.rs\/wp-content\/uploads\/2017\/11\/apartmani-malesevic-tara-kaludjerske-bare-11-210x210.jpg 210w\" sizes=\"(max-width: 150px) 100vw, 150px\" \/><\/a>\n\t\t\t<\/dt><\/dl><dl class='gallery-item'>\n\t\t\t<dt class='gallery-icon portrait'>\n\t\t\t\t<a href='https:\/\/tara.rs\/wp-content\/uploads\/2017\/11\/apartmani-malesevic-tara-kaludjerske-bare-12.jpg' title=\"\" data-rl_title=\"\" class=\"rl-gallery-link\" data-rl_caption=\"\" data-rel=\"lightbox-gallery-6\"><img loading=\"lazy\" decoding=\"async\" width=\"150\" height=\"150\" src=\"https:\/\/tara.rs\/wp-content\/uploads\/2017\/11\/apartmani-malesevic-tara-kaludjerske-bare-12-150x150.jpg\" class=\"attachment-thumbnail size-thumbnail\" alt=\"\" srcset=\"https:\/\/tara.rs\/wp-content\/uploads\/2017\/11\/apartmani-malesevic-tara-kaludjerske-bare-12-150x150.jpg 150w, https:\/\/tara.rs\/wp-content\/uploads\/2017\/11\/apartmani-malesevic-tara-kaludjerske-bare-12-210x210.jpg 210w\" sizes=\"(max-width: 150px) 100vw, 150px\" \/><\/a>\n\t\t\t<\/dt><\/dl><dl class='gallery-item'>\n\t\t\t<dt class='gallery-icon landscape'>\n\t\t\t\t<a href='https:\/\/tara.rs\/wp-content\/uploads\/2017\/11\/apartmani-malesevic-tara-kaludjerske-bare-13.jpg' title=\"\" data-rl_title=\"\" class=\"rl-gallery-link\" data-rl_caption=\"\" data-rel=\"lightbox-gallery-6\"><img loading=\"lazy\" decoding=\"async\" width=\"150\" height=\"150\" src=\"https:\/\/tara.rs\/wp-content\/uploads\/2017\/11\/apartmani-malesevic-tara-kaludjerske-bare-13-150x150.jpg\" class=\"attachment-thumbnail size-thumbnail\" alt=\"\" srcset=\"https:\/\/tara.rs\/wp-content\/uploads\/2017\/11\/apartmani-malesevic-tara-kaludjerske-bare-13-150x150.jpg 150w, https:\/\/tara.rs\/wp-content\/uploads\/2017\/11\/apartmani-malesevic-tara-kaludjerske-bare-13-210x210.jpg 210w\" sizes=\"(max-width: 150px) 100vw, 150px\" \/><\/a>\n\t\t\t<\/dt><\/dl><dl class='gallery-item'>\n\t\t\t<dt class='gallery-icon landscape'>\n\t\t\t\t<a href='https:\/\/tara.rs\/wp-content\/uploads\/2017\/11\/apartmani-malesevic-tara-kaludjerske-bare-14.jpg' title=\"\" data-rl_title=\"\" class=\"rl-gallery-link\" data-rl_caption=\"\" data-rel=\"lightbox-gallery-6\"><img loading=\"lazy\" decoding=\"async\" width=\"150\" height=\"150\" src=\"https:\/\/tara.rs\/wp-content\/uploads\/2017\/11\/apartmani-malesevic-tara-kaludjerske-bare-14-150x150.jpg\" class=\"attachment-thumbnail size-thumbnail\" alt=\"\" srcset=\"https:\/\/tara.rs\/wp-content\/uploads\/2017\/11\/apartmani-malesevic-tara-kaludjerske-bare-14-150x150.jpg 150w, https:\/\/tara.rs\/wp-content\/uploads\/2017\/11\/apartmani-malesevic-tara-kaludjerske-bare-14-210x210.jpg 210w\" sizes=\"(max-width: 150px) 100vw, 150px\" \/><\/a>\n\t\t\t<\/dt><\/dl><dl class='gallery-item'>\n\t\t\t<dt class='gallery-icon landscape'>\n\t\t\t\t<a href='https:\/\/tara.rs\/wp-content\/uploads\/2017\/11\/apartmani-malesevic-tara-kaludjerske-bare-15.jpg' title=\"\" data-rl_title=\"\" class=\"rl-gallery-link\" data-rl_caption=\"\" data-rel=\"lightbox-gallery-6\"><img loading=\"lazy\" decoding=\"async\" width=\"150\" height=\"150\" src=\"https:\/\/tara.rs\/wp-content\/uploads\/2017\/11\/apartmani-malesevic-tara-kaludjerske-bare-15-150x150.jpg\" class=\"attachment-thumbnail size-thumbnail\" alt=\"\" srcset=\"https:\/\/tara.rs\/wp-content\/uploads\/2017\/11\/apartmani-malesevic-tara-kaludjerske-bare-15-150x150.jpg 150w, https:\/\/tara.rs\/wp-content\/uploads\/2017\/11\/apartmani-malesevic-tara-kaludjerske-bare-15-210x210.jpg 210w\" sizes=\"(max-width: 150px) 100vw, 150px\" \/><\/a>\n\t\t\t<\/dt><\/dl><br style=\"clear: both\" \/><dl class='gallery-item'>\n\t\t\t<dt class='gallery-icon landscape'>\n\t\t\t\t<a href='https:\/\/tara.rs\/wp-content\/uploads\/2017\/11\/apartmani-malesevic-tara-kaludjerske-bare-16.jpg' title=\"\" data-rl_title=\"\" class=\"rl-gallery-link\" data-rl_caption=\"\" data-rel=\"lightbox-gallery-6\"><img loading=\"lazy\" decoding=\"async\" width=\"150\" height=\"150\" src=\"https:\/\/tara.rs\/wp-content\/uploads\/2017\/11\/apartmani-malesevic-tara-kaludjerske-bare-16-150x150.jpg\" class=\"attachment-thumbnail size-thumbnail\" alt=\"\" srcset=\"https:\/\/tara.rs\/wp-content\/uploads\/2017\/11\/apartmani-malesevic-tara-kaludjerske-bare-16-150x150.jpg 150w, https:\/\/tara.rs\/wp-content\/uploads\/2017\/11\/apartmani-malesevic-tara-kaludjerske-bare-16-210x210.jpg 210w\" sizes=\"(max-width: 150px) 100vw, 150px\" \/><\/a>\n\t\t\t<\/dt><\/dl><dl class='gallery-item'>\n\t\t\t<dt class='gallery-icon landscape'>\n\t\t\t\t<a href='https:\/\/tara.rs\/wp-content\/uploads\/2017\/11\/apartmani-malesevic-tara-kaludjerske-bare-17.jpg' title=\"\" data-rl_title=\"\" class=\"rl-gallery-link\" data-rl_caption=\"\" data-rel=\"lightbox-gallery-6\"><img loading=\"lazy\" decoding=\"async\" width=\"150\" height=\"150\" src=\"https:\/\/tara.rs\/wp-content\/uploads\/2017\/11\/apartmani-malesevic-tara-kaludjerske-bare-17-150x150.jpg\" class=\"attachment-thumbnail size-thumbnail\" alt=\"\" srcset=\"https:\/\/tara.rs\/wp-content\/uploads\/2017\/11\/apartmani-malesevic-tara-kaludjerske-bare-17-150x150.jpg 150w, https:\/\/tara.rs\/wp-content\/uploads\/2017\/11\/apartmani-malesevic-tara-kaludjerske-bare-17-210x210.jpg 210w\" sizes=\"(max-width: 150px) 100vw, 150px\" \/><\/a>\n\t\t\t<\/dt><\/dl><dl class='gallery-item'>\n\t\t\t<dt class='gallery-icon landscape'>\n\t\t\t\t<a href='https:\/\/tara.rs\/wp-content\/uploads\/2017\/11\/apartmani-malesevic-tara-kaludjerske-bare-18.jpg' title=\"\" data-rl_title=\"\" class=\"rl-gallery-link\" data-rl_caption=\"\" data-rel=\"lightbox-gallery-6\"><img loading=\"lazy\" decoding=\"async\" width=\"150\" height=\"150\" src=\"https:\/\/tara.rs\/wp-content\/uploads\/2017\/11\/apartmani-malesevic-tara-kaludjerske-bare-18-150x150.jpg\" class=\"attachment-thumbnail size-thumbnail\" alt=\"\" srcset=\"https:\/\/tara.rs\/wp-content\/uploads\/2017\/11\/apartmani-malesevic-tara-kaludjerske-bare-18-150x150.jpg 150w, https:\/\/tara.rs\/wp-content\/uploads\/2017\/11\/apartmani-malesevic-tara-kaludjerske-bare-18-210x210.jpg 210w\" sizes=\"(max-width: 150px) 100vw, 150px\" \/><\/a>\n\t\t\t<\/dt><\/dl>\n\t\t\t<br style='clear: both' \/>\n\t\t<\/div>\n\n<p style=\"text-align: center;\"><strong>SUMMER HOUSE<\/strong><\/p>\n<p>\n\t\t<style type=\"text\/css\">\n\t\t\t#gallery-7 {\n\t\t\t\tmargin: auto;\n\t\t\t}\n\t\t\t#gallery-7 .gallery-item {\n\t\t\t\tfloat: left;\n\t\t\t\tmargin-top: 10px;\n\t\t\t\ttext-align: center;\n\t\t\t\twidth: 20%;\n\t\t\t}\n\t\t\t#gallery-7 img {\n\t\t\t\tborder: 2px solid #cfcfcf;\n\t\t\t}\n\t\t\t#gallery-7 .gallery-caption {\n\t\t\t\tmargin-left: 0;\n\t\t\t}\n\t\t\t\/* see gallery_shortcode() in wp-includes\/media.php *\/\n\t\t<\/style>\n\t\t<div id='gallery-7' class='gallery galleryid-6194 gallery-columns-5 gallery-size-thumbnail'><dl class='gallery-item'>\n\t\t\t<dt class='gallery-icon landscape'>\n\t\t\t\t<a href='https:\/\/tara.rs\/wp-content\/uploads\/2017\/11\/apartmani-malesevic-tara-letnjikovac-1.jpg' title=\"\" data-rl_title=\"\" class=\"rl-gallery-link\" data-rl_caption=\"\" data-rel=\"lightbox-gallery-7\"><img loading=\"lazy\" decoding=\"async\" width=\"150\" height=\"150\" src=\"https:\/\/tara.rs\/wp-content\/uploads\/2017\/11\/apartmani-malesevic-tara-letnjikovac-1-150x150.jpg\" class=\"attachment-thumbnail size-thumbnail\" alt=\"\" srcset=\"https:\/\/tara.rs\/wp-content\/uploads\/2017\/11\/apartmani-malesevic-tara-letnjikovac-1-150x150.jpg 150w, https:\/\/tara.rs\/wp-content\/uploads\/2017\/11\/apartmani-malesevic-tara-letnjikovac-1-210x210.jpg 210w\" sizes=\"(max-width: 150px) 100vw, 150px\" \/><\/a>\n\t\t\t<\/dt><\/dl><dl class='gallery-item'>\n\t\t\t<dt class='gallery-icon landscape'>\n\t\t\t\t<a href='https:\/\/tara.rs\/wp-content\/uploads\/2017\/11\/apartmani-malesevic-tara-letnjikovac-2.jpg' title=\"\" data-rl_title=\"\" class=\"rl-gallery-link\" data-rl_caption=\"\" data-rel=\"lightbox-gallery-7\"><img loading=\"lazy\" decoding=\"async\" width=\"150\" height=\"150\" src=\"https:\/\/tara.rs\/wp-content\/uploads\/2017\/11\/apartmani-malesevic-tara-letnjikovac-2-150x150.jpg\" class=\"attachment-thumbnail size-thumbnail\" alt=\"\" srcset=\"https:\/\/tara.rs\/wp-content\/uploads\/2017\/11\/apartmani-malesevic-tara-letnjikovac-2-150x150.jpg 150w, https:\/\/tara.rs\/wp-content\/uploads\/2017\/11\/apartmani-malesevic-tara-letnjikovac-2-300x300.jpg 300w, https:\/\/tara.rs\/wp-content\/uploads\/2017\/11\/apartmani-malesevic-tara-letnjikovac-2-210x210.jpg 210w, https:\/\/tara.rs\/wp-content\/uploads\/2017\/11\/apartmani-malesevic-tara-letnjikovac-2.jpg 600w\" sizes=\"(max-width: 150px) 100vw, 150px\" \/><\/a>\n\t\t\t<\/dt><\/dl><dl class='gallery-item'>\n\t\t\t<dt class='gallery-icon landscape'>\n\t\t\t\t<a href='https:\/\/tara.rs\/wp-content\/uploads\/2017\/11\/apartmani-malesevic-tara-letnjikovac-3.jpg' title=\"\" data-rl_title=\"\" class=\"rl-gallery-link\" data-rl_caption=\"\" data-rel=\"lightbox-gallery-7\"><img loading=\"lazy\" decoding=\"async\" width=\"150\" height=\"150\" src=\"https:\/\/tara.rs\/wp-content\/uploads\/2017\/11\/apartmani-malesevic-tara-letnjikovac-3-150x150.jpg\" class=\"attachment-thumbnail size-thumbnail\" alt=\"\" srcset=\"https:\/\/tara.rs\/wp-content\/uploads\/2017\/11\/apartmani-malesevic-tara-letnjikovac-3-150x150.jpg 150w, https:\/\/tara.rs\/wp-content\/uploads\/2017\/11\/apartmani-malesevic-tara-letnjikovac-3-210x210.jpg 210w\" sizes=\"(max-width: 150px) 100vw, 150px\" \/><\/a>\n\t\t\t<\/dt><\/dl><dl class='gallery-item'>\n\t\t\t<dt class='gallery-icon landscape'>\n\t\t\t\t<a href='https:\/\/tara.rs\/wp-content\/uploads\/2017\/11\/apartmani-malesevic-tara-letnjikovac-4.jpg' title=\"\" data-rl_title=\"\" class=\"rl-gallery-link\" data-rl_caption=\"\" data-rel=\"lightbox-gallery-7\"><img loading=\"lazy\" decoding=\"async\" width=\"150\" height=\"150\" src=\"https:\/\/tara.rs\/wp-content\/uploads\/2017\/11\/apartmani-malesevic-tara-letnjikovac-4-150x150.jpg\" class=\"attachment-thumbnail size-thumbnail\" alt=\"\" srcset=\"https:\/\/tara.rs\/wp-content\/uploads\/2017\/11\/apartmani-malesevic-tara-letnjikovac-4-150x150.jpg 150w, https:\/\/tara.rs\/wp-content\/uploads\/2017\/11\/apartmani-malesevic-tara-letnjikovac-4-210x210.jpg 210w\" sizes=\"(max-width: 150px) 100vw, 150px\" \/><\/a>\n\t\t\t<\/dt><\/dl><dl class='gallery-item'>\n\t\t\t<dt class='gallery-icon landscape'>\n\t\t\t\t<a href='https:\/\/tara.rs\/wp-content\/uploads\/2017\/11\/apartmani-malesevic-tara-letnjikovac-5.jpg' title=\"\" data-rl_title=\"\" class=\"rl-gallery-link\" data-rl_caption=\"\" data-rel=\"lightbox-gallery-7\"><img loading=\"lazy\" decoding=\"async\" width=\"150\" height=\"150\" src=\"https:\/\/tara.rs\/wp-content\/uploads\/2017\/11\/apartmani-malesevic-tara-letnjikovac-5-150x150.jpg\" class=\"attachment-thumbnail size-thumbnail\" alt=\"\" srcset=\"https:\/\/tara.rs\/wp-content\/uploads\/2017\/11\/apartmani-malesevic-tara-letnjikovac-5-150x150.jpg 150w, https:\/\/tara.rs\/wp-content\/uploads\/2017\/11\/apartmani-malesevic-tara-letnjikovac-5-210x210.jpg 210w\" sizes=\"(max-width: 150px) 100vw, 150px\" \/><\/a>\n\t\t\t<\/dt><\/dl><br style=\"clear: both\" \/><dl class='gallery-item'>\n\t\t\t<dt class='gallery-icon landscape'>\n\t\t\t\t<a href='https:\/\/tara.rs\/wp-content\/uploads\/2017\/11\/apartmani-malesevic-tara-letnjikovac-6.jpg' title=\"\" data-rl_title=\"\" class=\"rl-gallery-link\" data-rl_caption=\"\" data-rel=\"lightbox-gallery-7\"><img loading=\"lazy\" decoding=\"async\" width=\"150\" height=\"150\" src=\"https:\/\/tara.rs\/wp-content\/uploads\/2017\/11\/apartmani-malesevic-tara-letnjikovac-6-150x150.jpg\" class=\"attachment-thumbnail size-thumbnail\" alt=\"\" srcset=\"https:\/\/tara.rs\/wp-content\/uploads\/2017\/11\/apartmani-malesevic-tara-letnjikovac-6-150x150.jpg 150w, https:\/\/tara.rs\/wp-content\/uploads\/2017\/11\/apartmani-malesevic-tara-letnjikovac-6-210x210.jpg 210w\" sizes=\"(max-width: 150px) 100vw, 150px\" \/><\/a>\n\t\t\t<\/dt><\/dl><dl class='gallery-item'>\n\t\t\t<dt class='gallery-icon landscape'>\n\t\t\t\t<a href='https:\/\/tara.rs\/wp-content\/uploads\/2017\/11\/apartmani-malesevic-tara-letnjikovac-7.jpg' title=\"\" data-rl_title=\"\" class=\"rl-gallery-link\" data-rl_caption=\"\" data-rel=\"lightbox-gallery-7\"><img loading=\"lazy\" decoding=\"async\" width=\"150\" height=\"150\" src=\"https:\/\/tara.rs\/wp-content\/uploads\/2017\/11\/apartmani-malesevic-tara-letnjikovac-7-150x150.jpg\" class=\"attachment-thumbnail size-thumbnail\" alt=\"\" srcset=\"https:\/\/tara.rs\/wp-content\/uploads\/2017\/11\/apartmani-malesevic-tara-letnjikovac-7-150x150.jpg 150w, https:\/\/tara.rs\/wp-content\/uploads\/2017\/11\/apartmani-malesevic-tara-letnjikovac-7-210x210.jpg 210w\" sizes=\"(max-width: 150px) 100vw, 150px\" \/><\/a>\n\t\t\t<\/dt><\/dl><dl class='gallery-item'>\n\t\t\t<dt class='gallery-icon landscape'>\n\t\t\t\t<a href='https:\/\/tara.rs\/wp-content\/uploads\/2017\/11\/apartmani-malesevic-tara-letnjikovac-8.jpg' title=\"\" data-rl_title=\"\" class=\"rl-gallery-link\" data-rl_caption=\"\" data-rel=\"lightbox-gallery-7\"><img loading=\"lazy\" decoding=\"async\" width=\"150\" height=\"150\" src=\"https:\/\/tara.rs\/wp-content\/uploads\/2017\/11\/apartmani-malesevic-tara-letnjikovac-8-150x150.jpg\" class=\"attachment-thumbnail size-thumbnail\" alt=\"\" srcset=\"https:\/\/tara.rs\/wp-content\/uploads\/2017\/11\/apartmani-malesevic-tara-letnjikovac-8-150x150.jpg 150w, https:\/\/tara.rs\/wp-content\/uploads\/2017\/11\/apartmani-malesevic-tara-letnjikovac-8-210x210.jpg 210w\" sizes=\"(max-width: 150px) 100vw, 150px\" \/><\/a>\n\t\t\t<\/dt><\/dl><dl class='gallery-item'>\n\t\t\t<dt class='gallery-icon landscape'>\n\t\t\t\t<a href='https:\/\/tara.rs\/wp-content\/uploads\/2017\/11\/apartmani-malesevic-tara-letnjikovac-9.jpg' title=\"\" data-rl_title=\"\" class=\"rl-gallery-link\" data-rl_caption=\"\" data-rel=\"lightbox-gallery-7\"><img loading=\"lazy\" decoding=\"async\" width=\"150\" height=\"150\" src=\"https:\/\/tara.rs\/wp-content\/uploads\/2017\/11\/apartmani-malesevic-tara-letnjikovac-9-150x150.jpg\" class=\"attachment-thumbnail size-thumbnail\" alt=\"\" srcset=\"https:\/\/tara.rs\/wp-content\/uploads\/2017\/11\/apartmani-malesevic-tara-letnjikovac-9-150x150.jpg 150w, https:\/\/tara.rs\/wp-content\/uploads\/2017\/11\/apartmani-malesevic-tara-letnjikovac-9-210x210.jpg 210w\" sizes=\"(max-width: 150px) 100vw, 150px\" \/><\/a>\n\t\t\t<\/dt><\/dl><dl class='gallery-item'>\n\t\t\t<dt class='gallery-icon portrait'>\n\t\t\t\t<a href='https:\/\/tara.rs\/wp-content\/uploads\/2017\/11\/apartmani-malesevic-tara-letnjikovac-10.jpg' title=\"\" data-rl_title=\"\" class=\"rl-gallery-link\" data-rl_caption=\"\" data-rel=\"lightbox-gallery-7\"><img loading=\"lazy\" decoding=\"async\" width=\"150\" height=\"150\" src=\"https:\/\/tara.rs\/wp-content\/uploads\/2017\/11\/apartmani-malesevic-tara-letnjikovac-10-150x150.jpg\" class=\"attachment-thumbnail size-thumbnail\" alt=\"\" srcset=\"https:\/\/tara.rs\/wp-content\/uploads\/2017\/11\/apartmani-malesevic-tara-letnjikovac-10-150x150.jpg 150w, https:\/\/tara.rs\/wp-content\/uploads\/2017\/11\/apartmani-malesevic-tara-letnjikovac-10-210x210.jpg 210w\" sizes=\"(max-width: 150px) 100vw, 150px\" \/><\/a>\n\t\t\t<\/dt><\/dl><br style=\"clear: both\" \/>\n\t\t<\/div>\n<\/p>","protected":false},"excerpt":{"rendered":"<p>Apartments &#8220;Male\u0161evi\u0107&#8221; are located in the most beautiful part of Kaludjerske Bare, at the crossroads for the hotel Omoriku and Mitrovac, surrounded by a pine forest. See location on Google Maps Newly built, modernly equipped and comfortable mountain-style apartments will make you spend an unforgettable vacation on this mountain Tara. The apartments have free WIFI&#8230;<\/p>\n","protected":false},"author":1,"featured_media":82221,"parent":0,"menu_order":0,"comment_status":"closed","ping_status":"closed","template":"","objekat-osobina":[2,266,248,32,20,27,11],"Objekat - top":[46],"osobina - lokacija":[49],"objekat - status":[332,202],"class_list":["post-6194","property","type-property","status-publish","has-post-thumbnail","hentry","property-feature-internet","property-feature-kamin-na-drva","property-feature-vauceri-za-odmor-u-srbiji","property-feature-nenatkriveni","property-feature-letnjikovac","property-feature-zidani-rostilj","property-feature-televizija","property-type-apartmani","property-city-tara-kaluderske-bare","property-status-tara-iii","property-status-kaludjerske-bare"],"yoast_head":"<!-- This site is optimized with the Yoast SEO plugin v25.3 - https:\/\/yoast.com\/wordpress\/plugins\/seo\/ -->\n<title>Apartments &quot;Male\u0161evi\u0107&quot; - SME\u0160TAJ NA TARI - Vikendice, apartmani, brvnare, planinske ku\u0107e, hoteli...<\/title>\n<meta name=\"robots\" content=\"index, follow, max-snippet:-1, max-image-preview:large, max-video-preview:-1\" \/>\n<link rel=\"canonical\" href=\"https:\/\/tara.rs\/sr\/objekat\/apartmani-malesevic\/\" \/>\n<meta property=\"og:locale\" content=\"en_US\" \/>\n<meta property=\"og:type\" content=\"article\" \/>\n<meta property=\"og:title\" content=\"APARTMANI MALE\u0160EVI\u0106 - SME\u0160TAJ NA PLANINI TARI\" \/>\n<meta property=\"og:description\" content=\"Apartmani &quot;Male\u0161evi\u0107&quot; se nalaze na najlep\u0161em delu Kalu\u0111erskih Bara, na raskrsnici skretanja za hotel Omoriku i Mitrovac, okru\u017eeni borovom \u0161umom. Moderno opremljeni i komforni apartmani u planinskom stilu u\u010dini\u0107e da provedete nezaboravan odmor na ovoj planini.\" \/>\n<meta property=\"og:url\" content=\"https:\/\/tara.rs\/sr\/objekat\/apartmani-malesevic\/\" \/>\n<meta property=\"og:site_name\" content=\"SME\u0160TAJ NA TARI - Vikendice, apartmani, brvnare, planinske ku\u0107e, hoteli...\" \/>\n<meta property=\"article:modified_time\" content=\"2025-03-31T07:53:03+00:00\" \/>\n<meta property=\"og:image\" content=\"https:\/\/tara.rs\/wp-content\/uploads\/2023\/12\/apartmani-malesevic-smestaj-na-planini-tari.jpg\" \/>\n\t<meta property=\"og:image:width\" content=\"1067\" \/>\n\t<meta property=\"og:image:height\" content=\"588\" \/>\n\t<meta property=\"og:image:type\" content=\"image\/jpeg\" \/>\n<meta name=\"twitter:card\" content=\"summary_large_image\" \/>\n<meta name=\"twitter:label1\" content=\"Est. reading time\" \/>\n\t<meta name=\"twitter:data1\" content=\"2 minutes\" \/>\n<script type=\"application\/ld+json\" class=\"yoast-schema-graph\">{\"@context\":\"https:\/\/schema.org\",\"@graph\":[{\"@type\":\"WebPage\",\"@id\":\"https:\/\/tara.rs\/sr\/objekat\/apartmani-malesevic\/\",\"url\":\"https:\/\/tara.rs\/sr\/objekat\/apartmani-malesevic\/\",\"name\":\"Apartments \\\"Male\u0161evi\u0107\\\" - SME\u0160TAJ NA TARI - Vikendice, apartmani, brvnare, planinske ku\u0107e, hoteli...\",\"isPartOf\":{\"@id\":\"https:\/\/tara.rs\/sr\/#website\"},\"primaryImageOfPage\":{\"@id\":\"https:\/\/tara.rs\/sr\/objekat\/apartmani-malesevic\/#primaryimage\"},\"image\":{\"@id\":\"https:\/\/tara.rs\/sr\/objekat\/apartmani-malesevic\/#primaryimage\"},\"thumbnailUrl\":\"https:\/\/tara.rs\/wp-content\/uploads\/2023\/12\/apartmani-malesevic-planina-tara-smestaj-11-l.jpg\",\"datePublished\":\"2025-02-06T17:34:06+00:00\",\"dateModified\":\"2025-03-31T07:53:03+00:00\",\"breadcrumb\":{\"@id\":\"https:\/\/tara.rs\/sr\/objekat\/apartmani-malesevic\/#breadcrumb\"},\"inLanguage\":\"en-US\",\"potentialAction\":[{\"@type\":\"ReadAction\",\"target\":[\"https:\/\/tara.rs\/sr\/objekat\/apartmani-malesevic\/\"]}]},{\"@type\":\"ImageObject\",\"inLanguage\":\"en-US\",\"@id\":\"https:\/\/tara.rs\/sr\/objekat\/apartmani-malesevic\/#primaryimage\",\"url\":\"https:\/\/tara.rs\/wp-content\/uploads\/2023\/12\/apartmani-malesevic-planina-tara-smestaj-11-l.jpg\",\"contentUrl\":\"https:\/\/tara.rs\/wp-content\/uploads\/2023\/12\/apartmani-malesevic-planina-tara-smestaj-11-l.jpg\",\"width\":900,\"height\":674},{\"@type\":\"BreadcrumbList\",\"@id\":\"https:\/\/tara.rs\/sr\/objekat\/apartmani-malesevic\/#breadcrumb\",\"itemListElement\":[{\"@type\":\"ListItem\",\"position\":1,\"name\":\"Properties\",\"item\":\"https:\/\/tara.rs\/sr\/objekat\/\"},{\"@type\":\"ListItem\",\"position\":2,\"name\":\"Apartmani MALE\u0160EVI\u0106\"}]},{\"@type\":\"WebSite\",\"@id\":\"https:\/\/tara.rs\/sr\/#website\",\"url\":\"https:\/\/tara.rs\/sr\/\",\"name\":\"SME\u0160TAJ NA TARI - Vikendice, apartmani, brvnare, planinske ku\u0107e, hoteli...\",\"description\":\"350 + OBJEKATA ZA SME\u0160TAJ NA TARI\",\"publisher\":{\"@id\":\"https:\/\/tara.rs\/sr\/#organization\"},\"alternateName\":\"TARA.RS - 450 + Objekata za sme\u0161aj\",\"potentialAction\":[{\"@type\":\"SearchAction\",\"target\":{\"@type\":\"EntryPoint\",\"urlTemplate\":\"https:\/\/tara.rs\/sr\/?s={search_term_string}\"},\"query-input\":{\"@type\":\"PropertyValueSpecification\",\"valueRequired\":true,\"valueName\":\"search_term_string\"}}],\"inLanguage\":\"en-US\"},{\"@type\":\"Organization\",\"@id\":\"https:\/\/tara.rs\/sr\/#organization\",\"name\":\"SME\u0160TAJ NA TARI - Vikendice, apartmani, brvnare, planinske ku\u0107e, hoteli...\",\"url\":\"https:\/\/tara.rs\/sr\/\",\"logo\":{\"@type\":\"ImageObject\",\"inLanguage\":\"en-US\",\"@id\":\"https:\/\/tara.rs\/sr\/#\/schema\/logo\/image\/\",\"url\":\"https:\/\/tara.rs\/wp-content\/uploads\/2026\/01\/tara-rs-logo-sajt-2.png\",\"contentUrl\":\"https:\/\/tara.rs\/wp-content\/uploads\/2026\/01\/tara-rs-logo-sajt-2.png\",\"width\":280,\"height\":100,\"caption\":\"SME\u0160TAJ NA TARI - Vikendice, apartmani, brvnare, planinske ku\u0107e, hoteli...\"},\"image\":{\"@id\":\"https:\/\/tara.rs\/sr\/#\/schema\/logo\/image\/\"}}]}<\/script>\n<!-- \/ Yoast SEO plugin. -->","yoast_head_json":{"title":"Apartments \"Male\u0161evi\u0107\" - SME\u0160TAJ NA TARI - Vikendice, apartmani, brvnare, planinske ku\u0107e, hoteli...","robots":{"index":"index","follow":"follow","max-snippet":"max-snippet:-1","max-image-preview":"max-image-preview:large","max-video-preview":"max-video-preview:-1"},"canonical":"https:\/\/tara.rs\/sr\/objekat\/apartmani-malesevic\/","og_locale":"en_US","og_type":"article","og_title":"APARTMANI MALE\u0160EVI\u0106 - SME\u0160TAJ NA PLANINI TARI","og_description":"Apartmani \"Male\u0161evi\u0107\" se nalaze na najlep\u0161em delu Kalu\u0111erskih Bara, na raskrsnici skretanja za hotel Omoriku i Mitrovac, okru\u017eeni borovom \u0161umom. Moderno opremljeni i komforni apartmani u planinskom stilu u\u010dini\u0107e da provedete nezaboravan odmor na ovoj planini.","og_url":"https:\/\/tara.rs\/sr\/objekat\/apartmani-malesevic\/","og_site_name":"SME\u0160TAJ NA TARI - Vikendice, apartmani, brvnare, planinske ku\u0107e, hoteli...","article_modified_time":"2025-03-31T07:53:03+00:00","og_image":[{"width":1067,"height":588,"url":"https:\/\/tara.rs\/wp-content\/uploads\/2023\/12\/apartmani-malesevic-smestaj-na-planini-tari.jpg","type":"image\/jpeg"}],"twitter_card":"summary_large_image","twitter_misc":{"Est. reading time":"2 minutes"},"schema":{"@context":"https:\/\/schema.org","@graph":[{"@type":"WebPage","@id":"https:\/\/tara.rs\/sr\/objekat\/apartmani-malesevic\/","url":"https:\/\/tara.rs\/sr\/objekat\/apartmani-malesevic\/","name":"Apartments \"Male\u0161evi\u0107\" - SME\u0160TAJ NA TARI - Vikendice, apartmani, brvnare, planinske ku\u0107e, hoteli...","isPartOf":{"@id":"https:\/\/tara.rs\/sr\/#website"},"primaryImageOfPage":{"@id":"https:\/\/tara.rs\/sr\/objekat\/apartmani-malesevic\/#primaryimage"},"image":{"@id":"https:\/\/tara.rs\/sr\/objekat\/apartmani-malesevic\/#primaryimage"},"thumbnailUrl":"https:\/\/tara.rs\/wp-content\/uploads\/2023\/12\/apartmani-malesevic-planina-tara-smestaj-11-l.jpg","datePublished":"2025-02-06T17:34:06+00:00","dateModified":"2025-03-31T07:53:03+00:00","breadcrumb":{"@id":"https:\/\/tara.rs\/sr\/objekat\/apartmani-malesevic\/#breadcrumb"},"inLanguage":"en-US","potentialAction":[{"@type":"ReadAction","target":["https:\/\/tara.rs\/sr\/objekat\/apartmani-malesevic\/"]}]},{"@type":"ImageObject","inLanguage":"en-US","@id":"https:\/\/tara.rs\/sr\/objekat\/apartmani-malesevic\/#primaryimage","url":"https:\/\/tara.rs\/wp-content\/uploads\/2023\/12\/apartmani-malesevic-planina-tara-smestaj-11-l.jpg","contentUrl":"https:\/\/tara.rs\/wp-content\/uploads\/2023\/12\/apartmani-malesevic-planina-tara-smestaj-11-l.jpg","width":900,"height":674},{"@type":"BreadcrumbList","@id":"https:\/\/tara.rs\/sr\/objekat\/apartmani-malesevic\/#breadcrumb","itemListElement":[{"@type":"ListItem","position":1,"name":"Properties","item":"https:\/\/tara.rs\/sr\/objekat\/"},{"@type":"ListItem","position":2,"name":"Apartmani MALE\u0160EVI\u0106"}]},{"@type":"WebSite","@id":"https:\/\/tara.rs\/sr\/#website","url":"https:\/\/tara.rs\/sr\/","name":"SME\u0160TAJ NA TARI - Vikendice, apartmani, brvnare, planinske ku\u0107e, hoteli...","description":"350 + OBJEKATA ZA SME\u0160TAJ NA TARI","publisher":{"@id":"https:\/\/tara.rs\/sr\/#organization"},"alternateName":"TARA.RS - 450 + Objekata za sme\u0161aj","potentialAction":[{"@type":"SearchAction","target":{"@type":"EntryPoint","urlTemplate":"https:\/\/tara.rs\/sr\/?s={search_term_string}"},"query-input":{"@type":"PropertyValueSpecification","valueRequired":true,"valueName":"search_term_string"}}],"inLanguage":"en-US"},{"@type":"Organization","@id":"https:\/\/tara.rs\/sr\/#organization","name":"SME\u0160TAJ NA TARI - Vikendice, apartmani, brvnare, planinske ku\u0107e, hoteli...","url":"https:\/\/tara.rs\/sr\/","logo":{"@type":"ImageObject","inLanguage":"en-US","@id":"https:\/\/tara.rs\/sr\/#\/schema\/logo\/image\/","url":"https:\/\/tara.rs\/wp-content\/uploads\/2026\/01\/tara-rs-logo-sajt-2.png","contentUrl":"https:\/\/tara.rs\/wp-content\/uploads\/2026\/01\/tara-rs-logo-sajt-2.png","width":280,"height":100,"caption":"SME\u0160TAJ NA TARI - Vikendice, apartmani, brvnare, planinske ku\u0107e, hoteli..."},"image":{"@id":"https:\/\/tara.rs\/sr\/#\/schema\/logo\/image\/"}}]}},"property_meta":{"REAL_HOMES_property_price":"","REAL_HOMES_property_old_price":"","REAL_HOMES_property_price_prefix":"","REAL_HOMES_property_price_postfix":"","REAL_HOMES_property_size":"","REAL_HOMES_property_size_postfix":"","REAL_HOMES_property_lot_size":"","REAL_HOMES_property_lot_size_postfix":"","REAL_HOMES_property_bedrooms":"","REAL_HOMES_property_bathrooms":"","REAL_HOMES_property_garage":"","REAL_HOMES_property_id":"","REAL_HOMES_property_year_built":"","REAL_HOMES_featured":"1","REAL_HOMES_additional_details_list":[],"REAL_HOMES_property_location":{"latitude":"43.88819530133","longitude":"19.540110770613","zoom":"18"},"REAL_HOMES_property_address":"Kaludjerske Bare, Mala Reka, \u0421\u0440\u0431\u0438\u0458\u0430","REAL_HOMES_property_map":"0","REAL_HOMES_property_images":[{"width":150,"height":150,"file":"2023\/12\/apartmani-malesevic-planina-tara-smestaj-10.jpg","filesize":270126,"sizes":{"medium":{"file":"apartmani-malesevic-planina-tara-smestaj-10-300x300.jpg","width":300,"height":300,"mime-type":"image\/jpeg","filesize":32511,"url":"https:\/\/tara.rs\/wp-content\/uploads\/2023\/12\/apartmani-malesevic-planina-tara-smestaj-10-300x300.jpg"},"thumbnail":{"file":"apartmani-malesevic-planina-tara-smestaj-10-150x150.jpg","width":150,"height":150,"mime-type":"image\/jpeg","filesize":9543,"url":"https:\/\/tara.rs\/wp-content\/uploads\/2023\/12\/apartmani-malesevic-planina-tara-smestaj-10-150x150.jpg"},"medium_large":{"file":"apartmani-malesevic-planina-tara-smestaj-10-768x768.jpg","width":768,"height":768,"mime-type":"image\/jpeg","filesize":167139,"url":"https:\/\/tara.rs\/wp-content\/uploads\/2023\/12\/apartmani-malesevic-planina-tara-smestaj-10-768x768.jpg"},"post-thumbnail":{"file":"apartmani-malesevic-planina-tara-smestaj-10-150x150.jpg","width":150,"height":150,"mime-type":"image\/jpeg","filesize":9543,"url":"https:\/\/tara.rs\/wp-content\/uploads\/2023\/12\/apartmani-malesevic-planina-tara-smestaj-10-150x150.jpg"},"modern-property-child-slider":{"file":"apartmani-malesevic-planina-tara-smestaj-10-680x510.jpg","width":680,"height":510,"mime-type":"image\/jpeg","filesize":108509,"url":"https:\/\/tara.rs\/wp-content\/uploads\/2023\/12\/apartmani-malesevic-planina-tara-smestaj-10-680x510.jpg"},"property-thumb-image":{"file":"apartmani-malesevic-planina-tara-smestaj-10-488x326.jpg","width":488,"height":326,"mime-type":"image\/jpeg","filesize":53533,"url":"https:\/\/tara.rs\/wp-content\/uploads\/2023\/12\/apartmani-malesevic-planina-tara-smestaj-10-488x326.jpg"},"property-detail-video-image":{"file":"apartmani-malesevic-planina-tara-smestaj-10-818x417.jpg","width":818,"height":417,"mime-type":"image\/jpeg","filesize":100652,"url":"https:\/\/tara.rs\/wp-content\/uploads\/2023\/12\/apartmani-malesevic-planina-tara-smestaj-10-818x417.jpg"},"agent-image":{"file":"apartmani-malesevic-planina-tara-smestaj-10-210x210.jpg","width":210,"height":210,"mime-type":"image\/jpeg","filesize":17002,"url":"https:\/\/tara.rs\/wp-content\/uploads\/2023\/12\/apartmani-malesevic-planina-tara-smestaj-10-210x210.jpg"},"partners-logo":{"file":"apartmani-malesevic-planina-tara-smestaj-10-600x900.jpg","width":600,"height":900,"mime-type":"image\/jpeg","filesize":174019,"url":"https:\/\/tara.rs\/wp-content\/uploads\/2023\/12\/apartmani-malesevic-planina-tara-smestaj-10-600x900.jpg"},"post-featured-image":{"file":"apartmani-malesevic-planina-tara-smestaj-10-900x720.jpg","width":900,"height":720,"mime-type":"image\/jpeg","filesize":211136,"url":"https:\/\/tara.rs\/wp-content\/uploads\/2023\/12\/apartmani-malesevic-planina-tara-smestaj-10-900x720.jpg"}},"image_meta":{"aperture":"0","credit":"","camera":"","caption":"","created_timestamp":"0","copyright":"","focal_length":"0","iso":"0","shutter_speed":"0","title":"","orientation":"0","keywords":[]},"ID":"82222","name":"apartmani-malesevic-planina-tara-smestaj-10.jpg","path":"\/home\/tarars\/public_html\/wp-content\/uploads\/2023\/12\/apartmani-malesevic-planina-tara-smestaj-10.jpg","url":"https:\/\/tara.rs\/wp-content\/uploads\/2023\/12\/apartmani-malesevic-planina-tara-smestaj-10-150x150.jpg","full_url":"https:\/\/tara.rs\/wp-content\/uploads\/2023\/12\/apartmani-malesevic-planina-tara-smestaj-10.jpg","title":"apartmani-male\u0161evi\u0107-planina-tara-sme\u0161taj-10","caption":"","description":"","alt":"","srcset":"https:\/\/tara.rs\/wp-content\/uploads\/2023\/12\/apartmani-malesevic-planina-tara-smestaj-10-150x150.jpg 150w, https:\/\/tara.rs\/wp-content\/uploads\/2023\/12\/apartmani-malesevic-planina-tara-smestaj-10-300x300.jpg 300w, https:\/\/tara.rs\/wp-content\/uploads\/2023\/12\/apartmani-malesevic-planina-tara-smestaj-10-768x768.jpg 768w, https:\/\/tara.rs\/wp-content\/uploads\/2023\/12\/apartmani-malesevic-planina-tara-smestaj-10-210x210.jpg 210w, https:\/\/tara.rs\/wp-content\/uploads\/2023\/12\/apartmani-malesevic-planina-tara-smestaj-10.jpg 900w"},{"width":150,"height":150,"file":"2023\/12\/apartmani-malesevic-planina-tara-smestaj-11.jpg","filesize":217195,"sizes":{"medium":{"file":"apartmani-malesevic-planina-tara-smestaj-11-225x300.jpg","width":225,"height":300,"mime-type":"image\/jpeg","filesize":22467,"url":"https:\/\/tara.rs\/wp-content\/uploads\/2023\/12\/apartmani-malesevic-planina-tara-smestaj-11-225x300.jpg"},"thumbnail":{"file":"apartmani-malesevic-planina-tara-smestaj-11-150x150.jpg","width":150,"height":150,"mime-type":"image\/jpeg","filesize":9350,"url":"https:\/\/tara.rs\/wp-content\/uploads\/2023\/12\/apartmani-malesevic-planina-tara-smestaj-11-150x150.jpg"},"post-thumbnail":{"file":"apartmani-malesevic-planina-tara-smestaj-11-113x150.jpg","width":113,"height":150,"mime-type":"image\/jpeg","filesize":7166,"url":"https:\/\/tara.rs\/wp-content\/uploads\/2023\/12\/apartmani-malesevic-planina-tara-smestaj-11-113x150.jpg"},"modern-property-child-slider":{"file":"apartmani-malesevic-planina-tara-smestaj-11-680x510.jpg","width":680,"height":510,"mime-type":"image\/jpeg","filesize":96610,"url":"https:\/\/tara.rs\/wp-content\/uploads\/2023\/12\/apartmani-malesevic-planina-tara-smestaj-11-680x510.jpg"},"property-thumb-image":{"file":"apartmani-malesevic-planina-tara-smestaj-11-488x326.jpg","width":488,"height":326,"mime-type":"image\/jpeg","filesize":49475,"url":"https:\/\/tara.rs\/wp-content\/uploads\/2023\/12\/apartmani-malesevic-planina-tara-smestaj-11-488x326.jpg"},"property-detail-video-image":{"file":"apartmani-malesevic-planina-tara-smestaj-11-750x417.jpg","width":750,"height":417,"mime-type":"image\/jpeg","filesize":96719,"url":"https:\/\/tara.rs\/wp-content\/uploads\/2023\/12\/apartmani-malesevic-planina-tara-smestaj-11-750x417.jpg"},"agent-image":{"file":"apartmani-malesevic-planina-tara-smestaj-11-210x210.jpg","width":210,"height":210,"mime-type":"image\/jpeg","filesize":16581,"url":"https:\/\/tara.rs\/wp-content\/uploads\/2023\/12\/apartmani-malesevic-planina-tara-smestaj-11-210x210.jpg"},"partners-logo":{"file":"apartmani-malesevic-planina-tara-smestaj-11-600x1000.jpg","width":600,"height":1000,"mime-type":"image\/jpeg","filesize":163285,"url":"https:\/\/tara.rs\/wp-content\/uploads\/2023\/12\/apartmani-malesevic-planina-tara-smestaj-11-600x1000.jpg"},"post-featured-image":{"file":"apartmani-malesevic-planina-tara-smestaj-11-750x720.jpg","width":750,"height":720,"mime-type":"image\/jpeg","filesize":159432,"url":"https:\/\/tara.rs\/wp-content\/uploads\/2023\/12\/apartmani-malesevic-planina-tara-smestaj-11-750x720.jpg"}},"image_meta":{"aperture":"0","credit":"","camera":"","caption":"","created_timestamp":"0","copyright":"","focal_length":"0","iso":"0","shutter_speed":"0","title":"","orientation":"0","keywords":[]},"ID":"82223","name":"apartmani-malesevic-planina-tara-smestaj-11.jpg","path":"\/home\/tarars\/public_html\/wp-content\/uploads\/2023\/12\/apartmani-malesevic-planina-tara-smestaj-11.jpg","url":"https:\/\/tara.rs\/wp-content\/uploads\/2023\/12\/apartmani-malesevic-planina-tara-smestaj-11-150x150.jpg","full_url":"https:\/\/tara.rs\/wp-content\/uploads\/2023\/12\/apartmani-malesevic-planina-tara-smestaj-11.jpg","title":"apartmani-male\u0161evi\u0107-planina-tara-sme\u0161taj-11","caption":"","description":"","alt":"","srcset":"https:\/\/tara.rs\/wp-content\/uploads\/2023\/12\/apartmani-malesevic-planina-tara-smestaj-11-150x150.jpg 150w, https:\/\/tara.rs\/wp-content\/uploads\/2023\/12\/apartmani-malesevic-planina-tara-smestaj-11-210x210.jpg 210w"},{"width":150,"height":150,"file":"2023\/12\/apartmani-malesevic-planina-tara-smestaj-12.jpg","filesize":233643,"sizes":{"medium":{"file":"apartmani-malesevic-planina-tara-smestaj-12-300x225.jpg","width":300,"height":225,"mime-type":"image\/jpeg","filesize":21288,"url":"https:\/\/tara.rs\/wp-content\/uploads\/2023\/12\/apartmani-malesevic-planina-tara-smestaj-12-300x225.jpg"},"thumbnail":{"file":"apartmani-malesevic-planina-tara-smestaj-12-150x150.jpg","width":150,"height":150,"mime-type":"image\/jpeg","filesize":7813,"url":"https:\/\/tara.rs\/wp-content\/uploads\/2023\/12\/apartmani-malesevic-planina-tara-smestaj-12-150x150.jpg"},"medium_large":{"file":"apartmani-malesevic-planina-tara-smestaj-12-768x576.jpg","width":768,"height":576,"mime-type":"image\/jpeg","filesize":118889,"url":"https:\/\/tara.rs\/wp-content\/uploads\/2023\/12\/apartmani-malesevic-planina-tara-smestaj-12-768x576.jpg"},"post-thumbnail":{"file":"apartmani-malesevic-planina-tara-smestaj-12-150x113.jpg","width":150,"height":113,"mime-type":"image\/jpeg","filesize":6166,"url":"https:\/\/tara.rs\/wp-content\/uploads\/2023\/12\/apartmani-malesevic-planina-tara-smestaj-12-150x113.jpg"},"modern-property-child-slider":{"file":"apartmani-malesevic-planina-tara-smestaj-12-680x510.jpg","width":680,"height":510,"mime-type":"image\/jpeg","filesize":96638,"url":"https:\/\/tara.rs\/wp-content\/uploads\/2023\/12\/apartmani-malesevic-planina-tara-smestaj-12-680x510.jpg"},"property-thumb-image":{"file":"apartmani-malesevic-planina-tara-smestaj-12-488x326.jpg","width":488,"height":326,"mime-type":"image\/jpeg","filesize":48025,"url":"https:\/\/tara.rs\/wp-content\/uploads\/2023\/12\/apartmani-malesevic-planina-tara-smestaj-12-488x326.jpg"},"property-detail-video-image":{"file":"apartmani-malesevic-planina-tara-smestaj-12-818x417.jpg","width":818,"height":417,"mime-type":"image\/jpeg","filesize":96021,"url":"https:\/\/tara.rs\/wp-content\/uploads\/2023\/12\/apartmani-malesevic-planina-tara-smestaj-12-818x417.jpg"},"agent-image":{"file":"apartmani-malesevic-planina-tara-smestaj-12-210x210.jpg","width":210,"height":210,"mime-type":"image\/jpeg","filesize":14510,"url":"https:\/\/tara.rs\/wp-content\/uploads\/2023\/12\/apartmani-malesevic-planina-tara-smestaj-12-210x210.jpg"},"partners-logo":{"file":"apartmani-malesevic-planina-tara-smestaj-12-600x750.jpg","width":600,"height":750,"mime-type":"image\/jpeg","filesize":145326,"url":"https:\/\/tara.rs\/wp-content\/uploads\/2023\/12\/apartmani-malesevic-planina-tara-smestaj-12-600x750.jpg"},"post-featured-image":{"file":"apartmani-malesevic-planina-tara-smestaj-12-1000x720.jpg","width":1000,"height":720,"mime-type":"image\/jpeg","filesize":211101,"url":"https:\/\/tara.rs\/wp-content\/uploads\/2023\/12\/apartmani-malesevic-planina-tara-smestaj-12-1000x720.jpg"}},"image_meta":{"aperture":"0","credit":"","camera":"","caption":"","created_timestamp":"0","copyright":"","focal_length":"0","iso":"0","shutter_speed":"0","title":"","orientation":"0","keywords":[]},"ID":"82224","name":"apartmani-malesevic-planina-tara-smestaj-12.jpg","path":"\/home\/tarars\/public_html\/wp-content\/uploads\/2023\/12\/apartmani-malesevic-planina-tara-smestaj-12.jpg","url":"https:\/\/tara.rs\/wp-content\/uploads\/2023\/12\/apartmani-malesevic-planina-tara-smestaj-12-150x150.jpg","full_url":"https:\/\/tara.rs\/wp-content\/uploads\/2023\/12\/apartmani-malesevic-planina-tara-smestaj-12.jpg","title":"apartmani-male\u0161evi\u0107-planina-tara-sme\u0161taj-12","caption":"","description":"","alt":"","srcset":"https:\/\/tara.rs\/wp-content\/uploads\/2023\/12\/apartmani-malesevic-planina-tara-smestaj-12-150x150.jpg 150w, https:\/\/tara.rs\/wp-content\/uploads\/2023\/12\/apartmani-malesevic-planina-tara-smestaj-12-210x210.jpg 210w"},{"width":150,"height":150,"file":"2023\/12\/apartmani-malesevic-planina-tara-smestaj-1.jpg","filesize":261525,"sizes":{"medium":{"file":"apartmani-malesevic-planina-tara-smestaj-1-225x300.jpg","width":225,"height":300,"mime-type":"image\/jpeg","filesize":24846,"url":"https:\/\/tara.rs\/wp-content\/uploads\/2023\/12\/apartmani-malesevic-planina-tara-smestaj-1-225x300.jpg"},"thumbnail":{"file":"apartmani-malesevic-planina-tara-smestaj-1-150x150.jpg","width":150,"height":150,"mime-type":"image\/jpeg","filesize":8922,"url":"https:\/\/tara.rs\/wp-content\/uploads\/2023\/12\/apartmani-malesevic-planina-tara-smestaj-1-150x150.jpg"},"post-thumbnail":{"file":"apartmani-malesevic-planina-tara-smestaj-1-113x150.jpg","width":113,"height":150,"mime-type":"image\/jpeg","filesize":7271,"url":"https:\/\/tara.rs\/wp-content\/uploads\/2023\/12\/apartmani-malesevic-planina-tara-smestaj-1-113x150.jpg"},"modern-property-child-slider":{"file":"apartmani-malesevic-planina-tara-smestaj-1-680x510.jpg","width":680,"height":510,"mime-type":"image\/jpeg","filesize":101958,"url":"https:\/\/tara.rs\/wp-content\/uploads\/2023\/12\/apartmani-malesevic-planina-tara-smestaj-1-680x510.jpg"},"property-thumb-image":{"file":"apartmani-malesevic-planina-tara-smestaj-1-488x326.jpg","width":488,"height":326,"mime-type":"image\/jpeg","filesize":51014,"url":"https:\/\/tara.rs\/wp-content\/uploads\/2023\/12\/apartmani-malesevic-planina-tara-smestaj-1-488x326.jpg"},"property-detail-video-image":{"file":"apartmani-malesevic-planina-tara-smestaj-1-750x417.jpg","width":750,"height":417,"mime-type":"image\/jpeg","filesize":104171,"url":"https:\/\/tara.rs\/wp-content\/uploads\/2023\/12\/apartmani-malesevic-planina-tara-smestaj-1-750x417.jpg"},"agent-image":{"file":"apartmani-malesevic-planina-tara-smestaj-1-210x210.jpg","width":210,"height":210,"mime-type":"image\/jpeg","filesize":16300,"url":"https:\/\/tara.rs\/wp-content\/uploads\/2023\/12\/apartmani-malesevic-planina-tara-smestaj-1-210x210.jpg"},"partners-logo":{"file":"apartmani-malesevic-planina-tara-smestaj-1-600x1000.jpg","width":600,"height":1000,"mime-type":"image\/jpeg","filesize":197329,"url":"https:\/\/tara.rs\/wp-content\/uploads\/2023\/12\/apartmani-malesevic-planina-tara-smestaj-1-600x1000.jpg"},"post-featured-image":{"file":"apartmani-malesevic-planina-tara-smestaj-1-750x720.jpg","width":750,"height":720,"mime-type":"image\/jpeg","filesize":176333,"url":"https:\/\/tara.rs\/wp-content\/uploads\/2023\/12\/apartmani-malesevic-planina-tara-smestaj-1-750x720.jpg"}},"image_meta":{"aperture":"0","credit":"","camera":"","caption":"","created_timestamp":"0","copyright":"","focal_length":"0","iso":"0","shutter_speed":"0","title":"","orientation":"0","keywords":[]},"ID":"82017","name":"apartmani-malesevic-planina-tara-smestaj-1.jpg","path":"\/home\/tarars\/public_html\/wp-content\/uploads\/2023\/12\/apartmani-malesevic-planina-tara-smestaj-1.jpg","url":"https:\/\/tara.rs\/wp-content\/uploads\/2023\/12\/apartmani-malesevic-planina-tara-smestaj-1-150x150.jpg","full_url":"https:\/\/tara.rs\/wp-content\/uploads\/2023\/12\/apartmani-malesevic-planina-tara-smestaj-1.jpg","title":"apartmani-male\u0161evi\u0107-planina-tara-sme\u0161taj-1","caption":"","description":"","alt":"","srcset":"https:\/\/tara.rs\/wp-content\/uploads\/2023\/12\/apartmani-malesevic-planina-tara-smestaj-1-150x150.jpg 150w, https:\/\/tara.rs\/wp-content\/uploads\/2023\/12\/apartmani-malesevic-planina-tara-smestaj-1-210x210.jpg 210w"},{"width":150,"height":150,"file":"2023\/12\/apartmani-malesevic-planina-tara-smestaj-2.jpg","filesize":213767,"sizes":{"medium":{"file":"apartmani-malesevic-planina-tara-smestaj-2-300x225.jpg","width":300,"height":225,"mime-type":"image\/jpeg","filesize":24135,"url":"https:\/\/tara.rs\/wp-content\/uploads\/2023\/12\/apartmani-malesevic-planina-tara-smestaj-2-300x225.jpg"},"thumbnail":{"file":"apartmani-malesevic-planina-tara-smestaj-2-150x150.jpg","width":150,"height":150,"mime-type":"image\/jpeg","filesize":9295,"url":"https:\/\/tara.rs\/wp-content\/uploads\/2023\/12\/apartmani-malesevic-planina-tara-smestaj-2-150x150.jpg"},"medium_large":{"file":"apartmani-malesevic-planina-tara-smestaj-2-768x576.jpg","width":768,"height":576,"mime-type":"image\/jpeg","filesize":115357,"url":"https:\/\/tara.rs\/wp-content\/uploads\/2023\/12\/apartmani-malesevic-planina-tara-smestaj-2-768x576.jpg"},"post-thumbnail":{"file":"apartmani-malesevic-planina-tara-smestaj-2-150x113.jpg","width":150,"height":113,"mime-type":"image\/jpeg","filesize":7577,"url":"https:\/\/tara.rs\/wp-content\/uploads\/2023\/12\/apartmani-malesevic-planina-tara-smestaj-2-150x113.jpg"},"modern-property-child-slider":{"file":"apartmani-malesevic-planina-tara-smestaj-2-680x510.jpg","width":680,"height":510,"mime-type":"image\/jpeg","filesize":94804,"url":"https:\/\/tara.rs\/wp-content\/uploads\/2023\/12\/apartmani-malesevic-planina-tara-smestaj-2-680x510.jpg"},"property-thumb-image":{"file":"apartmani-malesevic-planina-tara-smestaj-2-488x326.jpg","width":488,"height":326,"mime-type":"image\/jpeg","filesize":50243,"url":"https:\/\/tara.rs\/wp-content\/uploads\/2023\/12\/apartmani-malesevic-planina-tara-smestaj-2-488x326.jpg"},"property-detail-video-image":{"file":"apartmani-malesevic-planina-tara-smestaj-2-818x417.jpg","width":818,"height":417,"mime-type":"image\/jpeg","filesize":98458,"url":"https:\/\/tara.rs\/wp-content\/uploads\/2023\/12\/apartmani-malesevic-planina-tara-smestaj-2-818x417.jpg"},"agent-image":{"file":"apartmani-malesevic-planina-tara-smestaj-2-210x210.jpg","width":210,"height":210,"mime-type":"image\/jpeg","filesize":16478,"url":"https:\/\/tara.rs\/wp-content\/uploads\/2023\/12\/apartmani-malesevic-planina-tara-smestaj-2-210x210.jpg"},"partners-logo":{"file":"apartmani-malesevic-planina-tara-smestaj-2-600x750.jpg","width":600,"height":750,"mime-type":"image\/jpeg","filesize":132593,"url":"https:\/\/tara.rs\/wp-content\/uploads\/2023\/12\/apartmani-malesevic-planina-tara-smestaj-2-600x750.jpg"},"post-featured-image":{"file":"apartmani-malesevic-planina-tara-smestaj-2-1000x720.jpg","width":1000,"height":720,"mime-type":"image\/jpeg","filesize":194454,"url":"https:\/\/tara.rs\/wp-content\/uploads\/2023\/12\/apartmani-malesevic-planina-tara-smestaj-2-1000x720.jpg"}},"image_meta":{"aperture":"0","credit":"","camera":"","caption":"","created_timestamp":"0","copyright":"","focal_length":"0","iso":"0","shutter_speed":"0","title":"","orientation":"0","keywords":[]},"ID":"82018","name":"apartmani-malesevic-planina-tara-smestaj-2.jpg","path":"\/home\/tarars\/public_html\/wp-content\/uploads\/2023\/12\/apartmani-malesevic-planina-tara-smestaj-2.jpg","url":"https:\/\/tara.rs\/wp-content\/uploads\/2023\/12\/apartmani-malesevic-planina-tara-smestaj-2-150x150.jpg","full_url":"https:\/\/tara.rs\/wp-content\/uploads\/2023\/12\/apartmani-malesevic-planina-tara-smestaj-2.jpg","title":"apartmani-male\u0161evi\u0107-planina-tara-sme\u0161taj-2","caption":"","description":"","alt":"","srcset":"https:\/\/tara.rs\/wp-content\/uploads\/2023\/12\/apartmani-malesevic-planina-tara-smestaj-2-150x150.jpg 150w, https:\/\/tara.rs\/wp-content\/uploads\/2023\/12\/apartmani-malesevic-planina-tara-smestaj-2-210x210.jpg 210w"},{"width":150,"height":150,"file":"2020\/11\/apartmani-malesevic-tara-smestaj-3.jpg","sizes":{"medium":{"file":"apartmani-malesevic-tara-smestaj-3-300x300.jpg","width":300,"height":300,"mime-type":"image\/jpeg","url":"https:\/\/tara.rs\/wp-content\/uploads\/2020\/11\/apartmani-malesevic-tara-smestaj-3-300x300.jpg"},"thumbnail":{"file":"apartmani-malesevic-tara-smestaj-3-150x150.jpg","width":150,"height":150,"mime-type":"image\/jpeg","url":"https:\/\/tara.rs\/wp-content\/uploads\/2020\/11\/apartmani-malesevic-tara-smestaj-3-150x150.jpg"},"post-thumbnail":{"file":"apartmani-malesevic-tara-smestaj-3-150x150.jpg","width":150,"height":150,"mime-type":"image\/jpeg","url":"https:\/\/tara.rs\/wp-content\/uploads\/2020\/11\/apartmani-malesevic-tara-smestaj-3-150x150.jpg"},"modern-property-child-slider":{"file":"apartmani-malesevic-tara-smestaj-3-560x510.jpg","width":560,"height":510,"mime-type":"image\/jpeg","url":"https:\/\/tara.rs\/wp-content\/uploads\/2020\/11\/apartmani-malesevic-tara-smestaj-3-560x510.jpg"},"property-thumb-image":{"file":"apartmani-malesevic-tara-smestaj-3-488x326.jpg","width":488,"height":326,"mime-type":"image\/jpeg","url":"https:\/\/tara.rs\/wp-content\/uploads\/2020\/11\/apartmani-malesevic-tara-smestaj-3-488x326.jpg"},"property-detail-video-image":{"file":"apartmani-malesevic-tara-smestaj-3-560x417.jpg","width":560,"height":417,"mime-type":"image\/jpeg","url":"https:\/\/tara.rs\/wp-content\/uploads\/2020\/11\/apartmani-malesevic-tara-smestaj-3-560x417.jpg"},"agent-image":{"file":"apartmani-malesevic-tara-smestaj-3-210x210.jpg","width":210,"height":210,"mime-type":"image\/jpeg","url":"https:\/\/tara.rs\/wp-content\/uploads\/2020\/11\/apartmani-malesevic-tara-smestaj-3-210x210.jpg"},"gallery-two-column-image":{"file":"apartmani-malesevic-tara-smestaj-3-536x269.jpg","width":536,"height":269,"mime-type":"image\/jpeg","url":"https:\/\/tara.rs\/wp-content\/uploads\/2020\/11\/apartmani-malesevic-tara-smestaj-3-536x269.jpg"},"property-detail-slider-thumb":{"file":"apartmani-malesevic-tara-smestaj-3-82x60.jpg","width":82,"height":60,"mime-type":"image\/jpeg","url":"https:\/\/tara.rs\/wp-content\/uploads\/2020\/11\/apartmani-malesevic-tara-smestaj-3-82x60.jpg"}},"image_meta":{"aperture":"0","credit":"","camera":"","caption":"","created_timestamp":"0","copyright":"","focal_length":"0","iso":"0","shutter_speed":"0","title":"","orientation":"0","keywords":[]},"ID":"51221","name":"apartmani-malesevic-tara-smestaj-3.jpg","path":"\/home\/tarars\/public_html\/wp-content\/uploads\/2020\/11\/apartmani-malesevic-tara-smestaj-3.jpg","url":"https:\/\/tara.rs\/wp-content\/uploads\/2020\/11\/apartmani-malesevic-tara-smestaj-3-150x150.jpg","full_url":"https:\/\/tara.rs\/wp-content\/uploads\/2020\/11\/apartmani-malesevic-tara-smestaj-3.jpg","title":"apartmani-malesevic-tara-smestaj-3","caption":"","description":"","alt":"","srcset":"https:\/\/tara.rs\/wp-content\/uploads\/2020\/11\/apartmani-malesevic-tara-smestaj-3-150x150.jpg 150w, https:\/\/tara.rs\/wp-content\/uploads\/2020\/11\/apartmani-malesevic-tara-smestaj-3-300x300.jpg 300w, https:\/\/tara.rs\/wp-content\/uploads\/2020\/11\/apartmani-malesevic-tara-smestaj-3-210x210.jpg 210w, https:\/\/tara.rs\/wp-content\/uploads\/2020\/11\/apartmani-malesevic-tara-smestaj-3.jpg 560w"},{"width":150,"height":150,"file":"2023\/12\/apartmani-malesevic-planina-tara-smestaj-5.jpg","filesize":208546,"sizes":{"medium":{"file":"apartmani-malesevic-planina-tara-smestaj-5-300x225.jpg","width":300,"height":225,"mime-type":"image\/jpeg","filesize":21498,"url":"https:\/\/tara.rs\/wp-content\/uploads\/2023\/12\/apartmani-malesevic-planina-tara-smestaj-5-300x225.jpg"},"thumbnail":{"file":"apartmani-malesevic-planina-tara-smestaj-5-150x150.jpg","width":150,"height":150,"mime-type":"image\/jpeg","filesize":8436,"url":"https:\/\/tara.rs\/wp-content\/uploads\/2023\/12\/apartmani-malesevic-planina-tara-smestaj-5-150x150.jpg"},"medium_large":{"file":"apartmani-malesevic-planina-tara-smestaj-5-768x576.jpg","width":768,"height":576,"mime-type":"image\/jpeg","filesize":109345,"url":"https:\/\/tara.rs\/wp-content\/uploads\/2023\/12\/apartmani-malesevic-planina-tara-smestaj-5-768x576.jpg"},"post-thumbnail":{"file":"apartmani-malesevic-planina-tara-smestaj-5-150x113.jpg","width":150,"height":113,"mime-type":"image\/jpeg","filesize":6641,"url":"https:\/\/tara.rs\/wp-content\/uploads\/2023\/12\/apartmani-malesevic-planina-tara-smestaj-5-150x113.jpg"},"modern-property-child-slider":{"file":"apartmani-malesevic-planina-tara-smestaj-5-680x510.jpg","width":680,"height":510,"mime-type":"image\/jpeg","filesize":89635,"url":"https:\/\/tara.rs\/wp-content\/uploads\/2023\/12\/apartmani-malesevic-planina-tara-smestaj-5-680x510.jpg"},"property-thumb-image":{"file":"apartmani-malesevic-planina-tara-smestaj-5-488x326.jpg","width":488,"height":326,"mime-type":"image\/jpeg","filesize":45825,"url":"https:\/\/tara.rs\/wp-content\/uploads\/2023\/12\/apartmani-malesevic-planina-tara-smestaj-5-488x326.jpg"},"property-detail-video-image":{"file":"apartmani-malesevic-planina-tara-smestaj-5-818x417.jpg","width":818,"height":417,"mime-type":"image\/jpeg","filesize":86619,"url":"https:\/\/tara.rs\/wp-content\/uploads\/2023\/12\/apartmani-malesevic-planina-tara-smestaj-5-818x417.jpg"},"agent-image":{"file":"apartmani-malesevic-planina-tara-smestaj-5-210x210.jpg","width":210,"height":210,"mime-type":"image\/jpeg","filesize":15106,"url":"https:\/\/tara.rs\/wp-content\/uploads\/2023\/12\/apartmani-malesevic-planina-tara-smestaj-5-210x210.jpg"},"partners-logo":{"file":"apartmani-malesevic-planina-tara-smestaj-5-600x750.jpg","width":600,"height":750,"mime-type":"image\/jpeg","filesize":120349,"url":"https:\/\/tara.rs\/wp-content\/uploads\/2023\/12\/apartmani-malesevic-planina-tara-smestaj-5-600x750.jpg"},"post-featured-image":{"file":"apartmani-malesevic-planina-tara-smestaj-5-1000x720.jpg","width":1000,"height":720,"mime-type":"image\/jpeg","filesize":187725,"url":"https:\/\/tara.rs\/wp-content\/uploads\/2023\/12\/apartmani-malesevic-planina-tara-smestaj-5-1000x720.jpg"}},"image_meta":{"aperture":"0","credit":"","camera":"","caption":"","created_timestamp":"0","copyright":"","focal_length":"0","iso":"0","shutter_speed":"0","title":"","orientation":"0","keywords":[]},"ID":"82021","name":"apartmani-malesevic-planina-tara-smestaj-5.jpg","path":"\/home\/tarars\/public_html\/wp-content\/uploads\/2023\/12\/apartmani-malesevic-planina-tara-smestaj-5.jpg","url":"https:\/\/tara.rs\/wp-content\/uploads\/2023\/12\/apartmani-malesevic-planina-tara-smestaj-5-150x150.jpg","full_url":"https:\/\/tara.rs\/wp-content\/uploads\/2023\/12\/apartmani-malesevic-planina-tara-smestaj-5.jpg","title":"apartmani-male\u0161evi\u0107-planina-tara-sme\u0161taj-5","caption":"","description":"","alt":"","srcset":"https:\/\/tara.rs\/wp-content\/uploads\/2023\/12\/apartmani-malesevic-planina-tara-smestaj-5-150x150.jpg 150w, https:\/\/tara.rs\/wp-content\/uploads\/2023\/12\/apartmani-malesevic-planina-tara-smestaj-5-210x210.jpg 210w"},{"width":150,"height":150,"file":"2023\/12\/apartmani-malesevic-planina-tara-smestaj-4.jpg","filesize":203317,"sizes":{"medium":{"file":"apartmani-malesevic-planina-tara-smestaj-4-300x225.jpg","width":300,"height":225,"mime-type":"image\/jpeg","filesize":26363,"url":"https:\/\/tara.rs\/wp-content\/uploads\/2023\/12\/apartmani-malesevic-planina-tara-smestaj-4-300x225.jpg"},"thumbnail":{"file":"apartmani-malesevic-planina-tara-smestaj-4-150x150.jpg","width":150,"height":150,"mime-type":"image\/jpeg","filesize":9533,"url":"https:\/\/tara.rs\/wp-content\/uploads\/2023\/12\/apartmani-malesevic-planina-tara-smestaj-4-150x150.jpg"},"medium_large":{"file":"apartmani-malesevic-planina-tara-smestaj-4-768x576.jpg","width":768,"height":576,"mime-type":"image\/jpeg","filesize":118718,"url":"https:\/\/tara.rs\/wp-content\/uploads\/2023\/12\/apartmani-malesevic-planina-tara-smestaj-4-768x576.jpg"},"post-thumbnail":{"file":"apartmani-malesevic-planina-tara-smestaj-4-150x113.jpg","width":150,"height":113,"mime-type":"image\/jpeg","filesize":7821,"url":"https:\/\/tara.rs\/wp-content\/uploads\/2023\/12\/apartmani-malesevic-planina-tara-smestaj-4-150x113.jpg"},"modern-property-child-slider":{"file":"apartmani-malesevic-planina-tara-smestaj-4-680x510.jpg","width":680,"height":510,"mime-type":"image\/jpeg","filesize":99213,"url":"https:\/\/tara.rs\/wp-content\/uploads\/2023\/12\/apartmani-malesevic-planina-tara-smestaj-4-680x510.jpg"},"property-thumb-image":{"file":"apartmani-malesevic-planina-tara-smestaj-4-488x326.jpg","width":488,"height":326,"mime-type":"image\/jpeg","filesize":51990,"url":"https:\/\/tara.rs\/wp-content\/uploads\/2023\/12\/apartmani-malesevic-planina-tara-smestaj-4-488x326.jpg"},"property-detail-video-image":{"file":"apartmani-malesevic-planina-tara-smestaj-4-818x417.jpg","width":818,"height":417,"mime-type":"image\/jpeg","filesize":86438,"url":"https:\/\/tara.rs\/wp-content\/uploads\/2023\/12\/apartmani-malesevic-planina-tara-smestaj-4-818x417.jpg"},"agent-image":{"file":"apartmani-malesevic-planina-tara-smestaj-4-210x210.jpg","width":210,"height":210,"mime-type":"image\/jpeg","filesize":17424,"url":"https:\/\/tara.rs\/wp-content\/uploads\/2023\/12\/apartmani-malesevic-planina-tara-smestaj-4-210x210.jpg"},"partners-logo":{"file":"apartmani-malesevic-planina-tara-smestaj-4-600x750.jpg","width":600,"height":750,"mime-type":"image\/jpeg","filesize":115270,"url":"https:\/\/tara.rs\/wp-content\/uploads\/2023\/12\/apartmani-malesevic-planina-tara-smestaj-4-600x750.jpg"},"post-featured-image":{"file":"apartmani-malesevic-planina-tara-smestaj-4-1000x720.jpg","width":1000,"height":720,"mime-type":"image\/jpeg","filesize":182907,"url":"https:\/\/tara.rs\/wp-content\/uploads\/2023\/12\/apartmani-malesevic-planina-tara-smestaj-4-1000x720.jpg"}},"image_meta":{"aperture":"0","credit":"","camera":"","caption":"","created_timestamp":"0","copyright":"","focal_length":"0","iso":"0","shutter_speed":"0","title":"","orientation":"0","keywords":[]},"ID":"82020","name":"apartmani-malesevic-planina-tara-smestaj-4.jpg","path":"\/home\/tarars\/public_html\/wp-content\/uploads\/2023\/12\/apartmani-malesevic-planina-tara-smestaj-4.jpg","url":"https:\/\/tara.rs\/wp-content\/uploads\/2023\/12\/apartmani-malesevic-planina-tara-smestaj-4-150x150.jpg","full_url":"https:\/\/tara.rs\/wp-content\/uploads\/2023\/12\/apartmani-malesevic-planina-tara-smestaj-4.jpg","title":"apartmani-male\u0161evi\u0107-planina-tara-sme\u0161taj-4","caption":"","description":"","alt":"","srcset":"https:\/\/tara.rs\/wp-content\/uploads\/2023\/12\/apartmani-malesevic-planina-tara-smestaj-4-150x150.jpg 150w, https:\/\/tara.rs\/wp-content\/uploads\/2023\/12\/apartmani-malesevic-planina-tara-smestaj-4-210x210.jpg 210w"},{"width":150,"height":150,"file":"2023\/12\/apartmani-malesevic-planina-tara-smestaj-3.jpg","filesize":274487,"sizes":{"medium":{"file":"apartmani-malesevic-planina-tara-smestaj-3-300x225.jpg","width":300,"height":225,"mime-type":"image\/jpeg","filesize":25832,"url":"https:\/\/tara.rs\/wp-content\/uploads\/2023\/12\/apartmani-malesevic-planina-tara-smestaj-3-300x225.jpg"},"thumbnail":{"file":"apartmani-malesevic-planina-tara-smestaj-3-150x150.jpg","width":150,"height":150,"mime-type":"image\/jpeg","filesize":9653,"url":"https:\/\/tara.rs\/wp-content\/uploads\/2023\/12\/apartmani-malesevic-planina-tara-smestaj-3-150x150.jpg"},"medium_large":{"file":"apartmani-malesevic-planina-tara-smestaj-3-768x576.jpg","width":768,"height":576,"mime-type":"image\/jpeg","filesize":140774,"url":"https:\/\/tara.rs\/wp-content\/uploads\/2023\/12\/apartmani-malesevic-planina-tara-smestaj-3-768x576.jpg"},"post-thumbnail":{"file":"apartmani-malesevic-planina-tara-smestaj-3-150x113.jpg","width":150,"height":113,"mime-type":"image\/jpeg","filesize":7668,"url":"https:\/\/tara.rs\/wp-content\/uploads\/2023\/12\/apartmani-malesevic-planina-tara-smestaj-3-150x113.jpg"},"modern-property-child-slider":{"file":"apartmani-malesevic-planina-tara-smestaj-3-680x510.jpg","width":680,"height":510,"mime-type":"image\/jpeg","filesize":114097,"url":"https:\/\/tara.rs\/wp-content\/uploads\/2023\/12\/apartmani-malesevic-planina-tara-smestaj-3-680x510.jpg"},"property-thumb-image":{"file":"apartmani-malesevic-planina-tara-smestaj-3-488x326.jpg","width":488,"height":326,"mime-type":"image\/jpeg","filesize":55941,"url":"https:\/\/tara.rs\/wp-content\/uploads\/2023\/12\/apartmani-malesevic-planina-tara-smestaj-3-488x326.jpg"},"property-detail-video-image":{"file":"apartmani-malesevic-planina-tara-smestaj-3-818x417.jpg","width":818,"height":417,"mime-type":"image\/jpeg","filesize":107956,"url":"https:\/\/tara.rs\/wp-content\/uploads\/2023\/12\/apartmani-malesevic-planina-tara-smestaj-3-818x417.jpg"},"agent-image":{"file":"apartmani-malesevic-planina-tara-smestaj-3-210x210.jpg","width":210,"height":210,"mime-type":"image\/jpeg","filesize":17445,"url":"https:\/\/tara.rs\/wp-content\/uploads\/2023\/12\/apartmani-malesevic-planina-tara-smestaj-3-210x210.jpg"},"partners-logo":{"file":"apartmani-malesevic-planina-tara-smestaj-3-600x750.jpg","width":600,"height":750,"mime-type":"image\/jpeg","filesize":156967,"url":"https:\/\/tara.rs\/wp-content\/uploads\/2023\/12\/apartmani-malesevic-planina-tara-smestaj-3-600x750.jpg"},"post-featured-image":{"file":"apartmani-malesevic-planina-tara-smestaj-3-1000x720.jpg","width":1000,"height":720,"mime-type":"image\/jpeg","filesize":245778,"url":"https:\/\/tara.rs\/wp-content\/uploads\/2023\/12\/apartmani-malesevic-planina-tara-smestaj-3-1000x720.jpg"}},"image_meta":{"aperture":"0","credit":"","camera":"","caption":"","created_timestamp":"0","copyright":"","focal_length":"0","iso":"0","shutter_speed":"0","title":"","orientation":"0","keywords":[]},"ID":"82019","name":"apartmani-malesevic-planina-tara-smestaj-3.jpg","path":"\/home\/tarars\/public_html\/wp-content\/uploads\/2023\/12\/apartmani-malesevic-planina-tara-smestaj-3.jpg","url":"https:\/\/tara.rs\/wp-content\/uploads\/2023\/12\/apartmani-malesevic-planina-tara-smestaj-3-150x150.jpg","full_url":"https:\/\/tara.rs\/wp-content\/uploads\/2023\/12\/apartmani-malesevic-planina-tara-smestaj-3.jpg","title":"apartmani-male\u0161evi\u0107-planina-tara-sme\u0161taj-3","caption":"","description":"","alt":"","srcset":"https:\/\/tara.rs\/wp-content\/uploads\/2023\/12\/apartmani-malesevic-planina-tara-smestaj-3-150x150.jpg 150w, https:\/\/tara.rs\/wp-content\/uploads\/2023\/12\/apartmani-malesevic-planina-tara-smestaj-3-210x210.jpg 210w"},{"width":150,"height":150,"file":"2020\/11\/apartmani-malesevic-tara-smestaj-4.jpg","sizes":{"medium":{"file":"apartmani-malesevic-tara-smestaj-4-300x300.jpg","width":300,"height":300,"mime-type":"image\/jpeg","url":"https:\/\/tara.rs\/wp-content\/uploads\/2020\/11\/apartmani-malesevic-tara-smestaj-4-300x300.jpg"},"thumbnail":{"file":"apartmani-malesevic-tara-smestaj-4-150x150.jpg","width":150,"height":150,"mime-type":"image\/jpeg","url":"https:\/\/tara.rs\/wp-content\/uploads\/2020\/11\/apartmani-malesevic-tara-smestaj-4-150x150.jpg"},"post-thumbnail":{"file":"apartmani-malesevic-tara-smestaj-4-150x150.jpg","width":150,"height":150,"mime-type":"image\/jpeg","url":"https:\/\/tara.rs\/wp-content\/uploads\/2020\/11\/apartmani-malesevic-tara-smestaj-4-150x150.jpg"},"modern-property-child-slider":{"file":"apartmani-malesevic-tara-smestaj-4-560x510.jpg","width":560,"height":510,"mime-type":"image\/jpeg","url":"https:\/\/tara.rs\/wp-content\/uploads\/2020\/11\/apartmani-malesevic-tara-smestaj-4-560x510.jpg"},"property-thumb-image":{"file":"apartmani-malesevic-tara-smestaj-4-488x326.jpg","width":488,"height":326,"mime-type":"image\/jpeg","url":"https:\/\/tara.rs\/wp-content\/uploads\/2020\/11\/apartmani-malesevic-tara-smestaj-4-488x326.jpg"},"property-detail-video-image":{"file":"apartmani-malesevic-tara-smestaj-4-560x417.jpg","width":560,"height":417,"mime-type":"image\/jpeg","url":"https:\/\/tara.rs\/wp-content\/uploads\/2020\/11\/apartmani-malesevic-tara-smestaj-4-560x417.jpg"},"agent-image":{"file":"apartmani-malesevic-tara-smestaj-4-210x210.jpg","width":210,"height":210,"mime-type":"image\/jpeg","url":"https:\/\/tara.rs\/wp-content\/uploads\/2020\/11\/apartmani-malesevic-tara-smestaj-4-210x210.jpg"},"gallery-two-column-image":{"file":"apartmani-malesevic-tara-smestaj-4-536x269.jpg","width":536,"height":269,"mime-type":"image\/jpeg","url":"https:\/\/tara.rs\/wp-content\/uploads\/2020\/11\/apartmani-malesevic-tara-smestaj-4-536x269.jpg"},"property-detail-slider-thumb":{"file":"apartmani-malesevic-tara-smestaj-4-82x60.jpg","width":82,"height":60,"mime-type":"image\/jpeg","url":"https:\/\/tara.rs\/wp-content\/uploads\/2020\/11\/apartmani-malesevic-tara-smestaj-4-82x60.jpg"}},"image_meta":{"aperture":"0","credit":"","camera":"","caption":"","created_timestamp":"0","copyright":"","focal_length":"0","iso":"0","shutter_speed":"0","title":"","orientation":"0","keywords":[]},"ID":"51222","name":"apartmani-malesevic-tara-smestaj-4.jpg","path":"\/home\/tarars\/public_html\/wp-content\/uploads\/2020\/11\/apartmani-malesevic-tara-smestaj-4.jpg","url":"https:\/\/tara.rs\/wp-content\/uploads\/2020\/11\/apartmani-malesevic-tara-smestaj-4-150x150.jpg","full_url":"https:\/\/tara.rs\/wp-content\/uploads\/2020\/11\/apartmani-malesevic-tara-smestaj-4.jpg","title":"apartmani-malesevic-tara-smestaj-4","caption":"","description":"","alt":"","srcset":"https:\/\/tara.rs\/wp-content\/uploads\/2020\/11\/apartmani-malesevic-tara-smestaj-4-150x150.jpg 150w, https:\/\/tara.rs\/wp-content\/uploads\/2020\/11\/apartmani-malesevic-tara-smestaj-4-300x300.jpg 300w, https:\/\/tara.rs\/wp-content\/uploads\/2020\/11\/apartmani-malesevic-tara-smestaj-4-210x210.jpg 210w, https:\/\/tara.rs\/wp-content\/uploads\/2020\/11\/apartmani-malesevic-tara-smestaj-4.jpg 560w"},{"width":150,"height":150,"file":"2020\/11\/apartmani-malesevic-tara-smestaj-5.jpg","sizes":{"medium":{"file":"apartmani-malesevic-tara-smestaj-5-300x300.jpg","width":300,"height":300,"mime-type":"image\/jpeg","url":"https:\/\/tara.rs\/wp-content\/uploads\/2020\/11\/apartmani-malesevic-tara-smestaj-5-300x300.jpg"},"thumbnail":{"file":"apartmani-malesevic-tara-smestaj-5-150x150.jpg","width":150,"height":150,"mime-type":"image\/jpeg","url":"https:\/\/tara.rs\/wp-content\/uploads\/2020\/11\/apartmani-malesevic-tara-smestaj-5-150x150.jpg"},"post-thumbnail":{"file":"apartmani-malesevic-tara-smestaj-5-150x150.jpg","width":150,"height":150,"mime-type":"image\/jpeg","url":"https:\/\/tara.rs\/wp-content\/uploads\/2020\/11\/apartmani-malesevic-tara-smestaj-5-150x150.jpg"},"modern-property-child-slider":{"file":"apartmani-malesevic-tara-smestaj-5-560x510.jpg","width":560,"height":510,"mime-type":"image\/jpeg","url":"https:\/\/tara.rs\/wp-content\/uploads\/2020\/11\/apartmani-malesevic-tara-smestaj-5-560x510.jpg"},"property-thumb-image":{"file":"apartmani-malesevic-tara-smestaj-5-488x326.jpg","width":488,"height":326,"mime-type":"image\/jpeg","url":"https:\/\/tara.rs\/wp-content\/uploads\/2020\/11\/apartmani-malesevic-tara-smestaj-5-488x326.jpg"},"property-detail-video-image":{"file":"apartmani-malesevic-tara-smestaj-5-560x417.jpg","width":560,"height":417,"mime-type":"image\/jpeg","url":"https:\/\/tara.rs\/wp-content\/uploads\/2020\/11\/apartmani-malesevic-tara-smestaj-5-560x417.jpg"},"agent-image":{"file":"apartmani-malesevic-tara-smestaj-5-210x210.jpg","width":210,"height":210,"mime-type":"image\/jpeg","url":"https:\/\/tara.rs\/wp-content\/uploads\/2020\/11\/apartmani-malesevic-tara-smestaj-5-210x210.jpg"},"gallery-two-column-image":{"file":"apartmani-malesevic-tara-smestaj-5-536x269.jpg","width":536,"height":269,"mime-type":"image\/jpeg","url":"https:\/\/tara.rs\/wp-content\/uploads\/2020\/11\/apartmani-malesevic-tara-smestaj-5-536x269.jpg"},"property-detail-slider-thumb":{"file":"apartmani-malesevic-tara-smestaj-5-82x60.jpg","width":82,"height":60,"mime-type":"image\/jpeg","url":"https:\/\/tara.rs\/wp-content\/uploads\/2020\/11\/apartmani-malesevic-tara-smestaj-5-82x60.jpg"}},"image_meta":{"aperture":"0","credit":"","camera":"","caption":"","created_timestamp":"0","copyright":"","focal_length":"0","iso":"0","shutter_speed":"0","title":"","orientation":"0","keywords":[]},"ID":"51223","name":"apartmani-malesevic-tara-smestaj-5.jpg","path":"\/home\/tarars\/public_html\/wp-content\/uploads\/2020\/11\/apartmani-malesevic-tara-smestaj-5.jpg","url":"https:\/\/tara.rs\/wp-content\/uploads\/2020\/11\/apartmani-malesevic-tara-smestaj-5-150x150.jpg","full_url":"https:\/\/tara.rs\/wp-content\/uploads\/2020\/11\/apartmani-malesevic-tara-smestaj-5.jpg","title":"apartmani-malesevic-tara-smestaj-5","caption":"","description":"","alt":"","srcset":"https:\/\/tara.rs\/wp-content\/uploads\/2020\/11\/apartmani-malesevic-tara-smestaj-5-150x150.jpg 150w, https:\/\/tara.rs\/wp-content\/uploads\/2020\/11\/apartmani-malesevic-tara-smestaj-5-300x300.jpg 300w, https:\/\/tara.rs\/wp-content\/uploads\/2020\/11\/apartmani-malesevic-tara-smestaj-5-210x210.jpg 210w, https:\/\/tara.rs\/wp-content\/uploads\/2020\/11\/apartmani-malesevic-tara-smestaj-5.jpg 560w"},{"width":150,"height":150,"file":"2020\/11\/apartmani-malesevic-tara-smestaj-6.jpg","sizes":{"medium":{"file":"apartmani-malesevic-tara-smestaj-6-300x300.jpg","width":300,"height":300,"mime-type":"image\/jpeg","url":"https:\/\/tara.rs\/wp-content\/uploads\/2020\/11\/apartmani-malesevic-tara-smestaj-6-300x300.jpg"},"thumbnail":{"file":"apartmani-malesevic-tara-smestaj-6-150x150.jpg","width":150,"height":150,"mime-type":"image\/jpeg","url":"https:\/\/tara.rs\/wp-content\/uploads\/2020\/11\/apartmani-malesevic-tara-smestaj-6-150x150.jpg"},"post-thumbnail":{"file":"apartmani-malesevic-tara-smestaj-6-150x150.jpg","width":150,"height":150,"mime-type":"image\/jpeg","url":"https:\/\/tara.rs\/wp-content\/uploads\/2020\/11\/apartmani-malesevic-tara-smestaj-6-150x150.jpg"},"modern-property-child-slider":{"file":"apartmani-malesevic-tara-smestaj-6-560x510.jpg","width":560,"height":510,"mime-type":"image\/jpeg","url":"https:\/\/tara.rs\/wp-content\/uploads\/2020\/11\/apartmani-malesevic-tara-smestaj-6-560x510.jpg"},"property-thumb-image":{"file":"apartmani-malesevic-tara-smestaj-6-488x326.jpg","width":488,"height":326,"mime-type":"image\/jpeg","url":"https:\/\/tara.rs\/wp-content\/uploads\/2020\/11\/apartmani-malesevic-tara-smestaj-6-488x326.jpg"},"property-detail-video-image":{"file":"apartmani-malesevic-tara-smestaj-6-560x417.jpg","width":560,"height":417,"mime-type":"image\/jpeg","url":"https:\/\/tara.rs\/wp-content\/uploads\/2020\/11\/apartmani-malesevic-tara-smestaj-6-560x417.jpg"},"agent-image":{"file":"apartmani-malesevic-tara-smestaj-6-210x210.jpg","width":210,"height":210,"mime-type":"image\/jpeg","url":"https:\/\/tara.rs\/wp-content\/uploads\/2020\/11\/apartmani-malesevic-tara-smestaj-6-210x210.jpg"},"gallery-two-column-image":{"file":"apartmani-malesevic-tara-smestaj-6-536x269.jpg","width":536,"height":269,"mime-type":"image\/jpeg","url":"https:\/\/tara.rs\/wp-content\/uploads\/2020\/11\/apartmani-malesevic-tara-smestaj-6-536x269.jpg"},"property-detail-slider-thumb":{"file":"apartmani-malesevic-tara-smestaj-6-82x60.jpg","width":82,"height":60,"mime-type":"image\/jpeg","url":"https:\/\/tara.rs\/wp-content\/uploads\/2020\/11\/apartmani-malesevic-tara-smestaj-6-82x60.jpg"}},"image_meta":{"aperture":"0","credit":"","camera":"","caption":"","created_timestamp":"0","copyright":"","focal_length":"0","iso":"0","shutter_speed":"0","title":"","orientation":"0","keywords":[]},"ID":"51224","name":"apartmani-malesevic-tara-smestaj-6.jpg","path":"\/home\/tarars\/public_html\/wp-content\/uploads\/2020\/11\/apartmani-malesevic-tara-smestaj-6.jpg","url":"https:\/\/tara.rs\/wp-content\/uploads\/2020\/11\/apartmani-malesevic-tara-smestaj-6-150x150.jpg","full_url":"https:\/\/tara.rs\/wp-content\/uploads\/2020\/11\/apartmani-malesevic-tara-smestaj-6.jpg","title":"apartmani-malesevic-tara-smestaj-6","caption":"","description":"","alt":"","srcset":"https:\/\/tara.rs\/wp-content\/uploads\/2020\/11\/apartmani-malesevic-tara-smestaj-6-150x150.jpg 150w, https:\/\/tara.rs\/wp-content\/uploads\/2020\/11\/apartmani-malesevic-tara-smestaj-6-300x300.jpg 300w, https:\/\/tara.rs\/wp-content\/uploads\/2020\/11\/apartmani-malesevic-tara-smestaj-6-210x210.jpg 210w, https:\/\/tara.rs\/wp-content\/uploads\/2020\/11\/apartmani-malesevic-tara-smestaj-6.jpg 560w"},{"width":150,"height":150,"file":"2020\/11\/apartmani-malesevic-tara-smestaj-7.jpg","sizes":{"medium":{"file":"apartmani-malesevic-tara-smestaj-7-300x300.jpg","width":300,"height":300,"mime-type":"image\/jpeg","url":"https:\/\/tara.rs\/wp-content\/uploads\/2020\/11\/apartmani-malesevic-tara-smestaj-7-300x300.jpg"},"thumbnail":{"file":"apartmani-malesevic-tara-smestaj-7-150x150.jpg","width":150,"height":150,"mime-type":"image\/jpeg","url":"https:\/\/tara.rs\/wp-content\/uploads\/2020\/11\/apartmani-malesevic-tara-smestaj-7-150x150.jpg"},"post-thumbnail":{"file":"apartmani-malesevic-tara-smestaj-7-150x150.jpg","width":150,"height":150,"mime-type":"image\/jpeg","url":"https:\/\/tara.rs\/wp-content\/uploads\/2020\/11\/apartmani-malesevic-tara-smestaj-7-150x150.jpg"},"modern-property-child-slider":{"file":"apartmani-malesevic-tara-smestaj-7-560x510.jpg","width":560,"height":510,"mime-type":"image\/jpeg","url":"https:\/\/tara.rs\/wp-content\/uploads\/2020\/11\/apartmani-malesevic-tara-smestaj-7-560x510.jpg"},"property-thumb-image":{"file":"apartmani-malesevic-tara-smestaj-7-488x326.jpg","width":488,"height":326,"mime-type":"image\/jpeg","url":"https:\/\/tara.rs\/wp-content\/uploads\/2020\/11\/apartmani-malesevic-tara-smestaj-7-488x326.jpg"},"property-detail-video-image":{"file":"apartmani-malesevic-tara-smestaj-7-560x417.jpg","width":560,"height":417,"mime-type":"image\/jpeg","url":"https:\/\/tara.rs\/wp-content\/uploads\/2020\/11\/apartmani-malesevic-tara-smestaj-7-560x417.jpg"},"agent-image":{"file":"apartmani-malesevic-tara-smestaj-7-210x210.jpg","width":210,"height":210,"mime-type":"image\/jpeg","url":"https:\/\/tara.rs\/wp-content\/uploads\/2020\/11\/apartmani-malesevic-tara-smestaj-7-210x210.jpg"},"gallery-two-column-image":{"file":"apartmani-malesevic-tara-smestaj-7-536x269.jpg","width":536,"height":269,"mime-type":"image\/jpeg","url":"https:\/\/tara.rs\/wp-content\/uploads\/2020\/11\/apartmani-malesevic-tara-smestaj-7-536x269.jpg"},"property-detail-slider-thumb":{"file":"apartmani-malesevic-tara-smestaj-7-82x60.jpg","width":82,"height":60,"mime-type":"image\/jpeg","url":"https:\/\/tara.rs\/wp-content\/uploads\/2020\/11\/apartmani-malesevic-tara-smestaj-7-82x60.jpg"}},"image_meta":{"aperture":"0","credit":"","camera":"","caption":"","created_timestamp":"0","copyright":"","focal_length":"0","iso":"0","shutter_speed":"0","title":"","orientation":"0","keywords":[]},"ID":"51225","name":"apartmani-malesevic-tara-smestaj-7.jpg","path":"\/home\/tarars\/public_html\/wp-content\/uploads\/2020\/11\/apartmani-malesevic-tara-smestaj-7.jpg","url":"https:\/\/tara.rs\/wp-content\/uploads\/2020\/11\/apartmani-malesevic-tara-smestaj-7-150x150.jpg","full_url":"https:\/\/tara.rs\/wp-content\/uploads\/2020\/11\/apartmani-malesevic-tara-smestaj-7.jpg","title":"apartmani-malesevic-tara-smestaj-7","caption":"","description":"","alt":"","srcset":"https:\/\/tara.rs\/wp-content\/uploads\/2020\/11\/apartmani-malesevic-tara-smestaj-7-150x150.jpg 150w, https:\/\/tara.rs\/wp-content\/uploads\/2020\/11\/apartmani-malesevic-tara-smestaj-7-300x300.jpg 300w, https:\/\/tara.rs\/wp-content\/uploads\/2020\/11\/apartmani-malesevic-tara-smestaj-7-210x210.jpg 210w, https:\/\/tara.rs\/wp-content\/uploads\/2020\/11\/apartmani-malesevic-tara-smestaj-7.jpg 560w"},{"width":150,"height":150,"file":"2020\/11\/apartmani-malesevic-tara-smestaj-8.jpg","sizes":{"medium":{"file":"apartmani-malesevic-tara-smestaj-8-300x235.jpg","width":300,"height":235,"mime-type":"image\/jpeg","url":"https:\/\/tara.rs\/wp-content\/uploads\/2020\/11\/apartmani-malesevic-tara-smestaj-8-300x235.jpg"},"thumbnail":{"file":"apartmani-malesevic-tara-smestaj-8-150x150.jpg","width":150,"height":150,"mime-type":"image\/jpeg","url":"https:\/\/tara.rs\/wp-content\/uploads\/2020\/11\/apartmani-malesevic-tara-smestaj-8-150x150.jpg"},"post-thumbnail":{"file":"apartmani-malesevic-tara-smestaj-8-150x118.jpg","width":150,"height":118,"mime-type":"image\/jpeg","url":"https:\/\/tara.rs\/wp-content\/uploads\/2020\/11\/apartmani-malesevic-tara-smestaj-8-150x118.jpg"},"modern-property-child-slider":{"file":"apartmani-malesevic-tara-smestaj-8-680x510.jpg","width":680,"height":510,"mime-type":"image\/jpeg","url":"https:\/\/tara.rs\/wp-content\/uploads\/2020\/11\/apartmani-malesevic-tara-smestaj-8-680x510.jpg"},"property-thumb-image":{"file":"apartmani-malesevic-tara-smestaj-8-488x326.jpg","width":488,"height":326,"mime-type":"image\/jpeg","url":"https:\/\/tara.rs\/wp-content\/uploads\/2020\/11\/apartmani-malesevic-tara-smestaj-8-488x326.jpg"},"property-detail-video-image":{"file":"apartmani-malesevic-tara-smestaj-8-714x417.jpg","width":714,"height":417,"mime-type":"image\/jpeg","url":"https:\/\/tara.rs\/wp-content\/uploads\/2020\/11\/apartmani-malesevic-tara-smestaj-8-714x417.jpg"},"agent-image":{"file":"apartmani-malesevic-tara-smestaj-8-210x210.jpg","width":210,"height":210,"mime-type":"image\/jpeg","url":"https:\/\/tara.rs\/wp-content\/uploads\/2020\/11\/apartmani-malesevic-tara-smestaj-8-210x210.jpg"},"partners-logo":{"file":"apartmani-malesevic-tara-smestaj-8-600x560.jpg","width":600,"height":560,"mime-type":"image\/jpeg","url":"https:\/\/tara.rs\/wp-content\/uploads\/2020\/11\/apartmani-malesevic-tara-smestaj-8-600x560.jpg"},"gallery-two-column-image":{"file":"apartmani-malesevic-tara-smestaj-8-536x269.jpg","width":536,"height":269,"mime-type":"image\/jpeg","url":"https:\/\/tara.rs\/wp-content\/uploads\/2020\/11\/apartmani-malesevic-tara-smestaj-8-536x269.jpg"},"property-detail-slider-thumb":{"file":"apartmani-malesevic-tara-smestaj-8-82x60.jpg","width":82,"height":60,"mime-type":"image\/jpeg","url":"https:\/\/tara.rs\/wp-content\/uploads\/2020\/11\/apartmani-malesevic-tara-smestaj-8-82x60.jpg"}},"image_meta":{"aperture":"0","credit":"","camera":"","caption":"","created_timestamp":"0","copyright":"","focal_length":"0","iso":"0","shutter_speed":"0","title":"","orientation":"0","keywords":[]},"ID":"51226","name":"apartmani-malesevic-tara-smestaj-8.jpg","path":"\/home\/tarars\/public_html\/wp-content\/uploads\/2020\/11\/apartmani-malesevic-tara-smestaj-8.jpg","url":"https:\/\/tara.rs\/wp-content\/uploads\/2020\/11\/apartmani-malesevic-tara-smestaj-8-150x150.jpg","full_url":"https:\/\/tara.rs\/wp-content\/uploads\/2020\/11\/apartmani-malesevic-tara-smestaj-8.jpg","title":"apartmani-malesevic-tara-smestaj-8","caption":"","description":"","alt":"","srcset":"https:\/\/tara.rs\/wp-content\/uploads\/2020\/11\/apartmani-malesevic-tara-smestaj-8-150x150.jpg 150w, https:\/\/tara.rs\/wp-content\/uploads\/2020\/11\/apartmani-malesevic-tara-smestaj-8-210x210.jpg 210w"},{"width":150,"height":150,"file":"2020\/11\/apartmani-malesevic-tara-smestaj-10.jpg","sizes":{"medium":{"file":"apartmani-malesevic-tara-smestaj-10-300x187.jpg","width":300,"height":187,"mime-type":"image\/jpeg","url":"https:\/\/tara.rs\/wp-content\/uploads\/2020\/11\/apartmani-malesevic-tara-smestaj-10-300x187.jpg"},"thumbnail":{"file":"apartmani-malesevic-tara-smestaj-10-150x150.jpg","width":150,"height":150,"mime-type":"image\/jpeg","url":"https:\/\/tara.rs\/wp-content\/uploads\/2020\/11\/apartmani-malesevic-tara-smestaj-10-150x150.jpg"},"medium_large":{"file":"apartmani-malesevic-tara-smestaj-10-768x477.jpg","width":768,"height":477,"mime-type":"image\/jpeg","url":"https:\/\/tara.rs\/wp-content\/uploads\/2020\/11\/apartmani-malesevic-tara-smestaj-10-768x477.jpg"},"post-thumbnail":{"file":"apartmani-malesevic-tara-smestaj-10-150x93.jpg","width":150,"height":93,"mime-type":"image\/jpeg","url":"https:\/\/tara.rs\/wp-content\/uploads\/2020\/11\/apartmani-malesevic-tara-smestaj-10-150x93.jpg"},"modern-property-child-slider":{"file":"apartmani-malesevic-tara-smestaj-10-680x510.jpg","width":680,"height":510,"mime-type":"image\/jpeg","url":"https:\/\/tara.rs\/wp-content\/uploads\/2020\/11\/apartmani-malesevic-tara-smestaj-10-680x510.jpg"},"property-thumb-image":{"file":"apartmani-malesevic-tara-smestaj-10-488x326.jpg","width":488,"height":326,"mime-type":"image\/jpeg","url":"https:\/\/tara.rs\/wp-content\/uploads\/2020\/11\/apartmani-malesevic-tara-smestaj-10-488x326.jpg"},"property-detail-video-image":{"file":"apartmani-malesevic-tara-smestaj-10-818x417.jpg","width":818,"height":417,"mime-type":"image\/jpeg","url":"https:\/\/tara.rs\/wp-content\/uploads\/2020\/11\/apartmani-malesevic-tara-smestaj-10-818x417.jpg"},"agent-image":{"file":"apartmani-malesevic-tara-smestaj-10-210x210.jpg","width":210,"height":210,"mime-type":"image\/jpeg","url":"https:\/\/tara.rs\/wp-content\/uploads\/2020\/11\/apartmani-malesevic-tara-smestaj-10-210x210.jpg"},"partners-logo":{"file":"apartmani-malesevic-tara-smestaj-10-600x516.jpg","width":600,"height":516,"mime-type":"image\/jpeg","url":"https:\/\/tara.rs\/wp-content\/uploads\/2020\/11\/apartmani-malesevic-tara-smestaj-10-600x516.jpg"},"gallery-two-column-image":{"file":"apartmani-malesevic-tara-smestaj-10-536x269.jpg","width":536,"height":269,"mime-type":"image\/jpeg","url":"https:\/\/tara.rs\/wp-content\/uploads\/2020\/11\/apartmani-malesevic-tara-smestaj-10-536x269.jpg"},"property-detail-slider-thumb":{"file":"apartmani-malesevic-tara-smestaj-10-82x60.jpg","width":82,"height":60,"mime-type":"image\/jpeg","url":"https:\/\/tara.rs\/wp-content\/uploads\/2020\/11\/apartmani-malesevic-tara-smestaj-10-82x60.jpg"}},"image_meta":{"aperture":"0","credit":"","camera":"","caption":"","created_timestamp":"0","copyright":"","focal_length":"0","iso":"0","shutter_speed":"0","title":"","orientation":"0","keywords":[]},"ID":"51227","name":"apartmani-malesevic-tara-smestaj-10.jpg","path":"\/home\/tarars\/public_html\/wp-content\/uploads\/2020\/11\/apartmani-malesevic-tara-smestaj-10.jpg","url":"https:\/\/tara.rs\/wp-content\/uploads\/2020\/11\/apartmani-malesevic-tara-smestaj-10-150x150.jpg","full_url":"https:\/\/tara.rs\/wp-content\/uploads\/2020\/11\/apartmani-malesevic-tara-smestaj-10.jpg","title":"apartmani-malesevic-tara-smestaj-10","caption":"","description":"","alt":"","srcset":"https:\/\/tara.rs\/wp-content\/uploads\/2020\/11\/apartmani-malesevic-tara-smestaj-10-150x150.jpg 150w, https:\/\/tara.rs\/wp-content\/uploads\/2020\/11\/apartmani-malesevic-tara-smestaj-10-210x210.jpg 210w"},{"width":150,"height":150,"file":"2020\/11\/apartmani-malesevic-tara-smestaj-12.jpg","sizes":{"medium":{"file":"apartmani-malesevic-tara-smestaj-12-300x157.jpg","width":300,"height":157,"mime-type":"image\/jpeg","url":"https:\/\/tara.rs\/wp-content\/uploads\/2020\/11\/apartmani-malesevic-tara-smestaj-12-300x157.jpg"},"thumbnail":{"file":"apartmani-malesevic-tara-smestaj-12-150x150.jpg","width":150,"height":150,"mime-type":"image\/jpeg","url":"https:\/\/tara.rs\/wp-content\/uploads\/2020\/11\/apartmani-malesevic-tara-smestaj-12-150x150.jpg"},"medium_large":{"file":"apartmani-malesevic-tara-smestaj-12-768x403.jpg","width":768,"height":403,"mime-type":"image\/jpeg","url":"https:\/\/tara.rs\/wp-content\/uploads\/2020\/11\/apartmani-malesevic-tara-smestaj-12-768x403.jpg"},"post-thumbnail":{"file":"apartmani-malesevic-tara-smestaj-12-150x79.jpg","width":150,"height":79,"mime-type":"image\/jpeg","url":"https:\/\/tara.rs\/wp-content\/uploads\/2020\/11\/apartmani-malesevic-tara-smestaj-12-150x79.jpg"},"modern-property-child-slider":{"file":"apartmani-malesevic-tara-smestaj-12-680x435.jpg","width":680,"height":435,"mime-type":"image\/jpeg","url":"https:\/\/tara.rs\/wp-content\/uploads\/2020\/11\/apartmani-malesevic-tara-smestaj-12-680x435.jpg"},"property-thumb-image":{"file":"apartmani-malesevic-tara-smestaj-12-488x326.jpg","width":488,"height":326,"mime-type":"image\/jpeg","url":"https:\/\/tara.rs\/wp-content\/uploads\/2020\/11\/apartmani-malesevic-tara-smestaj-12-488x326.jpg"},"property-detail-video-image":{"file":"apartmani-malesevic-tara-smestaj-12-818x417.jpg","width":818,"height":417,"mime-type":"image\/jpeg","url":"https:\/\/tara.rs\/wp-content\/uploads\/2020\/11\/apartmani-malesevic-tara-smestaj-12-818x417.jpg"},"agent-image":{"file":"apartmani-malesevic-tara-smestaj-12-210x210.jpg","width":210,"height":210,"mime-type":"image\/jpeg","url":"https:\/\/tara.rs\/wp-content\/uploads\/2020\/11\/apartmani-malesevic-tara-smestaj-12-210x210.jpg"},"partners-logo":{"file":"apartmani-malesevic-tara-smestaj-12-600x435.jpg","width":600,"height":435,"mime-type":"image\/jpeg","url":"https:\/\/tara.rs\/wp-content\/uploads\/2020\/11\/apartmani-malesevic-tara-smestaj-12-600x435.jpg"},"gallery-two-column-image":{"file":"apartmani-malesevic-tara-smestaj-12-536x269.jpg","width":536,"height":269,"mime-type":"image\/jpeg","url":"https:\/\/tara.rs\/wp-content\/uploads\/2020\/11\/apartmani-malesevic-tara-smestaj-12-536x269.jpg"},"property-detail-slider-thumb":{"file":"apartmani-malesevic-tara-smestaj-12-82x60.jpg","width":82,"height":60,"mime-type":"image\/jpeg","url":"https:\/\/tara.rs\/wp-content\/uploads\/2020\/11\/apartmani-malesevic-tara-smestaj-12-82x60.jpg"}},"image_meta":{"aperture":"0","credit":"","camera":"","caption":"","created_timestamp":"0","copyright":"","focal_length":"0","iso":"0","shutter_speed":"0","title":"","orientation":"0","keywords":[]},"ID":"51228","name":"apartmani-malesevic-tara-smestaj-12.jpg","path":"\/home\/tarars\/public_html\/wp-content\/uploads\/2020\/11\/apartmani-malesevic-tara-smestaj-12.jpg","url":"https:\/\/tara.rs\/wp-content\/uploads\/2020\/11\/apartmani-malesevic-tara-smestaj-12-150x150.jpg","full_url":"https:\/\/tara.rs\/wp-content\/uploads\/2020\/11\/apartmani-malesevic-tara-smestaj-12.jpg","title":"apartmani-malesevic-tara-smestaj-12","caption":"","description":"","alt":"","srcset":"https:\/\/tara.rs\/wp-content\/uploads\/2020\/11\/apartmani-malesevic-tara-smestaj-12-150x150.jpg 150w, https:\/\/tara.rs\/wp-content\/uploads\/2020\/11\/apartmani-malesevic-tara-smestaj-12-210x210.jpg 210w"},{"width":150,"height":150,"file":"2020\/11\/apartmani-malesevic-tara-smestaj-13.jpg","sizes":{"medium":{"file":"apartmani-malesevic-tara-smestaj-13-300x300.jpg","width":300,"height":300,"mime-type":"image\/jpeg","url":"https:\/\/tara.rs\/wp-content\/uploads\/2020\/11\/apartmani-malesevic-tara-smestaj-13-300x300.jpg"},"thumbnail":{"file":"apartmani-malesevic-tara-smestaj-13-150x150.jpg","width":150,"height":150,"mime-type":"image\/jpeg","url":"https:\/\/tara.rs\/wp-content\/uploads\/2020\/11\/apartmani-malesevic-tara-smestaj-13-150x150.jpg"},"post-thumbnail":{"file":"apartmani-malesevic-tara-smestaj-13-150x150.jpg","width":150,"height":150,"mime-type":"image\/jpeg","url":"https:\/\/tara.rs\/wp-content\/uploads\/2020\/11\/apartmani-malesevic-tara-smestaj-13-150x150.jpg"},"modern-property-child-slider":{"file":"apartmani-malesevic-tara-smestaj-13-560x510.jpg","width":560,"height":510,"mime-type":"image\/jpeg","url":"https:\/\/tara.rs\/wp-content\/uploads\/2020\/11\/apartmani-malesevic-tara-smestaj-13-560x510.jpg"},"property-thumb-image":{"file":"apartmani-malesevic-tara-smestaj-13-488x326.jpg","width":488,"height":326,"mime-type":"image\/jpeg","url":"https:\/\/tara.rs\/wp-content\/uploads\/2020\/11\/apartmani-malesevic-tara-smestaj-13-488x326.jpg"},"property-detail-video-image":{"file":"apartmani-malesevic-tara-smestaj-13-560x417.jpg","width":560,"height":417,"mime-type":"image\/jpeg","url":"https:\/\/tara.rs\/wp-content\/uploads\/2020\/11\/apartmani-malesevic-tara-smestaj-13-560x417.jpg"},"agent-image":{"file":"apartmani-malesevic-tara-smestaj-13-210x210.jpg","width":210,"height":210,"mime-type":"image\/jpeg","url":"https:\/\/tara.rs\/wp-content\/uploads\/2020\/11\/apartmani-malesevic-tara-smestaj-13-210x210.jpg"},"gallery-two-column-image":{"file":"apartmani-malesevic-tara-smestaj-13-536x269.jpg","width":536,"height":269,"mime-type":"image\/jpeg","url":"https:\/\/tara.rs\/wp-content\/uploads\/2020\/11\/apartmani-malesevic-tara-smestaj-13-536x269.jpg"},"property-detail-slider-thumb":{"file":"apartmani-malesevic-tara-smestaj-13-82x60.jpg","width":82,"height":60,"mime-type":"image\/jpeg","url":"https:\/\/tara.rs\/wp-content\/uploads\/2020\/11\/apartmani-malesevic-tara-smestaj-13-82x60.jpg"}},"image_meta":{"aperture":"0","credit":"","camera":"","caption":"","created_timestamp":"0","copyright":"","focal_length":"0","iso":"0","shutter_speed":"0","title":"","orientation":"0","keywords":[]},"ID":"51229","name":"apartmani-malesevic-tara-smestaj-13.jpg","path":"\/home\/tarars\/public_html\/wp-content\/uploads\/2020\/11\/apartmani-malesevic-tara-smestaj-13.jpg","url":"https:\/\/tara.rs\/wp-content\/uploads\/2020\/11\/apartmani-malesevic-tara-smestaj-13-150x150.jpg","full_url":"https:\/\/tara.rs\/wp-content\/uploads\/2020\/11\/apartmani-malesevic-tara-smestaj-13.jpg","title":"apartmani-malesevic-tara-smestaj-13","caption":"","description":"","alt":"","srcset":"https:\/\/tara.rs\/wp-content\/uploads\/2020\/11\/apartmani-malesevic-tara-smestaj-13-150x150.jpg 150w, https:\/\/tara.rs\/wp-content\/uploads\/2020\/11\/apartmani-malesevic-tara-smestaj-13-300x300.jpg 300w, https:\/\/tara.rs\/wp-content\/uploads\/2020\/11\/apartmani-malesevic-tara-smestaj-13-210x210.jpg 210w, https:\/\/tara.rs\/wp-content\/uploads\/2020\/11\/apartmani-malesevic-tara-smestaj-13.jpg 560w"},{"width":150,"height":150,"file":"2020\/11\/apartmani-malesevic-tara-smestaj-14.jpg","sizes":{"medium":{"file":"apartmani-malesevic-tara-smestaj-14-300x255.jpg","width":300,"height":255,"mime-type":"image\/jpeg","url":"https:\/\/tara.rs\/wp-content\/uploads\/2020\/11\/apartmani-malesevic-tara-smestaj-14-300x255.jpg"},"thumbnail":{"file":"apartmani-malesevic-tara-smestaj-14-150x150.jpg","width":150,"height":150,"mime-type":"image\/jpeg","url":"https:\/\/tara.rs\/wp-content\/uploads\/2020\/11\/apartmani-malesevic-tara-smestaj-14-150x150.jpg"},"post-thumbnail":{"file":"apartmani-malesevic-tara-smestaj-14-150x127.jpg","width":150,"height":127,"mime-type":"image\/jpeg","url":"https:\/\/tara.rs\/wp-content\/uploads\/2020\/11\/apartmani-malesevic-tara-smestaj-14-150x127.jpg"},"modern-property-child-slider":{"file":"apartmani-malesevic-tara-smestaj-14-659x510.jpg","width":659,"height":510,"mime-type":"image\/jpeg","url":"https:\/\/tara.rs\/wp-content\/uploads\/2020\/11\/apartmani-malesevic-tara-smestaj-14-659x510.jpg"},"property-thumb-image":{"file":"apartmani-malesevic-tara-smestaj-14-488x326.jpg","width":488,"height":326,"mime-type":"image\/jpeg","url":"https:\/\/tara.rs\/wp-content\/uploads\/2020\/11\/apartmani-malesevic-tara-smestaj-14-488x326.jpg"},"property-detail-video-image":{"file":"apartmani-malesevic-tara-smestaj-14-659x417.jpg","width":659,"height":417,"mime-type":"image\/jpeg","url":"https:\/\/tara.rs\/wp-content\/uploads\/2020\/11\/apartmani-malesevic-tara-smestaj-14-659x417.jpg"},"agent-image":{"file":"apartmani-malesevic-tara-smestaj-14-210x210.jpg","width":210,"height":210,"mime-type":"image\/jpeg","url":"https:\/\/tara.rs\/wp-content\/uploads\/2020\/11\/apartmani-malesevic-tara-smestaj-14-210x210.jpg"},"partners-logo":{"file":"apartmani-malesevic-tara-smestaj-14-600x560.jpg","width":600,"height":560,"mime-type":"image\/jpeg","url":"https:\/\/tara.rs\/wp-content\/uploads\/2020\/11\/apartmani-malesevic-tara-smestaj-14-600x560.jpg"},"gallery-two-column-image":{"file":"apartmani-malesevic-tara-smestaj-14-536x269.jpg","width":536,"height":269,"mime-type":"image\/jpeg","url":"https:\/\/tara.rs\/wp-content\/uploads\/2020\/11\/apartmani-malesevic-tara-smestaj-14-536x269.jpg"},"property-detail-slider-thumb":{"file":"apartmani-malesevic-tara-smestaj-14-82x60.jpg","width":82,"height":60,"mime-type":"image\/jpeg","url":"https:\/\/tara.rs\/wp-content\/uploads\/2020\/11\/apartmani-malesevic-tara-smestaj-14-82x60.jpg"}},"image_meta":{"aperture":"0","credit":"","camera":"","caption":"","created_timestamp":"0","copyright":"","focal_length":"0","iso":"0","shutter_speed":"0","title":"","orientation":"0","keywords":[]},"ID":"51230","name":"apartmani-malesevic-tara-smestaj-14.jpg","path":"\/home\/tarars\/public_html\/wp-content\/uploads\/2020\/11\/apartmani-malesevic-tara-smestaj-14.jpg","url":"https:\/\/tara.rs\/wp-content\/uploads\/2020\/11\/apartmani-malesevic-tara-smestaj-14-150x150.jpg","full_url":"https:\/\/tara.rs\/wp-content\/uploads\/2020\/11\/apartmani-malesevic-tara-smestaj-14.jpg","title":"apartmani-malesevic-tara-smestaj-14","caption":"","description":"","alt":"","srcset":"https:\/\/tara.rs\/wp-content\/uploads\/2020\/11\/apartmani-malesevic-tara-smestaj-14-150x150.jpg 150w, https:\/\/tara.rs\/wp-content\/uploads\/2020\/11\/apartmani-malesevic-tara-smestaj-14-210x210.jpg 210w"},{"width":150,"height":150,"file":"2020\/11\/apartmani-malesevic-tara-smestaj-15.jpg","sizes":{"medium":{"file":"apartmani-malesevic-tara-smestaj-15-300x300.jpg","width":300,"height":300,"mime-type":"image\/jpeg","url":"https:\/\/tara.rs\/wp-content\/uploads\/2020\/11\/apartmani-malesevic-tara-smestaj-15-300x300.jpg"},"thumbnail":{"file":"apartmani-malesevic-tara-smestaj-15-150x150.jpg","width":150,"height":150,"mime-type":"image\/jpeg","url":"https:\/\/tara.rs\/wp-content\/uploads\/2020\/11\/apartmani-malesevic-tara-smestaj-15-150x150.jpg"},"post-thumbnail":{"file":"apartmani-malesevic-tara-smestaj-15-150x150.jpg","width":150,"height":150,"mime-type":"image\/jpeg","url":"https:\/\/tara.rs\/wp-content\/uploads\/2020\/11\/apartmani-malesevic-tara-smestaj-15-150x150.jpg"},"modern-property-child-slider":{"file":"apartmani-malesevic-tara-smestaj-15-560x510.jpg","width":560,"height":510,"mime-type":"image\/jpeg","url":"https:\/\/tara.rs\/wp-content\/uploads\/2020\/11\/apartmani-malesevic-tara-smestaj-15-560x510.jpg"},"property-thumb-image":{"file":"apartmani-malesevic-tara-smestaj-15-488x326.jpg","width":488,"height":326,"mime-type":"image\/jpeg","url":"https:\/\/tara.rs\/wp-content\/uploads\/2020\/11\/apartmani-malesevic-tara-smestaj-15-488x326.jpg"},"property-detail-video-image":{"file":"apartmani-malesevic-tara-smestaj-15-560x417.jpg","width":560,"height":417,"mime-type":"image\/jpeg","url":"https:\/\/tara.rs\/wp-content\/uploads\/2020\/11\/apartmani-malesevic-tara-smestaj-15-560x417.jpg"},"agent-image":{"file":"apartmani-malesevic-tara-smestaj-15-210x210.jpg","width":210,"height":210,"mime-type":"image\/jpeg","url":"https:\/\/tara.rs\/wp-content\/uploads\/2020\/11\/apartmani-malesevic-tara-smestaj-15-210x210.jpg"},"gallery-two-column-image":{"file":"apartmani-malesevic-tara-smestaj-15-536x269.jpg","width":536,"height":269,"mime-type":"image\/jpeg","url":"https:\/\/tara.rs\/wp-content\/uploads\/2020\/11\/apartmani-malesevic-tara-smestaj-15-536x269.jpg"},"property-detail-slider-thumb":{"file":"apartmani-malesevic-tara-smestaj-15-82x60.jpg","width":82,"height":60,"mime-type":"image\/jpeg","url":"https:\/\/tara.rs\/wp-content\/uploads\/2020\/11\/apartmani-malesevic-tara-smestaj-15-82x60.jpg"}},"image_meta":{"aperture":"0","credit":"","camera":"","caption":"","created_timestamp":"0","copyright":"","focal_length":"0","iso":"0","shutter_speed":"0","title":"","orientation":"0","keywords":[]},"ID":"51231","name":"apartmani-malesevic-tara-smestaj-15.jpg","path":"\/home\/tarars\/public_html\/wp-content\/uploads\/2020\/11\/apartmani-malesevic-tara-smestaj-15.jpg","url":"https:\/\/tara.rs\/wp-content\/uploads\/2020\/11\/apartmani-malesevic-tara-smestaj-15-150x150.jpg","full_url":"https:\/\/tara.rs\/wp-content\/uploads\/2020\/11\/apartmani-malesevic-tara-smestaj-15.jpg","title":"apartmani-malesevic-tara-smestaj-15","caption":"","description":"","alt":"","srcset":"https:\/\/tara.rs\/wp-content\/uploads\/2020\/11\/apartmani-malesevic-tara-smestaj-15-150x150.jpg 150w, https:\/\/tara.rs\/wp-content\/uploads\/2020\/11\/apartmani-malesevic-tara-smestaj-15-300x300.jpg 300w, https:\/\/tara.rs\/wp-content\/uploads\/2020\/11\/apartmani-malesevic-tara-smestaj-15-210x210.jpg 210w, https:\/\/tara.rs\/wp-content\/uploads\/2020\/11\/apartmani-malesevic-tara-smestaj-15.jpg 560w"},{"width":150,"height":150,"file":"2017\/11\/apartmani-malesevic-tara-kaludjerske-bare-13-1.jpg","sizes":{"medium":{"file":"apartmani-malesevic-tara-kaludjerske-bare-13-1-225x300.jpg","width":225,"height":300,"mime-type":"image\/jpeg","url":"https:\/\/tara.rs\/wp-content\/uploads\/2017\/11\/apartmani-malesevic-tara-kaludjerske-bare-13-1-225x300.jpg"},"thumbnail":{"file":"apartmani-malesevic-tara-kaludjerske-bare-13-1-150x150.jpg","width":150,"height":150,"mime-type":"image\/jpeg","url":"https:\/\/tara.rs\/wp-content\/uploads\/2017\/11\/apartmani-malesevic-tara-kaludjerske-bare-13-1-150x150.jpg"},"post-thumbnail":{"file":"apartmani-malesevic-tara-kaludjerske-bare-13-1-112x150.jpg","width":112,"height":150,"mime-type":"image\/jpeg","url":"https:\/\/tara.rs\/wp-content\/uploads\/2017\/11\/apartmani-malesevic-tara-kaludjerske-bare-13-1-112x150.jpg"},"property-thumb-image":{"file":"apartmani-malesevic-tara-kaludjerske-bare-13-1-488x326.jpg","width":488,"height":326,"mime-type":"image\/jpeg","url":"https:\/\/tara.rs\/wp-content\/uploads\/2017\/11\/apartmani-malesevic-tara-kaludjerske-bare-13-1-488x326.jpg"},"property-detail-video-image":{"file":"apartmani-malesevic-tara-kaludjerske-bare-13-1-500x417.jpg","width":500,"height":417,"mime-type":"image\/jpeg","url":"https:\/\/tara.rs\/wp-content\/uploads\/2017\/11\/apartmani-malesevic-tara-kaludjerske-bare-13-1-500x417.jpg"},"agent-image":{"file":"apartmani-malesevic-tara-kaludjerske-bare-13-1-210x210.jpg","width":210,"height":210,"mime-type":"image\/jpeg","url":"https:\/\/tara.rs\/wp-content\/uploads\/2017\/11\/apartmani-malesevic-tara-kaludjerske-bare-13-1-210x210.jpg"},"grid-view-image":{"file":"apartmani-malesevic-tara-kaludjerske-bare-13-1-492x324.jpg","width":492,"height":324,"mime-type":"image\/jpeg","url":"https:\/\/tara.rs\/wp-content\/uploads\/2017\/11\/apartmani-malesevic-tara-kaludjerske-bare-13-1-492x324.jpg"},"property-listing-image":{"file":"apartmani-malesevic-tara-kaludjerske-bare-13-1-400x300.jpg","width":400,"height":300,"mime-type":"image\/jpeg","url":"https:\/\/tara.rs\/wp-content\/uploads\/2017\/11\/apartmani-malesevic-tara-kaludjerske-bare-13-1-400x300.jpg"},"post-featured-image":{"file":"apartmani-malesevic-tara-kaludjerske-bare-13-1-500x455.jpg","width":500,"height":455,"mime-type":"image\/jpeg","url":"https:\/\/tara.rs\/wp-content\/uploads\/2017\/11\/apartmani-malesevic-tara-kaludjerske-bare-13-1-500x455.jpg"},"gallery-two-column-image":{"file":"apartmani-malesevic-tara-kaludjerske-bare-13-1-500x269.jpg","width":500,"height":269,"mime-type":"image\/jpeg","url":"https:\/\/tara.rs\/wp-content\/uploads\/2017\/11\/apartmani-malesevic-tara-kaludjerske-bare-13-1-500x269.jpg"},"property-detail-slider-image":{"file":"apartmani-malesevic-tara-kaludjerske-bare-13-1-500x586.jpg","width":500,"height":586,"mime-type":"image\/jpeg","url":"https:\/\/tara.rs\/wp-content\/uploads\/2017\/11\/apartmani-malesevic-tara-kaludjerske-bare-13-1-500x586.jpg"},"property-detail-slider-image-two":{"file":"apartmani-malesevic-tara-kaludjerske-bare-13-1-500x648.jpg","width":500,"height":648,"mime-type":"image\/jpeg","url":"https:\/\/tara.rs\/wp-content\/uploads\/2017\/11\/apartmani-malesevic-tara-kaludjerske-bare-13-1-500x648.jpg"},"property-detail-slider-thumb":{"file":"apartmani-malesevic-tara-kaludjerske-bare-13-1-82x60.jpg","width":82,"height":60,"mime-type":"image\/jpeg","url":"https:\/\/tara.rs\/wp-content\/uploads\/2017\/11\/apartmani-malesevic-tara-kaludjerske-bare-13-1-82x60.jpg"}},"image_meta":{"aperture":"0","credit":"","camera":"","caption":"","created_timestamp":"0","copyright":"","focal_length":"0","iso":"0","shutter_speed":"0","title":"","orientation":"0","keywords":[]},"ID":"18497","name":"apartmani-malesevic-tara-kaludjerske-bare-13-1.jpg","path":"\/home\/tarars\/public_html\/wp-content\/uploads\/2017\/11\/apartmani-malesevic-tara-kaludjerske-bare-13-1.jpg","url":"https:\/\/tara.rs\/wp-content\/uploads\/2017\/11\/apartmani-malesevic-tara-kaludjerske-bare-13-1-150x150.jpg","full_url":"https:\/\/tara.rs\/wp-content\/uploads\/2017\/11\/apartmani-malesevic-tara-kaludjerske-bare-13-1.jpg","title":"apartmani-malesevic-tara-kaludjerske-bare-13","caption":"","description":"","alt":"","srcset":"https:\/\/tara.rs\/wp-content\/uploads\/2017\/11\/apartmani-malesevic-tara-kaludjerske-bare-13-1-150x150.jpg 150w, https:\/\/tara.rs\/wp-content\/uploads\/2017\/11\/apartmani-malesevic-tara-kaludjerske-bare-13-1-210x210.jpg 210w"},{"width":150,"height":150,"file":"2017\/11\/apartmani-malesevic-tara-kaludjerske-bare-14-1.jpg","sizes":{"medium":{"file":"apartmani-malesevic-tara-kaludjerske-bare-14-1-300x200.jpg","width":300,"height":200,"mime-type":"image\/jpeg","url":"https:\/\/tara.rs\/wp-content\/uploads\/2017\/11\/apartmani-malesevic-tara-kaludjerske-bare-14-1-300x200.jpg"},"thumbnail":{"file":"apartmani-malesevic-tara-kaludjerske-bare-14-1-150x150.jpg","width":150,"height":150,"mime-type":"image\/jpeg","url":"https:\/\/tara.rs\/wp-content\/uploads\/2017\/11\/apartmani-malesevic-tara-kaludjerske-bare-14-1-150x150.jpg"},"medium_large":{"file":"apartmani-malesevic-tara-kaludjerske-bare-14-1-768x512.jpg","width":768,"height":512,"mime-type":"image\/jpeg","url":"https:\/\/tara.rs\/wp-content\/uploads\/2017\/11\/apartmani-malesevic-tara-kaludjerske-bare-14-1-768x512.jpg"},"post-thumbnail":{"file":"apartmani-malesevic-tara-kaludjerske-bare-14-1-150x100.jpg","width":150,"height":100,"mime-type":"image\/jpeg","url":"https:\/\/tara.rs\/wp-content\/uploads\/2017\/11\/apartmani-malesevic-tara-kaludjerske-bare-14-1-150x100.jpg"},"property-thumb-image":{"file":"apartmani-malesevic-tara-kaludjerske-bare-14-1-488x326.jpg","width":488,"height":326,"mime-type":"image\/jpeg","url":"https:\/\/tara.rs\/wp-content\/uploads\/2017\/11\/apartmani-malesevic-tara-kaludjerske-bare-14-1-488x326.jpg"},"property-detail-video-image":{"file":"apartmani-malesevic-tara-kaludjerske-bare-14-1-818x417.jpg","width":818,"height":417,"mime-type":"image\/jpeg","url":"https:\/\/tara.rs\/wp-content\/uploads\/2017\/11\/apartmani-malesevic-tara-kaludjerske-bare-14-1-818x417.jpg"},"agent-image":{"file":"apartmani-malesevic-tara-kaludjerske-bare-14-1-210x210.jpg","width":210,"height":210,"mime-type":"image\/jpeg","url":"https:\/\/tara.rs\/wp-content\/uploads\/2017\/11\/apartmani-malesevic-tara-kaludjerske-bare-14-1-210x210.jpg"},"partners-logo":{"file":"apartmani-malesevic-tara-kaludjerske-bare-14-1-600x553.jpg","width":600,"height":553,"mime-type":"image\/jpeg","url":"https:\/\/tara.rs\/wp-content\/uploads\/2017\/11\/apartmani-malesevic-tara-kaludjerske-bare-14-1-600x553.jpg"},"grid-view-image":{"file":"apartmani-malesevic-tara-kaludjerske-bare-14-1-492x324.jpg","width":492,"height":324,"mime-type":"image\/jpeg","url":"https:\/\/tara.rs\/wp-content\/uploads\/2017\/11\/apartmani-malesevic-tara-kaludjerske-bare-14-1-492x324.jpg"},"property-listing-image":{"file":"apartmani-malesevic-tara-kaludjerske-bare-14-1-400x300.jpg","width":400,"height":300,"mime-type":"image\/jpeg","url":"https:\/\/tara.rs\/wp-content\/uploads\/2017\/11\/apartmani-malesevic-tara-kaludjerske-bare-14-1-400x300.jpg"},"post-featured-image":{"file":"apartmani-malesevic-tara-kaludjerske-bare-14-1-830x455.jpg","width":830,"height":455,"mime-type":"image\/jpeg","url":"https:\/\/tara.rs\/wp-content\/uploads\/2017\/11\/apartmani-malesevic-tara-kaludjerske-bare-14-1-830x455.jpg"},"gallery-two-column-image":{"file":"apartmani-malesevic-tara-kaludjerske-bare-14-1-536x269.jpg","width":536,"height":269,"mime-type":"image\/jpeg","url":"https:\/\/tara.rs\/wp-content\/uploads\/2017\/11\/apartmani-malesevic-tara-kaludjerske-bare-14-1-536x269.jpg"},"property-detail-slider-thumb":{"file":"apartmani-malesevic-tara-kaludjerske-bare-14-1-82x60.jpg","width":82,"height":60,"mime-type":"image\/jpeg","url":"https:\/\/tara.rs\/wp-content\/uploads\/2017\/11\/apartmani-malesevic-tara-kaludjerske-bare-14-1-82x60.jpg"}},"image_meta":{"aperture":"0","credit":"","camera":"","caption":"","created_timestamp":"0","copyright":"","focal_length":"0","iso":"0","shutter_speed":"0","title":"","orientation":"0","keywords":[]},"ID":"18498","name":"apartmani-malesevic-tara-kaludjerske-bare-14-1.jpg","path":"\/home\/tarars\/public_html\/wp-content\/uploads\/2017\/11\/apartmani-malesevic-tara-kaludjerske-bare-14-1.jpg","url":"https:\/\/tara.rs\/wp-content\/uploads\/2017\/11\/apartmani-malesevic-tara-kaludjerske-bare-14-1-150x150.jpg","full_url":"https:\/\/tara.rs\/wp-content\/uploads\/2017\/11\/apartmani-malesevic-tara-kaludjerske-bare-14-1.jpg","title":"apartmani-malesevic-tara-kaludjerske-bare-14","caption":"","description":"","alt":"","srcset":"https:\/\/tara.rs\/wp-content\/uploads\/2017\/11\/apartmani-malesevic-tara-kaludjerske-bare-14-1-150x150.jpg 150w, https:\/\/tara.rs\/wp-content\/uploads\/2017\/11\/apartmani-malesevic-tara-kaludjerske-bare-14-1-210x210.jpg 210w"},{"width":150,"height":150,"file":"2017\/11\/apartmani-malesevic-tara-kaludjerske-bare-15-1.jpg","sizes":{"medium":{"file":"apartmani-malesevic-tara-kaludjerske-bare-15-1-300x200.jpg","width":300,"height":200,"mime-type":"image\/jpeg","url":"https:\/\/tara.rs\/wp-content\/uploads\/2017\/11\/apartmani-malesevic-tara-kaludjerske-bare-15-1-300x200.jpg"},"thumbnail":{"file":"apartmani-malesevic-tara-kaludjerske-bare-15-1-150x150.jpg","width":150,"height":150,"mime-type":"image\/jpeg","url":"https:\/\/tara.rs\/wp-content\/uploads\/2017\/11\/apartmani-malesevic-tara-kaludjerske-bare-15-1-150x150.jpg"},"medium_large":{"file":"apartmani-malesevic-tara-kaludjerske-bare-15-1-768x512.jpg","width":768,"height":512,"mime-type":"image\/jpeg","url":"https:\/\/tara.rs\/wp-content\/uploads\/2017\/11\/apartmani-malesevic-tara-kaludjerske-bare-15-1-768x512.jpg"},"post-thumbnail":{"file":"apartmani-malesevic-tara-kaludjerske-bare-15-1-150x100.jpg","width":150,"height":100,"mime-type":"image\/jpeg","url":"https:\/\/tara.rs\/wp-content\/uploads\/2017\/11\/apartmani-malesevic-tara-kaludjerske-bare-15-1-150x100.jpg"},"property-thumb-image":{"file":"apartmani-malesevic-tara-kaludjerske-bare-15-1-488x326.jpg","width":488,"height":326,"mime-type":"image\/jpeg","url":"https:\/\/tara.rs\/wp-content\/uploads\/2017\/11\/apartmani-malesevic-tara-kaludjerske-bare-15-1-488x326.jpg"},"property-detail-video-image":{"file":"apartmani-malesevic-tara-kaludjerske-bare-15-1-818x417.jpg","width":818,"height":417,"mime-type":"image\/jpeg","url":"https:\/\/tara.rs\/wp-content\/uploads\/2017\/11\/apartmani-malesevic-tara-kaludjerske-bare-15-1-818x417.jpg"},"agent-image":{"file":"apartmani-malesevic-tara-kaludjerske-bare-15-1-210x210.jpg","width":210,"height":210,"mime-type":"image\/jpeg","url":"https:\/\/tara.rs\/wp-content\/uploads\/2017\/11\/apartmani-malesevic-tara-kaludjerske-bare-15-1-210x210.jpg"},"partners-logo":{"file":"apartmani-malesevic-tara-kaludjerske-bare-15-1-600x553.jpg","width":600,"height":553,"mime-type":"image\/jpeg","url":"https:\/\/tara.rs\/wp-content\/uploads\/2017\/11\/apartmani-malesevic-tara-kaludjerske-bare-15-1-600x553.jpg"},"grid-view-image":{"file":"apartmani-malesevic-tara-kaludjerske-bare-15-1-492x324.jpg","width":492,"height":324,"mime-type":"image\/jpeg","url":"https:\/\/tara.rs\/wp-content\/uploads\/2017\/11\/apartmani-malesevic-tara-kaludjerske-bare-15-1-492x324.jpg"},"property-listing-image":{"file":"apartmani-malesevic-tara-kaludjerske-bare-15-1-400x300.jpg","width":400,"height":300,"mime-type":"image\/jpeg","url":"https:\/\/tara.rs\/wp-content\/uploads\/2017\/11\/apartmani-malesevic-tara-kaludjerske-bare-15-1-400x300.jpg"},"post-featured-image":{"file":"apartmani-malesevic-tara-kaludjerske-bare-15-1-830x455.jpg","width":830,"height":455,"mime-type":"image\/jpeg","url":"https:\/\/tara.rs\/wp-content\/uploads\/2017\/11\/apartmani-malesevic-tara-kaludjerske-bare-15-1-830x455.jpg"},"gallery-two-column-image":{"file":"apartmani-malesevic-tara-kaludjerske-bare-15-1-536x269.jpg","width":536,"height":269,"mime-type":"image\/jpeg","url":"https:\/\/tara.rs\/wp-content\/uploads\/2017\/11\/apartmani-malesevic-tara-kaludjerske-bare-15-1-536x269.jpg"},"property-detail-slider-thumb":{"file":"apartmani-malesevic-tara-kaludjerske-bare-15-1-82x60.jpg","width":82,"height":60,"mime-type":"image\/jpeg","url":"https:\/\/tara.rs\/wp-content\/uploads\/2017\/11\/apartmani-malesevic-tara-kaludjerske-bare-15-1-82x60.jpg"}},"image_meta":{"aperture":"0","credit":"","camera":"","caption":"","created_timestamp":"0","copyright":"","focal_length":"0","iso":"0","shutter_speed":"0","title":"","orientation":"0","keywords":[]},"ID":"18499","name":"apartmani-malesevic-tara-kaludjerske-bare-15-1.jpg","path":"\/home\/tarars\/public_html\/wp-content\/uploads\/2017\/11\/apartmani-malesevic-tara-kaludjerske-bare-15-1.jpg","url":"https:\/\/tara.rs\/wp-content\/uploads\/2017\/11\/apartmani-malesevic-tara-kaludjerske-bare-15-1-150x150.jpg","full_url":"https:\/\/tara.rs\/wp-content\/uploads\/2017\/11\/apartmani-malesevic-tara-kaludjerske-bare-15-1.jpg","title":"apartmani-malesevic-tara-kaludjerske-bare-15","caption":"","description":"","alt":"","srcset":"https:\/\/tara.rs\/wp-content\/uploads\/2017\/11\/apartmani-malesevic-tara-kaludjerske-bare-15-1-150x150.jpg 150w, https:\/\/tara.rs\/wp-content\/uploads\/2017\/11\/apartmani-malesevic-tara-kaludjerske-bare-15-1-210x210.jpg 210w"}],"REAL_HOMES_change_gallery_slider_type":"0","REAL_HOMES_gallery_slider_type":"thumb-on-bottom","inspiry_floor_plans":[],"inspiry_video_group":[{"inspiry_video_group_url":"https:\/\/www.youtube.com\/watch?v=M1i9V0obu2M"}],"REAL_HOMES_360_virtual_tour":"","REAL_HOMES_agent_display_option":"agent_info","REAL_HOMES_agents":["6220"],"REAL_HOMES_energy_class":"none","REAL_HOMES_energy_performance":"","REAL_HOMES_epc_current_rating":"","REAL_HOMES_epc_potential_rating":"","ere_property_schedule_tour":"global","ere_property_schedule_time_slots":"","ere_property_schedule_description":"","REAL_HOMES_sticky":"0","inspiry_property_label":"PRIMAMO VAU\u010cERE","inspiry_property_label_color":"#dd3333","inspiry_property_tax":"","inspiry_additional_fee":"","REAL_HOMES_attachments":[],"inspiry_property_owner_name":"","inspiry_property_owner_contact":"","inspiry_property_owner_address":"","REAL_HOMES_property_private_note":"","inspiry_message_to_reviewer":"","inspiry_global_property_template_override":"0","REAL_HOMES_add_in_slider":"no","REAL_HOMES_slider_image":[],"REAL_HOMES_page_banner_image":[],"REAL_HOMES_hide_property_advance_search":"0","inspiry_kapacitet":"3 Apartmana","inspiry_cenovnik":"","inspiry_vau\u010ceri":"Ovaj sme\u0161taj prima vau\u010dere za odmor u Srbiji","REAL_HOMES_custom_header_display":"default","REAL_HOMES_custom_header_position":"","REAL_HOMES_custom_footer_display":"default","REAL_HOMES_hide_advance_search":"0","REAL_HOMES_custom_search_form":"default","REAL_HOMES_search_form_margin_top":"","REAL_HOMES_search_form_margin_bottom":""},"_links":{"self":[{"href":"https:\/\/tara.rs\/en\/wp-json\/wp\/v2\/objekat\/6194"}],"collection":[{"href":"https:\/\/tara.rs\/en\/wp-json\/wp\/v2\/objekat"}],"about":[{"href":"https:\/\/tara.rs\/en\/wp-json\/wp\/v2\/types\/property"}],"author":[{"embeddable":true,"href":"https:\/\/tara.rs\/en\/wp-json\/wp\/v2\/users\/1"}],"replies":[{"embeddable":true,"href":"https:\/\/tara.rs\/en\/wp-json\/wp\/v2\/comments?post=6194"}],"version-history":[{"count":16,"href":"https:\/\/tara.rs\/en\/wp-json\/wp\/v2\/objekat\/6194\/revisions"}],"predecessor-version":[{"id":82226,"href":"https:\/\/tara.rs\/en\/wp-json\/wp\/v2\/objekat\/6194\/revisions\/82226"}],"wp:featuredmedia":[{"embeddable":true,"href":"https:\/\/tara.rs\/en\/wp-json\/wp\/v2\/media\/82221"}],"wp:attachment":[{"href":"https:\/\/tara.rs\/en\/wp-json\/wp\/v2\/media?parent=6194"}],"wp:term":[{"taxonomy":"property-feature","embeddable":true,"href":"https:\/\/tara.rs\/en\/wp-json\/wp\/v2\/objekat-osobina?post=6194"},{"taxonomy":"property-type","embeddable":true,"href":"https:\/\/tara.rs\/en\/wp-json\/wp\/v2\/Objekat - top?post=6194"},{"taxonomy":"property-city","embeddable":true,"href":"https:\/\/tara.rs\/en\/wp-json\/wp\/v2\/osobina - lokacija?post=6194"},{"taxonomy":"property-status","embeddable":true,"href":"https:\/\/tara.rs\/en\/wp-json\/wp\/v2\/objekat - status?post=6194"}],"curies":[{"name":"wp","href":"https:\/\/api.w.org\/{rel}","templated":true}]}}