{"id":80185,"date":"2024-01-04T13:38:50","date_gmt":"2024-01-04T12:38:50","guid":{"rendered":"https:\/\/tara.rs\/sr\/?post_type=property&#038;p=80185"},"modified":"2025-07-08T10:05:09","modified_gmt":"2025-07-08T08:05:09","slug":"planinska-kuca-sevic","status":"publish","type":"property","link":"https:\/\/tara.rs\/en\/property\/mountain-house-sevic\/","title":{"rendered":"Mountain house SEVI\u0106"},"content":{"rendered":"<p class=\"qtranxs-available-languages-message qtranxs-available-languages-message-en\">Sorry, this entry is only available in <a href=\"https:\/\/tara.rs\/sr\/wp-json\/wp\/v2\/objekat\/80185\" class=\"qtranxs-available-language-link qtranxs-available-language-link-sr\" title=\"Srpski jezik\">Srpski jezik<\/a>.<\/p>","protected":false},"excerpt":{"rendered":"<p>Sorry, this entry is only available in Srpski jezik.<\/p>\n","protected":false},"author":1,"featured_media":80263,"parent":0,"menu_order":0,"comment_status":"closed","ping_status":"closed","template":"","objekat-osobina":[2,266,140,32,9,26,19,4,5],"Objekat - top":[43,46],"osobina - lokacija":[53],"objekat - status":[],"class_list":["post-80185","property","type-property","status-publish","has-post-thumbnail","hentry","property-feature-internet","property-feature-kamin-na-drva","property-feature-kucni-ljubimci-nisu-dozvoljeni","property-feature-nenatkriveni","property-feature-tv-satelitska-televizija","property-feature-rostilj","property-feature-dvoriste","property-feature-grejanje-na-drva","property-feature-grejanje-na-struju","property-type-planinska-kuca","property-type-apartmani","property-city-tara-racanska-sljivovica"],"yoast_head":"<!-- This site is optimized with the Yoast SEO plugin v25.3 - https:\/\/yoast.com\/wordpress\/plugins\/seo\/ -->\n<title>Mountain house SEVI\u0106 - SME\u0160TAJ NA TARI - Vikendice, apartmani, brvnare, planinske ku\u0107e, hoteli...<\/title>\n<meta name=\"robots\" content=\"index, follow, max-snippet:-1, max-image-preview:large, max-video-preview:-1\" \/>\n<link rel=\"canonical\" href=\"https:\/\/tara.rs\/sr\/objekat\/planinska-kuca-sevic\/\" \/>\n<meta property=\"og:locale\" content=\"en_US\" \/>\n<meta property=\"og:type\" content=\"article\" \/>\n<meta property=\"og:title\" content=\"PLANINSKA KU\u0106A SEVI\u0106 - SME\u0160TAJ NA TARI\" \/>\n<meta property=\"og:description\" content=\"Ku\u0107a raspola\u017ee sa dva komforna apartmana i jednim studiom. Otkrijte magi\u010dnu lepotu planine Tare borave\u0107i u na\u0161oj planinskoj ku\u0107i Sevi\u0107, sme\u0161tenoj u mirnom i slikovitom delu Ra\u010danske \u0160ljivovice.\" \/>\n<meta property=\"og:url\" content=\"https:\/\/tara.rs\/sr\/objekat\/planinska-kuca-sevic\/\" \/>\n<meta property=\"og:site_name\" content=\"SME\u0160TAJ NA TARI - Vikendice, apartmani, brvnare, planinske ku\u0107e, hoteli...\" \/>\n<meta property=\"article:modified_time\" content=\"2025-07-08T08:05:09+00:00\" \/>\n<meta property=\"og:image\" content=\"https:\/\/tara.rs\/wp-content\/uploads\/2023\/11\/planinska-kuca-sevic-smestaj-na-planini-tari.jpg\" \/>\n\t<meta property=\"og:image:width\" content=\"1067\" \/>\n\t<meta property=\"og:image:height\" content=\"588\" \/>\n\t<meta property=\"og:image:type\" content=\"image\/jpeg\" \/>\n<meta name=\"twitter:card\" content=\"summary_large_image\" \/>\n<meta name=\"twitter:label1\" content=\"Est. reading time\" \/>\n\t<meta name=\"twitter:data1\" content=\"2 minutes\" \/>\n<script type=\"application\/ld+json\" class=\"yoast-schema-graph\">{\"@context\":\"https:\/\/schema.org\",\"@graph\":[{\"@type\":\"WebPage\",\"@id\":\"https:\/\/tara.rs\/sr\/objekat\/planinska-kuca-sevic\/\",\"url\":\"https:\/\/tara.rs\/sr\/objekat\/planinska-kuca-sevic\/\",\"name\":\"Mountain house SEVI\u0106 - SME\u0160TAJ NA TARI - Vikendice, apartmani, brvnare, planinske ku\u0107e, hoteli...\",\"isPartOf\":{\"@id\":\"https:\/\/tara.rs\/sr\/#website\"},\"primaryImageOfPage\":{\"@id\":\"https:\/\/tara.rs\/sr\/objekat\/planinska-kuca-sevic\/#primaryimage\"},\"image\":{\"@id\":\"https:\/\/tara.rs\/sr\/objekat\/planinska-kuca-sevic\/#primaryimage\"},\"thumbnailUrl\":\"https:\/\/tara.rs\/wp-content\/uploads\/2024\/07\/planinske-kuce-sevic-smestaj-na-planini-tari-1.jpg\",\"datePublished\":\"2024-01-04T12:38:50+00:00\",\"dateModified\":\"2025-07-08T08:05:09+00:00\",\"breadcrumb\":{\"@id\":\"https:\/\/tara.rs\/sr\/objekat\/planinska-kuca-sevic\/#breadcrumb\"},\"inLanguage\":\"en-US\",\"potentialAction\":[{\"@type\":\"ReadAction\",\"target\":[\"https:\/\/tara.rs\/sr\/objekat\/planinska-kuca-sevic\/\"]}]},{\"@type\":\"ImageObject\",\"inLanguage\":\"en-US\",\"@id\":\"https:\/\/tara.rs\/sr\/objekat\/planinska-kuca-sevic\/#primaryimage\",\"url\":\"https:\/\/tara.rs\/wp-content\/uploads\/2024\/07\/planinske-kuce-sevic-smestaj-na-planini-tari-1.jpg\",\"contentUrl\":\"https:\/\/tara.rs\/wp-content\/uploads\/2024\/07\/planinske-kuce-sevic-smestaj-na-planini-tari-1.jpg\",\"width\":1000,\"height\":750},{\"@type\":\"BreadcrumbList\",\"@id\":\"https:\/\/tara.rs\/sr\/objekat\/planinska-kuca-sevic\/#breadcrumb\",\"itemListElement\":[{\"@type\":\"ListItem\",\"position\":1,\"name\":\"Properties\",\"item\":\"https:\/\/tara.rs\/sr\/objekat\/\"},{\"@type\":\"ListItem\",\"position\":2,\"name\":\"Planinska ku\u0107a SEVI\u0106\"}]},{\"@type\":\"WebSite\",\"@id\":\"https:\/\/tara.rs\/sr\/#website\",\"url\":\"https:\/\/tara.rs\/sr\/\",\"name\":\"SME\u0160TAJ NA TARI - Vikendice, apartmani, brvnare, planinske ku\u0107e, hoteli...\",\"description\":\"350 + OBJEKATA ZA SME\u0160TAJ NA TARI\",\"publisher\":{\"@id\":\"https:\/\/tara.rs\/sr\/#organization\"},\"alternateName\":\"TARA.RS - 450 + Objekata za sme\u0161aj\",\"potentialAction\":[{\"@type\":\"SearchAction\",\"target\":{\"@type\":\"EntryPoint\",\"urlTemplate\":\"https:\/\/tara.rs\/sr\/?s={search_term_string}\"},\"query-input\":{\"@type\":\"PropertyValueSpecification\",\"valueRequired\":true,\"valueName\":\"search_term_string\"}}],\"inLanguage\":\"en-US\"},{\"@type\":\"Organization\",\"@id\":\"https:\/\/tara.rs\/sr\/#organization\",\"name\":\"SME\u0160TAJ NA TARI - Vikendice, apartmani, brvnare, planinske ku\u0107e, hoteli...\",\"url\":\"https:\/\/tara.rs\/sr\/\",\"logo\":{\"@type\":\"ImageObject\",\"inLanguage\":\"en-US\",\"@id\":\"https:\/\/tara.rs\/sr\/#\/schema\/logo\/image\/\",\"url\":\"https:\/\/tara.rs\/wp-content\/uploads\/2026\/01\/tara-rs-logo-sajt-2.png\",\"contentUrl\":\"https:\/\/tara.rs\/wp-content\/uploads\/2026\/01\/tara-rs-logo-sajt-2.png\",\"width\":280,\"height\":100,\"caption\":\"SME\u0160TAJ NA TARI - Vikendice, apartmani, brvnare, planinske ku\u0107e, hoteli...\"},\"image\":{\"@id\":\"https:\/\/tara.rs\/sr\/#\/schema\/logo\/image\/\"}}]}<\/script>\n<!-- \/ Yoast SEO plugin. -->","yoast_head_json":{"title":"Mountain house SEVI\u0106 - SME\u0160TAJ NA TARI - Vikendice, apartmani, brvnare, planinske ku\u0107e, hoteli...","robots":{"index":"index","follow":"follow","max-snippet":"max-snippet:-1","max-image-preview":"max-image-preview:large","max-video-preview":"max-video-preview:-1"},"canonical":"https:\/\/tara.rs\/sr\/objekat\/planinska-kuca-sevic\/","og_locale":"en_US","og_type":"article","og_title":"PLANINSKA KU\u0106A SEVI\u0106 - SME\u0160TAJ NA TARI","og_description":"Ku\u0107a raspola\u017ee sa dva komforna apartmana i jednim studiom. Otkrijte magi\u010dnu lepotu planine Tare borave\u0107i u na\u0161oj planinskoj ku\u0107i Sevi\u0107, sme\u0161tenoj u mirnom i slikovitom delu Ra\u010danske \u0160ljivovice.","og_url":"https:\/\/tara.rs\/sr\/objekat\/planinska-kuca-sevic\/","og_site_name":"SME\u0160TAJ NA TARI - Vikendice, apartmani, brvnare, planinske ku\u0107e, hoteli...","article_modified_time":"2025-07-08T08:05:09+00:00","og_image":[{"width":1067,"height":588,"url":"https:\/\/tara.rs\/wp-content\/uploads\/2023\/11\/planinska-kuca-sevic-smestaj-na-planini-tari.jpg","type":"image\/jpeg"}],"twitter_card":"summary_large_image","twitter_misc":{"Est. reading time":"2 minutes"},"schema":{"@context":"https:\/\/schema.org","@graph":[{"@type":"WebPage","@id":"https:\/\/tara.rs\/sr\/objekat\/planinska-kuca-sevic\/","url":"https:\/\/tara.rs\/sr\/objekat\/planinska-kuca-sevic\/","name":"Mountain house SEVI\u0106 - SME\u0160TAJ NA TARI - Vikendice, apartmani, brvnare, planinske ku\u0107e, hoteli...","isPartOf":{"@id":"https:\/\/tara.rs\/sr\/#website"},"primaryImageOfPage":{"@id":"https:\/\/tara.rs\/sr\/objekat\/planinska-kuca-sevic\/#primaryimage"},"image":{"@id":"https:\/\/tara.rs\/sr\/objekat\/planinska-kuca-sevic\/#primaryimage"},"thumbnailUrl":"https:\/\/tara.rs\/wp-content\/uploads\/2024\/07\/planinske-kuce-sevic-smestaj-na-planini-tari-1.jpg","datePublished":"2024-01-04T12:38:50+00:00","dateModified":"2025-07-08T08:05:09+00:00","breadcrumb":{"@id":"https:\/\/tara.rs\/sr\/objekat\/planinska-kuca-sevic\/#breadcrumb"},"inLanguage":"en-US","potentialAction":[{"@type":"ReadAction","target":["https:\/\/tara.rs\/sr\/objekat\/planinska-kuca-sevic\/"]}]},{"@type":"ImageObject","inLanguage":"en-US","@id":"https:\/\/tara.rs\/sr\/objekat\/planinska-kuca-sevic\/#primaryimage","url":"https:\/\/tara.rs\/wp-content\/uploads\/2024\/07\/planinske-kuce-sevic-smestaj-na-planini-tari-1.jpg","contentUrl":"https:\/\/tara.rs\/wp-content\/uploads\/2024\/07\/planinske-kuce-sevic-smestaj-na-planini-tari-1.jpg","width":1000,"height":750},{"@type":"BreadcrumbList","@id":"https:\/\/tara.rs\/sr\/objekat\/planinska-kuca-sevic\/#breadcrumb","itemListElement":[{"@type":"ListItem","position":1,"name":"Properties","item":"https:\/\/tara.rs\/sr\/objekat\/"},{"@type":"ListItem","position":2,"name":"Planinska ku\u0107a SEVI\u0106"}]},{"@type":"WebSite","@id":"https:\/\/tara.rs\/sr\/#website","url":"https:\/\/tara.rs\/sr\/","name":"SME\u0160TAJ NA TARI - Vikendice, apartmani, brvnare, planinske ku\u0107e, hoteli...","description":"350 + OBJEKATA ZA SME\u0160TAJ NA TARI","publisher":{"@id":"https:\/\/tara.rs\/sr\/#organization"},"alternateName":"TARA.RS - 450 + Objekata za sme\u0161aj","potentialAction":[{"@type":"SearchAction","target":{"@type":"EntryPoint","urlTemplate":"https:\/\/tara.rs\/sr\/?s={search_term_string}"},"query-input":{"@type":"PropertyValueSpecification","valueRequired":true,"valueName":"search_term_string"}}],"inLanguage":"en-US"},{"@type":"Organization","@id":"https:\/\/tara.rs\/sr\/#organization","name":"SME\u0160TAJ NA TARI - Vikendice, apartmani, brvnare, planinske ku\u0107e, hoteli...","url":"https:\/\/tara.rs\/sr\/","logo":{"@type":"ImageObject","inLanguage":"en-US","@id":"https:\/\/tara.rs\/sr\/#\/schema\/logo\/image\/","url":"https:\/\/tara.rs\/wp-content\/uploads\/2026\/01\/tara-rs-logo-sajt-2.png","contentUrl":"https:\/\/tara.rs\/wp-content\/uploads\/2026\/01\/tara-rs-logo-sajt-2.png","width":280,"height":100,"caption":"SME\u0160TAJ NA TARI - Vikendice, apartmani, brvnare, planinske ku\u0107e, hoteli..."},"image":{"@id":"https:\/\/tara.rs\/sr\/#\/schema\/logo\/image\/"}}]}},"property_meta":{"REAL_HOMES_property_price":"","REAL_HOMES_property_old_price":"","REAL_HOMES_property_price_prefix":"","REAL_HOMES_property_price_postfix":"","REAL_HOMES_property_size":"","REAL_HOMES_property_size_postfix":"","REAL_HOMES_property_lot_size":"","REAL_HOMES_property_lot_size_postfix":"","REAL_HOMES_property_bedrooms":"","REAL_HOMES_property_bathrooms":"","REAL_HOMES_property_garage":"","REAL_HOMES_property_id":"","REAL_HOMES_property_year_built":"","REAL_HOMES_featured":"0","REAL_HOMES_additional_details_list":[],"REAL_HOMES_property_location":{"latitude":"43.891771796378","longitude":"19.52220793385","zoom":"17"},"REAL_HOMES_property_address":"Ra\u010danska \u0160ljivovica. Planina Tara, Srbija","REAL_HOMES_property_map":"0","REAL_HOMES_property_images":[{"width":150,"height":150,"file":"2024\/07\/planinske-kuce-sevic-smestaj-na-planini-tari-1.jpg","filesize":268384,"sizes":{"medium":{"file":"planinske-kuce-sevic-smestaj-na-planini-tari-1-300x225.jpg","width":300,"height":225,"mime-type":"image\/jpeg","filesize":22108,"url":"https:\/\/tara.rs\/wp-content\/uploads\/2024\/07\/planinske-kuce-sevic-smestaj-na-planini-tari-1-300x225.jpg"},"thumbnail":{"file":"planinske-kuce-sevic-smestaj-na-planini-tari-1-150x150.jpg","width":150,"height":150,"mime-type":"image\/jpeg","filesize":8672,"url":"https:\/\/tara.rs\/wp-content\/uploads\/2024\/07\/planinske-kuce-sevic-smestaj-na-planini-tari-1-150x150.jpg"},"medium_large":{"file":"planinske-kuce-sevic-smestaj-na-planini-tari-1-768x576.jpg","width":768,"height":576,"mime-type":"image\/jpeg","filesize":126273,"url":"https:\/\/tara.rs\/wp-content\/uploads\/2024\/07\/planinske-kuce-sevic-smestaj-na-planini-tari-1-768x576.jpg"},"post-thumbnail":{"file":"planinske-kuce-sevic-smestaj-na-planini-tari-1-150x113.jpg","width":150,"height":113,"mime-type":"image\/jpeg","filesize":6890,"url":"https:\/\/tara.rs\/wp-content\/uploads\/2024\/07\/planinske-kuce-sevic-smestaj-na-planini-tari-1-150x113.jpg"},"modern-property-child-slider":{"file":"planinske-kuce-sevic-smestaj-na-planini-tari-1-680x510.jpg","width":680,"height":510,"mime-type":"image\/jpeg","filesize":101335,"url":"https:\/\/tara.rs\/wp-content\/uploads\/2024\/07\/planinske-kuce-sevic-smestaj-na-planini-tari-1-680x510.jpg"},"property-thumb-image":{"file":"planinske-kuce-sevic-smestaj-na-planini-tari-1-488x326.jpg","width":488,"height":326,"mime-type":"image\/jpeg","filesize":49211,"url":"https:\/\/tara.rs\/wp-content\/uploads\/2024\/07\/planinske-kuce-sevic-smestaj-na-planini-tari-1-488x326.jpg"},"property-detail-video-image":{"file":"planinske-kuce-sevic-smestaj-na-planini-tari-1-818x417.jpg","width":818,"height":417,"mime-type":"image\/jpeg","filesize":104852,"url":"https:\/\/tara.rs\/wp-content\/uploads\/2024\/07\/planinske-kuce-sevic-smestaj-na-planini-tari-1-818x417.jpg"},"agent-image":{"file":"planinske-kuce-sevic-smestaj-na-planini-tari-1-210x210.jpg","width":210,"height":210,"mime-type":"image\/jpeg","filesize":15144,"url":"https:\/\/tara.rs\/wp-content\/uploads\/2024\/07\/planinske-kuce-sevic-smestaj-na-planini-tari-1-210x210.jpg"},"partners-logo":{"file":"planinske-kuce-sevic-smestaj-na-planini-tari-1-600x750.jpg","width":600,"height":750,"mime-type":"image\/jpeg","filesize":149168,"url":"https:\/\/tara.rs\/wp-content\/uploads\/2024\/07\/planinske-kuce-sevic-smestaj-na-planini-tari-1-600x750.jpg"},"post-featured-image":{"file":"planinske-kuce-sevic-smestaj-na-planini-tari-1-1000x720.jpg","width":1000,"height":720,"mime-type":"image\/jpeg","filesize":242652,"url":"https:\/\/tara.rs\/wp-content\/uploads\/2024\/07\/planinske-kuce-sevic-smestaj-na-planini-tari-1-1000x720.jpg"}},"image_meta":{"aperture":"0","credit":"","camera":"","caption":"","created_timestamp":"0","copyright":"","focal_length":"0","iso":"0","shutter_speed":"0","title":"","orientation":"0","keywords":[]},"ID":"80263","name":"planinske-kuce-sevic-smestaj-na-planini-tari-1.jpg","path":"\/home\/tarars\/public_html\/wp-content\/uploads\/2024\/07\/planinske-kuce-sevic-smestaj-na-planini-tari-1.jpg","url":"https:\/\/tara.rs\/wp-content\/uploads\/2024\/07\/planinske-kuce-sevic-smestaj-na-planini-tari-1-150x150.jpg","full_url":"https:\/\/tara.rs\/wp-content\/uploads\/2024\/07\/planinske-kuce-sevic-smestaj-na-planini-tari-1.jpg","title":"planinske-ku\u0107e-sevi\u0107-sme\u0161taj-na-planini-tari (1)","caption":"","description":"","alt":"","srcset":"https:\/\/tara.rs\/wp-content\/uploads\/2024\/07\/planinske-kuce-sevic-smestaj-na-planini-tari-1-150x150.jpg 150w, https:\/\/tara.rs\/wp-content\/uploads\/2024\/07\/planinske-kuce-sevic-smestaj-na-planini-tari-1-210x210.jpg 210w"},{"width":150,"height":150,"file":"2024\/07\/planinske-kuce-sevic-smestaj-na-planini-tari-6.jpg","filesize":247374,"sizes":{"medium":{"file":"planinske-kuce-sevic-smestaj-na-planini-tari-6-300x225.jpg","width":300,"height":225,"mime-type":"image\/jpeg","filesize":22881,"url":"https:\/\/tara.rs\/wp-content\/uploads\/2024\/07\/planinske-kuce-sevic-smestaj-na-planini-tari-6-300x225.jpg"},"thumbnail":{"file":"planinske-kuce-sevic-smestaj-na-planini-tari-6-150x150.jpg","width":150,"height":150,"mime-type":"image\/jpeg","filesize":8852,"url":"https:\/\/tara.rs\/wp-content\/uploads\/2024\/07\/planinske-kuce-sevic-smestaj-na-planini-tari-6-150x150.jpg"},"medium_large":{"file":"planinske-kuce-sevic-smestaj-na-planini-tari-6-768x576.jpg","width":768,"height":576,"mime-type":"image\/jpeg","filesize":122667,"url":"https:\/\/tara.rs\/wp-content\/uploads\/2024\/07\/planinske-kuce-sevic-smestaj-na-planini-tari-6-768x576.jpg"},"post-thumbnail":{"file":"planinske-kuce-sevic-smestaj-na-planini-tari-6-150x113.jpg","width":150,"height":113,"mime-type":"image\/jpeg","filesize":7190,"url":"https:\/\/tara.rs\/wp-content\/uploads\/2024\/07\/planinske-kuce-sevic-smestaj-na-planini-tari-6-150x113.jpg"},"modern-property-child-slider":{"file":"planinske-kuce-sevic-smestaj-na-planini-tari-6-680x510.jpg","width":680,"height":510,"mime-type":"image\/jpeg","filesize":99159,"url":"https:\/\/tara.rs\/wp-content\/uploads\/2024\/07\/planinske-kuce-sevic-smestaj-na-planini-tari-6-680x510.jpg"},"property-thumb-image":{"file":"planinske-kuce-sevic-smestaj-na-planini-tari-6-488x326.jpg","width":488,"height":326,"mime-type":"image\/jpeg","filesize":50124,"url":"https:\/\/tara.rs\/wp-content\/uploads\/2024\/07\/planinske-kuce-sevic-smestaj-na-planini-tari-6-488x326.jpg"},"property-detail-video-image":{"file":"planinske-kuce-sevic-smestaj-na-planini-tari-6-818x417.jpg","width":818,"height":417,"mime-type":"image\/jpeg","filesize":103441,"url":"https:\/\/tara.rs\/wp-content\/uploads\/2024\/07\/planinske-kuce-sevic-smestaj-na-planini-tari-6-818x417.jpg"},"agent-image":{"file":"planinske-kuce-sevic-smestaj-na-planini-tari-6-210x210.jpg","width":210,"height":210,"mime-type":"image\/jpeg","filesize":15604,"url":"https:\/\/tara.rs\/wp-content\/uploads\/2024\/07\/planinske-kuce-sevic-smestaj-na-planini-tari-6-210x210.jpg"},"partners-logo":{"file":"planinske-kuce-sevic-smestaj-na-planini-tari-6-600x750.jpg","width":600,"height":750,"mime-type":"image\/jpeg","filesize":132058,"url":"https:\/\/tara.rs\/wp-content\/uploads\/2024\/07\/planinske-kuce-sevic-smestaj-na-planini-tari-6-600x750.jpg"},"post-featured-image":{"file":"planinske-kuce-sevic-smestaj-na-planini-tari-6-1000x720.jpg","width":1000,"height":720,"mime-type":"image\/jpeg","filesize":222945,"url":"https:\/\/tara.rs\/wp-content\/uploads\/2024\/07\/planinske-kuce-sevic-smestaj-na-planini-tari-6-1000x720.jpg"}},"image_meta":{"aperture":"0","credit":"","camera":"","caption":"","created_timestamp":"0","copyright":"","focal_length":"0","iso":"0","shutter_speed":"0","title":"","orientation":"0","keywords":[]},"ID":"80265","name":"planinske-kuce-sevic-smestaj-na-planini-tari-6.jpg","path":"\/home\/tarars\/public_html\/wp-content\/uploads\/2024\/07\/planinske-kuce-sevic-smestaj-na-planini-tari-6.jpg","url":"https:\/\/tara.rs\/wp-content\/uploads\/2024\/07\/planinske-kuce-sevic-smestaj-na-planini-tari-6-150x150.jpg","full_url":"https:\/\/tara.rs\/wp-content\/uploads\/2024\/07\/planinske-kuce-sevic-smestaj-na-planini-tari-6.jpg","title":"planinske-ku\u0107e-sevi\u0107-sme\u0161taj-na-planini-tari (6)","caption":"","description":"","alt":"","srcset":"https:\/\/tara.rs\/wp-content\/uploads\/2024\/07\/planinske-kuce-sevic-smestaj-na-planini-tari-6-150x150.jpg 150w, https:\/\/tara.rs\/wp-content\/uploads\/2024\/07\/planinske-kuce-sevic-smestaj-na-planini-tari-6-210x210.jpg 210w"},{"width":150,"height":150,"file":"2024\/07\/planinske-kuce-sevic-smestaj-na-planini-tari-65.jpg","filesize":266157,"sizes":{"medium":{"file":"planinske-kuce-sevic-smestaj-na-planini-tari-65-225x300.jpg","width":225,"height":300,"mime-type":"image\/jpeg","filesize":24154,"url":"https:\/\/tara.rs\/wp-content\/uploads\/2024\/07\/planinske-kuce-sevic-smestaj-na-planini-tari-65-225x300.jpg"},"thumbnail":{"file":"planinske-kuce-sevic-smestaj-na-planini-tari-65-150x150.jpg","width":150,"height":150,"mime-type":"image\/jpeg","filesize":9435,"url":"https:\/\/tara.rs\/wp-content\/uploads\/2024\/07\/planinske-kuce-sevic-smestaj-na-planini-tari-65-150x150.jpg"},"post-thumbnail":{"file":"planinske-kuce-sevic-smestaj-na-planini-tari-65-113x150.jpg","width":113,"height":150,"mime-type":"image\/jpeg","filesize":7203,"url":"https:\/\/tara.rs\/wp-content\/uploads\/2024\/07\/planinske-kuce-sevic-smestaj-na-planini-tari-65-113x150.jpg"},"modern-property-child-slider":{"file":"planinske-kuce-sevic-smestaj-na-planini-tari-65-680x510.jpg","width":680,"height":510,"mime-type":"image\/jpeg","filesize":102587,"url":"https:\/\/tara.rs\/wp-content\/uploads\/2024\/07\/planinske-kuce-sevic-smestaj-na-planini-tari-65-680x510.jpg"},"property-thumb-image":{"file":"planinske-kuce-sevic-smestaj-na-planini-tari-65-488x326.jpg","width":488,"height":326,"mime-type":"image\/jpeg","filesize":51087,"url":"https:\/\/tara.rs\/wp-content\/uploads\/2024\/07\/planinske-kuce-sevic-smestaj-na-planini-tari-65-488x326.jpg"},"property-detail-video-image":{"file":"planinske-kuce-sevic-smestaj-na-planini-tari-65-750x417.jpg","width":750,"height":417,"mime-type":"image\/jpeg","filesize":101847,"url":"https:\/\/tara.rs\/wp-content\/uploads\/2024\/07\/planinske-kuce-sevic-smestaj-na-planini-tari-65-750x417.jpg"},"agent-image":{"file":"planinske-kuce-sevic-smestaj-na-planini-tari-65-210x210.jpg","width":210,"height":210,"mime-type":"image\/jpeg","filesize":16994,"url":"https:\/\/tara.rs\/wp-content\/uploads\/2024\/07\/planinske-kuce-sevic-smestaj-na-planini-tari-65-210x210.jpg"},"partners-logo":{"file":"planinske-kuce-sevic-smestaj-na-planini-tari-65-600x1000.jpg","width":600,"height":1000,"mime-type":"image\/jpeg","filesize":194280,"url":"https:\/\/tara.rs\/wp-content\/uploads\/2024\/07\/planinske-kuce-sevic-smestaj-na-planini-tari-65-600x1000.jpg"},"post-featured-image":{"file":"planinske-kuce-sevic-smestaj-na-planini-tari-65-750x720.jpg","width":750,"height":720,"mime-type":"image\/jpeg","filesize":182455,"url":"https:\/\/tara.rs\/wp-content\/uploads\/2024\/07\/planinske-kuce-sevic-smestaj-na-planini-tari-65-750x720.jpg"}},"image_meta":{"aperture":"0","credit":"","camera":"","caption":"","created_timestamp":"0","copyright":"","focal_length":"0","iso":"0","shutter_speed":"0","title":"","orientation":"0","keywords":[]},"ID":"80281","name":"planinske-kuce-sevic-smestaj-na-planini-tari-65.jpg","path":"\/home\/tarars\/public_html\/wp-content\/uploads\/2024\/07\/planinske-kuce-sevic-smestaj-na-planini-tari-65.jpg","url":"https:\/\/tara.rs\/wp-content\/uploads\/2024\/07\/planinske-kuce-sevic-smestaj-na-planini-tari-65-150x150.jpg","full_url":"https:\/\/tara.rs\/wp-content\/uploads\/2024\/07\/planinske-kuce-sevic-smestaj-na-planini-tari-65.jpg","title":"planinske-ku\u0107e-sevi\u0107-sme\u0161taj-na-planini-tari (65)","caption":"","description":"","alt":"","srcset":"https:\/\/tara.rs\/wp-content\/uploads\/2024\/07\/planinske-kuce-sevic-smestaj-na-planini-tari-65-150x150.jpg 150w, https:\/\/tara.rs\/wp-content\/uploads\/2024\/07\/planinske-kuce-sevic-smestaj-na-planini-tari-65-210x210.jpg 210w"},{"width":150,"height":150,"file":"2024\/07\/planinske-kuce-sevic-smestaj-na-planini-tari-62.jpg","filesize":278416,"sizes":{"medium":{"file":"planinske-kuce-sevic-smestaj-na-planini-tari-62-300x225.jpg","width":300,"height":225,"mime-type":"image\/jpeg","filesize":25108,"url":"https:\/\/tara.rs\/wp-content\/uploads\/2024\/07\/planinske-kuce-sevic-smestaj-na-planini-tari-62-300x225.jpg"},"thumbnail":{"file":"planinske-kuce-sevic-smestaj-na-planini-tari-62-150x150.jpg","width":150,"height":150,"mime-type":"image\/jpeg","filesize":9157,"url":"https:\/\/tara.rs\/wp-content\/uploads\/2024\/07\/planinske-kuce-sevic-smestaj-na-planini-tari-62-150x150.jpg"},"medium_large":{"file":"planinske-kuce-sevic-smestaj-na-planini-tari-62-768x576.jpg","width":768,"height":576,"mime-type":"image\/jpeg","filesize":139067,"url":"https:\/\/tara.rs\/wp-content\/uploads\/2024\/07\/planinske-kuce-sevic-smestaj-na-planini-tari-62-768x576.jpg"},"post-thumbnail":{"file":"planinske-kuce-sevic-smestaj-na-planini-tari-62-150x113.jpg","width":150,"height":113,"mime-type":"image\/jpeg","filesize":7399,"url":"https:\/\/tara.rs\/wp-content\/uploads\/2024\/07\/planinske-kuce-sevic-smestaj-na-planini-tari-62-150x113.jpg"},"modern-property-child-slider":{"file":"planinske-kuce-sevic-smestaj-na-planini-tari-62-680x510.jpg","width":680,"height":510,"mime-type":"image\/jpeg","filesize":112459,"url":"https:\/\/tara.rs\/wp-content\/uploads\/2024\/07\/planinske-kuce-sevic-smestaj-na-planini-tari-62-680x510.jpg"},"property-thumb-image":{"file":"planinske-kuce-sevic-smestaj-na-planini-tari-62-488x326.jpg","width":488,"height":326,"mime-type":"image\/jpeg","filesize":55011,"url":"https:\/\/tara.rs\/wp-content\/uploads\/2024\/07\/planinske-kuce-sevic-smestaj-na-planini-tari-62-488x326.jpg"},"property-detail-video-image":{"file":"planinske-kuce-sevic-smestaj-na-planini-tari-62-818x417.jpg","width":818,"height":417,"mime-type":"image\/jpeg","filesize":106310,"url":"https:\/\/tara.rs\/wp-content\/uploads\/2024\/07\/planinske-kuce-sevic-smestaj-na-planini-tari-62-818x417.jpg"},"agent-image":{"file":"planinske-kuce-sevic-smestaj-na-planini-tari-62-210x210.jpg","width":210,"height":210,"mime-type":"image\/jpeg","filesize":16642,"url":"https:\/\/tara.rs\/wp-content\/uploads\/2024\/07\/planinske-kuce-sevic-smestaj-na-planini-tari-62-210x210.jpg"},"partners-logo":{"file":"planinske-kuce-sevic-smestaj-na-planini-tari-62-600x750.jpg","width":600,"height":750,"mime-type":"image\/jpeg","filesize":148918,"url":"https:\/\/tara.rs\/wp-content\/uploads\/2024\/07\/planinske-kuce-sevic-smestaj-na-planini-tari-62-600x750.jpg"},"post-featured-image":{"file":"planinske-kuce-sevic-smestaj-na-planini-tari-62-1000x720.jpg","width":1000,"height":720,"mime-type":"image\/jpeg","filesize":246895,"url":"https:\/\/tara.rs\/wp-content\/uploads\/2024\/07\/planinske-kuce-sevic-smestaj-na-planini-tari-62-1000x720.jpg"}},"image_meta":{"aperture":"0","credit":"","camera":"","caption":"","created_timestamp":"0","copyright":"","focal_length":"0","iso":"0","shutter_speed":"0","title":"","orientation":"0","keywords":[]},"ID":"80279","name":"planinske-kuce-sevic-smestaj-na-planini-tari-62.jpg","path":"\/home\/tarars\/public_html\/wp-content\/uploads\/2024\/07\/planinske-kuce-sevic-smestaj-na-planini-tari-62.jpg","url":"https:\/\/tara.rs\/wp-content\/uploads\/2024\/07\/planinske-kuce-sevic-smestaj-na-planini-tari-62-150x150.jpg","full_url":"https:\/\/tara.rs\/wp-content\/uploads\/2024\/07\/planinske-kuce-sevic-smestaj-na-planini-tari-62.jpg","title":"planinske-ku\u0107e-sevi\u0107-sme\u0161taj-na-planini-tari (62)","caption":"","description":"","alt":"","srcset":"https:\/\/tara.rs\/wp-content\/uploads\/2024\/07\/planinske-kuce-sevic-smestaj-na-planini-tari-62-150x150.jpg 150w, https:\/\/tara.rs\/wp-content\/uploads\/2024\/07\/planinske-kuce-sevic-smestaj-na-planini-tari-62-210x210.jpg 210w"},{"width":150,"height":150,"file":"2024\/07\/planinske-kuce-sevic-smestaj-na-planini-tari-24.jpg","filesize":296767,"sizes":{"medium":{"file":"planinske-kuce-sevic-smestaj-na-planini-tari-24-225x300.jpg","width":225,"height":300,"mime-type":"image\/jpeg","filesize":23615,"url":"https:\/\/tara.rs\/wp-content\/uploads\/2024\/07\/planinske-kuce-sevic-smestaj-na-planini-tari-24-225x300.jpg"},"thumbnail":{"file":"planinske-kuce-sevic-smestaj-na-planini-tari-24-150x150.jpg","width":150,"height":150,"mime-type":"image\/jpeg","filesize":9842,"url":"https:\/\/tara.rs\/wp-content\/uploads\/2024\/07\/planinske-kuce-sevic-smestaj-na-planini-tari-24-150x150.jpg"},"post-thumbnail":{"file":"planinske-kuce-sevic-smestaj-na-planini-tari-24-113x150.jpg","width":113,"height":150,"mime-type":"image\/jpeg","filesize":7013,"url":"https:\/\/tara.rs\/wp-content\/uploads\/2024\/07\/planinske-kuce-sevic-smestaj-na-planini-tari-24-113x150.jpg"},"modern-property-child-slider":{"file":"planinske-kuce-sevic-smestaj-na-planini-tari-24-680x510.jpg","width":680,"height":510,"mime-type":"image\/jpeg","filesize":125823,"url":"https:\/\/tara.rs\/wp-content\/uploads\/2024\/07\/planinske-kuce-sevic-smestaj-na-planini-tari-24-680x510.jpg"},"property-thumb-image":{"file":"planinske-kuce-sevic-smestaj-na-planini-tari-24-488x326.jpg","width":488,"height":326,"mime-type":"image\/jpeg","filesize":62251,"url":"https:\/\/tara.rs\/wp-content\/uploads\/2024\/07\/planinske-kuce-sevic-smestaj-na-planini-tari-24-488x326.jpg"},"property-detail-video-image":{"file":"planinske-kuce-sevic-smestaj-na-planini-tari-24-750x417.jpg","width":750,"height":417,"mime-type":"image\/jpeg","filesize":136952,"url":"https:\/\/tara.rs\/wp-content\/uploads\/2024\/07\/planinske-kuce-sevic-smestaj-na-planini-tari-24-750x417.jpg"},"agent-image":{"file":"planinske-kuce-sevic-smestaj-na-planini-tari-24-210x210.jpg","width":210,"height":210,"mime-type":"image\/jpeg","filesize":17926,"url":"https:\/\/tara.rs\/wp-content\/uploads\/2024\/07\/planinske-kuce-sevic-smestaj-na-planini-tari-24-210x210.jpg"},"partners-logo":{"file":"planinske-kuce-sevic-smestaj-na-planini-tari-24-600x1000.jpg","width":600,"height":1000,"mime-type":"image\/jpeg","filesize":215989,"url":"https:\/\/tara.rs\/wp-content\/uploads\/2024\/07\/planinske-kuce-sevic-smestaj-na-planini-tari-24-600x1000.jpg"},"post-featured-image":{"file":"planinske-kuce-sevic-smestaj-na-planini-tari-24-750x720.jpg","width":750,"height":720,"mime-type":"image\/jpeg","filesize":220606,"url":"https:\/\/tara.rs\/wp-content\/uploads\/2024\/07\/planinske-kuce-sevic-smestaj-na-planini-tari-24-750x720.jpg"}},"image_meta":{"aperture":"0","credit":"","camera":"","caption":"","created_timestamp":"0","copyright":"","focal_length":"0","iso":"0","shutter_speed":"0","title":"","orientation":"0","keywords":[]},"ID":"80268","name":"planinske-kuce-sevic-smestaj-na-planini-tari-24.jpg","path":"\/home\/tarars\/public_html\/wp-content\/uploads\/2024\/07\/planinske-kuce-sevic-smestaj-na-planini-tari-24.jpg","url":"https:\/\/tara.rs\/wp-content\/uploads\/2024\/07\/planinske-kuce-sevic-smestaj-na-planini-tari-24-150x150.jpg","full_url":"https:\/\/tara.rs\/wp-content\/uploads\/2024\/07\/planinske-kuce-sevic-smestaj-na-planini-tari-24.jpg","title":"planinske-ku\u0107e-sevi\u0107-sme\u0161taj-na-planini-tari (24)","caption":"","description":"","alt":"","srcset":"https:\/\/tara.rs\/wp-content\/uploads\/2024\/07\/planinske-kuce-sevic-smestaj-na-planini-tari-24-150x150.jpg 150w, https:\/\/tara.rs\/wp-content\/uploads\/2024\/07\/planinske-kuce-sevic-smestaj-na-planini-tari-24-210x210.jpg 210w"},{"width":150,"height":150,"file":"2024\/07\/planinske-kuce-sevic-smestaj-na-planini-tari-50.jpg","filesize":292000,"sizes":{"medium":{"file":"planinske-kuce-sevic-smestaj-na-planini-tari-50-225x300.jpg","width":225,"height":300,"mime-type":"image\/jpeg","filesize":27553,"url":"https:\/\/tara.rs\/wp-content\/uploads\/2024\/07\/planinske-kuce-sevic-smestaj-na-planini-tari-50-225x300.jpg"},"thumbnail":{"file":"planinske-kuce-sevic-smestaj-na-planini-tari-50-150x150.jpg","width":150,"height":150,"mime-type":"image\/jpeg","filesize":9725,"url":"https:\/\/tara.rs\/wp-content\/uploads\/2024\/07\/planinske-kuce-sevic-smestaj-na-planini-tari-50-150x150.jpg"},"post-thumbnail":{"file":"planinske-kuce-sevic-smestaj-na-planini-tari-50-113x150.jpg","width":113,"height":150,"mime-type":"image\/jpeg","filesize":7840,"url":"https:\/\/tara.rs\/wp-content\/uploads\/2024\/07\/planinske-kuce-sevic-smestaj-na-planini-tari-50-113x150.jpg"},"modern-property-child-slider":{"file":"planinske-kuce-sevic-smestaj-na-planini-tari-50-680x510.jpg","width":680,"height":510,"mime-type":"image\/jpeg","filesize":105799,"url":"https:\/\/tara.rs\/wp-content\/uploads\/2024\/07\/planinske-kuce-sevic-smestaj-na-planini-tari-50-680x510.jpg"},"property-thumb-image":{"file":"planinske-kuce-sevic-smestaj-na-planini-tari-50-488x326.jpg","width":488,"height":326,"mime-type":"image\/jpeg","filesize":52743,"url":"https:\/\/tara.rs\/wp-content\/uploads\/2024\/07\/planinske-kuce-sevic-smestaj-na-planini-tari-50-488x326.jpg"},"property-detail-video-image":{"file":"planinske-kuce-sevic-smestaj-na-planini-tari-50-750x417.jpg","width":750,"height":417,"mime-type":"image\/jpeg","filesize":104046,"url":"https:\/\/tara.rs\/wp-content\/uploads\/2024\/07\/planinske-kuce-sevic-smestaj-na-planini-tari-50-750x417.jpg"},"agent-image":{"file":"planinske-kuce-sevic-smestaj-na-planini-tari-50-210x210.jpg","width":210,"height":210,"mime-type":"image\/jpeg","filesize":17986,"url":"https:\/\/tara.rs\/wp-content\/uploads\/2024\/07\/planinske-kuce-sevic-smestaj-na-planini-tari-50-210x210.jpg"},"partners-logo":{"file":"planinske-kuce-sevic-smestaj-na-planini-tari-50-600x1000.jpg","width":600,"height":1000,"mime-type":"image\/jpeg","filesize":215556,"url":"https:\/\/tara.rs\/wp-content\/uploads\/2024\/07\/planinske-kuce-sevic-smestaj-na-planini-tari-50-600x1000.jpg"},"post-featured-image":{"file":"planinske-kuce-sevic-smestaj-na-planini-tari-50-750x720.jpg","width":750,"height":720,"mime-type":"image\/jpeg","filesize":187383,"url":"https:\/\/tara.rs\/wp-content\/uploads\/2024\/07\/planinske-kuce-sevic-smestaj-na-planini-tari-50-750x720.jpg"}},"image_meta":{"aperture":"0","credit":"","camera":"","caption":"","created_timestamp":"0","copyright":"","focal_length":"0","iso":"0","shutter_speed":"0","title":"","orientation":"0","keywords":[]},"ID":"80276","name":"planinske-kuce-sevic-smestaj-na-planini-tari-50.jpg","path":"\/home\/tarars\/public_html\/wp-content\/uploads\/2024\/07\/planinske-kuce-sevic-smestaj-na-planini-tari-50.jpg","url":"https:\/\/tara.rs\/wp-content\/uploads\/2024\/07\/planinske-kuce-sevic-smestaj-na-planini-tari-50-150x150.jpg","full_url":"https:\/\/tara.rs\/wp-content\/uploads\/2024\/07\/planinske-kuce-sevic-smestaj-na-planini-tari-50.jpg","title":"planinske-ku\u0107e-sevi\u0107-sme\u0161taj-na-planini-tari (50)","caption":"","description":"","alt":"","srcset":"https:\/\/tara.rs\/wp-content\/uploads\/2024\/07\/planinske-kuce-sevic-smestaj-na-planini-tari-50-150x150.jpg 150w, https:\/\/tara.rs\/wp-content\/uploads\/2024\/07\/planinske-kuce-sevic-smestaj-na-planini-tari-50-210x210.jpg 210w"},{"width":150,"height":150,"file":"2024\/07\/planinske-kuce-sevic-smestaj-na-planini-tari-49.jpg","filesize":234753,"sizes":{"medium":{"file":"planinske-kuce-sevic-smestaj-na-planini-tari-49-300x225.jpg","width":300,"height":225,"mime-type":"image\/jpeg","filesize":24962,"url":"https:\/\/tara.rs\/wp-content\/uploads\/2024\/07\/planinske-kuce-sevic-smestaj-na-planini-tari-49-300x225.jpg"},"thumbnail":{"file":"planinske-kuce-sevic-smestaj-na-planini-tari-49-150x150.jpg","width":150,"height":150,"mime-type":"image\/jpeg","filesize":9430,"url":"https:\/\/tara.rs\/wp-content\/uploads\/2024\/07\/planinske-kuce-sevic-smestaj-na-planini-tari-49-150x150.jpg"},"medium_large":{"file":"planinske-kuce-sevic-smestaj-na-planini-tari-49-768x576.jpg","width":768,"height":576,"mime-type":"image\/jpeg","filesize":121808,"url":"https:\/\/tara.rs\/wp-content\/uploads\/2024\/07\/planinske-kuce-sevic-smestaj-na-planini-tari-49-768x576.jpg"},"post-thumbnail":{"file":"planinske-kuce-sevic-smestaj-na-planini-tari-49-150x113.jpg","width":150,"height":113,"mime-type":"image\/jpeg","filesize":7863,"url":"https:\/\/tara.rs\/wp-content\/uploads\/2024\/07\/planinske-kuce-sevic-smestaj-na-planini-tari-49-150x113.jpg"},"modern-property-child-slider":{"file":"planinske-kuce-sevic-smestaj-na-planini-tari-49-680x510.jpg","width":680,"height":510,"mime-type":"image\/jpeg","filesize":100106,"url":"https:\/\/tara.rs\/wp-content\/uploads\/2024\/07\/planinske-kuce-sevic-smestaj-na-planini-tari-49-680x510.jpg"},"property-thumb-image":{"file":"planinske-kuce-sevic-smestaj-na-planini-tari-49-488x326.jpg","width":488,"height":326,"mime-type":"image\/jpeg","filesize":51316,"url":"https:\/\/tara.rs\/wp-content\/uploads\/2024\/07\/planinske-kuce-sevic-smestaj-na-planini-tari-49-488x326.jpg"},"property-detail-video-image":{"file":"planinske-kuce-sevic-smestaj-na-planini-tari-49-818x417.jpg","width":818,"height":417,"mime-type":"image\/jpeg","filesize":94069,"url":"https:\/\/tara.rs\/wp-content\/uploads\/2024\/07\/planinske-kuce-sevic-smestaj-na-planini-tari-49-818x417.jpg"},"agent-image":{"file":"planinske-kuce-sevic-smestaj-na-planini-tari-49-210x210.jpg","width":210,"height":210,"mime-type":"image\/jpeg","filesize":16848,"url":"https:\/\/tara.rs\/wp-content\/uploads\/2024\/07\/planinske-kuce-sevic-smestaj-na-planini-tari-49-210x210.jpg"},"partners-logo":{"file":"planinske-kuce-sevic-smestaj-na-planini-tari-49-600x750.jpg","width":600,"height":750,"mime-type":"image\/jpeg","filesize":129859,"url":"https:\/\/tara.rs\/wp-content\/uploads\/2024\/07\/planinske-kuce-sevic-smestaj-na-planini-tari-49-600x750.jpg"},"post-featured-image":{"file":"planinske-kuce-sevic-smestaj-na-planini-tari-49-1000x720.jpg","width":1000,"height":720,"mime-type":"image\/jpeg","filesize":208421,"url":"https:\/\/tara.rs\/wp-content\/uploads\/2024\/07\/planinske-kuce-sevic-smestaj-na-planini-tari-49-1000x720.jpg"}},"image_meta":{"aperture":"0","credit":"","camera":"","caption":"","created_timestamp":"0","copyright":"","focal_length":"0","iso":"0","shutter_speed":"0","title":"","orientation":"0","keywords":[]},"ID":"80275","name":"planinske-kuce-sevic-smestaj-na-planini-tari-49.jpg","path":"\/home\/tarars\/public_html\/wp-content\/uploads\/2024\/07\/planinske-kuce-sevic-smestaj-na-planini-tari-49.jpg","url":"https:\/\/tara.rs\/wp-content\/uploads\/2024\/07\/planinske-kuce-sevic-smestaj-na-planini-tari-49-150x150.jpg","full_url":"https:\/\/tara.rs\/wp-content\/uploads\/2024\/07\/planinske-kuce-sevic-smestaj-na-planini-tari-49.jpg","title":"planinske-ku\u0107e-sevi\u0107-sme\u0161taj-na-planini-tari (49)","caption":"","description":"","alt":"","srcset":"https:\/\/tara.rs\/wp-content\/uploads\/2024\/07\/planinske-kuce-sevic-smestaj-na-planini-tari-49-150x150.jpg 150w, https:\/\/tara.rs\/wp-content\/uploads\/2024\/07\/planinske-kuce-sevic-smestaj-na-planini-tari-49-210x210.jpg 210w"},{"width":150,"height":150,"file":"2024\/07\/planinske-kuce-sevic-smestaj-na-planini-tari-7.jpg","filesize":258420,"sizes":{"medium":{"file":"planinske-kuce-sevic-smestaj-na-planini-tari-7-300x225.jpg","width":300,"height":225,"mime-type":"image\/jpeg","filesize":23335,"url":"https:\/\/tara.rs\/wp-content\/uploads\/2024\/07\/planinske-kuce-sevic-smestaj-na-planini-tari-7-300x225.jpg"},"thumbnail":{"file":"planinske-kuce-sevic-smestaj-na-planini-tari-7-150x150.jpg","width":150,"height":150,"mime-type":"image\/jpeg","filesize":9006,"url":"https:\/\/tara.rs\/wp-content\/uploads\/2024\/07\/planinske-kuce-sevic-smestaj-na-planini-tari-7-150x150.jpg"},"medium_large":{"file":"planinske-kuce-sevic-smestaj-na-planini-tari-7-768x576.jpg","width":768,"height":576,"mime-type":"image\/jpeg","filesize":126272,"url":"https:\/\/tara.rs\/wp-content\/uploads\/2024\/07\/planinske-kuce-sevic-smestaj-na-planini-tari-7-768x576.jpg"},"post-thumbnail":{"file":"planinske-kuce-sevic-smestaj-na-planini-tari-7-150x113.jpg","width":150,"height":113,"mime-type":"image\/jpeg","filesize":7147,"url":"https:\/\/tara.rs\/wp-content\/uploads\/2024\/07\/planinske-kuce-sevic-smestaj-na-planini-tari-7-150x113.jpg"},"modern-property-child-slider":{"file":"planinske-kuce-sevic-smestaj-na-planini-tari-7-680x510.jpg","width":680,"height":510,"mime-type":"image\/jpeg","filesize":101646,"url":"https:\/\/tara.rs\/wp-content\/uploads\/2024\/07\/planinske-kuce-sevic-smestaj-na-planini-tari-7-680x510.jpg"},"property-thumb-image":{"file":"planinske-kuce-sevic-smestaj-na-planini-tari-7-488x326.jpg","width":488,"height":326,"mime-type":"image\/jpeg","filesize":49921,"url":"https:\/\/tara.rs\/wp-content\/uploads\/2024\/07\/planinske-kuce-sevic-smestaj-na-planini-tari-7-488x326.jpg"},"property-detail-video-image":{"file":"planinske-kuce-sevic-smestaj-na-planini-tari-7-818x417.jpg","width":818,"height":417,"mime-type":"image\/jpeg","filesize":100237,"url":"https:\/\/tara.rs\/wp-content\/uploads\/2024\/07\/planinske-kuce-sevic-smestaj-na-planini-tari-7-818x417.jpg"},"agent-image":{"file":"planinske-kuce-sevic-smestaj-na-planini-tari-7-210x210.jpg","width":210,"height":210,"mime-type":"image\/jpeg","filesize":16027,"url":"https:\/\/tara.rs\/wp-content\/uploads\/2024\/07\/planinske-kuce-sevic-smestaj-na-planini-tari-7-210x210.jpg"},"partners-logo":{"file":"planinske-kuce-sevic-smestaj-na-planini-tari-7-600x750.jpg","width":600,"height":750,"mime-type":"image\/jpeg","filesize":148100,"url":"https:\/\/tara.rs\/wp-content\/uploads\/2024\/07\/planinske-kuce-sevic-smestaj-na-planini-tari-7-600x750.jpg"},"post-featured-image":{"file":"planinske-kuce-sevic-smestaj-na-planini-tari-7-1000x720.jpg","width":1000,"height":720,"mime-type":"image\/jpeg","filesize":228795,"url":"https:\/\/tara.rs\/wp-content\/uploads\/2024\/07\/planinske-kuce-sevic-smestaj-na-planini-tari-7-1000x720.jpg"}},"image_meta":{"aperture":"0","credit":"","camera":"","caption":"","created_timestamp":"0","copyright":"","focal_length":"0","iso":"0","shutter_speed":"0","title":"","orientation":"0","keywords":[]},"ID":"80266","name":"planinske-kuce-sevic-smestaj-na-planini-tari-7.jpg","path":"\/home\/tarars\/public_html\/wp-content\/uploads\/2024\/07\/planinske-kuce-sevic-smestaj-na-planini-tari-7.jpg","url":"https:\/\/tara.rs\/wp-content\/uploads\/2024\/07\/planinske-kuce-sevic-smestaj-na-planini-tari-7-150x150.jpg","full_url":"https:\/\/tara.rs\/wp-content\/uploads\/2024\/07\/planinske-kuce-sevic-smestaj-na-planini-tari-7.jpg","title":"planinske-ku\u0107e-sevi\u0107-sme\u0161taj-na-planini-tari (7)","caption":"","description":"","alt":"","srcset":"https:\/\/tara.rs\/wp-content\/uploads\/2024\/07\/planinske-kuce-sevic-smestaj-na-planini-tari-7-150x150.jpg 150w, https:\/\/tara.rs\/wp-content\/uploads\/2024\/07\/planinske-kuce-sevic-smestaj-na-planini-tari-7-210x210.jpg 210w"},{"width":150,"height":150,"file":"2024\/07\/planinske-kuce-sevic-smestaj-na-planini-tari-14.jpg","filesize":285529,"sizes":{"medium":{"file":"planinske-kuce-sevic-smestaj-na-planini-tari-14-300x225.jpg","width":300,"height":225,"mime-type":"image\/jpeg","filesize":23085,"url":"https:\/\/tara.rs\/wp-content\/uploads\/2024\/07\/planinske-kuce-sevic-smestaj-na-planini-tari-14-300x225.jpg"},"thumbnail":{"file":"planinske-kuce-sevic-smestaj-na-planini-tari-14-150x150.jpg","width":150,"height":150,"mime-type":"image\/jpeg","filesize":8909,"url":"https:\/\/tara.rs\/wp-content\/uploads\/2024\/07\/planinske-kuce-sevic-smestaj-na-planini-tari-14-150x150.jpg"},"medium_large":{"file":"planinske-kuce-sevic-smestaj-na-planini-tari-14-768x576.jpg","width":768,"height":576,"mime-type":"image\/jpeg","filesize":134531,"url":"https:\/\/tara.rs\/wp-content\/uploads\/2024\/07\/planinske-kuce-sevic-smestaj-na-planini-tari-14-768x576.jpg"},"post-thumbnail":{"file":"planinske-kuce-sevic-smestaj-na-planini-tari-14-150x113.jpg","width":150,"height":113,"mime-type":"image\/jpeg","filesize":7032,"url":"https:\/\/tara.rs\/wp-content\/uploads\/2024\/07\/planinske-kuce-sevic-smestaj-na-planini-tari-14-150x113.jpg"},"modern-property-child-slider":{"file":"planinske-kuce-sevic-smestaj-na-planini-tari-14-680x510.jpg","width":680,"height":510,"mime-type":"image\/jpeg","filesize":107650,"url":"https:\/\/tara.rs\/wp-content\/uploads\/2024\/07\/planinske-kuce-sevic-smestaj-na-planini-tari-14-680x510.jpg"},"property-thumb-image":{"file":"planinske-kuce-sevic-smestaj-na-planini-tari-14-488x326.jpg","width":488,"height":326,"mime-type":"image\/jpeg","filesize":52176,"url":"https:\/\/tara.rs\/wp-content\/uploads\/2024\/07\/planinske-kuce-sevic-smestaj-na-planini-tari-14-488x326.jpg"},"property-detail-video-image":{"file":"planinske-kuce-sevic-smestaj-na-planini-tari-14-818x417.jpg","width":818,"height":417,"mime-type":"image\/jpeg","filesize":109203,"url":"https:\/\/tara.rs\/wp-content\/uploads\/2024\/07\/planinske-kuce-sevic-smestaj-na-planini-tari-14-818x417.jpg"},"agent-image":{"file":"planinske-kuce-sevic-smestaj-na-planini-tari-14-210x210.jpg","width":210,"height":210,"mime-type":"image\/jpeg","filesize":15811,"url":"https:\/\/tara.rs\/wp-content\/uploads\/2024\/07\/planinske-kuce-sevic-smestaj-na-planini-tari-14-210x210.jpg"},"partners-logo":{"file":"planinske-kuce-sevic-smestaj-na-planini-tari-14-600x750.jpg","width":600,"height":750,"mime-type":"image\/jpeg","filesize":156542,"url":"https:\/\/tara.rs\/wp-content\/uploads\/2024\/07\/planinske-kuce-sevic-smestaj-na-planini-tari-14-600x750.jpg"},"post-featured-image":{"file":"planinske-kuce-sevic-smestaj-na-planini-tari-14-1000x720.jpg","width":1000,"height":720,"mime-type":"image\/jpeg","filesize":255000,"url":"https:\/\/tara.rs\/wp-content\/uploads\/2024\/07\/planinske-kuce-sevic-smestaj-na-planini-tari-14-1000x720.jpg"}},"image_meta":{"aperture":"0","credit":"","camera":"","caption":"","created_timestamp":"0","copyright":"","focal_length":"0","iso":"0","shutter_speed":"0","title":"","orientation":"0","keywords":[]},"ID":"80267","name":"planinske-kuce-sevic-smestaj-na-planini-tari-14.jpg","path":"\/home\/tarars\/public_html\/wp-content\/uploads\/2024\/07\/planinske-kuce-sevic-smestaj-na-planini-tari-14.jpg","url":"https:\/\/tara.rs\/wp-content\/uploads\/2024\/07\/planinske-kuce-sevic-smestaj-na-planini-tari-14-150x150.jpg","full_url":"https:\/\/tara.rs\/wp-content\/uploads\/2024\/07\/planinske-kuce-sevic-smestaj-na-planini-tari-14.jpg","title":"planinske-ku\u0107e-sevi\u0107-sme\u0161taj-na-planini-tari (14)","caption":"","description":"","alt":"","srcset":"https:\/\/tara.rs\/wp-content\/uploads\/2024\/07\/planinske-kuce-sevic-smestaj-na-planini-tari-14-150x150.jpg 150w, https:\/\/tara.rs\/wp-content\/uploads\/2024\/07\/planinske-kuce-sevic-smestaj-na-planini-tari-14-210x210.jpg 210w"},{"width":150,"height":150,"file":"2024\/07\/planinske-kuce-sevic-smestaj-na-planini-tari-26.jpg","filesize":227661,"sizes":{"medium":{"file":"planinske-kuce-sevic-smestaj-na-planini-tari-26-300x225.jpg","width":300,"height":225,"mime-type":"image\/jpeg","filesize":19461,"url":"https:\/\/tara.rs\/wp-content\/uploads\/2024\/07\/planinske-kuce-sevic-smestaj-na-planini-tari-26-300x225.jpg"},"thumbnail":{"file":"planinske-kuce-sevic-smestaj-na-planini-tari-26-150x150.jpg","width":150,"height":150,"mime-type":"image\/jpeg","filesize":7360,"url":"https:\/\/tara.rs\/wp-content\/uploads\/2024\/07\/planinske-kuce-sevic-smestaj-na-planini-tari-26-150x150.jpg"},"medium_large":{"file":"planinske-kuce-sevic-smestaj-na-planini-tari-26-768x576.jpg","width":768,"height":576,"mime-type":"image\/jpeg","filesize":107205,"url":"https:\/\/tara.rs\/wp-content\/uploads\/2024\/07\/planinske-kuce-sevic-smestaj-na-planini-tari-26-768x576.jpg"},"post-thumbnail":{"file":"planinske-kuce-sevic-smestaj-na-planini-tari-26-150x113.jpg","width":150,"height":113,"mime-type":"image\/jpeg","filesize":6118,"url":"https:\/\/tara.rs\/wp-content\/uploads\/2024\/07\/planinske-kuce-sevic-smestaj-na-planini-tari-26-150x113.jpg"},"modern-property-child-slider":{"file":"planinske-kuce-sevic-smestaj-na-planini-tari-26-680x510.jpg","width":680,"height":510,"mime-type":"image\/jpeg","filesize":86353,"url":"https:\/\/tara.rs\/wp-content\/uploads\/2024\/07\/planinske-kuce-sevic-smestaj-na-planini-tari-26-680x510.jpg"},"property-thumb-image":{"file":"planinske-kuce-sevic-smestaj-na-planini-tari-26-488x326.jpg","width":488,"height":326,"mime-type":"image\/jpeg","filesize":43181,"url":"https:\/\/tara.rs\/wp-content\/uploads\/2024\/07\/planinske-kuce-sevic-smestaj-na-planini-tari-26-488x326.jpg"},"property-detail-video-image":{"file":"planinske-kuce-sevic-smestaj-na-planini-tari-26-818x417.jpg","width":818,"height":417,"mime-type":"image\/jpeg","filesize":94090,"url":"https:\/\/tara.rs\/wp-content\/uploads\/2024\/07\/planinske-kuce-sevic-smestaj-na-planini-tari-26-818x417.jpg"},"agent-image":{"file":"planinske-kuce-sevic-smestaj-na-planini-tari-26-210x210.jpg","width":210,"height":210,"mime-type":"image\/jpeg","filesize":13060,"url":"https:\/\/tara.rs\/wp-content\/uploads\/2024\/07\/planinske-kuce-sevic-smestaj-na-planini-tari-26-210x210.jpg"},"partners-logo":{"file":"planinske-kuce-sevic-smestaj-na-planini-tari-26-600x750.jpg","width":600,"height":750,"mime-type":"image\/jpeg","filesize":127840,"url":"https:\/\/tara.rs\/wp-content\/uploads\/2024\/07\/planinske-kuce-sevic-smestaj-na-planini-tari-26-600x750.jpg"},"post-featured-image":{"file":"planinske-kuce-sevic-smestaj-na-planini-tari-26-1000x720.jpg","width":1000,"height":720,"mime-type":"image\/jpeg","filesize":205073,"url":"https:\/\/tara.rs\/wp-content\/uploads\/2024\/07\/planinske-kuce-sevic-smestaj-na-planini-tari-26-1000x720.jpg"}},"image_meta":{"aperture":"0","credit":"","camera":"","caption":"","created_timestamp":"0","copyright":"","focal_length":"0","iso":"0","shutter_speed":"0","title":"","orientation":"0","keywords":[]},"ID":"80269","name":"planinske-kuce-sevic-smestaj-na-planini-tari-26.jpg","path":"\/home\/tarars\/public_html\/wp-content\/uploads\/2024\/07\/planinske-kuce-sevic-smestaj-na-planini-tari-26.jpg","url":"https:\/\/tara.rs\/wp-content\/uploads\/2024\/07\/planinske-kuce-sevic-smestaj-na-planini-tari-26-150x150.jpg","full_url":"https:\/\/tara.rs\/wp-content\/uploads\/2024\/07\/planinske-kuce-sevic-smestaj-na-planini-tari-26.jpg","title":"planinske-ku\u0107e-sevi\u0107-sme\u0161taj-na-planini-tari (26)","caption":"","description":"","alt":"","srcset":"https:\/\/tara.rs\/wp-content\/uploads\/2024\/07\/planinske-kuce-sevic-smestaj-na-planini-tari-26-150x150.jpg 150w, https:\/\/tara.rs\/wp-content\/uploads\/2024\/07\/planinske-kuce-sevic-smestaj-na-planini-tari-26-210x210.jpg 210w"},{"width":150,"height":150,"file":"2024\/07\/planinske-kuce-sevic-smestaj-na-planini-tari-28.jpg","filesize":198254,"sizes":{"medium":{"file":"planinske-kuce-sevic-smestaj-na-planini-tari-28-300x225.jpg","width":300,"height":225,"mime-type":"image\/jpeg","filesize":17681,"url":"https:\/\/tara.rs\/wp-content\/uploads\/2024\/07\/planinske-kuce-sevic-smestaj-na-planini-tari-28-300x225.jpg"},"thumbnail":{"file":"planinske-kuce-sevic-smestaj-na-planini-tari-28-150x150.jpg","width":150,"height":150,"mime-type":"image\/jpeg","filesize":6802,"url":"https:\/\/tara.rs\/wp-content\/uploads\/2024\/07\/planinske-kuce-sevic-smestaj-na-planini-tari-28-150x150.jpg"},"medium_large":{"file":"planinske-kuce-sevic-smestaj-na-planini-tari-28-768x576.jpg","width":768,"height":576,"mime-type":"image\/jpeg","filesize":94215,"url":"https:\/\/tara.rs\/wp-content\/uploads\/2024\/07\/planinske-kuce-sevic-smestaj-na-planini-tari-28-768x576.jpg"},"post-thumbnail":{"file":"planinske-kuce-sevic-smestaj-na-planini-tari-28-150x113.jpg","width":150,"height":113,"mime-type":"image\/jpeg","filesize":5615,"url":"https:\/\/tara.rs\/wp-content\/uploads\/2024\/07\/planinske-kuce-sevic-smestaj-na-planini-tari-28-150x113.jpg"},"modern-property-child-slider":{"file":"planinske-kuce-sevic-smestaj-na-planini-tari-28-680x510.jpg","width":680,"height":510,"mime-type":"image\/jpeg","filesize":75798,"url":"https:\/\/tara.rs\/wp-content\/uploads\/2024\/07\/planinske-kuce-sevic-smestaj-na-planini-tari-28-680x510.jpg"},"property-thumb-image":{"file":"planinske-kuce-sevic-smestaj-na-planini-tari-28-488x326.jpg","width":488,"height":326,"mime-type":"image\/jpeg","filesize":37720,"url":"https:\/\/tara.rs\/wp-content\/uploads\/2024\/07\/planinske-kuce-sevic-smestaj-na-planini-tari-28-488x326.jpg"},"property-detail-video-image":{"file":"planinske-kuce-sevic-smestaj-na-planini-tari-28-818x417.jpg","width":818,"height":417,"mime-type":"image\/jpeg","filesize":79906,"url":"https:\/\/tara.rs\/wp-content\/uploads\/2024\/07\/planinske-kuce-sevic-smestaj-na-planini-tari-28-818x417.jpg"},"agent-image":{"file":"planinske-kuce-sevic-smestaj-na-planini-tari-28-210x210.jpg","width":210,"height":210,"mime-type":"image\/jpeg","filesize":11968,"url":"https:\/\/tara.rs\/wp-content\/uploads\/2024\/07\/planinske-kuce-sevic-smestaj-na-planini-tari-28-210x210.jpg"},"partners-logo":{"file":"planinske-kuce-sevic-smestaj-na-planini-tari-28-600x750.jpg","width":600,"height":750,"mime-type":"image\/jpeg","filesize":112204,"url":"https:\/\/tara.rs\/wp-content\/uploads\/2024\/07\/planinske-kuce-sevic-smestaj-na-planini-tari-28-600x750.jpg"},"post-featured-image":{"file":"planinske-kuce-sevic-smestaj-na-planini-tari-28-1000x720.jpg","width":1000,"height":720,"mime-type":"image\/jpeg","filesize":177819,"url":"https:\/\/tara.rs\/wp-content\/uploads\/2024\/07\/planinske-kuce-sevic-smestaj-na-planini-tari-28-1000x720.jpg"}},"image_meta":{"aperture":"0","credit":"","camera":"","caption":"","created_timestamp":"0","copyright":"","focal_length":"0","iso":"0","shutter_speed":"0","title":"","orientation":"0","keywords":[]},"ID":"80270","name":"planinske-kuce-sevic-smestaj-na-planini-tari-28.jpg","path":"\/home\/tarars\/public_html\/wp-content\/uploads\/2024\/07\/planinske-kuce-sevic-smestaj-na-planini-tari-28.jpg","url":"https:\/\/tara.rs\/wp-content\/uploads\/2024\/07\/planinske-kuce-sevic-smestaj-na-planini-tari-28-150x150.jpg","full_url":"https:\/\/tara.rs\/wp-content\/uploads\/2024\/07\/planinske-kuce-sevic-smestaj-na-planini-tari-28.jpg","title":"planinske-ku\u0107e-sevi\u0107-sme\u0161taj-na-planini-tari (28)","caption":"","description":"","alt":"","srcset":"https:\/\/tara.rs\/wp-content\/uploads\/2024\/07\/planinske-kuce-sevic-smestaj-na-planini-tari-28-150x150.jpg 150w, https:\/\/tara.rs\/wp-content\/uploads\/2024\/07\/planinske-kuce-sevic-smestaj-na-planini-tari-28-210x210.jpg 210w"},{"width":150,"height":150,"file":"2024\/07\/planinske-kuce-sevic-smestaj-na-planini-tari-32.jpg","filesize":255572,"sizes":{"medium":{"file":"planinske-kuce-sevic-smestaj-na-planini-tari-32-225x300.jpg","width":225,"height":300,"mime-type":"image\/jpeg","filesize":20062,"url":"https:\/\/tara.rs\/wp-content\/uploads\/2024\/07\/planinske-kuce-sevic-smestaj-na-planini-tari-32-225x300.jpg"},"thumbnail":{"file":"planinske-kuce-sevic-smestaj-na-planini-tari-32-150x150.jpg","width":150,"height":150,"mime-type":"image\/jpeg","filesize":8223,"url":"https:\/\/tara.rs\/wp-content\/uploads\/2024\/07\/planinske-kuce-sevic-smestaj-na-planini-tari-32-150x150.jpg"},"post-thumbnail":{"file":"planinske-kuce-sevic-smestaj-na-planini-tari-32-113x150.jpg","width":113,"height":150,"mime-type":"image\/jpeg","filesize":6182,"url":"https:\/\/tara.rs\/wp-content\/uploads\/2024\/07\/planinske-kuce-sevic-smestaj-na-planini-tari-32-113x150.jpg"},"modern-property-child-slider":{"file":"planinske-kuce-sevic-smestaj-na-planini-tari-32-680x510.jpg","width":680,"height":510,"mime-type":"image\/jpeg","filesize":103981,"url":"https:\/\/tara.rs\/wp-content\/uploads\/2024\/07\/planinske-kuce-sevic-smestaj-na-planini-tari-32-680x510.jpg"},"property-thumb-image":{"file":"planinske-kuce-sevic-smestaj-na-planini-tari-32-488x326.jpg","width":488,"height":326,"mime-type":"image\/jpeg","filesize":51953,"url":"https:\/\/tara.rs\/wp-content\/uploads\/2024\/07\/planinske-kuce-sevic-smestaj-na-planini-tari-32-488x326.jpg"},"property-detail-video-image":{"file":"planinske-kuce-sevic-smestaj-na-planini-tari-32-750x417.jpg","width":750,"height":417,"mime-type":"image\/jpeg","filesize":115892,"url":"https:\/\/tara.rs\/wp-content\/uploads\/2024\/07\/planinske-kuce-sevic-smestaj-na-planini-tari-32-750x417.jpg"},"agent-image":{"file":"planinske-kuce-sevic-smestaj-na-planini-tari-32-210x210.jpg","width":210,"height":210,"mime-type":"image\/jpeg","filesize":14642,"url":"https:\/\/tara.rs\/wp-content\/uploads\/2024\/07\/planinske-kuce-sevic-smestaj-na-planini-tari-32-210x210.jpg"},"partners-logo":{"file":"planinske-kuce-sevic-smestaj-na-planini-tari-32-600x1000.jpg","width":600,"height":1000,"mime-type":"image\/jpeg","filesize":184716,"url":"https:\/\/tara.rs\/wp-content\/uploads\/2024\/07\/planinske-kuce-sevic-smestaj-na-planini-tari-32-600x1000.jpg"},"post-featured-image":{"file":"planinske-kuce-sevic-smestaj-na-planini-tari-32-750x720.jpg","width":750,"height":720,"mime-type":"image\/jpeg","filesize":179237,"url":"https:\/\/tara.rs\/wp-content\/uploads\/2024\/07\/planinske-kuce-sevic-smestaj-na-planini-tari-32-750x720.jpg"}},"image_meta":{"aperture":"0","credit":"","camera":"","caption":"","created_timestamp":"0","copyright":"","focal_length":"0","iso":"0","shutter_speed":"0","title":"","orientation":"0","keywords":[]},"ID":"80271","name":"planinske-kuce-sevic-smestaj-na-planini-tari-32.jpg","path":"\/home\/tarars\/public_html\/wp-content\/uploads\/2024\/07\/planinske-kuce-sevic-smestaj-na-planini-tari-32.jpg","url":"https:\/\/tara.rs\/wp-content\/uploads\/2024\/07\/planinske-kuce-sevic-smestaj-na-planini-tari-32-150x150.jpg","full_url":"https:\/\/tara.rs\/wp-content\/uploads\/2024\/07\/planinske-kuce-sevic-smestaj-na-planini-tari-32.jpg","title":"planinske-ku\u0107e-sevi\u0107-sme\u0161taj-na-planini-tari (32)","caption":"","description":"","alt":"","srcset":"https:\/\/tara.rs\/wp-content\/uploads\/2024\/07\/planinske-kuce-sevic-smestaj-na-planini-tari-32-150x150.jpg 150w, https:\/\/tara.rs\/wp-content\/uploads\/2024\/07\/planinske-kuce-sevic-smestaj-na-planini-tari-32-210x210.jpg 210w"},{"width":150,"height":150,"file":"2024\/07\/planinske-kuce-sevic-smestaj-na-planini-tari-38.jpg","filesize":237742,"sizes":{"medium":{"file":"planinske-kuce-sevic-smestaj-na-planini-tari-38-300x225.jpg","width":300,"height":225,"mime-type":"image\/jpeg","filesize":19430,"url":"https:\/\/tara.rs\/wp-content\/uploads\/2024\/07\/planinske-kuce-sevic-smestaj-na-planini-tari-38-300x225.jpg"},"thumbnail":{"file":"planinske-kuce-sevic-smestaj-na-planini-tari-38-150x150.jpg","width":150,"height":150,"mime-type":"image\/jpeg","filesize":6919,"url":"https:\/\/tara.rs\/wp-content\/uploads\/2024\/07\/planinske-kuce-sevic-smestaj-na-planini-tari-38-150x150.jpg"},"medium_large":{"file":"planinske-kuce-sevic-smestaj-na-planini-tari-38-768x576.jpg","width":768,"height":576,"mime-type":"image\/jpeg","filesize":113143,"url":"https:\/\/tara.rs\/wp-content\/uploads\/2024\/07\/planinske-kuce-sevic-smestaj-na-planini-tari-38-768x576.jpg"},"post-thumbnail":{"file":"planinske-kuce-sevic-smestaj-na-planini-tari-38-150x113.jpg","width":150,"height":113,"mime-type":"image\/jpeg","filesize":5789,"url":"https:\/\/tara.rs\/wp-content\/uploads\/2024\/07\/planinske-kuce-sevic-smestaj-na-planini-tari-38-150x113.jpg"},"modern-property-child-slider":{"file":"planinske-kuce-sevic-smestaj-na-planini-tari-38-680x510.jpg","width":680,"height":510,"mime-type":"image\/jpeg","filesize":91166,"url":"https:\/\/tara.rs\/wp-content\/uploads\/2024\/07\/planinske-kuce-sevic-smestaj-na-planini-tari-38-680x510.jpg"},"property-thumb-image":{"file":"planinske-kuce-sevic-smestaj-na-planini-tari-38-488x326.jpg","width":488,"height":326,"mime-type":"image\/jpeg","filesize":44210,"url":"https:\/\/tara.rs\/wp-content\/uploads\/2024\/07\/planinske-kuce-sevic-smestaj-na-planini-tari-38-488x326.jpg"},"property-detail-video-image":{"file":"planinske-kuce-sevic-smestaj-na-planini-tari-38-818x417.jpg","width":818,"height":417,"mime-type":"image\/jpeg","filesize":96471,"url":"https:\/\/tara.rs\/wp-content\/uploads\/2024\/07\/planinske-kuce-sevic-smestaj-na-planini-tari-38-818x417.jpg"},"agent-image":{"file":"planinske-kuce-sevic-smestaj-na-planini-tari-38-210x210.jpg","width":210,"height":210,"mime-type":"image\/jpeg","filesize":12738,"url":"https:\/\/tara.rs\/wp-content\/uploads\/2024\/07\/planinske-kuce-sevic-smestaj-na-planini-tari-38-210x210.jpg"},"partners-logo":{"file":"planinske-kuce-sevic-smestaj-na-planini-tari-38-600x750.jpg","width":600,"height":750,"mime-type":"image\/jpeg","filesize":126080,"url":"https:\/\/tara.rs\/wp-content\/uploads\/2024\/07\/planinske-kuce-sevic-smestaj-na-planini-tari-38-600x750.jpg"},"post-featured-image":{"file":"planinske-kuce-sevic-smestaj-na-planini-tari-38-1000x720.jpg","width":1000,"height":720,"mime-type":"image\/jpeg","filesize":211368,"url":"https:\/\/tara.rs\/wp-content\/uploads\/2024\/07\/planinske-kuce-sevic-smestaj-na-planini-tari-38-1000x720.jpg"}},"image_meta":{"aperture":"0","credit":"","camera":"","caption":"","created_timestamp":"0","copyright":"","focal_length":"0","iso":"0","shutter_speed":"0","title":"","orientation":"0","keywords":[]},"ID":"80273","name":"planinske-kuce-sevic-smestaj-na-planini-tari-38.jpg","path":"\/home\/tarars\/public_html\/wp-content\/uploads\/2024\/07\/planinske-kuce-sevic-smestaj-na-planini-tari-38.jpg","url":"https:\/\/tara.rs\/wp-content\/uploads\/2024\/07\/planinske-kuce-sevic-smestaj-na-planini-tari-38-150x150.jpg","full_url":"https:\/\/tara.rs\/wp-content\/uploads\/2024\/07\/planinske-kuce-sevic-smestaj-na-planini-tari-38.jpg","title":"planinske-ku\u0107e-sevi\u0107-sme\u0161taj-na-planini-tari (38)","caption":"","description":"","alt":"","srcset":"https:\/\/tara.rs\/wp-content\/uploads\/2024\/07\/planinske-kuce-sevic-smestaj-na-planini-tari-38-150x150.jpg 150w, https:\/\/tara.rs\/wp-content\/uploads\/2024\/07\/planinske-kuce-sevic-smestaj-na-planini-tari-38-210x210.jpg 210w"},{"width":150,"height":150,"file":"2024\/07\/planinske-kuce-sevic-smestaj-na-planini-tari-52.jpg","filesize":270818,"sizes":{"medium":{"file":"planinske-kuce-sevic-smestaj-na-planini-tari-52-300x225.jpg","width":300,"height":225,"mime-type":"image\/jpeg","filesize":23699,"url":"https:\/\/tara.rs\/wp-content\/uploads\/2024\/07\/planinske-kuce-sevic-smestaj-na-planini-tari-52-300x225.jpg"},"thumbnail":{"file":"planinske-kuce-sevic-smestaj-na-planini-tari-52-150x150.jpg","width":150,"height":150,"mime-type":"image\/jpeg","filesize":8436,"url":"https:\/\/tara.rs\/wp-content\/uploads\/2024\/07\/planinske-kuce-sevic-smestaj-na-planini-tari-52-150x150.jpg"},"medium_large":{"file":"planinske-kuce-sevic-smestaj-na-planini-tari-52-768x576.jpg","width":768,"height":576,"mime-type":"image\/jpeg","filesize":134449,"url":"https:\/\/tara.rs\/wp-content\/uploads\/2024\/07\/planinske-kuce-sevic-smestaj-na-planini-tari-52-768x576.jpg"},"post-thumbnail":{"file":"planinske-kuce-sevic-smestaj-na-planini-tari-52-150x113.jpg","width":150,"height":113,"mime-type":"image\/jpeg","filesize":6985,"url":"https:\/\/tara.rs\/wp-content\/uploads\/2024\/07\/planinske-kuce-sevic-smestaj-na-planini-tari-52-150x113.jpg"},"modern-property-child-slider":{"file":"planinske-kuce-sevic-smestaj-na-planini-tari-52-680x510.jpg","width":680,"height":510,"mime-type":"image\/jpeg","filesize":108144,"url":"https:\/\/tara.rs\/wp-content\/uploads\/2024\/07\/planinske-kuce-sevic-smestaj-na-planini-tari-52-680x510.jpg"},"property-thumb-image":{"file":"planinske-kuce-sevic-smestaj-na-planini-tari-52-488x326.jpg","width":488,"height":326,"mime-type":"image\/jpeg","filesize":52766,"url":"https:\/\/tara.rs\/wp-content\/uploads\/2024\/07\/planinske-kuce-sevic-smestaj-na-planini-tari-52-488x326.jpg"},"property-detail-video-image":{"file":"planinske-kuce-sevic-smestaj-na-planini-tari-52-818x417.jpg","width":818,"height":417,"mime-type":"image\/jpeg","filesize":109296,"url":"https:\/\/tara.rs\/wp-content\/uploads\/2024\/07\/planinske-kuce-sevic-smestaj-na-planini-tari-52-818x417.jpg"},"agent-image":{"file":"planinske-kuce-sevic-smestaj-na-planini-tari-52-210x210.jpg","width":210,"height":210,"mime-type":"image\/jpeg","filesize":15465,"url":"https:\/\/tara.rs\/wp-content\/uploads\/2024\/07\/planinske-kuce-sevic-smestaj-na-planini-tari-52-210x210.jpg"},"partners-logo":{"file":"planinske-kuce-sevic-smestaj-na-planini-tari-52-600x750.jpg","width":600,"height":750,"mime-type":"image\/jpeg","filesize":139662,"url":"https:\/\/tara.rs\/wp-content\/uploads\/2024\/07\/planinske-kuce-sevic-smestaj-na-planini-tari-52-600x750.jpg"},"post-featured-image":{"file":"planinske-kuce-sevic-smestaj-na-planini-tari-52-1000x720.jpg","width":1000,"height":720,"mime-type":"image\/jpeg","filesize":241045,"url":"https:\/\/tara.rs\/wp-content\/uploads\/2024\/07\/planinske-kuce-sevic-smestaj-na-planini-tari-52-1000x720.jpg"}},"image_meta":{"aperture":"0","credit":"","camera":"","caption":"","created_timestamp":"0","copyright":"","focal_length":"0","iso":"0","shutter_speed":"0","title":"","orientation":"0","keywords":[]},"ID":"80277","name":"planinske-kuce-sevic-smestaj-na-planini-tari-52.jpg","path":"\/home\/tarars\/public_html\/wp-content\/uploads\/2024\/07\/planinske-kuce-sevic-smestaj-na-planini-tari-52.jpg","url":"https:\/\/tara.rs\/wp-content\/uploads\/2024\/07\/planinske-kuce-sevic-smestaj-na-planini-tari-52-150x150.jpg","full_url":"https:\/\/tara.rs\/wp-content\/uploads\/2024\/07\/planinske-kuce-sevic-smestaj-na-planini-tari-52.jpg","title":"planinske-ku\u0107e-sevi\u0107-sme\u0161taj-na-planini-tari (52)","caption":"","description":"","alt":"","srcset":"https:\/\/tara.rs\/wp-content\/uploads\/2024\/07\/planinske-kuce-sevic-smestaj-na-planini-tari-52-150x150.jpg 150w, https:\/\/tara.rs\/wp-content\/uploads\/2024\/07\/planinske-kuce-sevic-smestaj-na-planini-tari-52-210x210.jpg 210w"},{"width":150,"height":150,"file":"2024\/07\/planinske-kuce-sevic-smestaj-na-planini-tari-58.jpg","filesize":230782,"sizes":{"medium":{"file":"planinske-kuce-sevic-smestaj-na-planini-tari-58-225x300.jpg","width":225,"height":300,"mime-type":"image\/jpeg","filesize":22995,"url":"https:\/\/tara.rs\/wp-content\/uploads\/2024\/07\/planinske-kuce-sevic-smestaj-na-planini-tari-58-225x300.jpg"},"thumbnail":{"file":"planinske-kuce-sevic-smestaj-na-planini-tari-58-150x150.jpg","width":150,"height":150,"mime-type":"image\/jpeg","filesize":8731,"url":"https:\/\/tara.rs\/wp-content\/uploads\/2024\/07\/planinske-kuce-sevic-smestaj-na-planini-tari-58-150x150.jpg"},"post-thumbnail":{"file":"planinske-kuce-sevic-smestaj-na-planini-tari-58-113x150.jpg","width":113,"height":150,"mime-type":"image\/jpeg","filesize":7325,"url":"https:\/\/tara.rs\/wp-content\/uploads\/2024\/07\/planinske-kuce-sevic-smestaj-na-planini-tari-58-113x150.jpg"},"modern-property-child-slider":{"file":"planinske-kuce-sevic-smestaj-na-planini-tari-58-680x510.jpg","width":680,"height":510,"mime-type":"image\/jpeg","filesize":86925,"url":"https:\/\/tara.rs\/wp-content\/uploads\/2024\/07\/planinske-kuce-sevic-smestaj-na-planini-tari-58-680x510.jpg"},"property-thumb-image":{"file":"planinske-kuce-sevic-smestaj-na-planini-tari-58-488x326.jpg","width":488,"height":326,"mime-type":"image\/jpeg","filesize":44302,"url":"https:\/\/tara.rs\/wp-content\/uploads\/2024\/07\/planinske-kuce-sevic-smestaj-na-planini-tari-58-488x326.jpg"},"property-detail-video-image":{"file":"planinske-kuce-sevic-smestaj-na-planini-tari-58-750x417.jpg","width":750,"height":417,"mime-type":"image\/jpeg","filesize":93940,"url":"https:\/\/tara.rs\/wp-content\/uploads\/2024\/07\/planinske-kuce-sevic-smestaj-na-planini-tari-58-750x417.jpg"},"agent-image":{"file":"planinske-kuce-sevic-smestaj-na-planini-tari-58-210x210.jpg","width":210,"height":210,"mime-type":"image\/jpeg","filesize":15386,"url":"https:\/\/tara.rs\/wp-content\/uploads\/2024\/07\/planinske-kuce-sevic-smestaj-na-planini-tari-58-210x210.jpg"},"partners-logo":{"file":"planinske-kuce-sevic-smestaj-na-planini-tari-58-600x1000.jpg","width":600,"height":1000,"mime-type":"image\/jpeg","filesize":166153,"url":"https:\/\/tara.rs\/wp-content\/uploads\/2024\/07\/planinske-kuce-sevic-smestaj-na-planini-tari-58-600x1000.jpg"},"post-featured-image":{"file":"planinske-kuce-sevic-smestaj-na-planini-tari-58-750x720.jpg","width":750,"height":720,"mime-type":"image\/jpeg","filesize":148712,"url":"https:\/\/tara.rs\/wp-content\/uploads\/2024\/07\/planinske-kuce-sevic-smestaj-na-planini-tari-58-750x720.jpg"}},"image_meta":{"aperture":"0","credit":"","camera":"","caption":"","created_timestamp":"0","copyright":"","focal_length":"0","iso":"0","shutter_speed":"0","title":"","orientation":"0","keywords":[]},"ID":"80278","name":"planinske-kuce-sevic-smestaj-na-planini-tari-58.jpg","path":"\/home\/tarars\/public_html\/wp-content\/uploads\/2024\/07\/planinske-kuce-sevic-smestaj-na-planini-tari-58.jpg","url":"https:\/\/tara.rs\/wp-content\/uploads\/2024\/07\/planinske-kuce-sevic-smestaj-na-planini-tari-58-150x150.jpg","full_url":"https:\/\/tara.rs\/wp-content\/uploads\/2024\/07\/planinske-kuce-sevic-smestaj-na-planini-tari-58.jpg","title":"planinske-ku\u0107e-sevi\u0107-sme\u0161taj-na-planini-tari (58)","caption":"","description":"","alt":"","srcset":"https:\/\/tara.rs\/wp-content\/uploads\/2024\/07\/planinske-kuce-sevic-smestaj-na-planini-tari-58-150x150.jpg 150w, https:\/\/tara.rs\/wp-content\/uploads\/2024\/07\/planinske-kuce-sevic-smestaj-na-planini-tari-58-210x210.jpg 210w"},{"width":150,"height":150,"file":"2024\/07\/planinske-kuce-sevic-smestaj-na-planini-tari-63.jpg","filesize":287982,"sizes":{"medium":{"file":"planinske-kuce-sevic-smestaj-na-planini-tari-63-300x225.jpg","width":300,"height":225,"mime-type":"image\/jpeg","filesize":26018,"url":"https:\/\/tara.rs\/wp-content\/uploads\/2024\/07\/planinske-kuce-sevic-smestaj-na-planini-tari-63-300x225.jpg"},"thumbnail":{"file":"planinske-kuce-sevic-smestaj-na-planini-tari-63-150x150.jpg","width":150,"height":150,"mime-type":"image\/jpeg","filesize":9401,"url":"https:\/\/tara.rs\/wp-content\/uploads\/2024\/07\/planinske-kuce-sevic-smestaj-na-planini-tari-63-150x150.jpg"},"medium_large":{"file":"planinske-kuce-sevic-smestaj-na-planini-tari-63-768x576.jpg","width":768,"height":576,"mime-type":"image\/jpeg","filesize":142298,"url":"https:\/\/tara.rs\/wp-content\/uploads\/2024\/07\/planinske-kuce-sevic-smestaj-na-planini-tari-63-768x576.jpg"},"post-thumbnail":{"file":"planinske-kuce-sevic-smestaj-na-planini-tari-63-150x113.jpg","width":150,"height":113,"mime-type":"image\/jpeg","filesize":7667,"url":"https:\/\/tara.rs\/wp-content\/uploads\/2024\/07\/planinske-kuce-sevic-smestaj-na-planini-tari-63-150x113.jpg"},"modern-property-child-slider":{"file":"planinske-kuce-sevic-smestaj-na-planini-tari-63-680x510.jpg","width":680,"height":510,"mime-type":"image\/jpeg","filesize":115363,"url":"https:\/\/tara.rs\/wp-content\/uploads\/2024\/07\/planinske-kuce-sevic-smestaj-na-planini-tari-63-680x510.jpg"},"property-thumb-image":{"file":"planinske-kuce-sevic-smestaj-na-planini-tari-63-488x326.jpg","width":488,"height":326,"mime-type":"image\/jpeg","filesize":55916,"url":"https:\/\/tara.rs\/wp-content\/uploads\/2024\/07\/planinske-kuce-sevic-smestaj-na-planini-tari-63-488x326.jpg"},"property-detail-video-image":{"file":"planinske-kuce-sevic-smestaj-na-planini-tari-63-818x417.jpg","width":818,"height":417,"mime-type":"image\/jpeg","filesize":107143,"url":"https:\/\/tara.rs\/wp-content\/uploads\/2024\/07\/planinske-kuce-sevic-smestaj-na-planini-tari-63-818x417.jpg"},"agent-image":{"file":"planinske-kuce-sevic-smestaj-na-planini-tari-63-210x210.jpg","width":210,"height":210,"mime-type":"image\/jpeg","filesize":16930,"url":"https:\/\/tara.rs\/wp-content\/uploads\/2024\/07\/planinske-kuce-sevic-smestaj-na-planini-tari-63-210x210.jpg"},"partners-logo":{"file":"planinske-kuce-sevic-smestaj-na-planini-tari-63-600x750.jpg","width":600,"height":750,"mime-type":"image\/jpeg","filesize":151631,"url":"https:\/\/tara.rs\/wp-content\/uploads\/2024\/07\/planinske-kuce-sevic-smestaj-na-planini-tari-63-600x750.jpg"},"post-featured-image":{"file":"planinske-kuce-sevic-smestaj-na-planini-tari-63-1000x720.jpg","width":1000,"height":720,"mime-type":"image\/jpeg","filesize":253547,"url":"https:\/\/tara.rs\/wp-content\/uploads\/2024\/07\/planinske-kuce-sevic-smestaj-na-planini-tari-63-1000x720.jpg"}},"image_meta":{"aperture":"0","credit":"","camera":"","caption":"","created_timestamp":"0","copyright":"","focal_length":"0","iso":"0","shutter_speed":"0","title":"","orientation":"0","keywords":[]},"ID":"80280","name":"planinske-kuce-sevic-smestaj-na-planini-tari-63.jpg","path":"\/home\/tarars\/public_html\/wp-content\/uploads\/2024\/07\/planinske-kuce-sevic-smestaj-na-planini-tari-63.jpg","url":"https:\/\/tara.rs\/wp-content\/uploads\/2024\/07\/planinske-kuce-sevic-smestaj-na-planini-tari-63-150x150.jpg","full_url":"https:\/\/tara.rs\/wp-content\/uploads\/2024\/07\/planinske-kuce-sevic-smestaj-na-planini-tari-63.jpg","title":"planinske-ku\u0107e-sevi\u0107-sme\u0161taj-na-planini-tari (63)","caption":"","description":"","alt":"","srcset":"https:\/\/tara.rs\/wp-content\/uploads\/2024\/07\/planinske-kuce-sevic-smestaj-na-planini-tari-63-150x150.jpg 150w, https:\/\/tara.rs\/wp-content\/uploads\/2024\/07\/planinske-kuce-sevic-smestaj-na-planini-tari-63-210x210.jpg 210w"},{"width":150,"height":150,"file":"2024\/07\/planinske-kuce-sevic-smestaj-na-planini-tari-95.jpg","filesize":196128,"sizes":{"medium":{"file":"planinske-kuce-sevic-smestaj-na-planini-tari-95-300x225.jpg","width":300,"height":225,"mime-type":"image\/jpeg","filesize":19509,"url":"https:\/\/tara.rs\/wp-content\/uploads\/2024\/07\/planinske-kuce-sevic-smestaj-na-planini-tari-95-300x225.jpg"},"thumbnail":{"file":"planinske-kuce-sevic-smestaj-na-planini-tari-95-150x150.jpg","width":150,"height":150,"mime-type":"image\/jpeg","filesize":7763,"url":"https:\/\/tara.rs\/wp-content\/uploads\/2024\/07\/planinske-kuce-sevic-smestaj-na-planini-tari-95-150x150.jpg"},"medium_large":{"file":"planinske-kuce-sevic-smestaj-na-planini-tari-95-768x576.jpg","width":768,"height":576,"mime-type":"image\/jpeg","filesize":99102,"url":"https:\/\/tara.rs\/wp-content\/uploads\/2024\/07\/planinske-kuce-sevic-smestaj-na-planini-tari-95-768x576.jpg"},"post-thumbnail":{"file":"planinske-kuce-sevic-smestaj-na-planini-tari-95-150x113.jpg","width":150,"height":113,"mime-type":"image\/jpeg","filesize":6316,"url":"https:\/\/tara.rs\/wp-content\/uploads\/2024\/07\/planinske-kuce-sevic-smestaj-na-planini-tari-95-150x113.jpg"},"modern-property-child-slider":{"file":"planinske-kuce-sevic-smestaj-na-planini-tari-95-680x510.jpg","width":680,"height":510,"mime-type":"image\/jpeg","filesize":80757,"url":"https:\/\/tara.rs\/wp-content\/uploads\/2024\/07\/planinske-kuce-sevic-smestaj-na-planini-tari-95-680x510.jpg"},"property-thumb-image":{"file":"planinske-kuce-sevic-smestaj-na-planini-tari-95-488x326.jpg","width":488,"height":326,"mime-type":"image\/jpeg","filesize":40721,"url":"https:\/\/tara.rs\/wp-content\/uploads\/2024\/07\/planinske-kuce-sevic-smestaj-na-planini-tari-95-488x326.jpg"},"property-detail-video-image":{"file":"planinske-kuce-sevic-smestaj-na-planini-tari-95-818x417.jpg","width":818,"height":417,"mime-type":"image\/jpeg","filesize":79466,"url":"https:\/\/tara.rs\/wp-content\/uploads\/2024\/07\/planinske-kuce-sevic-smestaj-na-planini-tari-95-818x417.jpg"},"agent-image":{"file":"planinske-kuce-sevic-smestaj-na-planini-tari-95-210x210.jpg","width":210,"height":210,"mime-type":"image\/jpeg","filesize":13653,"url":"https:\/\/tara.rs\/wp-content\/uploads\/2024\/07\/planinske-kuce-sevic-smestaj-na-planini-tari-95-210x210.jpg"},"partners-logo":{"file":"planinske-kuce-sevic-smestaj-na-planini-tari-95-600x750.jpg","width":600,"height":750,"mime-type":"image\/jpeg","filesize":111942,"url":"https:\/\/tara.rs\/wp-content\/uploads\/2024\/07\/planinske-kuce-sevic-smestaj-na-planini-tari-95-600x750.jpg"},"post-featured-image":{"file":"planinske-kuce-sevic-smestaj-na-planini-tari-95-1000x720.jpg","width":1000,"height":720,"mime-type":"image\/jpeg","filesize":175000,"url":"https:\/\/tara.rs\/wp-content\/uploads\/2024\/07\/planinske-kuce-sevic-smestaj-na-planini-tari-95-1000x720.jpg"}},"image_meta":{"aperture":"0","credit":"","camera":"","caption":"","created_timestamp":"0","copyright":"","focal_length":"0","iso":"0","shutter_speed":"0","title":"","orientation":"0","keywords":[]},"ID":"80282","name":"planinske-kuce-sevic-smestaj-na-planini-tari-95.jpg","path":"\/home\/tarars\/public_html\/wp-content\/uploads\/2024\/07\/planinske-kuce-sevic-smestaj-na-planini-tari-95.jpg","url":"https:\/\/tara.rs\/wp-content\/uploads\/2024\/07\/planinske-kuce-sevic-smestaj-na-planini-tari-95-150x150.jpg","full_url":"https:\/\/tara.rs\/wp-content\/uploads\/2024\/07\/planinske-kuce-sevic-smestaj-na-planini-tari-95.jpg","title":"planinske-ku\u0107e-sevi\u0107-sme\u0161taj-na-planini-tari (95)","caption":"","description":"","alt":"","srcset":"https:\/\/tara.rs\/wp-content\/uploads\/2024\/07\/planinske-kuce-sevic-smestaj-na-planini-tari-95-150x150.jpg 150w, https:\/\/tara.rs\/wp-content\/uploads\/2024\/07\/planinske-kuce-sevic-smestaj-na-planini-tari-95-210x210.jpg 210w"},{"width":150,"height":150,"file":"2024\/07\/planinske-kuce-sevic-smestaj-na-planini-tari-98.jpg","filesize":195884,"sizes":{"medium":{"file":"planinske-kuce-sevic-smestaj-na-planini-tari-98-225x300.jpg","width":225,"height":300,"mime-type":"image\/jpeg","filesize":20313,"url":"https:\/\/tara.rs\/wp-content\/uploads\/2024\/07\/planinske-kuce-sevic-smestaj-na-planini-tari-98-225x300.jpg"},"thumbnail":{"file":"planinske-kuce-sevic-smestaj-na-planini-tari-98-150x150.jpg","width":150,"height":150,"mime-type":"image\/jpeg","filesize":7908,"url":"https:\/\/tara.rs\/wp-content\/uploads\/2024\/07\/planinske-kuce-sevic-smestaj-na-planini-tari-98-150x150.jpg"},"post-thumbnail":{"file":"planinske-kuce-sevic-smestaj-na-planini-tari-98-113x150.jpg","width":113,"height":150,"mime-type":"image\/jpeg","filesize":6578,"url":"https:\/\/tara.rs\/wp-content\/uploads\/2024\/07\/planinske-kuce-sevic-smestaj-na-planini-tari-98-113x150.jpg"},"modern-property-child-slider":{"file":"planinske-kuce-sevic-smestaj-na-planini-tari-98-680x510.jpg","width":680,"height":510,"mime-type":"image\/jpeg","filesize":75116,"url":"https:\/\/tara.rs\/wp-content\/uploads\/2024\/07\/planinske-kuce-sevic-smestaj-na-planini-tari-98-680x510.jpg"},"property-thumb-image":{"file":"planinske-kuce-sevic-smestaj-na-planini-tari-98-488x326.jpg","width":488,"height":326,"mime-type":"image\/jpeg","filesize":38558,"url":"https:\/\/tara.rs\/wp-content\/uploads\/2024\/07\/planinske-kuce-sevic-smestaj-na-planini-tari-98-488x326.jpg"},"property-detail-video-image":{"file":"planinske-kuce-sevic-smestaj-na-planini-tari-98-750x417.jpg","width":750,"height":417,"mime-type":"image\/jpeg","filesize":73358,"url":"https:\/\/tara.rs\/wp-content\/uploads\/2024\/07\/planinske-kuce-sevic-smestaj-na-planini-tari-98-750x417.jpg"},"agent-image":{"file":"planinske-kuce-sevic-smestaj-na-planini-tari-98-210x210.jpg","width":210,"height":210,"mime-type":"image\/jpeg","filesize":14056,"url":"https:\/\/tara.rs\/wp-content\/uploads\/2024\/07\/planinske-kuce-sevic-smestaj-na-planini-tari-98-210x210.jpg"},"partners-logo":{"file":"planinske-kuce-sevic-smestaj-na-planini-tari-98-600x1000.jpg","width":600,"height":1000,"mime-type":"image\/jpeg","filesize":144258,"url":"https:\/\/tara.rs\/wp-content\/uploads\/2024\/07\/planinske-kuce-sevic-smestaj-na-planini-tari-98-600x1000.jpg"},"post-featured-image":{"file":"planinske-kuce-sevic-smestaj-na-planini-tari-98-750x720.jpg","width":750,"height":720,"mime-type":"image\/jpeg","filesize":129065,"url":"https:\/\/tara.rs\/wp-content\/uploads\/2024\/07\/planinske-kuce-sevic-smestaj-na-planini-tari-98-750x720.jpg"}},"image_meta":{"aperture":"0","credit":"","camera":"","caption":"","created_timestamp":"0","copyright":"","focal_length":"0","iso":"0","shutter_speed":"0","title":"","orientation":"0","keywords":[]},"ID":"80283","name":"planinske-kuce-sevic-smestaj-na-planini-tari-98.jpg","path":"\/home\/tarars\/public_html\/wp-content\/uploads\/2024\/07\/planinske-kuce-sevic-smestaj-na-planini-tari-98.jpg","url":"https:\/\/tara.rs\/wp-content\/uploads\/2024\/07\/planinske-kuce-sevic-smestaj-na-planini-tari-98-150x150.jpg","full_url":"https:\/\/tara.rs\/wp-content\/uploads\/2024\/07\/planinske-kuce-sevic-smestaj-na-planini-tari-98.jpg","title":"planinske-ku\u0107e-sevi\u0107-sme\u0161taj-na-planini-tari (98)","caption":"","description":"","alt":"","srcset":"https:\/\/tara.rs\/wp-content\/uploads\/2024\/07\/planinske-kuce-sevic-smestaj-na-planini-tari-98-150x150.jpg 150w, https:\/\/tara.rs\/wp-content\/uploads\/2024\/07\/planinske-kuce-sevic-smestaj-na-planini-tari-98-210x210.jpg 210w"},{"width":150,"height":150,"file":"2024\/07\/planinske-kuce-sevic-smestaj-na-planini-tari-100.jpg","filesize":205590,"sizes":{"medium":{"file":"planinske-kuce-sevic-smestaj-na-planini-tari-100-300x225.jpg","width":300,"height":225,"mime-type":"image\/jpeg","filesize":18611,"url":"https:\/\/tara.rs\/wp-content\/uploads\/2024\/07\/planinske-kuce-sevic-smestaj-na-planini-tari-100-300x225.jpg"},"thumbnail":{"file":"planinske-kuce-sevic-smestaj-na-planini-tari-100-150x150.jpg","width":150,"height":150,"mime-type":"image\/jpeg","filesize":7531,"url":"https:\/\/tara.rs\/wp-content\/uploads\/2024\/07\/planinske-kuce-sevic-smestaj-na-planini-tari-100-150x150.jpg"},"medium_large":{"file":"planinske-kuce-sevic-smestaj-na-planini-tari-100-768x576.jpg","width":768,"height":576,"mime-type":"image\/jpeg","filesize":100454,"url":"https:\/\/tara.rs\/wp-content\/uploads\/2024\/07\/planinske-kuce-sevic-smestaj-na-planini-tari-100-768x576.jpg"},"post-thumbnail":{"file":"planinske-kuce-sevic-smestaj-na-planini-tari-100-150x113.jpg","width":150,"height":113,"mime-type":"image\/jpeg","filesize":5966,"url":"https:\/\/tara.rs\/wp-content\/uploads\/2024\/07\/planinske-kuce-sevic-smestaj-na-planini-tari-100-150x113.jpg"},"modern-property-child-slider":{"file":"planinske-kuce-sevic-smestaj-na-planini-tari-100-680x510.jpg","width":680,"height":510,"mime-type":"image\/jpeg","filesize":81172,"url":"https:\/\/tara.rs\/wp-content\/uploads\/2024\/07\/planinske-kuce-sevic-smestaj-na-planini-tari-100-680x510.jpg"},"property-thumb-image":{"file":"planinske-kuce-sevic-smestaj-na-planini-tari-100-488x326.jpg","width":488,"height":326,"mime-type":"image\/jpeg","filesize":40073,"url":"https:\/\/tara.rs\/wp-content\/uploads\/2024\/07\/planinske-kuce-sevic-smestaj-na-planini-tari-100-488x326.jpg"},"property-detail-video-image":{"file":"planinske-kuce-sevic-smestaj-na-planini-tari-100-818x417.jpg","width":818,"height":417,"mime-type":"image\/jpeg","filesize":80198,"url":"https:\/\/tara.rs\/wp-content\/uploads\/2024\/07\/planinske-kuce-sevic-smestaj-na-planini-tari-100-818x417.jpg"},"agent-image":{"file":"planinske-kuce-sevic-smestaj-na-planini-tari-100-210x210.jpg","width":210,"height":210,"mime-type":"image\/jpeg","filesize":13073,"url":"https:\/\/tara.rs\/wp-content\/uploads\/2024\/07\/planinske-kuce-sevic-smestaj-na-planini-tari-100-210x210.jpg"},"partners-logo":{"file":"planinske-kuce-sevic-smestaj-na-planini-tari-100-600x750.jpg","width":600,"height":750,"mime-type":"image\/jpeg","filesize":118345,"url":"https:\/\/tara.rs\/wp-content\/uploads\/2024\/07\/planinske-kuce-sevic-smestaj-na-planini-tari-100-600x750.jpg"},"post-featured-image":{"file":"planinske-kuce-sevic-smestaj-na-planini-tari-100-1000x720.jpg","width":1000,"height":720,"mime-type":"image\/jpeg","filesize":182716,"url":"https:\/\/tara.rs\/wp-content\/uploads\/2024\/07\/planinske-kuce-sevic-smestaj-na-planini-tari-100-1000x720.jpg"}},"image_meta":{"aperture":"0","credit":"","camera":"","caption":"","created_timestamp":"0","copyright":"","focal_length":"0","iso":"0","shutter_speed":"0","title":"","orientation":"0","keywords":[]},"ID":"80284","name":"planinske-kuce-sevic-smestaj-na-planini-tari-100.jpg","path":"\/home\/tarars\/public_html\/wp-content\/uploads\/2024\/07\/planinske-kuce-sevic-smestaj-na-planini-tari-100.jpg","url":"https:\/\/tara.rs\/wp-content\/uploads\/2024\/07\/planinske-kuce-sevic-smestaj-na-planini-tari-100-150x150.jpg","full_url":"https:\/\/tara.rs\/wp-content\/uploads\/2024\/07\/planinske-kuce-sevic-smestaj-na-planini-tari-100.jpg","title":"planinske-ku\u0107e-sevi\u0107-sme\u0161taj-na-planini-tari (100)","caption":"","description":"","alt":"","srcset":"https:\/\/tara.rs\/wp-content\/uploads\/2024\/07\/planinske-kuce-sevic-smestaj-na-planini-tari-100-150x150.jpg 150w, https:\/\/tara.rs\/wp-content\/uploads\/2024\/07\/planinske-kuce-sevic-smestaj-na-planini-tari-100-210x210.jpg 210w"},{"width":150,"height":150,"file":"2024\/07\/planinske-kuce-sevic-smestaj-na-planini-tari-48.jpg","filesize":263225,"sizes":{"medium":{"file":"planinske-kuce-sevic-smestaj-na-planini-tari-48-300x225.jpg","width":300,"height":225,"mime-type":"image\/jpeg","filesize":24712,"url":"https:\/\/tara.rs\/wp-content\/uploads\/2024\/07\/planinske-kuce-sevic-smestaj-na-planini-tari-48-300x225.jpg"},"thumbnail":{"file":"planinske-kuce-sevic-smestaj-na-planini-tari-48-150x150.jpg","width":150,"height":150,"mime-type":"image\/jpeg","filesize":9312,"url":"https:\/\/tara.rs\/wp-content\/uploads\/2024\/07\/planinske-kuce-sevic-smestaj-na-planini-tari-48-150x150.jpg"},"medium_large":{"file":"planinske-kuce-sevic-smestaj-na-planini-tari-48-768x576.jpg","width":768,"height":576,"mime-type":"image\/jpeg","filesize":132081,"url":"https:\/\/tara.rs\/wp-content\/uploads\/2024\/07\/planinske-kuce-sevic-smestaj-na-planini-tari-48-768x576.jpg"},"post-thumbnail":{"file":"planinske-kuce-sevic-smestaj-na-planini-tari-48-150x113.jpg","width":150,"height":113,"mime-type":"image\/jpeg","filesize":7374,"url":"https:\/\/tara.rs\/wp-content\/uploads\/2024\/07\/planinske-kuce-sevic-smestaj-na-planini-tari-48-150x113.jpg"},"modern-property-child-slider":{"file":"planinske-kuce-sevic-smestaj-na-planini-tari-48-680x510.jpg","width":680,"height":510,"mime-type":"image\/jpeg","filesize":107314,"url":"https:\/\/tara.rs\/wp-content\/uploads\/2024\/07\/planinske-kuce-sevic-smestaj-na-planini-tari-48-680x510.jpg"},"property-thumb-image":{"file":"planinske-kuce-sevic-smestaj-na-planini-tari-48-488x326.jpg","width":488,"height":326,"mime-type":"image\/jpeg","filesize":52597,"url":"https:\/\/tara.rs\/wp-content\/uploads\/2024\/07\/planinske-kuce-sevic-smestaj-na-planini-tari-48-488x326.jpg"},"property-detail-video-image":{"file":"planinske-kuce-sevic-smestaj-na-planini-tari-48-818x417.jpg","width":818,"height":417,"mime-type":"image\/jpeg","filesize":101671,"url":"https:\/\/tara.rs\/wp-content\/uploads\/2024\/07\/planinske-kuce-sevic-smestaj-na-planini-tari-48-818x417.jpg"},"agent-image":{"file":"planinske-kuce-sevic-smestaj-na-planini-tari-48-210x210.jpg","width":210,"height":210,"mime-type":"image\/jpeg","filesize":16835,"url":"https:\/\/tara.rs\/wp-content\/uploads\/2024\/07\/planinske-kuce-sevic-smestaj-na-planini-tari-48-210x210.jpg"},"partners-logo":{"file":"planinske-kuce-sevic-smestaj-na-planini-tari-48-600x750.jpg","width":600,"height":750,"mime-type":"image\/jpeg","filesize":150156,"url":"https:\/\/tara.rs\/wp-content\/uploads\/2024\/07\/planinske-kuce-sevic-smestaj-na-planini-tari-48-600x750.jpg"},"post-featured-image":{"file":"planinske-kuce-sevic-smestaj-na-planini-tari-48-1000x720.jpg","width":1000,"height":720,"mime-type":"image\/jpeg","filesize":232512,"url":"https:\/\/tara.rs\/wp-content\/uploads\/2024\/07\/planinske-kuce-sevic-smestaj-na-planini-tari-48-1000x720.jpg"}},"image_meta":{"aperture":"0","credit":"","camera":"","caption":"","created_timestamp":"0","copyright":"","focal_length":"0","iso":"0","shutter_speed":"0","title":"","orientation":"0","keywords":[]},"ID":"80274","name":"planinske-kuce-sevic-smestaj-na-planini-tari-48.jpg","path":"\/home\/tarars\/public_html\/wp-content\/uploads\/2024\/07\/planinske-kuce-sevic-smestaj-na-planini-tari-48.jpg","url":"https:\/\/tara.rs\/wp-content\/uploads\/2024\/07\/planinske-kuce-sevic-smestaj-na-planini-tari-48-150x150.jpg","full_url":"https:\/\/tara.rs\/wp-content\/uploads\/2024\/07\/planinske-kuce-sevic-smestaj-na-planini-tari-48.jpg","title":"planinske-ku\u0107e-sevi\u0107-sme\u0161taj-na-planini-tari (48)","caption":"","description":"","alt":"","srcset":"https:\/\/tara.rs\/wp-content\/uploads\/2024\/07\/planinske-kuce-sevic-smestaj-na-planini-tari-48-150x150.jpg 150w, https:\/\/tara.rs\/wp-content\/uploads\/2024\/07\/planinske-kuce-sevic-smestaj-na-planini-tari-48-210x210.jpg 210w"},{"width":150,"height":150,"file":"2024\/07\/planinske-kuce-sevic-smestaj-na-planini-tari-34.jpg","filesize":269586,"sizes":{"medium":{"file":"planinske-kuce-sevic-smestaj-na-planini-tari-34-300x225.jpg","width":300,"height":225,"mime-type":"image\/jpeg","filesize":22075,"url":"https:\/\/tara.rs\/wp-content\/uploads\/2024\/07\/planinske-kuce-sevic-smestaj-na-planini-tari-34-300x225.jpg"},"thumbnail":{"file":"planinske-kuce-sevic-smestaj-na-planini-tari-34-150x150.jpg","width":150,"height":150,"mime-type":"image\/jpeg","filesize":8295,"url":"https:\/\/tara.rs\/wp-content\/uploads\/2024\/07\/planinske-kuce-sevic-smestaj-na-planini-tari-34-150x150.jpg"},"medium_large":{"file":"planinske-kuce-sevic-smestaj-na-planini-tari-34-768x576.jpg","width":768,"height":576,"mime-type":"image\/jpeg","filesize":125873,"url":"https:\/\/tara.rs\/wp-content\/uploads\/2024\/07\/planinske-kuce-sevic-smestaj-na-planini-tari-34-768x576.jpg"},"post-thumbnail":{"file":"planinske-kuce-sevic-smestaj-na-planini-tari-34-150x113.jpg","width":150,"height":113,"mime-type":"image\/jpeg","filesize":6747,"url":"https:\/\/tara.rs\/wp-content\/uploads\/2024\/07\/planinske-kuce-sevic-smestaj-na-planini-tari-34-150x113.jpg"},"modern-property-child-slider":{"file":"planinske-kuce-sevic-smestaj-na-planini-tari-34-680x510.jpg","width":680,"height":510,"mime-type":"image\/jpeg","filesize":100667,"url":"https:\/\/tara.rs\/wp-content\/uploads\/2024\/07\/planinske-kuce-sevic-smestaj-na-planini-tari-34-680x510.jpg"},"property-thumb-image":{"file":"planinske-kuce-sevic-smestaj-na-planini-tari-34-488x326.jpg","width":488,"height":326,"mime-type":"image\/jpeg","filesize":49025,"url":"https:\/\/tara.rs\/wp-content\/uploads\/2024\/07\/planinske-kuce-sevic-smestaj-na-planini-tari-34-488x326.jpg"},"property-detail-video-image":{"file":"planinske-kuce-sevic-smestaj-na-planini-tari-34-818x417.jpg","width":818,"height":417,"mime-type":"image\/jpeg","filesize":106591,"url":"https:\/\/tara.rs\/wp-content\/uploads\/2024\/07\/planinske-kuce-sevic-smestaj-na-planini-tari-34-818x417.jpg"},"agent-image":{"file":"planinske-kuce-sevic-smestaj-na-planini-tari-34-210x210.jpg","width":210,"height":210,"mime-type":"image\/jpeg","filesize":14861,"url":"https:\/\/tara.rs\/wp-content\/uploads\/2024\/07\/planinske-kuce-sevic-smestaj-na-planini-tari-34-210x210.jpg"},"partners-logo":{"file":"planinske-kuce-sevic-smestaj-na-planini-tari-34-600x750.jpg","width":600,"height":750,"mime-type":"image\/jpeg","filesize":152465,"url":"https:\/\/tara.rs\/wp-content\/uploads\/2024\/07\/planinske-kuce-sevic-smestaj-na-planini-tari-34-600x750.jpg"},"post-featured-image":{"file":"planinske-kuce-sevic-smestaj-na-planini-tari-34-1000x720.jpg","width":1000,"height":720,"mime-type":"image\/jpeg","filesize":241929,"url":"https:\/\/tara.rs\/wp-content\/uploads\/2024\/07\/planinske-kuce-sevic-smestaj-na-planini-tari-34-1000x720.jpg"}},"image_meta":{"aperture":"0","credit":"","camera":"","caption":"","created_timestamp":"0","copyright":"","focal_length":"0","iso":"0","shutter_speed":"0","title":"","orientation":"0","keywords":[]},"ID":"80272","name":"planinske-kuce-sevic-smestaj-na-planini-tari-34.jpg","path":"\/home\/tarars\/public_html\/wp-content\/uploads\/2024\/07\/planinske-kuce-sevic-smestaj-na-planini-tari-34.jpg","url":"https:\/\/tara.rs\/wp-content\/uploads\/2024\/07\/planinske-kuce-sevic-smestaj-na-planini-tari-34-150x150.jpg","full_url":"https:\/\/tara.rs\/wp-content\/uploads\/2024\/07\/planinske-kuce-sevic-smestaj-na-planini-tari-34.jpg","title":"planinske-ku\u0107e-sevi\u0107-sme\u0161taj-na-planini-tari (34)","caption":"","description":"","alt":"","srcset":"https:\/\/tara.rs\/wp-content\/uploads\/2024\/07\/planinske-kuce-sevic-smestaj-na-planini-tari-34-150x150.jpg 150w, https:\/\/tara.rs\/wp-content\/uploads\/2024\/07\/planinske-kuce-sevic-smestaj-na-planini-tari-34-210x210.jpg 210w"},{"width":150,"height":150,"file":"2024\/07\/planinske-kuce-sevic-smestaj-na-planini-tari-3.jpg","filesize":267745,"sizes":{"medium":{"file":"planinske-kuce-sevic-smestaj-na-planini-tari-3-225x300.jpg","width":225,"height":300,"mime-type":"image\/jpeg","filesize":21689,"url":"https:\/\/tara.rs\/wp-content\/uploads\/2024\/07\/planinske-kuce-sevic-smestaj-na-planini-tari-3-225x300.jpg"},"thumbnail":{"file":"planinske-kuce-sevic-smestaj-na-planini-tari-3-150x150.jpg","width":150,"height":150,"mime-type":"image\/jpeg","filesize":8555,"url":"https:\/\/tara.rs\/wp-content\/uploads\/2024\/07\/planinske-kuce-sevic-smestaj-na-planini-tari-3-150x150.jpg"},"post-thumbnail":{"file":"planinske-kuce-sevic-smestaj-na-planini-tari-3-113x150.jpg","width":113,"height":150,"mime-type":"image\/jpeg","filesize":6759,"url":"https:\/\/tara.rs\/wp-content\/uploads\/2024\/07\/planinske-kuce-sevic-smestaj-na-planini-tari-3-113x150.jpg"},"modern-property-child-slider":{"file":"planinske-kuce-sevic-smestaj-na-planini-tari-3-680x510.jpg","width":680,"height":510,"mime-type":"image\/jpeg","filesize":112840,"url":"https:\/\/tara.rs\/wp-content\/uploads\/2024\/07\/planinske-kuce-sevic-smestaj-na-planini-tari-3-680x510.jpg"},"property-thumb-image":{"file":"planinske-kuce-sevic-smestaj-na-planini-tari-3-488x326.jpg","width":488,"height":326,"mime-type":"image\/jpeg","filesize":55292,"url":"https:\/\/tara.rs\/wp-content\/uploads\/2024\/07\/planinske-kuce-sevic-smestaj-na-planini-tari-3-488x326.jpg"},"property-detail-video-image":{"file":"planinske-kuce-sevic-smestaj-na-planini-tari-3-750x417.jpg","width":750,"height":417,"mime-type":"image\/jpeg","filesize":127419,"url":"https:\/\/tara.rs\/wp-content\/uploads\/2024\/07\/planinske-kuce-sevic-smestaj-na-planini-tari-3-750x417.jpg"},"agent-image":{"file":"planinske-kuce-sevic-smestaj-na-planini-tari-3-210x210.jpg","width":210,"height":210,"mime-type":"image\/jpeg","filesize":15451,"url":"https:\/\/tara.rs\/wp-content\/uploads\/2024\/07\/planinske-kuce-sevic-smestaj-na-planini-tari-3-210x210.jpg"},"partners-logo":{"file":"planinske-kuce-sevic-smestaj-na-planini-tari-3-600x1000.jpg","width":600,"height":1000,"mime-type":"image\/jpeg","filesize":197000,"url":"https:\/\/tara.rs\/wp-content\/uploads\/2024\/07\/planinske-kuce-sevic-smestaj-na-planini-tari-3-600x1000.jpg"},"post-featured-image":{"file":"planinske-kuce-sevic-smestaj-na-planini-tari-3-750x720.jpg","width":750,"height":720,"mime-type":"image\/jpeg","filesize":191139,"url":"https:\/\/tara.rs\/wp-content\/uploads\/2024\/07\/planinske-kuce-sevic-smestaj-na-planini-tari-3-750x720.jpg"}},"image_meta":{"aperture":"0","credit":"","camera":"","caption":"","created_timestamp":"0","copyright":"","focal_length":"0","iso":"0","shutter_speed":"0","title":"","orientation":"0","keywords":[]},"ID":"80264","name":"planinske-kuce-sevic-smestaj-na-planini-tari-3.jpg","path":"\/home\/tarars\/public_html\/wp-content\/uploads\/2024\/07\/planinske-kuce-sevic-smestaj-na-planini-tari-3.jpg","url":"https:\/\/tara.rs\/wp-content\/uploads\/2024\/07\/planinske-kuce-sevic-smestaj-na-planini-tari-3-150x150.jpg","full_url":"https:\/\/tara.rs\/wp-content\/uploads\/2024\/07\/planinske-kuce-sevic-smestaj-na-planini-tari-3.jpg","title":"planinske-ku\u0107e-sevi\u0107-sme\u0161taj-na-planini-tari (3)","caption":"","description":"","alt":"","srcset":"https:\/\/tara.rs\/wp-content\/uploads\/2024\/07\/planinske-kuce-sevic-smestaj-na-planini-tari-3-150x150.jpg 150w, https:\/\/tara.rs\/wp-content\/uploads\/2024\/07\/planinske-kuce-sevic-smestaj-na-planini-tari-3-210x210.jpg 210w"}],"REAL_HOMES_change_gallery_slider_type":"0","REAL_HOMES_gallery_slider_type":"thumb-on-right","inspiry_floor_plans":[],"inspiry_video_group":[],"REAL_HOMES_360_virtual_tour":"","REAL_HOMES_agent_display_option":"agent_info","REAL_HOMES_agents":["80183"],"REAL_HOMES_energy_class":"none","REAL_HOMES_energy_performance":"","REAL_HOMES_epc_current_rating":"","REAL_HOMES_epc_potential_rating":"","ere_property_schedule_tour":"global","ere_property_schedule_time_slots":"","ere_property_schedule_description":"","REAL_HOMES_sticky":"0","inspiry_property_label":"","inspiry_property_label_color":"","inspiry_property_tax":"0","inspiry_additional_fee":"0","REAL_HOMES_attachments":[],"inspiry_property_owner_name":"","inspiry_property_owner_contact":"","inspiry_property_owner_address":"","REAL_HOMES_property_private_note":"","inspiry_message_to_reviewer":"","inspiry_global_property_template_override":"0","REAL_HOMES_add_in_slider":"no","REAL_HOMES_slider_image":[],"REAL_HOMES_page_banner_image":[],"REAL_HOMES_hide_property_advance_search":"0","inspiry_kapacitet":"3 APARTMANA \/ 6+6+2 Osobe","inspiry_cenovnik":"","inspiry_vau\u010ceri":"","REAL_HOMES_custom_header_display":"default","REAL_HOMES_custom_header_position":"relative","REAL_HOMES_custom_footer_display":"default","REAL_HOMES_hide_advance_search":"0","REAL_HOMES_custom_search_form":"default","REAL_HOMES_search_form_margin_top":"","REAL_HOMES_search_form_margin_bottom":""},"_links":{"self":[{"href":"https:\/\/tara.rs\/en\/wp-json\/wp\/v2\/objekat\/80185"}],"collection":[{"href":"https:\/\/tara.rs\/en\/wp-json\/wp\/v2\/objekat"}],"about":[{"href":"https:\/\/tara.rs\/en\/wp-json\/wp\/v2\/types\/property"}],"author":[{"embeddable":true,"href":"https:\/\/tara.rs\/en\/wp-json\/wp\/v2\/users\/1"}],"replies":[{"embeddable":true,"href":"https:\/\/tara.rs\/en\/wp-json\/wp\/v2\/comments?post=80185"}],"version-history":[{"count":4,"href":"https:\/\/tara.rs\/en\/wp-json\/wp\/v2\/objekat\/80185\/revisions"}],"predecessor-version":[{"id":88918,"href":"https:\/\/tara.rs\/en\/wp-json\/wp\/v2\/objekat\/80185\/revisions\/88918"}],"wp:featuredmedia":[{"embeddable":true,"href":"https:\/\/tara.rs\/en\/wp-json\/wp\/v2\/media\/80263"}],"wp:attachment":[{"href":"https:\/\/tara.rs\/en\/wp-json\/wp\/v2\/media?parent=80185"}],"wp:term":[{"taxonomy":"property-feature","embeddable":true,"href":"https:\/\/tara.rs\/en\/wp-json\/wp\/v2\/objekat-osobina?post=80185"},{"taxonomy":"property-type","embeddable":true,"href":"https:\/\/tara.rs\/en\/wp-json\/wp\/v2\/Objekat - top?post=80185"},{"taxonomy":"property-city","embeddable":true,"href":"https:\/\/tara.rs\/en\/wp-json\/wp\/v2\/osobina - lokacija?post=80185"},{"taxonomy":"property-status","embeddable":true,"href":"https:\/\/tara.rs\/en\/wp-json\/wp\/v2\/objekat - status?post=80185"}],"curies":[{"name":"wp","href":"https:\/\/api.w.org\/{rel}","templated":true}]}}