{"id":66417,"date":"2024-01-04T14:06:13","date_gmt":"2024-01-04T13:06:13","guid":{"rendered":"https:\/\/tara.rs\/sr\/?post_type=property&#038;p=66417"},"modified":"2026-04-08T10:16:55","modified_gmt":"2026-04-08T08:16:55","slug":"apartmani-dunjin-san","status":"publish","type":"property","link":"https:\/\/tara.rs\/sr\/objekat\/apartmani-dunjin-san\/","title":{"rendered":"APARTMANI DUNJIN SAN"},"content":{"rendered":"<p><strong>Apartmani DUNJIN SAN <\/strong>se nalaze\u00a0u centru Bajine Ba\u0161te, pru\u017eaju\u0107i gostima izvanredan sme\u0161taj u neposrednoj blizini glavnih turisti\u010dkih atrakcija ovog kraja. Lokacija je idealna za sve tipove odmora &#8211; bilo da dolazite sami, sa porodicom, ili organizujete team building doga\u0111aj.<\/p>\n<p>Sme\u0161tajni kapacitet \u010dini \u0161est modernih apartmana, kapaciteta od dve do \u010detiri osobe, savr\u0161eno prilago\u0111enih za opu\u0161tanje i u\u017eivanje u odmoru. Svi apartmani imaju tri zvezdice, \u0161to garantuje visok standard kvaliteta i udobnosti.<\/p>\n<p><strong>Opremljenost apartmana<\/strong> zadovolji\u0107e sve va\u0161e potrebe: svaki apartman ima TV, potpuno opremljenu kuhinju sa elektri\u010dnim \u0161poretom, ketler, klima ure\u0111aj, fen, peglu, ma\u0161inu za ve\u0161, mikrotalasnu pe\u0107nicu i besplatan Wi-Fi. Ovaj savremeni prostor osve\u017een je 2023. godine, pru\u017eaju\u0107i komfor i toplinu doma, ali sa modernim elementima za ugodan boravak.<\/p>\n<p><a href=\"https:\/\/goo.gl\/maps\/bfjn4s4rv54aZ1fL8\" target=\"_blank\" rel=\"noopener\"><strong>Prona\u0111ite nas na Google mapi<\/strong><\/a> i do\u017eivite idealnu kombinaciju udobnosti, modernog enterijera i izvrsne lokacije za nezaboravan boravak u Bajinoj Ba\u0161ti.<\/p>\n<p>&nbsp;<\/p>\n<p style=\"text-align: center;\"><strong>APARTMAN 1<\/strong><\/p>\n\n\t\t<style type=\"text\/css\">\n\t\t\t#gallery-1 {\n\t\t\t\tmargin: auto;\n\t\t\t}\n\t\t\t#gallery-1 .gallery-item {\n\t\t\t\tfloat: left;\n\t\t\t\tmargin-top: 10px;\n\t\t\t\ttext-align: center;\n\t\t\t\twidth: 20%;\n\t\t\t}\n\t\t\t#gallery-1 img {\n\t\t\t\tborder: 2px solid #cfcfcf;\n\t\t\t}\n\t\t\t#gallery-1 .gallery-caption {\n\t\t\t\tmargin-left: 0;\n\t\t\t}\n\t\t\t\/* see gallery_shortcode() in wp-includes\/media.php *\/\n\t\t<\/style>\n\t\t<div id='gallery-1' class='gallery galleryid-66417 gallery-columns-5 gallery-size-thumbnail'><dl class='gallery-item'>\n\t\t\t<dt class='gallery-icon landscape'>\n\t\t\t\t<a href='https:\/\/tara.rs\/wp-content\/uploads\/2023\/06\/apartmani-centar-bajina-basta-smestaj-6.jpg' title=\"\" data-rl_title=\"\" class=\"rl-gallery-link\" data-rl_caption=\"\" data-rel=\"lightbox-gallery-1\"><img decoding=\"async\" width=\"150\" height=\"150\" src=\"https:\/\/tara.rs\/wp-content\/uploads\/2023\/06\/apartmani-centar-bajina-basta-smestaj-6-150x150.jpg\" class=\"attachment-thumbnail size-thumbnail\" alt=\"\" srcset=\"https:\/\/tara.rs\/wp-content\/uploads\/2023\/06\/apartmani-centar-bajina-basta-smestaj-6-150x150.jpg 150w, https:\/\/tara.rs\/wp-content\/uploads\/2023\/06\/apartmani-centar-bajina-basta-smestaj-6-210x210.jpg 210w, https:\/\/tara.rs\/wp-content\/uploads\/2023\/06\/apartmani-centar-bajina-basta-smestaj-6-600x600.jpg 600w\" sizes=\"(max-width: 150px) 100vw, 150px\" \/><\/a>\n\t\t\t<\/dt><\/dl><dl class='gallery-item'>\n\t\t\t<dt class='gallery-icon landscape'>\n\t\t\t\t<a href='https:\/\/tara.rs\/wp-content\/uploads\/2023\/06\/apartmani-centar-bajina-basta-smestaj-5.jpg' title=\"\" data-rl_title=\"\" class=\"rl-gallery-link\" data-rl_caption=\"\" data-rel=\"lightbox-gallery-1\"><img decoding=\"async\" width=\"150\" height=\"150\" src=\"https:\/\/tara.rs\/wp-content\/uploads\/2023\/06\/apartmani-centar-bajina-basta-smestaj-5-150x150.jpg\" class=\"attachment-thumbnail size-thumbnail\" alt=\"\" srcset=\"https:\/\/tara.rs\/wp-content\/uploads\/2023\/06\/apartmani-centar-bajina-basta-smestaj-5-150x150.jpg 150w, https:\/\/tara.rs\/wp-content\/uploads\/2023\/06\/apartmani-centar-bajina-basta-smestaj-5-210x210.jpg 210w, https:\/\/tara.rs\/wp-content\/uploads\/2023\/06\/apartmani-centar-bajina-basta-smestaj-5-600x600.jpg 600w\" sizes=\"(max-width: 150px) 100vw, 150px\" \/><\/a>\n\t\t\t<\/dt><\/dl><dl class='gallery-item'>\n\t\t\t<dt class='gallery-icon landscape'>\n\t\t\t\t<a href='https:\/\/tara.rs\/wp-content\/uploads\/2023\/06\/apartmani-centar-bajina-basta-smestaj-3.jpg' title=\"\" data-rl_title=\"\" class=\"rl-gallery-link\" data-rl_caption=\"\" data-rel=\"lightbox-gallery-1\"><img decoding=\"async\" width=\"150\" height=\"150\" src=\"https:\/\/tara.rs\/wp-content\/uploads\/2023\/06\/apartmani-centar-bajina-basta-smestaj-3-150x150.jpg\" class=\"attachment-thumbnail size-thumbnail\" alt=\"\" srcset=\"https:\/\/tara.rs\/wp-content\/uploads\/2023\/06\/apartmani-centar-bajina-basta-smestaj-3-150x150.jpg 150w, https:\/\/tara.rs\/wp-content\/uploads\/2023\/06\/apartmani-centar-bajina-basta-smestaj-3-210x210.jpg 210w, https:\/\/tara.rs\/wp-content\/uploads\/2023\/06\/apartmani-centar-bajina-basta-smestaj-3-600x600.jpg 600w\" sizes=\"(max-width: 150px) 100vw, 150px\" \/><\/a>\n\t\t\t<\/dt><\/dl><dl class='gallery-item'>\n\t\t\t<dt class='gallery-icon landscape'>\n\t\t\t\t<a href='https:\/\/tara.rs\/wp-content\/uploads\/2023\/06\/apartmani-centar-bajina-basta-smestaj-4.jpg' title=\"\" data-rl_title=\"\" class=\"rl-gallery-link\" data-rl_caption=\"\" data-rel=\"lightbox-gallery-1\"><img loading=\"lazy\" decoding=\"async\" width=\"150\" height=\"150\" src=\"https:\/\/tara.rs\/wp-content\/uploads\/2023\/06\/apartmani-centar-bajina-basta-smestaj-4-150x150.jpg\" class=\"attachment-thumbnail size-thumbnail\" alt=\"\" srcset=\"https:\/\/tara.rs\/wp-content\/uploads\/2023\/06\/apartmani-centar-bajina-basta-smestaj-4-150x150.jpg 150w, https:\/\/tara.rs\/wp-content\/uploads\/2023\/06\/apartmani-centar-bajina-basta-smestaj-4-210x210.jpg 210w, https:\/\/tara.rs\/wp-content\/uploads\/2023\/06\/apartmani-centar-bajina-basta-smestaj-4-600x600.jpg 600w\" sizes=\"(max-width: 150px) 100vw, 150px\" \/><\/a>\n\t\t\t<\/dt><\/dl><dl class='gallery-item'>\n\t\t\t<dt class='gallery-icon landscape'>\n\t\t\t\t<a href='https:\/\/tara.rs\/wp-content\/uploads\/2023\/06\/apartmani-centar-bajina-basta-smestaj-2.jpg' title=\"\" data-rl_title=\"\" class=\"rl-gallery-link\" data-rl_caption=\"\" data-rel=\"lightbox-gallery-1\"><img loading=\"lazy\" decoding=\"async\" width=\"150\" height=\"150\" src=\"https:\/\/tara.rs\/wp-content\/uploads\/2023\/06\/apartmani-centar-bajina-basta-smestaj-2-150x150.jpg\" class=\"attachment-thumbnail size-thumbnail\" alt=\"\" srcset=\"https:\/\/tara.rs\/wp-content\/uploads\/2023\/06\/apartmani-centar-bajina-basta-smestaj-2-150x150.jpg 150w, https:\/\/tara.rs\/wp-content\/uploads\/2023\/06\/apartmani-centar-bajina-basta-smestaj-2-210x210.jpg 210w, https:\/\/tara.rs\/wp-content\/uploads\/2023\/06\/apartmani-centar-bajina-basta-smestaj-2-600x600.jpg 600w\" sizes=\"(max-width: 150px) 100vw, 150px\" \/><\/a>\n\t\t\t<\/dt><\/dl><br style=\"clear: both\" \/><dl class='gallery-item'>\n\t\t\t<dt class='gallery-icon landscape'>\n\t\t\t\t<a href='https:\/\/tara.rs\/wp-content\/uploads\/2023\/06\/apartmani-centar-bajina-basta-smestaj-8.jpg' title=\"\" data-rl_title=\"\" class=\"rl-gallery-link\" data-rl_caption=\"\" data-rel=\"lightbox-gallery-1\"><img loading=\"lazy\" decoding=\"async\" width=\"150\" height=\"150\" src=\"https:\/\/tara.rs\/wp-content\/uploads\/2023\/06\/apartmani-centar-bajina-basta-smestaj-8-150x150.jpg\" class=\"attachment-thumbnail size-thumbnail\" alt=\"\" srcset=\"https:\/\/tara.rs\/wp-content\/uploads\/2023\/06\/apartmani-centar-bajina-basta-smestaj-8-150x150.jpg 150w, https:\/\/tara.rs\/wp-content\/uploads\/2023\/06\/apartmani-centar-bajina-basta-smestaj-8-210x210.jpg 210w, https:\/\/tara.rs\/wp-content\/uploads\/2023\/06\/apartmani-centar-bajina-basta-smestaj-8-600x600.jpg 600w\" sizes=\"(max-width: 150px) 100vw, 150px\" \/><\/a>\n\t\t\t<\/dt><\/dl><dl class='gallery-item'>\n\t\t\t<dt class='gallery-icon landscape'>\n\t\t\t\t<a href='https:\/\/tara.rs\/wp-content\/uploads\/2023\/06\/apartmani-centar-bajina-basta-smestaj-10.jpg' title=\"\" data-rl_title=\"\" class=\"rl-gallery-link\" data-rl_caption=\"\" data-rel=\"lightbox-gallery-1\"><img loading=\"lazy\" decoding=\"async\" width=\"150\" height=\"150\" src=\"https:\/\/tara.rs\/wp-content\/uploads\/2023\/06\/apartmani-centar-bajina-basta-smestaj-10-150x150.jpg\" class=\"attachment-thumbnail size-thumbnail\" alt=\"\" srcset=\"https:\/\/tara.rs\/wp-content\/uploads\/2023\/06\/apartmani-centar-bajina-basta-smestaj-10-150x150.jpg 150w, https:\/\/tara.rs\/wp-content\/uploads\/2023\/06\/apartmani-centar-bajina-basta-smestaj-10-210x210.jpg 210w, https:\/\/tara.rs\/wp-content\/uploads\/2023\/06\/apartmani-centar-bajina-basta-smestaj-10-600x600.jpg 600w\" sizes=\"(max-width: 150px) 100vw, 150px\" \/><\/a>\n\t\t\t<\/dt><\/dl><dl class='gallery-item'>\n\t\t\t<dt class='gallery-icon portrait'>\n\t\t\t\t<a href='https:\/\/tara.rs\/wp-content\/uploads\/2023\/06\/apartmani-centar-bajina-basta-smestaj-11.jpg' title=\"\" data-rl_title=\"\" class=\"rl-gallery-link\" data-rl_caption=\"\" data-rel=\"lightbox-gallery-1\"><img loading=\"lazy\" decoding=\"async\" width=\"150\" height=\"150\" src=\"https:\/\/tara.rs\/wp-content\/uploads\/2023\/06\/apartmani-centar-bajina-basta-smestaj-11-150x150.jpg\" class=\"attachment-thumbnail size-thumbnail\" alt=\"\" srcset=\"https:\/\/tara.rs\/wp-content\/uploads\/2023\/06\/apartmani-centar-bajina-basta-smestaj-11-150x150.jpg 150w, https:\/\/tara.rs\/wp-content\/uploads\/2023\/06\/apartmani-centar-bajina-basta-smestaj-11-210x210.jpg 210w\" sizes=\"(max-width: 150px) 100vw, 150px\" \/><\/a>\n\t\t\t<\/dt><\/dl><dl class='gallery-item'>\n\t\t\t<dt class='gallery-icon landscape'>\n\t\t\t\t<a href='https:\/\/tara.rs\/wp-content\/uploads\/2023\/06\/apartmani-centar-bajina-basta-smestaj-12.jpg' title=\"\" data-rl_title=\"\" class=\"rl-gallery-link\" data-rl_caption=\"\" data-rel=\"lightbox-gallery-1\"><img loading=\"lazy\" decoding=\"async\" width=\"150\" height=\"150\" src=\"https:\/\/tara.rs\/wp-content\/uploads\/2023\/06\/apartmani-centar-bajina-basta-smestaj-12-150x150.jpg\" class=\"attachment-thumbnail size-thumbnail\" alt=\"\" srcset=\"https:\/\/tara.rs\/wp-content\/uploads\/2023\/06\/apartmani-centar-bajina-basta-smestaj-12-150x150.jpg 150w, https:\/\/tara.rs\/wp-content\/uploads\/2023\/06\/apartmani-centar-bajina-basta-smestaj-12-210x210.jpg 210w, https:\/\/tara.rs\/wp-content\/uploads\/2023\/06\/apartmani-centar-bajina-basta-smestaj-12-600x600.jpg 600w\" sizes=\"(max-width: 150px) 100vw, 150px\" \/><\/a>\n\t\t\t<\/dt><\/dl><dl class='gallery-item'>\n\t\t\t<dt class='gallery-icon portrait'>\n\t\t\t\t<a href='https:\/\/tara.rs\/wp-content\/uploads\/2023\/06\/apartmani-centar-bajina-basta-smestaj-13.jpg' title=\"\" data-rl_title=\"\" class=\"rl-gallery-link\" data-rl_caption=\"\" data-rel=\"lightbox-gallery-1\"><img loading=\"lazy\" decoding=\"async\" width=\"150\" height=\"150\" src=\"https:\/\/tara.rs\/wp-content\/uploads\/2023\/06\/apartmani-centar-bajina-basta-smestaj-13-150x150.jpg\" class=\"attachment-thumbnail size-thumbnail\" alt=\"\" srcset=\"https:\/\/tara.rs\/wp-content\/uploads\/2023\/06\/apartmani-centar-bajina-basta-smestaj-13-150x150.jpg 150w, https:\/\/tara.rs\/wp-content\/uploads\/2023\/06\/apartmani-centar-bajina-basta-smestaj-13-210x210.jpg 210w\" sizes=\"(max-width: 150px) 100vw, 150px\" \/><\/a>\n\t\t\t<\/dt><\/dl><br style=\"clear: both\" \/>\n\t\t<\/div>\n\n<p style=\"text-align: center;\"><strong>APARTMAN 2<\/strong><\/p>\n\n\t\t<style type=\"text\/css\">\n\t\t\t#gallery-2 {\n\t\t\t\tmargin: auto;\n\t\t\t}\n\t\t\t#gallery-2 .gallery-item {\n\t\t\t\tfloat: left;\n\t\t\t\tmargin-top: 10px;\n\t\t\t\ttext-align: center;\n\t\t\t\twidth: 25%;\n\t\t\t}\n\t\t\t#gallery-2 img {\n\t\t\t\tborder: 2px solid #cfcfcf;\n\t\t\t}\n\t\t\t#gallery-2 .gallery-caption {\n\t\t\t\tmargin-left: 0;\n\t\t\t}\n\t\t\t\/* see gallery_shortcode() in wp-includes\/media.php *\/\n\t\t<\/style>\n\t\t<div id='gallery-2' class='gallery galleryid-66417 gallery-columns-4 gallery-size-thumbnail'><dl class='gallery-item'>\n\t\t\t<dt class='gallery-icon landscape'>\n\t\t\t\t<a href='https:\/\/tara.rs\/wp-content\/uploads\/2023\/05\/apartman-bajina-basta-centar-1.jpg' title=\"\" data-rl_title=\"\" class=\"rl-gallery-link\" data-rl_caption=\"\" data-rel=\"lightbox-gallery-2\"><img loading=\"lazy\" decoding=\"async\" width=\"150\" height=\"150\" src=\"https:\/\/tara.rs\/wp-content\/uploads\/2023\/05\/apartman-bajina-basta-centar-1-150x150.jpg\" class=\"attachment-thumbnail size-thumbnail\" alt=\"\" srcset=\"https:\/\/tara.rs\/wp-content\/uploads\/2023\/05\/apartman-bajina-basta-centar-1-150x150.jpg 150w, https:\/\/tara.rs\/wp-content\/uploads\/2023\/05\/apartman-bajina-basta-centar-1-210x210.jpg 210w, https:\/\/tara.rs\/wp-content\/uploads\/2023\/05\/apartman-bajina-basta-centar-1-600x600.jpg 600w\" sizes=\"(max-width: 150px) 100vw, 150px\" \/><\/a>\n\t\t\t<\/dt><\/dl><dl class='gallery-item'>\n\t\t\t<dt class='gallery-icon landscape'>\n\t\t\t\t<a href='https:\/\/tara.rs\/wp-content\/uploads\/2023\/05\/apartman-bajina-basta-centar-2.jpg' title=\"\" data-rl_title=\"\" class=\"rl-gallery-link\" data-rl_caption=\"\" data-rel=\"lightbox-gallery-2\"><img loading=\"lazy\" decoding=\"async\" width=\"150\" height=\"150\" src=\"https:\/\/tara.rs\/wp-content\/uploads\/2023\/05\/apartman-bajina-basta-centar-2-150x150.jpg\" class=\"attachment-thumbnail size-thumbnail\" alt=\"\" srcset=\"https:\/\/tara.rs\/wp-content\/uploads\/2023\/05\/apartman-bajina-basta-centar-2-150x150.jpg 150w, https:\/\/tara.rs\/wp-content\/uploads\/2023\/05\/apartman-bajina-basta-centar-2-210x210.jpg 210w, https:\/\/tara.rs\/wp-content\/uploads\/2023\/05\/apartman-bajina-basta-centar-2-600x600.jpg 600w\" sizes=\"(max-width: 150px) 100vw, 150px\" \/><\/a>\n\t\t\t<\/dt><\/dl><dl class='gallery-item'>\n\t\t\t<dt class='gallery-icon landscape'>\n\t\t\t\t<a href='https:\/\/tara.rs\/wp-content\/uploads\/2023\/05\/apartman-bajina-basta-centar-3.jpg' title=\"\" data-rl_title=\"\" class=\"rl-gallery-link\" data-rl_caption=\"\" data-rel=\"lightbox-gallery-2\"><img loading=\"lazy\" decoding=\"async\" width=\"150\" height=\"150\" src=\"https:\/\/tara.rs\/wp-content\/uploads\/2023\/05\/apartman-bajina-basta-centar-3-150x150.jpg\" class=\"attachment-thumbnail size-thumbnail\" alt=\"\" srcset=\"https:\/\/tara.rs\/wp-content\/uploads\/2023\/05\/apartman-bajina-basta-centar-3-150x150.jpg 150w, https:\/\/tara.rs\/wp-content\/uploads\/2023\/05\/apartman-bajina-basta-centar-3-210x210.jpg 210w, https:\/\/tara.rs\/wp-content\/uploads\/2023\/05\/apartman-bajina-basta-centar-3-600x600.jpg 600w\" sizes=\"(max-width: 150px) 100vw, 150px\" \/><\/a>\n\t\t\t<\/dt><\/dl><dl class='gallery-item'>\n\t\t\t<dt class='gallery-icon landscape'>\n\t\t\t\t<a href='https:\/\/tara.rs\/wp-content\/uploads\/2023\/05\/apartman-bajina-basta-centar-4.jpg' title=\"\" data-rl_title=\"\" class=\"rl-gallery-link\" data-rl_caption=\"\" data-rel=\"lightbox-gallery-2\"><img loading=\"lazy\" decoding=\"async\" width=\"150\" height=\"150\" src=\"https:\/\/tara.rs\/wp-content\/uploads\/2023\/05\/apartman-bajina-basta-centar-4-150x150.jpg\" class=\"attachment-thumbnail size-thumbnail\" alt=\"\" srcset=\"https:\/\/tara.rs\/wp-content\/uploads\/2023\/05\/apartman-bajina-basta-centar-4-150x150.jpg 150w, https:\/\/tara.rs\/wp-content\/uploads\/2023\/05\/apartman-bajina-basta-centar-4-210x210.jpg 210w, https:\/\/tara.rs\/wp-content\/uploads\/2023\/05\/apartman-bajina-basta-centar-4-600x600.jpg 600w\" sizes=\"(max-width: 150px) 100vw, 150px\" \/><\/a>\n\t\t\t<\/dt><\/dl><br style=\"clear: both\" \/><dl class='gallery-item'>\n\t\t\t<dt class='gallery-icon landscape'>\n\t\t\t\t<a href='https:\/\/tara.rs\/wp-content\/uploads\/2023\/05\/apartman-bajina-basta-centar-5.jpg' title=\"\" data-rl_title=\"\" class=\"rl-gallery-link\" data-rl_caption=\"\" data-rel=\"lightbox-gallery-2\"><img loading=\"lazy\" decoding=\"async\" width=\"150\" height=\"150\" src=\"https:\/\/tara.rs\/wp-content\/uploads\/2023\/05\/apartman-bajina-basta-centar-5-150x150.jpg\" class=\"attachment-thumbnail size-thumbnail\" alt=\"\" srcset=\"https:\/\/tara.rs\/wp-content\/uploads\/2023\/05\/apartman-bajina-basta-centar-5-150x150.jpg 150w, https:\/\/tara.rs\/wp-content\/uploads\/2023\/05\/apartman-bajina-basta-centar-5-210x210.jpg 210w, https:\/\/tara.rs\/wp-content\/uploads\/2023\/05\/apartman-bajina-basta-centar-5-600x600.jpg 600w\" sizes=\"(max-width: 150px) 100vw, 150px\" \/><\/a>\n\t\t\t<\/dt><\/dl><dl class='gallery-item'>\n\t\t\t<dt class='gallery-icon landscape'>\n\t\t\t\t<a href='https:\/\/tara.rs\/wp-content\/uploads\/2023\/05\/apartman-bajina-basta-centar-6.jpg' title=\"\" data-rl_title=\"\" class=\"rl-gallery-link\" data-rl_caption=\"\" data-rel=\"lightbox-gallery-2\"><img loading=\"lazy\" decoding=\"async\" width=\"150\" height=\"150\" src=\"https:\/\/tara.rs\/wp-content\/uploads\/2023\/05\/apartman-bajina-basta-centar-6-150x150.jpg\" class=\"attachment-thumbnail size-thumbnail\" alt=\"\" srcset=\"https:\/\/tara.rs\/wp-content\/uploads\/2023\/05\/apartman-bajina-basta-centar-6-150x150.jpg 150w, https:\/\/tara.rs\/wp-content\/uploads\/2023\/05\/apartman-bajina-basta-centar-6-210x210.jpg 210w, https:\/\/tara.rs\/wp-content\/uploads\/2023\/05\/apartman-bajina-basta-centar-6-600x600.jpg 600w\" sizes=\"(max-width: 150px) 100vw, 150px\" \/><\/a>\n\t\t\t<\/dt><\/dl><dl class='gallery-item'>\n\t\t\t<dt class='gallery-icon landscape'>\n\t\t\t\t<a href='https:\/\/tara.rs\/wp-content\/uploads\/2023\/05\/apartman-bajina-basta-centar-7.jpg' title=\"\" data-rl_title=\"\" class=\"rl-gallery-link\" data-rl_caption=\"\" data-rel=\"lightbox-gallery-2\"><img loading=\"lazy\" decoding=\"async\" width=\"150\" height=\"150\" src=\"https:\/\/tara.rs\/wp-content\/uploads\/2023\/05\/apartman-bajina-basta-centar-7-150x150.jpg\" class=\"attachment-thumbnail size-thumbnail\" alt=\"\" srcset=\"https:\/\/tara.rs\/wp-content\/uploads\/2023\/05\/apartman-bajina-basta-centar-7-150x150.jpg 150w, https:\/\/tara.rs\/wp-content\/uploads\/2023\/05\/apartman-bajina-basta-centar-7-210x210.jpg 210w, https:\/\/tara.rs\/wp-content\/uploads\/2023\/05\/apartman-bajina-basta-centar-7-600x600.jpg 600w\" sizes=\"(max-width: 150px) 100vw, 150px\" \/><\/a>\n\t\t\t<\/dt><\/dl><dl class='gallery-item'>\n\t\t\t<dt class='gallery-icon portrait'>\n\t\t\t\t<a href='https:\/\/tara.rs\/wp-content\/uploads\/2023\/05\/apartman-bajina-basta-centar-8.jpg' title=\"\" data-rl_title=\"\" class=\"rl-gallery-link\" data-rl_caption=\"\" data-rel=\"lightbox-gallery-2\"><img loading=\"lazy\" decoding=\"async\" width=\"150\" height=\"150\" src=\"https:\/\/tara.rs\/wp-content\/uploads\/2023\/05\/apartman-bajina-basta-centar-8-150x150.jpg\" class=\"attachment-thumbnail size-thumbnail\" alt=\"\" srcset=\"https:\/\/tara.rs\/wp-content\/uploads\/2023\/05\/apartman-bajina-basta-centar-8-150x150.jpg 150w, https:\/\/tara.rs\/wp-content\/uploads\/2023\/05\/apartman-bajina-basta-centar-8-210x210.jpg 210w\" sizes=\"(max-width: 150px) 100vw, 150px\" \/><\/a>\n\t\t\t<\/dt><\/dl><br style=\"clear: both\" \/>\n\t\t<\/div>\n\n<p style=\"text-align: center;\"><strong>APARTMAN 3<\/strong><\/p>\n\n\t\t<style type=\"text\/css\">\n\t\t\t#gallery-3 {\n\t\t\t\tmargin: auto;\n\t\t\t}\n\t\t\t#gallery-3 .gallery-item {\n\t\t\t\tfloat: left;\n\t\t\t\tmargin-top: 10px;\n\t\t\t\ttext-align: center;\n\t\t\t\twidth: 20%;\n\t\t\t}\n\t\t\t#gallery-3 img {\n\t\t\t\tborder: 2px solid #cfcfcf;\n\t\t\t}\n\t\t\t#gallery-3 .gallery-caption {\n\t\t\t\tmargin-left: 0;\n\t\t\t}\n\t\t\t\/* see gallery_shortcode() in wp-includes\/media.php *\/\n\t\t<\/style>\n\t\t<div id='gallery-3' class='gallery galleryid-66417 gallery-columns-5 gallery-size-thumbnail'><dl class='gallery-item'>\n\t\t\t<dt class='gallery-icon landscape'>\n\t\t\t\t<a href='https:\/\/tara.rs\/wp-content\/uploads\/2023\/06\/apartmani-centar-bajina-basta-smestaj-1-11.jpg' title=\"\" data-rl_title=\"\" class=\"rl-gallery-link\" data-rl_caption=\"\" data-rel=\"lightbox-gallery-3\"><img loading=\"lazy\" decoding=\"async\" width=\"150\" height=\"150\" src=\"https:\/\/tara.rs\/wp-content\/uploads\/2023\/06\/apartmani-centar-bajina-basta-smestaj-1-11-150x150.jpg\" class=\"attachment-thumbnail size-thumbnail\" alt=\"\" srcset=\"https:\/\/tara.rs\/wp-content\/uploads\/2023\/06\/apartmani-centar-bajina-basta-smestaj-1-11-150x150.jpg 150w, https:\/\/tara.rs\/wp-content\/uploads\/2023\/06\/apartmani-centar-bajina-basta-smestaj-1-11-210x210.jpg 210w, https:\/\/tara.rs\/wp-content\/uploads\/2023\/06\/apartmani-centar-bajina-basta-smestaj-1-11-600x595.jpg 600w\" sizes=\"(max-width: 150px) 100vw, 150px\" \/><\/a>\n\t\t\t<\/dt><\/dl><dl class='gallery-item'>\n\t\t\t<dt class='gallery-icon landscape'>\n\t\t\t\t<a href='https:\/\/tara.rs\/wp-content\/uploads\/2023\/06\/apartmani-centar-bajina-basta-smestaj-1-7.jpg' title=\"\" data-rl_title=\"\" class=\"rl-gallery-link\" data-rl_caption=\"\" data-rel=\"lightbox-gallery-3\"><img loading=\"lazy\" decoding=\"async\" width=\"150\" height=\"150\" src=\"https:\/\/tara.rs\/wp-content\/uploads\/2023\/06\/apartmani-centar-bajina-basta-smestaj-1-7-150x150.jpg\" class=\"attachment-thumbnail size-thumbnail\" alt=\"\" srcset=\"https:\/\/tara.rs\/wp-content\/uploads\/2023\/06\/apartmani-centar-bajina-basta-smestaj-1-7-150x150.jpg 150w, https:\/\/tara.rs\/wp-content\/uploads\/2023\/06\/apartmani-centar-bajina-basta-smestaj-1-7-210x210.jpg 210w, https:\/\/tara.rs\/wp-content\/uploads\/2023\/06\/apartmani-centar-bajina-basta-smestaj-1-7-600x600.jpg 600w\" sizes=\"(max-width: 150px) 100vw, 150px\" \/><\/a>\n\t\t\t<\/dt><\/dl><dl class='gallery-item'>\n\t\t\t<dt class='gallery-icon landscape'>\n\t\t\t\t<a href='https:\/\/tara.rs\/wp-content\/uploads\/2023\/06\/apartmani-centar-bajina-basta-smestaj-1-15.jpg' title=\"\" data-rl_title=\"\" class=\"rl-gallery-link\" data-rl_caption=\"\" data-rel=\"lightbox-gallery-3\"><img loading=\"lazy\" decoding=\"async\" width=\"150\" height=\"150\" src=\"https:\/\/tara.rs\/wp-content\/uploads\/2023\/06\/apartmani-centar-bajina-basta-smestaj-1-15-150x150.jpg\" class=\"attachment-thumbnail size-thumbnail\" alt=\"\" srcset=\"https:\/\/tara.rs\/wp-content\/uploads\/2023\/06\/apartmani-centar-bajina-basta-smestaj-1-15-150x150.jpg 150w, https:\/\/tara.rs\/wp-content\/uploads\/2023\/06\/apartmani-centar-bajina-basta-smestaj-1-15-210x210.jpg 210w, https:\/\/tara.rs\/wp-content\/uploads\/2023\/06\/apartmani-centar-bajina-basta-smestaj-1-15-600x600.jpg 600w\" sizes=\"(max-width: 150px) 100vw, 150px\" \/><\/a>\n\t\t\t<\/dt><\/dl><dl class='gallery-item'>\n\t\t\t<dt class='gallery-icon landscape'>\n\t\t\t\t<a href='https:\/\/tara.rs\/wp-content\/uploads\/2023\/06\/apartmani-centar-bajina-basta-smestaj-1-13.jpg' title=\"\" data-rl_title=\"\" class=\"rl-gallery-link\" data-rl_caption=\"\" data-rel=\"lightbox-gallery-3\"><img loading=\"lazy\" decoding=\"async\" width=\"150\" height=\"150\" src=\"https:\/\/tara.rs\/wp-content\/uploads\/2023\/06\/apartmani-centar-bajina-basta-smestaj-1-13-150x150.jpg\" class=\"attachment-thumbnail size-thumbnail\" alt=\"\" srcset=\"https:\/\/tara.rs\/wp-content\/uploads\/2023\/06\/apartmani-centar-bajina-basta-smestaj-1-13-150x150.jpg 150w, https:\/\/tara.rs\/wp-content\/uploads\/2023\/06\/apartmani-centar-bajina-basta-smestaj-1-13-210x210.jpg 210w, https:\/\/tara.rs\/wp-content\/uploads\/2023\/06\/apartmani-centar-bajina-basta-smestaj-1-13-600x600.jpg 600w\" sizes=\"(max-width: 150px) 100vw, 150px\" \/><\/a>\n\t\t\t<\/dt><\/dl><dl class='gallery-item'>\n\t\t\t<dt class='gallery-icon landscape'>\n\t\t\t\t<a href='https:\/\/tara.rs\/wp-content\/uploads\/2023\/06\/apartmani-centar-bajina-basta-smestaj-1-8.jpg' title=\"\" data-rl_title=\"\" class=\"rl-gallery-link\" data-rl_caption=\"\" data-rel=\"lightbox-gallery-3\"><img loading=\"lazy\" decoding=\"async\" width=\"150\" height=\"150\" src=\"https:\/\/tara.rs\/wp-content\/uploads\/2023\/06\/apartmani-centar-bajina-basta-smestaj-1-8-150x150.jpg\" class=\"attachment-thumbnail size-thumbnail\" alt=\"\" srcset=\"https:\/\/tara.rs\/wp-content\/uploads\/2023\/06\/apartmani-centar-bajina-basta-smestaj-1-8-150x150.jpg 150w, https:\/\/tara.rs\/wp-content\/uploads\/2023\/06\/apartmani-centar-bajina-basta-smestaj-1-8-210x210.jpg 210w, https:\/\/tara.rs\/wp-content\/uploads\/2023\/06\/apartmani-centar-bajina-basta-smestaj-1-8-600x600.jpg 600w\" sizes=\"(max-width: 150px) 100vw, 150px\" \/><\/a>\n\t\t\t<\/dt><\/dl><br style=\"clear: both\" \/><dl class='gallery-item'>\n\t\t\t<dt class='gallery-icon landscape'>\n\t\t\t\t<a href='https:\/\/tara.rs\/wp-content\/uploads\/2023\/06\/apartmani-centar-bajina-basta-smestaj-1-5.jpg' title=\"\" data-rl_title=\"\" class=\"rl-gallery-link\" data-rl_caption=\"\" data-rel=\"lightbox-gallery-3\"><img loading=\"lazy\" decoding=\"async\" width=\"150\" height=\"150\" src=\"https:\/\/tara.rs\/wp-content\/uploads\/2023\/06\/apartmani-centar-bajina-basta-smestaj-1-5-150x150.jpg\" class=\"attachment-thumbnail size-thumbnail\" alt=\"\" srcset=\"https:\/\/tara.rs\/wp-content\/uploads\/2023\/06\/apartmani-centar-bajina-basta-smestaj-1-5-150x150.jpg 150w, https:\/\/tara.rs\/wp-content\/uploads\/2023\/06\/apartmani-centar-bajina-basta-smestaj-1-5-210x210.jpg 210w, https:\/\/tara.rs\/wp-content\/uploads\/2023\/06\/apartmani-centar-bajina-basta-smestaj-1-5-600x600.jpg 600w\" sizes=\"(max-width: 150px) 100vw, 150px\" \/><\/a>\n\t\t\t<\/dt><\/dl><dl class='gallery-item'>\n\t\t\t<dt class='gallery-icon landscape'>\n\t\t\t\t<a href='https:\/\/tara.rs\/wp-content\/uploads\/2023\/06\/apartmani-centar-bajina-basta-smestaj-1-10.jpg' title=\"\" data-rl_title=\"\" class=\"rl-gallery-link\" data-rl_caption=\"\" data-rel=\"lightbox-gallery-3\"><img loading=\"lazy\" decoding=\"async\" width=\"150\" height=\"150\" src=\"https:\/\/tara.rs\/wp-content\/uploads\/2023\/06\/apartmani-centar-bajina-basta-smestaj-1-10-150x150.jpg\" class=\"attachment-thumbnail size-thumbnail\" alt=\"\" srcset=\"https:\/\/tara.rs\/wp-content\/uploads\/2023\/06\/apartmani-centar-bajina-basta-smestaj-1-10-150x150.jpg 150w, https:\/\/tara.rs\/wp-content\/uploads\/2023\/06\/apartmani-centar-bajina-basta-smestaj-1-10-210x210.jpg 210w, https:\/\/tara.rs\/wp-content\/uploads\/2023\/06\/apartmani-centar-bajina-basta-smestaj-1-10-600x600.jpg 600w\" sizes=\"(max-width: 150px) 100vw, 150px\" \/><\/a>\n\t\t\t<\/dt><\/dl><dl class='gallery-item'>\n\t\t\t<dt class='gallery-icon landscape'>\n\t\t\t\t<a href='https:\/\/tara.rs\/wp-content\/uploads\/2023\/06\/apartmani-centar-bajina-basta-smestaj-1-2.jpg' title=\"\" data-rl_title=\"\" class=\"rl-gallery-link\" data-rl_caption=\"\" data-rel=\"lightbox-gallery-3\"><img loading=\"lazy\" decoding=\"async\" width=\"150\" height=\"150\" src=\"https:\/\/tara.rs\/wp-content\/uploads\/2023\/06\/apartmani-centar-bajina-basta-smestaj-1-2-150x150.jpg\" class=\"attachment-thumbnail size-thumbnail\" alt=\"\" srcset=\"https:\/\/tara.rs\/wp-content\/uploads\/2023\/06\/apartmani-centar-bajina-basta-smestaj-1-2-150x150.jpg 150w, https:\/\/tara.rs\/wp-content\/uploads\/2023\/06\/apartmani-centar-bajina-basta-smestaj-1-2-210x210.jpg 210w, https:\/\/tara.rs\/wp-content\/uploads\/2023\/06\/apartmani-centar-bajina-basta-smestaj-1-2-600x600.jpg 600w\" sizes=\"(max-width: 150px) 100vw, 150px\" \/><\/a>\n\t\t\t<\/dt><\/dl><dl class='gallery-item'>\n\t\t\t<dt class='gallery-icon landscape'>\n\t\t\t\t<a href='https:\/\/tara.rs\/wp-content\/uploads\/2023\/06\/apartmani-centar-bajina-basta-smestaj-1-3.jpg' title=\"\" data-rl_title=\"\" class=\"rl-gallery-link\" data-rl_caption=\"\" data-rel=\"lightbox-gallery-3\"><img loading=\"lazy\" decoding=\"async\" width=\"150\" height=\"150\" src=\"https:\/\/tara.rs\/wp-content\/uploads\/2023\/06\/apartmani-centar-bajina-basta-smestaj-1-3-150x150.jpg\" class=\"attachment-thumbnail size-thumbnail\" alt=\"\" srcset=\"https:\/\/tara.rs\/wp-content\/uploads\/2023\/06\/apartmani-centar-bajina-basta-smestaj-1-3-150x150.jpg 150w, https:\/\/tara.rs\/wp-content\/uploads\/2023\/06\/apartmani-centar-bajina-basta-smestaj-1-3-210x210.jpg 210w, https:\/\/tara.rs\/wp-content\/uploads\/2023\/06\/apartmani-centar-bajina-basta-smestaj-1-3-600x600.jpg 600w\" sizes=\"(max-width: 150px) 100vw, 150px\" \/><\/a>\n\t\t\t<\/dt><\/dl><dl class='gallery-item'>\n\t\t\t<dt class='gallery-icon landscape'>\n\t\t\t\t<a href='https:\/\/tara.rs\/wp-content\/uploads\/2023\/06\/apartmani-centar-bajina-basta-smestaj-1-4.jpg' title=\"\" data-rl_title=\"\" class=\"rl-gallery-link\" data-rl_caption=\"\" data-rel=\"lightbox-gallery-3\"><img loading=\"lazy\" decoding=\"async\" width=\"150\" height=\"150\" src=\"https:\/\/tara.rs\/wp-content\/uploads\/2023\/06\/apartmani-centar-bajina-basta-smestaj-1-4-150x150.jpg\" class=\"attachment-thumbnail size-thumbnail\" alt=\"\" srcset=\"https:\/\/tara.rs\/wp-content\/uploads\/2023\/06\/apartmani-centar-bajina-basta-smestaj-1-4-150x150.jpg 150w, https:\/\/tara.rs\/wp-content\/uploads\/2023\/06\/apartmani-centar-bajina-basta-smestaj-1-4-210x210.jpg 210w, https:\/\/tara.rs\/wp-content\/uploads\/2023\/06\/apartmani-centar-bajina-basta-smestaj-1-4-600x600.jpg 600w\" sizes=\"(max-width: 150px) 100vw, 150px\" \/><\/a>\n\t\t\t<\/dt><\/dl><br style=\"clear: both\" \/>\n\t\t<\/div>\n\n<p style=\"text-align: center;\"><strong>APARTMAN 4<\/strong><\/p>\n\n\t\t<style type=\"text\/css\">\n\t\t\t#gallery-4 {\n\t\t\t\tmargin: auto;\n\t\t\t}\n\t\t\t#gallery-4 .gallery-item {\n\t\t\t\tfloat: left;\n\t\t\t\tmargin-top: 10px;\n\t\t\t\ttext-align: center;\n\t\t\t\twidth: 20%;\n\t\t\t}\n\t\t\t#gallery-4 img {\n\t\t\t\tborder: 2px solid #cfcfcf;\n\t\t\t}\n\t\t\t#gallery-4 .gallery-caption {\n\t\t\t\tmargin-left: 0;\n\t\t\t}\n\t\t\t\/* see gallery_shortcode() in wp-includes\/media.php *\/\n\t\t<\/style>\n\t\t<div id='gallery-4' class='gallery galleryid-66417 gallery-columns-5 gallery-size-thumbnail'><dl class='gallery-item'>\n\t\t\t<dt class='gallery-icon landscape'>\n\t\t\t\t<a href='https:\/\/tara.rs\/wp-content\/uploads\/2023\/06\/apartmani-centar-bajina-basta-smestaj-2-4.jpg' title=\"\" data-rl_title=\"\" class=\"rl-gallery-link\" data-rl_caption=\"\" data-rel=\"lightbox-gallery-4\"><img loading=\"lazy\" decoding=\"async\" width=\"150\" height=\"150\" src=\"https:\/\/tara.rs\/wp-content\/uploads\/2023\/06\/apartmani-centar-bajina-basta-smestaj-2-4-150x150.jpg\" class=\"attachment-thumbnail size-thumbnail\" alt=\"\" srcset=\"https:\/\/tara.rs\/wp-content\/uploads\/2023\/06\/apartmani-centar-bajina-basta-smestaj-2-4-150x150.jpg 150w, https:\/\/tara.rs\/wp-content\/uploads\/2023\/06\/apartmani-centar-bajina-basta-smestaj-2-4-210x210.jpg 210w, https:\/\/tara.rs\/wp-content\/uploads\/2023\/06\/apartmani-centar-bajina-basta-smestaj-2-4-600x600.jpg 600w\" sizes=\"(max-width: 150px) 100vw, 150px\" \/><\/a>\n\t\t\t<\/dt><\/dl><dl class='gallery-item'>\n\t\t\t<dt class='gallery-icon landscape'>\n\t\t\t\t<a href='https:\/\/tara.rs\/wp-content\/uploads\/2023\/06\/apartmani-centar-bajina-basta-smestaj-2-8.jpg' title=\"\" data-rl_title=\"\" class=\"rl-gallery-link\" data-rl_caption=\"\" data-rel=\"lightbox-gallery-4\"><img loading=\"lazy\" decoding=\"async\" width=\"150\" height=\"150\" src=\"https:\/\/tara.rs\/wp-content\/uploads\/2023\/06\/apartmani-centar-bajina-basta-smestaj-2-8-150x150.jpg\" class=\"attachment-thumbnail size-thumbnail\" alt=\"\" srcset=\"https:\/\/tara.rs\/wp-content\/uploads\/2023\/06\/apartmani-centar-bajina-basta-smestaj-2-8-150x150.jpg 150w, https:\/\/tara.rs\/wp-content\/uploads\/2023\/06\/apartmani-centar-bajina-basta-smestaj-2-8-210x210.jpg 210w, https:\/\/tara.rs\/wp-content\/uploads\/2023\/06\/apartmani-centar-bajina-basta-smestaj-2-8-600x600.jpg 600w\" sizes=\"(max-width: 150px) 100vw, 150px\" \/><\/a>\n\t\t\t<\/dt><\/dl><dl class='gallery-item'>\n\t\t\t<dt class='gallery-icon landscape'>\n\t\t\t\t<a href='https:\/\/tara.rs\/wp-content\/uploads\/2023\/06\/apartmani-centar-bajina-basta-smestaj-2-2.jpg' title=\"\" data-rl_title=\"\" class=\"rl-gallery-link\" data-rl_caption=\"\" data-rel=\"lightbox-gallery-4\"><img loading=\"lazy\" decoding=\"async\" width=\"150\" height=\"150\" src=\"https:\/\/tara.rs\/wp-content\/uploads\/2023\/06\/apartmani-centar-bajina-basta-smestaj-2-2-150x150.jpg\" class=\"attachment-thumbnail size-thumbnail\" alt=\"\" srcset=\"https:\/\/tara.rs\/wp-content\/uploads\/2023\/06\/apartmani-centar-bajina-basta-smestaj-2-2-150x150.jpg 150w, https:\/\/tara.rs\/wp-content\/uploads\/2023\/06\/apartmani-centar-bajina-basta-smestaj-2-2-210x210.jpg 210w, https:\/\/tara.rs\/wp-content\/uploads\/2023\/06\/apartmani-centar-bajina-basta-smestaj-2-2-600x600.jpg 600w\" sizes=\"(max-width: 150px) 100vw, 150px\" \/><\/a>\n\t\t\t<\/dt><\/dl><dl class='gallery-item'>\n\t\t\t<dt class='gallery-icon landscape'>\n\t\t\t\t<a href='https:\/\/tara.rs\/wp-content\/uploads\/2023\/06\/apartmani-centar-bajina-basta-smestaj-2-9.jpg' title=\"\" data-rl_title=\"\" class=\"rl-gallery-link\" data-rl_caption=\"\" data-rel=\"lightbox-gallery-4\"><img loading=\"lazy\" decoding=\"async\" width=\"150\" height=\"150\" src=\"https:\/\/tara.rs\/wp-content\/uploads\/2023\/06\/apartmani-centar-bajina-basta-smestaj-2-9-150x150.jpg\" class=\"attachment-thumbnail size-thumbnail\" alt=\"\" srcset=\"https:\/\/tara.rs\/wp-content\/uploads\/2023\/06\/apartmani-centar-bajina-basta-smestaj-2-9-150x150.jpg 150w, https:\/\/tara.rs\/wp-content\/uploads\/2023\/06\/apartmani-centar-bajina-basta-smestaj-2-9-210x210.jpg 210w, https:\/\/tara.rs\/wp-content\/uploads\/2023\/06\/apartmani-centar-bajina-basta-smestaj-2-9-600x600.jpg 600w\" sizes=\"(max-width: 150px) 100vw, 150px\" \/><\/a>\n\t\t\t<\/dt><\/dl><dl class='gallery-item'>\n\t\t\t<dt class='gallery-icon landscape'>\n\t\t\t\t<a href='https:\/\/tara.rs\/wp-content\/uploads\/2023\/06\/apartmani-centar-bajina-basta-smestaj-2-5.jpg' title=\"\" data-rl_title=\"\" class=\"rl-gallery-link\" data-rl_caption=\"\" data-rel=\"lightbox-gallery-4\"><img loading=\"lazy\" decoding=\"async\" width=\"150\" height=\"150\" src=\"https:\/\/tara.rs\/wp-content\/uploads\/2023\/06\/apartmani-centar-bajina-basta-smestaj-2-5-150x150.jpg\" class=\"attachment-thumbnail size-thumbnail\" alt=\"\" srcset=\"https:\/\/tara.rs\/wp-content\/uploads\/2023\/06\/apartmani-centar-bajina-basta-smestaj-2-5-150x150.jpg 150w, https:\/\/tara.rs\/wp-content\/uploads\/2023\/06\/apartmani-centar-bajina-basta-smestaj-2-5-210x210.jpg 210w, https:\/\/tara.rs\/wp-content\/uploads\/2023\/06\/apartmani-centar-bajina-basta-smestaj-2-5-600x600.jpg 600w\" sizes=\"(max-width: 150px) 100vw, 150px\" \/><\/a>\n\t\t\t<\/dt><\/dl><br style=\"clear: both\" \/><dl class='gallery-item'>\n\t\t\t<dt class='gallery-icon landscape'>\n\t\t\t\t<a href='https:\/\/tara.rs\/wp-content\/uploads\/2023\/06\/apartmani-centar-bajina-basta-smestaj-2-7.jpg' title=\"\" data-rl_title=\"\" class=\"rl-gallery-link\" data-rl_caption=\"\" data-rel=\"lightbox-gallery-4\"><img loading=\"lazy\" decoding=\"async\" width=\"150\" height=\"150\" src=\"https:\/\/tara.rs\/wp-content\/uploads\/2023\/06\/apartmani-centar-bajina-basta-smestaj-2-7-150x150.jpg\" class=\"attachment-thumbnail size-thumbnail\" alt=\"\" srcset=\"https:\/\/tara.rs\/wp-content\/uploads\/2023\/06\/apartmani-centar-bajina-basta-smestaj-2-7-150x150.jpg 150w, https:\/\/tara.rs\/wp-content\/uploads\/2023\/06\/apartmani-centar-bajina-basta-smestaj-2-7-210x210.jpg 210w, https:\/\/tara.rs\/wp-content\/uploads\/2023\/06\/apartmani-centar-bajina-basta-smestaj-2-7-600x600.jpg 600w\" sizes=\"(max-width: 150px) 100vw, 150px\" \/><\/a>\n\t\t\t<\/dt><\/dl><dl class='gallery-item'>\n\t\t\t<dt class='gallery-icon landscape'>\n\t\t\t\t<a href='https:\/\/tara.rs\/wp-content\/uploads\/2023\/06\/apartmani-centar-bajina-basta-smestaj-2-12.jpg' title=\"\" data-rl_title=\"\" class=\"rl-gallery-link\" data-rl_caption=\"\" data-rel=\"lightbox-gallery-4\"><img loading=\"lazy\" decoding=\"async\" width=\"150\" height=\"150\" src=\"https:\/\/tara.rs\/wp-content\/uploads\/2023\/06\/apartmani-centar-bajina-basta-smestaj-2-12-150x150.jpg\" class=\"attachment-thumbnail size-thumbnail\" alt=\"\" srcset=\"https:\/\/tara.rs\/wp-content\/uploads\/2023\/06\/apartmani-centar-bajina-basta-smestaj-2-12-150x150.jpg 150w, https:\/\/tara.rs\/wp-content\/uploads\/2023\/06\/apartmani-centar-bajina-basta-smestaj-2-12-210x210.jpg 210w, https:\/\/tara.rs\/wp-content\/uploads\/2023\/06\/apartmani-centar-bajina-basta-smestaj-2-12-600x600.jpg 600w\" sizes=\"(max-width: 150px) 100vw, 150px\" \/><\/a>\n\t\t\t<\/dt><\/dl><dl class='gallery-item'>\n\t\t\t<dt class='gallery-icon landscape'>\n\t\t\t\t<a href='https:\/\/tara.rs\/wp-content\/uploads\/2023\/06\/apartmani-centar-bajina-basta-smestaj-2-10.jpg' title=\"\" data-rl_title=\"\" class=\"rl-gallery-link\" data-rl_caption=\"\" data-rel=\"lightbox-gallery-4\"><img loading=\"lazy\" decoding=\"async\" width=\"150\" height=\"150\" src=\"https:\/\/tara.rs\/wp-content\/uploads\/2023\/06\/apartmani-centar-bajina-basta-smestaj-2-10-150x150.jpg\" class=\"attachment-thumbnail size-thumbnail\" alt=\"\" srcset=\"https:\/\/tara.rs\/wp-content\/uploads\/2023\/06\/apartmani-centar-bajina-basta-smestaj-2-10-150x150.jpg 150w, https:\/\/tara.rs\/wp-content\/uploads\/2023\/06\/apartmani-centar-bajina-basta-smestaj-2-10-210x210.jpg 210w, https:\/\/tara.rs\/wp-content\/uploads\/2023\/06\/apartmani-centar-bajina-basta-smestaj-2-10-600x600.jpg 600w\" sizes=\"(max-width: 150px) 100vw, 150px\" \/><\/a>\n\t\t\t<\/dt><\/dl><dl class='gallery-item'>\n\t\t\t<dt class='gallery-icon landscape'>\n\t\t\t\t<a href='https:\/\/tara.rs\/wp-content\/uploads\/2023\/06\/apartmani-centar-bajina-basta-smestaj-2-11.jpg' title=\"\" data-rl_title=\"\" class=\"rl-gallery-link\" data-rl_caption=\"\" data-rel=\"lightbox-gallery-4\"><img loading=\"lazy\" decoding=\"async\" width=\"150\" height=\"150\" src=\"https:\/\/tara.rs\/wp-content\/uploads\/2023\/06\/apartmani-centar-bajina-basta-smestaj-2-11-150x150.jpg\" class=\"attachment-thumbnail size-thumbnail\" alt=\"\" srcset=\"https:\/\/tara.rs\/wp-content\/uploads\/2023\/06\/apartmani-centar-bajina-basta-smestaj-2-11-150x150.jpg 150w, https:\/\/tara.rs\/wp-content\/uploads\/2023\/06\/apartmani-centar-bajina-basta-smestaj-2-11-210x210.jpg 210w, https:\/\/tara.rs\/wp-content\/uploads\/2023\/06\/apartmani-centar-bajina-basta-smestaj-2-11-600x600.jpg 600w\" sizes=\"(max-width: 150px) 100vw, 150px\" \/><\/a>\n\t\t\t<\/dt><\/dl><dl class='gallery-item'>\n\t\t\t<dt class='gallery-icon landscape'>\n\t\t\t\t<a href='https:\/\/tara.rs\/wp-content\/uploads\/2023\/06\/apartmani-centar-bajina-basta-smestaj-2-13.jpg' title=\"\" data-rl_title=\"\" class=\"rl-gallery-link\" data-rl_caption=\"\" data-rel=\"lightbox-gallery-4\"><img loading=\"lazy\" decoding=\"async\" width=\"150\" height=\"150\" src=\"https:\/\/tara.rs\/wp-content\/uploads\/2023\/06\/apartmani-centar-bajina-basta-smestaj-2-13-150x150.jpg\" class=\"attachment-thumbnail size-thumbnail\" alt=\"\" srcset=\"https:\/\/tara.rs\/wp-content\/uploads\/2023\/06\/apartmani-centar-bajina-basta-smestaj-2-13-150x150.jpg 150w, https:\/\/tara.rs\/wp-content\/uploads\/2023\/06\/apartmani-centar-bajina-basta-smestaj-2-13-210x210.jpg 210w, https:\/\/tara.rs\/wp-content\/uploads\/2023\/06\/apartmani-centar-bajina-basta-smestaj-2-13-600x600.jpg 600w\" sizes=\"(max-width: 150px) 100vw, 150px\" \/><\/a>\n\t\t\t<\/dt><\/dl><br style=\"clear: both\" \/>\n\t\t<\/div>\n\n<p style=\"text-align: center;\"><strong>APARTMAN 5<\/strong><\/p>\n\n\t\t<style type=\"text\/css\">\n\t\t\t#gallery-5 {\n\t\t\t\tmargin: auto;\n\t\t\t}\n\t\t\t#gallery-5 .gallery-item {\n\t\t\t\tfloat: left;\n\t\t\t\tmargin-top: 10px;\n\t\t\t\ttext-align: center;\n\t\t\t\twidth: 20%;\n\t\t\t}\n\t\t\t#gallery-5 img {\n\t\t\t\tborder: 2px solid #cfcfcf;\n\t\t\t}\n\t\t\t#gallery-5 .gallery-caption {\n\t\t\t\tmargin-left: 0;\n\t\t\t}\n\t\t\t\/* see gallery_shortcode() in wp-includes\/media.php *\/\n\t\t<\/style>\n\t\t<div id='gallery-5' class='gallery galleryid-66417 gallery-columns-5 gallery-size-thumbnail'><dl class='gallery-item'>\n\t\t\t<dt class='gallery-icon landscape'>\n\t\t\t\t<a href='https:\/\/tara.rs\/wp-content\/uploads\/2023\/06\/apartmani-centar-bajina-basta-smestaj-5-10.jpg' title=\"\" data-rl_title=\"\" class=\"rl-gallery-link\" data-rl_caption=\"\" data-rel=\"lightbox-gallery-5\"><img loading=\"lazy\" decoding=\"async\" width=\"150\" height=\"150\" src=\"https:\/\/tara.rs\/wp-content\/uploads\/2023\/06\/apartmani-centar-bajina-basta-smestaj-5-10-150x150.jpg\" class=\"attachment-thumbnail size-thumbnail\" alt=\"\" srcset=\"https:\/\/tara.rs\/wp-content\/uploads\/2023\/06\/apartmani-centar-bajina-basta-smestaj-5-10-150x150.jpg 150w, https:\/\/tara.rs\/wp-content\/uploads\/2023\/06\/apartmani-centar-bajina-basta-smestaj-5-10-210x210.jpg 210w, https:\/\/tara.rs\/wp-content\/uploads\/2023\/06\/apartmani-centar-bajina-basta-smestaj-5-10-600x600.jpg 600w\" sizes=\"(max-width: 150px) 100vw, 150px\" \/><\/a>\n\t\t\t<\/dt><\/dl><dl class='gallery-item'>\n\t\t\t<dt class='gallery-icon landscape'>\n\t\t\t\t<a href='https:\/\/tara.rs\/wp-content\/uploads\/2023\/06\/apartmani-centar-bajina-basta-smestaj-5-12.jpg' title=\"\" data-rl_title=\"\" class=\"rl-gallery-link\" data-rl_caption=\"\" data-rel=\"lightbox-gallery-5\"><img loading=\"lazy\" decoding=\"async\" width=\"150\" height=\"150\" src=\"https:\/\/tara.rs\/wp-content\/uploads\/2023\/06\/apartmani-centar-bajina-basta-smestaj-5-12-150x150.jpg\" class=\"attachment-thumbnail size-thumbnail\" alt=\"\" srcset=\"https:\/\/tara.rs\/wp-content\/uploads\/2023\/06\/apartmani-centar-bajina-basta-smestaj-5-12-150x150.jpg 150w, https:\/\/tara.rs\/wp-content\/uploads\/2023\/06\/apartmani-centar-bajina-basta-smestaj-5-12-210x210.jpg 210w, https:\/\/tara.rs\/wp-content\/uploads\/2023\/06\/apartmani-centar-bajina-basta-smestaj-5-12-600x600.jpg 600w\" sizes=\"(max-width: 150px) 100vw, 150px\" \/><\/a>\n\t\t\t<\/dt><\/dl><dl class='gallery-item'>\n\t\t\t<dt class='gallery-icon landscape'>\n\t\t\t\t<a href='https:\/\/tara.rs\/wp-content\/uploads\/2023\/06\/apartmani-centar-bajina-basta-smestaj-5-8.jpg' title=\"\" data-rl_title=\"\" class=\"rl-gallery-link\" data-rl_caption=\"\" data-rel=\"lightbox-gallery-5\"><img loading=\"lazy\" decoding=\"async\" width=\"150\" height=\"150\" src=\"https:\/\/tara.rs\/wp-content\/uploads\/2023\/06\/apartmani-centar-bajina-basta-smestaj-5-8-150x150.jpg\" class=\"attachment-thumbnail size-thumbnail\" alt=\"\" srcset=\"https:\/\/tara.rs\/wp-content\/uploads\/2023\/06\/apartmani-centar-bajina-basta-smestaj-5-8-150x150.jpg 150w, https:\/\/tara.rs\/wp-content\/uploads\/2023\/06\/apartmani-centar-bajina-basta-smestaj-5-8-210x210.jpg 210w, https:\/\/tara.rs\/wp-content\/uploads\/2023\/06\/apartmani-centar-bajina-basta-smestaj-5-8-600x600.jpg 600w\" sizes=\"(max-width: 150px) 100vw, 150px\" \/><\/a>\n\t\t\t<\/dt><\/dl><dl class='gallery-item'>\n\t\t\t<dt class='gallery-icon landscape'>\n\t\t\t\t<a href='https:\/\/tara.rs\/wp-content\/uploads\/2023\/06\/apartmani-centar-bajina-basta-smestaj-5-11.jpg' title=\"\" data-rl_title=\"\" class=\"rl-gallery-link\" data-rl_caption=\"\" data-rel=\"lightbox-gallery-5\"><img loading=\"lazy\" decoding=\"async\" width=\"150\" height=\"150\" src=\"https:\/\/tara.rs\/wp-content\/uploads\/2023\/06\/apartmani-centar-bajina-basta-smestaj-5-11-150x150.jpg\" class=\"attachment-thumbnail size-thumbnail\" alt=\"\" srcset=\"https:\/\/tara.rs\/wp-content\/uploads\/2023\/06\/apartmani-centar-bajina-basta-smestaj-5-11-150x150.jpg 150w, https:\/\/tara.rs\/wp-content\/uploads\/2023\/06\/apartmani-centar-bajina-basta-smestaj-5-11-210x210.jpg 210w, https:\/\/tara.rs\/wp-content\/uploads\/2023\/06\/apartmani-centar-bajina-basta-smestaj-5-11-600x600.jpg 600w\" sizes=\"(max-width: 150px) 100vw, 150px\" \/><\/a>\n\t\t\t<\/dt><\/dl><dl class='gallery-item'>\n\t\t\t<dt class='gallery-icon landscape'>\n\t\t\t\t<a href='https:\/\/tara.rs\/wp-content\/uploads\/2023\/06\/apartmani-centar-bajina-basta-smestaj-5-9.jpg' title=\"\" data-rl_title=\"\" class=\"rl-gallery-link\" data-rl_caption=\"\" data-rel=\"lightbox-gallery-5\"><img loading=\"lazy\" decoding=\"async\" width=\"150\" height=\"150\" src=\"https:\/\/tara.rs\/wp-content\/uploads\/2023\/06\/apartmani-centar-bajina-basta-smestaj-5-9-150x150.jpg\" class=\"attachment-thumbnail size-thumbnail\" alt=\"\" srcset=\"https:\/\/tara.rs\/wp-content\/uploads\/2023\/06\/apartmani-centar-bajina-basta-smestaj-5-9-150x150.jpg 150w, https:\/\/tara.rs\/wp-content\/uploads\/2023\/06\/apartmani-centar-bajina-basta-smestaj-5-9-210x210.jpg 210w, https:\/\/tara.rs\/wp-content\/uploads\/2023\/06\/apartmani-centar-bajina-basta-smestaj-5-9-600x600.jpg 600w\" sizes=\"(max-width: 150px) 100vw, 150px\" \/><\/a>\n\t\t\t<\/dt><\/dl><br style=\"clear: both\" \/><dl class='gallery-item'>\n\t\t\t<dt class='gallery-icon landscape'>\n\t\t\t\t<a href='https:\/\/tara.rs\/wp-content\/uploads\/2023\/06\/apartmani-centar-bajina-basta-smestaj-5-5.jpg' title=\"\" data-rl_title=\"\" class=\"rl-gallery-link\" data-rl_caption=\"\" data-rel=\"lightbox-gallery-5\"><img loading=\"lazy\" decoding=\"async\" width=\"150\" height=\"150\" src=\"https:\/\/tara.rs\/wp-content\/uploads\/2023\/06\/apartmani-centar-bajina-basta-smestaj-5-5-150x150.jpg\" class=\"attachment-thumbnail size-thumbnail\" alt=\"\" srcset=\"https:\/\/tara.rs\/wp-content\/uploads\/2023\/06\/apartmani-centar-bajina-basta-smestaj-5-5-150x150.jpg 150w, https:\/\/tara.rs\/wp-content\/uploads\/2023\/06\/apartmani-centar-bajina-basta-smestaj-5-5-210x210.jpg 210w, https:\/\/tara.rs\/wp-content\/uploads\/2023\/06\/apartmani-centar-bajina-basta-smestaj-5-5-600x600.jpg 600w\" sizes=\"(max-width: 150px) 100vw, 150px\" \/><\/a>\n\t\t\t<\/dt><\/dl><dl class='gallery-item'>\n\t\t\t<dt class='gallery-icon landscape'>\n\t\t\t\t<a href='https:\/\/tara.rs\/wp-content\/uploads\/2023\/06\/apartmani-centar-bajina-basta-smestaj-5-6.jpg' title=\"\" data-rl_title=\"\" class=\"rl-gallery-link\" data-rl_caption=\"\" data-rel=\"lightbox-gallery-5\"><img loading=\"lazy\" decoding=\"async\" width=\"150\" height=\"150\" src=\"https:\/\/tara.rs\/wp-content\/uploads\/2023\/06\/apartmani-centar-bajina-basta-smestaj-5-6-150x150.jpg\" class=\"attachment-thumbnail size-thumbnail\" alt=\"\" srcset=\"https:\/\/tara.rs\/wp-content\/uploads\/2023\/06\/apartmani-centar-bajina-basta-smestaj-5-6-150x150.jpg 150w, https:\/\/tara.rs\/wp-content\/uploads\/2023\/06\/apartmani-centar-bajina-basta-smestaj-5-6-210x210.jpg 210w, https:\/\/tara.rs\/wp-content\/uploads\/2023\/06\/apartmani-centar-bajina-basta-smestaj-5-6-600x600.jpg 600w\" sizes=\"(max-width: 150px) 100vw, 150px\" \/><\/a>\n\t\t\t<\/dt><\/dl><dl class='gallery-item'>\n\t\t\t<dt class='gallery-icon landscape'>\n\t\t\t\t<a href='https:\/\/tara.rs\/wp-content\/uploads\/2023\/06\/apartmani-centar-bajina-basta-smestaj-5-7.jpg' title=\"\" data-rl_title=\"\" class=\"rl-gallery-link\" data-rl_caption=\"\" data-rel=\"lightbox-gallery-5\"><img loading=\"lazy\" decoding=\"async\" width=\"150\" height=\"150\" src=\"https:\/\/tara.rs\/wp-content\/uploads\/2023\/06\/apartmani-centar-bajina-basta-smestaj-5-7-150x150.jpg\" class=\"attachment-thumbnail size-thumbnail\" alt=\"\" srcset=\"https:\/\/tara.rs\/wp-content\/uploads\/2023\/06\/apartmani-centar-bajina-basta-smestaj-5-7-150x150.jpg 150w, https:\/\/tara.rs\/wp-content\/uploads\/2023\/06\/apartmani-centar-bajina-basta-smestaj-5-7-210x210.jpg 210w, https:\/\/tara.rs\/wp-content\/uploads\/2023\/06\/apartmani-centar-bajina-basta-smestaj-5-7-600x600.jpg 600w\" sizes=\"(max-width: 150px) 100vw, 150px\" \/><\/a>\n\t\t\t<\/dt><\/dl><dl class='gallery-item'>\n\t\t\t<dt class='gallery-icon landscape'>\n\t\t\t\t<a href='https:\/\/tara.rs\/wp-content\/uploads\/2023\/06\/apartmani-centar-bajina-basta-smestaj-5-1.jpg' title=\"\" data-rl_title=\"\" class=\"rl-gallery-link\" data-rl_caption=\"\" data-rel=\"lightbox-gallery-5\"><img loading=\"lazy\" decoding=\"async\" width=\"150\" height=\"150\" src=\"https:\/\/tara.rs\/wp-content\/uploads\/2023\/06\/apartmani-centar-bajina-basta-smestaj-5-1-150x150.jpg\" class=\"attachment-thumbnail size-thumbnail\" alt=\"\" srcset=\"https:\/\/tara.rs\/wp-content\/uploads\/2023\/06\/apartmani-centar-bajina-basta-smestaj-5-1-150x150.jpg 150w, https:\/\/tara.rs\/wp-content\/uploads\/2023\/06\/apartmani-centar-bajina-basta-smestaj-5-1-210x210.jpg 210w, https:\/\/tara.rs\/wp-content\/uploads\/2023\/06\/apartmani-centar-bajina-basta-smestaj-5-1-600x600.jpg 600w\" sizes=\"(max-width: 150px) 100vw, 150px\" \/><\/a>\n\t\t\t<\/dt><\/dl><dl class='gallery-item'>\n\t\t\t<dt class='gallery-icon landscape'>\n\t\t\t\t<a href='https:\/\/tara.rs\/wp-content\/uploads\/2023\/06\/apartmani-centar-bajina-basta-smestaj-5-2.jpg' title=\"\" data-rl_title=\"\" class=\"rl-gallery-link\" data-rl_caption=\"\" data-rel=\"lightbox-gallery-5\"><img loading=\"lazy\" decoding=\"async\" width=\"150\" height=\"150\" src=\"https:\/\/tara.rs\/wp-content\/uploads\/2023\/06\/apartmani-centar-bajina-basta-smestaj-5-2-150x150.jpg\" class=\"attachment-thumbnail size-thumbnail\" alt=\"\" srcset=\"https:\/\/tara.rs\/wp-content\/uploads\/2023\/06\/apartmani-centar-bajina-basta-smestaj-5-2-150x150.jpg 150w, https:\/\/tara.rs\/wp-content\/uploads\/2023\/06\/apartmani-centar-bajina-basta-smestaj-5-2-210x210.jpg 210w, https:\/\/tara.rs\/wp-content\/uploads\/2023\/06\/apartmani-centar-bajina-basta-smestaj-5-2-600x600.jpg 600w\" sizes=\"(max-width: 150px) 100vw, 150px\" \/><\/a>\n\t\t\t<\/dt><\/dl><br style=\"clear: both\" \/>\n\t\t<\/div>\n\n<p style=\"text-align: center;\"><strong>APARTMAN 6<\/strong><\/p>\n\n\t\t<style type=\"text\/css\">\n\t\t\t#gallery-6 {\n\t\t\t\tmargin: auto;\n\t\t\t}\n\t\t\t#gallery-6 .gallery-item {\n\t\t\t\tfloat: left;\n\t\t\t\tmargin-top: 10px;\n\t\t\t\ttext-align: center;\n\t\t\t\twidth: 20%;\n\t\t\t}\n\t\t\t#gallery-6 img {\n\t\t\t\tborder: 2px solid #cfcfcf;\n\t\t\t}\n\t\t\t#gallery-6 .gallery-caption {\n\t\t\t\tmargin-left: 0;\n\t\t\t}\n\t\t\t\/* see gallery_shortcode() in wp-includes\/media.php *\/\n\t\t<\/style>\n\t\t<div id='gallery-6' class='gallery galleryid-66417 gallery-columns-5 gallery-size-thumbnail'><dl class='gallery-item'>\n\t\t\t<dt class='gallery-icon landscape'>\n\t\t\t\t<a href='https:\/\/tara.rs\/wp-content\/uploads\/2023\/06\/apartmani-centar-bajina-basta-smestaj-6-15.jpg' title=\"\" data-rl_title=\"\" class=\"rl-gallery-link\" data-rl_caption=\"\" data-rel=\"lightbox-gallery-6\"><img loading=\"lazy\" decoding=\"async\" width=\"150\" height=\"150\" src=\"https:\/\/tara.rs\/wp-content\/uploads\/2023\/06\/apartmani-centar-bajina-basta-smestaj-6-15-150x150.jpg\" class=\"attachment-thumbnail size-thumbnail\" alt=\"\" srcset=\"https:\/\/tara.rs\/wp-content\/uploads\/2023\/06\/apartmani-centar-bajina-basta-smestaj-6-15-150x150.jpg 150w, https:\/\/tara.rs\/wp-content\/uploads\/2023\/06\/apartmani-centar-bajina-basta-smestaj-6-15-210x210.jpg 210w, https:\/\/tara.rs\/wp-content\/uploads\/2023\/06\/apartmani-centar-bajina-basta-smestaj-6-15-600x600.jpg 600w\" sizes=\"(max-width: 150px) 100vw, 150px\" \/><\/a>\n\t\t\t<\/dt><\/dl><dl class='gallery-item'>\n\t\t\t<dt class='gallery-icon landscape'>\n\t\t\t\t<a href='https:\/\/tara.rs\/wp-content\/uploads\/2023\/06\/apartmani-centar-bajina-basta-smestaj-6-2.jpg' title=\"\" data-rl_title=\"\" class=\"rl-gallery-link\" data-rl_caption=\"\" data-rel=\"lightbox-gallery-6\"><img loading=\"lazy\" decoding=\"async\" width=\"150\" height=\"150\" src=\"https:\/\/tara.rs\/wp-content\/uploads\/2023\/06\/apartmani-centar-bajina-basta-smestaj-6-2-150x150.jpg\" class=\"attachment-thumbnail size-thumbnail\" alt=\"\" srcset=\"https:\/\/tara.rs\/wp-content\/uploads\/2023\/06\/apartmani-centar-bajina-basta-smestaj-6-2-150x150.jpg 150w, https:\/\/tara.rs\/wp-content\/uploads\/2023\/06\/apartmani-centar-bajina-basta-smestaj-6-2-210x210.jpg 210w, https:\/\/tara.rs\/wp-content\/uploads\/2023\/06\/apartmani-centar-bajina-basta-smestaj-6-2-600x600.jpg 600w\" sizes=\"(max-width: 150px) 100vw, 150px\" \/><\/a>\n\t\t\t<\/dt><\/dl><dl class='gallery-item'>\n\t\t\t<dt class='gallery-icon landscape'>\n\t\t\t\t<a href='https:\/\/tara.rs\/wp-content\/uploads\/2023\/06\/apartmani-centar-bajina-basta-smestaj-6-6.jpg' title=\"\" data-rl_title=\"\" class=\"rl-gallery-link\" data-rl_caption=\"\" data-rel=\"lightbox-gallery-6\"><img loading=\"lazy\" decoding=\"async\" width=\"150\" height=\"150\" src=\"https:\/\/tara.rs\/wp-content\/uploads\/2023\/06\/apartmani-centar-bajina-basta-smestaj-6-6-150x150.jpg\" class=\"attachment-thumbnail size-thumbnail\" alt=\"\" srcset=\"https:\/\/tara.rs\/wp-content\/uploads\/2023\/06\/apartmani-centar-bajina-basta-smestaj-6-6-150x150.jpg 150w, https:\/\/tara.rs\/wp-content\/uploads\/2023\/06\/apartmani-centar-bajina-basta-smestaj-6-6-210x210.jpg 210w, https:\/\/tara.rs\/wp-content\/uploads\/2023\/06\/apartmani-centar-bajina-basta-smestaj-6-6-600x600.jpg 600w\" sizes=\"(max-width: 150px) 100vw, 150px\" \/><\/a>\n\t\t\t<\/dt><\/dl><dl class='gallery-item'>\n\t\t\t<dt class='gallery-icon landscape'>\n\t\t\t\t<a href='https:\/\/tara.rs\/wp-content\/uploads\/2023\/06\/apartmani-centar-bajina-basta-smestaj-6-1.jpg' title=\"\" data-rl_title=\"\" class=\"rl-gallery-link\" data-rl_caption=\"\" data-rel=\"lightbox-gallery-6\"><img loading=\"lazy\" decoding=\"async\" width=\"150\" height=\"150\" src=\"https:\/\/tara.rs\/wp-content\/uploads\/2023\/06\/apartmani-centar-bajina-basta-smestaj-6-1-150x150.jpg\" class=\"attachment-thumbnail size-thumbnail\" alt=\"\" srcset=\"https:\/\/tara.rs\/wp-content\/uploads\/2023\/06\/apartmani-centar-bajina-basta-smestaj-6-1-150x150.jpg 150w, https:\/\/tara.rs\/wp-content\/uploads\/2023\/06\/apartmani-centar-bajina-basta-smestaj-6-1-210x210.jpg 210w, https:\/\/tara.rs\/wp-content\/uploads\/2023\/06\/apartmani-centar-bajina-basta-smestaj-6-1-600x600.jpg 600w\" sizes=\"(max-width: 150px) 100vw, 150px\" \/><\/a>\n\t\t\t<\/dt><\/dl><dl class='gallery-item'>\n\t\t\t<dt class='gallery-icon landscape'>\n\t\t\t\t<a href='https:\/\/tara.rs\/wp-content\/uploads\/2023\/06\/apartmani-centar-bajina-basta-smestaj-6-9.jpg' title=\"\" data-rl_title=\"\" class=\"rl-gallery-link\" data-rl_caption=\"\" data-rel=\"lightbox-gallery-6\"><img loading=\"lazy\" decoding=\"async\" width=\"150\" height=\"150\" src=\"https:\/\/tara.rs\/wp-content\/uploads\/2023\/06\/apartmani-centar-bajina-basta-smestaj-6-9-150x150.jpg\" class=\"attachment-thumbnail size-thumbnail\" alt=\"\" srcset=\"https:\/\/tara.rs\/wp-content\/uploads\/2023\/06\/apartmani-centar-bajina-basta-smestaj-6-9-150x150.jpg 150w, https:\/\/tara.rs\/wp-content\/uploads\/2023\/06\/apartmani-centar-bajina-basta-smestaj-6-9-210x210.jpg 210w, https:\/\/tara.rs\/wp-content\/uploads\/2023\/06\/apartmani-centar-bajina-basta-smestaj-6-9-600x600.jpg 600w\" sizes=\"(max-width: 150px) 100vw, 150px\" \/><\/a>\n\t\t\t<\/dt><\/dl><br style=\"clear: both\" \/><dl class='gallery-item'>\n\t\t\t<dt class='gallery-icon landscape'>\n\t\t\t\t<a href='https:\/\/tara.rs\/wp-content\/uploads\/2023\/06\/apartmani-centar-bajina-basta-smestaj-6-4.jpg' title=\"\" data-rl_title=\"\" class=\"rl-gallery-link\" data-rl_caption=\"\" data-rel=\"lightbox-gallery-6\"><img loading=\"lazy\" decoding=\"async\" width=\"150\" height=\"150\" src=\"https:\/\/tara.rs\/wp-content\/uploads\/2023\/06\/apartmani-centar-bajina-basta-smestaj-6-4-150x150.jpg\" class=\"attachment-thumbnail size-thumbnail\" alt=\"\" srcset=\"https:\/\/tara.rs\/wp-content\/uploads\/2023\/06\/apartmani-centar-bajina-basta-smestaj-6-4-150x150.jpg 150w, https:\/\/tara.rs\/wp-content\/uploads\/2023\/06\/apartmani-centar-bajina-basta-smestaj-6-4-210x210.jpg 210w, https:\/\/tara.rs\/wp-content\/uploads\/2023\/06\/apartmani-centar-bajina-basta-smestaj-6-4-600x600.jpg 600w\" sizes=\"(max-width: 150px) 100vw, 150px\" \/><\/a>\n\t\t\t<\/dt><\/dl><dl class='gallery-item'>\n\t\t\t<dt class='gallery-icon landscape'>\n\t\t\t\t<a href='https:\/\/tara.rs\/wp-content\/uploads\/2023\/06\/apartmani-centar-bajina-basta-smestaj-6-8.jpg' title=\"\" data-rl_title=\"\" class=\"rl-gallery-link\" data-rl_caption=\"\" data-rel=\"lightbox-gallery-6\"><img loading=\"lazy\" decoding=\"async\" width=\"150\" height=\"150\" src=\"https:\/\/tara.rs\/wp-content\/uploads\/2023\/06\/apartmani-centar-bajina-basta-smestaj-6-8-150x150.jpg\" class=\"attachment-thumbnail size-thumbnail\" alt=\"\" srcset=\"https:\/\/tara.rs\/wp-content\/uploads\/2023\/06\/apartmani-centar-bajina-basta-smestaj-6-8-150x150.jpg 150w, https:\/\/tara.rs\/wp-content\/uploads\/2023\/06\/apartmani-centar-bajina-basta-smestaj-6-8-210x210.jpg 210w, https:\/\/tara.rs\/wp-content\/uploads\/2023\/06\/apartmani-centar-bajina-basta-smestaj-6-8-600x600.jpg 600w\" sizes=\"(max-width: 150px) 100vw, 150px\" \/><\/a>\n\t\t\t<\/dt><\/dl><dl class='gallery-item'>\n\t\t\t<dt class='gallery-icon landscape'>\n\t\t\t\t<a href='https:\/\/tara.rs\/wp-content\/uploads\/2023\/06\/apartmani-centar-bajina-basta-smestaj-6-5.jpg' title=\"\" data-rl_title=\"\" class=\"rl-gallery-link\" data-rl_caption=\"\" data-rel=\"lightbox-gallery-6\"><img loading=\"lazy\" decoding=\"async\" width=\"150\" height=\"150\" src=\"https:\/\/tara.rs\/wp-content\/uploads\/2023\/06\/apartmani-centar-bajina-basta-smestaj-6-5-150x150.jpg\" class=\"attachment-thumbnail size-thumbnail\" alt=\"\" srcset=\"https:\/\/tara.rs\/wp-content\/uploads\/2023\/06\/apartmani-centar-bajina-basta-smestaj-6-5-150x150.jpg 150w, https:\/\/tara.rs\/wp-content\/uploads\/2023\/06\/apartmani-centar-bajina-basta-smestaj-6-5-210x210.jpg 210w, https:\/\/tara.rs\/wp-content\/uploads\/2023\/06\/apartmani-centar-bajina-basta-smestaj-6-5-600x600.jpg 600w\" sizes=\"(max-width: 150px) 100vw, 150px\" \/><\/a>\n\t\t\t<\/dt><\/dl><dl class='gallery-item'>\n\t\t\t<dt class='gallery-icon landscape'>\n\t\t\t\t<a href='https:\/\/tara.rs\/wp-content\/uploads\/2023\/06\/apartmani-centar-bajina-basta-smestaj-6-10.jpg' title=\"\" data-rl_title=\"\" class=\"rl-gallery-link\" data-rl_caption=\"\" data-rel=\"lightbox-gallery-6\"><img loading=\"lazy\" decoding=\"async\" width=\"150\" height=\"150\" src=\"https:\/\/tara.rs\/wp-content\/uploads\/2023\/06\/apartmani-centar-bajina-basta-smestaj-6-10-150x150.jpg\" class=\"attachment-thumbnail size-thumbnail\" alt=\"\" srcset=\"https:\/\/tara.rs\/wp-content\/uploads\/2023\/06\/apartmani-centar-bajina-basta-smestaj-6-10-150x150.jpg 150w, https:\/\/tara.rs\/wp-content\/uploads\/2023\/06\/apartmani-centar-bajina-basta-smestaj-6-10-210x210.jpg 210w, https:\/\/tara.rs\/wp-content\/uploads\/2023\/06\/apartmani-centar-bajina-basta-smestaj-6-10-600x600.jpg 600w\" sizes=\"(max-width: 150px) 100vw, 150px\" \/><\/a>\n\t\t\t<\/dt><\/dl><dl class='gallery-item'>\n\t\t\t<dt class='gallery-icon landscape'>\n\t\t\t\t<a href='https:\/\/tara.rs\/wp-content\/uploads\/2023\/06\/apartmani-centar-bajina-basta-smestaj-6-11.jpg' title=\"\" data-rl_title=\"\" class=\"rl-gallery-link\" data-rl_caption=\"\" data-rel=\"lightbox-gallery-6\"><img loading=\"lazy\" decoding=\"async\" width=\"150\" height=\"150\" src=\"https:\/\/tara.rs\/wp-content\/uploads\/2023\/06\/apartmani-centar-bajina-basta-smestaj-6-11-150x150.jpg\" class=\"attachment-thumbnail size-thumbnail\" alt=\"\" srcset=\"https:\/\/tara.rs\/wp-content\/uploads\/2023\/06\/apartmani-centar-bajina-basta-smestaj-6-11-150x150.jpg 150w, https:\/\/tara.rs\/wp-content\/uploads\/2023\/06\/apartmani-centar-bajina-basta-smestaj-6-11-210x210.jpg 210w, https:\/\/tara.rs\/wp-content\/uploads\/2023\/06\/apartmani-centar-bajina-basta-smestaj-6-11-600x600.jpg 600w\" sizes=\"(max-width: 150px) 100vw, 150px\" \/><\/a>\n\t\t\t<\/dt><\/dl><br style=\"clear: both\" \/><dl class='gallery-item'>\n\t\t\t<dt class='gallery-icon landscape'>\n\t\t\t\t<a href='https:\/\/tara.rs\/wp-content\/uploads\/2023\/06\/apartmani-centar-bajina-basta-smestaj-6-13.jpg' title=\"\" data-rl_title=\"\" class=\"rl-gallery-link\" data-rl_caption=\"\" data-rel=\"lightbox-gallery-6\"><img loading=\"lazy\" decoding=\"async\" width=\"150\" height=\"150\" src=\"https:\/\/tara.rs\/wp-content\/uploads\/2023\/06\/apartmani-centar-bajina-basta-smestaj-6-13-150x150.jpg\" class=\"attachment-thumbnail size-thumbnail\" alt=\"\" srcset=\"https:\/\/tara.rs\/wp-content\/uploads\/2023\/06\/apartmani-centar-bajina-basta-smestaj-6-13-150x150.jpg 150w, https:\/\/tara.rs\/wp-content\/uploads\/2023\/06\/apartmani-centar-bajina-basta-smestaj-6-13-210x210.jpg 210w, https:\/\/tara.rs\/wp-content\/uploads\/2023\/06\/apartmani-centar-bajina-basta-smestaj-6-13-600x600.jpg 600w\" sizes=\"(max-width: 150px) 100vw, 150px\" \/><\/a>\n\t\t\t<\/dt><\/dl><dl class='gallery-item'>\n\t\t\t<dt class='gallery-icon landscape'>\n\t\t\t\t<a href='https:\/\/tara.rs\/wp-content\/uploads\/2023\/06\/apartmani-centar-bajina-basta-smestaj-6-14.jpg' title=\"\" data-rl_title=\"\" class=\"rl-gallery-link\" data-rl_caption=\"\" data-rel=\"lightbox-gallery-6\"><img loading=\"lazy\" decoding=\"async\" width=\"150\" height=\"150\" src=\"https:\/\/tara.rs\/wp-content\/uploads\/2023\/06\/apartmani-centar-bajina-basta-smestaj-6-14-150x150.jpg\" class=\"attachment-thumbnail size-thumbnail\" alt=\"\" srcset=\"https:\/\/tara.rs\/wp-content\/uploads\/2023\/06\/apartmani-centar-bajina-basta-smestaj-6-14-150x150.jpg 150w, https:\/\/tara.rs\/wp-content\/uploads\/2023\/06\/apartmani-centar-bajina-basta-smestaj-6-14-210x210.jpg 210w, https:\/\/tara.rs\/wp-content\/uploads\/2023\/06\/apartmani-centar-bajina-basta-smestaj-6-14-600x600.jpg 600w\" sizes=\"(max-width: 150px) 100vw, 150px\" \/><\/a>\n\t\t\t<\/dt><\/dl><dl class='gallery-item'>\n\t\t\t<dt class='gallery-icon landscape'>\n\t\t\t\t<a href='https:\/\/tara.rs\/wp-content\/uploads\/2023\/06\/apartmani-centar-bajina-basta-smestaj-6-17.jpg' title=\"\" data-rl_title=\"\" class=\"rl-gallery-link\" data-rl_caption=\"\" data-rel=\"lightbox-gallery-6\"><img loading=\"lazy\" decoding=\"async\" width=\"150\" height=\"150\" src=\"https:\/\/tara.rs\/wp-content\/uploads\/2023\/06\/apartmani-centar-bajina-basta-smestaj-6-17-150x150.jpg\" class=\"attachment-thumbnail size-thumbnail\" alt=\"\" srcset=\"https:\/\/tara.rs\/wp-content\/uploads\/2023\/06\/apartmani-centar-bajina-basta-smestaj-6-17-150x150.jpg 150w, https:\/\/tara.rs\/wp-content\/uploads\/2023\/06\/apartmani-centar-bajina-basta-smestaj-6-17-210x210.jpg 210w, https:\/\/tara.rs\/wp-content\/uploads\/2023\/06\/apartmani-centar-bajina-basta-smestaj-6-17-600x600.jpg 600w\" sizes=\"(max-width: 150px) 100vw, 150px\" \/><\/a>\n\t\t\t<\/dt><\/dl><dl class='gallery-item'>\n\t\t\t<dt class='gallery-icon landscape'>\n\t\t\t\t<a href='https:\/\/tara.rs\/wp-content\/uploads\/2023\/06\/apartmani-centar-bajina-basta-smestaj-6-18.jpg' title=\"\" data-rl_title=\"\" class=\"rl-gallery-link\" data-rl_caption=\"\" data-rel=\"lightbox-gallery-6\"><img loading=\"lazy\" decoding=\"async\" width=\"150\" height=\"150\" src=\"https:\/\/tara.rs\/wp-content\/uploads\/2023\/06\/apartmani-centar-bajina-basta-smestaj-6-18-150x150.jpg\" class=\"attachment-thumbnail size-thumbnail\" alt=\"\" srcset=\"https:\/\/tara.rs\/wp-content\/uploads\/2023\/06\/apartmani-centar-bajina-basta-smestaj-6-18-150x150.jpg 150w, https:\/\/tara.rs\/wp-content\/uploads\/2023\/06\/apartmani-centar-bajina-basta-smestaj-6-18-210x210.jpg 210w, https:\/\/tara.rs\/wp-content\/uploads\/2023\/06\/apartmani-centar-bajina-basta-smestaj-6-18-600x600.jpg 600w\" sizes=\"(max-width: 150px) 100vw, 150px\" \/><\/a>\n\t\t\t<\/dt><\/dl><dl class='gallery-item'>\n\t\t\t<dt class='gallery-icon landscape'>\n\t\t\t\t<a href='https:\/\/tara.rs\/wp-content\/uploads\/2023\/06\/apartmani-centar-bajina-basta-smestaj-6-19.jpg' title=\"\" data-rl_title=\"\" class=\"rl-gallery-link\" data-rl_caption=\"\" data-rel=\"lightbox-gallery-6\"><img loading=\"lazy\" decoding=\"async\" width=\"150\" height=\"150\" src=\"https:\/\/tara.rs\/wp-content\/uploads\/2023\/06\/apartmani-centar-bajina-basta-smestaj-6-19-150x150.jpg\" class=\"attachment-thumbnail size-thumbnail\" alt=\"\" srcset=\"https:\/\/tara.rs\/wp-content\/uploads\/2023\/06\/apartmani-centar-bajina-basta-smestaj-6-19-150x150.jpg 150w, https:\/\/tara.rs\/wp-content\/uploads\/2023\/06\/apartmani-centar-bajina-basta-smestaj-6-19-210x210.jpg 210w, https:\/\/tara.rs\/wp-content\/uploads\/2023\/06\/apartmani-centar-bajina-basta-smestaj-6-19-600x600.jpg 600w\" sizes=\"(max-width: 150px) 100vw, 150px\" \/><\/a>\n\t\t\t<\/dt><\/dl><br style=\"clear: both\" \/>\n\t\t<\/div>\n\n<p style=\"text-align: center;\"><strong>HODNIK<\/strong><\/p>\n\n\t\t<style type=\"text\/css\">\n\t\t\t#gallery-7 {\n\t\t\t\tmargin: auto;\n\t\t\t}\n\t\t\t#gallery-7 .gallery-item {\n\t\t\t\tfloat: left;\n\t\t\t\tmargin-top: 10px;\n\t\t\t\ttext-align: center;\n\t\t\t\twidth: 20%;\n\t\t\t}\n\t\t\t#gallery-7 img {\n\t\t\t\tborder: 2px solid #cfcfcf;\n\t\t\t}\n\t\t\t#gallery-7 .gallery-caption {\n\t\t\t\tmargin-left: 0;\n\t\t\t}\n\t\t\t\/* see gallery_shortcode() in wp-includes\/media.php *\/\n\t\t<\/style>\n\t\t<div id='gallery-7' class='gallery galleryid-66417 gallery-columns-5 gallery-size-thumbnail'><dl class='gallery-item'>\n\t\t\t<dt class='gallery-icon portrait'>\n\t\t\t\t<a href='https:\/\/tara.rs\/wp-content\/uploads\/2023\/06\/apartmani-centar-bajina-basta-smestaj-b-2.jpg' title=\"\" data-rl_title=\"\" class=\"rl-gallery-link\" data-rl_caption=\"\" data-rel=\"lightbox-gallery-7\"><img loading=\"lazy\" decoding=\"async\" width=\"150\" height=\"150\" src=\"https:\/\/tara.rs\/wp-content\/uploads\/2023\/06\/apartmani-centar-bajina-basta-smestaj-b-2-150x150.jpg\" class=\"attachment-thumbnail size-thumbnail\" alt=\"\" srcset=\"https:\/\/tara.rs\/wp-content\/uploads\/2023\/06\/apartmani-centar-bajina-basta-smestaj-b-2-150x150.jpg 150w, https:\/\/tara.rs\/wp-content\/uploads\/2023\/06\/apartmani-centar-bajina-basta-smestaj-b-2-210x210.jpg 210w\" sizes=\"(max-width: 150px) 100vw, 150px\" \/><\/a>\n\t\t\t<\/dt><\/dl><dl class='gallery-item'>\n\t\t\t<dt class='gallery-icon landscape'>\n\t\t\t\t<a href='https:\/\/tara.rs\/wp-content\/uploads\/2023\/06\/apartmani-centar-bajina-basta-smestaj-b-3.jpg' title=\"\" data-rl_title=\"\" class=\"rl-gallery-link\" data-rl_caption=\"\" data-rel=\"lightbox-gallery-7\"><img loading=\"lazy\" decoding=\"async\" width=\"150\" height=\"150\" src=\"https:\/\/tara.rs\/wp-content\/uploads\/2023\/06\/apartmani-centar-bajina-basta-smestaj-b-3-150x150.jpg\" class=\"attachment-thumbnail size-thumbnail\" alt=\"\" srcset=\"https:\/\/tara.rs\/wp-content\/uploads\/2023\/06\/apartmani-centar-bajina-basta-smestaj-b-3-150x150.jpg 150w, https:\/\/tara.rs\/wp-content\/uploads\/2023\/06\/apartmani-centar-bajina-basta-smestaj-b-3-210x210.jpg 210w, https:\/\/tara.rs\/wp-content\/uploads\/2023\/06\/apartmani-centar-bajina-basta-smestaj-b-3-600x600.jpg 600w\" sizes=\"(max-width: 150px) 100vw, 150px\" \/><\/a>\n\t\t\t<\/dt><\/dl><dl class='gallery-item'>\n\t\t\t<dt class='gallery-icon landscape'>\n\t\t\t\t<a href='https:\/\/tara.rs\/wp-content\/uploads\/2023\/06\/apartmani-centar-bajina-basta-smestaj-b-4.jpg' title=\"\" data-rl_title=\"\" class=\"rl-gallery-link\" data-rl_caption=\"\" data-rel=\"lightbox-gallery-7\"><img loading=\"lazy\" decoding=\"async\" width=\"150\" height=\"150\" src=\"https:\/\/tara.rs\/wp-content\/uploads\/2023\/06\/apartmani-centar-bajina-basta-smestaj-b-4-150x150.jpg\" class=\"attachment-thumbnail size-thumbnail\" alt=\"\" srcset=\"https:\/\/tara.rs\/wp-content\/uploads\/2023\/06\/apartmani-centar-bajina-basta-smestaj-b-4-150x150.jpg 150w, https:\/\/tara.rs\/wp-content\/uploads\/2023\/06\/apartmani-centar-bajina-basta-smestaj-b-4-210x210.jpg 210w, https:\/\/tara.rs\/wp-content\/uploads\/2023\/06\/apartmani-centar-bajina-basta-smestaj-b-4-600x600.jpg 600w\" sizes=\"(max-width: 150px) 100vw, 150px\" \/><\/a>\n\t\t\t<\/dt><\/dl><dl class='gallery-item'>\n\t\t\t<dt class='gallery-icon portrait'>\n\t\t\t\t<a href='https:\/\/tara.rs\/wp-content\/uploads\/2023\/06\/apartmani-centar-bajina-basta-smestaj-b-5.jpg' title=\"\" data-rl_title=\"\" class=\"rl-gallery-link\" data-rl_caption=\"\" data-rel=\"lightbox-gallery-7\"><img loading=\"lazy\" decoding=\"async\" width=\"150\" height=\"150\" src=\"https:\/\/tara.rs\/wp-content\/uploads\/2023\/06\/apartmani-centar-bajina-basta-smestaj-b-5-150x150.jpg\" class=\"attachment-thumbnail size-thumbnail\" alt=\"\" srcset=\"https:\/\/tara.rs\/wp-content\/uploads\/2023\/06\/apartmani-centar-bajina-basta-smestaj-b-5-150x150.jpg 150w, https:\/\/tara.rs\/wp-content\/uploads\/2023\/06\/apartmani-centar-bajina-basta-smestaj-b-5-210x210.jpg 210w\" sizes=\"(max-width: 150px) 100vw, 150px\" \/><\/a>\n\t\t\t<\/dt><\/dl><dl class='gallery-item'>\n\t\t\t<dt class='gallery-icon landscape'>\n\t\t\t\t<a href='https:\/\/tara.rs\/wp-content\/uploads\/2023\/06\/apartmani-centar-bajina-basta-smestaj-b-6.jpg' title=\"\" data-rl_title=\"\" class=\"rl-gallery-link\" data-rl_caption=\"\" data-rel=\"lightbox-gallery-7\"><img loading=\"lazy\" decoding=\"async\" width=\"150\" height=\"150\" src=\"https:\/\/tara.rs\/wp-content\/uploads\/2023\/06\/apartmani-centar-bajina-basta-smestaj-b-6-150x150.jpg\" class=\"attachment-thumbnail size-thumbnail\" alt=\"\" srcset=\"https:\/\/tara.rs\/wp-content\/uploads\/2023\/06\/apartmani-centar-bajina-basta-smestaj-b-6-150x150.jpg 150w, https:\/\/tara.rs\/wp-content\/uploads\/2023\/06\/apartmani-centar-bajina-basta-smestaj-b-6-210x210.jpg 210w, https:\/\/tara.rs\/wp-content\/uploads\/2023\/06\/apartmani-centar-bajina-basta-smestaj-b-6-600x600.jpg 600w\" sizes=\"(max-width: 150px) 100vw, 150px\" \/><\/a>\n\t\t\t<\/dt><\/dl><br style=\"clear: both\" \/>\n\t\t<\/div>\n\n<p style=\"text-align: center;\"><a href=\"https:\/\/www.instagram.com\/thedunjaconcept\/\" target=\"_blank\" rel=\"noopener\"><img loading=\"lazy\" decoding=\"async\" class=\"aligncenter wp-image-36022\" src=\"https:\/\/tara.rs\/wp-content\/uploads\/2021\/03\/instagram-tara-planina.jpg\" alt=\"\" width=\"50\" height=\"49\" \/><\/a><\/p>\n<p><\/p>","protected":false},"excerpt":{"rendered":"<p>Apartmani DUNJIN SAN se nalaze\u00a0u centru Bajine Ba\u0161te, pru\u017eaju\u0107i gostima izvanredan sme\u0161taj u neposrednoj blizini glavnih turisti\u010dkih atrakcija ovog kraja. Lokacija je idealna za sve tipove odmora &#8211; bilo da dolazite sami, sa porodicom, ili organizujete team building doga\u0111aj. Sme\u0161tajni kapacitet \u010dini \u0161est modernih apartmana, kapaciteta od dve do \u010detiri osobe, savr\u0161eno prilago\u0111enih za opu\u0161tanje&#8230;<\/p>\n","protected":false},"author":1,"featured_media":66422,"parent":0,"menu_order":0,"comment_status":"closed","ping_status":"closed","template":"","objekat-osobina":[2,9,269,3],"Objekat - top":[301],"osobina - lokacija":[246],"objekat - status":[],"class_list":["post-66417","property","type-property","status-publish","has-post-thumbnail","hentry","property-feature-internet","property-feature-tv-satelitska-televizija","property-feature-klima","property-feature-centralno-grejanje","property-type-apartmani-b-basta","property-city-drina-bajina-basta"],"yoast_head":"<!-- This site is optimized with the Yoast SEO plugin v25.3 - https:\/\/yoast.com\/wordpress\/plugins\/seo\/ -->\n<title>APARTMANI DUNJIN SAN - SME\u0160TAJ NA TARI - Vikendice, apartmani, brvnare, planinske ku\u0107e, hoteli...<\/title>\n<meta name=\"robots\" content=\"index, follow, max-snippet:-1, max-image-preview:large, max-video-preview:-1\" \/>\n<link rel=\"canonical\" href=\"https:\/\/tara.rs\/sr\/objekat\/apartmani-dunjin-san\/\" \/>\n<meta property=\"og:locale\" content=\"sr_RS\" \/>\n<meta property=\"og:type\" content=\"article\" \/>\n<meta property=\"og:title\" content=\"APARTMANI CENTAR- SME\u0160TAJ U BAJINOJ BA\u0160TI\" \/>\n<meta property=\"og:description\" content=\"Apartmani se nalaze u centru Bajine Ba\u0161te, pru\u017eaju\u0107i gostima izvanredan sme\u0161taj u neposrednoj blizini glavnih turisti\u010dkih atrakcija ovog kraja. Lokacija je idealna za sve tipove odmora - bilo da dolazite sami, sa porodicom, ili organizujete team building doga\u0111aj.\" \/>\n<meta property=\"og:url\" content=\"https:\/\/tara.rs\/sr\/objekat\/apartmani-dunjin-san\/\" \/>\n<meta property=\"og:site_name\" content=\"SME\u0160TAJ NA TARI - Vikendice, apartmani, brvnare, planinske ku\u0107e, hoteli...\" \/>\n<meta property=\"article:modified_time\" content=\"2026-04-08T08:16:55+00:00\" \/>\n<meta property=\"og:image\" content=\"https:\/\/tara.rs\/wp-content\/uploads\/2024\/01\/apartmani-centar-smestaj-u-bajinoj-basti-t.jpg\" \/>\n\t<meta property=\"og:image:width\" content=\"1067\" \/>\n\t<meta property=\"og:image:height\" content=\"588\" \/>\n\t<meta property=\"og:image:type\" content=\"image\/jpeg\" \/>\n<meta name=\"twitter:card\" content=\"summary_large_image\" \/>\n<meta name=\"twitter:label1\" content=\"\u041f\u0440\u043e\u0446\u0435\u045a\u0435\u043d\u043e \u0432\u0440\u0435\u043c\u0435 \u0447\u0438\u0442\u0430\u045a\u0430\" \/>\n\t<meta name=\"twitter:data1\" content=\"2 \u043c\u0438\u043d\u0443\u0442\u0430\" \/>\n<script type=\"application\/ld+json\" class=\"yoast-schema-graph\">{\"@context\":\"https:\/\/schema.org\",\"@graph\":[{\"@type\":\"WebPage\",\"@id\":\"https:\/\/tara.rs\/sr\/objekat\/apartmani-dunjin-san\/\",\"url\":\"https:\/\/tara.rs\/sr\/objekat\/apartmani-dunjin-san\/\",\"name\":\"APARTMANI DUNJIN SAN - SME\u0160TAJ NA TARI - Vikendice, apartmani, brvnare, planinske ku\u0107e, hoteli...\",\"isPartOf\":{\"@id\":\"https:\/\/tara.rs\/sr\/#website\"},\"primaryImageOfPage\":{\"@id\":\"https:\/\/tara.rs\/sr\/objekat\/apartmani-dunjin-san\/#primaryimage\"},\"image\":{\"@id\":\"https:\/\/tara.rs\/sr\/objekat\/apartmani-dunjin-san\/#primaryimage\"},\"thumbnailUrl\":\"https:\/\/tara.rs\/wp-content\/uploads\/2023\/06\/apartmani-centar-bajina-basta-smestaj-4.jpg\",\"datePublished\":\"2024-01-04T13:06:13+00:00\",\"dateModified\":\"2026-04-08T08:16:55+00:00\",\"breadcrumb\":{\"@id\":\"https:\/\/tara.rs\/sr\/objekat\/apartmani-dunjin-san\/#breadcrumb\"},\"inLanguage\":\"sr-RS\",\"potentialAction\":[{\"@type\":\"ReadAction\",\"target\":[\"https:\/\/tara.rs\/sr\/objekat\/apartmani-dunjin-san\/\"]}]},{\"@type\":\"ImageObject\",\"inLanguage\":\"sr-RS\",\"@id\":\"https:\/\/tara.rs\/sr\/objekat\/apartmani-dunjin-san\/#primaryimage\",\"url\":\"https:\/\/tara.rs\/wp-content\/uploads\/2023\/06\/apartmani-centar-bajina-basta-smestaj-4.jpg\",\"contentUrl\":\"https:\/\/tara.rs\/wp-content\/uploads\/2023\/06\/apartmani-centar-bajina-basta-smestaj-4.jpg\",\"width\":900,\"height\":600},{\"@type\":\"BreadcrumbList\",\"@id\":\"https:\/\/tara.rs\/sr\/objekat\/apartmani-dunjin-san\/#breadcrumb\",\"itemListElement\":[{\"@type\":\"ListItem\",\"position\":1,\"name\":\"Properties\",\"item\":\"https:\/\/tara.rs\/sr\/objekat\/\"},{\"@type\":\"ListItem\",\"position\":2,\"name\":\"APARTMANI DUNJIN SAN\"}]},{\"@type\":\"WebSite\",\"@id\":\"https:\/\/tara.rs\/sr\/#website\",\"url\":\"https:\/\/tara.rs\/sr\/\",\"name\":\"SME\u0160TAJ NA TARI - Vikendice, apartmani, brvnare, planinske ku\u0107e, hoteli...\",\"description\":\"350 + OBJEKATA ZA SME\u0160TAJ NA TARI\",\"publisher\":{\"@id\":\"https:\/\/tara.rs\/sr\/#organization\"},\"alternateName\":\"TARA.RS - 450 + Objekata za sme\u0161aj\",\"potentialAction\":[{\"@type\":\"SearchAction\",\"target\":{\"@type\":\"EntryPoint\",\"urlTemplate\":\"https:\/\/tara.rs\/sr\/?s={search_term_string}\"},\"query-input\":{\"@type\":\"PropertyValueSpecification\",\"valueRequired\":true,\"valueName\":\"search_term_string\"}}],\"inLanguage\":\"sr-RS\"},{\"@type\":\"Organization\",\"@id\":\"https:\/\/tara.rs\/sr\/#organization\",\"name\":\"SME\u0160TAJ NA TARI - Vikendice, apartmani, brvnare, planinske ku\u0107e, hoteli...\",\"url\":\"https:\/\/tara.rs\/sr\/\",\"logo\":{\"@type\":\"ImageObject\",\"inLanguage\":\"sr-RS\",\"@id\":\"https:\/\/tara.rs\/sr\/#\/schema\/logo\/image\/\",\"url\":\"https:\/\/tara.rs\/wp-content\/uploads\/2026\/01\/tara-rs-logo-sajt-2.png\",\"contentUrl\":\"https:\/\/tara.rs\/wp-content\/uploads\/2026\/01\/tara-rs-logo-sajt-2.png\",\"width\":280,\"height\":100,\"caption\":\"SME\u0160TAJ NA TARI - Vikendice, apartmani, brvnare, planinske ku\u0107e, hoteli...\"},\"image\":{\"@id\":\"https:\/\/tara.rs\/sr\/#\/schema\/logo\/image\/\"}}]}<\/script>\n<!-- \/ Yoast SEO plugin. -->","yoast_head_json":{"title":"APARTMANI DUNJIN SAN - SME\u0160TAJ NA TARI - Vikendice, apartmani, brvnare, planinske ku\u0107e, hoteli...","robots":{"index":"index","follow":"follow","max-snippet":"max-snippet:-1","max-image-preview":"max-image-preview:large","max-video-preview":"max-video-preview:-1"},"canonical":"https:\/\/tara.rs\/sr\/objekat\/apartmani-dunjin-san\/","og_locale":"sr_RS","og_type":"article","og_title":"APARTMANI CENTAR- SME\u0160TAJ U BAJINOJ BA\u0160TI","og_description":"Apartmani se nalaze u centru Bajine Ba\u0161te, pru\u017eaju\u0107i gostima izvanredan sme\u0161taj u neposrednoj blizini glavnih turisti\u010dkih atrakcija ovog kraja. Lokacija je idealna za sve tipove odmora - bilo da dolazite sami, sa porodicom, ili organizujete team building doga\u0111aj.","og_url":"https:\/\/tara.rs\/sr\/objekat\/apartmani-dunjin-san\/","og_site_name":"SME\u0160TAJ NA TARI - Vikendice, apartmani, brvnare, planinske ku\u0107e, hoteli...","article_modified_time":"2026-04-08T08:16:55+00:00","og_image":[{"width":1067,"height":588,"url":"https:\/\/tara.rs\/wp-content\/uploads\/2024\/01\/apartmani-centar-smestaj-u-bajinoj-basti-t.jpg","type":"image\/jpeg"}],"twitter_card":"summary_large_image","twitter_misc":{"\u041f\u0440\u043e\u0446\u0435\u045a\u0435\u043d\u043e \u0432\u0440\u0435\u043c\u0435 \u0447\u0438\u0442\u0430\u045a\u0430":"2 \u043c\u0438\u043d\u0443\u0442\u0430"},"schema":{"@context":"https:\/\/schema.org","@graph":[{"@type":"WebPage","@id":"https:\/\/tara.rs\/sr\/objekat\/apartmani-dunjin-san\/","url":"https:\/\/tara.rs\/sr\/objekat\/apartmani-dunjin-san\/","name":"APARTMANI DUNJIN SAN - SME\u0160TAJ NA TARI - Vikendice, apartmani, brvnare, planinske ku\u0107e, hoteli...","isPartOf":{"@id":"https:\/\/tara.rs\/sr\/#website"},"primaryImageOfPage":{"@id":"https:\/\/tara.rs\/sr\/objekat\/apartmani-dunjin-san\/#primaryimage"},"image":{"@id":"https:\/\/tara.rs\/sr\/objekat\/apartmani-dunjin-san\/#primaryimage"},"thumbnailUrl":"https:\/\/tara.rs\/wp-content\/uploads\/2023\/06\/apartmani-centar-bajina-basta-smestaj-4.jpg","datePublished":"2024-01-04T13:06:13+00:00","dateModified":"2026-04-08T08:16:55+00:00","breadcrumb":{"@id":"https:\/\/tara.rs\/sr\/objekat\/apartmani-dunjin-san\/#breadcrumb"},"inLanguage":"sr-RS","potentialAction":[{"@type":"ReadAction","target":["https:\/\/tara.rs\/sr\/objekat\/apartmani-dunjin-san\/"]}]},{"@type":"ImageObject","inLanguage":"sr-RS","@id":"https:\/\/tara.rs\/sr\/objekat\/apartmani-dunjin-san\/#primaryimage","url":"https:\/\/tara.rs\/wp-content\/uploads\/2023\/06\/apartmani-centar-bajina-basta-smestaj-4.jpg","contentUrl":"https:\/\/tara.rs\/wp-content\/uploads\/2023\/06\/apartmani-centar-bajina-basta-smestaj-4.jpg","width":900,"height":600},{"@type":"BreadcrumbList","@id":"https:\/\/tara.rs\/sr\/objekat\/apartmani-dunjin-san\/#breadcrumb","itemListElement":[{"@type":"ListItem","position":1,"name":"Properties","item":"https:\/\/tara.rs\/sr\/objekat\/"},{"@type":"ListItem","position":2,"name":"APARTMANI DUNJIN SAN"}]},{"@type":"WebSite","@id":"https:\/\/tara.rs\/sr\/#website","url":"https:\/\/tara.rs\/sr\/","name":"SME\u0160TAJ NA TARI - Vikendice, apartmani, brvnare, planinske ku\u0107e, hoteli...","description":"350 + OBJEKATA ZA SME\u0160TAJ NA TARI","publisher":{"@id":"https:\/\/tara.rs\/sr\/#organization"},"alternateName":"TARA.RS - 450 + Objekata za sme\u0161aj","potentialAction":[{"@type":"SearchAction","target":{"@type":"EntryPoint","urlTemplate":"https:\/\/tara.rs\/sr\/?s={search_term_string}"},"query-input":{"@type":"PropertyValueSpecification","valueRequired":true,"valueName":"search_term_string"}}],"inLanguage":"sr-RS"},{"@type":"Organization","@id":"https:\/\/tara.rs\/sr\/#organization","name":"SME\u0160TAJ NA TARI - Vikendice, apartmani, brvnare, planinske ku\u0107e, hoteli...","url":"https:\/\/tara.rs\/sr\/","logo":{"@type":"ImageObject","inLanguage":"sr-RS","@id":"https:\/\/tara.rs\/sr\/#\/schema\/logo\/image\/","url":"https:\/\/tara.rs\/wp-content\/uploads\/2026\/01\/tara-rs-logo-sajt-2.png","contentUrl":"https:\/\/tara.rs\/wp-content\/uploads\/2026\/01\/tara-rs-logo-sajt-2.png","width":280,"height":100,"caption":"SME\u0160TAJ NA TARI - Vikendice, apartmani, brvnare, planinske ku\u0107e, hoteli..."},"image":{"@id":"https:\/\/tara.rs\/sr\/#\/schema\/logo\/image\/"}}]}},"property_meta":{"REAL_HOMES_property_price":"35","REAL_HOMES_property_old_price":"","REAL_HOMES_property_price_prefix":"Od","REAL_HOMES_property_price_postfix":"Apartman \/ Dan","REAL_HOMES_property_size":"","REAL_HOMES_property_size_postfix":"","REAL_HOMES_property_lot_size":"","REAL_HOMES_property_lot_size_postfix":"","REAL_HOMES_property_bedrooms":"","REAL_HOMES_property_bathrooms":"","REAL_HOMES_property_garage":"","REAL_HOMES_property_id":"","REAL_HOMES_property_year_built":"","REAL_HOMES_featured":"0","REAL_HOMES_additional_details_list":[],"REAL_HOMES_property_location":{"latitude":"43.971586749696","longitude":"19.565518498421","zoom":"18"},"REAL_HOMES_property_address":"Bajina Ba\u0161ta, Srbija","REAL_HOMES_property_map":"0","REAL_HOMES_property_images":[{"width":150,"height":150,"file":"2023\/06\/apartmani-centar-bajina-basta-smestaj-3.jpg","filesize":70692,"sizes":{"medium":{"file":"apartmani-centar-bajina-basta-smestaj-3-300x200.jpg","width":300,"height":200,"mime-type":"image\/jpeg","filesize":12147,"url":"https:\/\/tara.rs\/wp-content\/uploads\/2023\/06\/apartmani-centar-bajina-basta-smestaj-3-300x200.jpg"},"thumbnail":{"file":"apartmani-centar-bajina-basta-smestaj-3-150x150.jpg","width":150,"height":150,"mime-type":"image\/jpeg","filesize":5472,"url":"https:\/\/tara.rs\/wp-content\/uploads\/2023\/06\/apartmani-centar-bajina-basta-smestaj-3-150x150.jpg"},"medium_large":{"file":"apartmani-centar-bajina-basta-smestaj-3-768x512.jpg","width":768,"height":512,"mime-type":"image\/jpeg","filesize":46665,"url":"https:\/\/tara.rs\/wp-content\/uploads\/2023\/06\/apartmani-centar-bajina-basta-smestaj-3-768x512.jpg"},"post-thumbnail":{"file":"apartmani-centar-bajina-basta-smestaj-3-150x100.jpg","width":150,"height":100,"mime-type":"image\/jpeg","filesize":4719,"url":"https:\/\/tara.rs\/wp-content\/uploads\/2023\/06\/apartmani-centar-bajina-basta-smestaj-3-150x100.jpg"},"modern-property-child-slider":{"file":"apartmani-centar-bajina-basta-smestaj-3-680x510.jpg","width":680,"height":510,"mime-type":"image\/jpeg","filesize":40781,"url":"https:\/\/tara.rs\/wp-content\/uploads\/2023\/06\/apartmani-centar-bajina-basta-smestaj-3-680x510.jpg"},"property-thumb-image":{"file":"apartmani-centar-bajina-basta-smestaj-3-488x326.jpg","width":488,"height":326,"mime-type":"image\/jpeg","filesize":24240,"url":"https:\/\/tara.rs\/wp-content\/uploads\/2023\/06\/apartmani-centar-bajina-basta-smestaj-3-488x326.jpg"},"property-detail-video-image":{"file":"apartmani-centar-bajina-basta-smestaj-3-818x417.jpg","width":818,"height":417,"mime-type":"image\/jpeg","filesize":42481,"url":"https:\/\/tara.rs\/wp-content\/uploads\/2023\/06\/apartmani-centar-bajina-basta-smestaj-3-818x417.jpg"},"agent-image":{"file":"apartmani-centar-bajina-basta-smestaj-3-210x210.jpg","width":210,"height":210,"mime-type":"image\/jpeg","filesize":8729,"url":"https:\/\/tara.rs\/wp-content\/uploads\/2023\/06\/apartmani-centar-bajina-basta-smestaj-3-210x210.jpg"},"partners-logo":{"file":"apartmani-centar-bajina-basta-smestaj-3-600x600.jpg","width":600,"height":600,"mime-type":"image\/jpeg","filesize":41162,"url":"https:\/\/tara.rs\/wp-content\/uploads\/2023\/06\/apartmani-centar-bajina-basta-smestaj-3-600x600.jpg"}},"image_meta":{"aperture":"0","credit":"","camera":"","caption":"","created_timestamp":"0","copyright":"","focal_length":"0","iso":"0","shutter_speed":"0","title":"","orientation":"0","keywords":[]},"ID":"66421","name":"apartmani-centar-bajina-basta-smestaj-3.jpg","path":"\/home\/tarars\/public_html\/wp-content\/uploads\/2023\/06\/apartmani-centar-bajina-basta-smestaj-3.jpg","url":"https:\/\/tara.rs\/wp-content\/uploads\/2023\/06\/apartmani-centar-bajina-basta-smestaj-3-150x150.jpg","full_url":"https:\/\/tara.rs\/wp-content\/uploads\/2023\/06\/apartmani-centar-bajina-basta-smestaj-3.jpg","title":"apartmani-centar-bajina-basta-smestaj (3)","caption":"","description":"","alt":"","srcset":"https:\/\/tara.rs\/wp-content\/uploads\/2023\/06\/apartmani-centar-bajina-basta-smestaj-3-150x150.jpg 150w, https:\/\/tara.rs\/wp-content\/uploads\/2023\/06\/apartmani-centar-bajina-basta-smestaj-3-210x210.jpg 210w, https:\/\/tara.rs\/wp-content\/uploads\/2023\/06\/apartmani-centar-bajina-basta-smestaj-3-600x600.jpg 600w"},{"width":150,"height":150,"file":"2023\/06\/apartmani-centar-bajina-basta-smestaj-6-10.jpg","filesize":73694,"sizes":{"medium":{"file":"apartmani-centar-bajina-basta-smestaj-6-10-300x200.jpg","width":300,"height":200,"mime-type":"image\/jpeg","filesize":11160,"url":"https:\/\/tara.rs\/wp-content\/uploads\/2023\/06\/apartmani-centar-bajina-basta-smestaj-6-10-300x200.jpg"},"thumbnail":{"file":"apartmani-centar-bajina-basta-smestaj-6-10-150x150.jpg","width":150,"height":150,"mime-type":"image\/jpeg","filesize":5462,"url":"https:\/\/tara.rs\/wp-content\/uploads\/2023\/06\/apartmani-centar-bajina-basta-smestaj-6-10-150x150.jpg"},"medium_large":{"file":"apartmani-centar-bajina-basta-smestaj-6-10-768x512.jpg","width":768,"height":512,"mime-type":"image\/jpeg","filesize":47970,"url":"https:\/\/tara.rs\/wp-content\/uploads\/2023\/06\/apartmani-centar-bajina-basta-smestaj-6-10-768x512.jpg"},"post-thumbnail":{"file":"apartmani-centar-bajina-basta-smestaj-6-10-150x100.jpg","width":150,"height":100,"mime-type":"image\/jpeg","filesize":4166,"url":"https:\/\/tara.rs\/wp-content\/uploads\/2023\/06\/apartmani-centar-bajina-basta-smestaj-6-10-150x100.jpg"},"modern-property-child-slider":{"file":"apartmani-centar-bajina-basta-smestaj-6-10-680x510.jpg","width":680,"height":510,"mime-type":"image\/jpeg","filesize":43880,"url":"https:\/\/tara.rs\/wp-content\/uploads\/2023\/06\/apartmani-centar-bajina-basta-smestaj-6-10-680x510.jpg"},"property-thumb-image":{"file":"apartmani-centar-bajina-basta-smestaj-6-10-488x326.jpg","width":488,"height":326,"mime-type":"image\/jpeg","filesize":23770,"url":"https:\/\/tara.rs\/wp-content\/uploads\/2023\/06\/apartmani-centar-bajina-basta-smestaj-6-10-488x326.jpg"},"property-detail-video-image":{"file":"apartmani-centar-bajina-basta-smestaj-6-10-818x417.jpg","width":818,"height":417,"mime-type":"image\/jpeg","filesize":43971,"url":"https:\/\/tara.rs\/wp-content\/uploads\/2023\/06\/apartmani-centar-bajina-basta-smestaj-6-10-818x417.jpg"},"agent-image":{"file":"apartmani-centar-bajina-basta-smestaj-6-10-210x210.jpg","width":210,"height":210,"mime-type":"image\/jpeg","filesize":9013,"url":"https:\/\/tara.rs\/wp-content\/uploads\/2023\/06\/apartmani-centar-bajina-basta-smestaj-6-10-210x210.jpg"},"partners-logo":{"file":"apartmani-centar-bajina-basta-smestaj-6-10-600x600.jpg","width":600,"height":600,"mime-type":"image\/jpeg","filesize":49897,"url":"https:\/\/tara.rs\/wp-content\/uploads\/2023\/06\/apartmani-centar-bajina-basta-smestaj-6-10-600x600.jpg"}},"image_meta":{"aperture":"0","credit":"","camera":"","caption":"","created_timestamp":"0","copyright":"","focal_length":"0","iso":"0","shutter_speed":"0","title":"","orientation":"0","keywords":[]},"ID":"66467","name":"apartmani-centar-bajina-basta-smestaj-6-10.jpg","path":"\/home\/tarars\/public_html\/wp-content\/uploads\/2023\/06\/apartmani-centar-bajina-basta-smestaj-6-10.jpg","url":"https:\/\/tara.rs\/wp-content\/uploads\/2023\/06\/apartmani-centar-bajina-basta-smestaj-6-10-150x150.jpg","full_url":"https:\/\/tara.rs\/wp-content\/uploads\/2023\/06\/apartmani-centar-bajina-basta-smestaj-6-10.jpg","title":"apartmani-centar-bajina-basta-smestaj-6 (10)","caption":"","description":"","alt":"","srcset":"https:\/\/tara.rs\/wp-content\/uploads\/2023\/06\/apartmani-centar-bajina-basta-smestaj-6-10-150x150.jpg 150w, https:\/\/tara.rs\/wp-content\/uploads\/2023\/06\/apartmani-centar-bajina-basta-smestaj-6-10-210x210.jpg 210w, https:\/\/tara.rs\/wp-content\/uploads\/2023\/06\/apartmani-centar-bajina-basta-smestaj-6-10-600x600.jpg 600w"},{"width":150,"height":150,"file":"2023\/06\/apartmani-centar-bajina-basta-smestaj-2-4.jpg","filesize":97076,"sizes":{"medium":{"file":"apartmani-centar-bajina-basta-smestaj-2-4-300x200.jpg","width":300,"height":200,"mime-type":"image\/jpeg","filesize":15198,"url":"https:\/\/tara.rs\/wp-content\/uploads\/2023\/06\/apartmani-centar-bajina-basta-smestaj-2-4-300x200.jpg"},"thumbnail":{"file":"apartmani-centar-bajina-basta-smestaj-2-4-150x150.jpg","width":150,"height":150,"mime-type":"image\/jpeg","filesize":7065,"url":"https:\/\/tara.rs\/wp-content\/uploads\/2023\/06\/apartmani-centar-bajina-basta-smestaj-2-4-150x150.jpg"},"medium_large":{"file":"apartmani-centar-bajina-basta-smestaj-2-4-768x512.jpg","width":768,"height":512,"mime-type":"image\/jpeg","filesize":63373,"url":"https:\/\/tara.rs\/wp-content\/uploads\/2023\/06\/apartmani-centar-bajina-basta-smestaj-2-4-768x512.jpg"},"post-thumbnail":{"file":"apartmani-centar-bajina-basta-smestaj-2-4-150x100.jpg","width":150,"height":100,"mime-type":"image\/jpeg","filesize":5453,"url":"https:\/\/tara.rs\/wp-content\/uploads\/2023\/06\/apartmani-centar-bajina-basta-smestaj-2-4-150x100.jpg"},"modern-property-child-slider":{"file":"apartmani-centar-bajina-basta-smestaj-2-4-680x510.jpg","width":680,"height":510,"mime-type":"image\/jpeg","filesize":57009,"url":"https:\/\/tara.rs\/wp-content\/uploads\/2023\/06\/apartmani-centar-bajina-basta-smestaj-2-4-680x510.jpg"},"property-thumb-image":{"file":"apartmani-centar-bajina-basta-smestaj-2-4-488x326.jpg","width":488,"height":326,"mime-type":"image\/jpeg","filesize":31419,"url":"https:\/\/tara.rs\/wp-content\/uploads\/2023\/06\/apartmani-centar-bajina-basta-smestaj-2-4-488x326.jpg"},"property-detail-video-image":{"file":"apartmani-centar-bajina-basta-smestaj-2-4-818x417.jpg","width":818,"height":417,"mime-type":"image\/jpeg","filesize":56359,"url":"https:\/\/tara.rs\/wp-content\/uploads\/2023\/06\/apartmani-centar-bajina-basta-smestaj-2-4-818x417.jpg"},"agent-image":{"file":"apartmani-centar-bajina-basta-smestaj-2-4-210x210.jpg","width":210,"height":210,"mime-type":"image\/jpeg","filesize":11681,"url":"https:\/\/tara.rs\/wp-content\/uploads\/2023\/06\/apartmani-centar-bajina-basta-smestaj-2-4-210x210.jpg"},"partners-logo":{"file":"apartmani-centar-bajina-basta-smestaj-2-4-600x600.jpg","width":600,"height":600,"mime-type":"image\/jpeg","filesize":64615,"url":"https:\/\/tara.rs\/wp-content\/uploads\/2023\/06\/apartmani-centar-bajina-basta-smestaj-2-4-600x600.jpg"}},"image_meta":{"aperture":"0","credit":"","camera":"","caption":"","created_timestamp":"0","copyright":"","focal_length":"0","iso":"0","shutter_speed":"0","title":"","orientation":"0","keywords":[]},"ID":"66441","name":"apartmani-centar-bajina-basta-smestaj-2-4.jpg","path":"\/home\/tarars\/public_html\/wp-content\/uploads\/2023\/06\/apartmani-centar-bajina-basta-smestaj-2-4.jpg","url":"https:\/\/tara.rs\/wp-content\/uploads\/2023\/06\/apartmani-centar-bajina-basta-smestaj-2-4-150x150.jpg","full_url":"https:\/\/tara.rs\/wp-content\/uploads\/2023\/06\/apartmani-centar-bajina-basta-smestaj-2-4.jpg","title":"apartmani-centar-bajina-basta-smestaj-2 (4)","caption":"","description":"","alt":"","srcset":"https:\/\/tara.rs\/wp-content\/uploads\/2023\/06\/apartmani-centar-bajina-basta-smestaj-2-4-150x150.jpg 150w, https:\/\/tara.rs\/wp-content\/uploads\/2023\/06\/apartmani-centar-bajina-basta-smestaj-2-4-210x210.jpg 210w, https:\/\/tara.rs\/wp-content\/uploads\/2023\/06\/apartmani-centar-bajina-basta-smestaj-2-4-600x600.jpg 600w"},{"width":150,"height":150,"file":"2023\/06\/apartmani-centar-bajina-basta-smestaj-1-11.jpg","filesize":75278,"sizes":{"medium":{"file":"apartmani-centar-bajina-basta-smestaj-1-11-300x198.jpg","width":300,"height":198,"mime-type":"image\/jpeg","filesize":11504,"url":"https:\/\/tara.rs\/wp-content\/uploads\/2023\/06\/apartmani-centar-bajina-basta-smestaj-1-11-300x198.jpg"},"thumbnail":{"file":"apartmani-centar-bajina-basta-smestaj-1-11-150x150.jpg","width":150,"height":150,"mime-type":"image\/jpeg","filesize":5379,"url":"https:\/\/tara.rs\/wp-content\/uploads\/2023\/06\/apartmani-centar-bajina-basta-smestaj-1-11-150x150.jpg"},"medium_large":{"file":"apartmani-centar-bajina-basta-smestaj-1-11-768x508.jpg","width":768,"height":508,"mime-type":"image\/jpeg","filesize":49307,"url":"https:\/\/tara.rs\/wp-content\/uploads\/2023\/06\/apartmani-centar-bajina-basta-smestaj-1-11-768x508.jpg"},"post-thumbnail":{"file":"apartmani-centar-bajina-basta-smestaj-1-11-150x99.jpg","width":150,"height":99,"mime-type":"image\/jpeg","filesize":4254,"url":"https:\/\/tara.rs\/wp-content\/uploads\/2023\/06\/apartmani-centar-bajina-basta-smestaj-1-11-150x99.jpg"},"modern-property-child-slider":{"file":"apartmani-centar-bajina-basta-smestaj-1-11-680x510.jpg","width":680,"height":510,"mime-type":"image\/jpeg","filesize":44446,"url":"https:\/\/tara.rs\/wp-content\/uploads\/2023\/06\/apartmani-centar-bajina-basta-smestaj-1-11-680x510.jpg"},"property-thumb-image":{"file":"apartmani-centar-bajina-basta-smestaj-1-11-488x326.jpg","width":488,"height":326,"mime-type":"image\/jpeg","filesize":24369,"url":"https:\/\/tara.rs\/wp-content\/uploads\/2023\/06\/apartmani-centar-bajina-basta-smestaj-1-11-488x326.jpg"},"property-detail-video-image":{"file":"apartmani-centar-bajina-basta-smestaj-1-11-818x417.jpg","width":818,"height":417,"mime-type":"image\/jpeg","filesize":43796,"url":"https:\/\/tara.rs\/wp-content\/uploads\/2023\/06\/apartmani-centar-bajina-basta-smestaj-1-11-818x417.jpg"},"agent-image":{"file":"apartmani-centar-bajina-basta-smestaj-1-11-210x210.jpg","width":210,"height":210,"mime-type":"image\/jpeg","filesize":8883,"url":"https:\/\/tara.rs\/wp-content\/uploads\/2023\/06\/apartmani-centar-bajina-basta-smestaj-1-11-210x210.jpg"},"partners-logo":{"file":"apartmani-centar-bajina-basta-smestaj-1-11-600x595.jpg","width":600,"height":595,"mime-type":"image\/jpeg","filesize":49360,"url":"https:\/\/tara.rs\/wp-content\/uploads\/2023\/06\/apartmani-centar-bajina-basta-smestaj-1-11-600x595.jpg"}},"image_meta":{"aperture":"0","credit":"","camera":"","caption":"","created_timestamp":"0","copyright":"","focal_length":"0","iso":"0","shutter_speed":"0","title":"","orientation":"0","keywords":[]},"ID":"66437","name":"apartmani-centar-bajina-basta-smestaj-1-11.jpg","path":"\/home\/tarars\/public_html\/wp-content\/uploads\/2023\/06\/apartmani-centar-bajina-basta-smestaj-1-11.jpg","url":"https:\/\/tara.rs\/wp-content\/uploads\/2023\/06\/apartmani-centar-bajina-basta-smestaj-1-11-150x150.jpg","full_url":"https:\/\/tara.rs\/wp-content\/uploads\/2023\/06\/apartmani-centar-bajina-basta-smestaj-1-11.jpg","title":"apartmani-centar-bajina-basta-smestaj-1 (11)","caption":"","description":"","alt":"","srcset":"https:\/\/tara.rs\/wp-content\/uploads\/2023\/06\/apartmani-centar-bajina-basta-smestaj-1-11-150x150.jpg 150w, https:\/\/tara.rs\/wp-content\/uploads\/2023\/06\/apartmani-centar-bajina-basta-smestaj-1-11-210x210.jpg 210w, https:\/\/tara.rs\/wp-content\/uploads\/2023\/06\/apartmani-centar-bajina-basta-smestaj-1-11-600x595.jpg 600w"},{"width":150,"height":150,"file":"2023\/06\/apartmani-centar-bajina-basta-smestaj-5-2.jpg","filesize":84795,"sizes":{"medium":{"file":"apartmani-centar-bajina-basta-smestaj-5-2-300x200.jpg","width":300,"height":200,"mime-type":"image\/jpeg","filesize":13337,"url":"https:\/\/tara.rs\/wp-content\/uploads\/2023\/06\/apartmani-centar-bajina-basta-smestaj-5-2-300x200.jpg"},"thumbnail":{"file":"apartmani-centar-bajina-basta-smestaj-5-2-150x150.jpg","width":150,"height":150,"mime-type":"image\/jpeg","filesize":5884,"url":"https:\/\/tara.rs\/wp-content\/uploads\/2023\/06\/apartmani-centar-bajina-basta-smestaj-5-2-150x150.jpg"},"medium_large":{"file":"apartmani-centar-bajina-basta-smestaj-5-2-768x512.jpg","width":768,"height":512,"mime-type":"image\/jpeg","filesize":56103,"url":"https:\/\/tara.rs\/wp-content\/uploads\/2023\/06\/apartmani-centar-bajina-basta-smestaj-5-2-768x512.jpg"},"post-thumbnail":{"file":"apartmani-centar-bajina-basta-smestaj-5-2-150x100.jpg","width":150,"height":100,"mime-type":"image\/jpeg","filesize":4770,"url":"https:\/\/tara.rs\/wp-content\/uploads\/2023\/06\/apartmani-centar-bajina-basta-smestaj-5-2-150x100.jpg"},"modern-property-child-slider":{"file":"apartmani-centar-bajina-basta-smestaj-5-2-680x510.jpg","width":680,"height":510,"mime-type":"image\/jpeg","filesize":50025,"url":"https:\/\/tara.rs\/wp-content\/uploads\/2023\/06\/apartmani-centar-bajina-basta-smestaj-5-2-680x510.jpg"},"property-thumb-image":{"file":"apartmani-centar-bajina-basta-smestaj-5-2-488x326.jpg","width":488,"height":326,"mime-type":"image\/jpeg","filesize":28130,"url":"https:\/\/tara.rs\/wp-content\/uploads\/2023\/06\/apartmani-centar-bajina-basta-smestaj-5-2-488x326.jpg"},"property-detail-video-image":{"file":"apartmani-centar-bajina-basta-smestaj-5-2-818x417.jpg","width":818,"height":417,"mime-type":"image\/jpeg","filesize":51601,"url":"https:\/\/tara.rs\/wp-content\/uploads\/2023\/06\/apartmani-centar-bajina-basta-smestaj-5-2-818x417.jpg"},"agent-image":{"file":"apartmani-centar-bajina-basta-smestaj-5-2-210x210.jpg","width":210,"height":210,"mime-type":"image\/jpeg","filesize":9746,"url":"https:\/\/tara.rs\/wp-content\/uploads\/2023\/06\/apartmani-centar-bajina-basta-smestaj-5-2-210x210.jpg"},"partners-logo":{"file":"apartmani-centar-bajina-basta-smestaj-5-2-600x600.jpg","width":600,"height":600,"mime-type":"image\/jpeg","filesize":52447,"url":"https:\/\/tara.rs\/wp-content\/uploads\/2023\/06\/apartmani-centar-bajina-basta-smestaj-5-2-600x600.jpg"}},"image_meta":{"aperture":"0","credit":"","camera":"","caption":"","created_timestamp":"0","copyright":"","focal_length":"0","iso":"0","shutter_speed":"0","title":"","orientation":"0","keywords":[]},"ID":"66451","name":"apartmani-centar-bajina-basta-smestaj-5-2.jpg","path":"\/home\/tarars\/public_html\/wp-content\/uploads\/2023\/06\/apartmani-centar-bajina-basta-smestaj-5-2.jpg","url":"https:\/\/tara.rs\/wp-content\/uploads\/2023\/06\/apartmani-centar-bajina-basta-smestaj-5-2-150x150.jpg","full_url":"https:\/\/tara.rs\/wp-content\/uploads\/2023\/06\/apartmani-centar-bajina-basta-smestaj-5-2.jpg","title":"apartmani-centar-bajina-basta-smestaj-5 (2)","caption":"","description":"","alt":"","srcset":"https:\/\/tara.rs\/wp-content\/uploads\/2023\/06\/apartmani-centar-bajina-basta-smestaj-5-2-150x150.jpg 150w, https:\/\/tara.rs\/wp-content\/uploads\/2023\/06\/apartmani-centar-bajina-basta-smestaj-5-2-210x210.jpg 210w, https:\/\/tara.rs\/wp-content\/uploads\/2023\/06\/apartmani-centar-bajina-basta-smestaj-5-2-600x600.jpg 600w"},{"width":150,"height":150,"file":"2023\/06\/apartmani-centar-bajina-basta-smestaj-6-18.jpg","filesize":202050,"sizes":{"medium":{"file":"apartmani-centar-bajina-basta-smestaj-6-18-300x200.jpg","width":300,"height":200,"mime-type":"image\/jpeg","filesize":24212,"url":"https:\/\/tara.rs\/wp-content\/uploads\/2023\/06\/apartmani-centar-bajina-basta-smestaj-6-18-300x200.jpg"},"thumbnail":{"file":"apartmani-centar-bajina-basta-smestaj-6-18-150x150.jpg","width":150,"height":150,"mime-type":"image\/jpeg","filesize":9887,"url":"https:\/\/tara.rs\/wp-content\/uploads\/2023\/06\/apartmani-centar-bajina-basta-smestaj-6-18-150x150.jpg"},"medium_large":{"file":"apartmani-centar-bajina-basta-smestaj-6-18-768x512.jpg","width":768,"height":512,"mime-type":"image\/jpeg","filesize":122461,"url":"https:\/\/tara.rs\/wp-content\/uploads\/2023\/06\/apartmani-centar-bajina-basta-smestaj-6-18-768x512.jpg"},"post-thumbnail":{"file":"apartmani-centar-bajina-basta-smestaj-6-18-150x100.jpg","width":150,"height":100,"mime-type":"image\/jpeg","filesize":7075,"url":"https:\/\/tara.rs\/wp-content\/uploads\/2023\/06\/apartmani-centar-bajina-basta-smestaj-6-18-150x100.jpg"},"modern-property-child-slider":{"file":"apartmani-centar-bajina-basta-smestaj-6-18-680x510.jpg","width":680,"height":510,"mime-type":"image\/jpeg","filesize":110505,"url":"https:\/\/tara.rs\/wp-content\/uploads\/2023\/06\/apartmani-centar-bajina-basta-smestaj-6-18-680x510.jpg"},"property-thumb-image":{"file":"apartmani-centar-bajina-basta-smestaj-6-18-488x326.jpg","width":488,"height":326,"mime-type":"image\/jpeg","filesize":56747,"url":"https:\/\/tara.rs\/wp-content\/uploads\/2023\/06\/apartmani-centar-bajina-basta-smestaj-6-18-488x326.jpg"},"property-detail-video-image":{"file":"apartmani-centar-bajina-basta-smestaj-6-18-818x417.jpg","width":818,"height":417,"mime-type":"image\/jpeg","filesize":109938,"url":"https:\/\/tara.rs\/wp-content\/uploads\/2023\/06\/apartmani-centar-bajina-basta-smestaj-6-18-818x417.jpg"},"agent-image":{"file":"apartmani-centar-bajina-basta-smestaj-6-18-210x210.jpg","width":210,"height":210,"mime-type":"image\/jpeg","filesize":17981,"url":"https:\/\/tara.rs\/wp-content\/uploads\/2023\/06\/apartmani-centar-bajina-basta-smestaj-6-18-210x210.jpg"},"partners-logo":{"file":"apartmani-centar-bajina-basta-smestaj-6-18-600x600.jpg","width":600,"height":600,"mime-type":"image\/jpeg","filesize":126470,"url":"https:\/\/tara.rs\/wp-content\/uploads\/2023\/06\/apartmani-centar-bajina-basta-smestaj-6-18-600x600.jpg"}},"image_meta":{"aperture":"0","credit":"","camera":"","caption":"","created_timestamp":"0","copyright":"","focal_length":"0","iso":"0","shutter_speed":"0","title":"","orientation":"0","keywords":[]},"ID":"66473","name":"apartmani-centar-bajina-basta-smestaj-6-18.jpg","path":"\/home\/tarars\/public_html\/wp-content\/uploads\/2023\/06\/apartmani-centar-bajina-basta-smestaj-6-18.jpg","url":"https:\/\/tara.rs\/wp-content\/uploads\/2023\/06\/apartmani-centar-bajina-basta-smestaj-6-18-150x150.jpg","full_url":"https:\/\/tara.rs\/wp-content\/uploads\/2023\/06\/apartmani-centar-bajina-basta-smestaj-6-18.jpg","title":"apartmani-centar-bajina-basta-smestaj-6 (18)","caption":"","description":"","alt":"","srcset":"https:\/\/tara.rs\/wp-content\/uploads\/2023\/06\/apartmani-centar-bajina-basta-smestaj-6-18-150x150.jpg 150w, https:\/\/tara.rs\/wp-content\/uploads\/2023\/06\/apartmani-centar-bajina-basta-smestaj-6-18-210x210.jpg 210w, https:\/\/tara.rs\/wp-content\/uploads\/2023\/06\/apartmani-centar-bajina-basta-smestaj-6-18-600x600.jpg 600w"},{"width":150,"height":150,"file":"2023\/06\/apartmani-centar-bajina-basta-smestaj-5.jpg","filesize":73940,"sizes":{"medium":{"file":"apartmani-centar-bajina-basta-smestaj-5-300x200.jpg","width":300,"height":200,"mime-type":"image\/jpeg","filesize":11951,"url":"https:\/\/tara.rs\/wp-content\/uploads\/2023\/06\/apartmani-centar-bajina-basta-smestaj-5-300x200.jpg"},"thumbnail":{"file":"apartmani-centar-bajina-basta-smestaj-5-150x150.jpg","width":150,"height":150,"mime-type":"image\/jpeg","filesize":5303,"url":"https:\/\/tara.rs\/wp-content\/uploads\/2023\/06\/apartmani-centar-bajina-basta-smestaj-5-150x150.jpg"},"medium_large":{"file":"apartmani-centar-bajina-basta-smestaj-5-768x512.jpg","width":768,"height":512,"mime-type":"image\/jpeg","filesize":47725,"url":"https:\/\/tara.rs\/wp-content\/uploads\/2023\/06\/apartmani-centar-bajina-basta-smestaj-5-768x512.jpg"},"post-thumbnail":{"file":"apartmani-centar-bajina-basta-smestaj-5-150x100.jpg","width":150,"height":100,"mime-type":"image\/jpeg","filesize":4626,"url":"https:\/\/tara.rs\/wp-content\/uploads\/2023\/06\/apartmani-centar-bajina-basta-smestaj-5-150x100.jpg"},"modern-property-child-slider":{"file":"apartmani-centar-bajina-basta-smestaj-5-680x510.jpg","width":680,"height":510,"mime-type":"image\/jpeg","filesize":42805,"url":"https:\/\/tara.rs\/wp-content\/uploads\/2023\/06\/apartmani-centar-bajina-basta-smestaj-5-680x510.jpg"},"property-thumb-image":{"file":"apartmani-centar-bajina-basta-smestaj-5-488x326.jpg","width":488,"height":326,"mime-type":"image\/jpeg","filesize":24371,"url":"https:\/\/tara.rs\/wp-content\/uploads\/2023\/06\/apartmani-centar-bajina-basta-smestaj-5-488x326.jpg"},"property-detail-video-image":{"file":"apartmani-centar-bajina-basta-smestaj-5-818x417.jpg","width":818,"height":417,"mime-type":"image\/jpeg","filesize":41396,"url":"https:\/\/tara.rs\/wp-content\/uploads\/2023\/06\/apartmani-centar-bajina-basta-smestaj-5-818x417.jpg"},"agent-image":{"file":"apartmani-centar-bajina-basta-smestaj-5-210x210.jpg","width":210,"height":210,"mime-type":"image\/jpeg","filesize":8538,"url":"https:\/\/tara.rs\/wp-content\/uploads\/2023\/06\/apartmani-centar-bajina-basta-smestaj-5-210x210.jpg"},"partners-logo":{"file":"apartmani-centar-bajina-basta-smestaj-5-600x600.jpg","width":600,"height":600,"mime-type":"image\/jpeg","filesize":41789,"url":"https:\/\/tara.rs\/wp-content\/uploads\/2023\/06\/apartmani-centar-bajina-basta-smestaj-5-600x600.jpg"}},"image_meta":{"aperture":"0","credit":"","camera":"","caption":"","created_timestamp":"0","copyright":"","focal_length":"0","iso":"0","shutter_speed":"0","title":"","orientation":"0","keywords":[]},"ID":"66423","name":"apartmani-centar-bajina-basta-smestaj-5.jpg","path":"\/home\/tarars\/public_html\/wp-content\/uploads\/2023\/06\/apartmani-centar-bajina-basta-smestaj-5.jpg","url":"https:\/\/tara.rs\/wp-content\/uploads\/2023\/06\/apartmani-centar-bajina-basta-smestaj-5-150x150.jpg","full_url":"https:\/\/tara.rs\/wp-content\/uploads\/2023\/06\/apartmani-centar-bajina-basta-smestaj-5.jpg","title":"apartmani-centar-bajina-basta-smestaj (5)","caption":"","description":"","alt":"","srcset":"https:\/\/tara.rs\/wp-content\/uploads\/2023\/06\/apartmani-centar-bajina-basta-smestaj-5-150x150.jpg 150w, https:\/\/tara.rs\/wp-content\/uploads\/2023\/06\/apartmani-centar-bajina-basta-smestaj-5-210x210.jpg 210w, https:\/\/tara.rs\/wp-content\/uploads\/2023\/06\/apartmani-centar-bajina-basta-smestaj-5-600x600.jpg 600w"},{"width":150,"height":150,"file":"2023\/06\/apartmani-centar-bajina-basta-smestaj-b-4.jpg","filesize":101249,"sizes":{"medium":{"file":"apartmani-centar-bajina-basta-smestaj-b-4-300x200.jpg","width":300,"height":200,"mime-type":"image\/jpeg","filesize":14978,"url":"https:\/\/tara.rs\/wp-content\/uploads\/2023\/06\/apartmani-centar-bajina-basta-smestaj-b-4-300x200.jpg"},"thumbnail":{"file":"apartmani-centar-bajina-basta-smestaj-b-4-150x150.jpg","width":150,"height":150,"mime-type":"image\/jpeg","filesize":7036,"url":"https:\/\/tara.rs\/wp-content\/uploads\/2023\/06\/apartmani-centar-bajina-basta-smestaj-b-4-150x150.jpg"},"medium_large":{"file":"apartmani-centar-bajina-basta-smestaj-b-4-768x512.jpg","width":768,"height":512,"mime-type":"image\/jpeg","filesize":63676,"url":"https:\/\/tara.rs\/wp-content\/uploads\/2023\/06\/apartmani-centar-bajina-basta-smestaj-b-4-768x512.jpg"},"post-thumbnail":{"file":"apartmani-centar-bajina-basta-smestaj-b-4-150x100.jpg","width":150,"height":100,"mime-type":"image\/jpeg","filesize":5448,"url":"https:\/\/tara.rs\/wp-content\/uploads\/2023\/06\/apartmani-centar-bajina-basta-smestaj-b-4-150x100.jpg"},"modern-property-child-slider":{"file":"apartmani-centar-bajina-basta-smestaj-b-4-680x510.jpg","width":680,"height":510,"mime-type":"image\/jpeg","filesize":59466,"url":"https:\/\/tara.rs\/wp-content\/uploads\/2023\/06\/apartmani-centar-bajina-basta-smestaj-b-4-680x510.jpg"},"property-thumb-image":{"file":"apartmani-centar-bajina-basta-smestaj-b-4-488x326.jpg","width":488,"height":326,"mime-type":"image\/jpeg","filesize":31440,"url":"https:\/\/tara.rs\/wp-content\/uploads\/2023\/06\/apartmani-centar-bajina-basta-smestaj-b-4-488x326.jpg"},"property-detail-video-image":{"file":"apartmani-centar-bajina-basta-smestaj-b-4-818x417.jpg","width":818,"height":417,"mime-type":"image\/jpeg","filesize":55118,"url":"https:\/\/tara.rs\/wp-content\/uploads\/2023\/06\/apartmani-centar-bajina-basta-smestaj-b-4-818x417.jpg"},"agent-image":{"file":"apartmani-centar-bajina-basta-smestaj-b-4-210x210.jpg","width":210,"height":210,"mime-type":"image\/jpeg","filesize":11558,"url":"https:\/\/tara.rs\/wp-content\/uploads\/2023\/06\/apartmani-centar-bajina-basta-smestaj-b-4-210x210.jpg"},"partners-logo":{"file":"apartmani-centar-bajina-basta-smestaj-b-4-600x600.jpg","width":600,"height":600,"mime-type":"image\/jpeg","filesize":66326,"url":"https:\/\/tara.rs\/wp-content\/uploads\/2023\/06\/apartmani-centar-bajina-basta-smestaj-b-4-600x600.jpg"}},"image_meta":{"aperture":"0","credit":"","camera":"","caption":"","created_timestamp":"0","copyright":"","focal_length":"0","iso":"0","shutter_speed":"0","title":"","orientation":"0","keywords":[]},"ID":"66492","name":"apartmani-centar-bajina-basta-smestaj-b-4.jpg","path":"\/home\/tarars\/public_html\/wp-content\/uploads\/2023\/06\/apartmani-centar-bajina-basta-smestaj-b-4.jpg","url":"https:\/\/tara.rs\/wp-content\/uploads\/2023\/06\/apartmani-centar-bajina-basta-smestaj-b-4-150x150.jpg","full_url":"https:\/\/tara.rs\/wp-content\/uploads\/2023\/06\/apartmani-centar-bajina-basta-smestaj-b-4.jpg","title":"apartmani-centar-bajina-basta-smestaj-b (4)","caption":"","description":"","alt":"","srcset":"https:\/\/tara.rs\/wp-content\/uploads\/2023\/06\/apartmani-centar-bajina-basta-smestaj-b-4-150x150.jpg 150w, https:\/\/tara.rs\/wp-content\/uploads\/2023\/06\/apartmani-centar-bajina-basta-smestaj-b-4-210x210.jpg 210w, https:\/\/tara.rs\/wp-content\/uploads\/2023\/06\/apartmani-centar-bajina-basta-smestaj-b-4-600x600.jpg 600w"}],"REAL_HOMES_change_gallery_slider_type":"0","REAL_HOMES_gallery_slider_type":"thumb-on-right","inspiry_floor_plans":[],"inspiry_video_group":[],"REAL_HOMES_360_virtual_tour":"","REAL_HOMES_agent_display_option":"agent_info","REAL_HOMES_agents":["66415"],"REAL_HOMES_energy_class":"none","REAL_HOMES_energy_performance":"","REAL_HOMES_epc_current_rating":"","REAL_HOMES_epc_potential_rating":"","ere_property_schedule_tour":"global","ere_property_schedule_time_slots":"","ere_property_schedule_description":"","REAL_HOMES_sticky":"0","inspiry_property_label":"","inspiry_property_label_color":"#dd3333","inspiry_property_tax":"0","inspiry_additional_fee":"0","REAL_HOMES_attachments":[],"inspiry_property_owner_name":"","inspiry_property_owner_contact":"","inspiry_property_owner_address":"","REAL_HOMES_property_private_note":"6 APARTMANA U CENTRU BAJINE BA\u0160TE","inspiry_message_to_reviewer":"","inspiry_global_property_template_override":"0","REAL_HOMES_add_in_slider":"no","REAL_HOMES_slider_image":[],"REAL_HOMES_page_banner_image":[],"REAL_HOMES_hide_property_advance_search":"0","inspiry_kapacitet":"6 APARTMANA \/ 24 Osobe","inspiry_cenovnik":"","inspiry_vau\u010ceri":"","REAL_HOMES_custom_header_display":"default","REAL_HOMES_custom_header_position":"relative","REAL_HOMES_custom_footer_display":"default","REAL_HOMES_hide_advance_search":"0","REAL_HOMES_custom_search_form":"default","REAL_HOMES_search_form_margin_top":"","REAL_HOMES_search_form_margin_bottom":""},"_links":{"self":[{"href":"https:\/\/tara.rs\/sr\/wp-json\/wp\/v2\/objekat\/66417"}],"collection":[{"href":"https:\/\/tara.rs\/sr\/wp-json\/wp\/v2\/objekat"}],"about":[{"href":"https:\/\/tara.rs\/sr\/wp-json\/wp\/v2\/types\/property"}],"author":[{"embeddable":true,"href":"https:\/\/tara.rs\/sr\/wp-json\/wp\/v2\/users\/1"}],"replies":[{"embeddable":true,"href":"https:\/\/tara.rs\/sr\/wp-json\/wp\/v2\/comments?post=66417"}],"version-history":[{"count":16,"href":"https:\/\/tara.rs\/sr\/wp-json\/wp\/v2\/objekat\/66417\/revisions"}],"predecessor-version":[{"id":102095,"href":"https:\/\/tara.rs\/sr\/wp-json\/wp\/v2\/objekat\/66417\/revisions\/102095"}],"wp:featuredmedia":[{"embeddable":true,"href":"https:\/\/tara.rs\/sr\/wp-json\/wp\/v2\/media\/66422"}],"wp:attachment":[{"href":"https:\/\/tara.rs\/sr\/wp-json\/wp\/v2\/media?parent=66417"}],"wp:term":[{"taxonomy":"property-feature","embeddable":true,"href":"https:\/\/tara.rs\/sr\/wp-json\/wp\/v2\/objekat-osobina?post=66417"},{"taxonomy":"property-type","embeddable":true,"href":"https:\/\/tara.rs\/sr\/wp-json\/wp\/v2\/Objekat - top?post=66417"},{"taxonomy":"property-city","embeddable":true,"href":"https:\/\/tara.rs\/sr\/wp-json\/wp\/v2\/osobina - lokacija?post=66417"},{"taxonomy":"property-status","embeddable":true,"href":"https:\/\/tara.rs\/sr\/wp-json\/wp\/v2\/objekat - status?post=66417"}],"curies":[{"name":"wp","href":"https:\/\/api.w.org\/{rel}","templated":true}]}}