{"id":68769,"date":"2024-01-04T14:20:18","date_gmt":"2024-01-04T13:20:18","guid":{"rendered":"https:\/\/tara.rs\/sr\/?post_type=property&#038;p=68769"},"modified":"2025-09-04T12:11:03","modified_gmt":"2025-09-04T10:11:03","slug":"villa-montana-zaovine","status":"publish","type":"property","link":"https:\/\/tara.rs\/sr\/objekat\/villa-montana-zaovine\/","title":{"rendered":"Villa Montana Zaovine"},"content":{"rendered":"<p>Vila MONTANA Zaovine apartmani se nalaze u neposrednoj blizini Zaovinskog jezera \ud83d\uddfb na planini Tari \ud83c\udf32 Raspola\u017eemo sa 4 savremeno opremljena apartmana. Svaki apartman prima maksimalno 4 osobe. Obezbe\u0111eni su WiFi \ud83d\udcf6 , satelitska \ud83d\udcfa i \ud83c\udd7f\ufe0farking za goste, a do nas se sti\u017ee asfaltnim putem. Mogu\u0107 je zakup cele vile. Le\u017eajni kapacitet je 16 osoba, idealno za teambuilding-e i druge doga\u0111aje. Mogu\u0107 je zakup na du\u017ei vremenski period. Na\u0161i apartmani su idealni za porodi\u010dni odmor, ali i za avanturiste, ljubitelje prirode i one koji bi da se umiju planinskim sun\u010devim zracima. <a href=\"https:\/\/goo.gl\/maps\/ZGgem1LHzRJtUsW67\" target=\"_blank\" rel=\"noopener\">Pogledajte lokaciju na Google mapi.<\/a><\/p>\n<p>Na raspolaganju su vam:<br \/>\n-2 ve\u0107a dupleks apartmana, od kojih svaki poseduje veliki dnevni boravak gde se ugaona garnitura otvara, toalet, kuhinju i trpezariju, a na spratu su velika spava\u0107a soba i veliko kupatilo.<br \/>\n-2 manja apartmana, od kojih svaki poseduje zasebnu spava\u0107u sobu, kuhinju i trpezariju, veliki dnevni boravak gde se ugaona garnitura otvara i veliko kupatilo.<\/p>\n<p>Svaki apartman ima zasebnu odvojenu terasu od po 9 kvadrata, opremljenu ba\u0161tenskim name\u0161tajem, na koju se izlazi iz dnevnog boravka.<\/p>\n<p>Dozvoljeni su manji i srednji ku\u0107ni ljubimci, uz nov\u010danu nadoknadu.<\/p>\n<p style=\"text-align: center;\">MANJI APARTMANI &#8211; FOTOGRAFIJE<\/p>\n\n\t\t<style type=\"text\/css\">\n\t\t\t#gallery-1 {\n\t\t\t\tmargin: auto;\n\t\t\t}\n\t\t\t#gallery-1 .gallery-item {\n\t\t\t\tfloat: left;\n\t\t\t\tmargin-top: 10px;\n\t\t\t\ttext-align: center;\n\t\t\t\twidth: 25%;\n\t\t\t}\n\t\t\t#gallery-1 img {\n\t\t\t\tborder: 2px solid #cfcfcf;\n\t\t\t}\n\t\t\t#gallery-1 .gallery-caption {\n\t\t\t\tmargin-left: 0;\n\t\t\t}\n\t\t\t\/* see gallery_shortcode() in wp-includes\/media.php *\/\n\t\t<\/style>\n\t\t<div id='gallery-1' class='gallery galleryid-68769 gallery-columns-4 gallery-size-thumbnail'><dl class='gallery-item'>\n\t\t\t<dt class='gallery-icon landscape'>\n\t\t\t\t<a href='https:\/\/tara.rs\/wp-content\/uploads\/2023\/08\/vila-montana-tara-zaovine-apartmani-21.jpg' title=\"\" data-rl_title=\"\" class=\"rl-gallery-link\" data-rl_caption=\"\" data-rel=\"lightbox-gallery-1\"><img decoding=\"async\" width=\"150\" height=\"150\" src=\"https:\/\/tara.rs\/wp-content\/uploads\/2023\/08\/vila-montana-tara-zaovine-apartmani-21-150x150.jpg\" class=\"attachment-thumbnail size-thumbnail\" alt=\"\" srcset=\"https:\/\/tara.rs\/wp-content\/uploads\/2023\/08\/vila-montana-tara-zaovine-apartmani-21-150x150.jpg 150w, https:\/\/tara.rs\/wp-content\/uploads\/2023\/08\/vila-montana-tara-zaovine-apartmani-21-300x300.jpg 300w, https:\/\/tara.rs\/wp-content\/uploads\/2023\/08\/vila-montana-tara-zaovine-apartmani-21-210x210.jpg 210w, https:\/\/tara.rs\/wp-content\/uploads\/2023\/08\/vila-montana-tara-zaovine-apartmani-21.jpg 600w\" sizes=\"(max-width: 150px) 100vw, 150px\" \/><\/a>\n\t\t\t<\/dt><\/dl><dl class='gallery-item'>\n\t\t\t<dt class='gallery-icon landscape'>\n\t\t\t\t<a href='https:\/\/tara.rs\/wp-content\/uploads\/2023\/08\/vila-montana-tara-zaovine-apartmani-22.jpg' title=\"\" data-rl_title=\"\" class=\"rl-gallery-link\" data-rl_caption=\"\" data-rel=\"lightbox-gallery-1\"><img decoding=\"async\" width=\"150\" height=\"150\" src=\"https:\/\/tara.rs\/wp-content\/uploads\/2023\/08\/vila-montana-tara-zaovine-apartmani-22-150x150.jpg\" class=\"attachment-thumbnail size-thumbnail\" alt=\"\" srcset=\"https:\/\/tara.rs\/wp-content\/uploads\/2023\/08\/vila-montana-tara-zaovine-apartmani-22-150x150.jpg 150w, https:\/\/tara.rs\/wp-content\/uploads\/2023\/08\/vila-montana-tara-zaovine-apartmani-22-300x300.jpg 300w, https:\/\/tara.rs\/wp-content\/uploads\/2023\/08\/vila-montana-tara-zaovine-apartmani-22-210x210.jpg 210w, https:\/\/tara.rs\/wp-content\/uploads\/2023\/08\/vila-montana-tara-zaovine-apartmani-22.jpg 600w\" sizes=\"(max-width: 150px) 100vw, 150px\" \/><\/a>\n\t\t\t<\/dt><\/dl><dl class='gallery-item'>\n\t\t\t<dt class='gallery-icon landscape'>\n\t\t\t\t<a href='https:\/\/tara.rs\/wp-content\/uploads\/2023\/08\/vila-montana-tara-zaovine-apartmani-23.jpg' title=\"\" data-rl_title=\"\" class=\"rl-gallery-link\" data-rl_caption=\"\" data-rel=\"lightbox-gallery-1\"><img decoding=\"async\" width=\"150\" height=\"150\" src=\"https:\/\/tara.rs\/wp-content\/uploads\/2023\/08\/vila-montana-tara-zaovine-apartmani-23-150x150.jpg\" class=\"attachment-thumbnail size-thumbnail\" alt=\"\" srcset=\"https:\/\/tara.rs\/wp-content\/uploads\/2023\/08\/vila-montana-tara-zaovine-apartmani-23-150x150.jpg 150w, https:\/\/tara.rs\/wp-content\/uploads\/2023\/08\/vila-montana-tara-zaovine-apartmani-23-300x300.jpg 300w, https:\/\/tara.rs\/wp-content\/uploads\/2023\/08\/vila-montana-tara-zaovine-apartmani-23-210x210.jpg 210w, https:\/\/tara.rs\/wp-content\/uploads\/2023\/08\/vila-montana-tara-zaovine-apartmani-23.jpg 600w\" sizes=\"(max-width: 150px) 100vw, 150px\" \/><\/a>\n\t\t\t<\/dt><\/dl><dl class='gallery-item'>\n\t\t\t<dt class='gallery-icon landscape'>\n\t\t\t\t<a href='https:\/\/tara.rs\/wp-content\/uploads\/2023\/08\/vila-montana-tara-zaovine-apartmani-27.jpg' title=\"\" data-rl_title=\"\" class=\"rl-gallery-link\" data-rl_caption=\"\" data-rel=\"lightbox-gallery-1\"><img loading=\"lazy\" decoding=\"async\" width=\"150\" height=\"150\" src=\"https:\/\/tara.rs\/wp-content\/uploads\/2023\/08\/vila-montana-tara-zaovine-apartmani-27-150x150.jpg\" class=\"attachment-thumbnail size-thumbnail\" alt=\"\" srcset=\"https:\/\/tara.rs\/wp-content\/uploads\/2023\/08\/vila-montana-tara-zaovine-apartmani-27-150x150.jpg 150w, https:\/\/tara.rs\/wp-content\/uploads\/2023\/08\/vila-montana-tara-zaovine-apartmani-27-300x300.jpg 300w, https:\/\/tara.rs\/wp-content\/uploads\/2023\/08\/vila-montana-tara-zaovine-apartmani-27-210x210.jpg 210w, https:\/\/tara.rs\/wp-content\/uploads\/2023\/08\/vila-montana-tara-zaovine-apartmani-27.jpg 600w\" sizes=\"(max-width: 150px) 100vw, 150px\" \/><\/a>\n\t\t\t<\/dt><\/dl><br style=\"clear: both\" \/><dl class='gallery-item'>\n\t\t\t<dt class='gallery-icon landscape'>\n\t\t\t\t<a href='https:\/\/tara.rs\/wp-content\/uploads\/2023\/08\/vila-montana-tara-zaovine-apartmani-24.jpg' title=\"\" data-rl_title=\"\" class=\"rl-gallery-link\" data-rl_caption=\"\" data-rel=\"lightbox-gallery-1\"><img loading=\"lazy\" decoding=\"async\" width=\"150\" height=\"150\" src=\"https:\/\/tara.rs\/wp-content\/uploads\/2023\/08\/vila-montana-tara-zaovine-apartmani-24-150x150.jpg\" class=\"attachment-thumbnail size-thumbnail\" alt=\"\" srcset=\"https:\/\/tara.rs\/wp-content\/uploads\/2023\/08\/vila-montana-tara-zaovine-apartmani-24-150x150.jpg 150w, https:\/\/tara.rs\/wp-content\/uploads\/2023\/08\/vila-montana-tara-zaovine-apartmani-24-300x300.jpg 300w, https:\/\/tara.rs\/wp-content\/uploads\/2023\/08\/vila-montana-tara-zaovine-apartmani-24-210x210.jpg 210w, https:\/\/tara.rs\/wp-content\/uploads\/2023\/08\/vila-montana-tara-zaovine-apartmani-24.jpg 600w\" sizes=\"(max-width: 150px) 100vw, 150px\" \/><\/a>\n\t\t\t<\/dt><\/dl><dl class='gallery-item'>\n\t\t\t<dt class='gallery-icon landscape'>\n\t\t\t\t<a href='https:\/\/tara.rs\/wp-content\/uploads\/2023\/08\/vila-montana-tara-zaovine-apartmani-25.jpg' title=\"\" data-rl_title=\"\" class=\"rl-gallery-link\" data-rl_caption=\"\" data-rel=\"lightbox-gallery-1\"><img loading=\"lazy\" decoding=\"async\" width=\"150\" height=\"150\" src=\"https:\/\/tara.rs\/wp-content\/uploads\/2023\/08\/vila-montana-tara-zaovine-apartmani-25-150x150.jpg\" class=\"attachment-thumbnail size-thumbnail\" alt=\"\" srcset=\"https:\/\/tara.rs\/wp-content\/uploads\/2023\/08\/vila-montana-tara-zaovine-apartmani-25-150x150.jpg 150w, https:\/\/tara.rs\/wp-content\/uploads\/2023\/08\/vila-montana-tara-zaovine-apartmani-25-300x300.jpg 300w, https:\/\/tara.rs\/wp-content\/uploads\/2023\/08\/vila-montana-tara-zaovine-apartmani-25-210x210.jpg 210w, https:\/\/tara.rs\/wp-content\/uploads\/2023\/08\/vila-montana-tara-zaovine-apartmani-25.jpg 600w\" sizes=\"(max-width: 150px) 100vw, 150px\" \/><\/a>\n\t\t\t<\/dt><\/dl><dl class='gallery-item'>\n\t\t\t<dt class='gallery-icon landscape'>\n\t\t\t\t<a href='https:\/\/tara.rs\/wp-content\/uploads\/2023\/08\/vila-montana-tara-zaovine-apartmani-26.jpg' title=\"\" data-rl_title=\"\" class=\"rl-gallery-link\" data-rl_caption=\"\" data-rel=\"lightbox-gallery-1\"><img loading=\"lazy\" decoding=\"async\" width=\"150\" height=\"150\" src=\"https:\/\/tara.rs\/wp-content\/uploads\/2023\/08\/vila-montana-tara-zaovine-apartmani-26-150x150.jpg\" class=\"attachment-thumbnail size-thumbnail\" alt=\"\" srcset=\"https:\/\/tara.rs\/wp-content\/uploads\/2023\/08\/vila-montana-tara-zaovine-apartmani-26-150x150.jpg 150w, https:\/\/tara.rs\/wp-content\/uploads\/2023\/08\/vila-montana-tara-zaovine-apartmani-26-300x300.jpg 300w, https:\/\/tara.rs\/wp-content\/uploads\/2023\/08\/vila-montana-tara-zaovine-apartmani-26-210x210.jpg 210w, https:\/\/tara.rs\/wp-content\/uploads\/2023\/08\/vila-montana-tara-zaovine-apartmani-26.jpg 600w\" sizes=\"(max-width: 150px) 100vw, 150px\" \/><\/a>\n\t\t\t<\/dt><\/dl>\n\t\t\t<br style='clear: both' \/>\n\t\t<\/div>\n\n<p style=\"text-align: center;\">VE\u0106I APARTMANI &#8211; FOTOGRAFIJE<\/p>\n\n\t\t<style type=\"text\/css\">\n\t\t\t#gallery-2 {\n\t\t\t\tmargin: auto;\n\t\t\t}\n\t\t\t#gallery-2 .gallery-item {\n\t\t\t\tfloat: left;\n\t\t\t\tmargin-top: 10px;\n\t\t\t\ttext-align: center;\n\t\t\t\twidth: 20%;\n\t\t\t}\n\t\t\t#gallery-2 img {\n\t\t\t\tborder: 2px solid #cfcfcf;\n\t\t\t}\n\t\t\t#gallery-2 .gallery-caption {\n\t\t\t\tmargin-left: 0;\n\t\t\t}\n\t\t\t\/* see gallery_shortcode() in wp-includes\/media.php *\/\n\t\t<\/style>\n\t\t<div id='gallery-2' class='gallery galleryid-68769 gallery-columns-5 gallery-size-thumbnail'><dl class='gallery-item'>\n\t\t\t<dt class='gallery-icon landscape'>\n\t\t\t\t<a href='https:\/\/tara.rs\/wp-content\/uploads\/2023\/08\/vila-montana-tara-zaovine-apartmani-11.jpg' title=\"\" data-rl_title=\"\" class=\"rl-gallery-link\" data-rl_caption=\"\" data-rel=\"lightbox-gallery-2\"><img loading=\"lazy\" decoding=\"async\" width=\"150\" height=\"150\" src=\"https:\/\/tara.rs\/wp-content\/uploads\/2023\/08\/vila-montana-tara-zaovine-apartmani-11-150x150.jpg\" class=\"attachment-thumbnail size-thumbnail\" alt=\"\" srcset=\"https:\/\/tara.rs\/wp-content\/uploads\/2023\/08\/vila-montana-tara-zaovine-apartmani-11-150x150.jpg 150w, https:\/\/tara.rs\/wp-content\/uploads\/2023\/08\/vila-montana-tara-zaovine-apartmani-11-300x300.jpg 300w, https:\/\/tara.rs\/wp-content\/uploads\/2023\/08\/vila-montana-tara-zaovine-apartmani-11-210x210.jpg 210w, https:\/\/tara.rs\/wp-content\/uploads\/2023\/08\/vila-montana-tara-zaovine-apartmani-11.jpg 600w\" sizes=\"(max-width: 150px) 100vw, 150px\" \/><\/a>\n\t\t\t<\/dt><\/dl><dl class='gallery-item'>\n\t\t\t<dt class='gallery-icon landscape'>\n\t\t\t\t<a href='https:\/\/tara.rs\/wp-content\/uploads\/2023\/08\/vila-montana-tara-zaovine-apartmani-12.jpg' title=\"\" data-rl_title=\"\" class=\"rl-gallery-link\" data-rl_caption=\"\" data-rel=\"lightbox-gallery-2\"><img loading=\"lazy\" decoding=\"async\" width=\"150\" height=\"150\" src=\"https:\/\/tara.rs\/wp-content\/uploads\/2023\/08\/vila-montana-tara-zaovine-apartmani-12-150x150.jpg\" class=\"attachment-thumbnail size-thumbnail\" alt=\"\" srcset=\"https:\/\/tara.rs\/wp-content\/uploads\/2023\/08\/vila-montana-tara-zaovine-apartmani-12-150x150.jpg 150w, https:\/\/tara.rs\/wp-content\/uploads\/2023\/08\/vila-montana-tara-zaovine-apartmani-12-300x300.jpg 300w, https:\/\/tara.rs\/wp-content\/uploads\/2023\/08\/vila-montana-tara-zaovine-apartmani-12-210x210.jpg 210w, https:\/\/tara.rs\/wp-content\/uploads\/2023\/08\/vila-montana-tara-zaovine-apartmani-12.jpg 600w\" sizes=\"(max-width: 150px) 100vw, 150px\" \/><\/a>\n\t\t\t<\/dt><\/dl><dl class='gallery-item'>\n\t\t\t<dt class='gallery-icon landscape'>\n\t\t\t\t<a href='https:\/\/tara.rs\/wp-content\/uploads\/2023\/08\/vila-montana-tara-zaovine-apartmani-13.jpg' title=\"\" data-rl_title=\"\" class=\"rl-gallery-link\" data-rl_caption=\"\" data-rel=\"lightbox-gallery-2\"><img loading=\"lazy\" decoding=\"async\" width=\"150\" height=\"150\" src=\"https:\/\/tara.rs\/wp-content\/uploads\/2023\/08\/vila-montana-tara-zaovine-apartmani-13-150x150.jpg\" class=\"attachment-thumbnail size-thumbnail\" alt=\"\" srcset=\"https:\/\/tara.rs\/wp-content\/uploads\/2023\/08\/vila-montana-tara-zaovine-apartmani-13-150x150.jpg 150w, https:\/\/tara.rs\/wp-content\/uploads\/2023\/08\/vila-montana-tara-zaovine-apartmani-13-300x300.jpg 300w, https:\/\/tara.rs\/wp-content\/uploads\/2023\/08\/vila-montana-tara-zaovine-apartmani-13-210x210.jpg 210w, https:\/\/tara.rs\/wp-content\/uploads\/2023\/08\/vila-montana-tara-zaovine-apartmani-13.jpg 600w\" sizes=\"(max-width: 150px) 100vw, 150px\" \/><\/a>\n\t\t\t<\/dt><\/dl><dl class='gallery-item'>\n\t\t\t<dt class='gallery-icon landscape'>\n\t\t\t\t<a href='https:\/\/tara.rs\/wp-content\/uploads\/2023\/04\/villa-montana-zaovine-tara-smestaj-3.jpg' title=\"\" data-rl_title=\"\" class=\"rl-gallery-link\" data-rl_caption=\"\" data-rel=\"lightbox-gallery-2\"><img loading=\"lazy\" decoding=\"async\" width=\"150\" height=\"150\" src=\"https:\/\/tara.rs\/wp-content\/uploads\/2023\/04\/villa-montana-zaovine-tara-smestaj-3-150x150.jpg\" class=\"attachment-thumbnail size-thumbnail\" alt=\"\" srcset=\"https:\/\/tara.rs\/wp-content\/uploads\/2023\/04\/villa-montana-zaovine-tara-smestaj-3-150x150.jpg 150w, https:\/\/tara.rs\/wp-content\/uploads\/2023\/04\/villa-montana-zaovine-tara-smestaj-3-210x210.jpg 210w, https:\/\/tara.rs\/wp-content\/uploads\/2023\/04\/villa-montana-zaovine-tara-smestaj-3-600x600.jpg 600w\" sizes=\"(max-width: 150px) 100vw, 150px\" \/><\/a>\n\t\t\t<\/dt><\/dl><dl class='gallery-item'>\n\t\t\t<dt class='gallery-icon portrait'>\n\t\t\t\t<a href='https:\/\/tara.rs\/wp-content\/uploads\/2023\/04\/villa-montana-zaovine-tara-smestaj-1.jpg' title=\"\" data-rl_title=\"\" class=\"rl-gallery-link\" data-rl_caption=\"\" data-rel=\"lightbox-gallery-2\"><img loading=\"lazy\" decoding=\"async\" width=\"150\" height=\"150\" src=\"https:\/\/tara.rs\/wp-content\/uploads\/2023\/04\/villa-montana-zaovine-tara-smestaj-1-150x150.jpg\" class=\"attachment-thumbnail size-thumbnail\" alt=\"\" srcset=\"https:\/\/tara.rs\/wp-content\/uploads\/2023\/04\/villa-montana-zaovine-tara-smestaj-1-150x150.jpg 150w, https:\/\/tara.rs\/wp-content\/uploads\/2023\/04\/villa-montana-zaovine-tara-smestaj-1-210x210.jpg 210w\" sizes=\"(max-width: 150px) 100vw, 150px\" \/><\/a>\n\t\t\t<\/dt><\/dl><br style=\"clear: both\" \/><dl class='gallery-item'>\n\t\t\t<dt class='gallery-icon landscape'>\n\t\t\t\t<a href='https:\/\/tara.rs\/wp-content\/uploads\/2023\/08\/vila-montana-tara-zaovine-apartmani-14.jpg' title=\"\" data-rl_title=\"\" class=\"rl-gallery-link\" data-rl_caption=\"\" data-rel=\"lightbox-gallery-2\"><img loading=\"lazy\" decoding=\"async\" width=\"150\" height=\"150\" src=\"https:\/\/tara.rs\/wp-content\/uploads\/2023\/08\/vila-montana-tara-zaovine-apartmani-14-150x150.jpg\" class=\"attachment-thumbnail size-thumbnail\" alt=\"\" srcset=\"https:\/\/tara.rs\/wp-content\/uploads\/2023\/08\/vila-montana-tara-zaovine-apartmani-14-150x150.jpg 150w, https:\/\/tara.rs\/wp-content\/uploads\/2023\/08\/vila-montana-tara-zaovine-apartmani-14-300x300.jpg 300w, https:\/\/tara.rs\/wp-content\/uploads\/2023\/08\/vila-montana-tara-zaovine-apartmani-14-210x210.jpg 210w, https:\/\/tara.rs\/wp-content\/uploads\/2023\/08\/vila-montana-tara-zaovine-apartmani-14.jpg 600w\" sizes=\"(max-width: 150px) 100vw, 150px\" \/><\/a>\n\t\t\t<\/dt><\/dl><dl class='gallery-item'>\n\t\t\t<dt class='gallery-icon landscape'>\n\t\t\t\t<a href='https:\/\/tara.rs\/wp-content\/uploads\/2023\/08\/vila-montana-tara-zaovine-apartmani-15.jpg' title=\"\" data-rl_title=\"\" class=\"rl-gallery-link\" data-rl_caption=\"\" data-rel=\"lightbox-gallery-2\"><img loading=\"lazy\" decoding=\"async\" width=\"150\" height=\"150\" src=\"https:\/\/tara.rs\/wp-content\/uploads\/2023\/08\/vila-montana-tara-zaovine-apartmani-15-150x150.jpg\" class=\"attachment-thumbnail size-thumbnail\" alt=\"\" srcset=\"https:\/\/tara.rs\/wp-content\/uploads\/2023\/08\/vila-montana-tara-zaovine-apartmani-15-150x150.jpg 150w, https:\/\/tara.rs\/wp-content\/uploads\/2023\/08\/vila-montana-tara-zaovine-apartmani-15-300x300.jpg 300w, https:\/\/tara.rs\/wp-content\/uploads\/2023\/08\/vila-montana-tara-zaovine-apartmani-15-210x210.jpg 210w, https:\/\/tara.rs\/wp-content\/uploads\/2023\/08\/vila-montana-tara-zaovine-apartmani-15.jpg 600w\" sizes=\"(max-width: 150px) 100vw, 150px\" \/><\/a>\n\t\t\t<\/dt><\/dl><dl class='gallery-item'>\n\t\t\t<dt class='gallery-icon landscape'>\n\t\t\t\t<a href='https:\/\/tara.rs\/wp-content\/uploads\/2023\/08\/vila-montana-tara-zaovine-apartmani-16.jpg' title=\"\" data-rl_title=\"\" class=\"rl-gallery-link\" data-rl_caption=\"\" data-rel=\"lightbox-gallery-2\"><img loading=\"lazy\" decoding=\"async\" width=\"150\" height=\"150\" src=\"https:\/\/tara.rs\/wp-content\/uploads\/2023\/08\/vila-montana-tara-zaovine-apartmani-16-150x150.jpg\" class=\"attachment-thumbnail size-thumbnail\" alt=\"\" srcset=\"https:\/\/tara.rs\/wp-content\/uploads\/2023\/08\/vila-montana-tara-zaovine-apartmani-16-150x150.jpg 150w, https:\/\/tara.rs\/wp-content\/uploads\/2023\/08\/vila-montana-tara-zaovine-apartmani-16-300x300.jpg 300w, https:\/\/tara.rs\/wp-content\/uploads\/2023\/08\/vila-montana-tara-zaovine-apartmani-16-210x210.jpg 210w, https:\/\/tara.rs\/wp-content\/uploads\/2023\/08\/vila-montana-tara-zaovine-apartmani-16.jpg 600w\" sizes=\"(max-width: 150px) 100vw, 150px\" \/><\/a>\n\t\t\t<\/dt><\/dl><dl class='gallery-item'>\n\t\t\t<dt class='gallery-icon landscape'>\n\t\t\t\t<a href='https:\/\/tara.rs\/wp-content\/uploads\/2023\/04\/villa-montana-zaovine-tara-smestaj-5.jpg' title=\"\" data-rl_title=\"\" class=\"rl-gallery-link\" data-rl_caption=\"\" data-rel=\"lightbox-gallery-2\"><img loading=\"lazy\" decoding=\"async\" width=\"150\" height=\"150\" src=\"https:\/\/tara.rs\/wp-content\/uploads\/2023\/04\/villa-montana-zaovine-tara-smestaj-5-150x150.jpg\" class=\"attachment-thumbnail size-thumbnail\" alt=\"\" srcset=\"https:\/\/tara.rs\/wp-content\/uploads\/2023\/04\/villa-montana-zaovine-tara-smestaj-5-150x150.jpg 150w, https:\/\/tara.rs\/wp-content\/uploads\/2023\/04\/villa-montana-zaovine-tara-smestaj-5-300x300.jpg 300w, https:\/\/tara.rs\/wp-content\/uploads\/2023\/04\/villa-montana-zaovine-tara-smestaj-5-210x210.jpg 210w, https:\/\/tara.rs\/wp-content\/uploads\/2023\/04\/villa-montana-zaovine-tara-smestaj-5.jpg 600w\" sizes=\"(max-width: 150px) 100vw, 150px\" \/><\/a>\n\t\t\t<\/dt><\/dl><dl class='gallery-item'>\n\t\t\t<dt class='gallery-icon landscape'>\n\t\t\t\t<a href='https:\/\/tara.rs\/wp-content\/uploads\/2023\/04\/villa-montana-zaovine-tara-smestaj-2.jpg' title=\"\" data-rl_title=\"\" class=\"rl-gallery-link\" data-rl_caption=\"\" data-rel=\"lightbox-gallery-2\"><img loading=\"lazy\" decoding=\"async\" width=\"150\" height=\"150\" src=\"https:\/\/tara.rs\/wp-content\/uploads\/2023\/04\/villa-montana-zaovine-tara-smestaj-2-150x150.jpg\" class=\"attachment-thumbnail size-thumbnail\" alt=\"\" srcset=\"https:\/\/tara.rs\/wp-content\/uploads\/2023\/04\/villa-montana-zaovine-tara-smestaj-2-150x150.jpg 150w, https:\/\/tara.rs\/wp-content\/uploads\/2023\/04\/villa-montana-zaovine-tara-smestaj-2-210x210.jpg 210w, https:\/\/tara.rs\/wp-content\/uploads\/2023\/04\/villa-montana-zaovine-tara-smestaj-2-600x600.jpg 600w\" sizes=\"(max-width: 150px) 100vw, 150px\" \/><\/a>\n\t\t\t<\/dt><\/dl><br style=\"clear: both\" \/><dl class='gallery-item'>\n\t\t\t<dt class='gallery-icon landscape'>\n\t\t\t\t<a href='https:\/\/tara.rs\/wp-content\/uploads\/2023\/08\/vila-montana-tara-zaovine-apartmani-17.jpg' title=\"\" data-rl_title=\"\" class=\"rl-gallery-link\" data-rl_caption=\"\" data-rel=\"lightbox-gallery-2\"><img loading=\"lazy\" decoding=\"async\" width=\"150\" height=\"150\" src=\"https:\/\/tara.rs\/wp-content\/uploads\/2023\/08\/vila-montana-tara-zaovine-apartmani-17-150x150.jpg\" class=\"attachment-thumbnail size-thumbnail\" alt=\"\" srcset=\"https:\/\/tara.rs\/wp-content\/uploads\/2023\/08\/vila-montana-tara-zaovine-apartmani-17-150x150.jpg 150w, https:\/\/tara.rs\/wp-content\/uploads\/2023\/08\/vila-montana-tara-zaovine-apartmani-17-300x300.jpg 300w, https:\/\/tara.rs\/wp-content\/uploads\/2023\/08\/vila-montana-tara-zaovine-apartmani-17-210x210.jpg 210w, https:\/\/tara.rs\/wp-content\/uploads\/2023\/08\/vila-montana-tara-zaovine-apartmani-17.jpg 600w\" sizes=\"(max-width: 150px) 100vw, 150px\" \/><\/a>\n\t\t\t<\/dt><\/dl><dl class='gallery-item'>\n\t\t\t<dt class='gallery-icon landscape'>\n\t\t\t\t<a href='https:\/\/tara.rs\/wp-content\/uploads\/2023\/08\/vila-montana-tara-zaovine-apartmani-18.jpg' title=\"\" data-rl_title=\"\" class=\"rl-gallery-link\" data-rl_caption=\"\" data-rel=\"lightbox-gallery-2\"><img loading=\"lazy\" decoding=\"async\" width=\"150\" height=\"150\" src=\"https:\/\/tara.rs\/wp-content\/uploads\/2023\/08\/vila-montana-tara-zaovine-apartmani-18-150x150.jpg\" class=\"attachment-thumbnail size-thumbnail\" alt=\"\" srcset=\"https:\/\/tara.rs\/wp-content\/uploads\/2023\/08\/vila-montana-tara-zaovine-apartmani-18-150x150.jpg 150w, https:\/\/tara.rs\/wp-content\/uploads\/2023\/08\/vila-montana-tara-zaovine-apartmani-18-300x300.jpg 300w, https:\/\/tara.rs\/wp-content\/uploads\/2023\/08\/vila-montana-tara-zaovine-apartmani-18-210x210.jpg 210w, https:\/\/tara.rs\/wp-content\/uploads\/2023\/08\/vila-montana-tara-zaovine-apartmani-18.jpg 600w\" sizes=\"(max-width: 150px) 100vw, 150px\" \/><\/a>\n\t\t\t<\/dt><\/dl><dl class='gallery-item'>\n\t\t\t<dt class='gallery-icon landscape'>\n\t\t\t\t<a href='https:\/\/tara.rs\/wp-content\/uploads\/2023\/08\/vila-montana-tara-zaovine-apartmani-19.jpg' title=\"\" data-rl_title=\"\" class=\"rl-gallery-link\" data-rl_caption=\"\" data-rel=\"lightbox-gallery-2\"><img loading=\"lazy\" decoding=\"async\" width=\"150\" height=\"150\" src=\"https:\/\/tara.rs\/wp-content\/uploads\/2023\/08\/vila-montana-tara-zaovine-apartmani-19-150x150.jpg\" class=\"attachment-thumbnail size-thumbnail\" alt=\"\" srcset=\"https:\/\/tara.rs\/wp-content\/uploads\/2023\/08\/vila-montana-tara-zaovine-apartmani-19-150x150.jpg 150w, https:\/\/tara.rs\/wp-content\/uploads\/2023\/08\/vila-montana-tara-zaovine-apartmani-19-300x300.jpg 300w, https:\/\/tara.rs\/wp-content\/uploads\/2023\/08\/vila-montana-tara-zaovine-apartmani-19-210x210.jpg 210w, https:\/\/tara.rs\/wp-content\/uploads\/2023\/08\/vila-montana-tara-zaovine-apartmani-19.jpg 600w\" sizes=\"(max-width: 150px) 100vw, 150px\" \/><\/a>\n\t\t\t<\/dt><\/dl><dl class='gallery-item'>\n\t\t\t<dt class='gallery-icon landscape'>\n\t\t\t\t<a href='https:\/\/tara.rs\/wp-content\/uploads\/2023\/08\/vila-montana-tara-zaovine-apartmani-20.jpg' title=\"\" data-rl_title=\"\" class=\"rl-gallery-link\" data-rl_caption=\"\" data-rel=\"lightbox-gallery-2\"><img loading=\"lazy\" decoding=\"async\" width=\"150\" height=\"150\" src=\"https:\/\/tara.rs\/wp-content\/uploads\/2023\/08\/vila-montana-tara-zaovine-apartmani-20-150x150.jpg\" class=\"attachment-thumbnail size-thumbnail\" alt=\"\" srcset=\"https:\/\/tara.rs\/wp-content\/uploads\/2023\/08\/vila-montana-tara-zaovine-apartmani-20-150x150.jpg 150w, https:\/\/tara.rs\/wp-content\/uploads\/2023\/08\/vila-montana-tara-zaovine-apartmani-20-300x300.jpg 300w, https:\/\/tara.rs\/wp-content\/uploads\/2023\/08\/vila-montana-tara-zaovine-apartmani-20-210x210.jpg 210w, https:\/\/tara.rs\/wp-content\/uploads\/2023\/08\/vila-montana-tara-zaovine-apartmani-20.jpg 600w\" sizes=\"(max-width: 150px) 100vw, 150px\" \/><\/a>\n\t\t\t<\/dt><\/dl><dl class='gallery-item'>\n\t\t\t<dt class='gallery-icon portrait'>\n\t\t\t\t<a href='https:\/\/tara.rs\/wp-content\/uploads\/2023\/04\/villa-montana-zaovine-tara-smestaj-4.jpg' title=\"\" data-rl_title=\"\" class=\"rl-gallery-link\" data-rl_caption=\"\" data-rel=\"lightbox-gallery-2\"><img loading=\"lazy\" decoding=\"async\" width=\"150\" height=\"150\" src=\"https:\/\/tara.rs\/wp-content\/uploads\/2023\/04\/villa-montana-zaovine-tara-smestaj-4-150x150.jpg\" class=\"attachment-thumbnail size-thumbnail\" alt=\"\" srcset=\"https:\/\/tara.rs\/wp-content\/uploads\/2023\/04\/villa-montana-zaovine-tara-smestaj-4-150x150.jpg 150w, https:\/\/tara.rs\/wp-content\/uploads\/2023\/04\/villa-montana-zaovine-tara-smestaj-4-210x210.jpg 210w\" sizes=\"(max-width: 150px) 100vw, 150px\" \/><\/a>\n\t\t\t<\/dt><\/dl><br style=\"clear: both\" \/>\n\t\t<\/div>\n\n<p>&nbsp;<\/p>\n<table width=\"100%\" cellspacing=\"0\" cellpadding=\"0\">\n<tbody>\n<tr valign=\"top\">\n<td style=\"text-align: center;\" width=\"50%\"><a href=\"https:\/\/www.instagram.com\/villamontanazaovine\/\" target=\"_blank\" rel=\"noopener\"><img loading=\"lazy\" decoding=\"async\" class=\"aligncenter wp-image-16625 size-full\" src=\"https:\/\/tara.rs\/wp-content\/uploads\/2018\/05\/instagram-srbija.jpg\" alt=\"\" width=\"203\" height=\"38\" srcset=\"https:\/\/tara.rs\/wp-content\/uploads\/2018\/05\/instagram-srbija.jpg 203w, https:\/\/tara.rs\/wp-content\/uploads\/2018\/05\/instagram-srbija-150x28.jpg 150w\" sizes=\"(max-width: 203px) 100vw, 203px\" \/><\/a><\/td>\n<td style=\"text-align: center;\" width=\"50%\"><a href=\"https:\/\/www.facebook.com\/people\/Villa-Montana-Zaovine\/100090839247673\/\" target=\"_blank\" rel=\"noopener\"><img loading=\"lazy\" decoding=\"async\" class=\"aligncenter wp-image-8326 size-full\" src=\"https:\/\/tara.rs\/wp-content\/uploads\/2018\/01\/Facebook-logo.jpg\" alt=\"\" width=\"150\" height=\"39\" \/><\/a><\/td>\n<\/tr>\n<\/tbody>\n<\/table>\n<p>&nbsp;<\/p>","protected":false},"excerpt":{"rendered":"<p>Vila MONTANA Zaovine apartmani se nalaze u neposrednoj blizini Zaovinskog jezera \ud83d\uddfb na planini Tari \ud83c\udf32 Raspola\u017eemo sa 4 savremeno opremljena apartmana. Svaki apartman prima maksimalno 4 osobe. Obezbe\u0111eni su WiFi \ud83d\udcf6 , satelitska \ud83d\udcfa i \ud83c\udd7f\ufe0farking za goste, a do nas se sti\u017ee asfaltnim putem. Mogu\u0107 je zakup cele vile. Le\u017eajni kapacitet je 16&#8230;<\/p>\n","protected":false},"author":1,"featured_media":68777,"parent":0,"menu_order":0,"comment_status":"closed","ping_status":"closed","template":"","objekat-osobina":[2,139,32,9,20,26,269,5],"Objekat - top":[43,46,48],"osobina - lokacija":[51],"objekat - status":[],"class_list":["post-68769","property","type-property","status-publish","has-post-thumbnail","hentry","property-feature-internet","property-feature-kucni-ljubimci","property-feature-nenatkriveni","property-feature-tv-satelitska-televizija","property-feature-letnjikovac","property-feature-rostilj","property-feature-klima","property-feature-grejanje-na-struju","property-type-planinska-kuca","property-type-apartmani","property-type-vile","property-city-tara-zaovine"],"yoast_head":"<!-- This site is optimized with the Yoast SEO plugin v25.3 - https:\/\/yoast.com\/wordpress\/plugins\/seo\/ -->\n<title>Villa Montana Zaovine - SME\u0160TAJ NA TARI - Vikendice, apartmani, brvnare, planinske ku\u0107e, hoteli...<\/title>\n<meta name=\"robots\" content=\"index, follow, max-snippet:-1, max-image-preview:large, max-video-preview:-1\" \/>\n<link rel=\"canonical\" href=\"https:\/\/tara.rs\/sr\/objekat\/villa-montana-zaovine\/\" \/>\n<meta property=\"og:locale\" content=\"sr_RS\" \/>\n<meta property=\"og:type\" content=\"article\" \/>\n<meta property=\"og:title\" content=\"VILA MONTANA ZAOVINE - SME\u0160TAJ NA TARI\" \/>\n<meta property=\"og:description\" content=\"Na\u0161i apartmani se nalaze u neposrednoj blizini Zaovinskog jezera na planini Tari \ud83c\udf32 Raspola\u017eemo sa 4 savremeno opremljena apartmana. Svaki apartman prima maksimalno 4 osobe.\" \/>\n<meta property=\"og:url\" content=\"https:\/\/tara.rs\/sr\/objekat\/villa-montana-zaovine\/\" \/>\n<meta property=\"og:site_name\" content=\"SME\u0160TAJ NA TARI - Vikendice, apartmani, brvnare, planinske ku\u0107e, hoteli...\" \/>\n<meta property=\"article:modified_time\" content=\"2025-09-04T10:11:03+00:00\" \/>\n<meta property=\"og:image\" content=\"https:\/\/tara.rs\/wp-content\/uploads\/2023\/04\/villa-montana-zaovine-smestaj-na-planini-tari.jpg\" \/>\n\t<meta property=\"og:image:width\" content=\"1067\" \/>\n\t<meta property=\"og:image:height\" content=\"588\" \/>\n\t<meta property=\"og:image:type\" content=\"image\/jpeg\" \/>\n<meta name=\"twitter:card\" content=\"summary_large_image\" \/>\n<meta name=\"twitter:label1\" content=\"\u041f\u0440\u043e\u0446\u0435\u045a\u0435\u043d\u043e \u0432\u0440\u0435\u043c\u0435 \u0447\u0438\u0442\u0430\u045a\u0430\" \/>\n\t<meta name=\"twitter:data1\" content=\"2 \u043c\u0438\u043d\u0443\u0442\u0430\" \/>\n<script type=\"application\/ld+json\" class=\"yoast-schema-graph\">{\"@context\":\"https:\/\/schema.org\",\"@graph\":[{\"@type\":\"WebPage\",\"@id\":\"https:\/\/tara.rs\/sr\/objekat\/villa-montana-zaovine\/\",\"url\":\"https:\/\/tara.rs\/sr\/objekat\/villa-montana-zaovine\/\",\"name\":\"Villa Montana Zaovine - SME\u0160TAJ NA TARI - Vikendice, apartmani, brvnare, planinske ku\u0107e, hoteli...\",\"isPartOf\":{\"@id\":\"https:\/\/tara.rs\/sr\/#website\"},\"primaryImageOfPage\":{\"@id\":\"https:\/\/tara.rs\/sr\/objekat\/villa-montana-zaovine\/#primaryimage\"},\"image\":{\"@id\":\"https:\/\/tara.rs\/sr\/objekat\/villa-montana-zaovine\/#primaryimage\"},\"thumbnailUrl\":\"https:\/\/tara.rs\/wp-content\/uploads\/2023\/08\/vila-montana-tara-zaovine-apartmani-11.jpg\",\"datePublished\":\"2024-01-04T13:20:18+00:00\",\"dateModified\":\"2025-09-04T10:11:03+00:00\",\"breadcrumb\":{\"@id\":\"https:\/\/tara.rs\/sr\/objekat\/villa-montana-zaovine\/#breadcrumb\"},\"inLanguage\":\"sr-RS\",\"potentialAction\":[{\"@type\":\"ReadAction\",\"target\":[\"https:\/\/tara.rs\/sr\/objekat\/villa-montana-zaovine\/\"]}]},{\"@type\":\"ImageObject\",\"inLanguage\":\"sr-RS\",\"@id\":\"https:\/\/tara.rs\/sr\/objekat\/villa-montana-zaovine\/#primaryimage\",\"url\":\"https:\/\/tara.rs\/wp-content\/uploads\/2023\/08\/vila-montana-tara-zaovine-apartmani-11.jpg\",\"contentUrl\":\"https:\/\/tara.rs\/wp-content\/uploads\/2023\/08\/vila-montana-tara-zaovine-apartmani-11.jpg\",\"width\":600,\"height\":600},{\"@type\":\"BreadcrumbList\",\"@id\":\"https:\/\/tara.rs\/sr\/objekat\/villa-montana-zaovine\/#breadcrumb\",\"itemListElement\":[{\"@type\":\"ListItem\",\"position\":1,\"name\":\"Properties\",\"item\":\"https:\/\/tara.rs\/sr\/objekat\/\"},{\"@type\":\"ListItem\",\"position\":2,\"name\":\"Villa Montana Zaovine\"}]},{\"@type\":\"WebSite\",\"@id\":\"https:\/\/tara.rs\/sr\/#website\",\"url\":\"https:\/\/tara.rs\/sr\/\",\"name\":\"SME\u0160TAJ NA TARI - Vikendice, apartmani, brvnare, planinske ku\u0107e, hoteli...\",\"description\":\"350 + OBJEKATA ZA SME\u0160TAJ NA TARI\",\"publisher\":{\"@id\":\"https:\/\/tara.rs\/sr\/#organization\"},\"alternateName\":\"TARA.RS - 450 + Objekata za sme\u0161aj\",\"potentialAction\":[{\"@type\":\"SearchAction\",\"target\":{\"@type\":\"EntryPoint\",\"urlTemplate\":\"https:\/\/tara.rs\/sr\/?s={search_term_string}\"},\"query-input\":{\"@type\":\"PropertyValueSpecification\",\"valueRequired\":true,\"valueName\":\"search_term_string\"}}],\"inLanguage\":\"sr-RS\"},{\"@type\":\"Organization\",\"@id\":\"https:\/\/tara.rs\/sr\/#organization\",\"name\":\"SME\u0160TAJ NA TARI - Vikendice, apartmani, brvnare, planinske ku\u0107e, hoteli...\",\"url\":\"https:\/\/tara.rs\/sr\/\",\"logo\":{\"@type\":\"ImageObject\",\"inLanguage\":\"sr-RS\",\"@id\":\"https:\/\/tara.rs\/sr\/#\/schema\/logo\/image\/\",\"url\":\"https:\/\/tara.rs\/wp-content\/uploads\/2026\/01\/tara-rs-logo-sajt-2.png\",\"contentUrl\":\"https:\/\/tara.rs\/wp-content\/uploads\/2026\/01\/tara-rs-logo-sajt-2.png\",\"width\":280,\"height\":100,\"caption\":\"SME\u0160TAJ NA TARI - Vikendice, apartmani, brvnare, planinske ku\u0107e, hoteli...\"},\"image\":{\"@id\":\"https:\/\/tara.rs\/sr\/#\/schema\/logo\/image\/\"}}]}<\/script>\n<!-- \/ Yoast SEO plugin. -->","yoast_head_json":{"title":"Villa Montana Zaovine - SME\u0160TAJ NA TARI - Vikendice, apartmani, brvnare, planinske ku\u0107e, hoteli...","robots":{"index":"index","follow":"follow","max-snippet":"max-snippet:-1","max-image-preview":"max-image-preview:large","max-video-preview":"max-video-preview:-1"},"canonical":"https:\/\/tara.rs\/sr\/objekat\/villa-montana-zaovine\/","og_locale":"sr_RS","og_type":"article","og_title":"VILA MONTANA ZAOVINE - SME\u0160TAJ NA TARI","og_description":"Na\u0161i apartmani se nalaze u neposrednoj blizini Zaovinskog jezera na planini Tari \ud83c\udf32 Raspola\u017eemo sa 4 savremeno opremljena apartmana. Svaki apartman prima maksimalno 4 osobe.","og_url":"https:\/\/tara.rs\/sr\/objekat\/villa-montana-zaovine\/","og_site_name":"SME\u0160TAJ NA TARI - Vikendice, apartmani, brvnare, planinske ku\u0107e, hoteli...","article_modified_time":"2025-09-04T10:11:03+00:00","og_image":[{"width":1067,"height":588,"url":"https:\/\/tara.rs\/wp-content\/uploads\/2023\/04\/villa-montana-zaovine-smestaj-na-planini-tari.jpg","type":"image\/jpeg"}],"twitter_card":"summary_large_image","twitter_misc":{"\u041f\u0440\u043e\u0446\u0435\u045a\u0435\u043d\u043e \u0432\u0440\u0435\u043c\u0435 \u0447\u0438\u0442\u0430\u045a\u0430":"2 \u043c\u0438\u043d\u0443\u0442\u0430"},"schema":{"@context":"https:\/\/schema.org","@graph":[{"@type":"WebPage","@id":"https:\/\/tara.rs\/sr\/objekat\/villa-montana-zaovine\/","url":"https:\/\/tara.rs\/sr\/objekat\/villa-montana-zaovine\/","name":"Villa Montana Zaovine - SME\u0160TAJ NA TARI - Vikendice, apartmani, brvnare, planinske ku\u0107e, hoteli...","isPartOf":{"@id":"https:\/\/tara.rs\/sr\/#website"},"primaryImageOfPage":{"@id":"https:\/\/tara.rs\/sr\/objekat\/villa-montana-zaovine\/#primaryimage"},"image":{"@id":"https:\/\/tara.rs\/sr\/objekat\/villa-montana-zaovine\/#primaryimage"},"thumbnailUrl":"https:\/\/tara.rs\/wp-content\/uploads\/2023\/08\/vila-montana-tara-zaovine-apartmani-11.jpg","datePublished":"2024-01-04T13:20:18+00:00","dateModified":"2025-09-04T10:11:03+00:00","breadcrumb":{"@id":"https:\/\/tara.rs\/sr\/objekat\/villa-montana-zaovine\/#breadcrumb"},"inLanguage":"sr-RS","potentialAction":[{"@type":"ReadAction","target":["https:\/\/tara.rs\/sr\/objekat\/villa-montana-zaovine\/"]}]},{"@type":"ImageObject","inLanguage":"sr-RS","@id":"https:\/\/tara.rs\/sr\/objekat\/villa-montana-zaovine\/#primaryimage","url":"https:\/\/tara.rs\/wp-content\/uploads\/2023\/08\/vila-montana-tara-zaovine-apartmani-11.jpg","contentUrl":"https:\/\/tara.rs\/wp-content\/uploads\/2023\/08\/vila-montana-tara-zaovine-apartmani-11.jpg","width":600,"height":600},{"@type":"BreadcrumbList","@id":"https:\/\/tara.rs\/sr\/objekat\/villa-montana-zaovine\/#breadcrumb","itemListElement":[{"@type":"ListItem","position":1,"name":"Properties","item":"https:\/\/tara.rs\/sr\/objekat\/"},{"@type":"ListItem","position":2,"name":"Villa Montana Zaovine"}]},{"@type":"WebSite","@id":"https:\/\/tara.rs\/sr\/#website","url":"https:\/\/tara.rs\/sr\/","name":"SME\u0160TAJ NA TARI - Vikendice, apartmani, brvnare, planinske ku\u0107e, hoteli...","description":"350 + OBJEKATA ZA SME\u0160TAJ NA TARI","publisher":{"@id":"https:\/\/tara.rs\/sr\/#organization"},"alternateName":"TARA.RS - 450 + Objekata za sme\u0161aj","potentialAction":[{"@type":"SearchAction","target":{"@type":"EntryPoint","urlTemplate":"https:\/\/tara.rs\/sr\/?s={search_term_string}"},"query-input":{"@type":"PropertyValueSpecification","valueRequired":true,"valueName":"search_term_string"}}],"inLanguage":"sr-RS"},{"@type":"Organization","@id":"https:\/\/tara.rs\/sr\/#organization","name":"SME\u0160TAJ NA TARI - Vikendice, apartmani, brvnare, planinske ku\u0107e, hoteli...","url":"https:\/\/tara.rs\/sr\/","logo":{"@type":"ImageObject","inLanguage":"sr-RS","@id":"https:\/\/tara.rs\/sr\/#\/schema\/logo\/image\/","url":"https:\/\/tara.rs\/wp-content\/uploads\/2026\/01\/tara-rs-logo-sajt-2.png","contentUrl":"https:\/\/tara.rs\/wp-content\/uploads\/2026\/01\/tara-rs-logo-sajt-2.png","width":280,"height":100,"caption":"SME\u0160TAJ NA TARI - Vikendice, apartmani, brvnare, planinske ku\u0107e, hoteli..."},"image":{"@id":"https:\/\/tara.rs\/sr\/#\/schema\/logo\/image\/"}}]}},"property_meta":{"REAL_HOMES_property_price":"50","REAL_HOMES_property_old_price":"","REAL_HOMES_property_price_prefix":"OD","REAL_HOMES_property_price_postfix":"DAN","REAL_HOMES_property_size":"","REAL_HOMES_property_size_postfix":"","REAL_HOMES_property_lot_size":"","REAL_HOMES_property_lot_size_postfix":"","REAL_HOMES_property_bedrooms":"","REAL_HOMES_property_bathrooms":"4","REAL_HOMES_property_garage":"","REAL_HOMES_property_id":"","REAL_HOMES_property_year_built":"2023","REAL_HOMES_featured":"0","REAL_HOMES_additional_details_list":[],"REAL_HOMES_property_location":{"latitude":"43.888229310951","longitude":"19.401860833168","zoom":"18"},"REAL_HOMES_property_address":"Zaovine, Planina Tara, Srbija","REAL_HOMES_property_map":"0","REAL_HOMES_property_images":[{"width":150,"height":150,"file":"2023\/08\/vila-montana-tara-zaovine-apartmani-11.jpg","filesize":108531,"sizes":{"medium":{"file":"vila-montana-tara-zaovine-apartmani-11-300x300.jpg","width":300,"height":300,"mime-type":"image\/jpeg","filesize":29203,"url":"https:\/\/tara.rs\/wp-content\/uploads\/2023\/08\/vila-montana-tara-zaovine-apartmani-11-300x300.jpg"},"thumbnail":{"file":"vila-montana-tara-zaovine-apartmani-11-150x150.jpg","width":150,"height":150,"mime-type":"image\/jpeg","filesize":8487,"url":"https:\/\/tara.rs\/wp-content\/uploads\/2023\/08\/vila-montana-tara-zaovine-apartmani-11-150x150.jpg"},"post-thumbnail":{"file":"vila-montana-tara-zaovine-apartmani-11-150x150.jpg","width":150,"height":150,"mime-type":"image\/jpeg","filesize":8487,"url":"https:\/\/tara.rs\/wp-content\/uploads\/2023\/08\/vila-montana-tara-zaovine-apartmani-11-150x150.jpg"},"modern-property-child-slider":{"file":"vila-montana-tara-zaovine-apartmani-11-600x510.jpg","width":600,"height":510,"mime-type":"image\/jpeg","filesize":90260,"url":"https:\/\/tara.rs\/wp-content\/uploads\/2023\/08\/vila-montana-tara-zaovine-apartmani-11-600x510.jpg"},"property-thumb-image":{"file":"vila-montana-tara-zaovine-apartmani-11-488x326.jpg","width":488,"height":326,"mime-type":"image\/jpeg","filesize":45247,"url":"https:\/\/tara.rs\/wp-content\/uploads\/2023\/08\/vila-montana-tara-zaovine-apartmani-11-488x326.jpg"},"property-detail-video-image":{"file":"vila-montana-tara-zaovine-apartmani-11-600x417.jpg","width":600,"height":417,"mime-type":"image\/jpeg","filesize":76165,"url":"https:\/\/tara.rs\/wp-content\/uploads\/2023\/08\/vila-montana-tara-zaovine-apartmani-11-600x417.jpg"},"agent-image":{"file":"vila-montana-tara-zaovine-apartmani-11-210x210.jpg","width":210,"height":210,"mime-type":"image\/jpeg","filesize":15181,"url":"https:\/\/tara.rs\/wp-content\/uploads\/2023\/08\/vila-montana-tara-zaovine-apartmani-11-210x210.jpg"}},"image_meta":{"aperture":"0","credit":"","camera":"","caption":"","created_timestamp":"0","copyright":"","focal_length":"0","iso":"0","shutter_speed":"0","title":"","orientation":"0","keywords":[]},"ID":"68777","name":"vila-montana-tara-zaovine-apartmani-11.jpg","path":"\/home\/tarars\/public_html\/wp-content\/uploads\/2023\/08\/vila-montana-tara-zaovine-apartmani-11.jpg","url":"https:\/\/tara.rs\/wp-content\/uploads\/2023\/08\/vila-montana-tara-zaovine-apartmani-11-150x150.jpg","full_url":"https:\/\/tara.rs\/wp-content\/uploads\/2023\/08\/vila-montana-tara-zaovine-apartmani-11.jpg","title":"vila-montana-tara-zaovine-apartmani-11","caption":"","description":"","alt":"","srcset":"https:\/\/tara.rs\/wp-content\/uploads\/2023\/08\/vila-montana-tara-zaovine-apartmani-11-150x150.jpg 150w, https:\/\/tara.rs\/wp-content\/uploads\/2023\/08\/vila-montana-tara-zaovine-apartmani-11-300x300.jpg 300w, https:\/\/tara.rs\/wp-content\/uploads\/2023\/08\/vila-montana-tara-zaovine-apartmani-11-210x210.jpg 210w, https:\/\/tara.rs\/wp-content\/uploads\/2023\/08\/vila-montana-tara-zaovine-apartmani-11.jpg 600w"},{"width":150,"height":150,"file":"2023\/08\/vila-montana-tara-zaovine-apartmani-1.jpg","filesize":110117,"sizes":{"medium":{"file":"vila-montana-tara-zaovine-apartmani-1-239x300.jpg","width":239,"height":300,"mime-type":"image\/jpeg","filesize":20443,"url":"https:\/\/tara.rs\/wp-content\/uploads\/2023\/08\/vila-montana-tara-zaovine-apartmani-1-239x300.jpg"},"thumbnail":{"file":"vila-montana-tara-zaovine-apartmani-1-150x150.jpg","width":150,"height":150,"mime-type":"image\/jpeg","filesize":8076,"url":"https:\/\/tara.rs\/wp-content\/uploads\/2023\/08\/vila-montana-tara-zaovine-apartmani-1-150x150.jpg"},"post-thumbnail":{"file":"vila-montana-tara-zaovine-apartmani-1-119x150.jpg","width":119,"height":150,"mime-type":"image\/jpeg","filesize":6450,"url":"https:\/\/tara.rs\/wp-content\/uploads\/2023\/08\/vila-montana-tara-zaovine-apartmani-1-119x150.jpg"},"modern-property-child-slider":{"file":"vila-montana-tara-zaovine-apartmani-1-600x510.jpg","width":600,"height":510,"mime-type":"image\/jpeg","filesize":71676,"url":"https:\/\/tara.rs\/wp-content\/uploads\/2023\/08\/vila-montana-tara-zaovine-apartmani-1-600x510.jpg"},"property-thumb-image":{"file":"vila-montana-tara-zaovine-apartmani-1-488x326.jpg","width":488,"height":326,"mime-type":"image\/jpeg","filesize":37237,"url":"https:\/\/tara.rs\/wp-content\/uploads\/2023\/08\/vila-montana-tara-zaovine-apartmani-1-488x326.jpg"},"property-detail-video-image":{"file":"vila-montana-tara-zaovine-apartmani-1-600x417.jpg","width":600,"height":417,"mime-type":"image\/jpeg","filesize":60678,"url":"https:\/\/tara.rs\/wp-content\/uploads\/2023\/08\/vila-montana-tara-zaovine-apartmani-1-600x417.jpg"},"agent-image":{"file":"vila-montana-tara-zaovine-apartmani-1-210x210.jpg","width":210,"height":210,"mime-type":"image\/jpeg","filesize":14051,"url":"https:\/\/tara.rs\/wp-content\/uploads\/2023\/08\/vila-montana-tara-zaovine-apartmani-1-210x210.jpg"},"post-featured-image":{"file":"vila-montana-tara-zaovine-apartmani-1-600x720.jpg","width":600,"height":720,"mime-type":"image\/jpeg","filesize":99288,"url":"https:\/\/tara.rs\/wp-content\/uploads\/2023\/08\/vila-montana-tara-zaovine-apartmani-1-600x720.jpg"}},"image_meta":{"aperture":"0","credit":"","camera":"","caption":"","created_timestamp":"0","copyright":"","focal_length":"0","iso":"0","shutter_speed":"0","title":"","orientation":"0","keywords":[]},"ID":"68789","name":"vila-montana-tara-zaovine-apartmani-1.jpg","path":"\/home\/tarars\/public_html\/wp-content\/uploads\/2023\/08\/vila-montana-tara-zaovine-apartmani-1.jpg","url":"https:\/\/tara.rs\/wp-content\/uploads\/2023\/08\/vila-montana-tara-zaovine-apartmani-1-150x150.jpg","full_url":"https:\/\/tara.rs\/wp-content\/uploads\/2023\/08\/vila-montana-tara-zaovine-apartmani-1.jpg","title":"vila-montana-tara-zaovine-apartmani-1","caption":"","description":"","alt":"","srcset":"https:\/\/tara.rs\/wp-content\/uploads\/2023\/08\/vila-montana-tara-zaovine-apartmani-1-150x150.jpg 150w, https:\/\/tara.rs\/wp-content\/uploads\/2023\/08\/vila-montana-tara-zaovine-apartmani-1-210x210.jpg 210w"},{"width":150,"height":150,"file":"2023\/08\/vila-montana-tara-zaovine-apartmani-3.jpg","filesize":87739,"sizes":{"medium":{"file":"vila-montana-tara-zaovine-apartmani-3-300x202.jpg","width":300,"height":202,"mime-type":"image\/jpeg","filesize":11283,"url":"https:\/\/tara.rs\/wp-content\/uploads\/2023\/08\/vila-montana-tara-zaovine-apartmani-3-300x202.jpg"},"thumbnail":{"file":"vila-montana-tara-zaovine-apartmani-3-150x150.jpg","width":150,"height":150,"mime-type":"image\/jpeg","filesize":4659,"url":"https:\/\/tara.rs\/wp-content\/uploads\/2023\/08\/vila-montana-tara-zaovine-apartmani-3-150x150.jpg"},"medium_large":{"file":"vila-montana-tara-zaovine-apartmani-3-768x518.jpg","width":768,"height":518,"mime-type":"image\/jpeg","filesize":56242,"url":"https:\/\/tara.rs\/wp-content\/uploads\/2023\/08\/vila-montana-tara-zaovine-apartmani-3-768x518.jpg"},"post-thumbnail":{"file":"vila-montana-tara-zaovine-apartmani-3-150x101.jpg","width":150,"height":101,"mime-type":"image\/jpeg","filesize":3757,"url":"https:\/\/tara.rs\/wp-content\/uploads\/2023\/08\/vila-montana-tara-zaovine-apartmani-3-150x101.jpg"},"modern-property-child-slider":{"file":"vila-montana-tara-zaovine-apartmani-3-680x510.jpg","width":680,"height":510,"mime-type":"image\/jpeg","filesize":48276,"url":"https:\/\/tara.rs\/wp-content\/uploads\/2023\/08\/vila-montana-tara-zaovine-apartmani-3-680x510.jpg"},"property-thumb-image":{"file":"vila-montana-tara-zaovine-apartmani-3-488x326.jpg","width":488,"height":326,"mime-type":"image\/jpeg","filesize":25559,"url":"https:\/\/tara.rs\/wp-content\/uploads\/2023\/08\/vila-montana-tara-zaovine-apartmani-3-488x326.jpg"},"property-detail-video-image":{"file":"vila-montana-tara-zaovine-apartmani-3-818x417.jpg","width":818,"height":417,"mime-type":"image\/jpeg","filesize":49431,"url":"https:\/\/tara.rs\/wp-content\/uploads\/2023\/08\/vila-montana-tara-zaovine-apartmani-3-818x417.jpg"},"agent-image":{"file":"vila-montana-tara-zaovine-apartmani-3-210x210.jpg","width":210,"height":210,"mime-type":"image\/jpeg","filesize":8130,"url":"https:\/\/tara.rs\/wp-content\/uploads\/2023\/08\/vila-montana-tara-zaovine-apartmani-3-210x210.jpg"},"partners-logo":{"file":"vila-montana-tara-zaovine-apartmani-3-600x600.jpg","width":600,"height":600,"mime-type":"image\/jpeg","filesize":56183,"url":"https:\/\/tara.rs\/wp-content\/uploads\/2023\/08\/vila-montana-tara-zaovine-apartmani-3-600x600.jpg"}},"image_meta":{"aperture":"0","credit":"","camera":"","caption":"","created_timestamp":"0","copyright":"","focal_length":"0","iso":"0","shutter_speed":"0","title":"","orientation":"0","keywords":[]},"ID":"68791","name":"vila-montana-tara-zaovine-apartmani-3.jpg","path":"\/home\/tarars\/public_html\/wp-content\/uploads\/2023\/08\/vila-montana-tara-zaovine-apartmani-3.jpg","url":"https:\/\/tara.rs\/wp-content\/uploads\/2023\/08\/vila-montana-tara-zaovine-apartmani-3-150x150.jpg","full_url":"https:\/\/tara.rs\/wp-content\/uploads\/2023\/08\/vila-montana-tara-zaovine-apartmani-3.jpg","title":"vila-montana-tara-zaovine-apartmani-3","caption":"","description":"","alt":"","srcset":"https:\/\/tara.rs\/wp-content\/uploads\/2023\/08\/vila-montana-tara-zaovine-apartmani-3-150x150.jpg 150w, https:\/\/tara.rs\/wp-content\/uploads\/2023\/08\/vila-montana-tara-zaovine-apartmani-3-210x210.jpg 210w, https:\/\/tara.rs\/wp-content\/uploads\/2023\/08\/vila-montana-tara-zaovine-apartmani-3-600x600.jpg 600w"},{"width":150,"height":150,"file":"2023\/08\/vila-montana-tara-zaovine-apartmani-2.jpg","filesize":102808,"sizes":{"medium":{"file":"vila-montana-tara-zaovine-apartmani-2-300x225.jpg","width":300,"height":225,"mime-type":"image\/jpeg","filesize":18117,"url":"https:\/\/tara.rs\/wp-content\/uploads\/2023\/08\/vila-montana-tara-zaovine-apartmani-2-300x225.jpg"},"thumbnail":{"file":"vila-montana-tara-zaovine-apartmani-2-150x150.jpg","width":150,"height":150,"mime-type":"image\/jpeg","filesize":6936,"url":"https:\/\/tara.rs\/wp-content\/uploads\/2023\/08\/vila-montana-tara-zaovine-apartmani-2-150x150.jpg"},"medium_large":{"file":"vila-montana-tara-zaovine-apartmani-2-768x576.jpg","width":768,"height":576,"mime-type":"image\/jpeg","filesize":79949,"url":"https:\/\/tara.rs\/wp-content\/uploads\/2023\/08\/vila-montana-tara-zaovine-apartmani-2-768x576.jpg"},"post-thumbnail":{"file":"vila-montana-tara-zaovine-apartmani-2-150x113.jpg","width":150,"height":113,"mime-type":"image\/jpeg","filesize":5865,"url":"https:\/\/tara.rs\/wp-content\/uploads\/2023\/08\/vila-montana-tara-zaovine-apartmani-2-150x113.jpg"},"modern-property-child-slider":{"file":"vila-montana-tara-zaovine-apartmani-2-680x510.jpg","width":680,"height":510,"mime-type":"image\/jpeg","filesize":66690,"url":"https:\/\/tara.rs\/wp-content\/uploads\/2023\/08\/vila-montana-tara-zaovine-apartmani-2-680x510.jpg"},"property-thumb-image":{"file":"vila-montana-tara-zaovine-apartmani-2-488x326.jpg","width":488,"height":326,"mime-type":"image\/jpeg","filesize":35945,"url":"https:\/\/tara.rs\/wp-content\/uploads\/2023\/08\/vila-montana-tara-zaovine-apartmani-2-488x326.jpg"},"property-detail-video-image":{"file":"vila-montana-tara-zaovine-apartmani-2-800x417.jpg","width":800,"height":417,"mime-type":"image\/jpeg","filesize":71219,"url":"https:\/\/tara.rs\/wp-content\/uploads\/2023\/08\/vila-montana-tara-zaovine-apartmani-2-800x417.jpg"},"agent-image":{"file":"vila-montana-tara-zaovine-apartmani-2-210x210.jpg","width":210,"height":210,"mime-type":"image\/jpeg","filesize":11948,"url":"https:\/\/tara.rs\/wp-content\/uploads\/2023\/08\/vila-montana-tara-zaovine-apartmani-2-210x210.jpg"},"partners-logo":{"file":"vila-montana-tara-zaovine-apartmani-2-600x600.jpg","width":600,"height":600,"mime-type":"image\/jpeg","filesize":69480,"url":"https:\/\/tara.rs\/wp-content\/uploads\/2023\/08\/vila-montana-tara-zaovine-apartmani-2-600x600.jpg"}},"image_meta":{"aperture":"0","credit":"","camera":"","caption":"","created_timestamp":"0","copyright":"","focal_length":"0","iso":"0","shutter_speed":"0","title":"","orientation":"0","keywords":[]},"ID":"68790","name":"vila-montana-tara-zaovine-apartmani-2.jpg","path":"\/home\/tarars\/public_html\/wp-content\/uploads\/2023\/08\/vila-montana-tara-zaovine-apartmani-2.jpg","url":"https:\/\/tara.rs\/wp-content\/uploads\/2023\/08\/vila-montana-tara-zaovine-apartmani-2-150x150.jpg","full_url":"https:\/\/tara.rs\/wp-content\/uploads\/2023\/08\/vila-montana-tara-zaovine-apartmani-2.jpg","title":"vila-montana-tara-zaovine-apartmani-2","caption":"","description":"","alt":"","srcset":"https:\/\/tara.rs\/wp-content\/uploads\/2023\/08\/vila-montana-tara-zaovine-apartmani-2-150x150.jpg 150w, https:\/\/tara.rs\/wp-content\/uploads\/2023\/08\/vila-montana-tara-zaovine-apartmani-2-210x210.jpg 210w, https:\/\/tara.rs\/wp-content\/uploads\/2023\/08\/vila-montana-tara-zaovine-apartmani-2-600x600.jpg 600w"},{"width":150,"height":150,"file":"2023\/04\/villa-montana-zaovine-tara-1.jpg","filesize":85587,"sizes":{"medium":{"file":"villa-montana-zaovine-tara-1-200x300.jpg","width":200,"height":300,"mime-type":"image\/jpeg","filesize":12856,"url":"https:\/\/tara.rs\/wp-content\/uploads\/2023\/04\/villa-montana-zaovine-tara-1-200x300.jpg"},"thumbnail":{"file":"villa-montana-zaovine-tara-1-150x150.jpg","width":150,"height":150,"mime-type":"image\/jpeg","filesize":6651,"url":"https:\/\/tara.rs\/wp-content\/uploads\/2023\/04\/villa-montana-zaovine-tara-1-150x150.jpg"},"post-thumbnail":{"file":"villa-montana-zaovine-tara-1-100x150.jpg","width":100,"height":150,"mime-type":"image\/jpeg","filesize":4930,"url":"https:\/\/tara.rs\/wp-content\/uploads\/2023\/04\/villa-montana-zaovine-tara-1-100x150.jpg"},"modern-property-child-slider":{"file":"villa-montana-zaovine-tara-1-600x510.jpg","width":600,"height":510,"mime-type":"image\/jpeg","filesize":58647,"url":"https:\/\/tara.rs\/wp-content\/uploads\/2023\/04\/villa-montana-zaovine-tara-1-600x510.jpg"},"property-thumb-image":{"file":"villa-montana-zaovine-tara-1-488x326.jpg","width":488,"height":326,"mime-type":"image\/jpeg","filesize":29843,"url":"https:\/\/tara.rs\/wp-content\/uploads\/2023\/04\/villa-montana-zaovine-tara-1-488x326.jpg"},"property-detail-video-image":{"file":"villa-montana-zaovine-tara-1-600x417.jpg","width":600,"height":417,"mime-type":"image\/jpeg","filesize":50024,"url":"https:\/\/tara.rs\/wp-content\/uploads\/2023\/04\/villa-montana-zaovine-tara-1-600x417.jpg"},"agent-image":{"file":"villa-montana-zaovine-tara-1-210x210.jpg","width":210,"height":210,"mime-type":"image\/jpeg","filesize":11196,"url":"https:\/\/tara.rs\/wp-content\/uploads\/2023\/04\/villa-montana-zaovine-tara-1-210x210.jpg"},"post-featured-image":{"file":"villa-montana-zaovine-tara-1-600x720.jpg","width":600,"height":720,"mime-type":"image\/jpeg","filesize":71195,"url":"https:\/\/tara.rs\/wp-content\/uploads\/2023\/04\/villa-montana-zaovine-tara-1-600x720.jpg"}},"image_meta":{"aperture":"0","credit":"","camera":"","caption":"","created_timestamp":"0","copyright":"","focal_length":"0","iso":"0","shutter_speed":"0","title":"","orientation":"0","keywords":[]},"ID":"68811","name":"villa-montana-zaovine-tara-1.jpg","path":"\/home\/tarars\/public_html\/wp-content\/uploads\/2023\/04\/villa-montana-zaovine-tara-1.jpg","url":"https:\/\/tara.rs\/wp-content\/uploads\/2023\/04\/villa-montana-zaovine-tara-1-150x150.jpg","full_url":"https:\/\/tara.rs\/wp-content\/uploads\/2023\/04\/villa-montana-zaovine-tara-1.jpg","title":"villa-montana-zaovine-tara (1)","caption":"","description":"","alt":"","srcset":"https:\/\/tara.rs\/wp-content\/uploads\/2023\/04\/villa-montana-zaovine-tara-1-150x150.jpg 150w, https:\/\/tara.rs\/wp-content\/uploads\/2023\/04\/villa-montana-zaovine-tara-1-210x210.jpg 210w"},{"width":150,"height":150,"file":"2023\/04\/villa-montana-zaovine-tara-3.jpg","filesize":110011,"sizes":{"medium":{"file":"villa-montana-zaovine-tara-3-196x300.jpg","width":196,"height":300,"mime-type":"image\/jpeg","filesize":19255,"url":"https:\/\/tara.rs\/wp-content\/uploads\/2023\/04\/villa-montana-zaovine-tara-3-196x300.jpg"},"thumbnail":{"file":"villa-montana-zaovine-tara-3-150x150.jpg","width":150,"height":150,"mime-type":"image\/jpeg","filesize":8511,"url":"https:\/\/tara.rs\/wp-content\/uploads\/2023\/04\/villa-montana-zaovine-tara-3-150x150.jpg"},"post-thumbnail":{"file":"villa-montana-zaovine-tara-3-98x150.jpg","width":98,"height":150,"mime-type":"image\/jpeg","filesize":6353,"url":"https:\/\/tara.rs\/wp-content\/uploads\/2023\/04\/villa-montana-zaovine-tara-3-98x150.jpg"},"modern-property-child-slider":{"file":"villa-montana-zaovine-tara-3-589x510.jpg","width":589,"height":510,"mime-type":"image\/jpeg","filesize":57920,"url":"https:\/\/tara.rs\/wp-content\/uploads\/2023\/04\/villa-montana-zaovine-tara-3-589x510.jpg"},"property-thumb-image":{"file":"villa-montana-zaovine-tara-3-488x326.jpg","width":488,"height":326,"mime-type":"image\/jpeg","filesize":32667,"url":"https:\/\/tara.rs\/wp-content\/uploads\/2023\/04\/villa-montana-zaovine-tara-3-488x326.jpg"},"property-detail-video-image":{"file":"villa-montana-zaovine-tara-3-589x417.jpg","width":589,"height":417,"mime-type":"image\/jpeg","filesize":47639,"url":"https:\/\/tara.rs\/wp-content\/uploads\/2023\/04\/villa-montana-zaovine-tara-3-589x417.jpg"},"agent-image":{"file":"villa-montana-zaovine-tara-3-210x210.jpg","width":210,"height":210,"mime-type":"image\/jpeg","filesize":14466,"url":"https:\/\/tara.rs\/wp-content\/uploads\/2023\/04\/villa-montana-zaovine-tara-3-210x210.jpg"},"post-featured-image":{"file":"villa-montana-zaovine-tara-3-589x720.jpg","width":589,"height":720,"mime-type":"image\/jpeg","filesize":81003,"url":"https:\/\/tara.rs\/wp-content\/uploads\/2023\/04\/villa-montana-zaovine-tara-3-589x720.jpg"}},"image_meta":{"aperture":"0","credit":"","camera":"","caption":"","created_timestamp":"0","copyright":"","focal_length":"0","iso":"0","shutter_speed":"0","title":"","orientation":"0","keywords":[]},"ID":"68813","name":"villa-montana-zaovine-tara-3.jpg","path":"\/home\/tarars\/public_html\/wp-content\/uploads\/2023\/04\/villa-montana-zaovine-tara-3.jpg","url":"https:\/\/tara.rs\/wp-content\/uploads\/2023\/04\/villa-montana-zaovine-tara-3-150x150.jpg","full_url":"https:\/\/tara.rs\/wp-content\/uploads\/2023\/04\/villa-montana-zaovine-tara-3.jpg","title":"villa-montana-zaovine-tara (3)","caption":"","description":"","alt":"","srcset":"https:\/\/tara.rs\/wp-content\/uploads\/2023\/04\/villa-montana-zaovine-tara-3-150x150.jpg 150w, https:\/\/tara.rs\/wp-content\/uploads\/2023\/04\/villa-montana-zaovine-tara-3-210x210.jpg 210w"},{"width":150,"height":150,"file":"2023\/08\/vila-montana-tara-zaovine-apartmani-4.jpg","filesize":119265,"sizes":{"medium":{"file":"vila-montana-tara-zaovine-apartmani-4-300x169.jpg","width":300,"height":169,"mime-type":"image\/jpeg","filesize":13791,"url":"https:\/\/tara.rs\/wp-content\/uploads\/2023\/08\/vila-montana-tara-zaovine-apartmani-4-300x169.jpg"},"thumbnail":{"file":"vila-montana-tara-zaovine-apartmani-4-150x150.jpg","width":150,"height":150,"mime-type":"image\/jpeg","filesize":7239,"url":"https:\/\/tara.rs\/wp-content\/uploads\/2023\/08\/vila-montana-tara-zaovine-apartmani-4-150x150.jpg"},"medium_large":{"file":"vila-montana-tara-zaovine-apartmani-4-768x432.jpg","width":768,"height":432,"mime-type":"image\/jpeg","filesize":71372,"url":"https:\/\/tara.rs\/wp-content\/uploads\/2023\/08\/vila-montana-tara-zaovine-apartmani-4-768x432.jpg"},"post-thumbnail":{"file":"vila-montana-tara-zaovine-apartmani-4-150x84.jpg","width":150,"height":84,"mime-type":"image\/jpeg","filesize":4248,"url":"https:\/\/tara.rs\/wp-content\/uploads\/2023\/08\/vila-montana-tara-zaovine-apartmani-4-150x84.jpg"},"modern-property-child-slider":{"file":"vila-montana-tara-zaovine-apartmani-4-680x506.jpg","width":680,"height":506,"mime-type":"image\/jpeg","filesize":88093,"url":"https:\/\/tara.rs\/wp-content\/uploads\/2023\/08\/vila-montana-tara-zaovine-apartmani-4-680x506.jpg"},"property-thumb-image":{"file":"vila-montana-tara-zaovine-apartmani-4-488x326.jpg","width":488,"height":326,"mime-type":"image\/jpeg","filesize":37750,"url":"https:\/\/tara.rs\/wp-content\/uploads\/2023\/08\/vila-montana-tara-zaovine-apartmani-4-488x326.jpg"},"property-detail-video-image":{"file":"vila-montana-tara-zaovine-apartmani-4-818x417.jpg","width":818,"height":417,"mime-type":"image\/jpeg","filesize":73845,"url":"https:\/\/tara.rs\/wp-content\/uploads\/2023\/08\/vila-montana-tara-zaovine-apartmani-4-818x417.jpg"},"agent-image":{"file":"vila-montana-tara-zaovine-apartmani-4-210x210.jpg","width":210,"height":210,"mime-type":"image\/jpeg","filesize":13325,"url":"https:\/\/tara.rs\/wp-content\/uploads\/2023\/08\/vila-montana-tara-zaovine-apartmani-4-210x210.jpg"},"partners-logo":{"file":"vila-montana-tara-zaovine-apartmani-4-600x506.jpg","width":600,"height":506,"mime-type":"image\/jpeg","filesize":81017,"url":"https:\/\/tara.rs\/wp-content\/uploads\/2023\/08\/vila-montana-tara-zaovine-apartmani-4-600x506.jpg"}},"image_meta":{"aperture":"0","credit":"","camera":"","caption":"","created_timestamp":"0","copyright":"","focal_length":"0","iso":"0","shutter_speed":"0","title":"","orientation":"0","keywords":[]},"ID":"68792","name":"vila-montana-tara-zaovine-apartmani-4.jpg","path":"\/home\/tarars\/public_html\/wp-content\/uploads\/2023\/08\/vila-montana-tara-zaovine-apartmani-4.jpg","url":"https:\/\/tara.rs\/wp-content\/uploads\/2023\/08\/vila-montana-tara-zaovine-apartmani-4-150x150.jpg","full_url":"https:\/\/tara.rs\/wp-content\/uploads\/2023\/08\/vila-montana-tara-zaovine-apartmani-4.jpg","title":"vila-montana-tara-zaovine-apartmani-4","caption":"","description":"","alt":"","srcset":"https:\/\/tara.rs\/wp-content\/uploads\/2023\/08\/vila-montana-tara-zaovine-apartmani-4-150x150.jpg 150w, https:\/\/tara.rs\/wp-content\/uploads\/2023\/08\/vila-montana-tara-zaovine-apartmani-4-210x210.jpg 210w"},{"width":150,"height":150,"file":"2023\/08\/vila-montana-tara-zaovine-apartmani-5.jpg","filesize":122876,"sizes":{"medium":{"file":"vila-montana-tara-zaovine-apartmani-5-240x300.jpg","width":240,"height":300,"mime-type":"image\/jpeg","filesize":18892,"url":"https:\/\/tara.rs\/wp-content\/uploads\/2023\/08\/vila-montana-tara-zaovine-apartmani-5-240x300.jpg"},"thumbnail":{"file":"vila-montana-tara-zaovine-apartmani-5-150x150.jpg","width":150,"height":150,"mime-type":"image\/jpeg","filesize":7167,"url":"https:\/\/tara.rs\/wp-content\/uploads\/2023\/08\/vila-montana-tara-zaovine-apartmani-5-150x150.jpg"},"post-thumbnail":{"file":"vila-montana-tara-zaovine-apartmani-5-120x150.jpg","width":120,"height":150,"mime-type":"image\/jpeg","filesize":5830,"url":"https:\/\/tara.rs\/wp-content\/uploads\/2023\/08\/vila-montana-tara-zaovine-apartmani-5-120x150.jpg"},"modern-property-child-slider":{"file":"vila-montana-tara-zaovine-apartmani-5-600x510.jpg","width":600,"height":510,"mime-type":"image\/jpeg","filesize":80556,"url":"https:\/\/tara.rs\/wp-content\/uploads\/2023\/08\/vila-montana-tara-zaovine-apartmani-5-600x510.jpg"},"property-thumb-image":{"file":"vila-montana-tara-zaovine-apartmani-5-488x326.jpg","width":488,"height":326,"mime-type":"image\/jpeg","filesize":37501,"url":"https:\/\/tara.rs\/wp-content\/uploads\/2023\/08\/vila-montana-tara-zaovine-apartmani-5-488x326.jpg"},"property-detail-video-image":{"file":"vila-montana-tara-zaovine-apartmani-5-600x417.jpg","width":600,"height":417,"mime-type":"image\/jpeg","filesize":64503,"url":"https:\/\/tara.rs\/wp-content\/uploads\/2023\/08\/vila-montana-tara-zaovine-apartmani-5-600x417.jpg"},"agent-image":{"file":"vila-montana-tara-zaovine-apartmani-5-210x210.jpg","width":210,"height":210,"mime-type":"image\/jpeg","filesize":12539,"url":"https:\/\/tara.rs\/wp-content\/uploads\/2023\/08\/vila-montana-tara-zaovine-apartmani-5-210x210.jpg"},"post-featured-image":{"file":"vila-montana-tara-zaovine-apartmani-5-600x720.jpg","width":600,"height":720,"mime-type":"image\/jpeg","filesize":111224,"url":"https:\/\/tara.rs\/wp-content\/uploads\/2023\/08\/vila-montana-tara-zaovine-apartmani-5-600x720.jpg"}},"image_meta":{"aperture":"0","credit":"","camera":"","caption":"","created_timestamp":"0","copyright":"","focal_length":"0","iso":"0","shutter_speed":"0","title":"","orientation":"0","keywords":[]},"ID":"68793","name":"vila-montana-tara-zaovine-apartmani-5.jpg","path":"\/home\/tarars\/public_html\/wp-content\/uploads\/2023\/08\/vila-montana-tara-zaovine-apartmani-5.jpg","url":"https:\/\/tara.rs\/wp-content\/uploads\/2023\/08\/vila-montana-tara-zaovine-apartmani-5-150x150.jpg","full_url":"https:\/\/tara.rs\/wp-content\/uploads\/2023\/08\/vila-montana-tara-zaovine-apartmani-5.jpg","title":"vila-montana-tara-zaovine-apartmani-5","caption":"","description":"","alt":"","srcset":"https:\/\/tara.rs\/wp-content\/uploads\/2023\/08\/vila-montana-tara-zaovine-apartmani-5-150x150.jpg 150w, https:\/\/tara.rs\/wp-content\/uploads\/2023\/08\/vila-montana-tara-zaovine-apartmani-5-210x210.jpg 210w"},{"width":150,"height":150,"file":"2023\/04\/villa-montana-zaovine-tara-2.jpg","filesize":126381,"sizes":{"medium":{"file":"villa-montana-zaovine-tara-2-200x300.jpg","width":200,"height":300,"mime-type":"image\/jpeg","filesize":17367,"url":"https:\/\/tara.rs\/wp-content\/uploads\/2023\/04\/villa-montana-zaovine-tara-2-200x300.jpg"},"thumbnail":{"file":"villa-montana-zaovine-tara-2-150x150.jpg","width":150,"height":150,"mime-type":"image\/jpeg","filesize":7332,"url":"https:\/\/tara.rs\/wp-content\/uploads\/2023\/04\/villa-montana-zaovine-tara-2-150x150.jpg"},"post-thumbnail":{"file":"villa-montana-zaovine-tara-2-100x150.jpg","width":100,"height":150,"mime-type":"image\/jpeg","filesize":5666,"url":"https:\/\/tara.rs\/wp-content\/uploads\/2023\/04\/villa-montana-zaovine-tara-2-100x150.jpg"},"modern-property-child-slider":{"file":"villa-montana-zaovine-tara-2-600x510.jpg","width":600,"height":510,"mime-type":"image\/jpeg","filesize":58697,"url":"https:\/\/tara.rs\/wp-content\/uploads\/2023\/04\/villa-montana-zaovine-tara-2-600x510.jpg"},"property-thumb-image":{"file":"villa-montana-zaovine-tara-2-488x326.jpg","width":488,"height":326,"mime-type":"image\/jpeg","filesize":28966,"url":"https:\/\/tara.rs\/wp-content\/uploads\/2023\/04\/villa-montana-zaovine-tara-2-488x326.jpg"},"property-detail-video-image":{"file":"villa-montana-zaovine-tara-2-600x417.jpg","width":600,"height":417,"mime-type":"image\/jpeg","filesize":46484,"url":"https:\/\/tara.rs\/wp-content\/uploads\/2023\/04\/villa-montana-zaovine-tara-2-600x417.jpg"},"agent-image":{"file":"villa-montana-zaovine-tara-2-210x210.jpg","width":210,"height":210,"mime-type":"image\/jpeg","filesize":12462,"url":"https:\/\/tara.rs\/wp-content\/uploads\/2023\/04\/villa-montana-zaovine-tara-2-210x210.jpg"},"post-featured-image":{"file":"villa-montana-zaovine-tara-2-600x720.jpg","width":600,"height":720,"mime-type":"image\/jpeg","filesize":90479,"url":"https:\/\/tara.rs\/wp-content\/uploads\/2023\/04\/villa-montana-zaovine-tara-2-600x720.jpg"}},"image_meta":{"aperture":"0","credit":"","camera":"","caption":"","created_timestamp":"0","copyright":"","focal_length":"0","iso":"0","shutter_speed":"0","title":"","orientation":"0","keywords":[]},"ID":"68812","name":"villa-montana-zaovine-tara-2.jpg","path":"\/home\/tarars\/public_html\/wp-content\/uploads\/2023\/04\/villa-montana-zaovine-tara-2.jpg","url":"https:\/\/tara.rs\/wp-content\/uploads\/2023\/04\/villa-montana-zaovine-tara-2-150x150.jpg","full_url":"https:\/\/tara.rs\/wp-content\/uploads\/2023\/04\/villa-montana-zaovine-tara-2.jpg","title":"villa-montana-zaovine-tara (2)","caption":"","description":"","alt":"","srcset":"https:\/\/tara.rs\/wp-content\/uploads\/2023\/04\/villa-montana-zaovine-tara-2-150x150.jpg 150w, https:\/\/tara.rs\/wp-content\/uploads\/2023\/04\/villa-montana-zaovine-tara-2-210x210.jpg 210w"},{"width":150,"height":150,"file":"2023\/08\/vila-montana-tara-zaovine-apartmani-6.jpg","filesize":136092,"sizes":{"medium":{"file":"vila-montana-tara-zaovine-apartmani-6-300x202.jpg","width":300,"height":202,"mime-type":"image\/jpeg","filesize":16386,"url":"https:\/\/tara.rs\/wp-content\/uploads\/2023\/08\/vila-montana-tara-zaovine-apartmani-6-300x202.jpg"},"thumbnail":{"file":"vila-montana-tara-zaovine-apartmani-6-150x150.jpg","width":150,"height":150,"mime-type":"image\/jpeg","filesize":6971,"url":"https:\/\/tara.rs\/wp-content\/uploads\/2023\/08\/vila-montana-tara-zaovine-apartmani-6-150x150.jpg"},"medium_large":{"file":"vila-montana-tara-zaovine-apartmani-6-768x518.jpg","width":768,"height":518,"mime-type":"image\/jpeg","filesize":83786,"url":"https:\/\/tara.rs\/wp-content\/uploads\/2023\/08\/vila-montana-tara-zaovine-apartmani-6-768x518.jpg"},"post-thumbnail":{"file":"vila-montana-tara-zaovine-apartmani-6-150x101.jpg","width":150,"height":101,"mime-type":"image\/jpeg","filesize":5226,"url":"https:\/\/tara.rs\/wp-content\/uploads\/2023\/08\/vila-montana-tara-zaovine-apartmani-6-150x101.jpg"},"modern-property-child-slider":{"file":"vila-montana-tara-zaovine-apartmani-6-680x510.jpg","width":680,"height":510,"mime-type":"image\/jpeg","filesize":74261,"url":"https:\/\/tara.rs\/wp-content\/uploads\/2023\/08\/vila-montana-tara-zaovine-apartmani-6-680x510.jpg"},"property-thumb-image":{"file":"vila-montana-tara-zaovine-apartmani-6-488x326.jpg","width":488,"height":326,"mime-type":"image\/jpeg","filesize":38036,"url":"https:\/\/tara.rs\/wp-content\/uploads\/2023\/08\/vila-montana-tara-zaovine-apartmani-6-488x326.jpg"},"property-detail-video-image":{"file":"vila-montana-tara-zaovine-apartmani-6-818x417.jpg","width":818,"height":417,"mime-type":"image\/jpeg","filesize":74959,"url":"https:\/\/tara.rs\/wp-content\/uploads\/2023\/08\/vila-montana-tara-zaovine-apartmani-6-818x417.jpg"},"agent-image":{"file":"vila-montana-tara-zaovine-apartmani-6-210x210.jpg","width":210,"height":210,"mime-type":"image\/jpeg","filesize":12089,"url":"https:\/\/tara.rs\/wp-content\/uploads\/2023\/08\/vila-montana-tara-zaovine-apartmani-6-210x210.jpg"},"partners-logo":{"file":"vila-montana-tara-zaovine-apartmani-6-600x600.jpg","width":600,"height":600,"mime-type":"image\/jpeg","filesize":88845,"url":"https:\/\/tara.rs\/wp-content\/uploads\/2023\/08\/vila-montana-tara-zaovine-apartmani-6-600x600.jpg"}},"image_meta":{"aperture":"0","credit":"","camera":"","caption":"","created_timestamp":"0","copyright":"","focal_length":"0","iso":"0","shutter_speed":"0","title":"","orientation":"0","keywords":[]},"ID":"68794","name":"vila-montana-tara-zaovine-apartmani-6.jpg","path":"\/home\/tarars\/public_html\/wp-content\/uploads\/2023\/08\/vila-montana-tara-zaovine-apartmani-6.jpg","url":"https:\/\/tara.rs\/wp-content\/uploads\/2023\/08\/vila-montana-tara-zaovine-apartmani-6-150x150.jpg","full_url":"https:\/\/tara.rs\/wp-content\/uploads\/2023\/08\/vila-montana-tara-zaovine-apartmani-6.jpg","title":"vila-montana-tara-zaovine-apartmani-6","caption":"","description":"","alt":"","srcset":"https:\/\/tara.rs\/wp-content\/uploads\/2023\/08\/vila-montana-tara-zaovine-apartmani-6-150x150.jpg 150w, https:\/\/tara.rs\/wp-content\/uploads\/2023\/08\/vila-montana-tara-zaovine-apartmani-6-210x210.jpg 210w, https:\/\/tara.rs\/wp-content\/uploads\/2023\/08\/vila-montana-tara-zaovine-apartmani-6-600x600.jpg 600w"},{"width":150,"height":150,"file":"2023\/08\/vila-montana-tara-zaovine-apartmani-7.jpg","filesize":156817,"sizes":{"medium":{"file":"vila-montana-tara-zaovine-apartmani-7-300x202.jpg","width":300,"height":202,"mime-type":"image\/jpeg","filesize":17474,"url":"https:\/\/tara.rs\/wp-content\/uploads\/2023\/08\/vila-montana-tara-zaovine-apartmani-7-300x202.jpg"},"thumbnail":{"file":"vila-montana-tara-zaovine-apartmani-7-150x150.jpg","width":150,"height":150,"mime-type":"image\/jpeg","filesize":7222,"url":"https:\/\/tara.rs\/wp-content\/uploads\/2023\/08\/vila-montana-tara-zaovine-apartmani-7-150x150.jpg"},"medium_large":{"file":"vila-montana-tara-zaovine-apartmani-7-768x518.jpg","width":768,"height":518,"mime-type":"image\/jpeg","filesize":94083,"url":"https:\/\/tara.rs\/wp-content\/uploads\/2023\/08\/vila-montana-tara-zaovine-apartmani-7-768x518.jpg"},"post-thumbnail":{"file":"vila-montana-tara-zaovine-apartmani-7-150x101.jpg","width":150,"height":101,"mime-type":"image\/jpeg","filesize":5442,"url":"https:\/\/tara.rs\/wp-content\/uploads\/2023\/08\/vila-montana-tara-zaovine-apartmani-7-150x101.jpg"},"modern-property-child-slider":{"file":"vila-montana-tara-zaovine-apartmani-7-680x510.jpg","width":680,"height":510,"mime-type":"image\/jpeg","filesize":82488,"url":"https:\/\/tara.rs\/wp-content\/uploads\/2023\/08\/vila-montana-tara-zaovine-apartmani-7-680x510.jpg"},"property-thumb-image":{"file":"vila-montana-tara-zaovine-apartmani-7-488x326.jpg","width":488,"height":326,"mime-type":"image\/jpeg","filesize":41807,"url":"https:\/\/tara.rs\/wp-content\/uploads\/2023\/08\/vila-montana-tara-zaovine-apartmani-7-488x326.jpg"},"property-detail-video-image":{"file":"vila-montana-tara-zaovine-apartmani-7-818x417.jpg","width":818,"height":417,"mime-type":"image\/jpeg","filesize":82911,"url":"https:\/\/tara.rs\/wp-content\/uploads\/2023\/08\/vila-montana-tara-zaovine-apartmani-7-818x417.jpg"},"agent-image":{"file":"vila-montana-tara-zaovine-apartmani-7-210x210.jpg","width":210,"height":210,"mime-type":"image\/jpeg","filesize":12796,"url":"https:\/\/tara.rs\/wp-content\/uploads\/2023\/08\/vila-montana-tara-zaovine-apartmani-7-210x210.jpg"},"partners-logo":{"file":"vila-montana-tara-zaovine-apartmani-7-600x600.jpg","width":600,"height":600,"mime-type":"image\/jpeg","filesize":100708,"url":"https:\/\/tara.rs\/wp-content\/uploads\/2023\/08\/vila-montana-tara-zaovine-apartmani-7-600x600.jpg"}},"image_meta":{"aperture":"0","credit":"","camera":"","caption":"","created_timestamp":"0","copyright":"","focal_length":"0","iso":"0","shutter_speed":"0","title":"","orientation":"0","keywords":[]},"ID":"68795","name":"vila-montana-tara-zaovine-apartmani-7.jpg","path":"\/home\/tarars\/public_html\/wp-content\/uploads\/2023\/08\/vila-montana-tara-zaovine-apartmani-7.jpg","url":"https:\/\/tara.rs\/wp-content\/uploads\/2023\/08\/vila-montana-tara-zaovine-apartmani-7-150x150.jpg","full_url":"https:\/\/tara.rs\/wp-content\/uploads\/2023\/08\/vila-montana-tara-zaovine-apartmani-7.jpg","title":"vila-montana-tara-zaovine-apartmani-7","caption":"","description":"","alt":"","srcset":"https:\/\/tara.rs\/wp-content\/uploads\/2023\/08\/vila-montana-tara-zaovine-apartmani-7-150x150.jpg 150w, https:\/\/tara.rs\/wp-content\/uploads\/2023\/08\/vila-montana-tara-zaovine-apartmani-7-210x210.jpg 210w, https:\/\/tara.rs\/wp-content\/uploads\/2023\/08\/vila-montana-tara-zaovine-apartmani-7-600x600.jpg 600w"},{"width":150,"height":150,"file":"2023\/08\/vila-montana-tara-zaovine-apartmani-8.jpg","filesize":84519,"sizes":{"medium":{"file":"vila-montana-tara-zaovine-apartmani-8-225x300.jpg","width":225,"height":300,"mime-type":"image\/jpeg","filesize":15933,"url":"https:\/\/tara.rs\/wp-content\/uploads\/2023\/08\/vila-montana-tara-zaovine-apartmani-8-225x300.jpg"},"thumbnail":{"file":"vila-montana-tara-zaovine-apartmani-8-150x150.jpg","width":150,"height":150,"mime-type":"image\/jpeg","filesize":6751,"url":"https:\/\/tara.rs\/wp-content\/uploads\/2023\/08\/vila-montana-tara-zaovine-apartmani-8-150x150.jpg"},"post-thumbnail":{"file":"vila-montana-tara-zaovine-apartmani-8-113x150.jpg","width":113,"height":150,"mime-type":"image\/jpeg","filesize":5571,"url":"https:\/\/tara.rs\/wp-content\/uploads\/2023\/08\/vila-montana-tara-zaovine-apartmani-8-113x150.jpg"},"modern-property-child-slider":{"file":"vila-montana-tara-zaovine-apartmani-8-600x510.jpg","width":600,"height":510,"mime-type":"image\/jpeg","filesize":52348,"url":"https:\/\/tara.rs\/wp-content\/uploads\/2023\/08\/vila-montana-tara-zaovine-apartmani-8-600x510.jpg"},"property-thumb-image":{"file":"vila-montana-tara-zaovine-apartmani-8-488x326.jpg","width":488,"height":326,"mime-type":"image\/jpeg","filesize":27147,"url":"https:\/\/tara.rs\/wp-content\/uploads\/2023\/08\/vila-montana-tara-zaovine-apartmani-8-488x326.jpg"},"property-detail-video-image":{"file":"vila-montana-tara-zaovine-apartmani-8-600x417.jpg","width":600,"height":417,"mime-type":"image\/jpeg","filesize":42457,"url":"https:\/\/tara.rs\/wp-content\/uploads\/2023\/08\/vila-montana-tara-zaovine-apartmani-8-600x417.jpg"},"agent-image":{"file":"vila-montana-tara-zaovine-apartmani-8-210x210.jpg","width":210,"height":210,"mime-type":"image\/jpeg","filesize":11299,"url":"https:\/\/tara.rs\/wp-content\/uploads\/2023\/08\/vila-montana-tara-zaovine-apartmani-8-210x210.jpg"},"post-featured-image":{"file":"vila-montana-tara-zaovine-apartmani-8-600x720.jpg","width":600,"height":720,"mime-type":"image\/jpeg","filesize":74793,"url":"https:\/\/tara.rs\/wp-content\/uploads\/2023\/08\/vila-montana-tara-zaovine-apartmani-8-600x720.jpg"}},"image_meta":{"aperture":"0","credit":"","camera":"","caption":"","created_timestamp":"0","copyright":"","focal_length":"0","iso":"0","shutter_speed":"0","title":"","orientation":"0","keywords":[]},"ID":"68796","name":"vila-montana-tara-zaovine-apartmani-8.jpg","path":"\/home\/tarars\/public_html\/wp-content\/uploads\/2023\/08\/vila-montana-tara-zaovine-apartmani-8.jpg","url":"https:\/\/tara.rs\/wp-content\/uploads\/2023\/08\/vila-montana-tara-zaovine-apartmani-8-150x150.jpg","full_url":"https:\/\/tara.rs\/wp-content\/uploads\/2023\/08\/vila-montana-tara-zaovine-apartmani-8.jpg","title":"vila-montana-tara-zaovine-apartmani-8","caption":"","description":"","alt":"","srcset":"https:\/\/tara.rs\/wp-content\/uploads\/2023\/08\/vila-montana-tara-zaovine-apartmani-8-150x150.jpg 150w, https:\/\/tara.rs\/wp-content\/uploads\/2023\/08\/vila-montana-tara-zaovine-apartmani-8-210x210.jpg 210w"},{"width":150,"height":150,"file":"2023\/08\/vila-montana-tara-zaovine-apartmani-9.jpg","filesize":110754,"sizes":{"medium":{"file":"vila-montana-tara-zaovine-apartmani-9-225x300.jpg","width":225,"height":300,"mime-type":"image\/jpeg","filesize":16056,"url":"https:\/\/tara.rs\/wp-content\/uploads\/2023\/08\/vila-montana-tara-zaovine-apartmani-9-225x300.jpg"},"thumbnail":{"file":"vila-montana-tara-zaovine-apartmani-9-150x150.jpg","width":150,"height":150,"mime-type":"image\/jpeg","filesize":6744,"url":"https:\/\/tara.rs\/wp-content\/uploads\/2023\/08\/vila-montana-tara-zaovine-apartmani-9-150x150.jpg"},"post-thumbnail":{"file":"vila-montana-tara-zaovine-apartmani-9-113x150.jpg","width":113,"height":150,"mime-type":"image\/jpeg","filesize":4983,"url":"https:\/\/tara.rs\/wp-content\/uploads\/2023\/08\/vila-montana-tara-zaovine-apartmani-9-113x150.jpg"},"modern-property-child-slider":{"file":"vila-montana-tara-zaovine-apartmani-9-600x510.jpg","width":600,"height":510,"mime-type":"image\/jpeg","filesize":77414,"url":"https:\/\/tara.rs\/wp-content\/uploads\/2023\/08\/vila-montana-tara-zaovine-apartmani-9-600x510.jpg"},"property-thumb-image":{"file":"vila-montana-tara-zaovine-apartmani-9-488x326.jpg","width":488,"height":326,"mime-type":"image\/jpeg","filesize":37251,"url":"https:\/\/tara.rs\/wp-content\/uploads\/2023\/08\/vila-montana-tara-zaovine-apartmani-9-488x326.jpg"},"property-detail-video-image":{"file":"vila-montana-tara-zaovine-apartmani-9-600x417.jpg","width":600,"height":417,"mime-type":"image\/jpeg","filesize":64190,"url":"https:\/\/tara.rs\/wp-content\/uploads\/2023\/08\/vila-montana-tara-zaovine-apartmani-9-600x417.jpg"},"agent-image":{"file":"vila-montana-tara-zaovine-apartmani-9-210x210.jpg","width":210,"height":210,"mime-type":"image\/jpeg","filesize":12105,"url":"https:\/\/tara.rs\/wp-content\/uploads\/2023\/08\/vila-montana-tara-zaovine-apartmani-9-210x210.jpg"},"post-featured-image":{"file":"vila-montana-tara-zaovine-apartmani-9-600x720.jpg","width":600,"height":720,"mime-type":"image\/jpeg","filesize":102031,"url":"https:\/\/tara.rs\/wp-content\/uploads\/2023\/08\/vila-montana-tara-zaovine-apartmani-9-600x720.jpg"}},"image_meta":{"aperture":"0","credit":"","camera":"","caption":"","created_timestamp":"0","copyright":"","focal_length":"0","iso":"0","shutter_speed":"0","title":"","orientation":"0","keywords":[]},"ID":"68797","name":"vila-montana-tara-zaovine-apartmani-9.jpg","path":"\/home\/tarars\/public_html\/wp-content\/uploads\/2023\/08\/vila-montana-tara-zaovine-apartmani-9.jpg","url":"https:\/\/tara.rs\/wp-content\/uploads\/2023\/08\/vila-montana-tara-zaovine-apartmani-9-150x150.jpg","full_url":"https:\/\/tara.rs\/wp-content\/uploads\/2023\/08\/vila-montana-tara-zaovine-apartmani-9.jpg","title":"vila-montana-tara-zaovine-apartmani-9","caption":"","description":"","alt":"","srcset":"https:\/\/tara.rs\/wp-content\/uploads\/2023\/08\/vila-montana-tara-zaovine-apartmani-9-150x150.jpg 150w, https:\/\/tara.rs\/wp-content\/uploads\/2023\/08\/vila-montana-tara-zaovine-apartmani-9-210x210.jpg 210w"},{"width":150,"height":150,"file":"2023\/08\/vila-montana-tara-zaovine-apartmani-10.jpg","filesize":40344,"sizes":{"medium":{"file":"vila-montana-tara-zaovine-apartmani-10-300x225.jpg","width":300,"height":225,"mime-type":"image\/jpeg","filesize":7569,"url":"https:\/\/tara.rs\/wp-content\/uploads\/2023\/08\/vila-montana-tara-zaovine-apartmani-10-300x225.jpg"},"thumbnail":{"file":"vila-montana-tara-zaovine-apartmani-10-150x150.jpg","width":150,"height":150,"mime-type":"image\/jpeg","filesize":3480,"url":"https:\/\/tara.rs\/wp-content\/uploads\/2023\/08\/vila-montana-tara-zaovine-apartmani-10-150x150.jpg"},"medium_large":{"file":"vila-montana-tara-zaovine-apartmani-10-768x576.jpg","width":768,"height":576,"mime-type":"image\/jpeg","filesize":33142,"url":"https:\/\/tara.rs\/wp-content\/uploads\/2023\/08\/vila-montana-tara-zaovine-apartmani-10-768x576.jpg"},"post-thumbnail":{"file":"vila-montana-tara-zaovine-apartmani-10-150x113.jpg","width":150,"height":113,"mime-type":"image\/jpeg","filesize":2736,"url":"https:\/\/tara.rs\/wp-content\/uploads\/2023\/08\/vila-montana-tara-zaovine-apartmani-10-150x113.jpg"},"modern-property-child-slider":{"file":"vila-montana-tara-zaovine-apartmani-10-680x510.jpg","width":680,"height":510,"mime-type":"image\/jpeg","filesize":27736,"url":"https:\/\/tara.rs\/wp-content\/uploads\/2023\/08\/vila-montana-tara-zaovine-apartmani-10-680x510.jpg"},"property-thumb-image":{"file":"vila-montana-tara-zaovine-apartmani-10-488x326.jpg","width":488,"height":326,"mime-type":"image\/jpeg","filesize":15529,"url":"https:\/\/tara.rs\/wp-content\/uploads\/2023\/08\/vila-montana-tara-zaovine-apartmani-10-488x326.jpg"},"property-detail-video-image":{"file":"vila-montana-tara-zaovine-apartmani-10-800x417.jpg","width":800,"height":417,"mime-type":"image\/jpeg","filesize":31382,"url":"https:\/\/tara.rs\/wp-content\/uploads\/2023\/08\/vila-montana-tara-zaovine-apartmani-10-800x417.jpg"},"agent-image":{"file":"vila-montana-tara-zaovine-apartmani-10-210x210.jpg","width":210,"height":210,"mime-type":"image\/jpeg","filesize":5726,"url":"https:\/\/tara.rs\/wp-content\/uploads\/2023\/08\/vila-montana-tara-zaovine-apartmani-10-210x210.jpg"},"partners-logo":{"file":"vila-montana-tara-zaovine-apartmani-10-600x600.jpg","width":600,"height":600,"mime-type":"image\/jpeg","filesize":32453,"url":"https:\/\/tara.rs\/wp-content\/uploads\/2023\/08\/vila-montana-tara-zaovine-apartmani-10-600x600.jpg"}},"image_meta":{"aperture":"0","credit":"","camera":"","caption":"","created_timestamp":"0","copyright":"","focal_length":"0","iso":"0","shutter_speed":"0","title":"","orientation":"0","keywords":[]},"ID":"68798","name":"vila-montana-tara-zaovine-apartmani-10.jpg","path":"\/home\/tarars\/public_html\/wp-content\/uploads\/2023\/08\/vila-montana-tara-zaovine-apartmani-10.jpg","url":"https:\/\/tara.rs\/wp-content\/uploads\/2023\/08\/vila-montana-tara-zaovine-apartmani-10-150x150.jpg","full_url":"https:\/\/tara.rs\/wp-content\/uploads\/2023\/08\/vila-montana-tara-zaovine-apartmani-10.jpg","title":"vila-montana-tara-zaovine-apartmani-10","caption":"","description":"","alt":"","srcset":"https:\/\/tara.rs\/wp-content\/uploads\/2023\/08\/vila-montana-tara-zaovine-apartmani-10-150x150.jpg 150w, https:\/\/tara.rs\/wp-content\/uploads\/2023\/08\/vila-montana-tara-zaovine-apartmani-10-210x210.jpg 210w, https:\/\/tara.rs\/wp-content\/uploads\/2023\/08\/vila-montana-tara-zaovine-apartmani-10-600x600.jpg 600w"}],"REAL_HOMES_change_gallery_slider_type":"0","REAL_HOMES_gallery_slider_type":"thumb-on-right","inspiry_floor_plans":[],"inspiry_video_group":[],"REAL_HOMES_360_virtual_tour":"","REAL_HOMES_agent_display_option":"agent_info","REAL_HOMES_agents":["68766"],"REAL_HOMES_energy_class":"none","REAL_HOMES_energy_performance":"","REAL_HOMES_epc_current_rating":"","REAL_HOMES_epc_potential_rating":"","ere_property_schedule_tour":"global","ere_property_schedule_time_slots":"","ere_property_schedule_description":"","REAL_HOMES_sticky":"0","inspiry_property_label":"","inspiry_property_label_color":"","inspiry_property_tax":"0","inspiry_additional_fee":"0","REAL_HOMES_attachments":[],"inspiry_property_owner_name":"","inspiry_property_owner_contact":"","inspiry_property_owner_address":"","REAL_HOMES_property_private_note":"","inspiry_message_to_reviewer":"","inspiry_global_property_template_override":"0","REAL_HOMES_add_in_slider":"no","REAL_HOMES_slider_image":[],"REAL_HOMES_page_banner_image":[],"REAL_HOMES_hide_property_advance_search":"0","inspiry_kapacitet":"4 Apartmana \/ 16 osoba","inspiry_cenovnik":"Cena manjeg apartmana je 50\u20ac dan a ve\u0107eg 70\u20ac dan. Za praznike cene su uve\u0107ane.","inspiry_vau\u010ceri":"","REAL_HOMES_custom_header_display":"default","REAL_HOMES_custom_header_position":"relative","REAL_HOMES_custom_footer_display":"default","REAL_HOMES_hide_advance_search":"0","REAL_HOMES_custom_search_form":"default","REAL_HOMES_search_form_margin_top":"","REAL_HOMES_search_form_margin_bottom":""},"_links":{"self":[{"href":"https:\/\/tara.rs\/sr\/wp-json\/wp\/v2\/objekat\/68769"}],"collection":[{"href":"https:\/\/tara.rs\/sr\/wp-json\/wp\/v2\/objekat"}],"about":[{"href":"https:\/\/tara.rs\/sr\/wp-json\/wp\/v2\/types\/property"}],"author":[{"embeddable":true,"href":"https:\/\/tara.rs\/sr\/wp-json\/wp\/v2\/users\/1"}],"replies":[{"embeddable":true,"href":"https:\/\/tara.rs\/sr\/wp-json\/wp\/v2\/comments?post=68769"}],"version-history":[{"count":7,"href":"https:\/\/tara.rs\/sr\/wp-json\/wp\/v2\/objekat\/68769\/revisions"}],"predecessor-version":[{"id":95896,"href":"https:\/\/tara.rs\/sr\/wp-json\/wp\/v2\/objekat\/68769\/revisions\/95896"}],"wp:featuredmedia":[{"embeddable":true,"href":"https:\/\/tara.rs\/sr\/wp-json\/wp\/v2\/media\/68777"}],"wp:attachment":[{"href":"https:\/\/tara.rs\/sr\/wp-json\/wp\/v2\/media?parent=68769"}],"wp:term":[{"taxonomy":"property-feature","embeddable":true,"href":"https:\/\/tara.rs\/sr\/wp-json\/wp\/v2\/objekat-osobina?post=68769"},{"taxonomy":"property-type","embeddable":true,"href":"https:\/\/tara.rs\/sr\/wp-json\/wp\/v2\/Objekat - top?post=68769"},{"taxonomy":"property-city","embeddable":true,"href":"https:\/\/tara.rs\/sr\/wp-json\/wp\/v2\/osobina - lokacija?post=68769"},{"taxonomy":"property-status","embeddable":true,"href":"https:\/\/tara.rs\/sr\/wp-json\/wp\/v2\/objekat - status?post=68769"}],"curies":[{"name":"wp","href":"https:\/\/api.w.org\/{rel}","templated":true}]}}