{"id":83295,"date":"2024-01-04T14:30:03","date_gmt":"2024-01-04T13:30:03","guid":{"rendered":"https:\/\/tara.rs\/sr\/?post_type=property&#038;p=83295"},"modified":"2025-10-01T14:00:28","modified_gmt":"2025-10-01T12:00:28","slug":"vila-dimitrijevic","status":"publish","type":"property","link":"https:\/\/tara.rs\/sr\/objekat\/vila-dimitrijevic\/","title":{"rendered":"Vila DIMITRIJEVI\u0106"},"content":{"rendered":"<p><strong>Dobrodo\u0161li u Vilu Dimitrijevi\u0107,\u00a0 sme\u0161tenu u naselju Sekuli\u0107 u Zaovinama na Tari. Vila je udaljena svega 200 metara od Crkve Svetog Kneza Lazara, de\u010dijeg igrali\u0161ta, prodavnice, kafane i skijali\u0161ta, \u0161to je \u010dini idealnom za porodi\u010dne posete i ljubitelje prirode. Mitrovac, jedno od najpoznatijih turisti\u010dkih mesta na Tari, udaljen je 5 km, koliko ima i do jezera u Zaovinama.<a href=\"https:\/\/maps.app.goo.gl\/idqsrWyrJXwVqxNi7\" target=\"_blank\" rel=\"noopener\"> Pogledajte lokaciju na Google mapi.<\/a><\/strong><\/p>\n<p><strong>Sme\u0161taj.<\/strong> Vila Dimitrijevi\u0107 pru\u017ea sve \u0161to je potrebno za udoban boravak. U prizemlju se nalazi prostrani dnevni boravak sa kaminom na drva, trpezarija i potpuno opremljena kuhinja, kao i moderno kupatilo. Poseban u\u017eitak predstavlja SPA centar sa \u0111akuzijem i saunom, savr\u0161en za opu\u0161tanje nakon dana provedenog u prirodi.<\/p>\n<p>Na spratu vile sme\u0161tene su dve spava\u0107e sobe, svaka sa jednim francuskim le\u017eajem i jednim singl krevetom, kao i dodatno kupatilo. Gosti mogu u\u017eivati i na terasi sa predivnim pogledom na okolne \u0161ume i brda.<\/p>\n<p>Vila je okru\u017eena bogatom prirodom, a gostima je na raspolaganju i privatni parking. Ova lokacija omogu\u0107ava jednostavan pristup brojnim aktivnostima kao \u0161to su \u0161etnje u prirodi, planinarenje, biciklizam, skijanje i ribolov na jezeru u Zaovinama.<\/p>\n<p>Planina Tara je raj za ljubitelje prirode i avanturiste. Nacionalni park Tara, sa svojom bogatom florom i faunom, pru\u017ea brojne staze za planinarenje i biciklizam, kao i mogu\u0107nost za plivanje i ribolov na jezerima Zaovine i Peru\u0107ac. Za one koji \u017eele da istra\u017ee kulturno-istorijske znamenitosti, manastir Ra\u010da i arheolo\u0161ki lokaliteti pru\u017eaju nezaboravne do\u017eivljaje.<\/p>\n<p>U\u017eivajte u spoju prirode, komfora i avanture u Vili Dimitrijevi\u0107 na Tari!<\/p>\n<p><a href=\"https:\/\/www.instagram.com\/vila.dimitrijevic\/\" target=\"_blank\" rel=\"noopener\"><img decoding=\"async\" class=\"aligncenter wp-image-36022\" src=\"https:\/\/tara.rs\/wp-content\/uploads\/2021\/03\/instagram-tara-planina.jpg\" alt=\"\" width=\"50\" height=\"49\" \/><\/a><\/p>\n<p>\n\t\t<style type=\"text\/css\">\n\t\t\t#gallery-1 {\n\t\t\t\tmargin: auto;\n\t\t\t}\n\t\t\t#gallery-1 .gallery-item {\n\t\t\t\tfloat: left;\n\t\t\t\tmargin-top: 10px;\n\t\t\t\ttext-align: center;\n\t\t\t\twidth: 20%;\n\t\t\t}\n\t\t\t#gallery-1 img {\n\t\t\t\tborder: 2px solid #cfcfcf;\n\t\t\t}\n\t\t\t#gallery-1 .gallery-caption {\n\t\t\t\tmargin-left: 0;\n\t\t\t}\n\t\t\t\/* see gallery_shortcode() in wp-includes\/media.php *\/\n\t\t<\/style>\n\t\t<div id='gallery-1' class='gallery galleryid-83295 gallery-columns-5 gallery-size-thumbnail'><dl class='gallery-item'>\n\t\t\t<dt class='gallery-icon portrait'>\n\t\t\t\t<a href='https:\/\/tara.rs\/wp-content\/uploads\/2024\/08\/vila-dimitrijevic-tara-smestaj-sekulic-1.jpg' title=\"\" data-rl_title=\"\" class=\"rl-gallery-link\" data-rl_caption=\"\" data-rel=\"lightbox-gallery-1\"><img decoding=\"async\" width=\"150\" height=\"150\" src=\"https:\/\/tara.rs\/wp-content\/uploads\/2024\/08\/vila-dimitrijevic-tara-smestaj-sekulic-1-150x150.jpg\" class=\"attachment-thumbnail size-thumbnail\" alt=\"\" srcset=\"https:\/\/tara.rs\/wp-content\/uploads\/2024\/08\/vila-dimitrijevic-tara-smestaj-sekulic-1-150x150.jpg 150w, https:\/\/tara.rs\/wp-content\/uploads\/2024\/08\/vila-dimitrijevic-tara-smestaj-sekulic-1-210x210.jpg 210w\" sizes=\"(max-width: 150px) 100vw, 150px\" \/><\/a>\n\t\t\t<\/dt><\/dl><dl class='gallery-item'>\n\t\t\t<dt class='gallery-icon portrait'>\n\t\t\t\t<a href='https:\/\/tara.rs\/wp-content\/uploads\/2024\/08\/vila-dimitrijevic-tara-smestaj-sekulic-6.jpg' title=\"\" data-rl_title=\"\" class=\"rl-gallery-link\" data-rl_caption=\"\" data-rel=\"lightbox-gallery-1\"><img decoding=\"async\" width=\"150\" height=\"150\" src=\"https:\/\/tara.rs\/wp-content\/uploads\/2024\/08\/vila-dimitrijevic-tara-smestaj-sekulic-6-150x150.jpg\" class=\"attachment-thumbnail size-thumbnail\" alt=\"\" srcset=\"https:\/\/tara.rs\/wp-content\/uploads\/2024\/08\/vila-dimitrijevic-tara-smestaj-sekulic-6-150x150.jpg 150w, https:\/\/tara.rs\/wp-content\/uploads\/2024\/08\/vila-dimitrijevic-tara-smestaj-sekulic-6-210x210.jpg 210w\" sizes=\"(max-width: 150px) 100vw, 150px\" \/><\/a>\n\t\t\t<\/dt><\/dl><dl class='gallery-item'>\n\t\t\t<dt class='gallery-icon portrait'>\n\t\t\t\t<a href='https:\/\/tara.rs\/wp-content\/uploads\/2024\/08\/vila-dimitrijevic-tara-smestaj-sekulic-13.jpg' title=\"\" data-rl_title=\"\" class=\"rl-gallery-link\" data-rl_caption=\"\" data-rel=\"lightbox-gallery-1\"><img loading=\"lazy\" decoding=\"async\" width=\"150\" height=\"150\" src=\"https:\/\/tara.rs\/wp-content\/uploads\/2024\/08\/vila-dimitrijevic-tara-smestaj-sekulic-13-150x150.jpg\" class=\"attachment-thumbnail size-thumbnail\" alt=\"\" srcset=\"https:\/\/tara.rs\/wp-content\/uploads\/2024\/08\/vila-dimitrijevic-tara-smestaj-sekulic-13-150x150.jpg 150w, https:\/\/tara.rs\/wp-content\/uploads\/2024\/08\/vila-dimitrijevic-tara-smestaj-sekulic-13-210x210.jpg 210w\" sizes=\"(max-width: 150px) 100vw, 150px\" \/><\/a>\n\t\t\t<\/dt><\/dl><dl class='gallery-item'>\n\t\t\t<dt class='gallery-icon portrait'>\n\t\t\t\t<a href='https:\/\/tara.rs\/wp-content\/uploads\/2024\/08\/vila-dimitrijevic-tara-smestaj-sekulic-8.jpg' title=\"\" data-rl_title=\"\" class=\"rl-gallery-link\" data-rl_caption=\"\" data-rel=\"lightbox-gallery-1\"><img loading=\"lazy\" decoding=\"async\" width=\"150\" height=\"150\" src=\"https:\/\/tara.rs\/wp-content\/uploads\/2024\/08\/vila-dimitrijevic-tara-smestaj-sekulic-8-150x150.jpg\" class=\"attachment-thumbnail size-thumbnail\" alt=\"\" srcset=\"https:\/\/tara.rs\/wp-content\/uploads\/2024\/08\/vila-dimitrijevic-tara-smestaj-sekulic-8-150x150.jpg 150w, https:\/\/tara.rs\/wp-content\/uploads\/2024\/08\/vila-dimitrijevic-tara-smestaj-sekulic-8-210x210.jpg 210w\" sizes=\"(max-width: 150px) 100vw, 150px\" \/><\/a>\n\t\t\t<\/dt><\/dl><dl class='gallery-item'>\n\t\t\t<dt class='gallery-icon portrait'>\n\t\t\t\t<a href='https:\/\/tara.rs\/wp-content\/uploads\/2024\/08\/vila-dimitrijevic-tara-smestaj-sekulic-9.jpg' title=\"\" data-rl_title=\"\" class=\"rl-gallery-link\" data-rl_caption=\"\" data-rel=\"lightbox-gallery-1\"><img loading=\"lazy\" decoding=\"async\" width=\"150\" height=\"150\" src=\"https:\/\/tara.rs\/wp-content\/uploads\/2024\/08\/vila-dimitrijevic-tara-smestaj-sekulic-9-150x150.jpg\" class=\"attachment-thumbnail size-thumbnail\" alt=\"\" srcset=\"https:\/\/tara.rs\/wp-content\/uploads\/2024\/08\/vila-dimitrijevic-tara-smestaj-sekulic-9-150x150.jpg 150w, https:\/\/tara.rs\/wp-content\/uploads\/2024\/08\/vila-dimitrijevic-tara-smestaj-sekulic-9-210x210.jpg 210w\" sizes=\"(max-width: 150px) 100vw, 150px\" \/><\/a>\n\t\t\t<\/dt><\/dl><br style=\"clear: both\" \/><dl class='gallery-item'>\n\t\t\t<dt class='gallery-icon portrait'>\n\t\t\t\t<a href='https:\/\/tara.rs\/wp-content\/uploads\/2024\/08\/vila-dimitrijevic-tara-smestaj-sekulic-7.jpg' title=\"\" data-rl_title=\"\" class=\"rl-gallery-link\" data-rl_caption=\"\" data-rel=\"lightbox-gallery-1\"><img loading=\"lazy\" decoding=\"async\" width=\"150\" height=\"150\" src=\"https:\/\/tara.rs\/wp-content\/uploads\/2024\/08\/vila-dimitrijevic-tara-smestaj-sekulic-7-150x150.jpg\" class=\"attachment-thumbnail size-thumbnail\" alt=\"\" srcset=\"https:\/\/tara.rs\/wp-content\/uploads\/2024\/08\/vila-dimitrijevic-tara-smestaj-sekulic-7-150x150.jpg 150w, https:\/\/tara.rs\/wp-content\/uploads\/2024\/08\/vila-dimitrijevic-tara-smestaj-sekulic-7-210x210.jpg 210w\" sizes=\"(max-width: 150px) 100vw, 150px\" \/><\/a>\n\t\t\t<\/dt><\/dl><dl class='gallery-item'>\n\t\t\t<dt class='gallery-icon portrait'>\n\t\t\t\t<a href='https:\/\/tara.rs\/wp-content\/uploads\/2024\/08\/vila-dimitrijevic-tara-smestaj-sekulic-2.jpg' title=\"\" data-rl_title=\"\" class=\"rl-gallery-link\" data-rl_caption=\"\" data-rel=\"lightbox-gallery-1\"><img loading=\"lazy\" decoding=\"async\" width=\"150\" height=\"150\" src=\"https:\/\/tara.rs\/wp-content\/uploads\/2024\/08\/vila-dimitrijevic-tara-smestaj-sekulic-2-150x150.jpg\" class=\"attachment-thumbnail size-thumbnail\" alt=\"\" srcset=\"https:\/\/tara.rs\/wp-content\/uploads\/2024\/08\/vila-dimitrijevic-tara-smestaj-sekulic-2-150x150.jpg 150w, https:\/\/tara.rs\/wp-content\/uploads\/2024\/08\/vila-dimitrijevic-tara-smestaj-sekulic-2-210x210.jpg 210w\" sizes=\"(max-width: 150px) 100vw, 150px\" \/><\/a>\n\t\t\t<\/dt><\/dl><dl class='gallery-item'>\n\t\t\t<dt class='gallery-icon landscape'>\n\t\t\t\t<a href='https:\/\/tara.rs\/wp-content\/uploads\/2024\/08\/vila-dimitrijevic-tara-smestaj-sekulic-10.jpg' title=\"\" data-rl_title=\"\" class=\"rl-gallery-link\" data-rl_caption=\"\" data-rel=\"lightbox-gallery-1\"><img loading=\"lazy\" decoding=\"async\" width=\"150\" height=\"150\" src=\"https:\/\/tara.rs\/wp-content\/uploads\/2024\/08\/vila-dimitrijevic-tara-smestaj-sekulic-10-150x150.jpg\" class=\"attachment-thumbnail size-thumbnail\" alt=\"\" srcset=\"https:\/\/tara.rs\/wp-content\/uploads\/2024\/08\/vila-dimitrijevic-tara-smestaj-sekulic-10-150x150.jpg 150w, https:\/\/tara.rs\/wp-content\/uploads\/2024\/08\/vila-dimitrijevic-tara-smestaj-sekulic-10-210x210.jpg 210w\" sizes=\"(max-width: 150px) 100vw, 150px\" \/><\/a>\n\t\t\t<\/dt><\/dl><dl class='gallery-item'>\n\t\t\t<dt class='gallery-icon portrait'>\n\t\t\t\t<a href='https:\/\/tara.rs\/wp-content\/uploads\/2024\/08\/vila-dimitrijevic-tara-smestaj-sekulic-3.jpg' title=\"\" data-rl_title=\"\" class=\"rl-gallery-link\" data-rl_caption=\"\" data-rel=\"lightbox-gallery-1\"><img loading=\"lazy\" decoding=\"async\" width=\"150\" height=\"150\" src=\"https:\/\/tara.rs\/wp-content\/uploads\/2024\/08\/vila-dimitrijevic-tara-smestaj-sekulic-3-150x150.jpg\" class=\"attachment-thumbnail size-thumbnail\" alt=\"\" srcset=\"https:\/\/tara.rs\/wp-content\/uploads\/2024\/08\/vila-dimitrijevic-tara-smestaj-sekulic-3-150x150.jpg 150w, https:\/\/tara.rs\/wp-content\/uploads\/2024\/08\/vila-dimitrijevic-tara-smestaj-sekulic-3-210x210.jpg 210w\" sizes=\"(max-width: 150px) 100vw, 150px\" \/><\/a>\n\t\t\t<\/dt><\/dl><dl class='gallery-item'>\n\t\t\t<dt class='gallery-icon portrait'>\n\t\t\t\t<a href='https:\/\/tara.rs\/wp-content\/uploads\/2024\/08\/vila-dimitrijevic-tara-smestaj-sekulic-11.jpg' title=\"\" data-rl_title=\"\" class=\"rl-gallery-link\" data-rl_caption=\"\" data-rel=\"lightbox-gallery-1\"><img loading=\"lazy\" decoding=\"async\" width=\"150\" height=\"150\" src=\"https:\/\/tara.rs\/wp-content\/uploads\/2024\/08\/vila-dimitrijevic-tara-smestaj-sekulic-11-150x150.jpg\" class=\"attachment-thumbnail size-thumbnail\" alt=\"\" srcset=\"https:\/\/tara.rs\/wp-content\/uploads\/2024\/08\/vila-dimitrijevic-tara-smestaj-sekulic-11-150x150.jpg 150w, https:\/\/tara.rs\/wp-content\/uploads\/2024\/08\/vila-dimitrijevic-tara-smestaj-sekulic-11-210x210.jpg 210w\" sizes=\"(max-width: 150px) 100vw, 150px\" \/><\/a>\n\t\t\t<\/dt><\/dl><br style=\"clear: both\" \/><dl class='gallery-item'>\n\t\t\t<dt class='gallery-icon portrait'>\n\t\t\t\t<a href='https:\/\/tara.rs\/wp-content\/uploads\/2024\/08\/vila-dimitrijevic-tara-smestaj-sekulic-14.jpg' title=\"\" data-rl_title=\"\" class=\"rl-gallery-link\" data-rl_caption=\"\" data-rel=\"lightbox-gallery-1\"><img loading=\"lazy\" decoding=\"async\" width=\"150\" height=\"150\" src=\"https:\/\/tara.rs\/wp-content\/uploads\/2024\/08\/vila-dimitrijevic-tara-smestaj-sekulic-14-150x150.jpg\" class=\"attachment-thumbnail size-thumbnail\" alt=\"\" srcset=\"https:\/\/tara.rs\/wp-content\/uploads\/2024\/08\/vila-dimitrijevic-tara-smestaj-sekulic-14-150x150.jpg 150w, https:\/\/tara.rs\/wp-content\/uploads\/2024\/08\/vila-dimitrijevic-tara-smestaj-sekulic-14-210x210.jpg 210w\" sizes=\"(max-width: 150px) 100vw, 150px\" \/><\/a>\n\t\t\t<\/dt><\/dl><dl class='gallery-item'>\n\t\t\t<dt class='gallery-icon portrait'>\n\t\t\t\t<a href='https:\/\/tara.rs\/wp-content\/uploads\/2024\/08\/vila-dimitrijevic-tara-smestaj-sekulic-12.jpg' title=\"\" data-rl_title=\"\" class=\"rl-gallery-link\" data-rl_caption=\"\" data-rel=\"lightbox-gallery-1\"><img loading=\"lazy\" decoding=\"async\" width=\"150\" height=\"150\" src=\"https:\/\/tara.rs\/wp-content\/uploads\/2024\/08\/vila-dimitrijevic-tara-smestaj-sekulic-12-150x150.jpg\" class=\"attachment-thumbnail size-thumbnail\" alt=\"\" srcset=\"https:\/\/tara.rs\/wp-content\/uploads\/2024\/08\/vila-dimitrijevic-tara-smestaj-sekulic-12-150x150.jpg 150w, https:\/\/tara.rs\/wp-content\/uploads\/2024\/08\/vila-dimitrijevic-tara-smestaj-sekulic-12-210x210.jpg 210w\" sizes=\"(max-width: 150px) 100vw, 150px\" \/><\/a>\n\t\t\t<\/dt><\/dl><dl class='gallery-item'>\n\t\t\t<dt class='gallery-icon portrait'>\n\t\t\t\t<a href='https:\/\/tara.rs\/wp-content\/uploads\/2024\/08\/vila-dimitrijevic-tara-smestaj-sekulic-15.jpg' title=\"\" data-rl_title=\"\" class=\"rl-gallery-link\" data-rl_caption=\"\" data-rel=\"lightbox-gallery-1\"><img loading=\"lazy\" decoding=\"async\" width=\"150\" height=\"150\" src=\"https:\/\/tara.rs\/wp-content\/uploads\/2024\/08\/vila-dimitrijevic-tara-smestaj-sekulic-15-150x150.jpg\" class=\"attachment-thumbnail size-thumbnail\" alt=\"\" srcset=\"https:\/\/tara.rs\/wp-content\/uploads\/2024\/08\/vila-dimitrijevic-tara-smestaj-sekulic-15-150x150.jpg 150w, https:\/\/tara.rs\/wp-content\/uploads\/2024\/08\/vila-dimitrijevic-tara-smestaj-sekulic-15-210x210.jpg 210w\" sizes=\"(max-width: 150px) 100vw, 150px\" \/><\/a>\n\t\t\t<\/dt><\/dl><dl class='gallery-item'>\n\t\t\t<dt class='gallery-icon portrait'>\n\t\t\t\t<a href='https:\/\/tara.rs\/wp-content\/uploads\/2024\/08\/vila-dimitrijevic-tara-smestaj-sekulic-16.jpg' title=\"\" data-rl_title=\"\" class=\"rl-gallery-link\" data-rl_caption=\"\" data-rel=\"lightbox-gallery-1\"><img loading=\"lazy\" decoding=\"async\" width=\"150\" height=\"150\" src=\"https:\/\/tara.rs\/wp-content\/uploads\/2024\/08\/vila-dimitrijevic-tara-smestaj-sekulic-16-150x150.jpg\" class=\"attachment-thumbnail size-thumbnail\" alt=\"\" srcset=\"https:\/\/tara.rs\/wp-content\/uploads\/2024\/08\/vila-dimitrijevic-tara-smestaj-sekulic-16-150x150.jpg 150w, https:\/\/tara.rs\/wp-content\/uploads\/2024\/08\/vila-dimitrijevic-tara-smestaj-sekulic-16-210x210.jpg 210w\" sizes=\"(max-width: 150px) 100vw, 150px\" \/><\/a>\n\t\t\t<\/dt><\/dl><dl class='gallery-item'>\n\t\t\t<dt class='gallery-icon landscape'>\n\t\t\t\t<a href='https:\/\/tara.rs\/wp-content\/uploads\/2024\/08\/vila-dimitrijevic-tara-smestaj-sekulic-17.jpg' title=\"\" data-rl_title=\"\" class=\"rl-gallery-link\" data-rl_caption=\"\" data-rel=\"lightbox-gallery-1\"><img loading=\"lazy\" decoding=\"async\" width=\"150\" height=\"150\" src=\"https:\/\/tara.rs\/wp-content\/uploads\/2024\/08\/vila-dimitrijevic-tara-smestaj-sekulic-17-150x150.jpg\" class=\"attachment-thumbnail size-thumbnail\" alt=\"\" srcset=\"https:\/\/tara.rs\/wp-content\/uploads\/2024\/08\/vila-dimitrijevic-tara-smestaj-sekulic-17-150x150.jpg 150w, https:\/\/tara.rs\/wp-content\/uploads\/2024\/08\/vila-dimitrijevic-tara-smestaj-sekulic-17-210x210.jpg 210w\" sizes=\"(max-width: 150px) 100vw, 150px\" \/><\/a>\n\t\t\t<\/dt><\/dl><br style=\"clear: both\" \/><dl class='gallery-item'>\n\t\t\t<dt class='gallery-icon landscape'>\n\t\t\t\t<a href='https:\/\/tara.rs\/wp-content\/uploads\/2024\/08\/vila-dimitrijevic-tara-smestaj-sekulic-18.jpg' title=\"\" data-rl_title=\"\" class=\"rl-gallery-link\" data-rl_caption=\"\" data-rel=\"lightbox-gallery-1\"><img loading=\"lazy\" decoding=\"async\" width=\"150\" height=\"150\" src=\"https:\/\/tara.rs\/wp-content\/uploads\/2024\/08\/vila-dimitrijevic-tara-smestaj-sekulic-18-150x150.jpg\" class=\"attachment-thumbnail size-thumbnail\" alt=\"\" srcset=\"https:\/\/tara.rs\/wp-content\/uploads\/2024\/08\/vila-dimitrijevic-tara-smestaj-sekulic-18-150x150.jpg 150w, https:\/\/tara.rs\/wp-content\/uploads\/2024\/08\/vila-dimitrijevic-tara-smestaj-sekulic-18-210x210.jpg 210w\" sizes=\"(max-width: 150px) 100vw, 150px\" \/><\/a>\n\t\t\t<\/dt><\/dl><dl class='gallery-item'>\n\t\t\t<dt class='gallery-icon landscape'>\n\t\t\t\t<a href='https:\/\/tara.rs\/wp-content\/uploads\/2024\/08\/vila-dimitrijevic-tara-smestaj-sekulic-19.jpg' title=\"\" data-rl_title=\"\" class=\"rl-gallery-link\" data-rl_caption=\"\" data-rel=\"lightbox-gallery-1\"><img loading=\"lazy\" decoding=\"async\" width=\"150\" height=\"150\" src=\"https:\/\/tara.rs\/wp-content\/uploads\/2024\/08\/vila-dimitrijevic-tara-smestaj-sekulic-19-150x150.jpg\" class=\"attachment-thumbnail size-thumbnail\" alt=\"\" srcset=\"https:\/\/tara.rs\/wp-content\/uploads\/2024\/08\/vila-dimitrijevic-tara-smestaj-sekulic-19-150x150.jpg 150w, https:\/\/tara.rs\/wp-content\/uploads\/2024\/08\/vila-dimitrijevic-tara-smestaj-sekulic-19-210x210.jpg 210w\" sizes=\"(max-width: 150px) 100vw, 150px\" \/><\/a>\n\t\t\t<\/dt><\/dl><dl class='gallery-item'>\n\t\t\t<dt class='gallery-icon landscape'>\n\t\t\t\t<a href='https:\/\/tara.rs\/wp-content\/uploads\/2024\/08\/vila-dimitrijevic-tara-smestaj-sekulic-20.jpg' title=\"\" data-rl_title=\"\" class=\"rl-gallery-link\" data-rl_caption=\"\" data-rel=\"lightbox-gallery-1\"><img loading=\"lazy\" decoding=\"async\" width=\"150\" height=\"150\" src=\"https:\/\/tara.rs\/wp-content\/uploads\/2024\/08\/vila-dimitrijevic-tara-smestaj-sekulic-20-150x150.jpg\" class=\"attachment-thumbnail size-thumbnail\" alt=\"\" srcset=\"https:\/\/tara.rs\/wp-content\/uploads\/2024\/08\/vila-dimitrijevic-tara-smestaj-sekulic-20-150x150.jpg 150w, https:\/\/tara.rs\/wp-content\/uploads\/2024\/08\/vila-dimitrijevic-tara-smestaj-sekulic-20-210x210.jpg 210w\" sizes=\"(max-width: 150px) 100vw, 150px\" \/><\/a>\n\t\t\t<\/dt><\/dl><dl class='gallery-item'>\n\t\t\t<dt class='gallery-icon portrait'>\n\t\t\t\t<a href='https:\/\/tara.rs\/wp-content\/uploads\/2024\/08\/vila-dimitrijevic-tara-smestaj-sekulic-21.jpg' title=\"\" data-rl_title=\"\" class=\"rl-gallery-link\" data-rl_caption=\"\" data-rel=\"lightbox-gallery-1\"><img loading=\"lazy\" decoding=\"async\" width=\"150\" height=\"150\" src=\"https:\/\/tara.rs\/wp-content\/uploads\/2024\/08\/vila-dimitrijevic-tara-smestaj-sekulic-21-150x150.jpg\" class=\"attachment-thumbnail size-thumbnail\" alt=\"\" srcset=\"https:\/\/tara.rs\/wp-content\/uploads\/2024\/08\/vila-dimitrijevic-tara-smestaj-sekulic-21-150x150.jpg 150w, https:\/\/tara.rs\/wp-content\/uploads\/2024\/08\/vila-dimitrijevic-tara-smestaj-sekulic-21-210x210.jpg 210w\" sizes=\"(max-width: 150px) 100vw, 150px\" \/><\/a>\n\t\t\t<\/dt><\/dl><dl class='gallery-item'>\n\t\t\t<dt class='gallery-icon portrait'>\n\t\t\t\t<a href='https:\/\/tara.rs\/wp-content\/uploads\/2024\/08\/vila-dimitrijevic-tara-smestaj-sekulic-22.jpg' title=\"\" data-rl_title=\"\" class=\"rl-gallery-link\" data-rl_caption=\"\" data-rel=\"lightbox-gallery-1\"><img loading=\"lazy\" decoding=\"async\" width=\"150\" height=\"150\" src=\"https:\/\/tara.rs\/wp-content\/uploads\/2024\/08\/vila-dimitrijevic-tara-smestaj-sekulic-22-150x150.jpg\" class=\"attachment-thumbnail size-thumbnail\" alt=\"\" srcset=\"https:\/\/tara.rs\/wp-content\/uploads\/2024\/08\/vila-dimitrijevic-tara-smestaj-sekulic-22-150x150.jpg 150w, https:\/\/tara.rs\/wp-content\/uploads\/2024\/08\/vila-dimitrijevic-tara-smestaj-sekulic-22-210x210.jpg 210w\" sizes=\"(max-width: 150px) 100vw, 150px\" \/><\/a>\n\t\t\t<\/dt><\/dl><br style=\"clear: both\" \/><dl class='gallery-item'>\n\t\t\t<dt class='gallery-icon portrait'>\n\t\t\t\t<a href='https:\/\/tara.rs\/wp-content\/uploads\/2024\/08\/vila-dimitrijevic-tara-smestaj-sekulic-23.jpg' title=\"\" data-rl_title=\"\" class=\"rl-gallery-link\" data-rl_caption=\"\" data-rel=\"lightbox-gallery-1\"><img loading=\"lazy\" decoding=\"async\" width=\"150\" height=\"150\" src=\"https:\/\/tara.rs\/wp-content\/uploads\/2024\/08\/vila-dimitrijevic-tara-smestaj-sekulic-23-150x150.jpg\" class=\"attachment-thumbnail size-thumbnail\" alt=\"\" srcset=\"https:\/\/tara.rs\/wp-content\/uploads\/2024\/08\/vila-dimitrijevic-tara-smestaj-sekulic-23-150x150.jpg 150w, https:\/\/tara.rs\/wp-content\/uploads\/2024\/08\/vila-dimitrijevic-tara-smestaj-sekulic-23-210x210.jpg 210w\" sizes=\"(max-width: 150px) 100vw, 150px\" \/><\/a>\n\t\t\t<\/dt><\/dl><dl class='gallery-item'>\n\t\t\t<dt class='gallery-icon portrait'>\n\t\t\t\t<a href='https:\/\/tara.rs\/wp-content\/uploads\/2024\/08\/vila-dimitrijevic-tara-smestaj-sekulic-24.jpg' title=\"\" data-rl_title=\"\" class=\"rl-gallery-link\" data-rl_caption=\"\" data-rel=\"lightbox-gallery-1\"><img loading=\"lazy\" decoding=\"async\" width=\"150\" height=\"150\" src=\"https:\/\/tara.rs\/wp-content\/uploads\/2024\/08\/vila-dimitrijevic-tara-smestaj-sekulic-24-150x150.jpg\" class=\"attachment-thumbnail size-thumbnail\" alt=\"\" srcset=\"https:\/\/tara.rs\/wp-content\/uploads\/2024\/08\/vila-dimitrijevic-tara-smestaj-sekulic-24-150x150.jpg 150w, https:\/\/tara.rs\/wp-content\/uploads\/2024\/08\/vila-dimitrijevic-tara-smestaj-sekulic-24-210x210.jpg 210w\" sizes=\"(max-width: 150px) 100vw, 150px\" \/><\/a>\n\t\t\t<\/dt><\/dl><dl class='gallery-item'>\n\t\t\t<dt class='gallery-icon landscape'>\n\t\t\t\t<a href='https:\/\/tara.rs\/wp-content\/uploads\/2024\/08\/vila-dimitrijevic-tara-smestaj-sekulic-25.jpg' title=\"\" data-rl_title=\"\" class=\"rl-gallery-link\" data-rl_caption=\"\" data-rel=\"lightbox-gallery-1\"><img loading=\"lazy\" decoding=\"async\" width=\"150\" height=\"150\" src=\"https:\/\/tara.rs\/wp-content\/uploads\/2024\/08\/vila-dimitrijevic-tara-smestaj-sekulic-25-150x150.jpg\" class=\"attachment-thumbnail size-thumbnail\" alt=\"\" srcset=\"https:\/\/tara.rs\/wp-content\/uploads\/2024\/08\/vila-dimitrijevic-tara-smestaj-sekulic-25-150x150.jpg 150w, https:\/\/tara.rs\/wp-content\/uploads\/2024\/08\/vila-dimitrijevic-tara-smestaj-sekulic-25-210x210.jpg 210w\" sizes=\"(max-width: 150px) 100vw, 150px\" \/><\/a>\n\t\t\t<\/dt><\/dl><dl class='gallery-item'>\n\t\t\t<dt class='gallery-icon portrait'>\n\t\t\t\t<a href='https:\/\/tara.rs\/wp-content\/uploads\/2024\/08\/vila-dimitrijevic-tara-smestaj-sekulic-26.jpg' title=\"\" data-rl_title=\"\" class=\"rl-gallery-link\" data-rl_caption=\"\" data-rel=\"lightbox-gallery-1\"><img loading=\"lazy\" decoding=\"async\" width=\"150\" height=\"150\" src=\"https:\/\/tara.rs\/wp-content\/uploads\/2024\/08\/vila-dimitrijevic-tara-smestaj-sekulic-26-150x150.jpg\" class=\"attachment-thumbnail size-thumbnail\" alt=\"\" srcset=\"https:\/\/tara.rs\/wp-content\/uploads\/2024\/08\/vila-dimitrijevic-tara-smestaj-sekulic-26-150x150.jpg 150w, https:\/\/tara.rs\/wp-content\/uploads\/2024\/08\/vila-dimitrijevic-tara-smestaj-sekulic-26-210x210.jpg 210w\" sizes=\"(max-width: 150px) 100vw, 150px\" \/><\/a>\n\t\t\t<\/dt><\/dl><dl class='gallery-item'>\n\t\t\t<dt class='gallery-icon landscape'>\n\t\t\t\t<a href='https:\/\/tara.rs\/wp-content\/uploads\/2024\/08\/vila-dimitrijevic-tara-smestaj-sekulic-27.jpg' title=\"\" data-rl_title=\"\" class=\"rl-gallery-link\" data-rl_caption=\"\" data-rel=\"lightbox-gallery-1\"><img loading=\"lazy\" decoding=\"async\" width=\"150\" height=\"150\" src=\"https:\/\/tara.rs\/wp-content\/uploads\/2024\/08\/vila-dimitrijevic-tara-smestaj-sekulic-27-150x150.jpg\" class=\"attachment-thumbnail size-thumbnail\" alt=\"\" srcset=\"https:\/\/tara.rs\/wp-content\/uploads\/2024\/08\/vila-dimitrijevic-tara-smestaj-sekulic-27-150x150.jpg 150w, https:\/\/tara.rs\/wp-content\/uploads\/2024\/08\/vila-dimitrijevic-tara-smestaj-sekulic-27-210x210.jpg 210w\" sizes=\"(max-width: 150px) 100vw, 150px\" \/><\/a>\n\t\t\t<\/dt><\/dl><br style=\"clear: both\" \/><dl class='gallery-item'>\n\t\t\t<dt class='gallery-icon portrait'>\n\t\t\t\t<a href='https:\/\/tara.rs\/wp-content\/uploads\/2024\/08\/vila-dimitrijevic-tara-smestaj-sekulic-28.jpg' title=\"\" data-rl_title=\"\" class=\"rl-gallery-link\" data-rl_caption=\"\" data-rel=\"lightbox-gallery-1\"><img loading=\"lazy\" decoding=\"async\" width=\"150\" height=\"150\" src=\"https:\/\/tara.rs\/wp-content\/uploads\/2024\/08\/vila-dimitrijevic-tara-smestaj-sekulic-28-150x150.jpg\" class=\"attachment-thumbnail size-thumbnail\" alt=\"\" srcset=\"https:\/\/tara.rs\/wp-content\/uploads\/2024\/08\/vila-dimitrijevic-tara-smestaj-sekulic-28-150x150.jpg 150w, https:\/\/tara.rs\/wp-content\/uploads\/2024\/08\/vila-dimitrijevic-tara-smestaj-sekulic-28-210x210.jpg 210w\" sizes=\"(max-width: 150px) 100vw, 150px\" \/><\/a>\n\t\t\t<\/dt><\/dl><dl class='gallery-item'>\n\t\t\t<dt class='gallery-icon portrait'>\n\t\t\t\t<a href='https:\/\/tara.rs\/wp-content\/uploads\/2024\/08\/vila-dimitrijevic-tara-smestaj-sekulic-4.jpg' title=\"\" data-rl_title=\"\" class=\"rl-gallery-link\" data-rl_caption=\"\" data-rel=\"lightbox-gallery-1\"><img loading=\"lazy\" decoding=\"async\" width=\"150\" height=\"150\" src=\"https:\/\/tara.rs\/wp-content\/uploads\/2024\/08\/vila-dimitrijevic-tara-smestaj-sekulic-4-150x150.jpg\" class=\"attachment-thumbnail size-thumbnail\" alt=\"\" srcset=\"https:\/\/tara.rs\/wp-content\/uploads\/2024\/08\/vila-dimitrijevic-tara-smestaj-sekulic-4-150x150.jpg 150w, https:\/\/tara.rs\/wp-content\/uploads\/2024\/08\/vila-dimitrijevic-tara-smestaj-sekulic-4-210x210.jpg 210w\" sizes=\"(max-width: 150px) 100vw, 150px\" \/><\/a>\n\t\t\t<\/dt><\/dl><dl class='gallery-item'>\n\t\t\t<dt class='gallery-icon portrait'>\n\t\t\t\t<a href='https:\/\/tara.rs\/wp-content\/uploads\/2024\/08\/vila-dimitrijevic-tara-smestaj-sekulic-5.jpg' title=\"\" data-rl_title=\"\" class=\"rl-gallery-link\" data-rl_caption=\"\" data-rel=\"lightbox-gallery-1\"><img loading=\"lazy\" decoding=\"async\" width=\"150\" height=\"150\" src=\"https:\/\/tara.rs\/wp-content\/uploads\/2024\/08\/vila-dimitrijevic-tara-smestaj-sekulic-5-150x150.jpg\" class=\"attachment-thumbnail size-thumbnail\" alt=\"\" srcset=\"https:\/\/tara.rs\/wp-content\/uploads\/2024\/08\/vila-dimitrijevic-tara-smestaj-sekulic-5-150x150.jpg 150w, https:\/\/tara.rs\/wp-content\/uploads\/2024\/08\/vila-dimitrijevic-tara-smestaj-sekulic-5-210x210.jpg 210w\" sizes=\"(max-width: 150px) 100vw, 150px\" \/><\/a>\n\t\t\t<\/dt><\/dl>\n\t\t\t<br style='clear: both' \/>\n\t\t<\/div>\n<\/p>","protected":false},"excerpt":{"rendered":"<p>Dobrodo\u0161li u Vilu Dimitrijevi\u0107,\u00a0 sme\u0161tenu u naselju Sekuli\u0107 u Zaovinama na Tari. Vila je udaljena svega 200 metara od Crkve Svetog Kneza Lazara, de\u010dijeg igrali\u0161ta, prodavnice, kafane i skijali\u0161ta, \u0161to je \u010dini idealnom za porodi\u010dne posete i ljubitelje prirode. Mitrovac, jedno od najpoznatijih turisti\u010dkih mesta na Tari, udaljen je 5 km, koliko ima i do&#8230;<\/p>\n","protected":false},"author":1,"featured_media":83325,"parent":0,"menu_order":0,"comment_status":"closed","ping_status":"closed","template":"","objekat-osobina":[2,266,365,140,32,26,267,333,5,268,11],"Objekat - top":[43,44,48],"osobina - lokacija":[51,131],"objekat - status":[],"class_list":["post-83295","property","type-property","status-publish","has-post-thumbnail","hentry","property-feature-internet","property-feature-kamin-na-drva","property-feature-spa-centar","property-feature-kucni-ljubimci-nisu-dozvoljeni","property-feature-nenatkriveni","property-feature-rostilj","property-feature-jacuzzi","property-feature-podno-grejanje","property-feature-grejanje-na-struju","property-feature-sauna","property-feature-televizija","property-type-planinska-kuca","property-type-vikendica","property-type-vile","property-city-tara-zaovine","property-city-zaovine-sekulic"],"yoast_head":"<!-- This site is optimized with the Yoast SEO plugin v25.3 - https:\/\/yoast.com\/wordpress\/plugins\/seo\/ -->\n<title>Vila DIMITRIJEVI\u0106 - SME\u0160TAJ NA TARI - Vikendice, apartmani, brvnare, planinske ku\u0107e, hoteli...<\/title>\n<meta name=\"robots\" content=\"index, follow, max-snippet:-1, max-image-preview:large, max-video-preview:-1\" \/>\n<link rel=\"canonical\" href=\"https:\/\/tara.rs\/sr\/objekat\/vila-dimitrijevic\/\" \/>\n<meta property=\"og:locale\" content=\"sr_RS\" \/>\n<meta property=\"og:type\" content=\"article\" \/>\n<meta property=\"og:title\" content=\"VILA DIMITRIJEVI\u0106 - SME\u0160TAJ NA PLANINI TARI\" \/>\n<meta property=\"og:description\" content=\"Vila Dimitrijevi\u0107 pru\u017ea sve \u0161to je potrebno za udoban boravak. U prizemlju se nalazi prostrani dnevni boravak sa kaminom na drva, trpezarija i potpuno opremljena kuhinja, kao i moderno kupatilo. Poseban u\u017eitak predstavlja SPA centar sa \u0111akuzijem i saunom, savr\u0161en za opu\u0161tanje nakon dana provedenog u prirodi.\" \/>\n<meta property=\"og:url\" content=\"https:\/\/tara.rs\/sr\/objekat\/vila-dimitrijevic\/\" \/>\n<meta property=\"og:site_name\" content=\"SME\u0160TAJ NA TARI - Vikendice, apartmani, brvnare, planinske ku\u0107e, hoteli...\" \/>\n<meta property=\"article:modified_time\" content=\"2025-10-01T12:00:28+00:00\" \/>\n<meta property=\"og:image\" content=\"https:\/\/tara.rs\/wp-content\/uploads\/2024\/08\/vila-dimitrijevic-smestaj-na-planini-tari.jpg\" \/>\n\t<meta property=\"og:image:width\" content=\"1067\" \/>\n\t<meta property=\"og:image:height\" content=\"588\" \/>\n\t<meta property=\"og:image:type\" content=\"image\/jpeg\" \/>\n<meta name=\"twitter:card\" content=\"summary_large_image\" \/>\n<meta name=\"twitter:label1\" content=\"\u041f\u0440\u043e\u0446\u0435\u045a\u0435\u043d\u043e \u0432\u0440\u0435\u043c\u0435 \u0447\u0438\u0442\u0430\u045a\u0430\" \/>\n\t<meta name=\"twitter:data1\" content=\"2 \u043c\u0438\u043d\u0443\u0442\u0430\" \/>\n<script type=\"application\/ld+json\" class=\"yoast-schema-graph\">{\"@context\":\"https:\/\/schema.org\",\"@graph\":[{\"@type\":\"WebPage\",\"@id\":\"https:\/\/tara.rs\/sr\/objekat\/vila-dimitrijevic\/\",\"url\":\"https:\/\/tara.rs\/sr\/objekat\/vila-dimitrijevic\/\",\"name\":\"Vila DIMITRIJEVI\u0106 - SME\u0160TAJ NA TARI - Vikendice, apartmani, brvnare, planinske ku\u0107e, hoteli...\",\"isPartOf\":{\"@id\":\"https:\/\/tara.rs\/sr\/#website\"},\"primaryImageOfPage\":{\"@id\":\"https:\/\/tara.rs\/sr\/objekat\/vila-dimitrijevic\/#primaryimage\"},\"image\":{\"@id\":\"https:\/\/tara.rs\/sr\/objekat\/vila-dimitrijevic\/#primaryimage\"},\"thumbnailUrl\":\"https:\/\/tara.rs\/wp-content\/uploads\/2024\/08\/vila-dimitrijevic-tara-smestaj-sekulic-n.jpg\",\"datePublished\":\"2024-01-04T13:30:03+00:00\",\"dateModified\":\"2025-10-01T12:00:28+00:00\",\"breadcrumb\":{\"@id\":\"https:\/\/tara.rs\/sr\/objekat\/vila-dimitrijevic\/#breadcrumb\"},\"inLanguage\":\"sr-RS\",\"potentialAction\":[{\"@type\":\"ReadAction\",\"target\":[\"https:\/\/tara.rs\/sr\/objekat\/vila-dimitrijevic\/\"]}]},{\"@type\":\"ImageObject\",\"inLanguage\":\"sr-RS\",\"@id\":\"https:\/\/tara.rs\/sr\/objekat\/vila-dimitrijevic\/#primaryimage\",\"url\":\"https:\/\/tara.rs\/wp-content\/uploads\/2024\/08\/vila-dimitrijevic-tara-smestaj-sekulic-n.jpg\",\"contentUrl\":\"https:\/\/tara.rs\/wp-content\/uploads\/2024\/08\/vila-dimitrijevic-tara-smestaj-sekulic-n.jpg\",\"width\":950,\"height\":727},{\"@type\":\"BreadcrumbList\",\"@id\":\"https:\/\/tara.rs\/sr\/objekat\/vila-dimitrijevic\/#breadcrumb\",\"itemListElement\":[{\"@type\":\"ListItem\",\"position\":1,\"name\":\"Properties\",\"item\":\"https:\/\/tara.rs\/sr\/objekat\/\"},{\"@type\":\"ListItem\",\"position\":2,\"name\":\"Vila DIMITRIJEVI\u0106\"}]},{\"@type\":\"WebSite\",\"@id\":\"https:\/\/tara.rs\/sr\/#website\",\"url\":\"https:\/\/tara.rs\/sr\/\",\"name\":\"SME\u0160TAJ NA TARI - Vikendice, apartmani, brvnare, planinske ku\u0107e, hoteli...\",\"description\":\"350 + OBJEKATA ZA SME\u0160TAJ NA TARI\",\"publisher\":{\"@id\":\"https:\/\/tara.rs\/sr\/#organization\"},\"alternateName\":\"TARA.RS - 450 + Objekata za sme\u0161aj\",\"potentialAction\":[{\"@type\":\"SearchAction\",\"target\":{\"@type\":\"EntryPoint\",\"urlTemplate\":\"https:\/\/tara.rs\/sr\/?s={search_term_string}\"},\"query-input\":{\"@type\":\"PropertyValueSpecification\",\"valueRequired\":true,\"valueName\":\"search_term_string\"}}],\"inLanguage\":\"sr-RS\"},{\"@type\":\"Organization\",\"@id\":\"https:\/\/tara.rs\/sr\/#organization\",\"name\":\"SME\u0160TAJ NA TARI - Vikendice, apartmani, brvnare, planinske ku\u0107e, hoteli...\",\"url\":\"https:\/\/tara.rs\/sr\/\",\"logo\":{\"@type\":\"ImageObject\",\"inLanguage\":\"sr-RS\",\"@id\":\"https:\/\/tara.rs\/sr\/#\/schema\/logo\/image\/\",\"url\":\"https:\/\/tara.rs\/wp-content\/uploads\/2026\/01\/tara-rs-logo-sajt-2.png\",\"contentUrl\":\"https:\/\/tara.rs\/wp-content\/uploads\/2026\/01\/tara-rs-logo-sajt-2.png\",\"width\":280,\"height\":100,\"caption\":\"SME\u0160TAJ NA TARI - Vikendice, apartmani, brvnare, planinske ku\u0107e, hoteli...\"},\"image\":{\"@id\":\"https:\/\/tara.rs\/sr\/#\/schema\/logo\/image\/\"}}]}<\/script>\n<!-- \/ Yoast SEO plugin. -->","yoast_head_json":{"title":"Vila DIMITRIJEVI\u0106 - SME\u0160TAJ NA TARI - Vikendice, apartmani, brvnare, planinske ku\u0107e, hoteli...","robots":{"index":"index","follow":"follow","max-snippet":"max-snippet:-1","max-image-preview":"max-image-preview:large","max-video-preview":"max-video-preview:-1"},"canonical":"https:\/\/tara.rs\/sr\/objekat\/vila-dimitrijevic\/","og_locale":"sr_RS","og_type":"article","og_title":"VILA DIMITRIJEVI\u0106 - SME\u0160TAJ NA PLANINI TARI","og_description":"Vila Dimitrijevi\u0107 pru\u017ea sve \u0161to je potrebno za udoban boravak. U prizemlju se nalazi prostrani dnevni boravak sa kaminom na drva, trpezarija i potpuno opremljena kuhinja, kao i moderno kupatilo. Poseban u\u017eitak predstavlja SPA centar sa \u0111akuzijem i saunom, savr\u0161en za opu\u0161tanje nakon dana provedenog u prirodi.","og_url":"https:\/\/tara.rs\/sr\/objekat\/vila-dimitrijevic\/","og_site_name":"SME\u0160TAJ NA TARI - Vikendice, apartmani, brvnare, planinske ku\u0107e, hoteli...","article_modified_time":"2025-10-01T12:00:28+00:00","og_image":[{"width":1067,"height":588,"url":"https:\/\/tara.rs\/wp-content\/uploads\/2024\/08\/vila-dimitrijevic-smestaj-na-planini-tari.jpg","type":"image\/jpeg"}],"twitter_card":"summary_large_image","twitter_misc":{"\u041f\u0440\u043e\u0446\u0435\u045a\u0435\u043d\u043e \u0432\u0440\u0435\u043c\u0435 \u0447\u0438\u0442\u0430\u045a\u0430":"2 \u043c\u0438\u043d\u0443\u0442\u0430"},"schema":{"@context":"https:\/\/schema.org","@graph":[{"@type":"WebPage","@id":"https:\/\/tara.rs\/sr\/objekat\/vila-dimitrijevic\/","url":"https:\/\/tara.rs\/sr\/objekat\/vila-dimitrijevic\/","name":"Vila DIMITRIJEVI\u0106 - SME\u0160TAJ NA TARI - Vikendice, apartmani, brvnare, planinske ku\u0107e, hoteli...","isPartOf":{"@id":"https:\/\/tara.rs\/sr\/#website"},"primaryImageOfPage":{"@id":"https:\/\/tara.rs\/sr\/objekat\/vila-dimitrijevic\/#primaryimage"},"image":{"@id":"https:\/\/tara.rs\/sr\/objekat\/vila-dimitrijevic\/#primaryimage"},"thumbnailUrl":"https:\/\/tara.rs\/wp-content\/uploads\/2024\/08\/vila-dimitrijevic-tara-smestaj-sekulic-n.jpg","datePublished":"2024-01-04T13:30:03+00:00","dateModified":"2025-10-01T12:00:28+00:00","breadcrumb":{"@id":"https:\/\/tara.rs\/sr\/objekat\/vila-dimitrijevic\/#breadcrumb"},"inLanguage":"sr-RS","potentialAction":[{"@type":"ReadAction","target":["https:\/\/tara.rs\/sr\/objekat\/vila-dimitrijevic\/"]}]},{"@type":"ImageObject","inLanguage":"sr-RS","@id":"https:\/\/tara.rs\/sr\/objekat\/vila-dimitrijevic\/#primaryimage","url":"https:\/\/tara.rs\/wp-content\/uploads\/2024\/08\/vila-dimitrijevic-tara-smestaj-sekulic-n.jpg","contentUrl":"https:\/\/tara.rs\/wp-content\/uploads\/2024\/08\/vila-dimitrijevic-tara-smestaj-sekulic-n.jpg","width":950,"height":727},{"@type":"BreadcrumbList","@id":"https:\/\/tara.rs\/sr\/objekat\/vila-dimitrijevic\/#breadcrumb","itemListElement":[{"@type":"ListItem","position":1,"name":"Properties","item":"https:\/\/tara.rs\/sr\/objekat\/"},{"@type":"ListItem","position":2,"name":"Vila DIMITRIJEVI\u0106"}]},{"@type":"WebSite","@id":"https:\/\/tara.rs\/sr\/#website","url":"https:\/\/tara.rs\/sr\/","name":"SME\u0160TAJ NA TARI - Vikendice, apartmani, brvnare, planinske ku\u0107e, hoteli...","description":"350 + OBJEKATA ZA SME\u0160TAJ NA TARI","publisher":{"@id":"https:\/\/tara.rs\/sr\/#organization"},"alternateName":"TARA.RS - 450 + Objekata za sme\u0161aj","potentialAction":[{"@type":"SearchAction","target":{"@type":"EntryPoint","urlTemplate":"https:\/\/tara.rs\/sr\/?s={search_term_string}"},"query-input":{"@type":"PropertyValueSpecification","valueRequired":true,"valueName":"search_term_string"}}],"inLanguage":"sr-RS"},{"@type":"Organization","@id":"https:\/\/tara.rs\/sr\/#organization","name":"SME\u0160TAJ NA TARI - Vikendice, apartmani, brvnare, planinske ku\u0107e, hoteli...","url":"https:\/\/tara.rs\/sr\/","logo":{"@type":"ImageObject","inLanguage":"sr-RS","@id":"https:\/\/tara.rs\/sr\/#\/schema\/logo\/image\/","url":"https:\/\/tara.rs\/wp-content\/uploads\/2026\/01\/tara-rs-logo-sajt-2.png","contentUrl":"https:\/\/tara.rs\/wp-content\/uploads\/2026\/01\/tara-rs-logo-sajt-2.png","width":280,"height":100,"caption":"SME\u0160TAJ NA TARI - Vikendice, apartmani, brvnare, planinske ku\u0107e, hoteli..."},"image":{"@id":"https:\/\/tara.rs\/sr\/#\/schema\/logo\/image\/"}}]}},"property_meta":{"REAL_HOMES_property_price":"","REAL_HOMES_property_old_price":"","REAL_HOMES_property_price_prefix":"","REAL_HOMES_property_price_postfix":"","REAL_HOMES_property_size":"","REAL_HOMES_property_size_postfix":"","REAL_HOMES_property_lot_size":"","REAL_HOMES_property_lot_size_postfix":"","REAL_HOMES_property_bedrooms":"2","REAL_HOMES_property_bathrooms":"2","REAL_HOMES_property_garage":"","REAL_HOMES_property_id":"","REAL_HOMES_property_year_built":"","REAL_HOMES_featured":"0","REAL_HOMES_additional_details_list":[],"REAL_HOMES_property_location":{"latitude":"43.888614288841","longitude":"19.44032907486","zoom":"16"},"REAL_HOMES_property_address":"Sekuli\u0107, Zaovine, Planina Tara","REAL_HOMES_property_map":"0","REAL_HOMES_property_images":[{"width":150,"height":150,"file":"2024\/08\/vila-dimitrijevic-tara-smestaj-sekulic-1.jpg","filesize":258419,"sizes":{"medium":{"file":"vila-dimitrijevic-tara-smestaj-sekulic-1-225x300.jpg","width":225,"height":300,"mime-type":"image\/jpeg","filesize":17284,"url":"https:\/\/tara.rs\/wp-content\/uploads\/2024\/08\/vila-dimitrijevic-tara-smestaj-sekulic-1-225x300.jpg"},"thumbnail":{"file":"vila-dimitrijevic-tara-smestaj-sekulic-1-150x150.jpg","width":150,"height":150,"mime-type":"image\/jpeg","filesize":6806,"url":"https:\/\/tara.rs\/wp-content\/uploads\/2024\/08\/vila-dimitrijevic-tara-smestaj-sekulic-1-150x150.jpg"},"post-thumbnail":{"file":"vila-dimitrijevic-tara-smestaj-sekulic-1-113x150.jpg","width":113,"height":150,"mime-type":"image\/jpeg","filesize":5609,"url":"https:\/\/tara.rs\/wp-content\/uploads\/2024\/08\/vila-dimitrijevic-tara-smestaj-sekulic-1-113x150.jpg"},"modern-property-child-slider":{"file":"vila-dimitrijevic-tara-smestaj-sekulic-1-680x510.jpg","width":680,"height":510,"mime-type":"image\/jpeg","filesize":61805,"url":"https:\/\/tara.rs\/wp-content\/uploads\/2024\/08\/vila-dimitrijevic-tara-smestaj-sekulic-1-680x510.jpg"},"property-thumb-image":{"file":"vila-dimitrijevic-tara-smestaj-sekulic-1-488x326.jpg","width":488,"height":326,"mime-type":"image\/jpeg","filesize":32021,"url":"https:\/\/tara.rs\/wp-content\/uploads\/2024\/08\/vila-dimitrijevic-tara-smestaj-sekulic-1-488x326.jpg"},"property-detail-video-image":{"file":"vila-dimitrijevic-tara-smestaj-sekulic-1-750x417.jpg","width":750,"height":417,"mime-type":"image\/jpeg","filesize":61731,"url":"https:\/\/tara.rs\/wp-content\/uploads\/2024\/08\/vila-dimitrijevic-tara-smestaj-sekulic-1-750x417.jpg"},"agent-image":{"file":"vila-dimitrijevic-tara-smestaj-sekulic-1-210x210.jpg","width":210,"height":210,"mime-type":"image\/jpeg","filesize":11783,"url":"https:\/\/tara.rs\/wp-content\/uploads\/2024\/08\/vila-dimitrijevic-tara-smestaj-sekulic-1-210x210.jpg"},"partners-logo":{"file":"vila-dimitrijevic-tara-smestaj-sekulic-1-600x1000.jpg","width":600,"height":1000,"mime-type":"image\/jpeg","filesize":125344,"url":"https:\/\/tara.rs\/wp-content\/uploads\/2024\/08\/vila-dimitrijevic-tara-smestaj-sekulic-1-600x1000.jpg"},"post-featured-image":{"file":"vila-dimitrijevic-tara-smestaj-sekulic-1-750x720.jpg","width":750,"height":720,"mime-type":"image\/jpeg","filesize":107896,"url":"https:\/\/tara.rs\/wp-content\/uploads\/2024\/08\/vila-dimitrijevic-tara-smestaj-sekulic-1-750x720.jpg"}},"image_meta":{"aperture":"0","credit":"","camera":"","caption":"","created_timestamp":"0","copyright":"","focal_length":"0","iso":"0","shutter_speed":"0","title":"","orientation":"0","keywords":[]},"ID":"83297","name":"vila-dimitrijevic-tara-smestaj-sekulic-1.jpg","path":"\/home\/tarars\/public_html\/wp-content\/uploads\/2024\/08\/vila-dimitrijevic-tara-smestaj-sekulic-1.jpg","url":"https:\/\/tara.rs\/wp-content\/uploads\/2024\/08\/vila-dimitrijevic-tara-smestaj-sekulic-1-150x150.jpg","full_url":"https:\/\/tara.rs\/wp-content\/uploads\/2024\/08\/vila-dimitrijevic-tara-smestaj-sekulic-1.jpg","title":"vila-dimitrijevi\u0107-tara-sme\u0161taj-sekuli\u0107-1","caption":"","description":"","alt":"","srcset":"https:\/\/tara.rs\/wp-content\/uploads\/2024\/08\/vila-dimitrijevic-tara-smestaj-sekulic-1-150x150.jpg 150w, https:\/\/tara.rs\/wp-content\/uploads\/2024\/08\/vila-dimitrijevic-tara-smestaj-sekulic-1-210x210.jpg 210w"},{"width":150,"height":150,"file":"2024\/08\/vila-dimitrijevic-tara-smestaj-sekulic-8.jpg","filesize":270111,"sizes":{"medium":{"file":"vila-dimitrijevic-tara-smestaj-sekulic-8-225x300.jpg","width":225,"height":300,"mime-type":"image\/jpeg","filesize":19715,"url":"https:\/\/tara.rs\/wp-content\/uploads\/2024\/08\/vila-dimitrijevic-tara-smestaj-sekulic-8-225x300.jpg"},"thumbnail":{"file":"vila-dimitrijevic-tara-smestaj-sekulic-8-150x150.jpg","width":150,"height":150,"mime-type":"image\/jpeg","filesize":8376,"url":"https:\/\/tara.rs\/wp-content\/uploads\/2024\/08\/vila-dimitrijevic-tara-smestaj-sekulic-8-150x150.jpg"},"post-thumbnail":{"file":"vila-dimitrijevic-tara-smestaj-sekulic-8-113x150.jpg","width":113,"height":150,"mime-type":"image\/jpeg","filesize":6542,"url":"https:\/\/tara.rs\/wp-content\/uploads\/2024\/08\/vila-dimitrijevic-tara-smestaj-sekulic-8-113x150.jpg"},"modern-property-child-slider":{"file":"vila-dimitrijevic-tara-smestaj-sekulic-8-680x510.jpg","width":680,"height":510,"mime-type":"image\/jpeg","filesize":71421,"url":"https:\/\/tara.rs\/wp-content\/uploads\/2024\/08\/vila-dimitrijevic-tara-smestaj-sekulic-8-680x510.jpg"},"property-thumb-image":{"file":"vila-dimitrijevic-tara-smestaj-sekulic-8-488x326.jpg","width":488,"height":326,"mime-type":"image\/jpeg","filesize":38140,"url":"https:\/\/tara.rs\/wp-content\/uploads\/2024\/08\/vila-dimitrijevic-tara-smestaj-sekulic-8-488x326.jpg"},"property-detail-video-image":{"file":"vila-dimitrijevic-tara-smestaj-sekulic-8-750x417.jpg","width":750,"height":417,"mime-type":"image\/jpeg","filesize":71190,"url":"https:\/\/tara.rs\/wp-content\/uploads\/2024\/08\/vila-dimitrijevic-tara-smestaj-sekulic-8-750x417.jpg"},"agent-image":{"file":"vila-dimitrijevic-tara-smestaj-sekulic-8-210x210.jpg","width":210,"height":210,"mime-type":"image\/jpeg","filesize":14500,"url":"https:\/\/tara.rs\/wp-content\/uploads\/2024\/08\/vila-dimitrijevic-tara-smestaj-sekulic-8-210x210.jpg"},"partners-logo":{"file":"vila-dimitrijevic-tara-smestaj-sekulic-8-600x1000.jpg","width":600,"height":1000,"mime-type":"image\/jpeg","filesize":125990,"url":"https:\/\/tara.rs\/wp-content\/uploads\/2024\/08\/vila-dimitrijevic-tara-smestaj-sekulic-8-600x1000.jpg"},"post-featured-image":{"file":"vila-dimitrijevic-tara-smestaj-sekulic-8-750x720.jpg","width":750,"height":720,"mime-type":"image\/jpeg","filesize":117501,"url":"https:\/\/tara.rs\/wp-content\/uploads\/2024\/08\/vila-dimitrijevic-tara-smestaj-sekulic-8-750x720.jpg"}},"image_meta":{"aperture":"0","credit":"","camera":"","caption":"","created_timestamp":"0","copyright":"","focal_length":"0","iso":"0","shutter_speed":"0","title":"","orientation":"0","keywords":[]},"ID":"83304","name":"vila-dimitrijevic-tara-smestaj-sekulic-8.jpg","path":"\/home\/tarars\/public_html\/wp-content\/uploads\/2024\/08\/vila-dimitrijevic-tara-smestaj-sekulic-8.jpg","url":"https:\/\/tara.rs\/wp-content\/uploads\/2024\/08\/vila-dimitrijevic-tara-smestaj-sekulic-8-150x150.jpg","full_url":"https:\/\/tara.rs\/wp-content\/uploads\/2024\/08\/vila-dimitrijevic-tara-smestaj-sekulic-8.jpg","title":"vila-dimitrijevi\u0107-tara-sme\u0161taj-sekuli\u0107-8","caption":"","description":"","alt":"","srcset":"https:\/\/tara.rs\/wp-content\/uploads\/2024\/08\/vila-dimitrijevic-tara-smestaj-sekulic-8-150x150.jpg 150w, https:\/\/tara.rs\/wp-content\/uploads\/2024\/08\/vila-dimitrijevic-tara-smestaj-sekulic-8-210x210.jpg 210w"},{"width":150,"height":150,"file":"2024\/08\/vila-dimitrijevic-tara-smestaj-sekulic-3.jpg","filesize":312178,"sizes":{"medium":{"file":"vila-dimitrijevic-tara-smestaj-sekulic-3-225x300.jpg","width":225,"height":300,"mime-type":"image\/jpeg","filesize":21456,"url":"https:\/\/tara.rs\/wp-content\/uploads\/2024\/08\/vila-dimitrijevic-tara-smestaj-sekulic-3-225x300.jpg"},"thumbnail":{"file":"vila-dimitrijevic-tara-smestaj-sekulic-3-150x150.jpg","width":150,"height":150,"mime-type":"image\/jpeg","filesize":7667,"url":"https:\/\/tara.rs\/wp-content\/uploads\/2024\/08\/vila-dimitrijevic-tara-smestaj-sekulic-3-150x150.jpg"},"post-thumbnail":{"file":"vila-dimitrijevic-tara-smestaj-sekulic-3-113x150.jpg","width":113,"height":150,"mime-type":"image\/jpeg","filesize":6573,"url":"https:\/\/tara.rs\/wp-content\/uploads\/2024\/08\/vila-dimitrijevic-tara-smestaj-sekulic-3-113x150.jpg"},"modern-property-child-slider":{"file":"vila-dimitrijevic-tara-smestaj-sekulic-3-680x510.jpg","width":680,"height":510,"mime-type":"image\/jpeg","filesize":70283,"url":"https:\/\/tara.rs\/wp-content\/uploads\/2024\/08\/vila-dimitrijevic-tara-smestaj-sekulic-3-680x510.jpg"},"property-thumb-image":{"file":"vila-dimitrijevic-tara-smestaj-sekulic-3-488x326.jpg","width":488,"height":326,"mime-type":"image\/jpeg","filesize":33973,"url":"https:\/\/tara.rs\/wp-content\/uploads\/2024\/08\/vila-dimitrijevic-tara-smestaj-sekulic-3-488x326.jpg"},"property-detail-video-image":{"file":"vila-dimitrijevic-tara-smestaj-sekulic-3-750x417.jpg","width":750,"height":417,"mime-type":"image\/jpeg","filesize":61083,"url":"https:\/\/tara.rs\/wp-content\/uploads\/2024\/08\/vila-dimitrijevic-tara-smestaj-sekulic-3-750x417.jpg"},"agent-image":{"file":"vila-dimitrijevic-tara-smestaj-sekulic-3-210x210.jpg","width":210,"height":210,"mime-type":"image\/jpeg","filesize":13807,"url":"https:\/\/tara.rs\/wp-content\/uploads\/2024\/08\/vila-dimitrijevic-tara-smestaj-sekulic-3-210x210.jpg"},"partners-logo":{"file":"vila-dimitrijevic-tara-smestaj-sekulic-3-600x1000.jpg","width":600,"height":1000,"mime-type":"image\/jpeg","filesize":157662,"url":"https:\/\/tara.rs\/wp-content\/uploads\/2024\/08\/vila-dimitrijevic-tara-smestaj-sekulic-3-600x1000.jpg"},"post-featured-image":{"file":"vila-dimitrijevic-tara-smestaj-sekulic-3-750x720.jpg","width":750,"height":720,"mime-type":"image\/jpeg","filesize":131224,"url":"https:\/\/tara.rs\/wp-content\/uploads\/2024\/08\/vila-dimitrijevic-tara-smestaj-sekulic-3-750x720.jpg"}},"image_meta":{"aperture":"0","credit":"","camera":"","caption":"","created_timestamp":"0","copyright":"","focal_length":"0","iso":"0","shutter_speed":"0","title":"","orientation":"0","keywords":[]},"ID":"83299","name":"vila-dimitrijevic-tara-smestaj-sekulic-3.jpg","path":"\/home\/tarars\/public_html\/wp-content\/uploads\/2024\/08\/vila-dimitrijevic-tara-smestaj-sekulic-3.jpg","url":"https:\/\/tara.rs\/wp-content\/uploads\/2024\/08\/vila-dimitrijevic-tara-smestaj-sekulic-3-150x150.jpg","full_url":"https:\/\/tara.rs\/wp-content\/uploads\/2024\/08\/vila-dimitrijevic-tara-smestaj-sekulic-3.jpg","title":"vila-dimitrijevi\u0107-tara-sme\u0161taj-sekuli\u0107-3","caption":"","description":"","alt":"","srcset":"https:\/\/tara.rs\/wp-content\/uploads\/2024\/08\/vila-dimitrijevic-tara-smestaj-sekulic-3-150x150.jpg 150w, https:\/\/tara.rs\/wp-content\/uploads\/2024\/08\/vila-dimitrijevic-tara-smestaj-sekulic-3-210x210.jpg 210w"},{"width":150,"height":150,"file":"2024\/08\/vila-dimitrijevic-tara-smestaj-sekulic-4.jpg","filesize":326658,"sizes":{"medium":{"file":"vila-dimitrijevic-tara-smestaj-sekulic-4-225x300.jpg","width":225,"height":300,"mime-type":"image\/jpeg","filesize":23138,"url":"https:\/\/tara.rs\/wp-content\/uploads\/2024\/08\/vila-dimitrijevic-tara-smestaj-sekulic-4-225x300.jpg"},"thumbnail":{"file":"vila-dimitrijevic-tara-smestaj-sekulic-4-150x150.jpg","width":150,"height":150,"mime-type":"image\/jpeg","filesize":9227,"url":"https:\/\/tara.rs\/wp-content\/uploads\/2024\/08\/vila-dimitrijevic-tara-smestaj-sekulic-4-150x150.jpg"},"post-thumbnail":{"file":"vila-dimitrijevic-tara-smestaj-sekulic-4-113x150.jpg","width":113,"height":150,"mime-type":"image\/jpeg","filesize":6928,"url":"https:\/\/tara.rs\/wp-content\/uploads\/2024\/08\/vila-dimitrijevic-tara-smestaj-sekulic-4-113x150.jpg"},"modern-property-child-slider":{"file":"vila-dimitrijevic-tara-smestaj-sekulic-4-680x510.jpg","width":680,"height":510,"mime-type":"image\/jpeg","filesize":107267,"url":"https:\/\/tara.rs\/wp-content\/uploads\/2024\/08\/vila-dimitrijevic-tara-smestaj-sekulic-4-680x510.jpg"},"property-thumb-image":{"file":"vila-dimitrijevic-tara-smestaj-sekulic-4-488x326.jpg","width":488,"height":326,"mime-type":"image\/jpeg","filesize":54493,"url":"https:\/\/tara.rs\/wp-content\/uploads\/2024\/08\/vila-dimitrijevic-tara-smestaj-sekulic-4-488x326.jpg"},"property-detail-video-image":{"file":"vila-dimitrijevic-tara-smestaj-sekulic-4-750x417.jpg","width":750,"height":417,"mime-type":"image\/jpeg","filesize":113821,"url":"https:\/\/tara.rs\/wp-content\/uploads\/2024\/08\/vila-dimitrijevic-tara-smestaj-sekulic-4-750x417.jpg"},"agent-image":{"file":"vila-dimitrijevic-tara-smestaj-sekulic-4-210x210.jpg","width":210,"height":210,"mime-type":"image\/jpeg","filesize":16760,"url":"https:\/\/tara.rs\/wp-content\/uploads\/2024\/08\/vila-dimitrijevic-tara-smestaj-sekulic-4-210x210.jpg"},"partners-logo":{"file":"vila-dimitrijevic-tara-smestaj-sekulic-4-600x1000.jpg","width":600,"height":1000,"mime-type":"image\/jpeg","filesize":181684,"url":"https:\/\/tara.rs\/wp-content\/uploads\/2024\/08\/vila-dimitrijevic-tara-smestaj-sekulic-4-600x1000.jpg"},"post-featured-image":{"file":"vila-dimitrijevic-tara-smestaj-sekulic-4-750x720.jpg","width":750,"height":720,"mime-type":"image\/jpeg","filesize":181444,"url":"https:\/\/tara.rs\/wp-content\/uploads\/2024\/08\/vila-dimitrijevic-tara-smestaj-sekulic-4-750x720.jpg"}},"image_meta":{"aperture":"0","credit":"","camera":"","caption":"","created_timestamp":"0","copyright":"","focal_length":"0","iso":"0","shutter_speed":"0","title":"","orientation":"0","keywords":[]},"ID":"83300","name":"vila-dimitrijevic-tara-smestaj-sekulic-4.jpg","path":"\/home\/tarars\/public_html\/wp-content\/uploads\/2024\/08\/vila-dimitrijevic-tara-smestaj-sekulic-4.jpg","url":"https:\/\/tara.rs\/wp-content\/uploads\/2024\/08\/vila-dimitrijevic-tara-smestaj-sekulic-4-150x150.jpg","full_url":"https:\/\/tara.rs\/wp-content\/uploads\/2024\/08\/vila-dimitrijevic-tara-smestaj-sekulic-4.jpg","title":"vila-dimitrijevi\u0107-tara-sme\u0161taj-sekuli\u0107-4","caption":"","description":"","alt":"","srcset":"https:\/\/tara.rs\/wp-content\/uploads\/2024\/08\/vila-dimitrijevic-tara-smestaj-sekulic-4-150x150.jpg 150w, https:\/\/tara.rs\/wp-content\/uploads\/2024\/08\/vila-dimitrijevic-tara-smestaj-sekulic-4-210x210.jpg 210w"},{"width":150,"height":150,"file":"2024\/08\/vila-dimitrijevic-tara-smestaj-sekulic-11.jpg","filesize":301183,"sizes":{"medium":{"file":"vila-dimitrijevic-tara-smestaj-sekulic-11-225x300.jpg","width":225,"height":300,"mime-type":"image\/jpeg","filesize":19696,"url":"https:\/\/tara.rs\/wp-content\/uploads\/2024\/08\/vila-dimitrijevic-tara-smestaj-sekulic-11-225x300.jpg"},"thumbnail":{"file":"vila-dimitrijevic-tara-smestaj-sekulic-11-150x150.jpg","width":150,"height":150,"mime-type":"image\/jpeg","filesize":7513,"url":"https:\/\/tara.rs\/wp-content\/uploads\/2024\/08\/vila-dimitrijevic-tara-smestaj-sekulic-11-150x150.jpg"},"post-thumbnail":{"file":"vila-dimitrijevic-tara-smestaj-sekulic-11-113x150.jpg","width":113,"height":150,"mime-type":"image\/jpeg","filesize":6149,"url":"https:\/\/tara.rs\/wp-content\/uploads\/2024\/08\/vila-dimitrijevic-tara-smestaj-sekulic-11-113x150.jpg"},"modern-property-child-slider":{"file":"vila-dimitrijevic-tara-smestaj-sekulic-11-680x510.jpg","width":680,"height":510,"mime-type":"image\/jpeg","filesize":76055,"url":"https:\/\/tara.rs\/wp-content\/uploads\/2024\/08\/vila-dimitrijevic-tara-smestaj-sekulic-11-680x510.jpg"},"property-thumb-image":{"file":"vila-dimitrijevic-tara-smestaj-sekulic-11-488x326.jpg","width":488,"height":326,"mime-type":"image\/jpeg","filesize":37844,"url":"https:\/\/tara.rs\/wp-content\/uploads\/2024\/08\/vila-dimitrijevic-tara-smestaj-sekulic-11-488x326.jpg"},"property-detail-video-image":{"file":"vila-dimitrijevic-tara-smestaj-sekulic-11-750x417.jpg","width":750,"height":417,"mime-type":"image\/jpeg","filesize":78805,"url":"https:\/\/tara.rs\/wp-content\/uploads\/2024\/08\/vila-dimitrijevic-tara-smestaj-sekulic-11-750x417.jpg"},"agent-image":{"file":"vila-dimitrijevic-tara-smestaj-sekulic-11-210x210.jpg","width":210,"height":210,"mime-type":"image\/jpeg","filesize":13377,"url":"https:\/\/tara.rs\/wp-content\/uploads\/2024\/08\/vila-dimitrijevic-tara-smestaj-sekulic-11-210x210.jpg"},"partners-logo":{"file":"vila-dimitrijevic-tara-smestaj-sekulic-11-600x1000.jpg","width":600,"height":1000,"mime-type":"image\/jpeg","filesize":145121,"url":"https:\/\/tara.rs\/wp-content\/uploads\/2024\/08\/vila-dimitrijevic-tara-smestaj-sekulic-11-600x1000.jpg"},"post-featured-image":{"file":"vila-dimitrijevic-tara-smestaj-sekulic-11-750x720.jpg","width":750,"height":720,"mime-type":"image\/jpeg","filesize":132651,"url":"https:\/\/tara.rs\/wp-content\/uploads\/2024\/08\/vila-dimitrijevic-tara-smestaj-sekulic-11-750x720.jpg"}},"image_meta":{"aperture":"0","credit":"","camera":"","caption":"","created_timestamp":"0","copyright":"","focal_length":"0","iso":"0","shutter_speed":"0","title":"","orientation":"0","keywords":[]},"ID":"83307","name":"vila-dimitrijevic-tara-smestaj-sekulic-11.jpg","path":"\/home\/tarars\/public_html\/wp-content\/uploads\/2024\/08\/vila-dimitrijevic-tara-smestaj-sekulic-11.jpg","url":"https:\/\/tara.rs\/wp-content\/uploads\/2024\/08\/vila-dimitrijevic-tara-smestaj-sekulic-11-150x150.jpg","full_url":"https:\/\/tara.rs\/wp-content\/uploads\/2024\/08\/vila-dimitrijevic-tara-smestaj-sekulic-11.jpg","title":"vila-dimitrijevi\u0107-tara-sme\u0161taj-sekuli\u0107-11","caption":"","description":"","alt":"","srcset":"https:\/\/tara.rs\/wp-content\/uploads\/2024\/08\/vila-dimitrijevic-tara-smestaj-sekulic-11-150x150.jpg 150w, https:\/\/tara.rs\/wp-content\/uploads\/2024\/08\/vila-dimitrijevic-tara-smestaj-sekulic-11-210x210.jpg 210w"},{"width":150,"height":150,"file":"2024\/08\/vila-dimitrijevic-tara-smestaj-sekulic-12.jpg","filesize":278282,"sizes":{"medium":{"file":"vila-dimitrijevic-tara-smestaj-sekulic-12-225x300.jpg","width":225,"height":300,"mime-type":"image\/jpeg","filesize":17719,"url":"https:\/\/tara.rs\/wp-content\/uploads\/2024\/08\/vila-dimitrijevic-tara-smestaj-sekulic-12-225x300.jpg"},"thumbnail":{"file":"vila-dimitrijevic-tara-smestaj-sekulic-12-150x150.jpg","width":150,"height":150,"mime-type":"image\/jpeg","filesize":6999,"url":"https:\/\/tara.rs\/wp-content\/uploads\/2024\/08\/vila-dimitrijevic-tara-smestaj-sekulic-12-150x150.jpg"},"post-thumbnail":{"file":"vila-dimitrijevic-tara-smestaj-sekulic-12-113x150.jpg","width":113,"height":150,"mime-type":"image\/jpeg","filesize":5709,"url":"https:\/\/tara.rs\/wp-content\/uploads\/2024\/08\/vila-dimitrijevic-tara-smestaj-sekulic-12-113x150.jpg"},"modern-property-child-slider":{"file":"vila-dimitrijevic-tara-smestaj-sekulic-12-680x510.jpg","width":680,"height":510,"mime-type":"image\/jpeg","filesize":72461,"url":"https:\/\/tara.rs\/wp-content\/uploads\/2024\/08\/vila-dimitrijevic-tara-smestaj-sekulic-12-680x510.jpg"},"property-thumb-image":{"file":"vila-dimitrijevic-tara-smestaj-sekulic-12-488x326.jpg","width":488,"height":326,"mime-type":"image\/jpeg","filesize":37239,"url":"https:\/\/tara.rs\/wp-content\/uploads\/2024\/08\/vila-dimitrijevic-tara-smestaj-sekulic-12-488x326.jpg"},"property-detail-video-image":{"file":"vila-dimitrijevic-tara-smestaj-sekulic-12-750x417.jpg","width":750,"height":417,"mime-type":"image\/jpeg","filesize":77911,"url":"https:\/\/tara.rs\/wp-content\/uploads\/2024\/08\/vila-dimitrijevic-tara-smestaj-sekulic-12-750x417.jpg"},"agent-image":{"file":"vila-dimitrijevic-tara-smestaj-sekulic-12-210x210.jpg","width":210,"height":210,"mime-type":"image\/jpeg","filesize":12397,"url":"https:\/\/tara.rs\/wp-content\/uploads\/2024\/08\/vila-dimitrijevic-tara-smestaj-sekulic-12-210x210.jpg"},"partners-logo":{"file":"vila-dimitrijevic-tara-smestaj-sekulic-12-600x1000.jpg","width":600,"height":1000,"mime-type":"image\/jpeg","filesize":127059,"url":"https:\/\/tara.rs\/wp-content\/uploads\/2024\/08\/vila-dimitrijevic-tara-smestaj-sekulic-12-600x1000.jpg"},"post-featured-image":{"file":"vila-dimitrijevic-tara-smestaj-sekulic-12-750x720.jpg","width":750,"height":720,"mime-type":"image\/jpeg","filesize":123326,"url":"https:\/\/tara.rs\/wp-content\/uploads\/2024\/08\/vila-dimitrijevic-tara-smestaj-sekulic-12-750x720.jpg"}},"image_meta":{"aperture":"0","credit":"","camera":"","caption":"","created_timestamp":"0","copyright":"","focal_length":"0","iso":"0","shutter_speed":"0","title":"","orientation":"0","keywords":[]},"ID":"83308","name":"vila-dimitrijevic-tara-smestaj-sekulic-12.jpg","path":"\/home\/tarars\/public_html\/wp-content\/uploads\/2024\/08\/vila-dimitrijevic-tara-smestaj-sekulic-12.jpg","url":"https:\/\/tara.rs\/wp-content\/uploads\/2024\/08\/vila-dimitrijevic-tara-smestaj-sekulic-12-150x150.jpg","full_url":"https:\/\/tara.rs\/wp-content\/uploads\/2024\/08\/vila-dimitrijevic-tara-smestaj-sekulic-12.jpg","title":"vila-dimitrijevi\u0107-tara-sme\u0161taj-sekuli\u0107-12","caption":"","description":"","alt":"","srcset":"https:\/\/tara.rs\/wp-content\/uploads\/2024\/08\/vila-dimitrijevic-tara-smestaj-sekulic-12-150x150.jpg 150w, https:\/\/tara.rs\/wp-content\/uploads\/2024\/08\/vila-dimitrijevic-tara-smestaj-sekulic-12-210x210.jpg 210w"},{"width":150,"height":150,"file":"2024\/08\/vila-dimitrijevic-tara-smestaj-sekulic-14.jpg","filesize":218141,"sizes":{"medium":{"file":"vila-dimitrijevic-tara-smestaj-sekulic-14-225x300.jpg","width":225,"height":300,"mime-type":"image\/jpeg","filesize":15135,"url":"https:\/\/tara.rs\/wp-content\/uploads\/2024\/08\/vila-dimitrijevic-tara-smestaj-sekulic-14-225x300.jpg"},"thumbnail":{"file":"vila-dimitrijevic-tara-smestaj-sekulic-14-150x150.jpg","width":150,"height":150,"mime-type":"image\/jpeg","filesize":5943,"url":"https:\/\/tara.rs\/wp-content\/uploads\/2024\/08\/vila-dimitrijevic-tara-smestaj-sekulic-14-150x150.jpg"},"post-thumbnail":{"file":"vila-dimitrijevic-tara-smestaj-sekulic-14-113x150.jpg","width":113,"height":150,"mime-type":"image\/jpeg","filesize":5010,"url":"https:\/\/tara.rs\/wp-content\/uploads\/2024\/08\/vila-dimitrijevic-tara-smestaj-sekulic-14-113x150.jpg"},"modern-property-child-slider":{"file":"vila-dimitrijevic-tara-smestaj-sekulic-14-680x510.jpg","width":680,"height":510,"mime-type":"image\/jpeg","filesize":47791,"url":"https:\/\/tara.rs\/wp-content\/uploads\/2024\/08\/vila-dimitrijevic-tara-smestaj-sekulic-14-680x510.jpg"},"property-thumb-image":{"file":"vila-dimitrijevic-tara-smestaj-sekulic-14-488x326.jpg","width":488,"height":326,"mime-type":"image\/jpeg","filesize":24641,"url":"https:\/\/tara.rs\/wp-content\/uploads\/2024\/08\/vila-dimitrijevic-tara-smestaj-sekulic-14-488x326.jpg"},"property-detail-video-image":{"file":"vila-dimitrijevic-tara-smestaj-sekulic-14-750x417.jpg","width":750,"height":417,"mime-type":"image\/jpeg","filesize":44379,"url":"https:\/\/tara.rs\/wp-content\/uploads\/2024\/08\/vila-dimitrijevic-tara-smestaj-sekulic-14-750x417.jpg"},"agent-image":{"file":"vila-dimitrijevic-tara-smestaj-sekulic-14-210x210.jpg","width":210,"height":210,"mime-type":"image\/jpeg","filesize":9990,"url":"https:\/\/tara.rs\/wp-content\/uploads\/2024\/08\/vila-dimitrijevic-tara-smestaj-sekulic-14-210x210.jpg"},"partners-logo":{"file":"vila-dimitrijevic-tara-smestaj-sekulic-14-600x1000.jpg","width":600,"height":1000,"mime-type":"image\/jpeg","filesize":94425,"url":"https:\/\/tara.rs\/wp-content\/uploads\/2024\/08\/vila-dimitrijevic-tara-smestaj-sekulic-14-600x1000.jpg"},"post-featured-image":{"file":"vila-dimitrijevic-tara-smestaj-sekulic-14-750x720.jpg","width":750,"height":720,"mime-type":"image\/jpeg","filesize":80718,"url":"https:\/\/tara.rs\/wp-content\/uploads\/2024\/08\/vila-dimitrijevic-tara-smestaj-sekulic-14-750x720.jpg"}},"image_meta":{"aperture":"0","credit":"","camera":"","caption":"","created_timestamp":"0","copyright":"","focal_length":"0","iso":"0","shutter_speed":"0","title":"","orientation":"0","keywords":[]},"ID":"83310","name":"vila-dimitrijevic-tara-smestaj-sekulic-14.jpg","path":"\/home\/tarars\/public_html\/wp-content\/uploads\/2024\/08\/vila-dimitrijevic-tara-smestaj-sekulic-14.jpg","url":"https:\/\/tara.rs\/wp-content\/uploads\/2024\/08\/vila-dimitrijevic-tara-smestaj-sekulic-14-150x150.jpg","full_url":"https:\/\/tara.rs\/wp-content\/uploads\/2024\/08\/vila-dimitrijevic-tara-smestaj-sekulic-14.jpg","title":"vila-dimitrijevi\u0107-tara-sme\u0161taj-sekuli\u0107-14","caption":"","description":"","alt":"","srcset":"https:\/\/tara.rs\/wp-content\/uploads\/2024\/08\/vila-dimitrijevic-tara-smestaj-sekulic-14-150x150.jpg 150w, https:\/\/tara.rs\/wp-content\/uploads\/2024\/08\/vila-dimitrijevic-tara-smestaj-sekulic-14-210x210.jpg 210w"},{"width":150,"height":150,"file":"2024\/08\/vila-dimitrijevic-tara-smestaj-sekulic-15.jpg","filesize":219973,"sizes":{"medium":{"file":"vila-dimitrijevic-tara-smestaj-sekulic-15-225x300.jpg","width":225,"height":300,"mime-type":"image\/jpeg","filesize":15464,"url":"https:\/\/tara.rs\/wp-content\/uploads\/2024\/08\/vila-dimitrijevic-tara-smestaj-sekulic-15-225x300.jpg"},"thumbnail":{"file":"vila-dimitrijevic-tara-smestaj-sekulic-15-150x150.jpg","width":150,"height":150,"mime-type":"image\/jpeg","filesize":6230,"url":"https:\/\/tara.rs\/wp-content\/uploads\/2024\/08\/vila-dimitrijevic-tara-smestaj-sekulic-15-150x150.jpg"},"post-thumbnail":{"file":"vila-dimitrijevic-tara-smestaj-sekulic-15-113x150.jpg","width":113,"height":150,"mime-type":"image\/jpeg","filesize":5411,"url":"https:\/\/tara.rs\/wp-content\/uploads\/2024\/08\/vila-dimitrijevic-tara-smestaj-sekulic-15-113x150.jpg"},"modern-property-child-slider":{"file":"vila-dimitrijevic-tara-smestaj-sekulic-15-680x510.jpg","width":680,"height":510,"mime-type":"image\/jpeg","filesize":50361,"url":"https:\/\/tara.rs\/wp-content\/uploads\/2024\/08\/vila-dimitrijevic-tara-smestaj-sekulic-15-680x510.jpg"},"property-thumb-image":{"file":"vila-dimitrijevic-tara-smestaj-sekulic-15-488x326.jpg","width":488,"height":326,"mime-type":"image\/jpeg","filesize":27246,"url":"https:\/\/tara.rs\/wp-content\/uploads\/2024\/08\/vila-dimitrijevic-tara-smestaj-sekulic-15-488x326.jpg"},"property-detail-video-image":{"file":"vila-dimitrijevic-tara-smestaj-sekulic-15-750x417.jpg","width":750,"height":417,"mime-type":"image\/jpeg","filesize":52620,"url":"https:\/\/tara.rs\/wp-content\/uploads\/2024\/08\/vila-dimitrijevic-tara-smestaj-sekulic-15-750x417.jpg"},"agent-image":{"file":"vila-dimitrijevic-tara-smestaj-sekulic-15-210x210.jpg","width":210,"height":210,"mime-type":"image\/jpeg","filesize":10540,"url":"https:\/\/tara.rs\/wp-content\/uploads\/2024\/08\/vila-dimitrijevic-tara-smestaj-sekulic-15-210x210.jpg"},"partners-logo":{"file":"vila-dimitrijevic-tara-smestaj-sekulic-15-600x1000.jpg","width":600,"height":1000,"mime-type":"image\/jpeg","filesize":95143,"url":"https:\/\/tara.rs\/wp-content\/uploads\/2024\/08\/vila-dimitrijevic-tara-smestaj-sekulic-15-600x1000.jpg"},"post-featured-image":{"file":"vila-dimitrijevic-tara-smestaj-sekulic-15-750x720.jpg","width":750,"height":720,"mime-type":"image\/jpeg","filesize":84287,"url":"https:\/\/tara.rs\/wp-content\/uploads\/2024\/08\/vila-dimitrijevic-tara-smestaj-sekulic-15-750x720.jpg"}},"image_meta":{"aperture":"0","credit":"","camera":"","caption":"","created_timestamp":"0","copyright":"","focal_length":"0","iso":"0","shutter_speed":"0","title":"","orientation":"0","keywords":[]},"ID":"83311","name":"vila-dimitrijevic-tara-smestaj-sekulic-15.jpg","path":"\/home\/tarars\/public_html\/wp-content\/uploads\/2024\/08\/vila-dimitrijevic-tara-smestaj-sekulic-15.jpg","url":"https:\/\/tara.rs\/wp-content\/uploads\/2024\/08\/vila-dimitrijevic-tara-smestaj-sekulic-15-150x150.jpg","full_url":"https:\/\/tara.rs\/wp-content\/uploads\/2024\/08\/vila-dimitrijevic-tara-smestaj-sekulic-15.jpg","title":"vila-dimitrijevi\u0107-tara-sme\u0161taj-sekuli\u0107-15","caption":"","description":"","alt":"","srcset":"https:\/\/tara.rs\/wp-content\/uploads\/2024\/08\/vila-dimitrijevic-tara-smestaj-sekulic-15-150x150.jpg 150w, https:\/\/tara.rs\/wp-content\/uploads\/2024\/08\/vila-dimitrijevic-tara-smestaj-sekulic-15-210x210.jpg 210w"},{"width":150,"height":150,"file":"2024\/08\/vila-dimitrijevic-tara-smestaj-sekulic-16.jpg","filesize":195035,"sizes":{"medium":{"file":"vila-dimitrijevic-tara-smestaj-sekulic-16-225x300.jpg","width":225,"height":300,"mime-type":"image\/jpeg","filesize":13749,"url":"https:\/\/tara.rs\/wp-content\/uploads\/2024\/08\/vila-dimitrijevic-tara-smestaj-sekulic-16-225x300.jpg"},"thumbnail":{"file":"vila-dimitrijevic-tara-smestaj-sekulic-16-150x150.jpg","width":150,"height":150,"mime-type":"image\/jpeg","filesize":5512,"url":"https:\/\/tara.rs\/wp-content\/uploads\/2024\/08\/vila-dimitrijevic-tara-smestaj-sekulic-16-150x150.jpg"},"post-thumbnail":{"file":"vila-dimitrijevic-tara-smestaj-sekulic-16-113x150.jpg","width":113,"height":150,"mime-type":"image\/jpeg","filesize":4890,"url":"https:\/\/tara.rs\/wp-content\/uploads\/2024\/08\/vila-dimitrijevic-tara-smestaj-sekulic-16-113x150.jpg"},"modern-property-child-slider":{"file":"vila-dimitrijevic-tara-smestaj-sekulic-16-680x510.jpg","width":680,"height":510,"mime-type":"image\/jpeg","filesize":45035,"url":"https:\/\/tara.rs\/wp-content\/uploads\/2024\/08\/vila-dimitrijevic-tara-smestaj-sekulic-16-680x510.jpg"},"property-thumb-image":{"file":"vila-dimitrijevic-tara-smestaj-sekulic-16-488x326.jpg","width":488,"height":326,"mime-type":"image\/jpeg","filesize":23678,"url":"https:\/\/tara.rs\/wp-content\/uploads\/2024\/08\/vila-dimitrijevic-tara-smestaj-sekulic-16-488x326.jpg"},"property-detail-video-image":{"file":"vila-dimitrijevic-tara-smestaj-sekulic-16-750x417.jpg","width":750,"height":417,"mime-type":"image\/jpeg","filesize":44758,"url":"https:\/\/tara.rs\/wp-content\/uploads\/2024\/08\/vila-dimitrijevic-tara-smestaj-sekulic-16-750x417.jpg"},"agent-image":{"file":"vila-dimitrijevic-tara-smestaj-sekulic-16-210x210.jpg","width":210,"height":210,"mime-type":"image\/jpeg","filesize":9248,"url":"https:\/\/tara.rs\/wp-content\/uploads\/2024\/08\/vila-dimitrijevic-tara-smestaj-sekulic-16-210x210.jpg"},"partners-logo":{"file":"vila-dimitrijevic-tara-smestaj-sekulic-16-600x1000.jpg","width":600,"height":1000,"mime-type":"image\/jpeg","filesize":85136,"url":"https:\/\/tara.rs\/wp-content\/uploads\/2024\/08\/vila-dimitrijevic-tara-smestaj-sekulic-16-600x1000.jpg"},"post-featured-image":{"file":"vila-dimitrijevic-tara-smestaj-sekulic-16-750x720.jpg","width":750,"height":720,"mime-type":"image\/jpeg","filesize":74883,"url":"https:\/\/tara.rs\/wp-content\/uploads\/2024\/08\/vila-dimitrijevic-tara-smestaj-sekulic-16-750x720.jpg"}},"image_meta":{"aperture":"0","credit":"","camera":"","caption":"","created_timestamp":"0","copyright":"","focal_length":"0","iso":"0","shutter_speed":"0","title":"","orientation":"0","keywords":[]},"ID":"83312","name":"vila-dimitrijevic-tara-smestaj-sekulic-16.jpg","path":"\/home\/tarars\/public_html\/wp-content\/uploads\/2024\/08\/vila-dimitrijevic-tara-smestaj-sekulic-16.jpg","url":"https:\/\/tara.rs\/wp-content\/uploads\/2024\/08\/vila-dimitrijevic-tara-smestaj-sekulic-16-150x150.jpg","full_url":"https:\/\/tara.rs\/wp-content\/uploads\/2024\/08\/vila-dimitrijevic-tara-smestaj-sekulic-16.jpg","title":"vila-dimitrijevi\u0107-tara-sme\u0161taj-sekuli\u0107-16","caption":"","description":"","alt":"","srcset":"https:\/\/tara.rs\/wp-content\/uploads\/2024\/08\/vila-dimitrijevic-tara-smestaj-sekulic-16-150x150.jpg 150w, https:\/\/tara.rs\/wp-content\/uploads\/2024\/08\/vila-dimitrijevic-tara-smestaj-sekulic-16-210x210.jpg 210w"},{"width":150,"height":150,"file":"2024\/08\/vila-dimitrijevic-tara-smestaj-sekulic-5.jpg","filesize":292653,"sizes":{"medium":{"file":"vila-dimitrijevic-tara-smestaj-sekulic-5-225x300.jpg","width":225,"height":300,"mime-type":"image\/jpeg","filesize":16382,"url":"https:\/\/tara.rs\/wp-content\/uploads\/2024\/08\/vila-dimitrijevic-tara-smestaj-sekulic-5-225x300.jpg"},"thumbnail":{"file":"vila-dimitrijevic-tara-smestaj-sekulic-5-150x150.jpg","width":150,"height":150,"mime-type":"image\/jpeg","filesize":6522,"url":"https:\/\/tara.rs\/wp-content\/uploads\/2024\/08\/vila-dimitrijevic-tara-smestaj-sekulic-5-150x150.jpg"},"post-thumbnail":{"file":"vila-dimitrijevic-tara-smestaj-sekulic-5-113x150.jpg","width":113,"height":150,"mime-type":"image\/jpeg","filesize":5091,"url":"https:\/\/tara.rs\/wp-content\/uploads\/2024\/08\/vila-dimitrijevic-tara-smestaj-sekulic-5-113x150.jpg"},"modern-property-child-slider":{"file":"vila-dimitrijevic-tara-smestaj-sekulic-5-680x510.jpg","width":680,"height":510,"mime-type":"image\/jpeg","filesize":80881,"url":"https:\/\/tara.rs\/wp-content\/uploads\/2024\/08\/vila-dimitrijevic-tara-smestaj-sekulic-5-680x510.jpg"},"property-thumb-image":{"file":"vila-dimitrijevic-tara-smestaj-sekulic-5-488x326.jpg","width":488,"height":326,"mime-type":"image\/jpeg","filesize":41757,"url":"https:\/\/tara.rs\/wp-content\/uploads\/2024\/08\/vila-dimitrijevic-tara-smestaj-sekulic-5-488x326.jpg"},"property-detail-video-image":{"file":"vila-dimitrijevic-tara-smestaj-sekulic-5-750x417.jpg","width":750,"height":417,"mime-type":"image\/jpeg","filesize":91904,"url":"https:\/\/tara.rs\/wp-content\/uploads\/2024\/08\/vila-dimitrijevic-tara-smestaj-sekulic-5-750x417.jpg"},"agent-image":{"file":"vila-dimitrijevic-tara-smestaj-sekulic-5-210x210.jpg","width":210,"height":210,"mime-type":"image\/jpeg","filesize":11691,"url":"https:\/\/tara.rs\/wp-content\/uploads\/2024\/08\/vila-dimitrijevic-tara-smestaj-sekulic-5-210x210.jpg"},"partners-logo":{"file":"vila-dimitrijevic-tara-smestaj-sekulic-5-600x1000.jpg","width":600,"height":1000,"mime-type":"image\/jpeg","filesize":137877,"url":"https:\/\/tara.rs\/wp-content\/uploads\/2024\/08\/vila-dimitrijevic-tara-smestaj-sekulic-5-600x1000.jpg"},"post-featured-image":{"file":"vila-dimitrijevic-tara-smestaj-sekulic-5-750x720.jpg","width":750,"height":720,"mime-type":"image\/jpeg","filesize":127715,"url":"https:\/\/tara.rs\/wp-content\/uploads\/2024\/08\/vila-dimitrijevic-tara-smestaj-sekulic-5-750x720.jpg"}},"image_meta":{"aperture":"0","credit":"","camera":"","caption":"","created_timestamp":"0","copyright":"","focal_length":"0","iso":"0","shutter_speed":"0","title":"","orientation":"0","keywords":[]},"ID":"83301","name":"vila-dimitrijevic-tara-smestaj-sekulic-5.jpg","path":"\/home\/tarars\/public_html\/wp-content\/uploads\/2024\/08\/vila-dimitrijevic-tara-smestaj-sekulic-5.jpg","url":"https:\/\/tara.rs\/wp-content\/uploads\/2024\/08\/vila-dimitrijevic-tara-smestaj-sekulic-5-150x150.jpg","full_url":"https:\/\/tara.rs\/wp-content\/uploads\/2024\/08\/vila-dimitrijevic-tara-smestaj-sekulic-5.jpg","title":"vila-dimitrijevi\u0107-tara-sme\u0161taj-sekuli\u0107-5","caption":"","description":"","alt":"","srcset":"https:\/\/tara.rs\/wp-content\/uploads\/2024\/08\/vila-dimitrijevic-tara-smestaj-sekulic-5-150x150.jpg 150w, https:\/\/tara.rs\/wp-content\/uploads\/2024\/08\/vila-dimitrijevic-tara-smestaj-sekulic-5-210x210.jpg 210w"},{"width":150,"height":150,"file":"2024\/08\/vila-dimitrijevic-tara-smestaj-sekulic-6.jpg","filesize":214557,"sizes":{"medium":{"file":"vila-dimitrijevic-tara-smestaj-sekulic-6-225x300.jpg","width":225,"height":300,"mime-type":"image\/jpeg","filesize":14903,"url":"https:\/\/tara.rs\/wp-content\/uploads\/2024\/08\/vila-dimitrijevic-tara-smestaj-sekulic-6-225x300.jpg"},"thumbnail":{"file":"vila-dimitrijevic-tara-smestaj-sekulic-6-150x150.jpg","width":150,"height":150,"mime-type":"image\/jpeg","filesize":6624,"url":"https:\/\/tara.rs\/wp-content\/uploads\/2024\/08\/vila-dimitrijevic-tara-smestaj-sekulic-6-150x150.jpg"},"post-thumbnail":{"file":"vila-dimitrijevic-tara-smestaj-sekulic-6-113x150.jpg","width":113,"height":150,"mime-type":"image\/jpeg","filesize":5192,"url":"https:\/\/tara.rs\/wp-content\/uploads\/2024\/08\/vila-dimitrijevic-tara-smestaj-sekulic-6-113x150.jpg"},"modern-property-child-slider":{"file":"vila-dimitrijevic-tara-smestaj-sekulic-6-680x510.jpg","width":680,"height":510,"mime-type":"image\/jpeg","filesize":56414,"url":"https:\/\/tara.rs\/wp-content\/uploads\/2024\/08\/vila-dimitrijevic-tara-smestaj-sekulic-6-680x510.jpg"},"property-thumb-image":{"file":"vila-dimitrijevic-tara-smestaj-sekulic-6-488x326.jpg","width":488,"height":326,"mime-type":"image\/jpeg","filesize":31315,"url":"https:\/\/tara.rs\/wp-content\/uploads\/2024\/08\/vila-dimitrijevic-tara-smestaj-sekulic-6-488x326.jpg"},"property-detail-video-image":{"file":"vila-dimitrijevic-tara-smestaj-sekulic-6-750x417.jpg","width":750,"height":417,"mime-type":"image\/jpeg","filesize":59449,"url":"https:\/\/tara.rs\/wp-content\/uploads\/2024\/08\/vila-dimitrijevic-tara-smestaj-sekulic-6-750x417.jpg"},"agent-image":{"file":"vila-dimitrijevic-tara-smestaj-sekulic-6-210x210.jpg","width":210,"height":210,"mime-type":"image\/jpeg","filesize":11100,"url":"https:\/\/tara.rs\/wp-content\/uploads\/2024\/08\/vila-dimitrijevic-tara-smestaj-sekulic-6-210x210.jpg"},"partners-logo":{"file":"vila-dimitrijevic-tara-smestaj-sekulic-6-600x1000.jpg","width":600,"height":1000,"mime-type":"image\/jpeg","filesize":93841,"url":"https:\/\/tara.rs\/wp-content\/uploads\/2024\/08\/vila-dimitrijevic-tara-smestaj-sekulic-6-600x1000.jpg"},"post-featured-image":{"file":"vila-dimitrijevic-tara-smestaj-sekulic-6-750x720.jpg","width":750,"height":720,"mime-type":"image\/jpeg","filesize":85681,"url":"https:\/\/tara.rs\/wp-content\/uploads\/2024\/08\/vila-dimitrijevic-tara-smestaj-sekulic-6-750x720.jpg"}},"image_meta":{"aperture":"0","credit":"","camera":"","caption":"","created_timestamp":"0","copyright":"","focal_length":"0","iso":"0","shutter_speed":"0","title":"","orientation":"0","keywords":[]},"ID":"83302","name":"vila-dimitrijevic-tara-smestaj-sekulic-6.jpg","path":"\/home\/tarars\/public_html\/wp-content\/uploads\/2024\/08\/vila-dimitrijevic-tara-smestaj-sekulic-6.jpg","url":"https:\/\/tara.rs\/wp-content\/uploads\/2024\/08\/vila-dimitrijevic-tara-smestaj-sekulic-6-150x150.jpg","full_url":"https:\/\/tara.rs\/wp-content\/uploads\/2024\/08\/vila-dimitrijevic-tara-smestaj-sekulic-6.jpg","title":"vila-dimitrijevi\u0107-tara-sme\u0161taj-sekuli\u0107-6","caption":"","description":"","alt":"","srcset":"https:\/\/tara.rs\/wp-content\/uploads\/2024\/08\/vila-dimitrijevic-tara-smestaj-sekulic-6-150x150.jpg 150w, https:\/\/tara.rs\/wp-content\/uploads\/2024\/08\/vila-dimitrijevic-tara-smestaj-sekulic-6-210x210.jpg 210w"},{"width":150,"height":150,"file":"2024\/08\/vila-dimitrijevic-tara-smestaj-sekulic-7.jpg","filesize":286846,"sizes":{"medium":{"file":"vila-dimitrijevic-tara-smestaj-sekulic-7-225x300.jpg","width":225,"height":300,"mime-type":"image\/jpeg","filesize":21994,"url":"https:\/\/tara.rs\/wp-content\/uploads\/2024\/08\/vila-dimitrijevic-tara-smestaj-sekulic-7-225x300.jpg"},"thumbnail":{"file":"vila-dimitrijevic-tara-smestaj-sekulic-7-150x150.jpg","width":150,"height":150,"mime-type":"image\/jpeg","filesize":8818,"url":"https:\/\/tara.rs\/wp-content\/uploads\/2024\/08\/vila-dimitrijevic-tara-smestaj-sekulic-7-150x150.jpg"},"post-thumbnail":{"file":"vila-dimitrijevic-tara-smestaj-sekulic-7-113x150.jpg","width":113,"height":150,"mime-type":"image\/jpeg","filesize":7353,"url":"https:\/\/tara.rs\/wp-content\/uploads\/2024\/08\/vila-dimitrijevic-tara-smestaj-sekulic-7-113x150.jpg"},"modern-property-child-slider":{"file":"vila-dimitrijevic-tara-smestaj-sekulic-7-680x510.jpg","width":680,"height":510,"mime-type":"image\/jpeg","filesize":77109,"url":"https:\/\/tara.rs\/wp-content\/uploads\/2024\/08\/vila-dimitrijevic-tara-smestaj-sekulic-7-680x510.jpg"},"property-thumb-image":{"file":"vila-dimitrijevic-tara-smestaj-sekulic-7-488x326.jpg","width":488,"height":326,"mime-type":"image\/jpeg","filesize":41004,"url":"https:\/\/tara.rs\/wp-content\/uploads\/2024\/08\/vila-dimitrijevic-tara-smestaj-sekulic-7-488x326.jpg"},"property-detail-video-image":{"file":"vila-dimitrijevic-tara-smestaj-sekulic-7-750x417.jpg","width":750,"height":417,"mime-type":"image\/jpeg","filesize":73600,"url":"https:\/\/tara.rs\/wp-content\/uploads\/2024\/08\/vila-dimitrijevic-tara-smestaj-sekulic-7-750x417.jpg"},"agent-image":{"file":"vila-dimitrijevic-tara-smestaj-sekulic-7-210x210.jpg","width":210,"height":210,"mime-type":"image\/jpeg","filesize":15117,"url":"https:\/\/tara.rs\/wp-content\/uploads\/2024\/08\/vila-dimitrijevic-tara-smestaj-sekulic-7-210x210.jpg"},"partners-logo":{"file":"vila-dimitrijevic-tara-smestaj-sekulic-7-600x1000.jpg","width":600,"height":1000,"mime-type":"image\/jpeg","filesize":130609,"url":"https:\/\/tara.rs\/wp-content\/uploads\/2024\/08\/vila-dimitrijevic-tara-smestaj-sekulic-7-600x1000.jpg"},"post-featured-image":{"file":"vila-dimitrijevic-tara-smestaj-sekulic-7-750x720.jpg","width":750,"height":720,"mime-type":"image\/jpeg","filesize":124518,"url":"https:\/\/tara.rs\/wp-content\/uploads\/2024\/08\/vila-dimitrijevic-tara-smestaj-sekulic-7-750x720.jpg"}},"image_meta":{"aperture":"0","credit":"","camera":"","caption":"","created_timestamp":"0","copyright":"","focal_length":"0","iso":"0","shutter_speed":"0","title":"","orientation":"0","keywords":[]},"ID":"83303","name":"vila-dimitrijevic-tara-smestaj-sekulic-7.jpg","path":"\/home\/tarars\/public_html\/wp-content\/uploads\/2024\/08\/vila-dimitrijevic-tara-smestaj-sekulic-7.jpg","url":"https:\/\/tara.rs\/wp-content\/uploads\/2024\/08\/vila-dimitrijevic-tara-smestaj-sekulic-7-150x150.jpg","full_url":"https:\/\/tara.rs\/wp-content\/uploads\/2024\/08\/vila-dimitrijevic-tara-smestaj-sekulic-7.jpg","title":"vila-dimitrijevi\u0107-tara-sme\u0161taj-sekuli\u0107-7","caption":"","description":"","alt":"","srcset":"https:\/\/tara.rs\/wp-content\/uploads\/2024\/08\/vila-dimitrijevic-tara-smestaj-sekulic-7-150x150.jpg 150w, https:\/\/tara.rs\/wp-content\/uploads\/2024\/08\/vila-dimitrijevic-tara-smestaj-sekulic-7-210x210.jpg 210w"},{"width":150,"height":150,"file":"2024\/08\/vila-dimitrijevic-tara-smestaj-sekulic-2.jpg","filesize":289746,"sizes":{"medium":{"file":"vila-dimitrijevic-tara-smestaj-sekulic-2-225x300.jpg","width":225,"height":300,"mime-type":"image\/jpeg","filesize":19012,"url":"https:\/\/tara.rs\/wp-content\/uploads\/2024\/08\/vila-dimitrijevic-tara-smestaj-sekulic-2-225x300.jpg"},"thumbnail":{"file":"vila-dimitrijevic-tara-smestaj-sekulic-2-150x150.jpg","width":150,"height":150,"mime-type":"image\/jpeg","filesize":7386,"url":"https:\/\/tara.rs\/wp-content\/uploads\/2024\/08\/vila-dimitrijevic-tara-smestaj-sekulic-2-150x150.jpg"},"post-thumbnail":{"file":"vila-dimitrijevic-tara-smestaj-sekulic-2-113x150.jpg","width":113,"height":150,"mime-type":"image\/jpeg","filesize":6006,"url":"https:\/\/tara.rs\/wp-content\/uploads\/2024\/08\/vila-dimitrijevic-tara-smestaj-sekulic-2-113x150.jpg"},"modern-property-child-slider":{"file":"vila-dimitrijevic-tara-smestaj-sekulic-2-680x510.jpg","width":680,"height":510,"mime-type":"image\/jpeg","filesize":77966,"url":"https:\/\/tara.rs\/wp-content\/uploads\/2024\/08\/vila-dimitrijevic-tara-smestaj-sekulic-2-680x510.jpg"},"property-thumb-image":{"file":"vila-dimitrijevic-tara-smestaj-sekulic-2-488x326.jpg","width":488,"height":326,"mime-type":"image\/jpeg","filesize":39031,"url":"https:\/\/tara.rs\/wp-content\/uploads\/2024\/08\/vila-dimitrijevic-tara-smestaj-sekulic-2-488x326.jpg"},"property-detail-video-image":{"file":"vila-dimitrijevic-tara-smestaj-sekulic-2-750x417.jpg","width":750,"height":417,"mime-type":"image\/jpeg","filesize":79095,"url":"https:\/\/tara.rs\/wp-content\/uploads\/2024\/08\/vila-dimitrijevic-tara-smestaj-sekulic-2-750x417.jpg"},"agent-image":{"file":"vila-dimitrijevic-tara-smestaj-sekulic-2-210x210.jpg","width":210,"height":210,"mime-type":"image\/jpeg","filesize":13084,"url":"https:\/\/tara.rs\/wp-content\/uploads\/2024\/08\/vila-dimitrijevic-tara-smestaj-sekulic-2-210x210.jpg"},"partners-logo":{"file":"vila-dimitrijevic-tara-smestaj-sekulic-2-600x1000.jpg","width":600,"height":1000,"mime-type":"image\/jpeg","filesize":159957,"url":"https:\/\/tara.rs\/wp-content\/uploads\/2024\/08\/vila-dimitrijevic-tara-smestaj-sekulic-2-600x1000.jpg"},"post-featured-image":{"file":"vila-dimitrijevic-tara-smestaj-sekulic-2-750x720.jpg","width":750,"height":720,"mime-type":"image\/jpeg","filesize":139612,"url":"https:\/\/tara.rs\/wp-content\/uploads\/2024\/08\/vila-dimitrijevic-tara-smestaj-sekulic-2-750x720.jpg"}},"image_meta":{"aperture":"0","credit":"","camera":"","caption":"","created_timestamp":"0","copyright":"","focal_length":"0","iso":"0","shutter_speed":"0","title":"","orientation":"0","keywords":[]},"ID":"83298","name":"vila-dimitrijevic-tara-smestaj-sekulic-2.jpg","path":"\/home\/tarars\/public_html\/wp-content\/uploads\/2024\/08\/vila-dimitrijevic-tara-smestaj-sekulic-2.jpg","url":"https:\/\/tara.rs\/wp-content\/uploads\/2024\/08\/vila-dimitrijevic-tara-smestaj-sekulic-2-150x150.jpg","full_url":"https:\/\/tara.rs\/wp-content\/uploads\/2024\/08\/vila-dimitrijevic-tara-smestaj-sekulic-2.jpg","title":"vila-dimitrijevi\u0107-tara-sme\u0161taj-sekuli\u0107-2","caption":"","description":"","alt":"","srcset":"https:\/\/tara.rs\/wp-content\/uploads\/2024\/08\/vila-dimitrijevic-tara-smestaj-sekulic-2-150x150.jpg 150w, https:\/\/tara.rs\/wp-content\/uploads\/2024\/08\/vila-dimitrijevic-tara-smestaj-sekulic-2-210x210.jpg 210w"},{"width":150,"height":150,"file":"2024\/08\/vila-dimitrijevic-tara-smestaj-sekulic-10.jpg","filesize":306447,"sizes":{"medium":{"file":"vila-dimitrijevic-tara-smestaj-sekulic-10-300x225.jpg","width":300,"height":225,"mime-type":"image\/jpeg","filesize":18684,"url":"https:\/\/tara.rs\/wp-content\/uploads\/2024\/08\/vila-dimitrijevic-tara-smestaj-sekulic-10-300x225.jpg"},"thumbnail":{"file":"vila-dimitrijevic-tara-smestaj-sekulic-10-150x150.jpg","width":150,"height":150,"mime-type":"image\/jpeg","filesize":7057,"url":"https:\/\/tara.rs\/wp-content\/uploads\/2024\/08\/vila-dimitrijevic-tara-smestaj-sekulic-10-150x150.jpg"},"medium_large":{"file":"vila-dimitrijevic-tara-smestaj-sekulic-10-768x576.jpg","width":768,"height":576,"mime-type":"image\/jpeg","filesize":99226,"url":"https:\/\/tara.rs\/wp-content\/uploads\/2024\/08\/vila-dimitrijevic-tara-smestaj-sekulic-10-768x576.jpg"},"post-thumbnail":{"file":"vila-dimitrijevic-tara-smestaj-sekulic-10-150x113.jpg","width":150,"height":113,"mime-type":"image\/jpeg","filesize":5807,"url":"https:\/\/tara.rs\/wp-content\/uploads\/2024\/08\/vila-dimitrijevic-tara-smestaj-sekulic-10-150x113.jpg"},"modern-property-child-slider":{"file":"vila-dimitrijevic-tara-smestaj-sekulic-10-680x510.jpg","width":680,"height":510,"mime-type":"image\/jpeg","filesize":80346,"url":"https:\/\/tara.rs\/wp-content\/uploads\/2024\/08\/vila-dimitrijevic-tara-smestaj-sekulic-10-680x510.jpg"},"property-thumb-image":{"file":"vila-dimitrijevic-tara-smestaj-sekulic-10-488x326.jpg","width":488,"height":326,"mime-type":"image\/jpeg","filesize":39521,"url":"https:\/\/tara.rs\/wp-content\/uploads\/2024\/08\/vila-dimitrijevic-tara-smestaj-sekulic-10-488x326.jpg"},"property-detail-video-image":{"file":"vila-dimitrijevic-tara-smestaj-sekulic-10-818x417.jpg","width":818,"height":417,"mime-type":"image\/jpeg","filesize":77223,"url":"https:\/\/tara.rs\/wp-content\/uploads\/2024\/08\/vila-dimitrijevic-tara-smestaj-sekulic-10-818x417.jpg"},"agent-image":{"file":"vila-dimitrijevic-tara-smestaj-sekulic-10-210x210.jpg","width":210,"height":210,"mime-type":"image\/jpeg","filesize":12573,"url":"https:\/\/tara.rs\/wp-content\/uploads\/2024\/08\/vila-dimitrijevic-tara-smestaj-sekulic-10-210x210.jpg"},"partners-logo":{"file":"vila-dimitrijevic-tara-smestaj-sekulic-10-600x750.jpg","width":600,"height":750,"mime-type":"image\/jpeg","filesize":128577,"url":"https:\/\/tara.rs\/wp-content\/uploads\/2024\/08\/vila-dimitrijevic-tara-smestaj-sekulic-10-600x750.jpg"},"post-featured-image":{"file":"vila-dimitrijevic-tara-smestaj-sekulic-10-1000x720.jpg","width":1000,"height":720,"mime-type":"image\/jpeg","filesize":180156,"url":"https:\/\/tara.rs\/wp-content\/uploads\/2024\/08\/vila-dimitrijevic-tara-smestaj-sekulic-10-1000x720.jpg"}},"image_meta":{"aperture":"0","credit":"","camera":"","caption":"","created_timestamp":"0","copyright":"","focal_length":"0","iso":"0","shutter_speed":"0","title":"","orientation":"0","keywords":[]},"ID":"83306","name":"vila-dimitrijevic-tara-smestaj-sekulic-10.jpg","path":"\/home\/tarars\/public_html\/wp-content\/uploads\/2024\/08\/vila-dimitrijevic-tara-smestaj-sekulic-10.jpg","url":"https:\/\/tara.rs\/wp-content\/uploads\/2024\/08\/vila-dimitrijevic-tara-smestaj-sekulic-10-150x150.jpg","full_url":"https:\/\/tara.rs\/wp-content\/uploads\/2024\/08\/vila-dimitrijevic-tara-smestaj-sekulic-10.jpg","title":"vila-dimitrijevi\u0107-tara-sme\u0161taj-sekuli\u0107-10","caption":"","description":"","alt":"","srcset":"https:\/\/tara.rs\/wp-content\/uploads\/2024\/08\/vila-dimitrijevic-tara-smestaj-sekulic-10-150x150.jpg 150w, https:\/\/tara.rs\/wp-content\/uploads\/2024\/08\/vila-dimitrijevic-tara-smestaj-sekulic-10-210x210.jpg 210w"},{"width":150,"height":150,"file":"2024\/08\/vila-dimitrijevic-tara-smestaj-sekulic-9.jpg","filesize":274545,"sizes":{"medium":{"file":"vila-dimitrijevic-tara-smestaj-sekulic-9-225x300.jpg","width":225,"height":300,"mime-type":"image\/jpeg","filesize":18036,"url":"https:\/\/tara.rs\/wp-content\/uploads\/2024\/08\/vila-dimitrijevic-tara-smestaj-sekulic-9-225x300.jpg"},"thumbnail":{"file":"vila-dimitrijevic-tara-smestaj-sekulic-9-150x150.jpg","width":150,"height":150,"mime-type":"image\/jpeg","filesize":7356,"url":"https:\/\/tara.rs\/wp-content\/uploads\/2024\/08\/vila-dimitrijevic-tara-smestaj-sekulic-9-150x150.jpg"},"post-thumbnail":{"file":"vila-dimitrijevic-tara-smestaj-sekulic-9-113x150.jpg","width":113,"height":150,"mime-type":"image\/jpeg","filesize":6206,"url":"https:\/\/tara.rs\/wp-content\/uploads\/2024\/08\/vila-dimitrijevic-tara-smestaj-sekulic-9-113x150.jpg"},"modern-property-child-slider":{"file":"vila-dimitrijevic-tara-smestaj-sekulic-9-680x510.jpg","width":680,"height":510,"mime-type":"image\/jpeg","filesize":74143,"url":"https:\/\/tara.rs\/wp-content\/uploads\/2024\/08\/vila-dimitrijevic-tara-smestaj-sekulic-9-680x510.jpg"},"property-thumb-image":{"file":"vila-dimitrijevic-tara-smestaj-sekulic-9-488x326.jpg","width":488,"height":326,"mime-type":"image\/jpeg","filesize":37322,"url":"https:\/\/tara.rs\/wp-content\/uploads\/2024\/08\/vila-dimitrijevic-tara-smestaj-sekulic-9-488x326.jpg"},"property-detail-video-image":{"file":"vila-dimitrijevic-tara-smestaj-sekulic-9-750x417.jpg","width":750,"height":417,"mime-type":"image\/jpeg","filesize":79154,"url":"https:\/\/tara.rs\/wp-content\/uploads\/2024\/08\/vila-dimitrijevic-tara-smestaj-sekulic-9-750x417.jpg"},"agent-image":{"file":"vila-dimitrijevic-tara-smestaj-sekulic-9-210x210.jpg","width":210,"height":210,"mime-type":"image\/jpeg","filesize":12700,"url":"https:\/\/tara.rs\/wp-content\/uploads\/2024\/08\/vila-dimitrijevic-tara-smestaj-sekulic-9-210x210.jpg"},"partners-logo":{"file":"vila-dimitrijevic-tara-smestaj-sekulic-9-600x1000.jpg","width":600,"height":1000,"mime-type":"image\/jpeg","filesize":128183,"url":"https:\/\/tara.rs\/wp-content\/uploads\/2024\/08\/vila-dimitrijevic-tara-smestaj-sekulic-9-600x1000.jpg"},"post-featured-image":{"file":"vila-dimitrijevic-tara-smestaj-sekulic-9-750x720.jpg","width":750,"height":720,"mime-type":"image\/jpeg","filesize":127026,"url":"https:\/\/tara.rs\/wp-content\/uploads\/2024\/08\/vila-dimitrijevic-tara-smestaj-sekulic-9-750x720.jpg"}},"image_meta":{"aperture":"0","credit":"","camera":"","caption":"","created_timestamp":"0","copyright":"","focal_length":"0","iso":"0","shutter_speed":"0","title":"","orientation":"0","keywords":[]},"ID":"83305","name":"vila-dimitrijevic-tara-smestaj-sekulic-9.jpg","path":"\/home\/tarars\/public_html\/wp-content\/uploads\/2024\/08\/vila-dimitrijevic-tara-smestaj-sekulic-9.jpg","url":"https:\/\/tara.rs\/wp-content\/uploads\/2024\/08\/vila-dimitrijevic-tara-smestaj-sekulic-9-150x150.jpg","full_url":"https:\/\/tara.rs\/wp-content\/uploads\/2024\/08\/vila-dimitrijevic-tara-smestaj-sekulic-9.jpg","title":"vila-dimitrijevi\u0107-tara-sme\u0161taj-sekuli\u0107-9","caption":"","description":"","alt":"","srcset":"https:\/\/tara.rs\/wp-content\/uploads\/2024\/08\/vila-dimitrijevic-tara-smestaj-sekulic-9-150x150.jpg 150w, https:\/\/tara.rs\/wp-content\/uploads\/2024\/08\/vila-dimitrijevic-tara-smestaj-sekulic-9-210x210.jpg 210w"},{"width":150,"height":150,"file":"2024\/08\/vila-dimitrijevic-tara-smestaj-sekulic-13.jpg","filesize":286719,"sizes":{"medium":{"file":"vila-dimitrijevic-tara-smestaj-sekulic-13-225x300.jpg","width":225,"height":300,"mime-type":"image\/jpeg","filesize":18227,"url":"https:\/\/tara.rs\/wp-content\/uploads\/2024\/08\/vila-dimitrijevic-tara-smestaj-sekulic-13-225x300.jpg"},"thumbnail":{"file":"vila-dimitrijevic-tara-smestaj-sekulic-13-150x150.jpg","width":150,"height":150,"mime-type":"image\/jpeg","filesize":7896,"url":"https:\/\/tara.rs\/wp-content\/uploads\/2024\/08\/vila-dimitrijevic-tara-smestaj-sekulic-13-150x150.jpg"},"post-thumbnail":{"file":"vila-dimitrijevic-tara-smestaj-sekulic-13-113x150.jpg","width":113,"height":150,"mime-type":"image\/jpeg","filesize":5912,"url":"https:\/\/tara.rs\/wp-content\/uploads\/2024\/08\/vila-dimitrijevic-tara-smestaj-sekulic-13-113x150.jpg"},"modern-property-child-slider":{"file":"vila-dimitrijevic-tara-smestaj-sekulic-13-680x510.jpg","width":680,"height":510,"mime-type":"image\/jpeg","filesize":78441,"url":"https:\/\/tara.rs\/wp-content\/uploads\/2024\/08\/vila-dimitrijevic-tara-smestaj-sekulic-13-680x510.jpg"},"property-thumb-image":{"file":"vila-dimitrijevic-tara-smestaj-sekulic-13-488x326.jpg","width":488,"height":326,"mime-type":"image\/jpeg","filesize":40580,"url":"https:\/\/tara.rs\/wp-content\/uploads\/2024\/08\/vila-dimitrijevic-tara-smestaj-sekulic-13-488x326.jpg"},"property-detail-video-image":{"file":"vila-dimitrijevic-tara-smestaj-sekulic-13-750x417.jpg","width":750,"height":417,"mime-type":"image\/jpeg","filesize":80140,"url":"https:\/\/tara.rs\/wp-content\/uploads\/2024\/08\/vila-dimitrijevic-tara-smestaj-sekulic-13-750x417.jpg"},"agent-image":{"file":"vila-dimitrijevic-tara-smestaj-sekulic-13-210x210.jpg","width":210,"height":210,"mime-type":"image\/jpeg","filesize":13630,"url":"https:\/\/tara.rs\/wp-content\/uploads\/2024\/08\/vila-dimitrijevic-tara-smestaj-sekulic-13-210x210.jpg"},"partners-logo":{"file":"vila-dimitrijevic-tara-smestaj-sekulic-13-600x1000.jpg","width":600,"height":1000,"mime-type":"image\/jpeg","filesize":137011,"url":"https:\/\/tara.rs\/wp-content\/uploads\/2024\/08\/vila-dimitrijevic-tara-smestaj-sekulic-13-600x1000.jpg"},"post-featured-image":{"file":"vila-dimitrijevic-tara-smestaj-sekulic-13-750x720.jpg","width":750,"height":720,"mime-type":"image\/jpeg","filesize":129685,"url":"https:\/\/tara.rs\/wp-content\/uploads\/2024\/08\/vila-dimitrijevic-tara-smestaj-sekulic-13-750x720.jpg"}},"image_meta":{"aperture":"0","credit":"","camera":"","caption":"","created_timestamp":"0","copyright":"","focal_length":"0","iso":"0","shutter_speed":"0","title":"","orientation":"0","keywords":[]},"ID":"83309","name":"vila-dimitrijevic-tara-smestaj-sekulic-13.jpg","path":"\/home\/tarars\/public_html\/wp-content\/uploads\/2024\/08\/vila-dimitrijevic-tara-smestaj-sekulic-13.jpg","url":"https:\/\/tara.rs\/wp-content\/uploads\/2024\/08\/vila-dimitrijevic-tara-smestaj-sekulic-13-150x150.jpg","full_url":"https:\/\/tara.rs\/wp-content\/uploads\/2024\/08\/vila-dimitrijevic-tara-smestaj-sekulic-13.jpg","title":"vila-dimitrijevi\u0107-tara-sme\u0161taj-sekuli\u0107-13","caption":"","description":"","alt":"","srcset":"https:\/\/tara.rs\/wp-content\/uploads\/2024\/08\/vila-dimitrijevic-tara-smestaj-sekulic-13-150x150.jpg 150w, https:\/\/tara.rs\/wp-content\/uploads\/2024\/08\/vila-dimitrijevic-tara-smestaj-sekulic-13-210x210.jpg 210w"},{"width":150,"height":150,"file":"2024\/08\/vila-dimitrijevic-tara-smestaj-sekulic-17.jpg","filesize":274120,"sizes":{"medium":{"file":"vila-dimitrijevic-tara-smestaj-sekulic-17-300x225.jpg","width":300,"height":225,"mime-type":"image\/jpeg","filesize":18318,"url":"https:\/\/tara.rs\/wp-content\/uploads\/2024\/08\/vila-dimitrijevic-tara-smestaj-sekulic-17-300x225.jpg"},"thumbnail":{"file":"vila-dimitrijevic-tara-smestaj-sekulic-17-150x150.jpg","width":150,"height":150,"mime-type":"image\/jpeg","filesize":7375,"url":"https:\/\/tara.rs\/wp-content\/uploads\/2024\/08\/vila-dimitrijevic-tara-smestaj-sekulic-17-150x150.jpg"},"medium_large":{"file":"vila-dimitrijevic-tara-smestaj-sekulic-17-768x576.jpg","width":768,"height":576,"mime-type":"image\/jpeg","filesize":88367,"url":"https:\/\/tara.rs\/wp-content\/uploads\/2024\/08\/vila-dimitrijevic-tara-smestaj-sekulic-17-768x576.jpg"},"post-thumbnail":{"file":"vila-dimitrijevic-tara-smestaj-sekulic-17-150x113.jpg","width":150,"height":113,"mime-type":"image\/jpeg","filesize":6096,"url":"https:\/\/tara.rs\/wp-content\/uploads\/2024\/08\/vila-dimitrijevic-tara-smestaj-sekulic-17-150x113.jpg"},"modern-property-child-slider":{"file":"vila-dimitrijevic-tara-smestaj-sekulic-17-680x510.jpg","width":680,"height":510,"mime-type":"image\/jpeg","filesize":72204,"url":"https:\/\/tara.rs\/wp-content\/uploads\/2024\/08\/vila-dimitrijevic-tara-smestaj-sekulic-17-680x510.jpg"},"property-thumb-image":{"file":"vila-dimitrijevic-tara-smestaj-sekulic-17-488x326.jpg","width":488,"height":326,"mime-type":"image\/jpeg","filesize":37868,"url":"https:\/\/tara.rs\/wp-content\/uploads\/2024\/08\/vila-dimitrijevic-tara-smestaj-sekulic-17-488x326.jpg"},"property-detail-video-image":{"file":"vila-dimitrijevic-tara-smestaj-sekulic-17-818x417.jpg","width":818,"height":417,"mime-type":"image\/jpeg","filesize":72475,"url":"https:\/\/tara.rs\/wp-content\/uploads\/2024\/08\/vila-dimitrijevic-tara-smestaj-sekulic-17-818x417.jpg"},"agent-image":{"file":"vila-dimitrijevic-tara-smestaj-sekulic-17-210x210.jpg","width":210,"height":210,"mime-type":"image\/jpeg","filesize":12644,"url":"https:\/\/tara.rs\/wp-content\/uploads\/2024\/08\/vila-dimitrijevic-tara-smestaj-sekulic-17-210x210.jpg"},"partners-logo":{"file":"vila-dimitrijevic-tara-smestaj-sekulic-17-600x750.jpg","width":600,"height":750,"mime-type":"image\/jpeg","filesize":115359,"url":"https:\/\/tara.rs\/wp-content\/uploads\/2024\/08\/vila-dimitrijevic-tara-smestaj-sekulic-17-600x750.jpg"},"post-featured-image":{"file":"vila-dimitrijevic-tara-smestaj-sekulic-17-1000x720.jpg","width":1000,"height":720,"mime-type":"image\/jpeg","filesize":155544,"url":"https:\/\/tara.rs\/wp-content\/uploads\/2024\/08\/vila-dimitrijevic-tara-smestaj-sekulic-17-1000x720.jpg"}},"image_meta":{"aperture":"0","credit":"","camera":"","caption":"","created_timestamp":"0","copyright":"","focal_length":"0","iso":"0","shutter_speed":"0","title":"","orientation":"0","keywords":[]},"ID":"83313","name":"vila-dimitrijevic-tara-smestaj-sekulic-17.jpg","path":"\/home\/tarars\/public_html\/wp-content\/uploads\/2024\/08\/vila-dimitrijevic-tara-smestaj-sekulic-17.jpg","url":"https:\/\/tara.rs\/wp-content\/uploads\/2024\/08\/vila-dimitrijevic-tara-smestaj-sekulic-17-150x150.jpg","full_url":"https:\/\/tara.rs\/wp-content\/uploads\/2024\/08\/vila-dimitrijevic-tara-smestaj-sekulic-17.jpg","title":"vila-dimitrijevi\u0107-tara-sme\u0161taj-sekuli\u0107-17","caption":"","description":"","alt":"","srcset":"https:\/\/tara.rs\/wp-content\/uploads\/2024\/08\/vila-dimitrijevic-tara-smestaj-sekulic-17-150x150.jpg 150w, https:\/\/tara.rs\/wp-content\/uploads\/2024\/08\/vila-dimitrijevic-tara-smestaj-sekulic-17-210x210.jpg 210w"},{"width":150,"height":150,"file":"2024\/08\/vila-dimitrijevic-tara-smestaj-sekulic-18.jpg","filesize":256399,"sizes":{"medium":{"file":"vila-dimitrijevic-tara-smestaj-sekulic-18-300x225.jpg","width":300,"height":225,"mime-type":"image\/jpeg","filesize":17253,"url":"https:\/\/tara.rs\/wp-content\/uploads\/2024\/08\/vila-dimitrijevic-tara-smestaj-sekulic-18-300x225.jpg"},"thumbnail":{"file":"vila-dimitrijevic-tara-smestaj-sekulic-18-150x150.jpg","width":150,"height":150,"mime-type":"image\/jpeg","filesize":6417,"url":"https:\/\/tara.rs\/wp-content\/uploads\/2024\/08\/vila-dimitrijevic-tara-smestaj-sekulic-18-150x150.jpg"},"medium_large":{"file":"vila-dimitrijevic-tara-smestaj-sekulic-18-768x576.jpg","width":768,"height":576,"mime-type":"image\/jpeg","filesize":82588,"url":"https:\/\/tara.rs\/wp-content\/uploads\/2024\/08\/vila-dimitrijevic-tara-smestaj-sekulic-18-768x576.jpg"},"post-thumbnail":{"file":"vila-dimitrijevic-tara-smestaj-sekulic-18-150x113.jpg","width":150,"height":113,"mime-type":"image\/jpeg","filesize":5836,"url":"https:\/\/tara.rs\/wp-content\/uploads\/2024\/08\/vila-dimitrijevic-tara-smestaj-sekulic-18-150x113.jpg"},"modern-property-child-slider":{"file":"vila-dimitrijevic-tara-smestaj-sekulic-18-680x510.jpg","width":680,"height":510,"mime-type":"image\/jpeg","filesize":67685,"url":"https:\/\/tara.rs\/wp-content\/uploads\/2024\/08\/vila-dimitrijevic-tara-smestaj-sekulic-18-680x510.jpg"},"property-thumb-image":{"file":"vila-dimitrijevic-tara-smestaj-sekulic-18-488x326.jpg","width":488,"height":326,"mime-type":"image\/jpeg","filesize":35797,"url":"https:\/\/tara.rs\/wp-content\/uploads\/2024\/08\/vila-dimitrijevic-tara-smestaj-sekulic-18-488x326.jpg"},"property-detail-video-image":{"file":"vila-dimitrijevic-tara-smestaj-sekulic-18-818x417.jpg","width":818,"height":417,"mime-type":"image\/jpeg","filesize":69904,"url":"https:\/\/tara.rs\/wp-content\/uploads\/2024\/08\/vila-dimitrijevic-tara-smestaj-sekulic-18-818x417.jpg"},"agent-image":{"file":"vila-dimitrijevic-tara-smestaj-sekulic-18-210x210.jpg","width":210,"height":210,"mime-type":"image\/jpeg","filesize":11194,"url":"https:\/\/tara.rs\/wp-content\/uploads\/2024\/08\/vila-dimitrijevic-tara-smestaj-sekulic-18-210x210.jpg"},"partners-logo":{"file":"vila-dimitrijevic-tara-smestaj-sekulic-18-600x750.jpg","width":600,"height":750,"mime-type":"image\/jpeg","filesize":98632,"url":"https:\/\/tara.rs\/wp-content\/uploads\/2024\/08\/vila-dimitrijevic-tara-smestaj-sekulic-18-600x750.jpg"},"post-featured-image":{"file":"vila-dimitrijevic-tara-smestaj-sekulic-18-1000x720.jpg","width":1000,"height":720,"mime-type":"image\/jpeg","filesize":143127,"url":"https:\/\/tara.rs\/wp-content\/uploads\/2024\/08\/vila-dimitrijevic-tara-smestaj-sekulic-18-1000x720.jpg"}},"image_meta":{"aperture":"0","credit":"","camera":"","caption":"","created_timestamp":"0","copyright":"","focal_length":"0","iso":"0","shutter_speed":"0","title":"","orientation":"0","keywords":[]},"ID":"83314","name":"vila-dimitrijevic-tara-smestaj-sekulic-18.jpg","path":"\/home\/tarars\/public_html\/wp-content\/uploads\/2024\/08\/vila-dimitrijevic-tara-smestaj-sekulic-18.jpg","url":"https:\/\/tara.rs\/wp-content\/uploads\/2024\/08\/vila-dimitrijevic-tara-smestaj-sekulic-18-150x150.jpg","full_url":"https:\/\/tara.rs\/wp-content\/uploads\/2024\/08\/vila-dimitrijevic-tara-smestaj-sekulic-18.jpg","title":"vila-dimitrijevi\u0107-tara-sme\u0161taj-sekuli\u0107-18","caption":"","description":"","alt":"","srcset":"https:\/\/tara.rs\/wp-content\/uploads\/2024\/08\/vila-dimitrijevic-tara-smestaj-sekulic-18-150x150.jpg 150w, https:\/\/tara.rs\/wp-content\/uploads\/2024\/08\/vila-dimitrijevic-tara-smestaj-sekulic-18-210x210.jpg 210w"},{"width":150,"height":150,"file":"2024\/08\/vila-dimitrijevic-tara-smestaj-sekulic-19.jpg","filesize":251499,"sizes":{"medium":{"file":"vila-dimitrijevic-tara-smestaj-sekulic-19-300x225.jpg","width":300,"height":225,"mime-type":"image\/jpeg","filesize":17671,"url":"https:\/\/tara.rs\/wp-content\/uploads\/2024\/08\/vila-dimitrijevic-tara-smestaj-sekulic-19-300x225.jpg"},"thumbnail":{"file":"vila-dimitrijevic-tara-smestaj-sekulic-19-150x150.jpg","width":150,"height":150,"mime-type":"image\/jpeg","filesize":7329,"url":"https:\/\/tara.rs\/wp-content\/uploads\/2024\/08\/vila-dimitrijevic-tara-smestaj-sekulic-19-150x150.jpg"},"medium_large":{"file":"vila-dimitrijevic-tara-smestaj-sekulic-19-768x576.jpg","width":768,"height":576,"mime-type":"image\/jpeg","filesize":82273,"url":"https:\/\/tara.rs\/wp-content\/uploads\/2024\/08\/vila-dimitrijevic-tara-smestaj-sekulic-19-768x576.jpg"},"post-thumbnail":{"file":"vila-dimitrijevic-tara-smestaj-sekulic-19-150x113.jpg","width":150,"height":113,"mime-type":"image\/jpeg","filesize":5946,"url":"https:\/\/tara.rs\/wp-content\/uploads\/2024\/08\/vila-dimitrijevic-tara-smestaj-sekulic-19-150x113.jpg"},"modern-property-child-slider":{"file":"vila-dimitrijevic-tara-smestaj-sekulic-19-680x510.jpg","width":680,"height":510,"mime-type":"image\/jpeg","filesize":67433,"url":"https:\/\/tara.rs\/wp-content\/uploads\/2024\/08\/vila-dimitrijevic-tara-smestaj-sekulic-19-680x510.jpg"},"property-thumb-image":{"file":"vila-dimitrijevic-tara-smestaj-sekulic-19-488x326.jpg","width":488,"height":326,"mime-type":"image\/jpeg","filesize":36185,"url":"https:\/\/tara.rs\/wp-content\/uploads\/2024\/08\/vila-dimitrijevic-tara-smestaj-sekulic-19-488x326.jpg"},"property-detail-video-image":{"file":"vila-dimitrijevic-tara-smestaj-sekulic-19-818x417.jpg","width":818,"height":417,"mime-type":"image\/jpeg","filesize":69953,"url":"https:\/\/tara.rs\/wp-content\/uploads\/2024\/08\/vila-dimitrijevic-tara-smestaj-sekulic-19-818x417.jpg"},"agent-image":{"file":"vila-dimitrijevic-tara-smestaj-sekulic-19-210x210.jpg","width":210,"height":210,"mime-type":"image\/jpeg","filesize":12477,"url":"https:\/\/tara.rs\/wp-content\/uploads\/2024\/08\/vila-dimitrijevic-tara-smestaj-sekulic-19-210x210.jpg"},"partners-logo":{"file":"vila-dimitrijevic-tara-smestaj-sekulic-19-600x750.jpg","width":600,"height":750,"mime-type":"image\/jpeg","filesize":101424,"url":"https:\/\/tara.rs\/wp-content\/uploads\/2024\/08\/vila-dimitrijevic-tara-smestaj-sekulic-19-600x750.jpg"},"post-featured-image":{"file":"vila-dimitrijevic-tara-smestaj-sekulic-19-1000x720.jpg","width":1000,"height":720,"mime-type":"image\/jpeg","filesize":140743,"url":"https:\/\/tara.rs\/wp-content\/uploads\/2024\/08\/vila-dimitrijevic-tara-smestaj-sekulic-19-1000x720.jpg"}},"image_meta":{"aperture":"0","credit":"","camera":"","caption":"","created_timestamp":"0","copyright":"","focal_length":"0","iso":"0","shutter_speed":"0","title":"","orientation":"0","keywords":[]},"ID":"83315","name":"vila-dimitrijevic-tara-smestaj-sekulic-19.jpg","path":"\/home\/tarars\/public_html\/wp-content\/uploads\/2024\/08\/vila-dimitrijevic-tara-smestaj-sekulic-19.jpg","url":"https:\/\/tara.rs\/wp-content\/uploads\/2024\/08\/vila-dimitrijevic-tara-smestaj-sekulic-19-150x150.jpg","full_url":"https:\/\/tara.rs\/wp-content\/uploads\/2024\/08\/vila-dimitrijevic-tara-smestaj-sekulic-19.jpg","title":"vila-dimitrijevi\u0107-tara-sme\u0161taj-sekuli\u0107-19","caption":"","description":"","alt":"","srcset":"https:\/\/tara.rs\/wp-content\/uploads\/2024\/08\/vila-dimitrijevic-tara-smestaj-sekulic-19-150x150.jpg 150w, https:\/\/tara.rs\/wp-content\/uploads\/2024\/08\/vila-dimitrijevic-tara-smestaj-sekulic-19-210x210.jpg 210w"},{"width":150,"height":150,"file":"2024\/08\/vila-dimitrijevic-tara-smestaj-sekulic-20.jpg","filesize":218560,"sizes":{"medium":{"file":"vila-dimitrijevic-tara-smestaj-sekulic-20-300x225.jpg","width":300,"height":225,"mime-type":"image\/jpeg","filesize":14976,"url":"https:\/\/tara.rs\/wp-content\/uploads\/2024\/08\/vila-dimitrijevic-tara-smestaj-sekulic-20-300x225.jpg"},"thumbnail":{"file":"vila-dimitrijevic-tara-smestaj-sekulic-20-150x150.jpg","width":150,"height":150,"mime-type":"image\/jpeg","filesize":6312,"url":"https:\/\/tara.rs\/wp-content\/uploads\/2024\/08\/vila-dimitrijevic-tara-smestaj-sekulic-20-150x150.jpg"},"medium_large":{"file":"vila-dimitrijevic-tara-smestaj-sekulic-20-768x576.jpg","width":768,"height":576,"mime-type":"image\/jpeg","filesize":67770,"url":"https:\/\/tara.rs\/wp-content\/uploads\/2024\/08\/vila-dimitrijevic-tara-smestaj-sekulic-20-768x576.jpg"},"post-thumbnail":{"file":"vila-dimitrijevic-tara-smestaj-sekulic-20-150x113.jpg","width":150,"height":113,"mime-type":"image\/jpeg","filesize":5206,"url":"https:\/\/tara.rs\/wp-content\/uploads\/2024\/08\/vila-dimitrijevic-tara-smestaj-sekulic-20-150x113.jpg"},"modern-property-child-slider":{"file":"vila-dimitrijevic-tara-smestaj-sekulic-20-680x510.jpg","width":680,"height":510,"mime-type":"image\/jpeg","filesize":55677,"url":"https:\/\/tara.rs\/wp-content\/uploads\/2024\/08\/vila-dimitrijevic-tara-smestaj-sekulic-20-680x510.jpg"},"property-thumb-image":{"file":"vila-dimitrijevic-tara-smestaj-sekulic-20-488x326.jpg","width":488,"height":326,"mime-type":"image\/jpeg","filesize":30188,"url":"https:\/\/tara.rs\/wp-content\/uploads\/2024\/08\/vila-dimitrijevic-tara-smestaj-sekulic-20-488x326.jpg"},"property-detail-video-image":{"file":"vila-dimitrijevic-tara-smestaj-sekulic-20-818x417.jpg","width":818,"height":417,"mime-type":"image\/jpeg","filesize":58711,"url":"https:\/\/tara.rs\/wp-content\/uploads\/2024\/08\/vila-dimitrijevic-tara-smestaj-sekulic-20-818x417.jpg"},"agent-image":{"file":"vila-dimitrijevic-tara-smestaj-sekulic-20-210x210.jpg","width":210,"height":210,"mime-type":"image\/jpeg","filesize":10588,"url":"https:\/\/tara.rs\/wp-content\/uploads\/2024\/08\/vila-dimitrijevic-tara-smestaj-sekulic-20-210x210.jpg"},"partners-logo":{"file":"vila-dimitrijevic-tara-smestaj-sekulic-20-600x750.jpg","width":600,"height":750,"mime-type":"image\/jpeg","filesize":88912,"url":"https:\/\/tara.rs\/wp-content\/uploads\/2024\/08\/vila-dimitrijevic-tara-smestaj-sekulic-20-600x750.jpg"},"post-featured-image":{"file":"vila-dimitrijevic-tara-smestaj-sekulic-20-1000x720.jpg","width":1000,"height":720,"mime-type":"image\/jpeg","filesize":116290,"url":"https:\/\/tara.rs\/wp-content\/uploads\/2024\/08\/vila-dimitrijevic-tara-smestaj-sekulic-20-1000x720.jpg"}},"image_meta":{"aperture":"0","credit":"","camera":"","caption":"","created_timestamp":"0","copyright":"","focal_length":"0","iso":"0","shutter_speed":"0","title":"","orientation":"0","keywords":[]},"ID":"83316","name":"vila-dimitrijevic-tara-smestaj-sekulic-20.jpg","path":"\/home\/tarars\/public_html\/wp-content\/uploads\/2024\/08\/vila-dimitrijevic-tara-smestaj-sekulic-20.jpg","url":"https:\/\/tara.rs\/wp-content\/uploads\/2024\/08\/vila-dimitrijevic-tara-smestaj-sekulic-20-150x150.jpg","full_url":"https:\/\/tara.rs\/wp-content\/uploads\/2024\/08\/vila-dimitrijevic-tara-smestaj-sekulic-20.jpg","title":"vila-dimitrijevi\u0107-tara-sme\u0161taj-sekuli\u0107-20","caption":"","description":"","alt":"","srcset":"https:\/\/tara.rs\/wp-content\/uploads\/2024\/08\/vila-dimitrijevic-tara-smestaj-sekulic-20-150x150.jpg 150w, https:\/\/tara.rs\/wp-content\/uploads\/2024\/08\/vila-dimitrijevic-tara-smestaj-sekulic-20-210x210.jpg 210w"},{"width":150,"height":150,"file":"2024\/08\/vila-dimitrijevic-tara-smestaj-sekulic-21.jpg","filesize":201413,"sizes":{"medium":{"file":"vila-dimitrijevic-tara-smestaj-sekulic-21-257x300.jpg","width":257,"height":300,"mime-type":"image\/jpeg","filesize":17329,"url":"https:\/\/tara.rs\/wp-content\/uploads\/2024\/08\/vila-dimitrijevic-tara-smestaj-sekulic-21-257x300.jpg"},"thumbnail":{"file":"vila-dimitrijevic-tara-smestaj-sekulic-21-150x150.jpg","width":150,"height":150,"mime-type":"image\/jpeg","filesize":6522,"url":"https:\/\/tara.rs\/wp-content\/uploads\/2024\/08\/vila-dimitrijevic-tara-smestaj-sekulic-21-150x150.jpg"},"medium_large":{"file":"vila-dimitrijevic-tara-smestaj-sekulic-21-768x896.jpg","width":768,"height":896,"mime-type":"image\/jpeg","filesize":111297,"url":"https:\/\/tara.rs\/wp-content\/uploads\/2024\/08\/vila-dimitrijevic-tara-smestaj-sekulic-21-768x896.jpg"},"post-thumbnail":{"file":"vila-dimitrijevic-tara-smestaj-sekulic-21-129x150.jpg","width":129,"height":150,"mime-type":"image\/jpeg","filesize":5855,"url":"https:\/\/tara.rs\/wp-content\/uploads\/2024\/08\/vila-dimitrijevic-tara-smestaj-sekulic-21-129x150.jpg"},"modern-property-child-slider":{"file":"vila-dimitrijevic-tara-smestaj-sekulic-21-680x510.jpg","width":680,"height":510,"mime-type":"image\/jpeg","filesize":59886,"url":"https:\/\/tara.rs\/wp-content\/uploads\/2024\/08\/vila-dimitrijevic-tara-smestaj-sekulic-21-680x510.jpg"},"property-thumb-image":{"file":"vila-dimitrijevic-tara-smestaj-sekulic-21-488x326.jpg","width":488,"height":326,"mime-type":"image\/jpeg","filesize":30208,"url":"https:\/\/tara.rs\/wp-content\/uploads\/2024\/08\/vila-dimitrijevic-tara-smestaj-sekulic-21-488x326.jpg"},"property-detail-video-image":{"file":"vila-dimitrijevic-tara-smestaj-sekulic-21-818x417.jpg","width":818,"height":417,"mime-type":"image\/jpeg","filesize":56971,"url":"https:\/\/tara.rs\/wp-content\/uploads\/2024\/08\/vila-dimitrijevic-tara-smestaj-sekulic-21-818x417.jpg"},"agent-image":{"file":"vila-dimitrijevic-tara-smestaj-sekulic-21-210x210.jpg","width":210,"height":210,"mime-type":"image\/jpeg","filesize":11048,"url":"https:\/\/tara.rs\/wp-content\/uploads\/2024\/08\/vila-dimitrijevic-tara-smestaj-sekulic-21-210x210.jpg"},"partners-logo":{"file":"vila-dimitrijevic-tara-smestaj-sekulic-21-600x1000.jpg","width":600,"height":1000,"mime-type":"image\/jpeg","filesize":116296,"url":"https:\/\/tara.rs\/wp-content\/uploads\/2024\/08\/vila-dimitrijevic-tara-smestaj-sekulic-21-600x1000.jpg"},"post-featured-image":{"file":"vila-dimitrijevic-tara-smestaj-sekulic-21-857x720.jpg","width":857,"height":720,"mime-type":"image\/jpeg","filesize":109356,"url":"https:\/\/tara.rs\/wp-content\/uploads\/2024\/08\/vila-dimitrijevic-tara-smestaj-sekulic-21-857x720.jpg"}},"image_meta":{"aperture":"0","credit":"","camera":"","caption":"","created_timestamp":"0","copyright":"","focal_length":"0","iso":"0","shutter_speed":"0","title":"","orientation":"0","keywords":[]},"ID":"83317","name":"vila-dimitrijevic-tara-smestaj-sekulic-21.jpg","path":"\/home\/tarars\/public_html\/wp-content\/uploads\/2024\/08\/vila-dimitrijevic-tara-smestaj-sekulic-21.jpg","url":"https:\/\/tara.rs\/wp-content\/uploads\/2024\/08\/vila-dimitrijevic-tara-smestaj-sekulic-21-150x150.jpg","full_url":"https:\/\/tara.rs\/wp-content\/uploads\/2024\/08\/vila-dimitrijevic-tara-smestaj-sekulic-21.jpg","title":"vila-dimitrijevi\u0107-tara-sme\u0161taj-sekuli\u0107-21","caption":"","description":"","alt":"","srcset":"https:\/\/tara.rs\/wp-content\/uploads\/2024\/08\/vila-dimitrijevic-tara-smestaj-sekulic-21-150x150.jpg 150w, https:\/\/tara.rs\/wp-content\/uploads\/2024\/08\/vila-dimitrijevic-tara-smestaj-sekulic-21-210x210.jpg 210w"},{"width":150,"height":150,"file":"2024\/08\/vila-dimitrijevic-tara-smestaj-sekulic-22.jpg","filesize":257120,"sizes":{"medium":{"file":"vila-dimitrijevic-tara-smestaj-sekulic-22-225x300.jpg","width":225,"height":300,"mime-type":"image\/jpeg","filesize":17028,"url":"https:\/\/tara.rs\/wp-content\/uploads\/2024\/08\/vila-dimitrijevic-tara-smestaj-sekulic-22-225x300.jpg"},"thumbnail":{"file":"vila-dimitrijevic-tara-smestaj-sekulic-22-150x150.jpg","width":150,"height":150,"mime-type":"image\/jpeg","filesize":6444,"url":"https:\/\/tara.rs\/wp-content\/uploads\/2024\/08\/vila-dimitrijevic-tara-smestaj-sekulic-22-150x150.jpg"},"post-thumbnail":{"file":"vila-dimitrijevic-tara-smestaj-sekulic-22-113x150.jpg","width":113,"height":150,"mime-type":"image\/jpeg","filesize":5486,"url":"https:\/\/tara.rs\/wp-content\/uploads\/2024\/08\/vila-dimitrijevic-tara-smestaj-sekulic-22-113x150.jpg"},"modern-property-child-slider":{"file":"vila-dimitrijevic-tara-smestaj-sekulic-22-680x510.jpg","width":680,"height":510,"mime-type":"image\/jpeg","filesize":58850,"url":"https:\/\/tara.rs\/wp-content\/uploads\/2024\/08\/vila-dimitrijevic-tara-smestaj-sekulic-22-680x510.jpg"},"property-thumb-image":{"file":"vila-dimitrijevic-tara-smestaj-sekulic-22-488x326.jpg","width":488,"height":326,"mime-type":"image\/jpeg","filesize":29373,"url":"https:\/\/tara.rs\/wp-content\/uploads\/2024\/08\/vila-dimitrijevic-tara-smestaj-sekulic-22-488x326.jpg"},"property-detail-video-image":{"file":"vila-dimitrijevic-tara-smestaj-sekulic-22-750x417.jpg","width":750,"height":417,"mime-type":"image\/jpeg","filesize":57326,"url":"https:\/\/tara.rs\/wp-content\/uploads\/2024\/08\/vila-dimitrijevic-tara-smestaj-sekulic-22-750x417.jpg"},"agent-image":{"file":"vila-dimitrijevic-tara-smestaj-sekulic-22-210x210.jpg","width":210,"height":210,"mime-type":"image\/jpeg","filesize":11225,"url":"https:\/\/tara.rs\/wp-content\/uploads\/2024\/08\/vila-dimitrijevic-tara-smestaj-sekulic-22-210x210.jpg"},"partners-logo":{"file":"vila-dimitrijevic-tara-smestaj-sekulic-22-600x1000.jpg","width":600,"height":1000,"mime-type":"image\/jpeg","filesize":120113,"url":"https:\/\/tara.rs\/wp-content\/uploads\/2024\/08\/vila-dimitrijevic-tara-smestaj-sekulic-22-600x1000.jpg"},"post-featured-image":{"file":"vila-dimitrijevic-tara-smestaj-sekulic-22-750x720.jpg","width":750,"height":720,"mime-type":"image\/jpeg","filesize":103110,"url":"https:\/\/tara.rs\/wp-content\/uploads\/2024\/08\/vila-dimitrijevic-tara-smestaj-sekulic-22-750x720.jpg"}},"image_meta":{"aperture":"0","credit":"","camera":"","caption":"","created_timestamp":"0","copyright":"","focal_length":"0","iso":"0","shutter_speed":"0","title":"","orientation":"0","keywords":[]},"ID":"83318","name":"vila-dimitrijevic-tara-smestaj-sekulic-22.jpg","path":"\/home\/tarars\/public_html\/wp-content\/uploads\/2024\/08\/vila-dimitrijevic-tara-smestaj-sekulic-22.jpg","url":"https:\/\/tara.rs\/wp-content\/uploads\/2024\/08\/vila-dimitrijevic-tara-smestaj-sekulic-22-150x150.jpg","full_url":"https:\/\/tara.rs\/wp-content\/uploads\/2024\/08\/vila-dimitrijevic-tara-smestaj-sekulic-22.jpg","title":"vila-dimitrijevi\u0107-tara-sme\u0161taj-sekuli\u0107-22","caption":"","description":"","alt":"","srcset":"https:\/\/tara.rs\/wp-content\/uploads\/2024\/08\/vila-dimitrijevic-tara-smestaj-sekulic-22-150x150.jpg 150w, https:\/\/tara.rs\/wp-content\/uploads\/2024\/08\/vila-dimitrijevic-tara-smestaj-sekulic-22-210x210.jpg 210w"},{"width":150,"height":150,"file":"2024\/08\/vila-dimitrijevic-tara-smestaj-sekulic-23.jpg","filesize":256618,"sizes":{"medium":{"file":"vila-dimitrijevic-tara-smestaj-sekulic-23-225x300.jpg","width":225,"height":300,"mime-type":"image\/jpeg","filesize":16658,"url":"https:\/\/tara.rs\/wp-content\/uploads\/2024\/08\/vila-dimitrijevic-tara-smestaj-sekulic-23-225x300.jpg"},"thumbnail":{"file":"vila-dimitrijevic-tara-smestaj-sekulic-23-150x150.jpg","width":150,"height":150,"mime-type":"image\/jpeg","filesize":6833,"url":"https:\/\/tara.rs\/wp-content\/uploads\/2024\/08\/vila-dimitrijevic-tara-smestaj-sekulic-23-150x150.jpg"},"post-thumbnail":{"file":"vila-dimitrijevic-tara-smestaj-sekulic-23-113x150.jpg","width":113,"height":150,"mime-type":"image\/jpeg","filesize":5493,"url":"https:\/\/tara.rs\/wp-content\/uploads\/2024\/08\/vila-dimitrijevic-tara-smestaj-sekulic-23-113x150.jpg"},"modern-property-child-slider":{"file":"vila-dimitrijevic-tara-smestaj-sekulic-23-680x510.jpg","width":680,"height":510,"mime-type":"image\/jpeg","filesize":63139,"url":"https:\/\/tara.rs\/wp-content\/uploads\/2024\/08\/vila-dimitrijevic-tara-smestaj-sekulic-23-680x510.jpg"},"property-thumb-image":{"file":"vila-dimitrijevic-tara-smestaj-sekulic-23-488x326.jpg","width":488,"height":326,"mime-type":"image\/jpeg","filesize":32696,"url":"https:\/\/tara.rs\/wp-content\/uploads\/2024\/08\/vila-dimitrijevic-tara-smestaj-sekulic-23-488x326.jpg"},"property-detail-video-image":{"file":"vila-dimitrijevic-tara-smestaj-sekulic-23-750x417.jpg","width":750,"height":417,"mime-type":"image\/jpeg","filesize":62116,"url":"https:\/\/tara.rs\/wp-content\/uploads\/2024\/08\/vila-dimitrijevic-tara-smestaj-sekulic-23-750x417.jpg"},"agent-image":{"file":"vila-dimitrijevic-tara-smestaj-sekulic-23-210x210.jpg","width":210,"height":210,"mime-type":"image\/jpeg","filesize":11898,"url":"https:\/\/tara.rs\/wp-content\/uploads\/2024\/08\/vila-dimitrijevic-tara-smestaj-sekulic-23-210x210.jpg"},"partners-logo":{"file":"vila-dimitrijevic-tara-smestaj-sekulic-23-600x1000.jpg","width":600,"height":1000,"mime-type":"image\/jpeg","filesize":110837,"url":"https:\/\/tara.rs\/wp-content\/uploads\/2024\/08\/vila-dimitrijevic-tara-smestaj-sekulic-23-600x1000.jpg"},"post-featured-image":{"file":"vila-dimitrijevic-tara-smestaj-sekulic-23-750x720.jpg","width":750,"height":720,"mime-type":"image\/jpeg","filesize":105741,"url":"https:\/\/tara.rs\/wp-content\/uploads\/2024\/08\/vila-dimitrijevic-tara-smestaj-sekulic-23-750x720.jpg"}},"image_meta":{"aperture":"0","credit":"","camera":"","caption":"","created_timestamp":"0","copyright":"","focal_length":"0","iso":"0","shutter_speed":"0","title":"","orientation":"0","keywords":[]},"ID":"83319","name":"vila-dimitrijevic-tara-smestaj-sekulic-23.jpg","path":"\/home\/tarars\/public_html\/wp-content\/uploads\/2024\/08\/vila-dimitrijevic-tara-smestaj-sekulic-23.jpg","url":"https:\/\/tara.rs\/wp-content\/uploads\/2024\/08\/vila-dimitrijevic-tara-smestaj-sekulic-23-150x150.jpg","full_url":"https:\/\/tara.rs\/wp-content\/uploads\/2024\/08\/vila-dimitrijevic-tara-smestaj-sekulic-23.jpg","title":"vila-dimitrijevi\u0107-tara-sme\u0161taj-sekuli\u0107-23","caption":"","description":"","alt":"","srcset":"https:\/\/tara.rs\/wp-content\/uploads\/2024\/08\/vila-dimitrijevic-tara-smestaj-sekulic-23-150x150.jpg 150w, https:\/\/tara.rs\/wp-content\/uploads\/2024\/08\/vila-dimitrijevic-tara-smestaj-sekulic-23-210x210.jpg 210w"},{"width":150,"height":150,"file":"2024\/08\/vila-dimitrijevic-tara-smestaj-sekulic-24.jpg","filesize":248831,"sizes":{"medium":{"file":"vila-dimitrijevic-tara-smestaj-sekulic-24-225x300.jpg","width":225,"height":300,"mime-type":"image\/jpeg","filesize":15824,"url":"https:\/\/tara.rs\/wp-content\/uploads\/2024\/08\/vila-dimitrijevic-tara-smestaj-sekulic-24-225x300.jpg"},"thumbnail":{"file":"vila-dimitrijevic-tara-smestaj-sekulic-24-150x150.jpg","width":150,"height":150,"mime-type":"image\/jpeg","filesize":6361,"url":"https:\/\/tara.rs\/wp-content\/uploads\/2024\/08\/vila-dimitrijevic-tara-smestaj-sekulic-24-150x150.jpg"},"post-thumbnail":{"file":"vila-dimitrijevic-tara-smestaj-sekulic-24-113x150.jpg","width":113,"height":150,"mime-type":"image\/jpeg","filesize":5297,"url":"https:\/\/tara.rs\/wp-content\/uploads\/2024\/08\/vila-dimitrijevic-tara-smestaj-sekulic-24-113x150.jpg"},"modern-property-child-slider":{"file":"vila-dimitrijevic-tara-smestaj-sekulic-24-680x510.jpg","width":680,"height":510,"mime-type":"image\/jpeg","filesize":57790,"url":"https:\/\/tara.rs\/wp-content\/uploads\/2024\/08\/vila-dimitrijevic-tara-smestaj-sekulic-24-680x510.jpg"},"property-thumb-image":{"file":"vila-dimitrijevic-tara-smestaj-sekulic-24-488x326.jpg","width":488,"height":326,"mime-type":"image\/jpeg","filesize":29377,"url":"https:\/\/tara.rs\/wp-content\/uploads\/2024\/08\/vila-dimitrijevic-tara-smestaj-sekulic-24-488x326.jpg"},"property-detail-video-image":{"file":"vila-dimitrijevic-tara-smestaj-sekulic-24-750x417.jpg","width":750,"height":417,"mime-type":"image\/jpeg","filesize":58032,"url":"https:\/\/tara.rs\/wp-content\/uploads\/2024\/08\/vila-dimitrijevic-tara-smestaj-sekulic-24-750x417.jpg"},"agent-image":{"file":"vila-dimitrijevic-tara-smestaj-sekulic-24-210x210.jpg","width":210,"height":210,"mime-type":"image\/jpeg","filesize":10913,"url":"https:\/\/tara.rs\/wp-content\/uploads\/2024\/08\/vila-dimitrijevic-tara-smestaj-sekulic-24-210x210.jpg"},"partners-logo":{"file":"vila-dimitrijevic-tara-smestaj-sekulic-24-600x1000.jpg","width":600,"height":1000,"mime-type":"image\/jpeg","filesize":111311,"url":"https:\/\/tara.rs\/wp-content\/uploads\/2024\/08\/vila-dimitrijevic-tara-smestaj-sekulic-24-600x1000.jpg"},"post-featured-image":{"file":"vila-dimitrijevic-tara-smestaj-sekulic-24-750x720.jpg","width":750,"height":720,"mime-type":"image\/jpeg","filesize":100780,"url":"https:\/\/tara.rs\/wp-content\/uploads\/2024\/08\/vila-dimitrijevic-tara-smestaj-sekulic-24-750x720.jpg"}},"image_meta":{"aperture":"0","credit":"","camera":"","caption":"","created_timestamp":"0","copyright":"","focal_length":"0","iso":"0","shutter_speed":"0","title":"","orientation":"0","keywords":[]},"ID":"83320","name":"vila-dimitrijevic-tara-smestaj-sekulic-24.jpg","path":"\/home\/tarars\/public_html\/wp-content\/uploads\/2024\/08\/vila-dimitrijevic-tara-smestaj-sekulic-24.jpg","url":"https:\/\/tara.rs\/wp-content\/uploads\/2024\/08\/vila-dimitrijevic-tara-smestaj-sekulic-24-150x150.jpg","full_url":"https:\/\/tara.rs\/wp-content\/uploads\/2024\/08\/vila-dimitrijevic-tara-smestaj-sekulic-24.jpg","title":"vila-dimitrijevi\u0107-tara-sme\u0161taj-sekuli\u0107-24","caption":"","description":"","alt":"","srcset":"https:\/\/tara.rs\/wp-content\/uploads\/2024\/08\/vila-dimitrijevic-tara-smestaj-sekulic-24-150x150.jpg 150w, https:\/\/tara.rs\/wp-content\/uploads\/2024\/08\/vila-dimitrijevic-tara-smestaj-sekulic-24-210x210.jpg 210w"},{"width":150,"height":150,"file":"2024\/08\/vila-dimitrijevic-tara-smestaj-sekulic-25.jpg","filesize":271396,"sizes":{"medium":{"file":"vila-dimitrijevic-tara-smestaj-sekulic-25-300x225.jpg","width":300,"height":225,"mime-type":"image\/jpeg","filesize":17643,"url":"https:\/\/tara.rs\/wp-content\/uploads\/2024\/08\/vila-dimitrijevic-tara-smestaj-sekulic-25-300x225.jpg"},"thumbnail":{"file":"vila-dimitrijevic-tara-smestaj-sekulic-25-150x150.jpg","width":150,"height":150,"mime-type":"image\/jpeg","filesize":6770,"url":"https:\/\/tara.rs\/wp-content\/uploads\/2024\/08\/vila-dimitrijevic-tara-smestaj-sekulic-25-150x150.jpg"},"medium_large":{"file":"vila-dimitrijevic-tara-smestaj-sekulic-25-768x576.jpg","width":768,"height":576,"mime-type":"image\/jpeg","filesize":87090,"url":"https:\/\/tara.rs\/wp-content\/uploads\/2024\/08\/vila-dimitrijevic-tara-smestaj-sekulic-25-768x576.jpg"},"post-thumbnail":{"file":"vila-dimitrijevic-tara-smestaj-sekulic-25-150x113.jpg","width":150,"height":113,"mime-type":"image\/jpeg","filesize":5702,"url":"https:\/\/tara.rs\/wp-content\/uploads\/2024\/08\/vila-dimitrijevic-tara-smestaj-sekulic-25-150x113.jpg"},"modern-property-child-slider":{"file":"vila-dimitrijevic-tara-smestaj-sekulic-25-680x510.jpg","width":680,"height":510,"mime-type":"image\/jpeg","filesize":71247,"url":"https:\/\/tara.rs\/wp-content\/uploads\/2024\/08\/vila-dimitrijevic-tara-smestaj-sekulic-25-680x510.jpg"},"property-thumb-image":{"file":"vila-dimitrijevic-tara-smestaj-sekulic-25-488x326.jpg","width":488,"height":326,"mime-type":"image\/jpeg","filesize":35974,"url":"https:\/\/tara.rs\/wp-content\/uploads\/2024\/08\/vila-dimitrijevic-tara-smestaj-sekulic-25-488x326.jpg"},"property-detail-video-image":{"file":"vila-dimitrijevic-tara-smestaj-sekulic-25-818x417.jpg","width":818,"height":417,"mime-type":"image\/jpeg","filesize":67943,"url":"https:\/\/tara.rs\/wp-content\/uploads\/2024\/08\/vila-dimitrijevic-tara-smestaj-sekulic-25-818x417.jpg"},"agent-image":{"file":"vila-dimitrijevic-tara-smestaj-sekulic-25-210x210.jpg","width":210,"height":210,"mime-type":"image\/jpeg","filesize":11664,"url":"https:\/\/tara.rs\/wp-content\/uploads\/2024\/08\/vila-dimitrijevic-tara-smestaj-sekulic-25-210x210.jpg"},"partners-logo":{"file":"vila-dimitrijevic-tara-smestaj-sekulic-25-600x750.jpg","width":600,"height":750,"mime-type":"image\/jpeg","filesize":104069,"url":"https:\/\/tara.rs\/wp-content\/uploads\/2024\/08\/vila-dimitrijevic-tara-smestaj-sekulic-25-600x750.jpg"},"post-featured-image":{"file":"vila-dimitrijevic-tara-smestaj-sekulic-25-1000x720.jpg","width":1000,"height":720,"mime-type":"image\/jpeg","filesize":152482,"url":"https:\/\/tara.rs\/wp-content\/uploads\/2024\/08\/vila-dimitrijevic-tara-smestaj-sekulic-25-1000x720.jpg"}},"image_meta":{"aperture":"0","credit":"","camera":"","caption":"","created_timestamp":"0","copyright":"","focal_length":"0","iso":"0","shutter_speed":"0","title":"","orientation":"0","keywords":[]},"ID":"83321","name":"vila-dimitrijevic-tara-smestaj-sekulic-25.jpg","path":"\/home\/tarars\/public_html\/wp-content\/uploads\/2024\/08\/vila-dimitrijevic-tara-smestaj-sekulic-25.jpg","url":"https:\/\/tara.rs\/wp-content\/uploads\/2024\/08\/vila-dimitrijevic-tara-smestaj-sekulic-25-150x150.jpg","full_url":"https:\/\/tara.rs\/wp-content\/uploads\/2024\/08\/vila-dimitrijevic-tara-smestaj-sekulic-25.jpg","title":"vila-dimitrijevi\u0107-tara-sme\u0161taj-sekuli\u0107-25","caption":"","description":"","alt":"","srcset":"https:\/\/tara.rs\/wp-content\/uploads\/2024\/08\/vila-dimitrijevic-tara-smestaj-sekulic-25-150x150.jpg 150w, https:\/\/tara.rs\/wp-content\/uploads\/2024\/08\/vila-dimitrijevic-tara-smestaj-sekulic-25-210x210.jpg 210w"},{"width":150,"height":150,"file":"2024\/08\/vila-dimitrijevic-tara-smestaj-sekulic-26.jpg","filesize":261581,"sizes":{"medium":{"file":"vila-dimitrijevic-tara-smestaj-sekulic-26-225x300.jpg","width":225,"height":300,"mime-type":"image\/jpeg","filesize":18071,"url":"https:\/\/tara.rs\/wp-content\/uploads\/2024\/08\/vila-dimitrijevic-tara-smestaj-sekulic-26-225x300.jpg"},"thumbnail":{"file":"vila-dimitrijevic-tara-smestaj-sekulic-26-150x150.jpg","width":150,"height":150,"mime-type":"image\/jpeg","filesize":6983,"url":"https:\/\/tara.rs\/wp-content\/uploads\/2024\/08\/vila-dimitrijevic-tara-smestaj-sekulic-26-150x150.jpg"},"post-thumbnail":{"file":"vila-dimitrijevic-tara-smestaj-sekulic-26-113x150.jpg","width":113,"height":150,"mime-type":"image\/jpeg","filesize":5739,"url":"https:\/\/tara.rs\/wp-content\/uploads\/2024\/08\/vila-dimitrijevic-tara-smestaj-sekulic-26-113x150.jpg"},"modern-property-child-slider":{"file":"vila-dimitrijevic-tara-smestaj-sekulic-26-680x510.jpg","width":680,"height":510,"mime-type":"image\/jpeg","filesize":65944,"url":"https:\/\/tara.rs\/wp-content\/uploads\/2024\/08\/vila-dimitrijevic-tara-smestaj-sekulic-26-680x510.jpg"},"property-thumb-image":{"file":"vila-dimitrijevic-tara-smestaj-sekulic-26-488x326.jpg","width":488,"height":326,"mime-type":"image\/jpeg","filesize":33591,"url":"https:\/\/tara.rs\/wp-content\/uploads\/2024\/08\/vila-dimitrijevic-tara-smestaj-sekulic-26-488x326.jpg"},"property-detail-video-image":{"file":"vila-dimitrijevic-tara-smestaj-sekulic-26-750x417.jpg","width":750,"height":417,"mime-type":"image\/jpeg","filesize":65611,"url":"https:\/\/tara.rs\/wp-content\/uploads\/2024\/08\/vila-dimitrijevic-tara-smestaj-sekulic-26-750x417.jpg"},"agent-image":{"file":"vila-dimitrijevic-tara-smestaj-sekulic-26-210x210.jpg","width":210,"height":210,"mime-type":"image\/jpeg","filesize":12333,"url":"https:\/\/tara.rs\/wp-content\/uploads\/2024\/08\/vila-dimitrijevic-tara-smestaj-sekulic-26-210x210.jpg"},"partners-logo":{"file":"vila-dimitrijevic-tara-smestaj-sekulic-26-600x1000.jpg","width":600,"height":1000,"mime-type":"image\/jpeg","filesize":119914,"url":"https:\/\/tara.rs\/wp-content\/uploads\/2024\/08\/vila-dimitrijevic-tara-smestaj-sekulic-26-600x1000.jpg"},"post-featured-image":{"file":"vila-dimitrijevic-tara-smestaj-sekulic-26-750x720.jpg","width":750,"height":720,"mime-type":"image\/jpeg","filesize":110952,"url":"https:\/\/tara.rs\/wp-content\/uploads\/2024\/08\/vila-dimitrijevic-tara-smestaj-sekulic-26-750x720.jpg"}},"image_meta":{"aperture":"0","credit":"","camera":"","caption":"","created_timestamp":"0","copyright":"","focal_length":"0","iso":"0","shutter_speed":"0","title":"","orientation":"0","keywords":[]},"ID":"83322","name":"vila-dimitrijevic-tara-smestaj-sekulic-26.jpg","path":"\/home\/tarars\/public_html\/wp-content\/uploads\/2024\/08\/vila-dimitrijevic-tara-smestaj-sekulic-26.jpg","url":"https:\/\/tara.rs\/wp-content\/uploads\/2024\/08\/vila-dimitrijevic-tara-smestaj-sekulic-26-150x150.jpg","full_url":"https:\/\/tara.rs\/wp-content\/uploads\/2024\/08\/vila-dimitrijevic-tara-smestaj-sekulic-26.jpg","title":"vila-dimitrijevi\u0107-tara-sme\u0161taj-sekuli\u0107-26","caption":"","description":"","alt":"","srcset":"https:\/\/tara.rs\/wp-content\/uploads\/2024\/08\/vila-dimitrijevic-tara-smestaj-sekulic-26-150x150.jpg 150w, https:\/\/tara.rs\/wp-content\/uploads\/2024\/08\/vila-dimitrijevic-tara-smestaj-sekulic-26-210x210.jpg 210w"},{"width":150,"height":150,"file":"2024\/08\/vila-dimitrijevic-tara-smestaj-sekulic-27.jpg","filesize":173129,"sizes":{"medium":{"file":"vila-dimitrijevic-tara-smestaj-sekulic-27-300x225.jpg","width":300,"height":225,"mime-type":"image\/jpeg","filesize":11351,"url":"https:\/\/tara.rs\/wp-content\/uploads\/2024\/08\/vila-dimitrijevic-tara-smestaj-sekulic-27-300x225.jpg"},"thumbnail":{"file":"vila-dimitrijevic-tara-smestaj-sekulic-27-150x150.jpg","width":150,"height":150,"mime-type":"image\/jpeg","filesize":4773,"url":"https:\/\/tara.rs\/wp-content\/uploads\/2024\/08\/vila-dimitrijevic-tara-smestaj-sekulic-27-150x150.jpg"},"medium_large":{"file":"vila-dimitrijevic-tara-smestaj-sekulic-27-768x576.jpg","width":768,"height":576,"mime-type":"image\/jpeg","filesize":50540,"url":"https:\/\/tara.rs\/wp-content\/uploads\/2024\/08\/vila-dimitrijevic-tara-smestaj-sekulic-27-768x576.jpg"},"post-thumbnail":{"file":"vila-dimitrijevic-tara-smestaj-sekulic-27-150x113.jpg","width":150,"height":113,"mime-type":"image\/jpeg","filesize":4364,"url":"https:\/\/tara.rs\/wp-content\/uploads\/2024\/08\/vila-dimitrijevic-tara-smestaj-sekulic-27-150x113.jpg"},"modern-property-child-slider":{"file":"vila-dimitrijevic-tara-smestaj-sekulic-27-680x510.jpg","width":680,"height":510,"mime-type":"image\/jpeg","filesize":41242,"url":"https:\/\/tara.rs\/wp-content\/uploads\/2024\/08\/vila-dimitrijevic-tara-smestaj-sekulic-27-680x510.jpg"},"property-thumb-image":{"file":"vila-dimitrijevic-tara-smestaj-sekulic-27-488x326.jpg","width":488,"height":326,"mime-type":"image\/jpeg","filesize":22385,"url":"https:\/\/tara.rs\/wp-content\/uploads\/2024\/08\/vila-dimitrijevic-tara-smestaj-sekulic-27-488x326.jpg"},"property-detail-video-image":{"file":"vila-dimitrijevic-tara-smestaj-sekulic-27-818x417.jpg","width":818,"height":417,"mime-type":"image\/jpeg","filesize":41822,"url":"https:\/\/tara.rs\/wp-content\/uploads\/2024\/08\/vila-dimitrijevic-tara-smestaj-sekulic-27-818x417.jpg"},"agent-image":{"file":"vila-dimitrijevic-tara-smestaj-sekulic-27-210x210.jpg","width":210,"height":210,"mime-type":"image\/jpeg","filesize":7721,"url":"https:\/\/tara.rs\/wp-content\/uploads\/2024\/08\/vila-dimitrijevic-tara-smestaj-sekulic-27-210x210.jpg"},"partners-logo":{"file":"vila-dimitrijevic-tara-smestaj-sekulic-27-600x750.jpg","width":600,"height":750,"mime-type":"image\/jpeg","filesize":63552,"url":"https:\/\/tara.rs\/wp-content\/uploads\/2024\/08\/vila-dimitrijevic-tara-smestaj-sekulic-27-600x750.jpg"},"post-featured-image":{"file":"vila-dimitrijevic-tara-smestaj-sekulic-27-1000x720.jpg","width":1000,"height":720,"mime-type":"image\/jpeg","filesize":90702,"url":"https:\/\/tara.rs\/wp-content\/uploads\/2024\/08\/vila-dimitrijevic-tara-smestaj-sekulic-27-1000x720.jpg"}},"image_meta":{"aperture":"0","credit":"","camera":"","caption":"","created_timestamp":"0","copyright":"","focal_length":"0","iso":"0","shutter_speed":"0","title":"","orientation":"0","keywords":[]},"ID":"83323","name":"vila-dimitrijevic-tara-smestaj-sekulic-27.jpg","path":"\/home\/tarars\/public_html\/wp-content\/uploads\/2024\/08\/vila-dimitrijevic-tara-smestaj-sekulic-27.jpg","url":"https:\/\/tara.rs\/wp-content\/uploads\/2024\/08\/vila-dimitrijevic-tara-smestaj-sekulic-27-150x150.jpg","full_url":"https:\/\/tara.rs\/wp-content\/uploads\/2024\/08\/vila-dimitrijevic-tara-smestaj-sekulic-27.jpg","title":"vila-dimitrijevi\u0107-tara-sme\u0161taj-sekuli\u0107-27","caption":"","description":"","alt":"","srcset":"https:\/\/tara.rs\/wp-content\/uploads\/2024\/08\/vila-dimitrijevic-tara-smestaj-sekulic-27-150x150.jpg 150w, https:\/\/tara.rs\/wp-content\/uploads\/2024\/08\/vila-dimitrijevic-tara-smestaj-sekulic-27-210x210.jpg 210w"},{"width":150,"height":150,"file":"2024\/08\/vila-dimitrijevic-tara-smestaj-sekulic-28.jpg","filesize":178469,"sizes":{"medium":{"file":"vila-dimitrijevic-tara-smestaj-sekulic-28-225x300.jpg","width":225,"height":300,"mime-type":"image\/jpeg","filesize":17220,"url":"https:\/\/tara.rs\/wp-content\/uploads\/2024\/08\/vila-dimitrijevic-tara-smestaj-sekulic-28-225x300.jpg"},"thumbnail":{"file":"vila-dimitrijevic-tara-smestaj-sekulic-28-150x150.jpg","width":150,"height":150,"mime-type":"image\/jpeg","filesize":6563,"url":"https:\/\/tara.rs\/wp-content\/uploads\/2024\/08\/vila-dimitrijevic-tara-smestaj-sekulic-28-150x150.jpg"},"post-thumbnail":{"file":"vila-dimitrijevic-tara-smestaj-sekulic-28-113x150.jpg","width":113,"height":150,"mime-type":"image\/jpeg","filesize":5466,"url":"https:\/\/tara.rs\/wp-content\/uploads\/2024\/08\/vila-dimitrijevic-tara-smestaj-sekulic-28-113x150.jpg"},"modern-property-child-slider":{"file":"vila-dimitrijevic-tara-smestaj-sekulic-28-680x510.jpg","width":680,"height":510,"mime-type":"image\/jpeg","filesize":62569,"url":"https:\/\/tara.rs\/wp-content\/uploads\/2024\/08\/vila-dimitrijevic-tara-smestaj-sekulic-28-680x510.jpg"},"property-thumb-image":{"file":"vila-dimitrijevic-tara-smestaj-sekulic-28-488x326.jpg","width":488,"height":326,"mime-type":"image\/jpeg","filesize":31367,"url":"https:\/\/tara.rs\/wp-content\/uploads\/2024\/08\/vila-dimitrijevic-tara-smestaj-sekulic-28-488x326.jpg"},"property-detail-video-image":{"file":"vila-dimitrijevic-tara-smestaj-sekulic-28-750x417.jpg","width":750,"height":417,"mime-type":"image\/jpeg","filesize":62841,"url":"https:\/\/tara.rs\/wp-content\/uploads\/2024\/08\/vila-dimitrijevic-tara-smestaj-sekulic-28-750x417.jpg"},"agent-image":{"file":"vila-dimitrijevic-tara-smestaj-sekulic-28-210x210.jpg","width":210,"height":210,"mime-type":"image\/jpeg","filesize":11480,"url":"https:\/\/tara.rs\/wp-content\/uploads\/2024\/08\/vila-dimitrijevic-tara-smestaj-sekulic-28-210x210.jpg"},"partners-logo":{"file":"vila-dimitrijevic-tara-smestaj-sekulic-28-600x1000.jpg","width":600,"height":1000,"mime-type":"image\/jpeg","filesize":130813,"url":"https:\/\/tara.rs\/wp-content\/uploads\/2024\/08\/vila-dimitrijevic-tara-smestaj-sekulic-28-600x1000.jpg"},"post-featured-image":{"file":"vila-dimitrijevic-tara-smestaj-sekulic-28-750x720.jpg","width":750,"height":720,"mime-type":"image\/jpeg","filesize":115316,"url":"https:\/\/tara.rs\/wp-content\/uploads\/2024\/08\/vila-dimitrijevic-tara-smestaj-sekulic-28-750x720.jpg"}},"image_meta":{"aperture":"0","credit":"","camera":"","caption":"","created_timestamp":"0","copyright":"","focal_length":"0","iso":"0","shutter_speed":"0","title":"","orientation":"0","keywords":[]},"ID":"83324","name":"vila-dimitrijevic-tara-smestaj-sekulic-28.jpg","path":"\/home\/tarars\/public_html\/wp-content\/uploads\/2024\/08\/vila-dimitrijevic-tara-smestaj-sekulic-28.jpg","url":"https:\/\/tara.rs\/wp-content\/uploads\/2024\/08\/vila-dimitrijevic-tara-smestaj-sekulic-28-150x150.jpg","full_url":"https:\/\/tara.rs\/wp-content\/uploads\/2024\/08\/vila-dimitrijevic-tara-smestaj-sekulic-28.jpg","title":"vila-dimitrijevi\u0107-tara-sme\u0161taj-sekuli\u0107-28","caption":"","description":"","alt":"","srcset":"https:\/\/tara.rs\/wp-content\/uploads\/2024\/08\/vila-dimitrijevic-tara-smestaj-sekulic-28-150x150.jpg 150w, https:\/\/tara.rs\/wp-content\/uploads\/2024\/08\/vila-dimitrijevic-tara-smestaj-sekulic-28-210x210.jpg 210w"}],"REAL_HOMES_change_gallery_slider_type":"0","REAL_HOMES_gallery_slider_type":"thumb-on-right","inspiry_floor_plans":[],"inspiry_video_group":[],"REAL_HOMES_360_virtual_tour":"","REAL_HOMES_agent_display_option":"agent_info","REAL_HOMES_agents":["83292"],"REAL_HOMES_energy_class":"none","REAL_HOMES_energy_performance":"","REAL_HOMES_epc_current_rating":"","REAL_HOMES_epc_potential_rating":"","ere_property_schedule_tour":"global","ere_property_schedule_time_slots":"","ere_property_schedule_description":"","REAL_HOMES_sticky":"0","inspiry_property_label":"","inspiry_property_label_color":"","inspiry_property_tax":"0","inspiry_additional_fee":"0","REAL_HOMES_attachments":[],"inspiry_property_owner_name":"","inspiry_property_owner_contact":"","inspiry_property_owner_address":"","REAL_HOMES_property_private_note":"","inspiry_message_to_reviewer":"","inspiry_global_property_template_override":"0","REAL_HOMES_add_in_slider":"no","REAL_HOMES_slider_image":[],"REAL_HOMES_page_banner_image":[],"REAL_HOMES_hide_property_advance_search":"0","inspiry_kapacitet":"6 Osoba","inspiry_cenovnik":"","inspiry_vau\u010ceri":"","REAL_HOMES_custom_header_display":"default","REAL_HOMES_custom_header_position":"relative","REAL_HOMES_custom_footer_display":"default","REAL_HOMES_hide_advance_search":"0","REAL_HOMES_custom_search_form":"default","REAL_HOMES_search_form_margin_top":"","REAL_HOMES_search_form_margin_bottom":""},"_links":{"self":[{"href":"https:\/\/tara.rs\/sr\/wp-json\/wp\/v2\/objekat\/83295"}],"collection":[{"href":"https:\/\/tara.rs\/sr\/wp-json\/wp\/v2\/objekat"}],"about":[{"href":"https:\/\/tara.rs\/sr\/wp-json\/wp\/v2\/types\/property"}],"author":[{"embeddable":true,"href":"https:\/\/tara.rs\/sr\/wp-json\/wp\/v2\/users\/1"}],"replies":[{"embeddable":true,"href":"https:\/\/tara.rs\/sr\/wp-json\/wp\/v2\/comments?post=83295"}],"version-history":[{"count":1,"href":"https:\/\/tara.rs\/sr\/wp-json\/wp\/v2\/objekat\/83295\/revisions"}],"predecessor-version":[{"id":83327,"href":"https:\/\/tara.rs\/sr\/wp-json\/wp\/v2\/objekat\/83295\/revisions\/83327"}],"wp:featuredmedia":[{"embeddable":true,"href":"https:\/\/tara.rs\/sr\/wp-json\/wp\/v2\/media\/83325"}],"wp:attachment":[{"href":"https:\/\/tara.rs\/sr\/wp-json\/wp\/v2\/media?parent=83295"}],"wp:term":[{"taxonomy":"property-feature","embeddable":true,"href":"https:\/\/tara.rs\/sr\/wp-json\/wp\/v2\/objekat-osobina?post=83295"},{"taxonomy":"property-type","embeddable":true,"href":"https:\/\/tara.rs\/sr\/wp-json\/wp\/v2\/Objekat - top?post=83295"},{"taxonomy":"property-city","embeddable":true,"href":"https:\/\/tara.rs\/sr\/wp-json\/wp\/v2\/osobina - lokacija?post=83295"},{"taxonomy":"property-status","embeddable":true,"href":"https:\/\/tara.rs\/sr\/wp-json\/wp\/v2\/objekat - status?post=83295"}],"curies":[{"name":"wp","href":"https:\/\/api.w.org\/{rel}","templated":true}]}}