{"id":10354,"date":"2018-06-22T09:53:16","date_gmt":"2018-06-22T09:53:16","guid":{"rendered":"http:\/\/tara.rs\/sr\/?page_id=10354"},"modified":"2024-04-28T12:06:30","modified_gmt":"2024-04-28T10:06:30","slug":"proba-vreme","status":"publish","type":"page","link":"https:\/\/tara.rs\/sr\/vremenska-prognoza-za-planinu-taru\/","title":{"rendered":"VREMENSKA PROGNOZA ZA PLANINU TARU"},"content":{"rendered":"\t\t<div data-elementor-type=\"wp-page\" data-elementor-id=\"10354\" class=\"elementor elementor-10354\" data-elementor-post-type=\"page\">\n\t\t\t\t\t\t<section class=\"elementor-section elementor-top-section elementor-element elementor-element-3ee05a9 elementor-section-boxed elementor-section-height-default elementor-section-height-default\" data-id=\"3ee05a9\" data-element_type=\"section\">\n\t\t\t\t\t\t<div class=\"elementor-container elementor-column-gap-default\">\n\t\t\t\t\t<div class=\"elementor-column elementor-col-20 elementor-top-column elementor-element elementor-element-c7f4361\" data-id=\"c7f4361\" data-element_type=\"column\" data-settings=\"{&quot;background_background&quot;:&quot;classic&quot;}\">\n\t\t\t<div class=\"elementor-widget-wrap elementor-element-populated\">\n\t\t\t\t\t\t<div class=\"elementor-element elementor-element-006b05f elementor-button-danger elementor-align-center elementor-widget elementor-widget-button\" data-id=\"006b05f\" data-element_type=\"widget\" data-widget_type=\"button.default\">\n\t\t\t\t<div class=\"elementor-widget-container\">\n\t\t\t\t\t\t\t\t\t<div class=\"elementor-button-wrapper\">\n\t\t\t\t\t<a class=\"elementor-button elementor-button-link elementor-size-xs\" href=\"https:\/\/tara.rs\/sr\/pretraga\/?type%5B%5D=brvnara\">\n\t\t\t\t\t\t<span class=\"elementor-button-content-wrapper\">\n\t\t\t\t\t\t<span class=\"elementor-button-icon\">\n\t\t\t\t<i aria-hidden=\"true\" class=\"fas fa-home\"><\/i>\t\t\t<\/span>\n\t\t\t\t\t\t\t\t\t<span class=\"elementor-button-text\">BRVNARE<\/span>\n\t\t\t\t\t<\/span>\n\t\t\t\t\t<\/a>\n\t\t\t\t<\/div>\n\t\t\t\t\t\t\t\t<\/div>\n\t\t\t\t<\/div>\n\t\t\t\t\t<\/div>\n\t\t<\/div>\n\t\t\t\t<div class=\"elementor-column elementor-col-20 elementor-top-column elementor-element elementor-element-4418a30\" data-id=\"4418a30\" data-element_type=\"column\" data-settings=\"{&quot;background_background&quot;:&quot;classic&quot;}\">\n\t\t\t<div class=\"elementor-widget-wrap elementor-element-populated\">\n\t\t\t\t\t\t<div class=\"elementor-element elementor-element-ca3c411 elementor-button-danger elementor-align-center elementor-widget elementor-widget-button\" data-id=\"ca3c411\" data-element_type=\"widget\" data-widget_type=\"button.default\">\n\t\t\t\t<div class=\"elementor-widget-container\">\n\t\t\t\t\t\t\t\t\t<div class=\"elementor-button-wrapper\">\n\t\t\t\t\t<a class=\"elementor-button elementor-button-link elementor-size-xs\" href=\"https:\/\/tara.rs\/sr\/pretraga\/?type%5B%5D=apartmani\">\n\t\t\t\t\t\t<span class=\"elementor-button-content-wrapper\">\n\t\t\t\t\t\t<span class=\"elementor-button-icon\">\n\t\t\t\t<i aria-hidden=\"true\" class=\"fas fa-bed\"><\/i>\t\t\t<\/span>\n\t\t\t\t\t\t\t\t\t<span class=\"elementor-button-text\">APARTMANI<\/span>\n\t\t\t\t\t<\/span>\n\t\t\t\t\t<\/a>\n\t\t\t\t<\/div>\n\t\t\t\t\t\t\t\t<\/div>\n\t\t\t\t<\/div>\n\t\t\t\t\t<\/div>\n\t\t<\/div>\n\t\t\t\t<div class=\"elementor-column elementor-col-20 elementor-top-column elementor-element elementor-element-1d76552\" data-id=\"1d76552\" data-element_type=\"column\" data-settings=\"{&quot;background_background&quot;:&quot;classic&quot;}\">\n\t\t\t<div class=\"elementor-widget-wrap elementor-element-populated\">\n\t\t\t\t\t\t<div class=\"elementor-element elementor-element-ac2b66f elementor-button-warning elementor-align-center elementor-widget elementor-widget-button\" data-id=\"ac2b66f\" data-element_type=\"widget\" data-widget_type=\"button.default\">\n\t\t\t\t<div class=\"elementor-widget-container\">\n\t\t\t\t\t\t\t\t\t<div class=\"elementor-button-wrapper\">\n\t\t\t\t\t<a class=\"elementor-button elementor-button-link elementor-size-xs\" href=\"https:\/\/tara.rs\/sr\/pretraga\/?features%5B%5D=vauceri-za-odmor-u-srbiji\">\n\t\t\t\t\t\t<span class=\"elementor-button-content-wrapper\">\n\t\t\t\t\t\t<span class=\"elementor-button-icon\">\n\t\t\t\t<i aria-hidden=\"true\" class=\"fas fa-ticket-alt\"><\/i>\t\t\t<\/span>\n\t\t\t\t\t\t\t\t\t<span class=\"elementor-button-text\">VAU\u010cERI ZA ODMOR<\/span>\n\t\t\t\t\t<\/span>\n\t\t\t\t\t<\/a>\n\t\t\t\t<\/div>\n\t\t\t\t\t\t\t\t<\/div>\n\t\t\t\t<\/div>\n\t\t\t\t\t<\/div>\n\t\t<\/div>\n\t\t\t\t<div class=\"elementor-column elementor-col-20 elementor-top-column elementor-element elementor-element-76703b8\" data-id=\"76703b8\" data-element_type=\"column\" data-settings=\"{&quot;background_background&quot;:&quot;classic&quot;}\">\n\t\t\t<div class=\"elementor-widget-wrap elementor-element-populated\">\n\t\t\t\t\t\t<div class=\"elementor-element elementor-element-8febeca elementor-button-success elementor-align-center elementor-widget elementor-widget-button\" data-id=\"8febeca\" data-element_type=\"widget\" data-widget_type=\"button.default\">\n\t\t\t\t<div class=\"elementor-widget-container\">\n\t\t\t\t\t\t\t\t\t<div class=\"elementor-button-wrapper\">\n\t\t\t\t\t<a class=\"elementor-button elementor-button-link elementor-size-xs\" href=\"https:\/\/tara.rs\/sr\/pretraga\/?features%5B%5D=kucni-ljubimci\">\n\t\t\t\t\t\t<span class=\"elementor-button-content-wrapper\">\n\t\t\t\t\t\t<span class=\"elementor-button-icon\">\n\t\t\t\t<i aria-hidden=\"true\" class=\"fas fa-dog\"><\/i>\t\t\t<\/span>\n\t\t\t\t\t\t\t\t\t<span class=\"elementor-button-text\">PET-FRIENDLY<\/span>\n\t\t\t\t\t<\/span>\n\t\t\t\t\t<\/a>\n\t\t\t\t<\/div>\n\t\t\t\t\t\t\t\t<\/div>\n\t\t\t\t<\/div>\n\t\t\t\t\t<\/div>\n\t\t<\/div>\n\t\t\t\t<div class=\"elementor-column elementor-col-20 elementor-top-column elementor-element elementor-element-a818e8a\" data-id=\"a818e8a\" data-element_type=\"column\" data-settings=\"{&quot;background_background&quot;:&quot;classic&quot;}\">\n\t\t\t<div class=\"elementor-widget-wrap elementor-element-populated\">\n\t\t\t\t\t\t<div class=\"elementor-element elementor-element-f89ce3b elementor-button-info elementor-align-center elementor-widget elementor-widget-button\" data-id=\"f89ce3b\" data-element_type=\"widget\" data-widget_type=\"button.default\">\n\t\t\t\t<div class=\"elementor-widget-container\">\n\t\t\t\t\t\t\t\t\t<div class=\"elementor-button-wrapper\">\n\t\t\t\t\t<a class=\"elementor-button elementor-button-link elementor-size-xs\" href=\"https:\/\/tara.rs\/sr\/pretraga\/?features%5B%5D=bazen\">\n\t\t\t\t\t\t<span class=\"elementor-button-content-wrapper\">\n\t\t\t\t\t\t<span class=\"elementor-button-icon\">\n\t\t\t\t<i aria-hidden=\"true\" class=\"fas fa-swimming-pool\"><\/i>\t\t\t<\/span>\n\t\t\t\t\t\t\t\t\t<span class=\"elementor-button-text\">BAZEN<\/span>\n\t\t\t\t\t<\/span>\n\t\t\t\t\t<\/a>\n\t\t\t\t<\/div>\n\t\t\t\t\t\t\t\t<\/div>\n\t\t\t\t<\/div>\n\t\t\t\t\t<\/div>\n\t\t<\/div>\n\t\t\t\t\t<\/div>\n\t\t<\/section>\n\t\t\t\t<section class=\"elementor-section elementor-top-section elementor-element elementor-element-f0f5c55 elementor-section-boxed elementor-section-height-default elementor-section-height-default\" data-id=\"f0f5c55\" data-element_type=\"section\">\n\t\t\t\t\t\t<div class=\"elementor-container elementor-column-gap-default\">\n\t\t\t\t\t<div class=\"elementor-column elementor-col-100 elementor-top-column elementor-element elementor-element-0e1971a\" data-id=\"0e1971a\" data-element_type=\"column\">\n\t\t\t<div class=\"elementor-widget-wrap elementor-element-populated\">\n\t\t\t\t\t\t<div class=\"elementor-element elementor-element-53346a0 elementor-view-stacked elementor-shape-circle elementor-position-top elementor-mobile-position-top elementor-widget elementor-widget-icon-box\" data-id=\"53346a0\" data-element_type=\"widget\" data-widget_type=\"icon-box.default\">\n\t\t\t\t<div class=\"elementor-widget-container\">\n\t\t\t\t\t\t\t<div class=\"elementor-icon-box-wrapper\">\n\n\t\t\t\t\t\t<div class=\"elementor-icon-box-icon\">\n\t\t\t\t<a href=\"https:\/\/prognozavremena.info\/tara-planina\" target=\"_blank\" class=\"elementor-icon elementor-animation-wobble-horizontal\" tabindex=\"-1\" aria-label=\"Vremenska prognoza za planinu Taru iz vi\u0161e izvora:\">\n\t\t\t\t<i aria-hidden=\"true\" class=\"fas fa-cloud-moon\"><\/i>\t\t\t\t<\/a>\n\t\t\t<\/div>\n\t\t\t\n\t\t\t\t\t\t<div class=\"elementor-icon-box-content\">\n\n\t\t\t\t\t\t\t\t\t<h4 class=\"elementor-icon-box-title\">\n\t\t\t\t\t\t<a href=\"https:\/\/prognozavremena.info\/tara-planina\" target=\"_blank\" >\n\t\t\t\t\t\t\tVremenska prognoza za planinu Taru iz vi\u0161e izvora:\t\t\t\t\t\t<\/a>\n\t\t\t\t\t<\/h4>\n\t\t\t\t\n\t\t\t\t\t\t\t\t\t<p class=\"elementor-icon-box-description\">\n\t\t\t\t\t\tPogledajte vremensku prognozu za Taru na PROGNOZAVREMENA.INFO\t\t\t\t\t<\/p>\n\t\t\t\t\n\t\t\t<\/div>\n\t\t\t\n\t\t<\/div>\n\t\t\t\t\t\t<\/div>\n\t\t\t\t<\/div>\n\t\t\t\t\t<\/div>\n\t\t<\/div>\n\t\t\t\t\t<\/div>\n\t\t<\/section>\n\t\t\t\t<section class=\"elementor-section elementor-top-section elementor-element elementor-element-3577ec2 elementor-section-boxed elementor-section-height-default elementor-section-height-default\" data-id=\"3577ec2\" data-element_type=\"section\">\n\t\t\t\t\t\t<div class=\"elementor-container elementor-column-gap-default\">\n\t\t\t\t\t<div class=\"elementor-column elementor-col-100 elementor-top-column elementor-element elementor-element-375f1df\" data-id=\"375f1df\" data-element_type=\"column\">\n\t\t\t<div class=\"elementor-widget-wrap elementor-element-populated\">\n\t\t\t\t\t\t<div class=\"elementor-element elementor-element-d63b205 elementor-widget elementor-widget-heading\" data-id=\"d63b205\" data-element_type=\"widget\" data-widget_type=\"heading.default\">\n\t\t\t\t<div class=\"elementor-widget-container\">\n\t\t\t\t\t<h6 class=\"elementor-heading-title elementor-size-default\">Vremenska prognoza za Zaovine na Tari<\/h6>\t\t\t\t<\/div>\n\t\t\t\t<\/div>\n\t\t\t\t<div class=\"elementor-element elementor-element-059d53a elementor-widget elementor-widget-text-editor\" data-id=\"059d53a\" data-element_type=\"widget\" data-widget_type=\"text-editor.default\">\n\t\t\t\t<div class=\"elementor-widget-container\">\n\t\t\t\t\t\t\t\t\t<a class=\"weatherwidget-io\" href=\"https:\/\/forecast7.com\/en\/43d8619d39\/zaovine\/\" data-label_1=\"ZAOVINE\" data-label_2=\"www.TARA.rs\" data-theme=\"blue-mountains\">ZAOVINE www.TARA.rs<\/a>\n<script>\n!function(d,s,id){var js,fjs=d.getElementsByTagName(s)[0];if(!d.getElementById(id)){js=d.createElement(s);js.id=id;js.src='https:\/\/weatherwidget.io\/js\/widget.min.js';fjs.parentNode.insertBefore(js,fjs);}}(document,'script','weatherwidget-io-js');\n<\/script>\t\t\t\t\t\t\t\t<\/div>\n\t\t\t\t<\/div>\n\t\t\t\t<div class=\"elementor-element elementor-element-1db646b elementor-widget elementor-widget-heading\" data-id=\"1db646b\" data-element_type=\"widget\" data-widget_type=\"heading.default\">\n\t\t\t\t<div class=\"elementor-widget-container\">\n\t\t\t\t\t<h6 class=\"elementor-heading-title elementor-size-default\">Vremenska prognoza za Mitrovac na Tari<\/h6>\t\t\t\t<\/div>\n\t\t\t\t<\/div>\n\t\t\t\t<div class=\"elementor-element elementor-element-3ee28fe elementor-widget elementor-widget-text-editor\" data-id=\"3ee28fe\" data-element_type=\"widget\" data-widget_type=\"text-editor.default\">\n\t\t\t\t<div class=\"elementor-widget-container\">\n\t\t\t\t\t\t\t\t\t<a class=\"weatherwidget-io\" href=\"https:\/\/forecast7.com\/sr\/43d9219d42\/mitrovac\/\" data-label_1=\"MITROVAC\" data-label_2=\"Planina Tara\" data-theme=\"original\">MITROVAC Planina Tara<\/a>\n<script>\n!function(d,s,id){var js,fjs=d.getElementsByTagName(s)[0];if(!d.getElementById(id)){js=d.createElement(s);js.id=id;js.src='https:\/\/weatherwidget.io\/js\/widget.min.js';fjs.parentNode.insertBefore(js,fjs);}}(document,'script','weatherwidget-io-js');\n<\/script>\t\t\t\t\t\t\t\t<\/div>\n\t\t\t\t<\/div>\n\t\t\t\t<div class=\"elementor-element elementor-element-0f02b41 elementor-widget elementor-widget-heading\" data-id=\"0f02b41\" data-element_type=\"widget\" data-widget_type=\"heading.default\">\n\t\t\t\t<div class=\"elementor-widget-container\">\n\t\t\t\t\t<h6 class=\"elementor-heading-title elementor-size-default\">Vremenska prognoza za Peru\u0107ac<\/h6>\t\t\t\t<\/div>\n\t\t\t\t<\/div>\n\t\t\t\t<div class=\"elementor-element elementor-element-8789e64 elementor-widget elementor-widget-text-editor\" data-id=\"8789e64\" data-element_type=\"widget\" data-widget_type=\"text-editor.default\">\n\t\t\t\t<div class=\"elementor-widget-container\">\n\t\t\t\t\t\t\t\t\t<p><a class=\"weatherwidget-io\" href=\"https:\/\/forecast7.com\/en\/43d9619d43\/perucac\/\" data-label_1=\"PERU\u0106AC\" data-label_2=\"www.TARA.rs\" data-theme=\"marine\">PERU\u0106AC www.TARA.rs<\/a><br \/><script>\n!function(d,s,id){var js,fjs=d.getElementsByTagName(s)[0];if(!d.getElementById(id)){js=d.createElement(s);js.id=id;js.src='https:\/\/weatherwidget.io\/js\/widget.min.js';fjs.parentNode.insertBefore(js,fjs);}}(document,'script','weatherwidget-io-js');\n<\/script><\/p>\t\t\t\t\t\t\t\t<\/div>\n\t\t\t\t<\/div>\n\t\t\t\t\t<\/div>\n\t\t<\/div>\n\t\t\t\t\t<\/div>\n\t\t<\/section>\n\t\t\t\t<section class=\"elementor-section elementor-top-section elementor-element elementor-element-e3992d9 elementor-section-boxed elementor-section-height-default elementor-section-height-default\" data-id=\"e3992d9\" data-element_type=\"section\">\n\t\t\t\t\t\t<div class=\"elementor-container elementor-column-gap-default\">\n\t\t\t\t\t<div class=\"elementor-column elementor-col-100 elementor-top-column elementor-element elementor-element-7a50ee5\" data-id=\"7a50ee5\" data-element_type=\"column\">\n\t\t\t<div class=\"elementor-widget-wrap elementor-element-populated\">\n\t\t\t\t\t\t<div class=\"elementor-element elementor-element-da10c74 elementor-cta--layout-image-right elementor-cta--valign-middle elementor-cta--skin-classic elementor-animated-content elementor-bg-transform elementor-bg-transform-zoom-in elementor-widget elementor-widget-global elementor-global-77340 elementor-widget-call-to-action\" data-id=\"da10c74\" data-element_type=\"widget\" data-widget_type=\"call-to-action.default\">\n\t\t\t\t<div class=\"elementor-widget-container\">\n\t\t\t\t\t\t\t<a class=\"elementor-cta\" href=\"https:\/\/tara.rs\/sr\/letovanje-na-tari\/\">\n\t\t\t\t\t<div class=\"elementor-cta__bg-wrapper\">\n\t\t\t\t<div class=\"elementor-cta__bg elementor-bg\" style=\"background-image: url(https:\/\/tara.rs\/wp-content\/uploads\/2018\/06\/tara-zaovine-jezero-kupanje-letovanje-2-768x512.jpg);\" role=\"img\" aria-label=\"tara-zaovine-jezero-kupanje-letovanje-2\"><\/div>\n\t\t\t\t<div class=\"elementor-cta__bg-overlay\"><\/div>\n\t\t\t<\/div>\n\t\t\t\t\t\t\t<div class=\"elementor-cta__content\">\n\t\t\t\t\n\t\t\t\t\t\t\t\t\t<h2 class=\"elementor-cta__title elementor-cta__content-item elementor-content-item\">\n\t\t\t\t\t\tLETOVANJE NA PLANINI TARI\t\t\t\t\t<\/h2>\n\t\t\t\t\n\t\t\t\t\t\t\t\t\t<div class=\"elementor-cta__description elementor-cta__content-item elementor-content-item\">\n\t\t\t\t\t\tOtkrijte \u010dari letovanja na planini Tari, gde vas o\u010dekuju predivni vidikovci, \u010dista jezera i brojne avanture. Rezervi\u0161ite idealan sme\u0161taj blizu ovih atrakcija na planini Tari...jezera Zaovine i Peru\u0107ac, reke Drine ili u Bajinoj Ba\u0161ti. U\u017eivajte u prirodi i avanturama koje Tara nudi!\t\t\t\t\t<\/div>\n\t\t\t\t\n\t\t\t\t\t\t\t\t\t<div class=\"elementor-cta__button-wrapper elementor-cta__content-item elementor-content-item \">\n\t\t\t\t\t<span class=\"elementor-cta__button elementor-button elementor-size-md\">\n\t\t\t\t\t\tKliknite ovde\t\t\t\t\t<\/span>\n\t\t\t\t\t<\/div>\n\t\t\t\t\t\t\t<\/div>\n\t\t\t\t\t\t\t<div class=\"elementor-ribbon\">\n\t\t\t\t<div class=\"elementor-ribbon-inner\">\n\t\t\t\t\tLETO NA TARI\t\t\t\t<\/div>\n\t\t\t<\/div>\n\t\t\t\t<\/a>\n\t\t\t\t\t\t<\/div>\n\t\t\t\t<\/div>\n\t\t\t\t\t<\/div>\n\t\t<\/div>\n\t\t\t\t\t<\/div>\n\t\t<\/section>\n\t\t\t\t<section class=\"elementor-section elementor-top-section elementor-element elementor-element-184ed5b elementor-section-boxed elementor-section-height-default elementor-section-height-default\" data-id=\"184ed5b\" data-element_type=\"section\">\n\t\t\t\t\t\t<div class=\"elementor-container elementor-column-gap-default\">\n\t\t\t\t\t<div class=\"elementor-column elementor-col-100 elementor-top-column elementor-element elementor-element-f291dd0\" data-id=\"f291dd0\" data-element_type=\"column\">\n\t\t\t<div class=\"elementor-widget-wrap elementor-element-populated\">\n\t\t\t\t\t\t<div class=\"elementor-element elementor-element-4338333 elementor-headline--style-highlight elementor-widget elementor-widget-animated-headline\" data-id=\"4338333\" data-element_type=\"widget\" data-settings=\"{&quot;highlighted_text&quot;:&quot;POVOLJNIM CENAMA&quot;,&quot;headline_style&quot;:&quot;highlight&quot;,&quot;marker&quot;:&quot;circle&quot;,&quot;loop&quot;:&quot;yes&quot;,&quot;highlight_animation_duration&quot;:1200,&quot;highlight_iteration_delay&quot;:8000}\" data-widget_type=\"animated-headline.default\">\n\t\t\t\t<div class=\"elementor-widget-container\">\n\t\t\t\t\t\t\t<h3 class=\"elementor-headline\">\n\t\t\t\t\t<span class=\"elementor-headline-plain-text elementor-headline-text-wrapper\">SME\u0160TAJ PO <\/span>\n\t\t\t\t<span class=\"elementor-headline-dynamic-wrapper elementor-headline-text-wrapper\">\n\t\t\t\t\t<span class=\"elementor-headline-dynamic-text elementor-headline-text-active\">POVOLJNIM CENAMA<\/span>\n\t\t\t\t<\/span>\n\t\t\t\t<\/h3>\n\t\t\t\t\t\t<\/div>\n\t\t\t\t<\/div>\n\t\t\t\t\t<\/div>\n\t\t<\/div>\n\t\t\t\t\t<\/div>\n\t\t<\/section>\n\t\t\t\t<section class=\"elementor-section elementor-top-section elementor-element elementor-element-a3bcaf4 elementor-section-full_width elementor-section-content-middle elementor-section-height-default elementor-section-height-default\" data-id=\"a3bcaf4\" data-element_type=\"section\">\n\t\t\t\t\t\t<div class=\"elementor-container elementor-column-gap-narrow\">\n\t\t\t\t\t<div class=\"elementor-column elementor-col-25 elementor-top-column elementor-element elementor-element-1e2994f\" data-id=\"1e2994f\" data-element_type=\"column\">\n\t\t\t<div class=\"elementor-widget-wrap elementor-element-populated\">\n\t\t\t\t\t\t<div class=\"elementor-element elementor-element-6c0849a elementor-widget elementor-widget-ere-cta-two-widget\" data-id=\"6c0849a\" data-element_type=\"widget\" data-widget_type=\"ere-cta-two-widget.default\">\n\t\t\t\t<div class=\"elementor-widget-container\">\n\t\t\t\t\t        <section\n                class=\"rh_elementor_widget rh_section__cta_elementor_two rh_cta--featured_elementor \" style=\"background-size: ; background-image: url( ) \">\n\n\n\t\t\t                <div class=\"elementor_overlay_cta_1\"><\/div>\n\t\t\t            <div class=\"wrapper-section-contents_elementor\">\n                <div class=\"rh_cta__wrap_elementor\">\n\n\t\t\t\t\t                        <p class=\"rh_cta__title\">Tra\u017eite najpovoljnije?<\/p>\n\t\t\t\t\t\n\t\t\t\t\t                        <h3 class=\"rh_cta__quote\">Sme\u0161taj od 10\u20ac do 25\u20ac<\/h3>\n\t\t\t\t\t\n                    <div class=\"rh_cta__btns_elementor_two\">\n\n\t\t\t\t\t\t                            <a href=\"https:\/\/tara.rs\/sr\/pretraga\/?min-price=5&#038;max-price=25&#038;sort-properties=price-asc&#038;sortby=price-asc\"\n                               class=\"cta_two_elementor_first_button cta_two_elementor_button\">Pogledajte<\/a>\n\t\t\t\t\t\t\n\t\t\t\t\t\t\n                    <\/div>\n\n                <\/div>\n            <\/div>\n\n        <\/section>\n\n\t\t\t\t\t\t<\/div>\n\t\t\t\t<\/div>\n\t\t\t\t\t<\/div>\n\t\t<\/div>\n\t\t\t\t<div class=\"elementor-column elementor-col-25 elementor-top-column elementor-element elementor-element-adce47b\" data-id=\"adce47b\" data-element_type=\"column\">\n\t\t\t<div class=\"elementor-widget-wrap elementor-element-populated\">\n\t\t\t\t\t\t<div class=\"elementor-element elementor-element-da1d5c3 elementor-widget elementor-widget-ere-cta-two-widget\" data-id=\"da1d5c3\" data-element_type=\"widget\" data-widget_type=\"ere-cta-two-widget.default\">\n\t\t\t\t<div class=\"elementor-widget-container\">\n\t\t\t\t\t        <section\n                class=\"rh_elementor_widget rh_section__cta_elementor_two rh_cta--featured_elementor \" style=\"background-size: ; background-image: url( ) \">\n\n\n\t\t\t                <div class=\"elementor_overlay_cta_1\"><\/div>\n\t\t\t            <div class=\"wrapper-section-contents_elementor\">\n                <div class=\"rh_cta__wrap_elementor\">\n\n\t\t\t\t\t                        <p class=\"rh_cta__title\">Tra\u017eite najpovoljnije?<\/p>\n\t\t\t\t\t\n\t\t\t\t\t                        <h3 class=\"rh_cta__quote\">Sme\u0161taj od 25\u20ac do 50\u20ac<\/h3>\n\t\t\t\t\t\n                    <div class=\"rh_cta__btns_elementor_two\">\n\n\t\t\t\t\t\t                            <a href=\"https:\/\/tara.rs\/sr\/pretraga\/?min-price=25&#038;max-price=50&#038;sort-properties=price-asc&#038;sortby=price-asc\"\n                               class=\"cta_two_elementor_first_button cta_two_elementor_button\">Pogledajte<\/a>\n\t\t\t\t\t\t\n\t\t\t\t\t\t\n                    <\/div>\n\n                <\/div>\n            <\/div>\n\n        <\/section>\n\n\t\t\t\t\t\t<\/div>\n\t\t\t\t<\/div>\n\t\t\t\t\t<\/div>\n\t\t<\/div>\n\t\t\t\t<div class=\"elementor-column elementor-col-25 elementor-top-column elementor-element elementor-element-f3cd4f0\" data-id=\"f3cd4f0\" data-element_type=\"column\">\n\t\t\t<div class=\"elementor-widget-wrap elementor-element-populated\">\n\t\t\t\t\t\t<div class=\"elementor-element elementor-element-9d87c96 elementor-widget elementor-widget-ere-cta-two-widget\" data-id=\"9d87c96\" data-element_type=\"widget\" data-widget_type=\"ere-cta-two-widget.default\">\n\t\t\t\t<div class=\"elementor-widget-container\">\n\t\t\t\t\t        <section\n                class=\"rh_elementor_widget rh_section__cta_elementor_two rh_cta--featured_elementor \" style=\"background-size: ; background-image: url( ) \">\n\n\n\t\t\t                <div class=\"elementor_overlay_cta_1\"><\/div>\n\t\t\t            <div class=\"wrapper-section-contents_elementor\">\n                <div class=\"rh_cta__wrap_elementor\">\n\n\t\t\t\t\t                        <p class=\"rh_cta__title\">Odmor na Tari<\/p>\n\t\t\t\t\t\n\t\t\t\t\t                        <h3 class=\"rh_cta__quote\">Sme\u0161taj od 50\u20ac do 75\u20ac<\/h3>\n\t\t\t\t\t\n                    <div class=\"rh_cta__btns_elementor_two\">\n\n\t\t\t\t\t\t                            <a href=\"https:\/\/tara.rs\/sr\/pretraga\/?min-price=50&#038;max-price=70&#038;sort-properties=price-asc&#038;sortby=price-asc\"\n                               class=\"cta_two_elementor_first_button cta_two_elementor_button\">Pogledajte<\/a>\n\t\t\t\t\t\t\n\t\t\t\t\t\t\n                    <\/div>\n\n                <\/div>\n            <\/div>\n\n        <\/section>\n\n\t\t\t\t\t\t<\/div>\n\t\t\t\t<\/div>\n\t\t\t\t\t<\/div>\n\t\t<\/div>\n\t\t\t\t<div class=\"elementor-column elementor-col-25 elementor-top-column elementor-element elementor-element-f29ef13\" data-id=\"f29ef13\" data-element_type=\"column\">\n\t\t\t<div class=\"elementor-widget-wrap elementor-element-populated\">\n\t\t\t\t\t\t<div class=\"elementor-element elementor-element-c491a75 elementor-widget elementor-widget-ere-cta-two-widget\" data-id=\"c491a75\" data-element_type=\"widget\" data-widget_type=\"ere-cta-two-widget.default\">\n\t\t\t\t<div class=\"elementor-widget-container\">\n\t\t\t\t\t        <section\n                class=\"rh_elementor_widget rh_section__cta_elementor_two rh_cta--featured_elementor \" style=\"background-size: ; background-image: url( ) \">\n\n\n\t\t\t                <div class=\"elementor_overlay_cta_1\"><\/div>\n\t\t\t            <div class=\"wrapper-section-contents_elementor\">\n                <div class=\"rh_cta__wrap_elementor\">\n\n\t\t\t\t\t                        <p class=\"rh_cta__title\">Lux odmor na Tari<\/p>\n\t\t\t\t\t\n\t\t\t\t\t                        <h3 class=\"rh_cta__quote\">Sme\u0161taj od 75+ \u20ac<\/h3>\n\t\t\t\t\t\n                    <div class=\"rh_cta__btns_elementor_two\">\n\n\t\t\t\t\t\t                            <a href=\"https:\/\/tara.rs\/sr\/pretraga\/?min-price=70&#038;max-price=200sc&#038;sortby=price-desc\"\n                               class=\"cta_two_elementor_first_button cta_two_elementor_button\">Pogledajte<\/a>\n\t\t\t\t\t\t\n\t\t\t\t\t\t\n                    <\/div>\n\n                <\/div>\n            <\/div>\n\n        <\/section>\n\n\t\t\t\t\t\t<\/div>\n\t\t\t\t<\/div>\n\t\t\t\t\t<\/div>\n\t\t<\/div>\n\t\t\t\t\t<\/div>\n\t\t<\/section>\n\t\t\t\t<section class=\"elementor-section elementor-top-section elementor-element elementor-element-e9ac86e elementor-section-boxed elementor-section-height-default elementor-section-height-default\" data-id=\"e9ac86e\" data-element_type=\"section\">\n\t\t\t\t\t\t<div class=\"elementor-container elementor-column-gap-default\">\n\t\t\t\t\t<div class=\"elementor-column elementor-col-100 elementor-top-column elementor-element elementor-element-eda9431\" data-id=\"eda9431\" data-element_type=\"column\">\n\t\t\t<div class=\"elementor-widget-wrap\">\n\t\t\t\t\t\t\t<\/div>\n\t\t<\/div>\n\t\t\t\t\t<\/div>\n\t\t<\/section>\n\t\t\t\t<section class=\"elementor-section elementor-top-section elementor-element elementor-element-7435a0a elementor-section-boxed elementor-section-height-default elementor-section-height-default\" data-id=\"7435a0a\" data-element_type=\"section\">\n\t\t\t\t\t\t<div class=\"elementor-container elementor-column-gap-default\">\n\t\t\t\t\t<div class=\"elementor-column elementor-col-100 elementor-top-column elementor-element elementor-element-2533c09\" data-id=\"2533c09\" data-element_type=\"column\">\n\t\t\t<div class=\"elementor-widget-wrap elementor-element-populated\">\n\t\t\t\t\t\t<div class=\"elementor-element elementor-element-602cfcf elementor-view-stacked elementor-shape-circle elementor-position-top elementor-mobile-position-top elementor-widget elementor-widget-icon-box\" data-id=\"602cfcf\" data-element_type=\"widget\" data-widget_type=\"icon-box.default\">\n\t\t\t\t<div class=\"elementor-widget-container\">\n\t\t\t\t\t\t\t<div class=\"elementor-icon-box-wrapper\">\n\n\t\t\t\t\t\t<div class=\"elementor-icon-box-icon\">\n\t\t\t\t<a href=\"https:\/\/tara.rs\/sr\/planina-tara\/\" class=\"elementor-icon elementor-animation-wobble-horizontal\" tabindex=\"-1\" aria-label=\"INFO TARA\">\n\t\t\t\t<i aria-hidden=\"true\" class=\"fas fa-tree\"><\/i>\t\t\t\t<\/a>\n\t\t\t<\/div>\n\t\t\t\n\t\t\t\t\t\t<div class=\"elementor-icon-box-content\">\n\n\t\t\t\t\t\t\t\t\t<h4 class=\"elementor-icon-box-title\">\n\t\t\t\t\t\t<a href=\"https:\/\/tara.rs\/sr\/planina-tara\/\" >\n\t\t\t\t\t\t\tINFO TARA\t\t\t\t\t\t<\/a>\n\t\t\t\t\t<\/h4>\n\t\t\t\t\n\t\t\t\t\t\t\t\t\t<p class=\"elementor-icon-box-description\">\n\t\t\t\t\t\tPrelepi vidikovci Tare, jezera Zaovine i Peru\u0107ac, kanjon Drine i netaknuta priroda nacionalnog Parka Tara zovu Vas da provedete odmor upravo ovde.. Vi\u0161e informacija  klikom na JELKU \ud83d\ude42\n\t\t\t\t\t<\/p>\n\t\t\t\t\n\t\t\t<\/div>\n\t\t\t\n\t\t<\/div>\n\t\t\t\t\t\t<\/div>\n\t\t\t\t<\/div>\n\t\t\t\t<div class=\"elementor-element elementor-element-05c162f elementor-widget elementor-widget-ere-section-title-widget\" data-id=\"05c162f\" data-element_type=\"widget\" data-widget_type=\"ere-section-title-widget.default\">\n\t\t\t\t<div class=\"elementor-widget-container\">\n\t\t\t\t\t            <div class=\"rh_elementor_widget re_section_head_elementor\">\n\t\t\t\t                    <span class=\"rh_section__subtitle\">PLANINA TARA<\/span>\n\t\t\t\t\n\t\t\t\t                    <h2 class=\"rh_section__title\">IZDVAJAMO SME\u0160TAJ<\/h2>\n\t\t\t\t\n\t\t\t\t            <\/div>\n\t\t\t\t\t\t\t<\/div>\n\t\t\t\t<\/div>\n\t\t\t\t<div class=\"elementor-element elementor-element-85eb488 elementor-widget elementor-widget-rhea-properties-widget\" data-id=\"85eb488\" data-element_type=\"widget\" data-widget_type=\"rhea-properties-widget.default\">\n\t\t\t\t<div class=\"elementor-widget-container\">\n\t\t\t\t\t        <section id=\"rh-85eb488\" class=\"rh_elementor_widget rh_latest-properties rhea_properties_default rhea_ele_property_ajax_target rhea_latest_properties_ajax elementor_properties_grid elementor_property_card_parent rhea_has_tooltip\">\n\t\t\t\n<div class=\"container-latest-properties\">\n    <div class=\"wrapper-section-contents\">\n        <div class=\"home-properties-section-inner home-properties-section-inner-target\">\n\t\t\t                <div class=\"rh_properties_element rh_properties_pagination_append\">\n\t\t\t\t                    <div class=\"wrapper_properties_ele\">\n\n                        <article class=\"rh_prop_card_elementor\">\n\n                            <div class=\"rh_prop_card__wrap\">\n\n\t\t\t\t\t\t\t\t                                    <div class=\"rh_label_elementor rh_label__property_elementor\">\n                                        <div class=\"rh_label__wrap\">\n\t\t\t\t\t\t\t\t\t\t\tIZDVAJAMO                                            <span><\/span>\n                                        <\/div>\n                                    <\/div>\n\t\t\t\t\t\t\t\t\n                                <figure class=\"rh_prop_card__thumbnail\">\n                                    <div class=\"rhea_figure_property_one\">\n                                        <div class=\"rhea_top_tags_box\">\n\t\t\t\t\t\t\t\t\t\t\t                                        <\/div>\n\n\t                                    \n                                        <a href=\"https:\/\/tara.rs\/sr\/objekat\/tara-exclusive\/\">\n\t\t\t\t\t\t\t\t\t\t\t<img fetchpriority=\"high\" decoding=\"async\" width=\"488\" height=\"326\" src=\"https:\/\/tara.rs\/wp-content\/uploads\/2024\/02\/planina-tara-smestaj-kurta-apartmani-restoran-spa-17-488x326.jpg\" class=\"attachment-property-thumb-image size-property-thumb-image wp-post-image\" alt=\"\" \/>                                        <\/a>\n\n                                        <div class=\"rh_overlay\"><\/div>\n                                        <div class=\"rh_overlay__contents rh_overlay__fadeIn-bottom\">\n                                            <a href=\"https:\/\/tara.rs\/sr\/objekat\/tara-exclusive\/\">POGLEDAJTE                                            <\/a>\n                                        <\/div>\n\t\t\t\t\t\t\t\t\t\t            <span style=\"background: #af1f1a; border-color: #af1f1a\" class='rhea-property-label'>TARA EXCLUSIVE SUITES &amp; SPA<\/span>\n\t\t\t\n                                    <\/div>\n\n                                    <div class=\"rh_prop_card__btns\">\n\t\t\t\t\t\t\t\t\t\t                                    <\/div>\n                                <\/figure>\n\n                                <div class=\"rh_prop_card__details_elementor\">\n\n                                    <h3><a href=\"https:\/\/tara.rs\/sr\/objekat\/tara-exclusive\/\">Kurta KAFANA I APARTMANI<\/a><\/h3>\n\n\t\t\t\t\t\t\t\t\t\n                                        <p class=\"rh_prop_card__excerpt\">Kurta KAFANA I APARTMANI se nalaze na Kalu\u0111erskim Barama. Sobe i apartmani su visokokvalitetni, komforni, savremeno opremljeni, prijatnih tonova i&hellip;<\/p>\n\n\t\t\t\t\t\t\t\t\t\t\n                                    <div class=\"rh_prop_card__meta_wrap_elementor\">\n\t\t                                    <div class=\"rh_prop_card_meta_wrap_stylish\">\n\t\t    <\/div>\n\t                                    <\/div>\n\n                                    <div class=\"rh_prop_card__priceLabel \">\n                                        <div class=\"rhea_property_price_box\">\n                                            <span class=\"rh_prop_card__status\">\n                                                TARA, IZDVAJAMO - TARA - KAL. BARE                                            <\/span>\n                                            <p class=\"rh_prop_card__price\">\n\t\t\t\t                                Cena na upit.                                            <\/p>\n                                        <\/div>\n\t\t                                                                            <div class=\"rhea_rvr_ratings rvr_rating_right\">\n\t\t\t\t                                                                            <\/div>\n\t\t                                                                    <\/div>\n\n                                <\/div>\n\n                            <\/div>\n\n                        <\/article>\n\n                    <\/div>\n\t\t\t\t\t                    <div class=\"wrapper_properties_ele\">\n\n                        <article class=\"rh_prop_card_elementor\">\n\n                            <div class=\"rh_prop_card__wrap\">\n\n\t\t\t\t\t\t\t\t                                    <div class=\"rh_label_elementor rh_label__property_elementor\">\n                                        <div class=\"rh_label__wrap\">\n\t\t\t\t\t\t\t\t\t\t\tIZDVAJAMO                                            <span><\/span>\n                                        <\/div>\n                                    <\/div>\n\t\t\t\t\t\t\t\t\n                                <figure class=\"rh_prop_card__thumbnail\">\n                                    <div class=\"rhea_figure_property_one\">\n                                        <div class=\"rhea_top_tags_box\">\n\t\t\t\t\t\t\t\t\t\t\t                                        <\/div>\n\n\t                                    \n                                        <a href=\"https:\/\/tara.rs\/sr\/objekat\/tara-apartmani\/\">\n\t\t\t\t\t\t\t\t\t\t\t<img decoding=\"async\" width=\"488\" height=\"326\" src=\"https:\/\/tara.rs\/wp-content\/uploads\/2022\/01\/tara-apartmani-smestaj-kaludjerske-bare-0-488x326.jpg\" class=\"attachment-property-thumb-image size-property-thumb-image wp-post-image\" alt=\"\" srcset=\"https:\/\/tara.rs\/wp-content\/uploads\/2022\/01\/tara-apartmani-smestaj-kaludjerske-bare-0-488x326.jpg 488w, https:\/\/tara.rs\/wp-content\/uploads\/2022\/01\/tara-apartmani-smestaj-kaludjerske-bare-0-300x200.jpg 300w, https:\/\/tara.rs\/wp-content\/uploads\/2022\/01\/tara-apartmani-smestaj-kaludjerske-bare-0-768x512.jpg 768w, https:\/\/tara.rs\/wp-content\/uploads\/2022\/01\/tara-apartmani-smestaj-kaludjerske-bare-0-150x100.jpg 150w, https:\/\/tara.rs\/wp-content\/uploads\/2022\/01\/tara-apartmani-smestaj-kaludjerske-bare-0.jpg 830w\" sizes=\"(max-width: 488px) 100vw, 488px\" \/>                                        <\/a>\n\n                                        <div class=\"rh_overlay\"><\/div>\n                                        <div class=\"rh_overlay__contents rh_overlay__fadeIn-bottom\">\n                                            <a href=\"https:\/\/tara.rs\/sr\/objekat\/tara-apartmani\/\">POGLEDAJTE                                            <\/a>\n                                        <\/div>\n\t\t\t\t\t\t\t\t\t\t            <span style=\"background: #dd3333; border-color: #dd3333\" class='rhea-property-label'>NOVI LUX APARTMANI - \u0110AKUZI - SAUNA<\/span>\n\t\t\t\n                                    <\/div>\n\n                                    <div class=\"rh_prop_card__btns\">\n\t\t\t\t\t\t\t\t\t\t                                    <\/div>\n                                <\/figure>\n\n                                <div class=\"rh_prop_card__details_elementor\">\n\n                                    <h3><a href=\"https:\/\/tara.rs\/sr\/objekat\/tara-apartmani\/\">TARA Apartmani<\/a><\/h3>\n\n\t\t\t\t\t\t\t\t\t\n                                        <p class=\"rh_prop_card__excerpt\">Novi i moderni TARA APARTMANI se nalaze u samom centru planine Tare, na Kalu\u0111erskim Barama. Pogledajte lokaciju na Google mapi.&hellip;<\/p>\n\n\t\t\t\t\t\t\t\t\t\t\n                                    <div class=\"rh_prop_card__meta_wrap_elementor\">\n\t\t                                    <div class=\"rh_prop_card_meta_wrap_stylish\">\n\t\t    <\/div>\n\t                                    <\/div>\n\n                                    <div class=\"rh_prop_card__priceLabel \">\n                                        <div class=\"rhea_property_price_box\">\n                                            <span class=\"rh_prop_card__status\">\n                                                TARA, IZDVAJAMO - TARA - KAL. BARE                                            <\/span>\n                                            <p class=\"rh_prop_card__price\">\n\t\t\t\t                                OD 70\u20ac APARTMAN \/ DAN                                            <\/p>\n                                        <\/div>\n\t\t                                                                            <div class=\"rhea_rvr_ratings rvr_rating_right\">\n\t\t\t\t                                                                            <\/div>\n\t\t                                                                    <\/div>\n\n                                <\/div>\n\n                            <\/div>\n\n                        <\/article>\n\n                    <\/div>\n\t\t\t\t\t                    <div class=\"wrapper_properties_ele\">\n\n                        <article class=\"rh_prop_card_elementor\">\n\n                            <div class=\"rh_prop_card__wrap\">\n\n\t\t\t\t\t\t\t\t                                    <div class=\"rh_label_elementor rh_label__property_elementor\">\n                                        <div class=\"rh_label__wrap\">\n\t\t\t\t\t\t\t\t\t\t\tIZDVAJAMO                                            <span><\/span>\n                                        <\/div>\n                                    <\/div>\n\t\t\t\t\t\t\t\t\n                                <figure class=\"rh_prop_card__thumbnail\">\n                                    <div class=\"rhea_figure_property_one\">\n                                        <div class=\"rhea_top_tags_box\">\n\t\t\t\t\t\t\t\t\t\t\t                                        <\/div>\n\n\t                                    \n                                        <a href=\"https:\/\/tara.rs\/sr\/objekat\/rajske-vile-spa\/\">\n\t\t\t\t\t\t\t\t\t\t\t<img decoding=\"async\" width=\"488\" height=\"326\" src=\"https:\/\/tara.rs\/wp-content\/uploads\/2024\/02\/rajske-vile-i-spa-planina-tara-lux-14-488x326.jpg\" class=\"attachment-property-thumb-image size-property-thumb-image wp-post-image\" alt=\"\" \/>                                        <\/a>\n\n                                        <div class=\"rh_overlay\"><\/div>\n                                        <div class=\"rh_overlay__contents rh_overlay__fadeIn-bottom\">\n                                            <a href=\"https:\/\/tara.rs\/sr\/objekat\/rajske-vile-spa\/\">POGLEDAJTE                                            <\/a>\n                                        <\/div>\n\t\t\t\t\t\t\t\t\t\t            <span style=\"background: #8224e3; border-color: #8224e3\" class='rhea-property-label'>BAZEN - SPA CENTAR - VIDIKOVAC<\/span>\n\t\t\t\n                                    <\/div>\n\n                                    <div class=\"rh_prop_card__btns\">\n\t\t\t\t\t\t\t\t\t\t                                    <\/div>\n                                <\/figure>\n\n                                <div class=\"rh_prop_card__details_elementor\">\n\n                                    <h3><a href=\"https:\/\/tara.rs\/sr\/objekat\/rajske-vile-spa\/\">RAJSKE VILE &#038; SPA<\/a><\/h3>\n\n\t\t\t\t\t\t\t\t\t\n                                        <p class=\"rh_prop_card__excerpt\">Odmor iz snova: Luksuzne vile i SPA na Zaovinskom jezeru Na\u0161e rajske vile na Tari predstavljaju idealnu destinaciju za one&hellip;<\/p>\n\n\t\t\t\t\t\t\t\t\t\t\n                                    <div class=\"rh_prop_card__meta_wrap_elementor\">\n\t\t                                    <div class=\"rh_prop_card_meta_wrap_stylish\">\n\t\t    <\/div>\n\t                                    <\/div>\n\n                                    <div class=\"rh_prop_card__priceLabel \">\n                                        <div class=\"rhea_property_price_box\">\n                                            <span class=\"rh_prop_card__status\">\n                                                TARA, IZDVAJAMO - TARA - ZAOVINE                                            <\/span>\n                                            <p class=\"rh_prop_card__price\">\n\t\t\t\t                                Cena na upit.                                            <\/p>\n                                        <\/div>\n\t\t                                                                            <div class=\"rhea_rvr_ratings rvr_rating_right\">\n\t\t\t\t                                                                            <\/div>\n\t\t                                                                    <\/div>\n\n                                <\/div>\n\n                            <\/div>\n\n                        <\/article>\n\n                    <\/div>\n\t\t\t\t\t                    <div class=\"wrapper_properties_ele\">\n\n                        <article class=\"rh_prop_card_elementor\">\n\n                            <div class=\"rh_prop_card__wrap\">\n\n\t\t\t\t\t\t\t\t                                    <div class=\"rh_label_elementor rh_label__property_elementor\">\n                                        <div class=\"rh_label__wrap\">\n\t\t\t\t\t\t\t\t\t\t\tIZDVAJAMO                                            <span><\/span>\n                                        <\/div>\n                                    <\/div>\n\t\t\t\t\t\t\t\t\n                                <figure class=\"rh_prop_card__thumbnail\">\n                                    <div class=\"rhea_figure_property_one\">\n                                        <div class=\"rhea_top_tags_box\">\n\t\t\t\t\t\t\t\t\t\t\t                                        <\/div>\n\n\t                                    \n                                        <a href=\"https:\/\/tara.rs\/sr\/objekat\/kremna-concept\/\">\n\t\t\t\t\t\t\t\t\t\t\t<img loading=\"lazy\" decoding=\"async\" width=\"488\" height=\"326\" src=\"https:\/\/tara.rs\/wp-content\/uploads\/2025\/03\/kremna-concept-smestaj-tara-kremna-mokra-gora-488x326.jpg\" class=\"attachment-property-thumb-image size-property-thumb-image wp-post-image\" alt=\"\" \/>                                        <\/a>\n\n                                        <div class=\"rh_overlay\"><\/div>\n                                        <div class=\"rh_overlay__contents rh_overlay__fadeIn-bottom\">\n                                            <a href=\"https:\/\/tara.rs\/sr\/objekat\/kremna-concept\/\">POGLEDAJTE                                            <\/a>\n                                        <\/div>\n\t\t\t\t\t\t\t\t\t\t            <span style=\"background: #8224e3; border-color: #8224e3\" class='rhea-property-label'>MIR KAO NOVI LUKSUZ !<\/span>\n\t\t\t\n                                    <\/div>\n\n                                    <div class=\"rh_prop_card__btns\">\n\t\t\t\t\t\t\t\t\t\t                                    <\/div>\n                                <\/figure>\n\n                                <div class=\"rh_prop_card__details_elementor\">\n\n                                    <h3><a href=\"https:\/\/tara.rs\/sr\/objekat\/kremna-concept\/\">KREMNA CONCEPT<\/a><\/h3>\n\n\t\t\t\t\t\t\t\t\t\n                                        <p class=\"rh_prop_card__excerpt\">Kremna Concept. Mir kao novi luksuz! Odmor potreban savremenom \u010doveku po\u017eeljno je da sadr\u017ei sve\u017e vazduh, dobru vodu, lokalnu vrhunski&hellip;<\/p>\n\n\t\t\t\t\t\t\t\t\t\t\n                                    <div class=\"rh_prop_card__meta_wrap_elementor\">\n\t\t                                    <div class=\"rh_prop_card_meta_wrap_stylish\">\n\t\t    <\/div>\n\t                                    <\/div>\n\n                                    <div class=\"rh_prop_card__priceLabel \">\n                                        <div class=\"rhea_property_price_box\">\n                                            <span class=\"rh_prop_card__status\">\n                                                TARA                                            <\/span>\n                                            <p class=\"rh_prop_card__price\">\n\t\t\t\t                                Cena na upit.                                            <\/p>\n                                        <\/div>\n\t\t                                                                            <div class=\"rhea_rvr_ratings rvr_rating_right\">\n\t\t\t\t                                                                            <\/div>\n\t\t                                                                    <\/div>\n\n                                <\/div>\n\n                            <\/div>\n\n                        <\/article>\n\n                    <\/div>\n\t\t\t\t\t                    <div class=\"wrapper_properties_ele\">\n\n                        <article class=\"rh_prop_card_elementor\">\n\n                            <div class=\"rh_prop_card__wrap\">\n\n\t\t\t\t\t\t\t\t                                    <div class=\"rh_label_elementor rh_label__property_elementor\">\n                                        <div class=\"rh_label__wrap\">\n\t\t\t\t\t\t\t\t\t\t\tIZDVAJAMO                                            <span><\/span>\n                                        <\/div>\n                                    <\/div>\n\t\t\t\t\t\t\t\t\n                                <figure class=\"rh_prop_card__thumbnail\">\n                                    <div class=\"rhea_figure_property_one\">\n                                        <div class=\"rhea_top_tags_box\">\n\t\t\t\t\t\t\t\t\t\t\t                                        <\/div>\n\n\t                                    \n                                        <a href=\"https:\/\/tara.rs\/sr\/objekat\/riverfront-villas\/\">\n\t\t\t\t\t\t\t\t\t\t\t<img loading=\"lazy\" decoding=\"async\" width=\"488\" height=\"326\" src=\"https:\/\/tara.rs\/wp-content\/uploads\/2024\/11\/riverfront-villas-drina-bajina-basta-smestaj-sa-bazenom-21-488x326.jpg\" class=\"attachment-property-thumb-image size-property-thumb-image wp-post-image\" alt=\"\" \/>                                        <\/a>\n\n                                        <div class=\"rh_overlay\"><\/div>\n                                        <div class=\"rh_overlay__contents rh_overlay__fadeIn-bottom\">\n                                            <a href=\"https:\/\/tara.rs\/sr\/objekat\/riverfront-villas\/\">POGLEDAJTE                                            <\/a>\n                                        <\/div>\n\t\t\t\t\t\t\t\t\t\t            <span style=\"background: #8224e3; border-color: #8224e3\" class='rhea-property-label'>LUX ODMOR PORED REKE DRINE<\/span>\n\t\t\t\n                                    <\/div>\n\n                                    <div class=\"rh_prop_card__btns\">\n\t\t\t\t\t\t\t\t\t\t                                    <\/div>\n                                <\/figure>\n\n                                <div class=\"rh_prop_card__details_elementor\">\n\n                                    <h3><a href=\"https:\/\/tara.rs\/sr\/objekat\/riverfront-villas\/\">RIVERFRONT Villas<\/a><\/h3>\n\n\t\t\t\t\t\t\t\t\t\n                                        <p class=\"rh_prop_card__excerpt\">Riverfront Villas: Luksuzan odmor pored reke Drine Riverfront Villas sme\u0161tene su uz obalu reke Drine u Bajinoj Ba\u0161ti, u podno\u017eju&hellip;<\/p>\n\n\t\t\t\t\t\t\t\t\t\t\n                                    <div class=\"rh_prop_card__meta_wrap_elementor\">\n\t\t                                    <div class=\"rh_prop_card_meta_wrap_stylish\">\n\t\t    <\/div>\n\t                                    <\/div>\n\n                                    <div class=\"rh_prop_card__priceLabel \">\n                                        <div class=\"rhea_property_price_box\">\n                                            <span class=\"rh_prop_card__status\">\n                                                TARA, IZDVAJAMO - BAJINA BA\u0160TA, IZDVAJAMO - REKA DRINA                                            <\/span>\n                                            <p class=\"rh_prop_card__price\">\n\t\t\t\t                                Cena na upit.                                            <\/p>\n                                        <\/div>\n\t\t                                                                            <div class=\"rhea_rvr_ratings rvr_rating_right\">\n\t\t\t\t                                                                            <\/div>\n\t\t                                                                    <\/div>\n\n                                <\/div>\n\n                            <\/div>\n\n                        <\/article>\n\n                    <\/div>\n\t\t\t\t\t                    <div class=\"wrapper_properties_ele\">\n\n                        <article class=\"rh_prop_card_elementor\">\n\n                            <div class=\"rh_prop_card__wrap\">\n\n\t\t\t\t\t\t\t\t                                    <div class=\"rh_label_elementor rh_label__property_elementor\">\n                                        <div class=\"rh_label__wrap\">\n\t\t\t\t\t\t\t\t\t\t\tIZDVAJAMO                                            <span><\/span>\n                                        <\/div>\n                                    <\/div>\n\t\t\t\t\t\t\t\t\n                                <figure class=\"rh_prop_card__thumbnail\">\n                                    <div class=\"rhea_figure_property_one\">\n                                        <div class=\"rhea_top_tags_box\">\n\t\t\t\t\t\t\t\t\t\t\t                                        <\/div>\n\n\t                                    \n                                        <a href=\"https:\/\/tara.rs\/sr\/objekat\/vila-tomic\/\">\n\t\t\t\t\t\t\t\t\t\t\t<img loading=\"lazy\" decoding=\"async\" width=\"488\" height=\"326\" src=\"https:\/\/tara.rs\/wp-content\/uploads\/2019\/12\/vila-tomic-smestaj-na-tari-sa-zatvorenim-bazenom-22-488x326.jpg\" class=\"attachment-property-thumb-image size-property-thumb-image wp-post-image\" alt=\"\" srcset=\"https:\/\/tara.rs\/wp-content\/uploads\/2019\/12\/vila-tomic-smestaj-na-tari-sa-zatvorenim-bazenom-22-488x326.jpg 488w, https:\/\/tara.rs\/wp-content\/uploads\/2019\/12\/vila-tomic-smestaj-na-tari-sa-zatvorenim-bazenom-22-300x200.jpg 300w, https:\/\/tara.rs\/wp-content\/uploads\/2019\/12\/vila-tomic-smestaj-na-tari-sa-zatvorenim-bazenom-22-768x512.jpg 768w, https:\/\/tara.rs\/wp-content\/uploads\/2019\/12\/vila-tomic-smestaj-na-tari-sa-zatvorenim-bazenom-22-150x100.jpg 150w, https:\/\/tara.rs\/wp-content\/uploads\/2019\/12\/vila-tomic-smestaj-na-tari-sa-zatvorenim-bazenom-22.jpg 1000w\" sizes=\"(max-width: 488px) 100vw, 488px\" \/>                                        <\/a>\n\n                                        <div class=\"rh_overlay\"><\/div>\n                                        <div class=\"rh_overlay__contents rh_overlay__fadeIn-bottom\">\n                                            <a href=\"https:\/\/tara.rs\/sr\/objekat\/vila-tomic\/\">POGLEDAJTE                                            <\/a>\n                                        <\/div>\n\t\t\t\t\t\t\t\t\t\t            <span style=\"background: #dd3333; border-color: #dd3333\" class='rhea-property-label'>ZAVORENI BAZEN - LUX SME\u0160TAJ<\/span>\n\t\t\t\n                                    <\/div>\n\n                                    <div class=\"rh_prop_card__btns\">\n\t\t\t\t\t\t\t\t\t\t                                    <\/div>\n                                <\/figure>\n\n                                <div class=\"rh_prop_card__details_elementor\">\n\n                                    <h3><a href=\"https:\/\/tara.rs\/sr\/objekat\/vila-tomic\/\">VILA TOMI\u0106<\/a><\/h3>\n\n\t\t\t\t\t\t\t\t\t\n                                        <p class=\"rh_prop_card__excerpt\">Dobrodo\u0161li u Vilu Tomi\u0107, luksuzni sme\u0161taj sa zatvorenim bazenom na planini Tari, sme\u0161ten u srcu Kalu\u0111erskih Bara, jednom od najlep\u0161ih&hellip;<\/p>\n\n\t\t\t\t\t\t\t\t\t\t\n                                    <div class=\"rh_prop_card__meta_wrap_elementor\">\n\t\t                                    <div class=\"rh_prop_card_meta_wrap_stylish\">\n\t\t        <div class=\"rh_prop_card__meta\" style=\"order: 1\">\n\t\t\t\t\t\t\t<span class=\"rhea_meta_titles\">Bedrooms<\/span>                <div class=\"rhea_meta_icon_wrapper\">\n\t\t\t\t\t<svg class=\"rh_svg\" xmlns=\"http:\/\/www.w3.org\/2000\/svg\" width=\"24\" height=\"24\" viewBox=\"0 0 24 24\">\n <defs>\n  <\/defs>\n  <path d=\"M1111.91,600.993h16.17a2.635,2.635,0,0,1,2.68,1.773l1.21,11.358a2.456,2.456,0,0,1-2.61,2.875h-18.73a2.46,2.46,0,0,1-2.61-2.875l1.21-11.358A2.635,2.635,0,0,1,1111.91,600.993Zm0.66-7.994h3.86c1.09,0,2.57.135,2.57,1l0.01,3.463c0.14,0.838-1.72,1.539-2.93,1.539h-4.17c-1.21,0-2.07-.7-1.92-1.539l0.37-3.139A2.146,2.146,0,0,1,1112.57,593Zm11,0h3.86a2.123,2.123,0,0,1,2.2,1.325l0.38,3.139c0.14,0.838-.72,1.539-1.93,1.539h-5.17c-1.21,0-2.07-.7-1.92-1.539L1121,594C1121,593.1,1122.48,593,1123.57,593Z\" transform=\"translate(-1108 -593)\"\/>\n<\/svg>\n\t\t\t\t\t<span class=\"figure\">5<\/span>\t\t\t\t\t                <\/div>\n\t\t\t        <\/div>\n\t\t        <div class=\"rh_prop_card__meta\" style=\"order: 2\">\n\t\t\t\t\t\t\t<span class=\"rhea_meta_titles\">Bathrooms<\/span>                <div class=\"rhea_meta_icon_wrapper\">\n\t\t\t\t\t<svg class=\"rh_svg\" xmlns=\"http:\/\/www.w3.org\/2000\/svg\" width=\"23.69\" height=\"24\" viewBox=\"0 0 23.69 24\">\n  <path d=\"M1204,601a8,8,0,0,1,16,0v16h-2V601a6,6,0,0,0-12,0v1h-2v-1Zm7,6a6,6,0,0,0-12,0h12Zm-6,2a1,1,0,0,1,1,1v1a1,1,0,0,1-2,0v-1A1,1,0,0,1,1205,609Zm0,5a1,1,0,0,1,1,1v1a1,1,0,0,1-2,0v-1A1,1,0,0,1,1205,614Zm4.94-5.343a1,1,0,0,1,1.28.6l0.69,0.878a1,1,0,0,1-1.88.685l-0.69-.879A1,1,0,0,1,1209.94,608.657Zm2.05,4.638a1,1,0,0,1,1.28.6l0.35,0.94a1.008,1.008,0,0,1-.6,1.282,1,1,0,0,1-1.28-.6l-0.35-.939A1.008,1.008,0,0,1,1211.99,613.295Zm-11.93-4.638a1,1,0,0,1,.6,1.282l-0.69.879a1,1,0,1,1-1.87-.682l0.68-.88A1,1,0,0,1,1200.06,608.657Zm-2.05,4.639a1,1,0,0,1,.6,1.281l-0.34.941a1,1,0,0,1-1.88-.683l0.34-.94A1,1,0,0,1,1198.01,613.3Z\" transform=\"translate(-1196.31 -593)\"\/>\n<\/svg>\n\t\t\t\t\t<span class=\"figure\">3<\/span>\t\t\t\t\t                <\/div>\n\t\t\t        <\/div>\n\t\t    <\/div>\n\t                                    <\/div>\n\n                                    <div class=\"rh_prop_card__priceLabel \">\n                                        <div class=\"rhea_property_price_box\">\n                                            <span class=\"rh_prop_card__status\">\n                                                TARA, IZDVAJAMO - TARA - KAL. BARE                                            <\/span>\n                                            <p class=\"rh_prop_card__price\">\n\t\t\t\t                                Cena na upit.                                            <\/p>\n                                        <\/div>\n\t\t                                                                            <div class=\"rhea_rvr_ratings rvr_rating_right\">\n\t\t\t\t                                                                            <\/div>\n\t\t                                                                    <\/div>\n\n                                <\/div>\n\n                            <\/div>\n\n                        <\/article>\n\n                    <\/div>\n\t\t\t\t\t                    <div class=\"wrapper_properties_ele\">\n\n                        <article class=\"rh_prop_card_elementor\">\n\n                            <div class=\"rh_prop_card__wrap\">\n\n\t\t\t\t\t\t\t\t                                    <div class=\"rh_label_elementor rh_label__property_elementor\">\n                                        <div class=\"rh_label__wrap\">\n\t\t\t\t\t\t\t\t\t\t\tIZDVAJAMO                                            <span><\/span>\n                                        <\/div>\n                                    <\/div>\n\t\t\t\t\t\t\t\t\n                                <figure class=\"rh_prop_card__thumbnail\">\n                                    <div class=\"rhea_figure_property_one\">\n                                        <div class=\"rhea_top_tags_box\">\n\t\t\t\t\t\t\t\t\t\t\t                                        <\/div>\n\n\t                                    \n                                        <a href=\"https:\/\/tara.rs\/sr\/objekat\/vila-vujic\/\">\n\t\t\t\t\t\t\t\t\t\t\t<img loading=\"lazy\" decoding=\"async\" width=\"488\" height=\"326\" src=\"https:\/\/tara.rs\/wp-content\/uploads\/2023\/10\/vila-vujic-tara-apartmani-smestaj-10-488x326.jpg\" class=\"attachment-property-thumb-image size-property-thumb-image wp-post-image\" alt=\"\" \/>                                        <\/a>\n\n                                        <div class=\"rh_overlay\"><\/div>\n                                        <div class=\"rh_overlay__contents rh_overlay__fadeIn-bottom\">\n                                            <a href=\"https:\/\/tara.rs\/sr\/objekat\/vila-vujic\/\">POGLEDAJTE                                            <\/a>\n                                        <\/div>\n\t\t\t\t\t\t\t\t\t\t            <span style=\"background: #811fe2; border-color: #811fe2\" class='rhea-property-label'>NOVI APARTMANI U CENTRU TARE<\/span>\n\t\t\t\n                                    <\/div>\n\n                                    <div class=\"rh_prop_card__btns\">\n\t\t\t\t\t\t\t\t\t\t                                    <\/div>\n                                <\/figure>\n\n                                <div class=\"rh_prop_card__details_elementor\">\n\n                                    <h3><a href=\"https:\/\/tara.rs\/sr\/objekat\/vila-vujic\/\">VILA VUJI\u0106<\/a><\/h3>\n\n\t\t\t\t\t\t\t\t\t\n                                        <p class=\"rh_prop_card__excerpt\">Provedite odmor u novim modernim apartmanima koji se nalaze u strogom centru planine Tare na Kalu\u0111erskim barama. Pogledajte lokaciju na&hellip;<\/p>\n\n\t\t\t\t\t\t\t\t\t\t\n                                    <div class=\"rh_prop_card__meta_wrap_elementor\">\n\t\t                                    <div class=\"rh_prop_card_meta_wrap_stylish\">\n\t\t    <\/div>\n\t                                    <\/div>\n\n                                    <div class=\"rh_prop_card__priceLabel \">\n                                        <div class=\"rhea_property_price_box\">\n                                            <span class=\"rh_prop_card__status\">\n                                                TARA, IZDVAJAMO - TARA - KAL. BARE                                            <\/span>\n                                            <p class=\"rh_prop_card__price\">\n\t\t\t\t                                Od 40\u20ac Studio Apartman \/ Dan                                            <\/p>\n                                        <\/div>\n\t\t                                                                            <div class=\"rhea_rvr_ratings rvr_rating_right\">\n\t\t\t\t                                                                            <\/div>\n\t\t                                                                    <\/div>\n\n                                <\/div>\n\n                            <\/div>\n\n                        <\/article>\n\n                    <\/div>\n\t\t\t\t\t                    <div class=\"wrapper_properties_ele\">\n\n                        <article class=\"rh_prop_card_elementor\">\n\n                            <div class=\"rh_prop_card__wrap\">\n\n\t\t\t\t\t\t\t\t                                    <div class=\"rh_label_elementor rh_label__property_elementor\">\n                                        <div class=\"rh_label__wrap\">\n\t\t\t\t\t\t\t\t\t\t\tIZDVAJAMO                                            <span><\/span>\n                                        <\/div>\n                                    <\/div>\n\t\t\t\t\t\t\t\t\n                                <figure class=\"rh_prop_card__thumbnail\">\n                                    <div class=\"rhea_figure_property_one\">\n                                        <div class=\"rhea_top_tags_box\">\n\t\t\t\t\t\t\t\t\t\t\t                                        <\/div>\n\n\t                                    \n                                        <a href=\"https:\/\/tara.rs\/sr\/objekat\/milosev-konak\/\">\n\t\t\t\t\t\t\t\t\t\t\t<img loading=\"lazy\" decoding=\"async\" width=\"488\" height=\"326\" src=\"https:\/\/tara.rs\/wp-content\/uploads\/2025\/03\/tara-apartmani-milosev-konak-smestaj-27-488x326.jpg\" class=\"attachment-property-thumb-image size-property-thumb-image wp-post-image\" alt=\"\" \/>                                        <\/a>\n\n                                        <div class=\"rh_overlay\"><\/div>\n                                        <div class=\"rh_overlay__contents rh_overlay__fadeIn-bottom\">\n                                            <a href=\"https:\/\/tara.rs\/sr\/objekat\/milosev-konak\/\">POGLEDAJTE                                            <\/a>\n                                        <\/div>\n\t\t\t\t\t\t\t\t\t\t            <span style=\"background: #dd3333; border-color: #dd3333\" class='rhea-property-label'>MIR U CENTRU TARE<\/span>\n\t\t\t\n                                    <\/div>\n\n                                    <div class=\"rh_prop_card__btns\">\n\t\t\t\t\t\t\t\t\t\t                                    <\/div>\n                                <\/figure>\n\n                                <div class=\"rh_prop_card__details_elementor\">\n\n                                    <h3><a href=\"https:\/\/tara.rs\/sr\/objekat\/milosev-konak\/\">MILO\u0160EV KONAK<\/a><\/h3>\n\n\t\t\t\t\t\t\t\t\t\n                                        <p class=\"rh_prop_card__excerpt\">Milo\u0161ev konak je objekat koji se svojim osobenim planinskim stilom savr\u0161eno uklapa izme\u0111u decenijskih borova koji ga okru\u017euju. Konak raspola\u017ee&hellip;<\/p>\n\n\t\t\t\t\t\t\t\t\t\t\n                                    <div class=\"rh_prop_card__meta_wrap_elementor\">\n\t\t                                    <div class=\"rh_prop_card_meta_wrap_stylish\">\n\t\t    <\/div>\n\t                                    <\/div>\n\n                                    <div class=\"rh_prop_card__priceLabel \">\n                                        <div class=\"rhea_property_price_box\">\n                                            <span class=\"rh_prop_card__status\">\n                                                TARA, IZDVAJAMO - TARA - KAL. BARE                                            <\/span>\n                                            <p class=\"rh_prop_card__price\">\n\t\t\t\t                                Cena na upit.                                            <\/p>\n                                        <\/div>\n\t\t                                                                            <div class=\"rhea_rvr_ratings rvr_rating_right\">\n\t\t\t\t                                                                            <\/div>\n\t\t                                                                    <\/div>\n\n                                <\/div>\n\n                            <\/div>\n\n                        <\/article>\n\n                    <\/div>\n\t\t\t\t\t                    <div class=\"wrapper_properties_ele\">\n\n                        <article class=\"rh_prop_card_elementor\">\n\n                            <div class=\"rh_prop_card__wrap\">\n\n\t\t\t\t\t\t\t\t                                    <div class=\"rh_label_elementor rh_label__property_elementor\">\n                                        <div class=\"rh_label__wrap\">\n\t\t\t\t\t\t\t\t\t\t\tIZDVAJAMO                                            <span><\/span>\n                                        <\/div>\n                                    <\/div>\n\t\t\t\t\t\t\t\t\n                                <figure class=\"rh_prop_card__thumbnail\">\n                                    <div class=\"rhea_figure_property_one\">\n                                        <div class=\"rhea_top_tags_box\">\n\t\t\t\t\t\t\t\t\t\t\t                                        <\/div>\n\n\t                                    \n                                        <a href=\"https:\/\/tara.rs\/sr\/objekat\/apartmani-gorski-tara\/\">\n\t\t\t\t\t\t\t\t\t\t\t<img loading=\"lazy\" decoding=\"async\" width=\"488\" height=\"326\" src=\"https:\/\/tara.rs\/wp-content\/uploads\/2025\/03\/Apartmani-Gorski-Planina-Tara-smestaj-2026-Kaludjerske-Bare-33-1-488x326.jpg\" class=\"attachment-property-thumb-image size-property-thumb-image wp-post-image\" alt=\"\" \/>                                        <\/a>\n\n                                        <div class=\"rh_overlay\"><\/div>\n                                        <div class=\"rh_overlay__contents rh_overlay__fadeIn-bottom\">\n                                            <a href=\"https:\/\/tara.rs\/sr\/objekat\/apartmani-gorski-tara\/\">POGLEDAJTE                                            <\/a>\n                                        <\/div>\n\t\t\t\t\t\t\t\t\t\t            <span style=\"background: #ac00ce; border-color: #ac00ce\" class='rhea-property-label'>NOVI APARTMANI U CENTRU TARE<\/span>\n\t\t\t\n                                    <\/div>\n\n                                    <div class=\"rh_prop_card__btns\">\n\t\t\t\t\t\t\t\t\t\t                                    <\/div>\n                                <\/figure>\n\n                                <div class=\"rh_prop_card__details_elementor\">\n\n                                    <h3><a href=\"https:\/\/tara.rs\/sr\/objekat\/apartmani-gorski-tara\/\">Apartmani GORSKI TARA<\/a><\/h3>\n\n\t\t\t\t\t\t\t\t\t\n                                        <p class=\"rh_prop_card__excerpt\">Apartmani GORSKI Tara \u2013 Va\u0161 savr\u0161en odmor na Kalu\u0111erskim Barama Tra\u017eite idealan sme\u0161taj na planini Tari? Apartmani GORSKI Tara predstavljaju&hellip;<\/p>\n\n\t\t\t\t\t\t\t\t\t\t\n                                    <div class=\"rh_prop_card__meta_wrap_elementor\">\n\t\t                                    <div class=\"rh_prop_card_meta_wrap_stylish\">\n\t\t    <\/div>\n\t                                    <\/div>\n\n                                    <div class=\"rh_prop_card__priceLabel \">\n                                        <div class=\"rhea_property_price_box\">\n                                            <span class=\"rh_prop_card__status\">\n                                                TARA, IZDVAJAMO - TARA - KAL. BARE                                            <\/span>\n                                            <p class=\"rh_prop_card__price\">\n\t\t\t\t                                 50\u20ac APARTMAN \/ DAN                                            <\/p>\n                                        <\/div>\n\t\t                                                                            <div class=\"rhea_rvr_ratings rvr_rating_right\">\n\t\t\t\t                                                                            <\/div>\n\t\t                                                                    <\/div>\n\n                                <\/div>\n\n                            <\/div>\n\n                        <\/article>\n\n                    <\/div>\n\t\t\t\t\t                    <div class=\"wrapper_properties_ele\">\n\n                        <article class=\"rh_prop_card_elementor\">\n\n                            <div class=\"rh_prop_card__wrap\">\n\n\t\t\t\t\t\t\t\t                                    <div class=\"rh_label_elementor rh_label__property_elementor\">\n                                        <div class=\"rh_label__wrap\">\n\t\t\t\t\t\t\t\t\t\t\tIZDVAJAMO                                            <span><\/span>\n                                        <\/div>\n                                    <\/div>\n\t\t\t\t\t\t\t\t\n                                <figure class=\"rh_prop_card__thumbnail\">\n                                    <div class=\"rhea_figure_property_one\">\n                                        <div class=\"rhea_top_tags_box\">\n\t\t\t\t\t\t\t\t\t\t\t                                        <\/div>\n\n\t                                    \n                                        <a href=\"https:\/\/tara.rs\/sr\/objekat\/garden-hill\/\">\n\t\t\t\t\t\t\t\t\t\t\t<img loading=\"lazy\" decoding=\"async\" width=\"488\" height=\"326\" src=\"https:\/\/tara.rs\/wp-content\/uploads\/2025\/03\/garden-hill-planina-tara-mitrovac-115-488x326.jpg\" class=\"attachment-property-thumb-image size-property-thumb-image wp-post-image\" alt=\"\" srcset=\"https:\/\/tara.rs\/wp-content\/uploads\/2025\/03\/garden-hill-planina-tara-mitrovac-115-488x326.jpg 488w, https:\/\/tara.rs\/wp-content\/uploads\/2025\/03\/garden-hill-planina-tara-mitrovac-115-300x200.jpg 300w, https:\/\/tara.rs\/wp-content\/uploads\/2025\/03\/garden-hill-planina-tara-mitrovac-115-1024x682.jpg 1024w, https:\/\/tara.rs\/wp-content\/uploads\/2025\/03\/garden-hill-planina-tara-mitrovac-115-768x512.jpg 768w, https:\/\/tara.rs\/wp-content\/uploads\/2025\/03\/garden-hill-planina-tara-mitrovac-115-150x100.jpg 150w, https:\/\/tara.rs\/wp-content\/uploads\/2025\/03\/garden-hill-planina-tara-mitrovac-115.jpg 1100w\" sizes=\"(max-width: 488px) 100vw, 488px\" \/>                                        <\/a>\n\n                                        <div class=\"rh_overlay\"><\/div>\n                                        <div class=\"rh_overlay__contents rh_overlay__fadeIn-bottom\">\n                                            <a href=\"https:\/\/tara.rs\/sr\/objekat\/garden-hill\/\">POGLEDAJTE                                            <\/a>\n                                        <\/div>\n\t\t\t\t\t\t\t\t\t\t            <span style=\"background: #228e04; border-color: #228e04\" class='rhea-property-label'>Autenti\u010dan kompleks luksuznih vila<\/span>\n\t\t\t\n                                    <\/div>\n\n                                    <div class=\"rh_prop_card__btns\">\n\t\t\t\t\t\t\t\t\t\t                                    <\/div>\n                                <\/figure>\n\n                                <div class=\"rh_prop_card__details_elementor\">\n\n                                    <h3><a href=\"https:\/\/tara.rs\/sr\/objekat\/garden-hill\/\">GARDEN HILL<\/a><\/h3>\n\n\t\t\t\t\t\t\t\t\t\n                                        <p class=\"rh_prop_card__excerpt\">Ovde, prostor postaje privilegija. Dobrodo\u0161li u Garden Hill Tara \u2013 autenti\u010dan kompleks luksuznih vila, pa\u017eljivo uklopljen u netaknutu ti\u0161inu Nacionalnog&hellip;<\/p>\n\n\t\t\t\t\t\t\t\t\t\t\n                                    <div class=\"rh_prop_card__meta_wrap_elementor\">\n\t\t                                    <div class=\"rh_prop_card_meta_wrap_stylish\">\n\t\t    <\/div>\n\t                                    <\/div>\n\n                                    <div class=\"rh_prop_card__priceLabel \">\n                                        <div class=\"rhea_property_price_box\">\n                                            <span class=\"rh_prop_card__status\">\n                                                TARA, IZDVAJAMO - TARA - MITROVAC                                            <\/span>\n                                            <p class=\"rh_prop_card__price\">\n\t\t\t\t                                Cena na upit.                                            <\/p>\n                                        <\/div>\n\t\t                                                                            <div class=\"rhea_rvr_ratings rvr_rating_right\">\n\t\t\t\t                                                                            <\/div>\n\t\t                                                                    <\/div>\n\n                                <\/div>\n\n                            <\/div>\n\n                        <\/article>\n\n                    <\/div>\n\t\t\t\t\t                <\/div>                <div class=\"rhea_svg_loader\">\n\t\t\t\t\t<svg xmlns=\"http:\/\/www.w3.org\/2000\/svg\" viewBox=\"0 0 32 32\" width=\"32\" height=\"32\" fill=\"#dedede\">\n  <path transform=\"translate(2)\" d=\"M0 12 V20 H4 V12z\"> \n    <animate attributeName=\"d\" values=\"M0 12 V20 H4 V12z; M0 4 V28 H4 V4z; M0 12 V20 H4 V12z; M0 12 V20 H4 V12z\" dur=\"1.2s\" repeatCount=\"indefinite\" begin=\"0\" keytimes=\"0;.2;.5;1\" keySplines=\"0.2 0.2 0.4 0.8;0.2 0.6 0.4 0.8;0.2 0.8 0.4 0.8\" calcMode=\"spline\"  \/>\n  <\/path>\n  <path transform=\"translate(8)\" d=\"M0 12 V20 H4 V12z\">\n    <animate attributeName=\"d\" values=\"M0 12 V20 H4 V12z; M0 4 V28 H4 V4z; M0 12 V20 H4 V12z; M0 12 V20 H4 V12z\" dur=\"1.2s\" repeatCount=\"indefinite\" begin=\"0.2\" keytimes=\"0;.2;.5;1\" keySplines=\"0.2 0.2 0.4 0.8;0.2 0.6 0.4 0.8;0.2 0.8 0.4 0.8\" calcMode=\"spline\"  \/>\n  <\/path>\n  <path transform=\"translate(14)\" d=\"M0 12 V20 H4 V12z\">\n    <animate attributeName=\"d\" values=\"M0 12 V20 H4 V12z; M0 4 V28 H4 V4z; M0 12 V20 H4 V12z; M0 12 V20 H4 V12z\" dur=\"1.2s\" repeatCount=\"indefinite\" begin=\"0.4\" keytimes=\"0;.2;.5;1\" keySplines=\"0.2 0.2 0.4 0.8;0.2 0.6 0.4 0.8;0.2 0.8 0.4 0.8\" calcMode=\"spline\" \/>\n  <\/path>\n  <path transform=\"translate(20)\" d=\"M0 12 V20 H4 V12z\">\n    <animate attributeName=\"d\" values=\"M0 12 V20 H4 V12z; M0 4 V28 H4 V4z; M0 12 V20 H4 V12z; M0 12 V20 H4 V12z\" dur=\"1.2s\" repeatCount=\"indefinite\" begin=\"0.6\" keytimes=\"0;.2;.5;1\" keySplines=\"0.2 0.2 0.4 0.8;0.2 0.6 0.4 0.8;0.2 0.8 0.4 0.8\" calcMode=\"spline\" \/>\n  <\/path>\n  <path transform=\"translate(26)\" d=\"M0 12 V20 H4 V12z\">\n    <animate attributeName=\"d\" values=\"M0 12 V20 H4 V12z; M0 4 V28 H4 V4z; M0 12 V20 H4 V12z; M0 12 V20 H4 V12z\" dur=\"1.2s\" repeatCount=\"indefinite\" begin=\"0.8\" keytimes=\"0;.2;.5;1\" keySplines=\"0.2 0.2 0.4 0.8;0.2 0.6 0.4 0.8;0.2 0.8 0.4 0.8\" calcMode=\"spline\" \/>\n  <\/path>\n<\/svg>\n                <\/div>\n\t\t\t\t<div class=\"rhea_pagination_wrapper rhea-listing-pagination-wrap\"><div class='pagination rhea-pagination-clean'><a  href='https:\/\/tara.rs\/sr\/wp-json\/wp\/v2\/pages\/10354\/' class='real-btn current' data-page='1'>1<\/a><a rel=\"next\" href='https:\/\/tara.rs\/sr\/wp-json\/wp\/v2\/pages\/10354\/page\/2\/' class='real-btn' data-page='2'>2<\/a><a rel=\"next\" href='https:\/\/tara.rs\/sr\/wp-json\/wp\/v2\/pages\/10354\/page\/3\/' class='real-btn' data-page='3'>3<\/a><\/div><\/div>        <\/div>\n    <\/div>\n<\/div><!-- \/.rh_prop_card -->\n        <\/section>\n\t\t\t\t\t\t<\/div>\n\t\t\t\t<\/div>\n\t\t\t\t\t<\/div>\n\t\t<\/div>\n\t\t\t\t\t<\/div>\n\t\t<\/section>\n\t\t\t\t<section class=\"elementor-section elementor-top-section elementor-element elementor-element-17616015 elementor-section-boxed elementor-section-height-default elementor-section-height-default\" data-id=\"17616015\" data-element_type=\"section\">\n\t\t\t\t\t\t<div class=\"elementor-container elementor-column-gap-default\">\n\t\t\t\t\t<div class=\"elementor-column elementor-col-33 elementor-top-column elementor-element elementor-element-6baf9239\" data-id=\"6baf9239\" data-element_type=\"column\">\n\t\t\t<div class=\"elementor-widget-wrap elementor-element-populated\">\n\t\t\t\t\t\t<div class=\"elementor-element elementor-element-76ed2168 elementor-widget elementor-widget-rhea-property-taxonomy-widget\" data-id=\"76ed2168\" data-element_type=\"widget\" data-widget_type=\"rhea-property-taxonomy-widget.default\">\n\t\t\t\t<div class=\"elementor-widget-container\">\n\t\t\t\t\t            <div class=\"rhea-property-taxonomy-widget-outer-wrapper default\">\n                <div class=\"rhea-property-taxonomy-widget-wrapper rhea-property-taxonomy-style-1\" style='background-image: url(\"https:\/\/tara.rs\/wp-content\/uploads\/2022\/04\/tara-apartmani-soko-smestaj-2022-1.jpg\")'>\n                    <div class=\"rhea-property-taxonomy-widget-content-overlay\"><\/div>\n                    <a class=\"rhea-property-taxonomy-widget-inner\" href=\"https:\/\/tara.rs\/sr\/vrsta-tip-objekta\/planinska-kuca\/\">\n\n\t\t\t\t\t\t<span class=\"rhea-property-taxonomy-term-title\">\n    PLANINSKE KU\u0106E NA TARI<\/span>\n    <span class=\"rhea-property-taxonomy-property-counter\">\n        <span class=\"rhea-property-taxonomy-property-count\">183<\/span>\n        <span class=\"rhea-property-taxonomy-property-label\">OBJEKATA<\/span>\n    <\/span>\n\t\n                    <\/a>\n                <\/div>\n\t\t\t\t                        <div class=\"rhea-property-taxonomy-description\">\n                            <p>Apartmani na planini Tari.  Direktan kontakt sa vlasnicima. Najbolja ponuda sme\u0161taja. Preko 180 Apartmanskih objekata u svim delovima Tare (Kalu\u0111erske Bare, Mitrovac, Zaovine, Ra\u010danska \u0160ljivovica, Sokolina, Oslu\u0161a).<\/p>\n                        <\/div>\n\t\t\t\t\t\t            <\/div>\n\t\t\t\t\t\t\t<\/div>\n\t\t\t\t<\/div>\n\t\t\t\t\t<\/div>\n\t\t<\/div>\n\t\t\t\t<div class=\"elementor-column elementor-col-33 elementor-top-column elementor-element elementor-element-327d8fc0\" data-id=\"327d8fc0\" data-element_type=\"column\">\n\t\t\t<div class=\"elementor-widget-wrap elementor-element-populated\">\n\t\t\t\t\t\t<div class=\"elementor-element elementor-element-2cc032de elementor-widget elementor-widget-rhea-property-taxonomy-widget\" data-id=\"2cc032de\" data-element_type=\"widget\" data-widget_type=\"rhea-property-taxonomy-widget.default\">\n\t\t\t\t<div class=\"elementor-widget-container\">\n\t\t\t\t\t            <div class=\"rhea-property-taxonomy-widget-outer-wrapper default\">\n                <div class=\"rhea-property-taxonomy-widget-wrapper rhea-property-taxonomy-style-1\" style='background-image: url(\"https:\/\/tara.rs\/wp-content\/uploads\/2022\/03\/brvnara-23-tara-smestaj-kaludjerske-bare-1.jpg\")'>\n                    <div class=\"rhea-property-taxonomy-widget-content-overlay\"><\/div>\n                    <a class=\"rhea-property-taxonomy-widget-inner\" href=\"https:\/\/tara.rs\/sr\/vrsta-tip-objekta\/brvnara\/\">\n\n\t\t\t\t\t\t<span class=\"rhea-property-taxonomy-term-title\">\n    BRVNARE NA TARI I MOKROJ GORI<\/span>\n    <span class=\"rhea-property-taxonomy-property-counter\">\n        <span class=\"rhea-property-taxonomy-property-count\">105<\/span>\n        <span class=\"rhea-property-taxonomy-property-label\">OBJEKATA<\/span>\n    <\/span>\n\t\n                    <\/a>\n                <\/div>\n\t\t\t\t                        <div class=\"rhea-property-taxonomy-description\">\n                            <p>Drvene brvnare na planini Tari i u Mokroj Gori.  Direktan kontakt sa vlasnicima. Pogledajte ponudu. Pogledajte preko 80 brvnara u svim delovima Tare (Kalu\u0111erske Bare, Mitrovac, Zaovine, Ra\u010danska \u0160ljivovica, Sokolina, Oslu\u0161a, Rasti\u0161te, Predov Krst) . U ponudi je i nekoliko lepih brvnara u Mokroj Gori i Kremnima.<\/p>\n                        <\/div>\n\t\t\t\t\t\t            <\/div>\n\t\t\t\t\t\t\t<\/div>\n\t\t\t\t<\/div>\n\t\t\t\t\t<\/div>\n\t\t<\/div>\n\t\t\t\t<div class=\"elementor-column elementor-col-33 elementor-top-column elementor-element elementor-element-2a8dac81\" data-id=\"2a8dac81\" data-element_type=\"column\">\n\t\t\t<div class=\"elementor-widget-wrap elementor-element-populated\">\n\t\t\t\t\t\t<div class=\"elementor-element elementor-element-40f774ef elementor-widget elementor-widget-rhea-property-taxonomy-widget\" data-id=\"40f774ef\" data-element_type=\"widget\" data-widget_type=\"rhea-property-taxonomy-widget.default\">\n\t\t\t\t<div class=\"elementor-widget-container\">\n\t\t\t\t\t            <div class=\"rhea-property-taxonomy-widget-outer-wrapper default\">\n                <div class=\"rhea-property-taxonomy-widget-wrapper rhea-property-taxonomy-style-1\" style='background-image: url(\"https:\/\/tara.rs\/wp-content\/uploads\/2022\/03\/planinska-kuca-jelkica-tara-smestaj-12.jpg\")'>\n                    <div class=\"rhea-property-taxonomy-widget-content-overlay\"><\/div>\n                    <a class=\"rhea-property-taxonomy-widget-inner\" href=\"https:\/\/tara.rs\/sr\/vrsta-tip-objekta\/planinska-kuca\/\">\n\n\t\t\t\t\t\t<span class=\"rhea-property-taxonomy-term-title\">\n    PLANINSKE KU\u0106E NA TARI<\/span>\n    <span class=\"rhea-property-taxonomy-property-counter\">\n        <span class=\"rhea-property-taxonomy-property-count\">183<\/span>\n        <span class=\"rhea-property-taxonomy-property-label\">OBJEKATA<\/span>\n    <\/span>\n\t\n                    <\/a>\n                <\/div>\n\t\t\t\t                        <div class=\"rhea-property-taxonomy-description\">\n                            <p>Planinske ku\u0107e za sme\u0161taj na Tari, Kremnima i u Mokroj Gori. Najbolja ponuda. Direktan kontakt sa vlasnicima. Pogledajte preko 200 planinskih ku\u0107a u svim delovima Tare (Kalu\u0111erske Bare, Mitrovac, Zaovine, Ra\u010danska \u0160ljivovica, Sokolina, Oslu\u0161a).<\/p>\n                        <\/div>\n\t\t\t\t\t\t            <\/div>\n\t\t\t\t\t\t\t<\/div>\n\t\t\t\t<\/div>\n\t\t\t\t\t<\/div>\n\t\t<\/div>\n\t\t\t\t\t<\/div>\n\t\t<\/section>\n\t\t\t\t<section class=\"elementor-section elementor-top-section elementor-element elementor-element-75430973 elementor-section-boxed elementor-section-height-default elementor-section-height-default\" data-id=\"75430973\" data-element_type=\"section\">\n\t\t\t\t\t\t<div class=\"elementor-container elementor-column-gap-default\">\n\t\t\t\t\t<div class=\"elementor-column elementor-col-33 elementor-top-column elementor-element elementor-element-41fa312d\" data-id=\"41fa312d\" data-element_type=\"column\">\n\t\t\t<div class=\"elementor-widget-wrap elementor-element-populated\">\n\t\t\t\t\t\t<div class=\"elementor-element elementor-element-7c36aebb elementor-widget elementor-widget-rhea-property-taxonomy-widget\" data-id=\"7c36aebb\" data-element_type=\"widget\" data-widget_type=\"rhea-property-taxonomy-widget.default\">\n\t\t\t\t<div class=\"elementor-widget-container\">\n\t\t\t\t\t            <div class=\"rhea-property-taxonomy-widget-outer-wrapper default\">\n                <div class=\"rhea-property-taxonomy-widget-wrapper rhea-property-taxonomy-style-1\" style='background-image: url(\"https:\/\/tara.rs\/wp-content\/uploads\/2019\/06\/vikendica-drveni-kutak-sekulic-tara-4.jpg\")'>\n                    <div class=\"rhea-property-taxonomy-widget-content-overlay\"><\/div>\n                    <a class=\"rhea-property-taxonomy-widget-inner\" href=\"https:\/\/tara.rs\/sr\/vrsta-tip-objekta\/vikendica\/\">\n\n\t\t\t\t\t\t<span class=\"rhea-property-taxonomy-term-title\">\n    VIKENDICE NA TARI<\/span>\n    <span class=\"rhea-property-taxonomy-property-counter\">\n        <span class=\"rhea-property-taxonomy-property-count\">180<\/span>\n        <span class=\"rhea-property-taxonomy-property-label\">OBJEKATA<\/span>\n    <\/span>\n\t\n                    <\/a>\n                <\/div>\n\t\t\t\t                        <div class=\"rhea-property-taxonomy-description\">\n                            <p>Vikendice za sme\u0161taj na planini Tari. Najbolja ponuda. Direktan kontakt sa vlasnicima. Pogledajte preko 200 vikendica u svim delovima Tare (Kalu\u0111erske Bare, Mitrovac, Zaovine, Ra\u010danska \u0160ljivovica, Sokolina, Oslu\u0161a).<\/p>\n                        <\/div>\n\t\t\t\t\t\t            <\/div>\n\t\t\t\t\t\t\t<\/div>\n\t\t\t\t<\/div>\n\t\t\t\t\t<\/div>\n\t\t<\/div>\n\t\t\t\t<div class=\"elementor-column elementor-col-33 elementor-top-column elementor-element elementor-element-2cc2c95c\" data-id=\"2cc2c95c\" data-element_type=\"column\">\n\t\t\t<div class=\"elementor-widget-wrap elementor-element-populated\">\n\t\t\t\t\t\t<div class=\"elementor-element elementor-element-563035e5 elementor-widget elementor-widget-rhea-property-taxonomy-widget\" data-id=\"563035e5\" data-element_type=\"widget\" data-widget_type=\"rhea-property-taxonomy-widget.default\">\n\t\t\t\t<div class=\"elementor-widget-container\">\n\t\t\t\t\t            <div class=\"rhea-property-taxonomy-widget-outer-wrapper default\">\n                <div class=\"rhea-property-taxonomy-widget-wrapper rhea-property-taxonomy-style-1\" style='background-image: url(\"https:\/\/tara.rs\/wp-content\/uploads\/2018\/03\/hotel-beli-bor-planina-tara-2-1.jpg\")'>\n                    <div class=\"rhea-property-taxonomy-widget-content-overlay\"><\/div>\n                    <a class=\"rhea-property-taxonomy-widget-inner\" href=\"https:\/\/tara.rs\/sr\/vrsta-tip-objekta\/hoteli\/\">\n\n\t\t\t\t\t\t<span class=\"rhea-property-taxonomy-term-title\">\n    HOTELI I MOTELI NA TARI<\/span>\n    <span class=\"rhea-property-taxonomy-property-counter\">\n        <span class=\"rhea-property-taxonomy-property-count\">9<\/span>\n        <span class=\"rhea-property-taxonomy-property-label\">OBJEKATA<\/span>\n    <\/span>\n\t\n                    <\/a>\n                <\/div>\n\t\t\t\t                        <div class=\"rhea-property-taxonomy-description\">\n                            <p>Hoteli i moteli na planini Tari.  Direktan kontakt. Najbolja ponuda sme\u0161taja.<\/p>\n                        <\/div>\n\t\t\t\t\t\t            <\/div>\n\t\t\t\t\t\t\t<\/div>\n\t\t\t\t<\/div>\n\t\t\t\t\t<\/div>\n\t\t<\/div>\n\t\t\t\t<div class=\"elementor-column elementor-col-33 elementor-top-column elementor-element elementor-element-27db7642\" data-id=\"27db7642\" data-element_type=\"column\">\n\t\t\t<div class=\"elementor-widget-wrap elementor-element-populated\">\n\t\t\t\t\t\t<div class=\"elementor-element elementor-element-282e5eac elementor-widget elementor-widget-rhea-property-taxonomy-widget\" data-id=\"282e5eac\" data-element_type=\"widget\" data-widget_type=\"rhea-property-taxonomy-widget.default\">\n\t\t\t\t<div class=\"elementor-widget-container\">\n\t\t\t\t\t            <div class=\"rhea-property-taxonomy-widget-outer-wrapper default\">\n                <div class=\"rhea-property-taxonomy-widget-wrapper rhea-property-taxonomy-style-1\" style='background-image: url(\"https:\/\/tara.rs\/wp-content\/uploads\/2018\/10\/tara-planinska-koliba-exclusive-zaovine.jpg\")'>\n                    <div class=\"rhea-property-taxonomy-widget-content-overlay\"><\/div>\n                    <a class=\"rhea-property-taxonomy-widget-inner\" href=\"https:\/\/tara.rs\/sr\/vrsta-tip-objekta\/planinska-koliba\/\">\n\n\t\t\t\t\t\t<span class=\"rhea-property-taxonomy-term-title\">\n    PLANINSKE KOLIBE NA TARI<\/span>\n    <span class=\"rhea-property-taxonomy-property-counter\">\n        <span class=\"rhea-property-taxonomy-property-count\">52<\/span>\n        <span class=\"rhea-property-taxonomy-property-label\">OBJEKATA<\/span>\n    <\/span>\n\t\n                    <\/a>\n                <\/div>\n\t\t\t\t                        <div class=\"rhea-property-taxonomy-description\">\n                            <p>Drvene kolibe na planini Tari.  Direktan kontakt sa vlasnicima. Najbolja ponuda sme\u0161taja. Pogledajte preko 70 planinskih koliba u svim delovima Tare (Kalu\u0111erske Bare, Mitrovac, Zaovine, Ra\u010danska \u0160ljivovica, Sokolina, Oslu\u0161a).<\/p>\n                        <\/div>\n\t\t\t\t\t\t            <\/div>\n\t\t\t\t\t\t\t<\/div>\n\t\t\t\t<\/div>\n\t\t\t\t\t<\/div>\n\t\t<\/div>\n\t\t\t\t\t<\/div>\n\t\t<\/section>\n\t\t\t\t<section class=\"elementor-section elementor-top-section elementor-element elementor-element-44024249 elementor-section-boxed elementor-section-height-default elementor-section-height-default\" data-id=\"44024249\" data-element_type=\"section\">\n\t\t\t\t\t\t<div class=\"elementor-container elementor-column-gap-default\">\n\t\t\t\t\t<div class=\"elementor-column elementor-col-33 elementor-top-column elementor-element elementor-element-70eeb794\" data-id=\"70eeb794\" data-element_type=\"column\">\n\t\t\t<div class=\"elementor-widget-wrap elementor-element-populated\">\n\t\t\t\t\t\t<div class=\"elementor-element elementor-element-1b97b0fe elementor-widget elementor-widget-rhea-property-taxonomy-widget\" data-id=\"1b97b0fe\" data-element_type=\"widget\" data-widget_type=\"rhea-property-taxonomy-widget.default\">\n\t\t\t\t<div class=\"elementor-widget-container\">\n\t\t\t\t\t            <div class=\"rhea-property-taxonomy-widget-outer-wrapper default\">\n                <div class=\"rhea-property-taxonomy-widget-wrapper rhea-property-taxonomy-style-1\" style='background-image: url(\"https:\/\/tara.rs\/wp-content\/uploads\/2017\/04\/vila-vuk-tara-apartmani-smestaj-3.jpg\")'>\n                    <div class=\"rhea-property-taxonomy-widget-content-overlay\"><\/div>\n                    <a class=\"rhea-property-taxonomy-widget-inner\" href=\"https:\/\/tara.rs\/sr\/vrsta-tip-objekta\/vile\/\">\n\n\t\t\t\t\t\t<span class=\"rhea-property-taxonomy-term-title\">\n    VILE NA TARI<\/span>\n    <span class=\"rhea-property-taxonomy-property-counter\">\n        <span class=\"rhea-property-taxonomy-property-count\">82<\/span>\n        <span class=\"rhea-property-taxonomy-property-label\">OBJEKATA<\/span>\n    <\/span>\n\t\n                    <\/a>\n                <\/div>\n\t\t\t\t                        <div class=\"rhea-property-taxonomy-description\">\n                            <p>Vile za sme\u0161taj na planini Tari. Najbolja ponuda. Direktan kontakt sa vlasnicima. Pogledajte vile u svim delovima Tare (Kalu\u0111erske Bare, Mitrovac, Zaovine, Ra\u010danska \u0160ljivovica, Sokolina, Oslu\u0161a).<\/p>\n                        <\/div>\n\t\t\t\t\t\t            <\/div>\n\t\t\t\t\t\t\t<\/div>\n\t\t\t\t<\/div>\n\t\t\t\t\t<\/div>\n\t\t<\/div>\n\t\t\t\t<div class=\"elementor-column elementor-col-33 elementor-top-column elementor-element elementor-element-43e0640a\" data-id=\"43e0640a\" data-element_type=\"column\">\n\t\t\t<div class=\"elementor-widget-wrap elementor-element-populated\">\n\t\t\t\t\t\t<div class=\"elementor-element elementor-element-680ec85 elementor-widget elementor-widget-rhea-property-taxonomy-widget\" data-id=\"680ec85\" data-element_type=\"widget\" data-widget_type=\"rhea-property-taxonomy-widget.default\">\n\t\t\t\t<div class=\"elementor-widget-container\">\n\t\t\t\t\t            <div class=\"rhea-property-taxonomy-widget-outer-wrapper default\">\n                <div class=\"rhea-property-taxonomy-widget-wrapper rhea-property-taxonomy-style-1\" style='background-image: url(\"https:\/\/tara.rs\/wp-content\/uploads\/2021\/04\/naxi-rooms-sobe-perucac-smestaj-odmor-3.jpg\")'>\n                    <div class=\"rhea-property-taxonomy-widget-content-overlay\"><\/div>\n                    <a class=\"rhea-property-taxonomy-widget-inner\" href=\"https:\/\/tara.rs\/sr\/vrsta-tip-objekta\/sobe\/\">\n\n\t\t\t\t\t\t<span class=\"rhea-property-taxonomy-term-title\">\n    SOBE NA TARI<\/span>\n    <span class=\"rhea-property-taxonomy-property-counter\">\n        <span class=\"rhea-property-taxonomy-property-count\">26<\/span>\n        <span class=\"rhea-property-taxonomy-property-label\">OBJEKATA<\/span>\n    <\/span>\n\t\n                    <\/a>\n                <\/div>\n\t\t\t\t                        <div class=\"rhea-property-taxonomy-description\">\n                            <p>Sobe za sme\u0161taj na planini Tari.  Direktan kontakt sa vlasnicima. <\/p>\n                        <\/div>\n\t\t\t\t\t\t            <\/div>\n\t\t\t\t\t\t\t<\/div>\n\t\t\t\t<\/div>\n\t\t\t\t\t<\/div>\n\t\t<\/div>\n\t\t\t\t<div class=\"elementor-column elementor-col-33 elementor-top-column elementor-element elementor-element-2e3c532c\" data-id=\"2e3c532c\" data-element_type=\"column\">\n\t\t\t<div class=\"elementor-widget-wrap elementor-element-populated\">\n\t\t\t\t\t\t<div class=\"elementor-element elementor-element-92499b1 elementor-widget elementor-widget-rhea-property-taxonomy-widget\" data-id=\"92499b1\" data-element_type=\"widget\" data-widget_type=\"rhea-property-taxonomy-widget.default\">\n\t\t\t\t<div class=\"elementor-widget-container\">\n\t\t\t\t\t            <div class=\"rhea-property-taxonomy-widget-outer-wrapper default\">\n                <div class=\"rhea-property-taxonomy-widget-wrapper rhea-property-taxonomy-style-1\" style='background-image: url(\"https:\/\/tara.rs\/wp-content\/uploads\/2021\/04\/restorani-na-planini-tari-2021.jpg\")'>\n                    <div class=\"rhea-property-taxonomy-widget-content-overlay\"><\/div>\n                    <a class=\"rhea-property-taxonomy-widget-inner\" href=\"https:\/\/tara.rs\/sr\/vrsta-tip-objekta\/restorani\/\">\n\n\t\t\t\t\t\t<span class=\"rhea-property-taxonomy-term-title\">\n    RESTORANI NA TARI<\/span>\n    <span class=\"rhea-property-taxonomy-property-counter\">\n        <span class=\"rhea-property-taxonomy-property-count\">3<\/span>\n        <span class=\"rhea-property-taxonomy-property-label\">OBJEKATA<\/span>\n    <\/span>\n\t\n                    <\/a>\n                <\/div>\n\t\t\t\t                        <div class=\"rhea-property-taxonomy-description\">\n                            <p>Ako ste ljubitelj tradicionalne srpske kuhinje i planinskih pejza\u017ea, planina Tara je pravo mesto za vas! Ova prelepa planina, sme\u0161tena na jugozapadu Srbije, ne samo da nudi zadivljuju\u0107e prirodne lepote, ve\u0107 i bogatu gastronomsku ponudu u svojim restoranima.<\/p>\n                        <\/div>\n\t\t\t\t\t\t            <\/div>\n\t\t\t\t\t\t\t<\/div>\n\t\t\t\t<\/div>\n\t\t\t\t\t<\/div>\n\t\t<\/div>\n\t\t\t\t\t<\/div>\n\t\t<\/section>\n\t\t\t\t<section class=\"elementor-section elementor-top-section elementor-element elementor-element-2dcc4958 elementor-section-boxed elementor-section-height-default elementor-section-height-default\" data-id=\"2dcc4958\" data-element_type=\"section\">\n\t\t\t\t\t\t<div class=\"elementor-container elementor-column-gap-default\">\n\t\t\t\t\t<div class=\"elementor-column elementor-col-33 elementor-top-column elementor-element elementor-element-7b716710\" data-id=\"7b716710\" data-element_type=\"column\">\n\t\t\t<div class=\"elementor-widget-wrap elementor-element-populated\">\n\t\t\t\t\t\t<div class=\"elementor-element elementor-element-29197917 elementor-widget elementor-widget-rhea-property-taxonomy-widget\" data-id=\"29197917\" data-element_type=\"widget\" data-widget_type=\"rhea-property-taxonomy-widget.default\">\n\t\t\t\t<div class=\"elementor-widget-container\">\n\t\t\t\t\t            <div class=\"rhea-property-taxonomy-widget-outer-wrapper default\">\n                <div class=\"rhea-property-taxonomy-widget-wrapper rhea-property-taxonomy-style-1\" style='background-image: url(\"https:\/\/tara.rs\/wp-content\/uploads\/2021\/09\/parohijska-kuca-mokra-gora-smestaj-3.jpg\")'>\n                    <div class=\"rhea-property-taxonomy-widget-content-overlay\"><\/div>\n                    <a class=\"rhea-property-taxonomy-widget-inner\" href=\"https:\/\/tara.rs\/sr\/mesto-lokacija-objekta\/ponuda-smestaja-u-mokroj-gori\/\">\n\n\t\t\t\t\t\t<span class=\"rhea-property-taxonomy-term-title\">\n    Mokra Gora sme\u0161taj<\/span>\n    <span class=\"rhea-property-taxonomy-property-counter\">\n        <span class=\"rhea-property-taxonomy-property-count\">7<\/span>\n        <span class=\"rhea-property-taxonomy-property-label\">OBJEKATA<\/span>\n    <\/span>\n\t\n                    <\/a>\n                <\/div>\n\t\t\t\t                        <div class=\"rhea-property-taxonomy-description\">\n                            <p>Sme\u0161taj u Mokroj Gori. Objekti za odmor na lokaciji Mokra Gora na Tari. Apartmani, brvnare, vikendice, planinske ku\u0107e, sobe, vile\u2026 <\/p>\n                        <\/div>\n\t\t\t\t\t\t            <\/div>\n\t\t\t\t\t\t\t<\/div>\n\t\t\t\t<\/div>\n\t\t\t\t\t<\/div>\n\t\t<\/div>\n\t\t\t\t<div class=\"elementor-column elementor-col-33 elementor-top-column elementor-element elementor-element-384cdb8f\" data-id=\"384cdb8f\" data-element_type=\"column\">\n\t\t\t<div class=\"elementor-widget-wrap elementor-element-populated\">\n\t\t\t\t\t\t<div class=\"elementor-element elementor-element-364e7062 elementor-widget elementor-widget-rhea-property-taxonomy-widget\" data-id=\"364e7062\" data-element_type=\"widget\" data-widget_type=\"rhea-property-taxonomy-widget.default\">\n\t\t\t\t<div class=\"elementor-widget-container\">\n\t\t\t\t\t            <div class=\"rhea-property-taxonomy-widget-outer-wrapper default\">\n                <div class=\"rhea-property-taxonomy-widget-wrapper rhea-property-taxonomy-style-1\" style='background-image: url(\"https:\/\/tara.rs\/wp-content\/uploads\/2018\/02\/drinska-bajka-apartmani-odmor-2019.jpg\")'>\n                    <div class=\"rhea-property-taxonomy-widget-content-overlay\"><\/div>\n                    <a class=\"rhea-property-taxonomy-widget-inner\" href=\"https:\/\/tara.rs\/sr\/mesto-lokacija-objekta\/drina-bajina-basta\/\">\n\n\t\t\t\t\t\t<span class=\"rhea-property-taxonomy-term-title\">\n    Drina-Bajina Ba\u0161ta<\/span>\n    <span class=\"rhea-property-taxonomy-property-counter\">\n        <span class=\"rhea-property-taxonomy-property-count\">39<\/span>\n        <span class=\"rhea-property-taxonomy-property-label\">OBJEKATA<\/span>\n    <\/span>\n\t\n                    <\/a>\n                <\/div>\n\t\t\t\t                        <div class=\"rhea-property-taxonomy-description\">\n                            <p>Sme\u0161taj u Bajinoj Ba\u0161ti i pored reke Drine.\n\nBajina Ba\u0161ta je prelepo mesto sme\u0161teno u zapadnom delu Srbije, pored reke Drine. Grad i op\u0161tina Bajina Ba\u0161ta je poznata po svom prirodnom bogatstvu, a naro\u010dito po impresivnoj planini Tari, ku\u0107ici na Drini i obli\u017enjem jezeru Peru\u0107ac.<\/p>\n                        <\/div>\n\t\t\t\t\t\t            <\/div>\n\t\t\t\t\t\t\t<\/div>\n\t\t\t\t<\/div>\n\t\t\t\t\t<\/div>\n\t\t<\/div>\n\t\t\t\t<div class=\"elementor-column elementor-col-33 elementor-top-column elementor-element elementor-element-3f819e7b\" data-id=\"3f819e7b\" data-element_type=\"column\">\n\t\t\t<div class=\"elementor-widget-wrap elementor-element-populated\">\n\t\t\t\t\t\t<div class=\"elementor-element elementor-element-343bad6d elementor-widget elementor-widget-rhea-property-taxonomy-widget\" data-id=\"343bad6d\" data-element_type=\"widget\" data-widget_type=\"rhea-property-taxonomy-widget.default\">\n\t\t\t\t<div class=\"elementor-widget-container\">\n\t\t\t\t\t            <div class=\"rhea-property-taxonomy-widget-outer-wrapper default\">\n                <div class=\"rhea-property-taxonomy-widget-wrapper rhea-property-taxonomy-style-1\" style='background-image: url(\"https:\/\/tara.rs\/wp-content\/uploads\/2021\/06\/splav-sele-jezero-perucac-smestaj-5.jpg\")'>\n                    <div class=\"rhea-property-taxonomy-widget-content-overlay\"><\/div>\n                    <a class=\"rhea-property-taxonomy-widget-inner\" href=\"https:\/\/tara.rs\/sr\/mesto-lokacija-objekta\/jezero-perucac-2\/\">\n\n\t\t\t\t\t\t<span class=\"rhea-property-taxonomy-term-title\">\n    Jezero Peru\u0107ac<\/span>\n    <span class=\"rhea-property-taxonomy-property-counter\">\n        <span class=\"rhea-property-taxonomy-property-count\">30<\/span>\n        <span class=\"rhea-property-taxonomy-property-label\">OBJEKATA<\/span>\n    <\/span>\n\t\n                    <\/a>\n                <\/div>\n\t\t\t\t                        <div class=\"rhea-property-taxonomy-description\">\n                            <p>Sme\u0161taj u Peru\u0107cu. Preko 20 objekata za odmor na lokaciji jezero i naselje Peru\u0107ac. Splavovi na vodi, apartmani, brvnare, vikendice, planinske ku\u0107e, sobe, vile\u2026 <\/p>\n                        <\/div>\n\t\t\t\t\t\t            <\/div>\n\t\t\t\t\t\t\t<\/div>\n\t\t\t\t<\/div>\n\t\t\t\t\t<\/div>\n\t\t<\/div>\n\t\t\t\t\t<\/div>\n\t\t<\/section>\n\t\t\t\t<section class=\"elementor-section elementor-top-section elementor-element elementor-element-25911c2 elementor-section-boxed elementor-section-height-default elementor-section-height-default\" data-id=\"25911c2\" data-element_type=\"section\">\n\t\t\t\t\t\t<div class=\"elementor-container elementor-column-gap-default\">\n\t\t\t\t\t<div class=\"elementor-column elementor-col-100 elementor-top-column elementor-element elementor-element-6a9af95\" data-id=\"6a9af95\" data-element_type=\"column\">\n\t\t\t<div class=\"elementor-widget-wrap elementor-element-populated\">\n\t\t\t\t\t\t<div class=\"elementor-element elementor-element-1cae9a1 elementor-widget elementor-widget-ere-partners-widget\" data-id=\"1cae9a1\" data-element_type=\"widget\" data-widget_type=\"ere-partners-widget.default\">\n\t\t\t\t<div class=\"elementor-widget-container\">\n\t\t\t\t\t\t\t\t<section class=\"rh_elementor_widget rh_wrapper_partners_elementor\">\n\n                <div class=\"rh_section__partners_elementor\">\n\t\t\t\t\t                        <div class=\"rh_partner\">\n\n\t\t\t\t\t\t\t                            <a target=\"_blank\" href=\"http:\/\/www.tara-planina.com\/\"\n                               title=\"Tara-planina\">\n\t\t\t\t\t\t\t\t<img loading=\"lazy\" decoding=\"async\" width=\"200\" height=\"53\" src=\"https:\/\/tara.rs\/wp-content\/uploads\/2017\/11\/tara-com-slova.jpg\" class=\"attachment-property-thumb-image size-property-thumb-image wp-post-image\" alt=\"\" srcset=\"https:\/\/tara.rs\/wp-content\/uploads\/2017\/11\/tara-com-slova.jpg 200w, https:\/\/tara.rs\/wp-content\/uploads\/2017\/11\/tara-com-slova-150x40.jpg 150w\" sizes=\"(max-width: 200px) 100vw, 200px\" \/>                            <\/a>\n\t\t\t\t\t\t    \n                        <\/div>\n\t\t\t\t\t\t                        <div class=\"rh_partner\">\n\n\t\t\t\t\t\t\t                            <a target=\"_blank\" href=\"http:\/\/bbasta.info\/\"\n                               title=\"vesti\">\n\t\t\t\t\t\t\t\t<img loading=\"lazy\" decoding=\"async\" width=\"200\" height=\"58\" src=\"https:\/\/tara.rs\/wp-content\/uploads\/2017\/11\/bbastainfo.jpg\" class=\"attachment-property-thumb-image size-property-thumb-image wp-post-image\" alt=\"\" srcset=\"https:\/\/tara.rs\/wp-content\/uploads\/2017\/11\/bbastainfo.jpg 200w, https:\/\/tara.rs\/wp-content\/uploads\/2017\/11\/bbastainfo-150x44.jpg 150w\" sizes=\"(max-width: 200px) 100vw, 200px\" \/>                            <\/a>\n\t\t\t\t\t\t    \n                        <\/div>\n\t\t\t\t\t\t                        <div class=\"rh_partner\">\n\n\t\t\t\t\t\t\t                            <a target=\"_blank\" href=\"http:\/\/prognozavremena.info\/tara-planina\"\n                               title=\"Vremenska prognoza\">\n\t\t\t\t\t\t\t\t<img loading=\"lazy\" decoding=\"async\" width=\"200\" height=\"58\" src=\"https:\/\/tara.rs\/wp-content\/uploads\/2017\/11\/prognoza-vremena.png\" class=\"attachment-property-thumb-image size-property-thumb-image wp-post-image\" alt=\"\" srcset=\"https:\/\/tara.rs\/wp-content\/uploads\/2017\/11\/prognoza-vremena.png 200w, https:\/\/tara.rs\/wp-content\/uploads\/2017\/11\/prognoza-vremena-150x44.png 150w\" sizes=\"(max-width: 200px) 100vw, 200px\" \/>                            <\/a>\n\t\t\t\t\t\t    \n                        <\/div>\n\t\t\t\t\t\t                        <div class=\"rh_partner\">\n\n\t\t\t\t\t\t\t                            <a target=\"_blank\" href=\"http:\/\/tara-drina.info\/category\/tara\/\"\n                               title=\"Nekretnine na prodaju\">\n\t\t\t\t\t\t\t\t<img loading=\"lazy\" decoding=\"async\" width=\"244\" height=\"112\" src=\"https:\/\/tara.rs\/wp-content\/uploads\/2017\/11\/oglasi-tara-drina-bajina-basta-244x112.jpg\" class=\"attachment-property-thumb-image size-property-thumb-image wp-post-image\" alt=\"\" srcset=\"https:\/\/tara.rs\/wp-content\/uploads\/2017\/11\/oglasi-tara-drina-bajina-basta-244x112.jpg 244w, https:\/\/tara.rs\/wp-content\/uploads\/2017\/11\/oglasi-tara-drina-bajina-basta-246x112.jpg 246w\" sizes=\"(max-width: 244px) 100vw, 244px\" \/>                            <\/a>\n\t\t\t\t\t\t    \n                        <\/div>\n\t\t\t\t\t\t                        <div class=\"rh_partner\">\n\n\t\t\t\t\t\t\t                            <a target=\"_blank\" href=\"http:\/\/drina-reka.com\/\"\n                               title=\"Odmor pored Drine\">\n\t\t\t\t\t\t\t\t<img loading=\"lazy\" decoding=\"async\" width=\"200\" height=\"58\" src=\"https:\/\/tara.rs\/wp-content\/uploads\/2017\/11\/drina-reka-1.jpg\" class=\"attachment-property-thumb-image size-property-thumb-image wp-post-image\" alt=\"\" srcset=\"https:\/\/tara.rs\/wp-content\/uploads\/2017\/11\/drina-reka-1.jpg 200w, https:\/\/tara.rs\/wp-content\/uploads\/2017\/11\/drina-reka-1-150x44.jpg 150w\" sizes=\"(max-width: 200px) 100vw, 200px\" \/>                            <\/a>\n\t\t\t\t\t\t    \n                        <\/div>\n\t\t\t\t\t\t                <\/div>\n\t\t\t<\/section>\n\t\t\t\t\t\t\t<\/div>\n\t\t\t\t<\/div>\n\t\t\t\t\t<\/div>\n\t\t<\/div>\n\t\t\t\t\t<\/div>\n\t\t<\/section>\n\t\t\t\t<\/div>\n\t\t","protected":false},"excerpt":{"rendered":"<p>BRVNARE APARTMANI VAU\u010cERI ZA ODMOR PET-FRIENDLY BAZEN Vremenska prognoza za planinu Taru iz vi\u0161e izvora: Pogledajte vremensku prognozu za Taru na PROGNOZAVREMENA.INFO Vremenska prognoza za Zaovine na Tari ZAOVINE www.TARA.rs Vremenska prognoza za Mitrovac na Tari MITROVAC Planina Tara Vremenska prognoza za Peru\u0107ac PERU\u0106AC www.TARA.rs LETOVANJE NA PLANINI TARI Otkrijte \u010dari letovanja na planini Tari,&#8230;<\/p>\n","protected":false},"author":1,"featured_media":10604,"parent":0,"menu_order":0,"comment_status":"closed","ping_status":"closed","template":"","meta":{"footnotes":""},"class_list":["post-10354","page","type-page","status-publish","has-post-thumbnail","hentry"],"yoast_head":"<!-- This site is optimized with the Yoast SEO plugin v25.3 - https:\/\/yoast.com\/wordpress\/plugins\/seo\/ -->\n<title>VREMENSKA PROGNOZA ZA PLANINU TARU - SME\u0160TAJ NA TARI - Vikendice, apartmani, brvnare, planinske ku\u0107e, hoteli...<\/title>\n<meta name=\"robots\" content=\"index, follow, max-snippet:-1, max-image-preview:large, max-video-preview:-1\" \/>\n<link rel=\"canonical\" href=\"https:\/\/tara.rs\/sr\/vremenska-prognoza-za-planinu-taru\/\" \/>\n<meta property=\"og:locale\" content=\"sr_RS\" \/>\n<meta property=\"og:type\" content=\"article\" \/>\n<meta property=\"og:title\" content=\"VREMENSKA PROGNOZA ZA PLANINU TARU - SME\u0160TAJ NA TARI - Vikendice, apartmani, brvnare, planinske ku\u0107e, hoteli...\" \/>\n<meta property=\"og:description\" content=\"BRVNARE APARTMANI VAU\u010cERI ZA ODMOR PET-FRIENDLY BAZEN Vremenska prognoza za planinu Taru iz vi\u0161e izvora: Pogledajte vremensku prognozu za Taru na PROGNOZAVREMENA.INFO Vremenska prognoza za Zaovine na Tari ZAOVINE www.TARA.rs Vremenska prognoza za Mitrovac na Tari MITROVAC Planina Tara Vremenska prognoza za Peru\u0107ac PERU\u0106AC www.TARA.rs LETOVANJE NA PLANINI TARI Otkrijte \u010dari letovanja na planini Tari,...\" \/>\n<meta property=\"og:url\" content=\"https:\/\/tara.rs\/sr\/vremenska-prognoza-za-planinu-taru\/\" \/>\n<meta property=\"og:site_name\" content=\"SME\u0160TAJ NA TARI - Vikendice, apartmani, brvnare, planinske ku\u0107e, hoteli...\" \/>\n<meta property=\"article:modified_time\" content=\"2024-04-28T10:06:30+00:00\" \/>\n<meta property=\"og:image\" content=\"https:\/\/tara.rs\/wp-content\/uploads\/2018\/06\/tara-zaovine-jezero-kupanje-letovanje-19.jpg\" \/>\n\t<meta property=\"og:image:width\" content=\"830\" \/>\n\t<meta property=\"og:image:height\" content=\"553\" \/>\n\t<meta property=\"og:image:type\" content=\"image\/jpeg\" \/>\n<meta name=\"twitter:card\" content=\"summary_large_image\" \/>\n<meta name=\"twitter:label1\" content=\"\u041f\u0440\u043e\u0446\u0435\u045a\u0435\u043d\u043e \u0432\u0440\u0435\u043c\u0435 \u0447\u0438\u0442\u0430\u045a\u0430\" \/>\n\t<meta name=\"twitter:data1\" content=\"9 \u043c\u0438\u043d\u0443\u0442\u0430\" \/>\n<script type=\"application\/ld+json\" class=\"yoast-schema-graph\">{\"@context\":\"https:\/\/schema.org\",\"@graph\":[{\"@type\":\"WebPage\",\"@id\":\"https:\/\/tara.rs\/sr\/vremenska-prognoza-za-planinu-taru\/\",\"url\":\"https:\/\/tara.rs\/sr\/vremenska-prognoza-za-planinu-taru\/\",\"name\":\"VREMENSKA PROGNOZA ZA PLANINU TARU - SME\u0160TAJ NA TARI - Vikendice, apartmani, brvnare, planinske ku\u0107e, hoteli...\",\"isPartOf\":{\"@id\":\"https:\/\/tara.rs\/sr\/#website\"},\"primaryImageOfPage\":{\"@id\":\"https:\/\/tara.rs\/sr\/vremenska-prognoza-za-planinu-taru\/#primaryimage\"},\"image\":{\"@id\":\"https:\/\/tara.rs\/sr\/vremenska-prognoza-za-planinu-taru\/#primaryimage\"},\"thumbnailUrl\":\"https:\/\/tara.rs\/wp-content\/uploads\/2018\/06\/tara-zaovine-jezero-kupanje-letovanje-19.jpg\",\"datePublished\":\"2018-06-22T09:53:16+00:00\",\"dateModified\":\"2024-04-28T10:06:30+00:00\",\"inLanguage\":\"sr-RS\",\"potentialAction\":[{\"@type\":\"ReadAction\",\"target\":[\"https:\/\/tara.rs\/sr\/vremenska-prognoza-za-planinu-taru\/\"]}]},{\"@type\":\"ImageObject\",\"inLanguage\":\"sr-RS\",\"@id\":\"https:\/\/tara.rs\/sr\/vremenska-prognoza-za-planinu-taru\/#primaryimage\",\"url\":\"https:\/\/tara.rs\/wp-content\/uploads\/2018\/06\/tara-zaovine-jezero-kupanje-letovanje-19.jpg\",\"contentUrl\":\"https:\/\/tara.rs\/wp-content\/uploads\/2018\/06\/tara-zaovine-jezero-kupanje-letovanje-19.jpg\",\"width\":830,\"height\":553},{\"@type\":\"WebSite\",\"@id\":\"https:\/\/tara.rs\/sr\/#website\",\"url\":\"https:\/\/tara.rs\/sr\/\",\"name\":\"SME\u0160TAJ NA TARI - Vikendice, apartmani, brvnare, planinske ku\u0107e, hoteli...\",\"description\":\"350 + OBJEKATA ZA SME\u0160TAJ NA TARI\",\"publisher\":{\"@id\":\"https:\/\/tara.rs\/sr\/#organization\"},\"alternateName\":\"TARA.RS - 450 + Objekata za sme\u0161aj\",\"potentialAction\":[{\"@type\":\"SearchAction\",\"target\":{\"@type\":\"EntryPoint\",\"urlTemplate\":\"https:\/\/tara.rs\/sr\/?s={search_term_string}\"},\"query-input\":{\"@type\":\"PropertyValueSpecification\",\"valueRequired\":true,\"valueName\":\"search_term_string\"}}],\"inLanguage\":\"sr-RS\"},{\"@type\":\"Organization\",\"@id\":\"https:\/\/tara.rs\/sr\/#organization\",\"name\":\"SME\u0160TAJ NA TARI - Vikendice, apartmani, brvnare, planinske ku\u0107e, hoteli...\",\"url\":\"https:\/\/tara.rs\/sr\/\",\"logo\":{\"@type\":\"ImageObject\",\"inLanguage\":\"sr-RS\",\"@id\":\"https:\/\/tara.rs\/sr\/#\/schema\/logo\/image\/\",\"url\":\"https:\/\/tara.rs\/wp-content\/uploads\/2026\/01\/tara-rs-logo-sajt-2.png\",\"contentUrl\":\"https:\/\/tara.rs\/wp-content\/uploads\/2026\/01\/tara-rs-logo-sajt-2.png\",\"width\":280,\"height\":100,\"caption\":\"SME\u0160TAJ NA TARI - Vikendice, apartmani, brvnare, planinske ku\u0107e, hoteli...\"},\"image\":{\"@id\":\"https:\/\/tara.rs\/sr\/#\/schema\/logo\/image\/\"}}]}<\/script>\n<!-- \/ Yoast SEO plugin. -->","yoast_head_json":{"title":"VREMENSKA PROGNOZA ZA PLANINU TARU - SME\u0160TAJ NA TARI - Vikendice, apartmani, brvnare, planinske ku\u0107e, hoteli...","robots":{"index":"index","follow":"follow","max-snippet":"max-snippet:-1","max-image-preview":"max-image-preview:large","max-video-preview":"max-video-preview:-1"},"canonical":"https:\/\/tara.rs\/sr\/vremenska-prognoza-za-planinu-taru\/","og_locale":"sr_RS","og_type":"article","og_title":"VREMENSKA PROGNOZA ZA PLANINU TARU - SME\u0160TAJ NA TARI - Vikendice, apartmani, brvnare, planinske ku\u0107e, hoteli...","og_description":"BRVNARE APARTMANI VAU\u010cERI ZA ODMOR PET-FRIENDLY BAZEN Vremenska prognoza za planinu Taru iz vi\u0161e izvora: Pogledajte vremensku prognozu za Taru na PROGNOZAVREMENA.INFO Vremenska prognoza za Zaovine na Tari ZAOVINE www.TARA.rs Vremenska prognoza za Mitrovac na Tari MITROVAC Planina Tara Vremenska prognoza za Peru\u0107ac PERU\u0106AC www.TARA.rs LETOVANJE NA PLANINI TARI Otkrijte \u010dari letovanja na planini Tari,...","og_url":"https:\/\/tara.rs\/sr\/vremenska-prognoza-za-planinu-taru\/","og_site_name":"SME\u0160TAJ NA TARI - Vikendice, apartmani, brvnare, planinske ku\u0107e, hoteli...","article_modified_time":"2024-04-28T10:06:30+00:00","og_image":[{"width":830,"height":553,"url":"https:\/\/tara.rs\/wp-content\/uploads\/2018\/06\/tara-zaovine-jezero-kupanje-letovanje-19.jpg","type":"image\/jpeg"}],"twitter_card":"summary_large_image","twitter_misc":{"\u041f\u0440\u043e\u0446\u0435\u045a\u0435\u043d\u043e \u0432\u0440\u0435\u043c\u0435 \u0447\u0438\u0442\u0430\u045a\u0430":"9 \u043c\u0438\u043d\u0443\u0442\u0430"},"schema":{"@context":"https:\/\/schema.org","@graph":[{"@type":"WebPage","@id":"https:\/\/tara.rs\/sr\/vremenska-prognoza-za-planinu-taru\/","url":"https:\/\/tara.rs\/sr\/vremenska-prognoza-za-planinu-taru\/","name":"VREMENSKA PROGNOZA ZA PLANINU TARU - SME\u0160TAJ NA TARI - Vikendice, apartmani, brvnare, planinske ku\u0107e, hoteli...","isPartOf":{"@id":"https:\/\/tara.rs\/sr\/#website"},"primaryImageOfPage":{"@id":"https:\/\/tara.rs\/sr\/vremenska-prognoza-za-planinu-taru\/#primaryimage"},"image":{"@id":"https:\/\/tara.rs\/sr\/vremenska-prognoza-za-planinu-taru\/#primaryimage"},"thumbnailUrl":"https:\/\/tara.rs\/wp-content\/uploads\/2018\/06\/tara-zaovine-jezero-kupanje-letovanje-19.jpg","datePublished":"2018-06-22T09:53:16+00:00","dateModified":"2024-04-28T10:06:30+00:00","inLanguage":"sr-RS","potentialAction":[{"@type":"ReadAction","target":["https:\/\/tara.rs\/sr\/vremenska-prognoza-za-planinu-taru\/"]}]},{"@type":"ImageObject","inLanguage":"sr-RS","@id":"https:\/\/tara.rs\/sr\/vremenska-prognoza-za-planinu-taru\/#primaryimage","url":"https:\/\/tara.rs\/wp-content\/uploads\/2018\/06\/tara-zaovine-jezero-kupanje-letovanje-19.jpg","contentUrl":"https:\/\/tara.rs\/wp-content\/uploads\/2018\/06\/tara-zaovine-jezero-kupanje-letovanje-19.jpg","width":830,"height":553},{"@type":"WebSite","@id":"https:\/\/tara.rs\/sr\/#website","url":"https:\/\/tara.rs\/sr\/","name":"SME\u0160TAJ NA TARI - Vikendice, apartmani, brvnare, planinske ku\u0107e, hoteli...","description":"350 + OBJEKATA ZA SME\u0160TAJ NA TARI","publisher":{"@id":"https:\/\/tara.rs\/sr\/#organization"},"alternateName":"TARA.RS - 450 + Objekata za sme\u0161aj","potentialAction":[{"@type":"SearchAction","target":{"@type":"EntryPoint","urlTemplate":"https:\/\/tara.rs\/sr\/?s={search_term_string}"},"query-input":{"@type":"PropertyValueSpecification","valueRequired":true,"valueName":"search_term_string"}}],"inLanguage":"sr-RS"},{"@type":"Organization","@id":"https:\/\/tara.rs\/sr\/#organization","name":"SME\u0160TAJ NA TARI - Vikendice, apartmani, brvnare, planinske ku\u0107e, hoteli...","url":"https:\/\/tara.rs\/sr\/","logo":{"@type":"ImageObject","inLanguage":"sr-RS","@id":"https:\/\/tara.rs\/sr\/#\/schema\/logo\/image\/","url":"https:\/\/tara.rs\/wp-content\/uploads\/2026\/01\/tara-rs-logo-sajt-2.png","contentUrl":"https:\/\/tara.rs\/wp-content\/uploads\/2026\/01\/tara-rs-logo-sajt-2.png","width":280,"height":100,"caption":"SME\u0160TAJ NA TARI - Vikendice, apartmani, brvnare, planinske ku\u0107e, hoteli..."},"image":{"@id":"https:\/\/tara.rs\/sr\/#\/schema\/logo\/image\/"}}]}},"_links":{"self":[{"href":"https:\/\/tara.rs\/sr\/wp-json\/wp\/v2\/pages\/10354"}],"collection":[{"href":"https:\/\/tara.rs\/sr\/wp-json\/wp\/v2\/pages"}],"about":[{"href":"https:\/\/tara.rs\/sr\/wp-json\/wp\/v2\/types\/page"}],"author":[{"embeddable":true,"href":"https:\/\/tara.rs\/sr\/wp-json\/wp\/v2\/users\/1"}],"replies":[{"embeddable":true,"href":"https:\/\/tara.rs\/sr\/wp-json\/wp\/v2\/comments?post=10354"}],"version-history":[{"count":59,"href":"https:\/\/tara.rs\/sr\/wp-json\/wp\/v2\/pages\/10354\/revisions"}],"predecessor-version":[{"id":77358,"href":"https:\/\/tara.rs\/sr\/wp-json\/wp\/v2\/pages\/10354\/revisions\/77358"}],"wp:featuredmedia":[{"embeddable":true,"href":"https:\/\/tara.rs\/sr\/wp-json\/wp\/v2\/media\/10604"}],"wp:attachment":[{"href":"https:\/\/tara.rs\/sr\/wp-json\/wp\/v2\/media?parent=10354"}],"curies":[{"name":"wp","href":"https:\/\/api.w.org\/{rel}","templated":true}]}}